{"id":13643,"date":"2017-11-13T21:12:27","date_gmt":"2017-11-13T20:12:27","guid":{"rendered":"http:\/\/deltaimage.de\/wp\/?post_type=jetpack-portfolio&#038;p=13643"},"modified":"2024-10-04T20:31:03","modified_gmt":"2024-10-04T18:31:03","slug":"paul-eschbach-fotobildband-projektdokumentation-tz-puls-ueber-24-monate","status":"publish","type":"jetpack-portfolio","link":"https:\/\/deltaimage.de\/wp\/?portfolio=paul-eschbach-fotobildband-projektdokumentation-tz-puls-ueber-24-monate","title":{"rendered":"Paul Eschbach &#8211; Fotobildband Projektdokumentation TZ PULS \u00fcber 24 Monate"},"content":{"rendered":"<p>Aus dem vielen Bildmaterial \u00fcber 24 Monate ist in enger Zusammenarbeit mit der Stadt Dingolfing, der Hochschule Landshut und SAR Electronic eine umfassende Projektdokumentation der Baugeschichte \u00fcber 24 Monate entstanden.<\/p>\n<ul>\n<li><strong>Fotobuch im Echtfotodruck<\/strong>, bedeutet Auflage ab 1 St\u00fcck \u2013 ohne Vorproduktion. Wer bestellt bekommt ein Buch zugesendet. Das kann auch fast beliebig nach der Er\u00f6ffnung noch bestellt werden.<\/li>\n<li><strong>Panoramabindung<\/strong>, d.h. die aufgeschlagenen Seiten liegen durchgehend flach, ohne st\u00f6renden Mittenfalz. Dadurch lassen sich Bilder und andere Dokumente ganz hervorragend auf einer \u201ePanorama\u201c-Doppelseite in einer Breite von 84 cm pr\u00e4sentieren. Das macht schon Eindruck.<\/li>\n<li><strong>Hardcover<\/strong><\/li>\n<li>Format <strong>DIN A4<\/strong>, ca. 24 x 30 cm<\/li>\n<li>\u201cDer Baufilm in Buchform\u201d als umfangreiche Bilddokumentation f\u00fcr Partner, Firmen Besucher, Studenten und weiteren Interessensverb\u00e4nden.<\/li>\n<li>In einer ausgelieferten Version\u00a0werden wir auch die Fotos von der Er\u00f6ffnung integrieren und einschlie\u00dflich Er\u00f6ffnungsveranstaltungen.<\/li>\n<li>Angereichert um sonstige Dokumente, wie z.B. Zeitungsausschnitte, Ausschnitte aus Planwerken und Partnern<\/li>\n<\/ul>\n<p>Das Fotobuch wird an unserem Infostand gezeigt und kann dort bestellt werden. Der Druck erfolgt im Nachgang und die B\u00fccher werden per Post zugestellt.<\/p>\n<p><a href=\"http:\/\/deltaimage.de\/wp\/?attachment_id=10553#main\" rel=\"attachment wp-att-10553\"><img data-recalc-dims=\"1\" loading=\"lazy\" decoding=\"async\" class=\"alignnone size-full wp-image-10553\" src=\"https:\/\/i0.wp.com\/deltaimage.de\/wp\/wp-content\/uploads\/HAW-Landshut.jpg?resize=431%2C110\" alt=\"HAW Landshut\" width=\"431\" height=\"110\" \/><\/a><\/p>\n<p>Die Stadt Dingolfing und die Hochschule Landshut errichten in Dingolfing ein neues Technologiezentrum im Herzen der Stadt Dingolfing an der Isar.<\/p>\n<p>&nbsp;<\/p>\n<h2>Unser Fotoprojekt<\/h2>\n<p>Begleitend zu den Bauarbeiten am neuen Technologiezentrum werden wir den Bau und dessen Fortschritt mit unterschiedlichen Formen der Fotografie vom Boden und aus der Luft fotografisch begleiten und eine Baufortschrittsdokumentation f\u00fcr die Bautr\u00e4ger bereitstellt.<\/p>\n<ul>\n<li>Baufortschritt \u00fcber 24 Monate, 7 Tage die Woche, 24 Stunden<\/li>\n<li>Befliegung mit einem UAV aus der Luft<\/li>\n<li>Befliegung manntragend mit einem Ultraleicht Flugzeug f\u00fcr spannende Luftaufnahmen des Baugel\u00e4ndes<\/li>\n<li>Architekturfotografoe im Innen- und Aussenbereich<\/li>\n<\/ul>\n<p>Wenn Sie Interesse an Bildern \u00fcber das Bauprojekt haben &#8211; wenden Sie sich an uns (siehe Kontakt).<\/p>\n","protected":false},"excerpt":{"rendered":"<p>Aus dem vielen Bildmaterial \u00fcber 24 Monate ist in enger Zusammenarbeit mit der Stadt Dingolfing, der Hochschule Landshut und SAR Electronic eine umfassende Projektdokumentation der Baugeschichte \u00fcber 24 Monate entstanden. [&hellip;]<\/p>\n","protected":false},"author":1,"featured_media":31743,"comment_status":"closed","ping_status":"closed","template":"","format":"standard","meta":{"wpupg_custom_link":[],"wpupg_custom_link_behaviour":[],"wpupg_custom_link_nofollow":[],"wpupg_custom_image":[],"wpupg_custom_image_id":[],"jetpack_post_was_ever_published":false,"footnotes":""},"jetpack-portfolio-type":[1271,3944],"jetpack-portfolio-tag":[1290,1293,1291,1294,1292],"class_list":["post-13643","jetpack-portfolio","type-jetpack-portfolio","status-publish","format-standard","has-post-thumbnail","hentry","jetpack-portfolio-type-buch","jetpack-portfolio-type-lb-buch","jetpack-portfolio-tag-dingolfing","jetpack-portfolio-tag-hochschule-landshut","jetpack-portfolio-tag-puls","jetpack-portfolio-tag-stadt-dingolfing","jetpack-portfolio-tag-technologie-zentrum"],"jetpack-related-posts":[{"id":23050,"url":"https:\/\/deltaimage.de\/wp\/?portfolio=mit-napoleon-im-russlandfeldzug-1812-chronik-eines-desasters-alliatera-verlag","url_meta":{"origin":13643,"position":0},"title":"Mit Napoleon im Russlandfeldzug 1812. Chronik eines Desasters &#8211; Alliatera Verlag","author":"EschbacP","date":"16. November 2019","format":false,"excerpt":"DELTA IMAGE ist mit der Reprofotografie aus dem Familienarchiv im Schloss Affing betraut worden Als Unternehmer arbeitet man in den unterschiedlichsten Projekten unserer Kunden mit. Manche Projekte bilden den eigenen Markt mit der Kernkompetenz ab. Andere Projekte m\u00fcssen einfach sein.\u00a0Und dann kommen Projekte die einem aus dem Herzen sprechen. So\u2026","rel":"","context":"\u00c4hnlicher Beitrag","block_context":{"text":"\u00c4hnlicher Beitrag","link":""},"img":{"alt_text":"","src":"https:\/\/i0.wp.com\/deltaimage.de\/wp\/wp-content\/uploads\/Buchtitel-Chronik-eines-Desasters.jpg?fit=475%2C596&ssl=1&resize=350%2C200","width":350,"height":200},"classes":[]},{"id":22766,"url":"https:\/\/deltaimage.de\/wp\/?portfolio=naturfototage-fuerstenfeld-hoch-und-niedermoor-fotografisch-erleben","url_meta":{"origin":13643,"position":1},"title":"Naturfototage F\u00fcrstenfeld &#8211; Hoch- und Niedermoor fotografisch erleben","author":"EschbacP","date":"8. Oktober 2019","format":false,"excerpt":"Naturfototage und Naturfotografie erleben vor der eigenen Haust\u00fcre In den Multivisions Shows zeigen die Referenten die sch\u00f6nsten Impressionen aus der ganzen weiten Welt. Afrika, Australien und S\u00fcdamerika, wenn es schon nicht Island oder gleich die Arktis sein soll. Man k\u00f6nnt jetzt meinen, Naturfotografie ist unmittelbar mit diesen exotischen Orten verbunden.\u2026","rel":"","context":"\u00c4hnlicher Beitrag","block_context":{"text":"\u00c4hnlicher Beitrag","link":""},"img":{"alt_text":"","src":"https:\/\/i0.wp.com\/deltaimage.de\/wp\/wp-content\/uploads\/Banner_Naturfototage_Haspelmoor_1200.jpg?fit=1200%2C489&ssl=1&resize=350%2C200","width":350,"height":200,"srcset":"https:\/\/i0.wp.com\/deltaimage.de\/wp\/wp-content\/uploads\/Banner_Naturfototage_Haspelmoor_1200.jpg?fit=1200%2C489&ssl=1&resize=350%2C200 1x, https:\/\/i0.wp.com\/deltaimage.de\/wp\/wp-content\/uploads\/Banner_Naturfototage_Haspelmoor_1200.jpg?fit=1200%2C489&ssl=1&resize=525%2C300 1.5x, https:\/\/i0.wp.com\/deltaimage.de\/wp\/wp-content\/uploads\/Banner_Naturfototage_Haspelmoor_1200.jpg?fit=1200%2C489&ssl=1&resize=700%2C400 2x, https:\/\/i0.wp.com\/deltaimage.de\/wp\/wp-content\/uploads\/Banner_Naturfototage_Haspelmoor_1200.jpg?fit=1200%2C489&ssl=1&resize=1050%2C600 3x"},"classes":[]},{"id":45433,"url":"https:\/\/deltaimage.de\/wp\/?portfolio=repro-fotografie-2","url_meta":{"origin":13643,"position":2},"title":"Archiv- &#038; Repro-Fotografie","author":"EschbacP","date":"30. September 2024","format":false,"excerpt":"Weltweit sind die meisten Dokumente \u00fcber hunderte Jahre der Zeitzeugen der Geschichte noch in\u00a0analoger Form\u00a0in\u00a0Archiven\u00a0gelagert. F\u00fcr anspruchsvolle Projekte f\u00fcr die Kommunikation \u00fcber B\u00fccher, Fachartikel, digitale Beitr\u00e4ge und \u00e4hnliches, mit Menschen werden diese Dokumente in\u00a0digital verwertbarer Form\u00a0ben\u00f6tigt. Die Br\u00fccke zwischen der analogen Ausgangsform und der verwertbaren digitalen Ziel-Form, schl\u00e4gt die\u00a0Archiv-Fotografie. Die\u00a0Archivfotografie\u00a0hat\u2026","rel":"","context":"\u00c4hnlicher Beitrag","block_context":{"text":"\u00c4hnlicher Beitrag","link":""},"img":{"alt_text":"","src":"https:\/\/i0.wp.com\/deltaimage.de\/wp\/wp-content\/uploads\/ZY5M6468_1200.jpg?fit=1200%2C450&ssl=1&resize=350%2C200","width":350,"height":200,"srcset":"https:\/\/i0.wp.com\/deltaimage.de\/wp\/wp-content\/uploads\/ZY5M6468_1200.jpg?fit=1200%2C450&ssl=1&resize=350%2C200 1x, https:\/\/i0.wp.com\/deltaimage.de\/wp\/wp-content\/uploads\/ZY5M6468_1200.jpg?fit=1200%2C450&ssl=1&resize=525%2C300 1.5x, https:\/\/i0.wp.com\/deltaimage.de\/wp\/wp-content\/uploads\/ZY5M6468_1200.jpg?fit=1200%2C450&ssl=1&resize=700%2C400 2x, https:\/\/i0.wp.com\/deltaimage.de\/wp\/wp-content\/uploads\/ZY5M6468_1200.jpg?fit=1200%2C450&ssl=1&resize=1050%2C600 3x"},"classes":[]},{"id":44856,"url":"https:\/\/deltaimage.de\/wp\/?portfolio=archiv-fotografie","url_meta":{"origin":13643,"position":3},"title":"Archiv-Fotografie","author":"EschbacP","date":"18. September 2024","format":false,"excerpt":"Weltweit sind die meisten Dokumente \u00fcber hunderte Jahre der Zeitzeugen der Geschichte noch in analoger Form in Archiven gelagert. F\u00fcr anspruchsvolle Projekte f\u00fcr die Kommunikation \u00fcber B\u00fccher, Fachartikel, digitale Beitr\u00e4ge und \u00e4hnliches, mit Menschen werden diese Dokumente in digital verwertbarer Form ben\u00f6tigt. Die Br\u00fccke zwischen der analogen Ausgangsform und der\u2026","rel":"","context":"\u00c4hnlicher Beitrag","block_context":{"text":"\u00c4hnlicher Beitrag","link":""},"img":{"alt_text":"","src":"https:\/\/i0.wp.com\/deltaimage.de\/wp\/wp-content\/uploads\/Angebot_Archiv_Fotografie.jpg?fit=1200%2C447&ssl=1&resize=350%2C200","width":350,"height":200,"srcset":"https:\/\/i0.wp.com\/deltaimage.de\/wp\/wp-content\/uploads\/Angebot_Archiv_Fotografie.jpg?fit=1200%2C447&ssl=1&resize=350%2C200 1x, https:\/\/i0.wp.com\/deltaimage.de\/wp\/wp-content\/uploads\/Angebot_Archiv_Fotografie.jpg?fit=1200%2C447&ssl=1&resize=525%2C300 1.5x, https:\/\/i0.wp.com\/deltaimage.de\/wp\/wp-content\/uploads\/Angebot_Archiv_Fotografie.jpg?fit=1200%2C447&ssl=1&resize=700%2C400 2x, https:\/\/i0.wp.com\/deltaimage.de\/wp\/wp-content\/uploads\/Angebot_Archiv_Fotografie.jpg?fit=1200%2C447&ssl=1&resize=1050%2C600 3x"},"classes":[]},{"id":45431,"url":"https:\/\/deltaimage.de\/wp\/?portfolio=natur-und-landschafts-fotografie","url_meta":{"origin":13643,"position":4},"title":"Natur- und Landschafts-Fotografie","author":"EschbacP","date":"30. September 2024","format":false,"excerpt":"Die Natur- und Landschaftsfotografie ist ein faszinierendes Genre in der Fotografie, das die Sch\u00f6nheit der uns umgebenden Natur und der Landschaften mit der Sprache von Bildern einf\u00e4ngt. \u00a0 \u00a0 Impressionen in der Natur- und Landschafts - Fotografie bei DELTA IMAGE ...","rel":"","context":"\u00c4hnlicher Beitrag","block_context":{"text":"\u00c4hnlicher Beitrag","link":""},"img":{"alt_text":"","src":"https:\/\/i0.wp.com\/deltaimage.de\/wp\/wp-content\/uploads\/PED42446_1200.jpg?fit=1200%2C450&ssl=1&resize=350%2C200","width":350,"height":200,"srcset":"https:\/\/i0.wp.com\/deltaimage.de\/wp\/wp-content\/uploads\/PED42446_1200.jpg?fit=1200%2C450&ssl=1&resize=350%2C200 1x, https:\/\/i0.wp.com\/deltaimage.de\/wp\/wp-content\/uploads\/PED42446_1200.jpg?fit=1200%2C450&ssl=1&resize=525%2C300 1.5x, https:\/\/i0.wp.com\/deltaimage.de\/wp\/wp-content\/uploads\/PED42446_1200.jpg?fit=1200%2C450&ssl=1&resize=700%2C400 2x, https:\/\/i0.wp.com\/deltaimage.de\/wp\/wp-content\/uploads\/PED42446_1200.jpg?fit=1200%2C450&ssl=1&resize=1050%2C600 3x"},"classes":[]},{"id":45032,"url":"https:\/\/deltaimage.de\/wp\/?portfolio=delta-image-eigenverlag-2","url_meta":{"origin":13643,"position":5},"title":"DELTA IMAGE &#8211; Eigenverlag","author":"EschbacP","date":"23. September 2024","format":false,"excerpt":"B\u00fccher sind ein Kulturgut und als Speicher von Sprache, Bildern und deren Zusammenh\u00e4nge ein unverzichtbares Repositorium von Wissen, das zum Zeitpunkt des Lesens oft gar nicht gebraucht wird. B\u00fccher trainieren unseren Intellekt und f\u00f6rdern das Erinnerungsverm\u00f6gen durch vielf\u00e4ltige Assoziationen. Ein gelesener Text bleibt ungleich tiefer im Ged\u00e4chtnis, als andere Formen\u2026","rel":"","context":"\u00c4hnlicher Beitrag","block_context":{"text":"\u00c4hnlicher Beitrag","link":""},"img":{"alt_text":"","src":"https:\/\/i0.wp.com\/deltaimage.de\/wp\/wp-content\/uploads\/IMG_9082_1200.jpg?fit=1200%2C450&ssl=1&resize=350%2C200","width":350,"height":200,"srcset":"https:\/\/i0.wp.com\/deltaimage.de\/wp\/wp-content\/uploads\/IMG_9082_1200.jpg?fit=1200%2C450&ssl=1&resize=350%2C200 1x, https:\/\/i0.wp.com\/deltaimage.de\/wp\/wp-content\/uploads\/IMG_9082_1200.jpg?fit=1200%2C450&ssl=1&resize=525%2C300 1.5x, https:\/\/i0.wp.com\/deltaimage.de\/wp\/wp-content\/uploads\/IMG_9082_1200.jpg?fit=1200%2C450&ssl=1&resize=700%2C400 2x, https:\/\/i0.wp.com\/deltaimage.de\/wp\/wp-content\/uploads\/IMG_9082_1200.jpg?fit=1200%2C450&ssl=1&resize=1050%2C600 3x"},"classes":[]}],"jetpack_sharing_enabled":true,"_links":{"self":[{"href":"https:\/\/deltaimage.de\/wp\/index.php?rest_route=\/wp\/v2\/jetpack-portfolio\/13643","targetHints":{"allow":["GET"]}}],"collection":[{"href":"https:\/\/deltaimage.de\/wp\/index.php?rest_route=\/wp\/v2\/jetpack-portfolio"}],"about":[{"href":"https:\/\/deltaimage.de\/wp\/index.php?rest_route=\/wp\/v2\/types\/jetpack-portfolio"}],"author":[{"embeddable":true,"href":"https:\/\/deltaimage.de\/wp\/index.php?rest_route=\/wp\/v2\/users\/1"}],"replies":[{"embeddable":true,"href":"https:\/\/deltaimage.de\/wp\/index.php?rest_route=%2Fwp%2Fv2%2Fcomments&post=13643"}],"version-history":[{"count":3,"href":"https:\/\/deltaimage.de\/wp\/index.php?rest_route=\/wp\/v2\/jetpack-portfolio\/13643\/revisions"}],"predecessor-version":[{"id":24389,"href":"https:\/\/deltaimage.de\/wp\/index.php?rest_route=\/wp\/v2\/jetpack-portfolio\/13643\/revisions\/24389"}],"wp:featuredmedia":[{"embeddable":true,"href":"https:\/\/deltaimage.de\/wp\/index.php?rest_route=\/wp\/v2\/media\/31743"}],"wp:attachment":[{"href":"https:\/\/deltaimage.de\/wp\/index.php?rest_route=%2Fwp%2Fv2%2Fmedia&parent=13643"}],"wp:term":[{"taxonomy":"jetpack-portfolio-type","embeddable":true,"href":"https:\/\/deltaimage.de\/wp\/index.php?rest_route=%2Fwp%2Fv2%2Fjetpack-portfolio-type&post=13643"},{"taxonomy":"jetpack-portfolio-tag","embeddable":true,"href":"https:\/\/deltaimage.de\/wp\/index.php?rest_route=%2Fwp%2Fv2%2Fjetpack-portfolio-tag&post=13643"}],"curies":[{"name":"wp","href":"https:\/\/api.w.org\/{rel}","templated":true}]}}