{"id":13678,"date":"2017-11-13T10:10:33","date_gmt":"2017-11-13T09:10:33","guid":{"rendered":"http:\/\/deltaimage.de\/wp\/?post_type=jetpack-portfolio&#038;p=13678"},"modified":"2020-12-19T16:09:58","modified_gmt":"2020-12-19T15:09:58","slug":"fallschirmspringen-die-suche-nach-dem-glueck-sonderausstellung-im-deutschen-museum","status":"publish","type":"jetpack-portfolio","link":"https:\/\/deltaimage.de\/wp\/?portfolio=fallschirmspringen-die-suche-nach-dem-glueck-sonderausstellung-im-deutschen-museum","title":{"rendered":"Fallschirmspringen &#8211; Die Suche nach dem Gl\u00fcck; Sonderausstellung im Deutschen Museum"},"content":{"rendered":"<h2>Brosch\u00fcre zur Sonderausstellung<\/h2>\n<p>Die Sonderausstellung f\u00fcr Sie zum Mitnehmen. Alle Bilder der Ausstellung, alle Texte in aufbereiteter Form<\/p>\n<ul>\n<li>Gebundene Heftform<\/li>\n<li>Format 21 cm x\u00a030 cm (DIA A4 quer)<\/li>\n<li>28 Farbseiten<\/li>\n<li>Zus\u00e4tzliche Grafiken und Hintergrundmaterial, \u00fcber die Ausstellung hinausgehend<\/li>\n<\/ul>\n<p>Bezugsquellen der Brosch\u00fcre<\/p>\n<p><a href=\"http:\/\/deltaimage.de\/wp\/?attachment_id=3606#main\" rel=\"attachment wp-att-3606\"><div class=\"su-button-center\"><a href=\"https:\/\/shop.deltaimage.de\/?product_cat=buch\" class=\"su-button su-button-style-glass\" style=\"color:#ffffff;background-color:#d0b04e;border-color:#a78d3f;border-radius:29px\" target=\"_blank\" rel=\"noopener noreferrer\"><span style=\"color:#ffffff;padding:6px 16px;font-size:13px;line-height:20px;border-color:#dfc884;border-radius:29px;text-shadow:none\"><i class=\"sui sui-arrow-right\" style=\"font-size:13px;color:#FFFFFF\"><\/i> Zum SHOP System<\/span><\/a><\/div><img data-recalc-dims=\"1\" loading=\"lazy\" decoding=\"async\" data-attachment-id=\"3606\" data-permalink=\"https:\/\/deltaimage.de\/wp\/?attachment_id=3606#main\" data-orig-file=\"https:\/\/i0.wp.com\/deltaimage.de\/wp\/wp-content\/uploads\/Titelseite_Doku.jpg?fit=1206%2C863&amp;ssl=1\" data-orig-size=\"1206,863\" data-comments-opened=\"0\" data-image-meta=\"{&quot;aperture&quot;:&quot;0&quot;,&quot;credit&quot;:&quot;Paul Eschbach&quot;,&quot;camera&quot;:&quot;&quot;,&quot;caption&quot;:&quot;&quot;,&quot;created_timestamp&quot;:&quot;1400368139&quot;,&quot;copyright&quot;:&quot;&quot;,&quot;focal_length&quot;:&quot;0&quot;,&quot;iso&quot;:&quot;0&quot;,&quot;shutter_speed&quot;:&quot;0&quot;,&quot;title&quot;:&quot;&quot;,&quot;orientation&quot;:&quot;0&quot;}\" data-image-title=\"Titelseite_Doku\" data-image-description=\"\" data-image-caption=\"\" data-large-file=\"https:\/\/i0.wp.com\/deltaimage.de\/wp\/wp-content\/uploads\/Titelseite_Doku.jpg?fit=890%2C636&amp;ssl=1\" class=\"alignnone size-full wp-image-3606\" src=\"https:\/\/i0.wp.com\/deltaimage.de\/wp\/wp-content\/uploads\/Titelseite_Doku.jpg?resize=890%2C637\" alt=\"Dokumentation zur Sonderausstellung\" width=\"890\" height=\"637\" srcset=\"https:\/\/i0.wp.com\/deltaimage.de\/wp\/wp-content\/uploads\/Titelseite_Doku.jpg?w=1206&amp;ssl=1 1206w, https:\/\/i0.wp.com\/deltaimage.de\/wp\/wp-content\/uploads\/Titelseite_Doku.jpg?resize=300%2C214&amp;ssl=1 300w, https:\/\/i0.wp.com\/deltaimage.de\/wp\/wp-content\/uploads\/Titelseite_Doku.jpg?resize=1024%2C732&amp;ssl=1 1024w, https:\/\/i0.wp.com\/deltaimage.de\/wp\/wp-content\/uploads\/Titelseite_Doku.jpg?resize=829%2C593&amp;ssl=1 829w, https:\/\/i0.wp.com\/deltaimage.de\/wp\/wp-content\/uploads\/Titelseite_Doku.jpg?resize=629%2C450&amp;ssl=1 629w\" sizes=\"auto, (max-width: 890px) 100vw, 890px\" \/><\/a><\/p>\n<p>&nbsp;<\/p>\n<div class=\"tiled-gallery type-rectangular tiled-gallery-unresized\" data-original-width=\"890\" data-carousel-extra='{&quot;blog_id&quot;:1,&quot;permalink&quot;:&quot;https:\\\/\\\/deltaimage.de\\\/wp\\\/?portfolio=fallschirmspringen-die-suche-nach-dem-glueck-sonderausstellung-im-deutschen-museum&quot;,&quot;likes_blog_id&quot;:66828988}' itemscope itemtype=\"http:\/\/schema.org\/ImageGallery\" > <div class=\"gallery-row\" style=\"width: 890px; height: 397px;\" data-original-width=\"890\" data-original-height=\"397\" > <div class=\"gallery-group images-1\" style=\"width: 594px; height: 397px;\" data-original-width=\"594\" data-original-height=\"397\" > <div class=\"tiled-gallery-item tiled-gallery-item-large\" itemprop=\"associatedMedia\" itemscope itemtype=\"http:\/\/schema.org\/ImageObject\"> <a href=\"https:\/\/deltaimage.de\/wp\/?attachment_id=3698#main\" border=\"0\" itemprop=\"url\"> <meta itemprop=\"width\" content=\"590\"> <meta itemprop=\"height\" content=\"393\"> <img decoding=\"async\" class=\"\" data-attachment-id=\"3698\" data-orig-file=\"https:\/\/deltaimage.de\/wp\/wp-content\/uploads\/ZY5M3788_Die-Suche-nach-dem-Gl\u00fcck.jpg\" data-orig-size=\"500,333\" data-comments-opened=\"\" data-image-meta=\"{&quot;aperture&quot;:&quot;0&quot;,&quot;credit&quot;:&quot;&quot;,&quot;camera&quot;:&quot;&quot;,&quot;caption&quot;:&quot;&quot;,&quot;created_timestamp&quot;:&quot;0&quot;,&quot;copyright&quot;:&quot;\\u00a9 www.DELTAIMAGE.de&quot;,&quot;focal_length&quot;:&quot;0&quot;,&quot;iso&quot;:&quot;0&quot;,&quot;shutter_speed&quot;:&quot;0&quot;,&quot;title&quot;:&quot;&quot;,&quot;orientation&quot;:&quot;0&quot;}\" data-image-title=\"ZY5M3788_Die Suche nach dem Gl\u00fcck\" data-image-description=\"\" data-medium-file=\"https:\/\/i0.wp.com\/deltaimage.de\/wp\/wp-content\/uploads\/ZY5M3788_Die-Suche-nach-dem-Gl%C3%BCck.jpg?fit=300%2C199&#038;ssl=1\" data-large-file=\"https:\/\/i0.wp.com\/deltaimage.de\/wp\/wp-content\/uploads\/ZY5M3788_Die-Suche-nach-dem-Gl%C3%BCck.jpg?fit=500%2C333&#038;ssl=1\" src=\"https:\/\/i0.wp.com\/deltaimage.de\/wp\/wp-content\/uploads\/ZY5M3788_Die-Suche-nach-dem-Gl%C3%BCck.jpg?w=590&#038;h=393&#038;ssl=1\" width=\"590\" height=\"393\" loading=\"lazy\" data-original-width=\"590\" data-original-height=\"393\" itemprop=\"http:\/\/schema.org\/image\" title=\"ZY5M3788_Die Suche nach dem Gl\u00fcck\" alt=\"Fotoausstellung &#8222;Die Suche nach dem Gl\u00fcck&#8220;\" style=\"width: 590px; height: 393px;\" \/> <\/a> <\/div> <\/div> <!-- close group --> <div class=\"gallery-group images-2\" style=\"width: 296px; height: 397px;\" data-original-width=\"296\" data-original-height=\"397\" > <div class=\"tiled-gallery-item tiled-gallery-item-large\" itemprop=\"associatedMedia\" itemscope itemtype=\"http:\/\/schema.org\/ImageObject\"> <a href=\"https:\/\/deltaimage.de\/wp\/?attachment_id=3688#main\" border=\"0\" itemprop=\"url\"> <meta itemprop=\"width\" content=\"292\"> <meta itemprop=\"height\" content=\"195\"> <img decoding=\"async\" class=\"\" data-attachment-id=\"3688\" data-orig-file=\"https:\/\/deltaimage.de\/wp\/wp-content\/uploads\/ZY5M3728_Die-Suche-nach-dem-Gl\u00fcck.jpg\" data-orig-size=\"500,333\" data-comments-opened=\"\" data-image-meta=\"{&quot;aperture&quot;:&quot;0&quot;,&quot;credit&quot;:&quot;&quot;,&quot;camera&quot;:&quot;&quot;,&quot;caption&quot;:&quot;&quot;,&quot;created_timestamp&quot;:&quot;0&quot;,&quot;copyright&quot;:&quot;\\u00a9 www.DELTAIMAGE.de&quot;,&quot;focal_length&quot;:&quot;0&quot;,&quot;iso&quot;:&quot;0&quot;,&quot;shutter_speed&quot;:&quot;0&quot;,&quot;title&quot;:&quot;&quot;,&quot;orientation&quot;:&quot;0&quot;}\" data-image-title=\"ZY5M3728_Die Suche nach dem Gl\u00fcck\" data-image-description=\"\" data-medium-file=\"https:\/\/i0.wp.com\/deltaimage.de\/wp\/wp-content\/uploads\/ZY5M3728_Die-Suche-nach-dem-Gl%C3%BCck.jpg?fit=300%2C199&#038;ssl=1\" data-large-file=\"https:\/\/i0.wp.com\/deltaimage.de\/wp\/wp-content\/uploads\/ZY5M3728_Die-Suche-nach-dem-Gl%C3%BCck.jpg?fit=500%2C333&#038;ssl=1\" src=\"https:\/\/i0.wp.com\/deltaimage.de\/wp\/wp-content\/uploads\/ZY5M3728_Die-Suche-nach-dem-Gl%C3%BCck.jpg?w=292&#038;h=195&#038;ssl=1\" width=\"292\" height=\"195\" loading=\"lazy\" data-original-width=\"292\" data-original-height=\"195\" itemprop=\"http:\/\/schema.org\/image\" title=\"ZY5M3728_Die Suche nach dem Gl\u00fcck\" alt=\"Fotoausstellung &#8222;Die Suche nach dem Gl\u00fcck&#8220;\" style=\"width: 292px; height: 195px;\" \/> <\/a> <\/div> <div class=\"tiled-gallery-item tiled-gallery-item-large\" itemprop=\"associatedMedia\" itemscope itemtype=\"http:\/\/schema.org\/ImageObject\"> <a href=\"https:\/\/deltaimage.de\/wp\/?attachment_id=3686#main\" border=\"0\" itemprop=\"url\"> <meta itemprop=\"width\" content=\"292\"> <meta itemprop=\"height\" content=\"194\"> <img decoding=\"async\" class=\"\" data-attachment-id=\"3686\" data-orig-file=\"https:\/\/deltaimage.de\/wp\/wp-content\/uploads\/ZY5M3703_Die-Suche-nach-dem-Gl\u00fcck.jpg\" data-orig-size=\"500,333\" data-comments-opened=\"\" data-image-meta=\"{&quot;aperture&quot;:&quot;0&quot;,&quot;credit&quot;:&quot;&quot;,&quot;camera&quot;:&quot;&quot;,&quot;caption&quot;:&quot;&quot;,&quot;created_timestamp&quot;:&quot;0&quot;,&quot;copyright&quot;:&quot;\\u00a9 www.DELTAIMAGE.de&quot;,&quot;focal_length&quot;:&quot;0&quot;,&quot;iso&quot;:&quot;0&quot;,&quot;shutter_speed&quot;:&quot;0&quot;,&quot;title&quot;:&quot;&quot;,&quot;orientation&quot;:&quot;0&quot;}\" data-image-title=\"ZY5M3703_Die Suche nach dem Gl\u00fcck\" data-image-description=\"\" data-medium-file=\"https:\/\/i0.wp.com\/deltaimage.de\/wp\/wp-content\/uploads\/ZY5M3703_Die-Suche-nach-dem-Gl%C3%BCck.jpg?fit=300%2C199&#038;ssl=1\" data-large-file=\"https:\/\/i0.wp.com\/deltaimage.de\/wp\/wp-content\/uploads\/ZY5M3703_Die-Suche-nach-dem-Gl%C3%BCck.jpg?fit=500%2C333&#038;ssl=1\" src=\"https:\/\/i0.wp.com\/deltaimage.de\/wp\/wp-content\/uploads\/ZY5M3703_Die-Suche-nach-dem-Gl%C3%BCck.jpg?w=292&#038;h=194&#038;ssl=1\" width=\"292\" height=\"194\" loading=\"lazy\" data-original-width=\"292\" data-original-height=\"194\" itemprop=\"http:\/\/schema.org\/image\" title=\"ZY5M3703_Die Suche nach dem Gl\u00fcck\" alt=\"Fotoausstellung &#8222;Die Suche nach dem Gl\u00fcck&#8220;\" style=\"width: 292px; height: 194px;\" \/> <\/a> <\/div> <\/div> <!-- close group --> <\/div> <!-- close row --> <div class=\"gallery-row\" style=\"width: 890px; height: 142px;\" data-original-width=\"890\" data-original-height=\"142\" > <div class=\"gallery-group images-1\" style=\"width: 142px; height: 142px;\" data-original-width=\"142\" data-original-height=\"142\" > <div class=\"tiled-gallery-item tiled-gallery-item-small\" itemprop=\"associatedMedia\" itemscope itemtype=\"http:\/\/schema.org\/ImageObject\"> <a href=\"https:\/\/deltaimage.de\/wp\/?attachment_id=3671#main\" border=\"0\" itemprop=\"url\"> <meta itemprop=\"width\" content=\"138\"> <meta itemprop=\"height\" content=\"138\"> <img decoding=\"async\" class=\"\" data-attachment-id=\"3671\" data-orig-file=\"https:\/\/deltaimage.de\/wp\/wp-content\/uploads\/ZY5M3600_Die-Suche-nach-dem-Gl\u00fcck.jpg\" data-orig-size=\"500,500\" data-comments-opened=\"\" data-image-meta=\"{&quot;aperture&quot;:&quot;0&quot;,&quot;credit&quot;:&quot;&quot;,&quot;camera&quot;:&quot;&quot;,&quot;caption&quot;:&quot;&quot;,&quot;created_timestamp&quot;:&quot;0&quot;,&quot;copyright&quot;:&quot;\\u00a9 www.DELTAIMAGE.de&quot;,&quot;focal_length&quot;:&quot;0&quot;,&quot;iso&quot;:&quot;0&quot;,&quot;shutter_speed&quot;:&quot;0&quot;,&quot;title&quot;:&quot;&quot;,&quot;orientation&quot;:&quot;0&quot;}\" data-image-title=\"ZY5M3600_Die Suche nach dem Gl\u00fcck\" data-image-description=\"\" data-medium-file=\"https:\/\/i0.wp.com\/deltaimage.de\/wp\/wp-content\/uploads\/ZY5M3600_Die-Suche-nach-dem-Gl%C3%BCck.jpg?fit=300%2C300&#038;ssl=1\" data-large-file=\"https:\/\/i0.wp.com\/deltaimage.de\/wp\/wp-content\/uploads\/ZY5M3600_Die-Suche-nach-dem-Gl%C3%BCck.jpg?fit=500%2C500&#038;ssl=1\" src=\"https:\/\/i0.wp.com\/deltaimage.de\/wp\/wp-content\/uploads\/ZY5M3600_Die-Suche-nach-dem-Gl%C3%BCck.jpg?w=138&#038;h=138&#038;crop=1&#038;ssl=1\" width=\"138\" height=\"138\" loading=\"lazy\" data-original-width=\"138\" data-original-height=\"138\" itemprop=\"http:\/\/schema.org\/image\" title=\"ZY5M3600_Die Suche nach dem Gl\u00fcck\" alt=\"Fotoausstellung &#8222;Die Suche nach dem Gl\u00fcck&#8220;\" style=\"width: 138px; height: 138px;\" \/> <\/a> <\/div> <\/div> <!-- close group --> <div class=\"gallery-group images-1\" style=\"width: 211px; height: 142px;\" data-original-width=\"211\" data-original-height=\"142\" > <div class=\"tiled-gallery-item tiled-gallery-item-small\" itemprop=\"associatedMedia\" itemscope itemtype=\"http:\/\/schema.org\/ImageObject\"> <a href=\"https:\/\/deltaimage.de\/wp\/?attachment_id=3644\" border=\"0\" itemprop=\"url\"> <meta itemprop=\"width\" content=\"207\"> <meta itemprop=\"height\" content=\"138\"> <img decoding=\"async\" class=\"\" data-attachment-id=\"3644\" data-orig-file=\"https:\/\/deltaimage.de\/wp\/wp-content\/uploads\/ZY5M7301_Sonder.jpg\" data-orig-size=\"705,470\" data-comments-opened=\"\" data-image-meta=\"{&quot;aperture&quot;:&quot;9&quot;,&quot;credit&quot;:&quot;Paul Eschbach&quot;,&quot;camera&quot;:&quot;Canon EOS-1Ds Mark II&quot;,&quot;caption&quot;:&quot;&quot;,&quot;created_timestamp&quot;:&quot;1400405209&quot;,&quot;copyright&quot;:&quot;&quot;,&quot;focal_length&quot;:&quot;17&quot;,&quot;iso&quot;:&quot;100&quot;,&quot;shutter_speed&quot;:&quot;0.16666666666667&quot;,&quot;title&quot;:&quot;&quot;,&quot;orientation&quot;:&quot;1&quot;}\" data-image-title=\"ZY5M7301_Sonder\" data-image-description=\"\" data-medium-file=\"https:\/\/i0.wp.com\/deltaimage.de\/wp\/wp-content\/uploads\/ZY5M7301_Sonder.jpg?fit=300%2C200&#038;ssl=1\" data-large-file=\"https:\/\/i0.wp.com\/deltaimage.de\/wp\/wp-content\/uploads\/ZY5M7301_Sonder.jpg?fit=705%2C470&#038;ssl=1\" src=\"https:\/\/i0.wp.com\/deltaimage.de\/wp\/wp-content\/uploads\/ZY5M7301_Sonder.jpg?w=207&#038;h=138&#038;ssl=1\" srcset=\"https:\/\/i0.wp.com\/deltaimage.de\/wp\/wp-content\/uploads\/ZY5M7301_Sonder.jpg?w=705&amp;ssl=1 705w, https:\/\/i0.wp.com\/deltaimage.de\/wp\/wp-content\/uploads\/ZY5M7301_Sonder.jpg?resize=300%2C200&amp;ssl=1 300w, https:\/\/i0.wp.com\/deltaimage.de\/wp\/wp-content\/uploads\/ZY5M7301_Sonder.jpg?resize=675%2C450&amp;ssl=1 675w, https:\/\/i0.wp.com\/deltaimage.de\/wp\/wp-content\/uploads\/ZY5M7301_Sonder.jpg?resize=200%2C133&amp;ssl=1 200w\" width=\"207\" height=\"138\" loading=\"lazy\" data-original-width=\"207\" data-original-height=\"138\" itemprop=\"http:\/\/schema.org\/image\" title=\"ZY5M7301_Sonder\" alt=\"ZY5M7301 Sonder\" style=\"width: 207px; height: 138px;\" \/> <\/a> <\/div> <\/div> <!-- close group --> <div class=\"gallery-group images-1\" style=\"width: 269px; height: 142px;\" data-original-width=\"269\" data-original-height=\"142\" > <div class=\"tiled-gallery-item tiled-gallery-item-large\" itemprop=\"associatedMedia\" itemscope itemtype=\"http:\/\/schema.org\/ImageObject\"> <a href=\"https:\/\/deltaimage.de\/wp\/?attachment_id=3635\" border=\"0\" itemprop=\"url\"> <meta itemprop=\"width\" content=\"265\"> <meta itemprop=\"height\" content=\"138\"> <img decoding=\"async\" class=\"\" data-attachment-id=\"3635\" data-orig-file=\"https:\/\/deltaimage.de\/wp\/wp-content\/uploads\/ZY5M7287_Sonder.jpg\" data-orig-size=\"900,470\" data-comments-opened=\"\" data-image-meta=\"{&quot;aperture&quot;:&quot;9&quot;,&quot;credit&quot;:&quot;Paul Eschbach&quot;,&quot;camera&quot;:&quot;Canon EOS-1Ds Mark II&quot;,&quot;caption&quot;:&quot;&quot;,&quot;created_timestamp&quot;:&quot;1400404439&quot;,&quot;copyright&quot;:&quot;&quot;,&quot;focal_length&quot;:&quot;17&quot;,&quot;iso&quot;:&quot;100&quot;,&quot;shutter_speed&quot;:&quot;0.16666666666667&quot;,&quot;title&quot;:&quot;&quot;,&quot;orientation&quot;:&quot;1&quot;}\" data-image-title=\"ZY5M7287_Sonder\" data-image-description=\"\" data-medium-file=\"https:\/\/i0.wp.com\/deltaimage.de\/wp\/wp-content\/uploads\/ZY5M7287_Sonder.jpg?fit=300%2C156&#038;ssl=1\" data-large-file=\"https:\/\/i0.wp.com\/deltaimage.de\/wp\/wp-content\/uploads\/ZY5M7287_Sonder.jpg?fit=890%2C465&#038;ssl=1\" src=\"https:\/\/i0.wp.com\/deltaimage.de\/wp\/wp-content\/uploads\/ZY5M7287_Sonder.jpg?w=265&#038;h=138&#038;ssl=1\" srcset=\"https:\/\/i0.wp.com\/deltaimage.de\/wp\/wp-content\/uploads\/ZY5M7287_Sonder.jpg?w=900&amp;ssl=1 900w, https:\/\/i0.wp.com\/deltaimage.de\/wp\/wp-content\/uploads\/ZY5M7287_Sonder.jpg?resize=300%2C156&amp;ssl=1 300w, https:\/\/i0.wp.com\/deltaimage.de\/wp\/wp-content\/uploads\/ZY5M7287_Sonder.jpg?resize=890%2C465&amp;ssl=1 890w, https:\/\/i0.wp.com\/deltaimage.de\/wp\/wp-content\/uploads\/ZY5M7287_Sonder.jpg?resize=862%2C450&amp;ssl=1 862w\" width=\"265\" height=\"138\" loading=\"lazy\" data-original-width=\"265\" data-original-height=\"138\" itemprop=\"http:\/\/schema.org\/image\" title=\"ZY5M7287_Sonder\" alt=\"ZY5M7287 Sonder\" style=\"width: 265px; height: 138px;\" \/> <\/a> <\/div> <\/div> <!-- close group --> <div class=\"gallery-group images-1\" style=\"width: 268px; height: 142px;\" data-original-width=\"268\" data-original-height=\"142\" > <div class=\"tiled-gallery-item tiled-gallery-item-large\" itemprop=\"associatedMedia\" itemscope itemtype=\"http:\/\/schema.org\/ImageObject\"> <a href=\"https:\/\/deltaimage.de\/wp\/?attachment_id=3633\" border=\"0\" itemprop=\"url\"> <meta itemprop=\"width\" content=\"264\"> <meta itemprop=\"height\" content=\"138\"> <img decoding=\"async\" class=\"\" data-attachment-id=\"3633\" data-orig-file=\"https:\/\/deltaimage.de\/wp\/wp-content\/uploads\/ZY5M7283_Sonder.jpg\" data-orig-size=\"900,470\" data-comments-opened=\"\" data-image-meta=\"{&quot;aperture&quot;:&quot;9&quot;,&quot;credit&quot;:&quot;Paul Eschbach&quot;,&quot;camera&quot;:&quot;Canon EOS-1Ds Mark II&quot;,&quot;caption&quot;:&quot;&quot;,&quot;created_timestamp&quot;:&quot;1400404383&quot;,&quot;copyright&quot;:&quot;&quot;,&quot;focal_length&quot;:&quot;17&quot;,&quot;iso&quot;:&quot;100&quot;,&quot;shutter_speed&quot;:&quot;0.16666666666667&quot;,&quot;title&quot;:&quot;&quot;,&quot;orientation&quot;:&quot;1&quot;}\" data-image-title=\"ZY5M7283_Sonder\" data-image-description=\"\" data-medium-file=\"https:\/\/i0.wp.com\/deltaimage.de\/wp\/wp-content\/uploads\/ZY5M7283_Sonder.jpg?fit=300%2C156&#038;ssl=1\" data-large-file=\"https:\/\/i0.wp.com\/deltaimage.de\/wp\/wp-content\/uploads\/ZY5M7283_Sonder.jpg?fit=890%2C465&#038;ssl=1\" src=\"https:\/\/i0.wp.com\/deltaimage.de\/wp\/wp-content\/uploads\/ZY5M7283_Sonder.jpg?w=264&#038;h=138&#038;ssl=1\" srcset=\"https:\/\/i0.wp.com\/deltaimage.de\/wp\/wp-content\/uploads\/ZY5M7283_Sonder.jpg?w=900&amp;ssl=1 900w, https:\/\/i0.wp.com\/deltaimage.de\/wp\/wp-content\/uploads\/ZY5M7283_Sonder.jpg?resize=300%2C156&amp;ssl=1 300w, https:\/\/i0.wp.com\/deltaimage.de\/wp\/wp-content\/uploads\/ZY5M7283_Sonder.jpg?resize=890%2C465&amp;ssl=1 890w, https:\/\/i0.wp.com\/deltaimage.de\/wp\/wp-content\/uploads\/ZY5M7283_Sonder.jpg?resize=862%2C450&amp;ssl=1 862w\" width=\"264\" height=\"138\" loading=\"lazy\" data-original-width=\"264\" data-original-height=\"138\" itemprop=\"http:\/\/schema.org\/image\" title=\"ZY5M7283_Sonder\" alt=\"ZY5M7283 Sonder\" style=\"width: 264px; height: 138px;\" \/> <\/a> <\/div> <\/div> <!-- close group --> <\/div> <!-- close row --> <\/div>\n<p>&nbsp;<\/p>\n<div class=\"su-button-center\"><a href=\"https:\/\/shop.deltaimage.de\/?product_cat=buch\" class=\"su-button su-button-style-glass\" style=\"color:#ffffff;background-color:#d0b04e;border-color:#a78d3f;border-radius:29px\" target=\"_blank\" rel=\"noopener noreferrer\"><span style=\"color:#ffffff;padding:6px 16px;font-size:13px;line-height:20px;border-color:#dfc884;border-radius:29px;text-shadow:none\"><i class=\"sui sui-arrow-right\" style=\"font-size:13px;color:#FFFFFF\"><\/i> Zum SHOP System<\/span><\/a><\/div>\n","protected":false},"excerpt":{"rendered":"<p>Brosch\u00fcre zur Sonderausstellung Die Sonderausstellung f\u00fcr Sie zum Mitnehmen. Alle Bilder der Ausstellung, alle Texte in aufbereiteter Form Gebundene Heftform Format 21 cm x\u00a030 cm (DIA A4 quer) 28 Farbseiten [&hellip;]<\/p>\n","protected":false},"author":1,"featured_media":3606,"comment_status":"closed","ping_status":"closed","template":"","format":"standard","meta":{"wpupg_custom_link":[],"wpupg_custom_link_behaviour":[],"wpupg_custom_link_nofollow":[],"wpupg_custom_image":[],"wpupg_custom_image_id":[],"jetpack_post_was_ever_published":false,"footnotes":""},"jetpack-portfolio-type":[1271],"jetpack-portfolio-tag":[1319,1323,1322,1320,1297,1280,1321],"class_list":["post-13678","jetpack-portfolio","type-jetpack-portfolio","status-publish","format-standard","has-post-thumbnail","hentry","jetpack-portfolio-type-buch","jetpack-portfolio-tag-deutsches-museum","jetpack-portfolio-tag-die-suche-nach-dem-glueck","jetpack-portfolio-tag-fallschirmspringen","jetpack-portfolio-tag-flugwerft-schleissheim","jetpack-portfolio-tag-fotografie","jetpack-portfolio-tag-oberschleissheim","jetpack-portfolio-tag-sonderausstellung"],"jetpack-related-posts":[{"id":47816,"url":"https:\/\/deltaimage.de\/wp\/?portfolio=buchvorstellung-dr-annegret-braun-hsg-in-der-geschichtswerkstatt-dachau-naturwandel-eine-geschichte-im-dachauer-land-23-3-2025","url_meta":{"origin":13678,"position":0},"title":"Buchvorstellung Dr. Annegret Braun in der Geschichtswerkstatt Dachau: NaturWandel &#8211; Eine Geschichte im Dachauer Land; 23.3.2025","author":"EschbacP","date":"3. Januar 2025","format":false,"excerpt":"Im Rahmen der Fest- und Fotoausstellung: Natur- und Moosschutz im Dachauer Moos -\u00a050 Jahre BN Kreisgruppe Dachau \u00a0 im Dachauer Wasserturm findet im 3. Stock auf der Veranstaltungsb\u00fchne ein Themenvortrag statt. \u00a0 Dr. Annegret Braun: Buchvorstellung \u201eNaturWandel \u2013 eine Geschichte des Dachauer Landes\u201c","rel":"","context":"\u00c4hnlicher Beitrag","block_context":{"text":"\u00c4hnlicher Beitrag","link":""},"img":{"alt_text":"","src":"https:\/\/i0.wp.com\/deltaimage.de\/wp\/wp-content\/uploads\/Plakat_Wasserturm_Braun.jpg?fit=1200%2C451&ssl=1&resize=350%2C200","width":350,"height":200,"srcset":"https:\/\/i0.wp.com\/deltaimage.de\/wp\/wp-content\/uploads\/Plakat_Wasserturm_Braun.jpg?fit=1200%2C451&ssl=1&resize=350%2C200 1x, https:\/\/i0.wp.com\/deltaimage.de\/wp\/wp-content\/uploads\/Plakat_Wasserturm_Braun.jpg?fit=1200%2C451&ssl=1&resize=525%2C300 1.5x, https:\/\/i0.wp.com\/deltaimage.de\/wp\/wp-content\/uploads\/Plakat_Wasserturm_Braun.jpg?fit=1200%2C451&ssl=1&resize=700%2C400 2x, https:\/\/i0.wp.com\/deltaimage.de\/wp\/wp-content\/uploads\/Plakat_Wasserturm_Braun.jpg?fit=1200%2C451&ssl=1&resize=1050%2C600 3x"},"classes":[]},{"id":44747,"url":"https:\/\/deltaimage.de\/wp\/?portfolio=sonderausstellung-in-flugwerft-schleissheim-2014","url_meta":{"origin":13678,"position":1},"title":"2014 &#8211; Sonderausstellung in Flugwerft Schlei\u00dfheim &#8211; &#8222;Die Suche nach dem Gl\u00fcck&#8220;","author":"EschbacP","date":"18. September 2024","format":false,"excerpt":"Foto- und Sonderausstellung von Paul Eschbach Fotografien von Paul Eschbach und Andreas Pirchmoser Sonderausstellung in der Flugwerft Schlei\u00dfheim im Deutschen Museum \u00fcber den Fallschirmsport unter Mitwirkung von Hans Osterm\u00fcnchner und Uli Beyer \u00a0 Zur Sonderausstellung ist eine begleitende Dokumentation erschienen, mehr dazu im Online Shop. \u00a0 Die Suche nach dem\u2026","rel":"","context":"\u00c4hnlicher Beitrag","block_context":{"text":"\u00c4hnlicher Beitrag","link":""},"img":{"alt_text":"","src":"https:\/\/i0.wp.com\/deltaimage.de\/wp\/wp-content\/uploads\/Header-Plakat_1200.jpg?fit=1200%2C450&ssl=1&resize=350%2C200","width":350,"height":200,"srcset":"https:\/\/i0.wp.com\/deltaimage.de\/wp\/wp-content\/uploads\/Header-Plakat_1200.jpg?fit=1200%2C450&ssl=1&resize=350%2C200 1x, https:\/\/i0.wp.com\/deltaimage.de\/wp\/wp-content\/uploads\/Header-Plakat_1200.jpg?fit=1200%2C450&ssl=1&resize=525%2C300 1.5x, https:\/\/i0.wp.com\/deltaimage.de\/wp\/wp-content\/uploads\/Header-Plakat_1200.jpg?fit=1200%2C450&ssl=1&resize=700%2C400 2x, https:\/\/i0.wp.com\/deltaimage.de\/wp\/wp-content\/uploads\/Header-Plakat_1200.jpg?fit=1200%2C450&ssl=1&resize=1050%2C600 3x"},"classes":[]},{"id":48085,"url":"https:\/\/deltaimage.de\/wp\/?portfolio=themenvortrag-lydia-thiel-100-jahre-regulierung-der-glonn-13-4-2025","url_meta":{"origin":13678,"position":2},"title":"Themenvortrag Lydia Thiel: 100 Jahre Regulierung der Glonn &#8211; 13.4.2025","author":"EschbacP","date":"3. November 2024","format":false,"excerpt":"Im Rahmen der Fest- und Fotoausstellung: Natur- und Moosschutz im Dachauer Moos -\u00a050 Jahre BN Kreisgruppe Dachau im Dachauer Wasserturm findet im 4. Stock auf der Veranstaltungsb\u00fchne ein Themenvortrag statt. \u00a0 Lydia Thiel aus Petershausen 100 Jahre Regulierung der Glonn: 1925 - 2025 \u00a0 Das Buch ist bei shop.deltaimage.de erschienen\u2026","rel":"","context":"\u00c4hnlicher Beitrag","block_context":{"text":"\u00c4hnlicher Beitrag","link":""},"img":{"alt_text":"","src":"https:\/\/i0.wp.com\/deltaimage.de\/wp\/wp-content\/uploads\/Plakat_Wasserturm_Thiel.jpg?fit=1200%2C449&ssl=1&resize=350%2C200","width":350,"height":200,"srcset":"https:\/\/i0.wp.com\/deltaimage.de\/wp\/wp-content\/uploads\/Plakat_Wasserturm_Thiel.jpg?fit=1200%2C449&ssl=1&resize=350%2C200 1x, https:\/\/i0.wp.com\/deltaimage.de\/wp\/wp-content\/uploads\/Plakat_Wasserturm_Thiel.jpg?fit=1200%2C449&ssl=1&resize=525%2C300 1.5x, https:\/\/i0.wp.com\/deltaimage.de\/wp\/wp-content\/uploads\/Plakat_Wasserturm_Thiel.jpg?fit=1200%2C449&ssl=1&resize=700%2C400 2x, https:\/\/i0.wp.com\/deltaimage.de\/wp\/wp-content\/uploads\/Plakat_Wasserturm_Thiel.jpg?fit=1200%2C449&ssl=1&resize=1050%2C600 3x"},"classes":[]},{"id":47214,"url":"https:\/\/deltaimage.de\/wp\/?portfolio=dachauer-wasserturm-natur-und-moosschutz-im-dachauer-moos-50-jahre-bund-naturschutz-in-dachau","url_meta":{"origin":13678,"position":3},"title":"Dachauer Wasserturm: Natur- und Moosschutz im Dachauer Moos &#8211; 50 Jahre BUND Naturschutz in Dachau mit Fotoausstellung: Paul Eschbach: 21.3.-21.4.2025","author":"EschbacP","date":"4. Januar 2025","format":false,"excerpt":"Die Kreisgruppe Dachau des BUND Naturschutz in Bayern e. V. feiert im Jahr 2025 das 50-j\u00e4hrige Bestehen 1975 - 2025. \"50 Jahre Natur- und Moosschutz im Dachauer Moos\" In diesem Zeitraum von 50 Jahren haben die 150 Gr\u00fcndung-Mitglieder in der Zwischenzeit eine Kreisgruppe mit 12 Ortsgruppen und 5.000 Mitgliedern aufgebaut.\u2026","rel":"","context":"\u00c4hnlicher Beitrag","block_context":{"text":"\u00c4hnlicher Beitrag","link":""},"img":{"alt_text":"","src":"https:\/\/i0.wp.com\/deltaimage.de\/wp\/wp-content\/uploads\/Plakat_Wasserturm_V3_1200-450.jpg?fit=1200%2C446&ssl=1&resize=350%2C200","width":350,"height":200,"srcset":"https:\/\/i0.wp.com\/deltaimage.de\/wp\/wp-content\/uploads\/Plakat_Wasserturm_V3_1200-450.jpg?fit=1200%2C446&ssl=1&resize=350%2C200 1x, https:\/\/i0.wp.com\/deltaimage.de\/wp\/wp-content\/uploads\/Plakat_Wasserturm_V3_1200-450.jpg?fit=1200%2C446&ssl=1&resize=525%2C300 1.5x, https:\/\/i0.wp.com\/deltaimage.de\/wp\/wp-content\/uploads\/Plakat_Wasserturm_V3_1200-450.jpg?fit=1200%2C446&ssl=1&resize=700%2C400 2x, https:\/\/i0.wp.com\/deltaimage.de\/wp\/wp-content\/uploads\/Plakat_Wasserturm_V3_1200-450.jpg?fit=1200%2C446&ssl=1&resize=1050%2C600 3x"},"classes":[]},{"id":45032,"url":"https:\/\/deltaimage.de\/wp\/?portfolio=delta-image-eigenverlag-2","url_meta":{"origin":13678,"position":4},"title":"DELTA IMAGE &#8211; Eigenverlag","author":"EschbacP","date":"23. September 2024","format":false,"excerpt":"B\u00fccher sind ein Kulturgut und als Speicher von Sprache, Bildern und deren Zusammenh\u00e4nge ein unverzichtbares Repositorium von Wissen, das zum Zeitpunkt des Lesens oft gar nicht gebraucht wird. B\u00fccher trainieren unseren Intellekt und f\u00f6rdern das Erinnerungsverm\u00f6gen durch vielf\u00e4ltige Assoziationen. Ein gelesener Text bleibt ungleich tiefer im Ged\u00e4chtnis, als andere Formen\u2026","rel":"","context":"\u00c4hnlicher Beitrag","block_context":{"text":"\u00c4hnlicher Beitrag","link":""},"img":{"alt_text":"","src":"https:\/\/i0.wp.com\/deltaimage.de\/wp\/wp-content\/uploads\/IMG_9082_1200.jpg?fit=1200%2C450&ssl=1&resize=350%2C200","width":350,"height":200,"srcset":"https:\/\/i0.wp.com\/deltaimage.de\/wp\/wp-content\/uploads\/IMG_9082_1200.jpg?fit=1200%2C450&ssl=1&resize=350%2C200 1x, https:\/\/i0.wp.com\/deltaimage.de\/wp\/wp-content\/uploads\/IMG_9082_1200.jpg?fit=1200%2C450&ssl=1&resize=525%2C300 1.5x, https:\/\/i0.wp.com\/deltaimage.de\/wp\/wp-content\/uploads\/IMG_9082_1200.jpg?fit=1200%2C450&ssl=1&resize=700%2C400 2x, https:\/\/i0.wp.com\/deltaimage.de\/wp\/wp-content\/uploads\/IMG_9082_1200.jpg?fit=1200%2C450&ssl=1&resize=1050%2C600 3x"},"classes":[]},{"id":28792,"url":"https:\/\/deltaimage.de\/wp\/?portfolio=nationale-regelungen-unbemannte-luftfahrt-in-deutschland","url_meta":{"origin":13678,"position":5},"title":"Nationale Regelungen Unbemannte Luftfahrt in Deutschland","author":"EschbacP","date":"28. Mai 2021","format":false,"excerpt":"\u00a0 Ein Fachbuch von UAVDACH-Services UG \u00fcber die Neufassung der nationalen Regelungen in der Unbemannten Luftfahrt im Rahmen der Anpassung an die seit 31.12.2020 anzuwendenden EU-Verordnungen 2019\/945 und 2019\/947. Am 28. Mai 2021 hat der Bundesrat in Berlin \u00fcber die \u00c4nderungen an Luftverkehrsgesetz (LuftVG) Luftverkehrszulassungordnung (LuftVZO) Luftverkehrsordnung (LuftVO) Kostenordnung der\u2026","rel":"","context":"\u00c4hnlicher Beitrag","block_context":{"text":"\u00c4hnlicher Beitrag","link":""},"img":{"alt_text":"","src":"https:\/\/i0.wp.com\/deltaimage.de\/wp\/wp-content\/uploads\/UAVDACH_Nationale-Regelungen_Cover.jpg?fit=545%2C798&ssl=1&resize=350%2C200","width":350,"height":200,"srcset":"https:\/\/i0.wp.com\/deltaimage.de\/wp\/wp-content\/uploads\/UAVDACH_Nationale-Regelungen_Cover.jpg?fit=545%2C798&ssl=1&resize=350%2C200 1x, https:\/\/i0.wp.com\/deltaimage.de\/wp\/wp-content\/uploads\/UAVDACH_Nationale-Regelungen_Cover.jpg?fit=545%2C798&ssl=1&resize=525%2C300 1.5x"},"classes":[]}],"jetpack_sharing_enabled":true,"_links":{"self":[{"href":"https:\/\/deltaimage.de\/wp\/index.php?rest_route=\/wp\/v2\/jetpack-portfolio\/13678","targetHints":{"allow":["GET"]}}],"collection":[{"href":"https:\/\/deltaimage.de\/wp\/index.php?rest_route=\/wp\/v2\/jetpack-portfolio"}],"about":[{"href":"https:\/\/deltaimage.de\/wp\/index.php?rest_route=\/wp\/v2\/types\/jetpack-portfolio"}],"author":[{"embeddable":true,"href":"https:\/\/deltaimage.de\/wp\/index.php?rest_route=\/wp\/v2\/users\/1"}],"replies":[{"embeddable":true,"href":"https:\/\/deltaimage.de\/wp\/index.php?rest_route=%2Fwp%2Fv2%2Fcomments&post=13678"}],"version-history":[{"count":2,"href":"https:\/\/deltaimage.de\/wp\/index.php?rest_route=\/wp\/v2\/jetpack-portfolio\/13678\/revisions"}],"predecessor-version":[{"id":26432,"href":"https:\/\/deltaimage.de\/wp\/index.php?rest_route=\/wp\/v2\/jetpack-portfolio\/13678\/revisions\/26432"}],"wp:featuredmedia":[{"embeddable":true,"href":"https:\/\/deltaimage.de\/wp\/index.php?rest_route=\/wp\/v2\/media\/3606"}],"wp:attachment":[{"href":"https:\/\/deltaimage.de\/wp\/index.php?rest_route=%2Fwp%2Fv2%2Fmedia&parent=13678"}],"wp:term":[{"taxonomy":"jetpack-portfolio-type","embeddable":true,"href":"https:\/\/deltaimage.de\/wp\/index.php?rest_route=%2Fwp%2Fv2%2Fjetpack-portfolio-type&post=13678"},{"taxonomy":"jetpack-portfolio-tag","embeddable":true,"href":"https:\/\/deltaimage.de\/wp\/index.php?rest_route=%2Fwp%2Fv2%2Fjetpack-portfolio-tag&post=13678"}],"curies":[{"name":"wp","href":"https:\/\/api.w.org\/{rel}","templated":true}]}}