{"id":14601,"date":"2017-06-20T19:16:36","date_gmt":"2017-06-20T18:16:36","guid":{"rendered":"http:\/\/deltaimage.de\/wp\/?post_type=jetpack-portfolio&#038;p=14601"},"modified":"2024-10-04T20:31:30","modified_gmt":"2024-10-04T18:31:30","slug":"paul-eschbach-schleissheim-der-aelteste-flugplatz-in-bayern-teil-3-route-fuer-experten-der-platzgeschichte","status":"publish","type":"jetpack-portfolio","link":"https:\/\/deltaimage.de\/wp\/?portfolio=paul-eschbach-schleissheim-der-aelteste-flugplatz-in-bayern-teil-3-route-fuer-experten-der-platzgeschichte","title":{"rendered":"Paul Eschbach &#8211; Schlei\u00dfheim der \u00e4lteste Flugplatz in Bayern &#8211; Teil 3: Route f\u00fcr Experten der Platzgeschichte"},"content":{"rendered":"<p><a href=\"https:\/\/i0.wp.com\/deltaimage.de\/wp\/wp-content\/uploads\/Flugplatzfuehrer-Band-3n.jpg?ssl=1\"><img data-recalc-dims=\"1\" loading=\"lazy\" decoding=\"async\" data-attachment-id=\"26237\" data-permalink=\"https:\/\/deltaimage.de\/wp\/?attachment_id=26237#main\" data-orig-file=\"https:\/\/i0.wp.com\/deltaimage.de\/wp\/wp-content\/uploads\/Flugplatzfuehrer-Band-3n.jpg?fit=560%2C805&amp;ssl=1\" data-orig-size=\"560,805\" data-comments-opened=\"1\" data-image-meta=\"{&quot;aperture&quot;:&quot;0&quot;,&quot;credit&quot;:&quot;Paul Eschbach&quot;,&quot;camera&quot;:&quot;&quot;,&quot;caption&quot;:&quot;&quot;,&quot;created_timestamp&quot;:&quot;1497988627&quot;,&quot;copyright&quot;:&quot;&quot;,&quot;focal_length&quot;:&quot;0&quot;,&quot;iso&quot;:&quot;0&quot;,&quot;shutter_speed&quot;:&quot;0&quot;,&quot;title&quot;:&quot;&quot;,&quot;orientation&quot;:&quot;0&quot;}\" data-image-title=\"Flugplatzf\u00fchrer Band 3n\" data-image-description=\"\" data-image-caption=\"\" data-large-file=\"https:\/\/i0.wp.com\/deltaimage.de\/wp\/wp-content\/uploads\/Flugplatzfuehrer-Band-3n.jpg?fit=560%2C805&amp;ssl=1\" class=\"aligncenter size-medium wp-image-26237\" src=\"https:\/\/i0.wp.com\/deltaimage.de\/wp\/wp-content\/uploads\/Flugplatzfuehrer-Band-3n.jpg?resize=417%2C600&#038;ssl=1\" alt=\"\" width=\"417\" height=\"600\" srcset=\"https:\/\/i0.wp.com\/deltaimage.de\/wp\/wp-content\/uploads\/Flugplatzfuehrer-Band-3n.jpg?resize=417%2C600&amp;ssl=1 417w, https:\/\/i0.wp.com\/deltaimage.de\/wp\/wp-content\/uploads\/Flugplatzfuehrer-Band-3n.jpg?resize=139%2C200&amp;ssl=1 139w, https:\/\/i0.wp.com\/deltaimage.de\/wp\/wp-content\/uploads\/Flugplatzfuehrer-Band-3n.jpg?resize=413%2C593&amp;ssl=1 413w, https:\/\/i0.wp.com\/deltaimage.de\/wp\/wp-content\/uploads\/Flugplatzfuehrer-Band-3n.jpg?resize=313%2C450&amp;ssl=1 313w, https:\/\/i0.wp.com\/deltaimage.de\/wp\/wp-content\/uploads\/Flugplatzfuehrer-Band-3n.jpg?resize=278%2C400&amp;ssl=1 278w, https:\/\/i0.wp.com\/deltaimage.de\/wp\/wp-content\/uploads\/Flugplatzfuehrer-Band-3n.jpg?w=560&amp;ssl=1 560w\" sizes=\"auto, (max-width: 417px) 100vw, 417px\" \/><\/a><\/p>\n<p>Der dritte Band zur gedruckten Flugplatzwanderung am \u00e4ltesten Flugplatz in Bayern ist fertig. Der 100-j\u00e4hrige Flugplatz Schlei\u00dfheim kann nun von jedem Interessenten selbst erwandert werden und dabei wissenswertes \u00fcber die Geschichte der Luftfahrt in Bayern erfahren.<\/p>\n<p>&nbsp;<\/p>\n<h2>Teil 3: Route f\u00fcr Experten der Platzgeschichte<\/h2>\n<p>Ein neuer Wanderf\u00fchrer in der 100-j\u00e4hrigen Flugplatzgeschichte am \u00e4ltesten Flugplatz in Bayern ist fertig.<\/p>\n<ul>\n<li>Neben den 4 bereits erschienen Routen (<strong><a href=\"https:\/\/deltaimage.de\/wp\/?portfolio=luftfahrt-historische-flugplatzwanderung-schleissheim-nord-route\">Nord<\/a> \u2013 <a href=\"https:\/\/deltaimage.de\/wp\/?portfolio=luftfahrt-historische-flugplatzwanderung-schleissheim-ost-route\">Ost<\/a> \u2013 <a href=\"https:\/\/deltaimage.de\/wp\/?portfolio=luftfahrt-historische-flugplatzwanderung-schleissheim-sued-route\">S\u00fcd<\/a> \u2013 <a href=\"https:\/\/deltaimage.de\/wp\/?portfolio=luftfahrt-historische-flugplatzwanderung-schleissheim-west-route\">West<\/a><\/strong>) liegen auf dem Flugplatzgel\u00e4nde noch so viele interessante Punkte, die noch besichtigt werden sollten. In den \u00f6ffentlichen Flugplatzwanderungen sind diese Ort oft zu weit von einer sinnvollen Route entfernt und lassen sich nicht in das 2-Stunden-Programm aufnehmen.<\/li>\n<li>F\u00fcr die Interessierten haben wir hier in dem neuen dritten Band diese Orte zusammengef\u00fchrt und wieder mit umfangreichem Bildmaterial und Karten ausgestattet.<\/li>\n<li><span id=\"more-12452\"><\/span>Der <strong>Teil\u00a03<\/strong> tr\u00e4gt als Titelmotiv eine Detailaufnahme einer verrosteten Eisent\u00fcre mit der Aufschrift &#8222;<strong>No Entrance<\/strong>&#8222;. Der Flugplatz Schlei\u00dfheim hatte sehr viele unterschiedliche Nutzer in \u00fcber 100 Jahren Geschichte gesehen. Alle haben ihre Spuren in der Landschaft und in Bauwerken hinterlassen. Oft sind es die kleinen Funde welche die Nutzungsgeschichte besser symbolisieren als die gro\u00dfen Geb\u00e4ude.<br \/>\nKein Zutritt. Bei allem Interesse an der Luftfahrtgeschichte steht die Sicherheit immer an erster Stelle.\u00ab<\/li>\n<\/ul>\n<p><a href=\"https:\/\/i0.wp.com\/deltaimage.de\/wp\/wp-content\/uploads\/Flugplatzfuehrer-Routenfuehrer-II.jpg?ssl=1\"><img data-recalc-dims=\"1\" loading=\"lazy\" decoding=\"async\" data-attachment-id=\"26273\" data-permalink=\"https:\/\/deltaimage.de\/wp\/?attachment_id=26273#main\" data-orig-file=\"https:\/\/i0.wp.com\/deltaimage.de\/wp\/wp-content\/uploads\/Flugplatzfuehrer-Routenfuehrer-II.jpg?fit=649%2C873&amp;ssl=1\" data-orig-size=\"649,873\" data-comments-opened=\"1\" data-image-meta=\"{&quot;aperture&quot;:&quot;0&quot;,&quot;credit&quot;:&quot;&quot;,&quot;camera&quot;:&quot;&quot;,&quot;caption&quot;:&quot;&quot;,&quot;created_timestamp&quot;:&quot;0&quot;,&quot;copyright&quot;:&quot;&quot;,&quot;focal_length&quot;:&quot;0&quot;,&quot;iso&quot;:&quot;0&quot;,&quot;shutter_speed&quot;:&quot;0&quot;,&quot;title&quot;:&quot;&quot;,&quot;orientation&quot;:&quot;1&quot;}\" data-image-title=\"Flugplatzf\u00fchrer Routenf\u00fchrer-II\" data-image-description=\"\" data-image-caption=\"\" data-large-file=\"https:\/\/i0.wp.com\/deltaimage.de\/wp\/wp-content\/uploads\/Flugplatzfuehrer-Routenfuehrer-II.jpg?fit=649%2C873&amp;ssl=1\" class=\"aligncenter wp-image-26273\" src=\"https:\/\/i0.wp.com\/deltaimage.de\/wp\/wp-content\/uploads\/Flugplatzfuehrer-Routenfuehrer-II.jpg?resize=590%2C794&#038;ssl=1\" alt=\"\" width=\"590\" height=\"794\" srcset=\"https:\/\/i0.wp.com\/deltaimage.de\/wp\/wp-content\/uploads\/Flugplatzfuehrer-Routenfuehrer-II.jpg?resize=446%2C600&amp;ssl=1 446w, https:\/\/i0.wp.com\/deltaimage.de\/wp\/wp-content\/uploads\/Flugplatzfuehrer-Routenfuehrer-II.jpg?resize=149%2C200&amp;ssl=1 149w, https:\/\/i0.wp.com\/deltaimage.de\/wp\/wp-content\/uploads\/Flugplatzfuehrer-Routenfuehrer-II.jpg?resize=441%2C593&amp;ssl=1 441w, https:\/\/i0.wp.com\/deltaimage.de\/wp\/wp-content\/uploads\/Flugplatzfuehrer-Routenfuehrer-II.jpg?resize=335%2C450&amp;ssl=1 335w, https:\/\/i0.wp.com\/deltaimage.de\/wp\/wp-content\/uploads\/Flugplatzfuehrer-Routenfuehrer-II.jpg?resize=297%2C400&amp;ssl=1 297w, https:\/\/i0.wp.com\/deltaimage.de\/wp\/wp-content\/uploads\/Flugplatzfuehrer-Routenfuehrer-II.jpg?w=649&amp;ssl=1 649w\" sizes=\"auto, (max-width: 590px) 100vw, 590px\" \/><\/a><\/p>\n<p>&nbsp;<\/p>\n<h2>Geb\u00fcndeltes Wissen \u00fcber 100 Jahre mit nach Drau\u00dfen nehmen und Geschichte Schritt f\u00fcr Schritt erleben<\/h2>\n<p>Da muss man dem eigenen Traum doch einfach etwas nachhelfen und selbst Hand anlegen. Seit 2012\/2013 moderiere ich die regelm\u00e4\u00dfig stattfindenden Flugplatz Wanderungen am \u00e4ltesten Flugplatz in Bayern \u2013 in Schlei\u00dfheim.<\/p>\n<p><a href=\"https:\/\/i0.wp.com\/deltaimage.de\/wp\/wp-content\/uploads\/ZY5M3810_900-1.jpg?ssl=1\"><img data-recalc-dims=\"1\" loading=\"lazy\" decoding=\"async\" data-attachment-id=\"26414\" data-permalink=\"https:\/\/deltaimage.de\/wp\/?attachment_id=26414#main\" data-orig-file=\"https:\/\/i0.wp.com\/deltaimage.de\/wp\/wp-content\/uploads\/ZY5M3810_900-1.jpg?fit=890%2C763&amp;ssl=1\" data-orig-size=\"890,763\" data-comments-opened=\"1\" data-image-meta=\"{&quot;aperture&quot;:&quot;13&quot;,&quot;credit&quot;:&quot;Paul Eschbach&quot;,&quot;camera&quot;:&quot;Canon EOS-1Ds Mark II&quot;,&quot;caption&quot;:&quot;&quot;,&quot;created_timestamp&quot;:&quot;1478538447&quot;,&quot;copyright&quot;:&quot;&quot;,&quot;focal_length&quot;:&quot;100&quot;,&quot;iso&quot;:&quot;100&quot;,&quot;shutter_speed&quot;:&quot;0.008&quot;,&quot;title&quot;:&quot;&quot;,&quot;orientation&quot;:&quot;0&quot;}\" data-image-title=\"ZY5M3810_900\" data-image-description=\"\" data-image-caption=\"\" data-large-file=\"https:\/\/i0.wp.com\/deltaimage.de\/wp\/wp-content\/uploads\/ZY5M3810_900-1.jpg?fit=890%2C763&amp;ssl=1\" class=\"aligncenter size-medium wp-image-26414\" src=\"https:\/\/i0.wp.com\/deltaimage.de\/wp\/wp-content\/uploads\/ZY5M3810_900-1.jpg?resize=600%2C514&#038;ssl=1\" alt=\"\" width=\"600\" height=\"514\" srcset=\"https:\/\/i0.wp.com\/deltaimage.de\/wp\/wp-content\/uploads\/ZY5M3810_900-1.jpg?resize=600%2C514&amp;ssl=1 600w, https:\/\/i0.wp.com\/deltaimage.de\/wp\/wp-content\/uploads\/ZY5M3810_900-1.jpg?resize=233%2C200&amp;ssl=1 233w, https:\/\/i0.wp.com\/deltaimage.de\/wp\/wp-content\/uploads\/ZY5M3810_900-1.jpg?resize=692%2C593&amp;ssl=1 692w, https:\/\/i0.wp.com\/deltaimage.de\/wp\/wp-content\/uploads\/ZY5M3810_900-1.jpg?resize=525%2C450&amp;ssl=1 525w, https:\/\/i0.wp.com\/deltaimage.de\/wp\/wp-content\/uploads\/ZY5M3810_900-1.jpg?resize=467%2C400&amp;ssl=1 467w, https:\/\/i0.wp.com\/deltaimage.de\/wp\/wp-content\/uploads\/ZY5M3810_900-1.jpg?w=890&amp;ssl=1 890w\" sizes=\"auto, (max-width: 600px) 100vw, 600px\" \/><\/a><\/p>\n<p>Die Wanderungen sind immer sehr gut besucht und auch mal schlechtes Wetter h\u00e4lt die interessierten Besucher nicht von der 2-st\u00fcndigen Wanderung mit mir ab. Der Lohn der M\u00fche ist eine Zeitreise durch 100 Jahre f\u00fcr alle die, die nicht selbst die Geschichte am Flugplatz erforschen konnten. Die vielen Besucher fragten sehr oft nach \u2013 ob es die Inhalte auch irgendwo zum nachlesen gibt \u2013 gab es nicht \u2013 gibt es jetzt.<\/p>\n<p>&nbsp;<\/p>\n<h2>\u201eSchlei\u00dfheim der \u00e4lteste Flugplatz in Bayern\u201c<\/h2>\n<p>Die historische Flugplatzwanderung durch 100 Jahre Luftfahrt und Zeitgeschichte wird in mindestens drei Teilen erscheinen. So wie bei meinen Flugplatzwanderungen in Schlei\u00dfheim, ist die Gr\u00f6\u00dfe des Flugplatzgel\u00e4ndes f\u00fcr einen Spaziergang einfach zu gro\u00df, so haben wir im Laufe der Zeit f\u00fcnf spezielle Routen ausgearbeitet.<\/p>\n<p>Im Wanderf\u00fchrer sind immer zwei Routen in einem Teil zusammengefasst.<\/p>\n<ul>\n<li>Teil 1: <strong><a href=\"http:\/\/deltaimage.de\/wp\/?p=12430\" target=\"_blank\" rel=\"noopener noreferrer\">Nord-Route und Ost-Route<\/a><\/strong><\/li>\n<li>Teil 2: <a href=\"https:\/\/deltaimage.de\/wp\/?portfolio=paul-eschbach-schleissheim-der-aelteste-flugplatz-in-bayern-teil-2-sued-route-west-route\"><strong>S\u00fcd-Route und West-Route<\/strong><\/a><\/li>\n<li>Teil 3: <strong>Route f\u00fcr Experten der Platzgeschichte<\/strong><\/li>\n<\/ul>\n<p>Weitere B\u00e4nde sind schon wieder in Vorbereitung &#8211; lassen Sie sich \u00fcberraschen.<\/p>\n<p>&nbsp;<\/p>\n<h2>Wanderf\u00fchrer in Farbe mit historischen s\/w-Bildern<\/h2>\n<p>Die Luftfahrt hat in Schlei\u00dfheim eine Unmenge an Bodenspuren hinterlassen, die nicht alle in den zwei B\u00e4nden Platz finden k\u00f6nnen. Ausgehend von den Bodenmerkmalen zeige ich Ihnen die Geschichte von diesem Bauwerk aus den 100 Jahren auf. Damit Sie sich dies noch besser vorstellen k\u00f6nnen, zeigen wir Ihnen die Bauwerke und Ansichten in zeitgen\u00f6ssischen Fotos aus dem\u00a0Archiv der <a href=\"http:\/\/www.bay-flug-hist.de\/\" target=\"_blank\" rel=\"noopener noreferrer\">Bayerischen Flugzeug Historiker e.V.<\/a>. Viele dieser Schwarz-Wei\u00df-Fotos sind bisher noch nicht ver\u00f6ffentlicht worden und erwecken im Kontext mit der konkreten Lokation die Geschichte des jeweiligen Nutzer wieder zum Leben.<\/p>\n<p>Der Flugplatz Wanderf\u00fchrer ist somit mehr als nur ein typischer Streckenplan \u2013 er f\u00fchrt Sie Schritt f\u00fcr Schritt durch die Geschichte und ist ein \u00fcberaus lesenswertes Geschichtsbuch der n\u00e4heren Heimatgeschichte.<\/p>\n<p>&nbsp;<\/p>\n<h2>Wo gibt es den Flugplatz Wanderf\u00fchrer zum Kaufen<\/h2>\n<p>Das Buch ist im Eigenverlag \u201eDELTA IMAGE\u201c erschienen, um die Produktionskosten im Griff zu behalten. Der Verkaufspreis sollte nat\u00fcrlich dem historischen Datum angepasst werden und so musste das Projekt entsprechend geplant werden.<\/p>\n<p>Bezugsquellen der Flugplatz Wanderf\u00fchrer<\/p>\n<ul>\n<li>Eigenverlag DELTA IMAGE\n<ul>\n<li>Bestellung hier \u00fcber die Webseite: SHOP.deltaimage.de<div class=\"su-button-center\"><a href=\"https:\/\/shop.deltaimage.de\/?product_cat=buch\" class=\"su-button su-button-style-glass\" style=\"color:#ffffff;background-color:#d0b04e;border-color:#a78d3f;border-radius:29px\" target=\"_blank\" rel=\"noopener noreferrer\"><span style=\"color:#ffffff;padding:6px 16px;font-size:13px;line-height:20px;border-color:#dfc884;border-radius:29px;text-shadow:none\"><i class=\"sui sui-arrow-right\" style=\"font-size:13px;color:#FFFFFF\"><\/i> Zum SHOP System<\/span><\/a><\/div><\/li>\n<li>Bestellung \/ Kauf im Rahmen der Flugplatzwanderungen<\/li>\n<li>Bestellung \/ Kauf bei speziellen Veranstaltungen<\/li>\n<\/ul>\n<\/li>\n<li>Museums Shop Flugwerft Schlei\u00dfheim\n<ul>\n<li>Band 1, Band 2 und Band 3 im Programm<\/li>\n<\/ul>\n<\/li>\n<li>Tourismusb\u00fcro\n<ul>\n<li>\u00a0Tourismusb\u00fcro<br \/>\nWilhelmshof 4<br \/>\n85764 Oberschlei\u00dfheim<\/li>\n<li>\u00d6ffnungszeiten (ohne Gew\u00e4hr)<br \/>\nMontag, Dienstag, Donnerstag und Freitag von 9.30 Uhr bis 13.00 Uhr<br \/>\nMittwoch von 09.30 Uhr Uhr bis 12.30 Uhr<br \/>\nSamstag von 11.00 Uhr bis 14.30 Uhr<br \/>\nSonntag geschlossen<br \/>\n<a href=\"http:\/\/www.t-schleissheim.de\" target=\"_blank\" rel=\"noopener noreferrer\">www.t-schleissheim.de<\/a><\/li>\n<\/ul>\n<\/li>\n<\/ul>\n<p>&nbsp;<\/p>\n<p>&nbsp;<\/p>\n<h2>Info Flyer zum Buch<\/h2>\n<p><a href=\"https:\/\/i0.wp.com\/deltaimage.de\/wp\/wp-content\/uploads\/DELTAIMAGE_InfoFlyer_Buch-3.jpg?ssl=1\"><img data-recalc-dims=\"1\" loading=\"lazy\" decoding=\"async\" class=\"aligncenter wp-image-26291 size-large\" src=\"https:\/\/i0.wp.com\/deltaimage.de\/wp\/wp-content\/uploads\/DELTAIMAGE_InfoFlyer_Buch-3-820x1200.jpg?resize=820%2C1200&#038;ssl=1\" alt=\"\" width=\"820\" height=\"1200\" \/><\/a><\/p>\n<p>&nbsp;<\/p>\n<p>&nbsp;<\/p>\n<div class=\"su-button-center\"><a href=\"https:\/\/shop.deltaimage.de\/?product_cat=buch\" class=\"su-button su-button-style-flat\" style=\"color:#ffffff;background-color:#336699;border-color:#29527b;border-radius:7px\" target=\"_self\"><span style=\"color:#ffffff;padding:7px 20px;font-size:16px;line-height:24px;border-color:#7194b8;border-radius:7px;text-shadow:none\"><i class=\"sui sui-arrow-right\" style=\"font-size:16px;color:#FFFFFF\"><\/i> B\u00fccher bei DELTA IMAGE<small style=\"padding-bottom:7px;color:#ffffff\">zu shop.deltaimage.de<\/small><\/span><\/a><\/div>\n","protected":false},"excerpt":{"rendered":"<p>Der dritte Band zur gedruckten Flugplatzwanderung am \u00e4ltesten Flugplatz in Bayern ist fertig. Der 100-j\u00e4hrige Flugplatz Schlei\u00dfheim kann nun von jedem Interessenten selbst erwandert werden und dabei wissenswertes \u00fcber die [&hellip;]<\/p>\n","protected":false},"author":1,"featured_media":26237,"comment_status":"closed","ping_status":"closed","template":"","format":"standard","meta":{"wpupg_custom_link":[],"wpupg_custom_link_behaviour":[],"wpupg_custom_link_nofollow":[],"wpupg_custom_image":[],"wpupg_custom_image_id":[],"jetpack_post_was_ever_published":false,"footnotes":""},"jetpack-portfolio-type":[1271,3944],"jetpack-portfolio-tag":[1281,1278,1283,1282,1284,1280,1285,1279,1286,1288,1287],"class_list":["post-14601","jetpack-portfolio","type-jetpack-portfolio","status-publish","format-standard","has-post-thumbnail","hentry","jetpack-portfolio-type-buch","jetpack-portfolio-type-lb-buch","jetpack-portfolio-tag-bayern","jetpack-portfolio-tag-flugplatz","jetpack-portfolio-tag-historische-flugplatzwanderung","jetpack-portfolio-tag-luftfahrt","jetpack-portfolio-tag-nord-route","jetpack-portfolio-tag-oberschleissheim","jetpack-portfolio-tag-ost-route","jetpack-portfolio-tag-schleissheim","jetpack-portfolio-tag-sued-route","jetpack-portfolio-tag-wanderfuehrer","jetpack-portfolio-tag-west-route"],"jetpack-related-posts":[{"id":13641,"url":"https:\/\/deltaimage.de\/wp\/?portfolio=paul-eschbach-schleissheim-der-aelteste-flugplatz-in-bayern-teil-2-sued-route-west-route","url_meta":{"origin":14601,"position":0},"title":"Paul Eschbach &#8211; Schlei\u00dfheim der \u00e4lteste Flugplatz in Bayern &#8211; Teil 2: S\u00fcd-Route &#038; West-Route","author":"EschbacP","date":"24. Februar 2017","format":false,"excerpt":"\u00a0 Der zweite Band zur gedruckten Flugplatzwanderung am \u00e4ltesten Flugplatz in Bayern ist fertig. Der 100-j\u00e4hrige Flugplatz Schlei\u00dfheim kann nun von jedem Interessenten selbst erwandert werden und dabei wissenswertes \u00fcber die Geschichte der Luftfahrt in Bayern erfahren. \u00a0 Teil 2: S\u00fcd-Route und West-Route Nun sind alle 4 Routen als gedruckte\u2026","rel":"","context":"\u00c4hnlicher Beitrag","block_context":{"text":"\u00c4hnlicher Beitrag","link":""},"img":{"alt_text":"","src":"https:\/\/i0.wp.com\/deltaimage.de\/wp\/wp-content\/uploads\/Flugplatzfuehrer-Band_2m.jpg?fit=619%2C873&ssl=1&resize=350%2C200","width":350,"height":200,"srcset":"https:\/\/i0.wp.com\/deltaimage.de\/wp\/wp-content\/uploads\/Flugplatzfuehrer-Band_2m.jpg?fit=619%2C873&ssl=1&resize=350%2C200 1x, https:\/\/i0.wp.com\/deltaimage.de\/wp\/wp-content\/uploads\/Flugplatzfuehrer-Band_2m.jpg?fit=619%2C873&ssl=1&resize=525%2C300 1.5x"},"classes":[]},{"id":13636,"url":"https:\/\/deltaimage.de\/wp\/?portfolio=paul-eschbach-schleissheim-der-aelteste-flugplatz-in-bayern-teil-1-nordroute-ost-route","url_meta":{"origin":14601,"position":1},"title":"Paul Eschbach &#8211; Schlei\u00dfheim der \u00e4lteste Flugplatz in Bayern &#8211; Teil 1: Nord-Route &#038; Ost-Route","author":"EschbacP","date":"24. Februar 2017","format":false,"excerpt":"Der erste Band zur gedruckten Flugplatzwanderung am \u00e4ltesten Flugplatz in Bayern ist fertig. Der 100-j\u00e4hrige Flugplatz Schlei\u00dfheim kann nun von jedem Interessenten selbst erwandert werden und dabei wissenswertes \u00fcber die Geschichte der Luftfahrt in Bayern erfahren. \u00a0 Teil 1: Nord-Route und Ost-Route Nun sind alle 4 Routen als gedruckte Ausgabe\u2026","rel":"","context":"\u00c4hnlicher Beitrag","block_context":{"text":"\u00c4hnlicher Beitrag","link":""},"img":{"alt_text":"","src":"https:\/\/i0.wp.com\/deltaimage.de\/wp\/wp-content\/uploads\/Flugplatzfuehrer-Band_1m.jpg?fit=622%2C873&ssl=1&resize=350%2C200","width":350,"height":200,"srcset":"https:\/\/i0.wp.com\/deltaimage.de\/wp\/wp-content\/uploads\/Flugplatzfuehrer-Band_1m.jpg?fit=622%2C873&ssl=1&resize=350%2C200 1x, https:\/\/i0.wp.com\/deltaimage.de\/wp\/wp-content\/uploads\/Flugplatzfuehrer-Band_1m.jpg?fit=622%2C873&ssl=1&resize=525%2C300 1.5x"},"classes":[]},{"id":33264,"url":"https:\/\/deltaimage.de\/wp\/?portfolio=paul-eschbach-flugplatzwanderungen-schleissheim-sammelband-30-jahre-flugwerft","url_meta":{"origin":14601,"position":2},"title":"Paul Eschbach &#8211; Flugplatzwanderungen Schlei\u00dfheim \u2013 Sammelband 30 Jahre Flugwerft","author":"EschbacP","date":"21. Juni 2017","format":false,"excerpt":"Im Jahr 2022 wird die Flugwerft Schlei\u00dfheim 30 Jahre alt. Grund genug auch bei den Flugplatzwanderungen etwas ganz besonderes zu machen. erstmals gibt es alle drei B\u00e4nde der Flugplatzwanderungen in einem hochwertigen Buch zusammengefasst. Anl\u00e4sslich der 30 Jahre Flugwerft Schlei\u00dfheim bringen wird die beliebten drei B\u00e4nde zusammen heraus. Erg\u00e4nzt wird\u2026","rel":"","context":"\u00c4hnlicher Beitrag","block_context":{"text":"\u00c4hnlicher Beitrag","link":""},"img":{"alt_text":"","src":"https:\/\/i0.wp.com\/deltaimage.de\/wp\/wp-content\/uploads\/Produkt_Sammelband_Schleissheim.jpg?fit=620%2C877&ssl=1&resize=350%2C200","width":350,"height":200,"srcset":"https:\/\/i0.wp.com\/deltaimage.de\/wp\/wp-content\/uploads\/Produkt_Sammelband_Schleissheim.jpg?fit=620%2C877&ssl=1&resize=350%2C200 1x, https:\/\/i0.wp.com\/deltaimage.de\/wp\/wp-content\/uploads\/Produkt_Sammelband_Schleissheim.jpg?fit=620%2C877&ssl=1&resize=525%2C300 1.5x"},"classes":[]},{"id":36835,"url":"https:\/\/deltaimage.de\/wp\/?portfolio=flugwerft-schleissheim-gebundene-ausgabe-110-jahre-luftfahrtgeschichte-30-jahre-deutsches-museum","url_meta":{"origin":14601,"position":3},"title":"FLUGWERFT Schleissheim (gebundene Ausgabe) &#8211; 110 Jahre Luftfahrtgeschichte &#8211; 30 Jahre Deutsches Museum","author":"EschbacP","date":"20. September 2022","format":false,"excerpt":"Das \u00e4lteste Luftfahrtgeb\u00e4ude in Deutschland auf dem \u00e4ltesten Flugplatz in Bayern Die Kommandantur und die \"Neue Werft\" sind die ersten Luftfahrtgeb\u00e4ude am Flugplatz Schlei\u00dfheim, dem \u00e4ltesten Flugplatz in Bayern. Hier steht die Wiege der K\u00f6niglich Bayerischen Fliegertruppe und der Luftfahrt in Bayern generell. Die Kommandantur wurde als Werktst\u00e4ttengeb\u00e4ude mit Wache\u2026","rel":"","context":"\u00c4hnlicher Beitrag","block_context":{"text":"\u00c4hnlicher Beitrag","link":""},"img":{"alt_text":"","src":"https:\/\/i0.wp.com\/deltaimage.de\/wp\/wp-content\/uploads\/Flugwerft-Schleissheim.jpg?fit=822%2C825&ssl=1&resize=350%2C200","width":350,"height":200,"srcset":"https:\/\/i0.wp.com\/deltaimage.de\/wp\/wp-content\/uploads\/Flugwerft-Schleissheim.jpg?fit=822%2C825&ssl=1&resize=350%2C200 1x, https:\/\/i0.wp.com\/deltaimage.de\/wp\/wp-content\/uploads\/Flugwerft-Schleissheim.jpg?fit=822%2C825&ssl=1&resize=525%2C300 1.5x, https:\/\/i0.wp.com\/deltaimage.de\/wp\/wp-content\/uploads\/Flugwerft-Schleissheim.jpg?fit=822%2C825&ssl=1&resize=700%2C400 2x"},"classes":[]},{"id":44842,"url":"https:\/\/deltaimage.de\/wp\/?portfolio=historische-flugplatzwanderung-schleissheim","url_meta":{"origin":14601,"position":4},"title":"historische Flugplatzwanderung Schlei\u00dfheim","author":"EschbacP","date":"18. September 2024","format":false,"excerpt":"Die beliebten Flugplatz Wanderungen am \u00e4ltesten Flugplatz in Bayern - dem Flugplatz Schlei\u00dfheim - bieten wir seit dem Jahr 2012, zum 110-j\u00e4hrigen Bestehen des Flugplatzes und 30 Jahren Deutsches Museum in der Flugwerft Schlei\u00dfheim. Innerhalb von jeweils zwei Stunden (von 14:00 Uhr bis 16:00 Uhr) erleben wir Ausschnitte der Luftfahrtgeschichte\u2026","rel":"","context":"\u00c4hnlicher Beitrag","block_context":{"text":"\u00c4hnlicher Beitrag","link":""},"img":{"alt_text":"","src":"https:\/\/i0.wp.com\/deltaimage.de\/wp\/wp-content\/uploads\/Banner_alle_FP_Wanderung_1200_450.jpg?fit=1200%2C450&ssl=1&resize=350%2C200","width":350,"height":200,"srcset":"https:\/\/i0.wp.com\/deltaimage.de\/wp\/wp-content\/uploads\/Banner_alle_FP_Wanderung_1200_450.jpg?fit=1200%2C450&ssl=1&resize=350%2C200 1x, https:\/\/i0.wp.com\/deltaimage.de\/wp\/wp-content\/uploads\/Banner_alle_FP_Wanderung_1200_450.jpg?fit=1200%2C450&ssl=1&resize=525%2C300 1.5x, https:\/\/i0.wp.com\/deltaimage.de\/wp\/wp-content\/uploads\/Banner_alle_FP_Wanderung_1200_450.jpg?fit=1200%2C450&ssl=1&resize=700%2C400 2x, https:\/\/i0.wp.com\/deltaimage.de\/wp\/wp-content\/uploads\/Banner_alle_FP_Wanderung_1200_450.jpg?fit=1200%2C450&ssl=1&resize=1050%2C600 3x"},"classes":[]},{"id":15793,"url":"https:\/\/deltaimage.de\/wp\/?portfolio=oberschleissheim-jaegerstrasse-1","url_meta":{"origin":14601,"position":5},"title":"Oberschlei\u00dfheim &#8211; Ferdinand-Schulz-Allee","author":"EschbacP","date":"7. Oktober 2017","format":false,"excerpt":"Pr\u00fcfungsort zur schriftlichen Pr\u00fcfung nach \u00a721 d LuftVO zum Kenntnisnachweis f\u00fcr UAV \u00fcber 2 kg MTOM Flugwerft Schlei\u00dfheim DEUTSCHES MUSEUM Ferdinand-Schulz-Allee 85764 Oberschlei\u00dfheim bei M\u00fcnchen \u00a0 Der Pr\u00fcfungsort befindet sich im \u00e4ltesten Luftfahrtgeb\u00e4ude am \u00e4ltesten Flugplatz in Bayern und ist jetzt die Au\u00dfenstelle des DEUTSCHEN MUSEUMS in der Flugwerft Schlei\u00dfheim.\u2026","rel":"","context":"\u00c4hnlicher Beitrag","block_context":{"text":"\u00c4hnlicher Beitrag","link":""},"img":{"alt_text":"","src":"https:\/\/i0.wp.com\/deltaimage.de\/wp\/wp-content\/uploads\/CRW_3444_1200.jpg?fit=1200%2C450&ssl=1&resize=350%2C200","width":350,"height":200,"srcset":"https:\/\/i0.wp.com\/deltaimage.de\/wp\/wp-content\/uploads\/CRW_3444_1200.jpg?fit=1200%2C450&ssl=1&resize=350%2C200 1x, https:\/\/i0.wp.com\/deltaimage.de\/wp\/wp-content\/uploads\/CRW_3444_1200.jpg?fit=1200%2C450&ssl=1&resize=525%2C300 1.5x, https:\/\/i0.wp.com\/deltaimage.de\/wp\/wp-content\/uploads\/CRW_3444_1200.jpg?fit=1200%2C450&ssl=1&resize=700%2C400 2x, https:\/\/i0.wp.com\/deltaimage.de\/wp\/wp-content\/uploads\/CRW_3444_1200.jpg?fit=1200%2C450&ssl=1&resize=1050%2C600 3x"},"classes":[]}],"jetpack_sharing_enabled":true,"_links":{"self":[{"href":"https:\/\/deltaimage.de\/wp\/index.php?rest_route=\/wp\/v2\/jetpack-portfolio\/14601","targetHints":{"allow":["GET"]}}],"collection":[{"href":"https:\/\/deltaimage.de\/wp\/index.php?rest_route=\/wp\/v2\/jetpack-portfolio"}],"about":[{"href":"https:\/\/deltaimage.de\/wp\/index.php?rest_route=\/wp\/v2\/types\/jetpack-portfolio"}],"author":[{"embeddable":true,"href":"https:\/\/deltaimage.de\/wp\/index.php?rest_route=\/wp\/v2\/users\/1"}],"replies":[{"embeddable":true,"href":"https:\/\/deltaimage.de\/wp\/index.php?rest_route=%2Fwp%2Fv2%2Fcomments&post=14601"}],"version-history":[{"count":22,"href":"https:\/\/deltaimage.de\/wp\/index.php?rest_route=\/wp\/v2\/jetpack-portfolio\/14601\/revisions"}],"predecessor-version":[{"id":36851,"href":"https:\/\/deltaimage.de\/wp\/index.php?rest_route=\/wp\/v2\/jetpack-portfolio\/14601\/revisions\/36851"}],"wp:featuredmedia":[{"embeddable":true,"href":"https:\/\/deltaimage.de\/wp\/index.php?rest_route=\/wp\/v2\/media\/26237"}],"wp:attachment":[{"href":"https:\/\/deltaimage.de\/wp\/index.php?rest_route=%2Fwp%2Fv2%2Fmedia&parent=14601"}],"wp:term":[{"taxonomy":"jetpack-portfolio-type","embeddable":true,"href":"https:\/\/deltaimage.de\/wp\/index.php?rest_route=%2Fwp%2Fv2%2Fjetpack-portfolio-type&post=14601"},{"taxonomy":"jetpack-portfolio-tag","embeddable":true,"href":"https:\/\/deltaimage.de\/wp\/index.php?rest_route=%2Fwp%2Fv2%2Fjetpack-portfolio-tag&post=14601"}],"curies":[{"name":"wp","href":"https:\/\/api.w.org\/{rel}","templated":true}]}}