{"id":14678,"date":"2017-06-01T21:46:48","date_gmt":"2017-06-01T20:46:48","guid":{"rendered":"http:\/\/deltaimage.de\/wp\/?post_type=jetpack-portfolio&#038;p=14678"},"modified":"2022-09-24T12:13:31","modified_gmt":"2022-09-24T11:13:31","slug":"fotografie-blitz-11-2017-dachau","status":"publish","type":"jetpack-portfolio","link":"https:\/\/deltaimage.de\/wp\/?portfolio=fotografie-blitz-11-2017-dachau","title":{"rendered":"Blitzlicht Fotografie"},"content":{"rendered":"<h2>Gestalten Sie mit Blitzlicht Ihre Fotos<\/h2>\n<p>Blitzlicht erweitert die fotografischen M\u00f6glichkeiten bei Tag und bei Nacht. Die dunkle Jahreszeit ist f\u00fcr das Blitzlicht ideal. Lernen Sie von unseren Instruktoren das Blitzger\u00e4t richtig und kreativ einzusetzen &#8211; Ihre Fotos werden gerade in der Weihnachtszeit eine v\u00f6llig neue Bildsprache entwickeln. Das Blitzger\u00e4t ist heute leistungsf\u00e4higer denn je und ist eines der am meisten untersch\u00e4tzten Ausr\u00fcstungsteile moderner Kamerasysteme. F\u00fcr wenig Geld kann ein Maximum an Erweiterung der fotografischen M\u00f6glichkeiten erworben werden.<\/p>\n<p>Vorkenntnisse sind nicht erforderlich, nur Interesse an der Fotografie.\u00a0Das Seminar findet in Dachau in einem Seminarraum statt.<br \/>\n<b>Teilnehmer bringen ihre eigene Kamera mit in den Workshop \u2013 nur so lernen Sie sie kennen<\/b><b>.<\/b><\/p>\n<p>&nbsp;<\/p>\n<p><a href=\"http:\/\/deltaimage.de\/wp\/?attachment_id=14704#main\" rel=\"attachment wp-att-14704\"><img data-recalc-dims=\"1\" loading=\"lazy\" decoding=\"async\" class=\"size-full wp-image-14704 aligncenter\" src=\"https:\/\/i0.wp.com\/deltaimage.de\/wp\/wp-content\/uploads\/Flyer_Blitz_2_900.jpg?resize=890%2C672\" alt=\"Flyer_Blitz_2_900\" width=\"890\" height=\"672\" \/><\/a><\/p>\n<p><a href=\"http:\/\/deltaimage.de\/wp\/?attachment_id=14703#main\" rel=\"attachment wp-att-14703\"><img data-recalc-dims=\"1\" loading=\"lazy\" decoding=\"async\" class=\"size-full wp-image-14703 aligncenter\" src=\"https:\/\/i0.wp.com\/deltaimage.de\/wp\/wp-content\/uploads\/Flyer_Blitz_1_900.jpg?resize=890%2C671\" alt=\"Flyer_Blitz_1_900\" width=\"890\" height=\"671\" \/><\/a><\/p>\n<p>&nbsp;<\/p>\n<h2>Unser Seminarleiter f\u00fcr Sie<\/h2>\n<p>&nbsp;<\/p>\n<p><img data-recalc-dims=\"1\" loading=\"lazy\" decoding=\"async\" data-attachment-id=\"16104\" data-permalink=\"https:\/\/deltaimage.de\/wp\/?attachment_id=16104#main\" data-orig-file=\"https:\/\/i0.wp.com\/deltaimage.de\/wp\/wp-content\/uploads\/Portrait_Paul_Eschbach_600.jpg?fit=530%2C600&amp;ssl=1\" data-orig-size=\"530,600\" data-comments-opened=\"1\" data-image-meta=\"{&quot;aperture&quot;:&quot;0&quot;,&quot;credit&quot;:&quot;&quot;,&quot;camera&quot;:&quot;&quot;,&quot;caption&quot;:&quot;&quot;,&quot;created_timestamp&quot;:&quot;0&quot;,&quot;copyright&quot;:&quot;&quot;,&quot;focal_length&quot;:&quot;0&quot;,&quot;iso&quot;:&quot;0&quot;,&quot;shutter_speed&quot;:&quot;0&quot;,&quot;title&quot;:&quot;&quot;,&quot;orientation&quot;:&quot;1&quot;}\" data-image-title=\"Portrait_Paul_Eschbach_600\" data-image-description=\"\" data-image-caption=\"\" data-large-file=\"https:\/\/i0.wp.com\/deltaimage.de\/wp\/wp-content\/uploads\/Portrait_Paul_Eschbach_600.jpg?fit=530%2C600&amp;ssl=1\" class=\"size-medium wp-image-16104 alignright\" src=\"https:\/\/i0.wp.com\/deltaimage.de\/wp\/wp-content\/uploads\/Portrait_Paul_Eschbach_600.jpg?resize=265%2C300&#038;ssl=1\" alt=\"\" width=\"265\" height=\"300\" srcset=\"https:\/\/i0.wp.com\/deltaimage.de\/wp\/wp-content\/uploads\/Portrait_Paul_Eschbach_600.jpg?resize=265%2C300&amp;ssl=1 265w, https:\/\/i0.wp.com\/deltaimage.de\/wp\/wp-content\/uploads\/Portrait_Paul_Eschbach_600.jpg?resize=177%2C200&amp;ssl=1 177w, https:\/\/i0.wp.com\/deltaimage.de\/wp\/wp-content\/uploads\/Portrait_Paul_Eschbach_600.jpg?resize=524%2C593&amp;ssl=1 524w, https:\/\/i0.wp.com\/deltaimage.de\/wp\/wp-content\/uploads\/Portrait_Paul_Eschbach_600.jpg?resize=398%2C450&amp;ssl=1 398w, https:\/\/i0.wp.com\/deltaimage.de\/wp\/wp-content\/uploads\/Portrait_Paul_Eschbach_600.jpg?resize=353%2C400&amp;ssl=1 353w, https:\/\/i0.wp.com\/deltaimage.de\/wp\/wp-content\/uploads\/Portrait_Paul_Eschbach_600.jpg?w=530&amp;ssl=1 530w\" sizes=\"auto, (max-width: 265px) 100vw, 265px\" \/>Dipl.-Ing.(FH)<br \/>\nDipl.-Wirtschaftsing.(FH)<\/p>\n<p><strong>Paul Eschbach<\/strong><\/p>\n<p>Fotograf, Hochschul-Dozent<br \/>\nFachbuchautor, Fototrainer<\/p>\n<p>&nbsp;<\/p>\n<p>pe@deltaadvice.eu<\/p>\n<p>&nbsp;<\/p>\n<p>Seit \u00fcber 30 Jahren fotografiert Paul Eschbach Landschaft, Natur, Makro und Reportage in den vielf\u00e4ltigsten eigenen und kundenseitigen Projekten. Als Luftbildfotograf kommt die dritte Dimension in den Bildern mit hinzu. Lernen Sie die Grundlagen und die Inspiration von unseren erfahrenen Trainern.<\/p>\n","protected":false},"excerpt":{"rendered":"<p>Gestalten Sie mit Blitzlicht Ihre Fotos Blitzlicht erweitert die fotografischen M\u00f6glichkeiten bei Tag und bei Nacht. Die dunkle Jahreszeit ist f\u00fcr das Blitzlicht ideal. Lernen Sie von unseren Instruktoren das [&hellip;]<\/p>\n","protected":false},"author":1,"featured_media":36697,"comment_status":"closed","ping_status":"closed","template":"","format":"standard","meta":{"wpupg_custom_link":[],"wpupg_custom_link_behaviour":[],"wpupg_custom_link_nofollow":[],"wpupg_custom_image":[],"wpupg_custom_image_id":[],"jetpack_post_was_ever_published":false,"footnotes":""},"jetpack-portfolio-type":[2734,2733],"jetpack-portfolio-tag":[1519,1372,1542,1478,1543,1297,1544,1545,1546,1381],"class_list":["post-14678","jetpack-portfolio","type-jetpack-portfolio","status-publish","format-standard","has-post-thumbnail","hentry","jetpack-portfolio-type-einstiegskurs","jetpack-portfolio-type-fotokurs","jetpack-portfolio-tag-blitz","jetpack-portfolio-tag-dachau","jetpack-portfolio-tag-foto-seminar","jetpack-portfolio-tag-foto-sessner","jetpack-portfolio-tag-foto-workshop","jetpack-portfolio-tag-fotografie","jetpack-portfolio-tag-kurs","jetpack-portfolio-tag-seminar","jetpack-portfolio-tag-sessner-fotografie","jetpack-portfolio-tag-workshop"],"jetpack-related-posts":[{"id":49887,"url":"https:\/\/deltaimage.de\/wp\/?portfolio=5b-objekt-beleuchtung-am-micro-studio-om-eos","url_meta":{"origin":14678,"position":0},"title":"Micro  8: Objekt-Beleuchtung am Micro-Studio OM\/EOS","author":"EschbacP","date":"29. Juli 2025","format":false,"excerpt":"Die Micro-Fotografie ben\u00f6tigt sehr viel Licht, die effektiven Blenden werden bei den hohen Abbildungsma\u00dfst\u00e4ben immer kleiner und lassen immer weniger Licht zum Sensor durch. Dies kann nur von au\u00dfen durch eine entsprechende Lichtintensit\u00e4t in der Beleuchtung ausgeglichen werden. Neben dem Dauerlicht bietet sich die Abwendung von Blitzlicht in der Macro\u2026","rel":"","context":"\u00c4hnlicher Beitrag","block_context":{"text":"\u00c4hnlicher Beitrag","link":""},"img":{"alt_text":"","src":"https:\/\/i0.wp.com\/deltaimage.de\/wp\/wp-content\/uploads\/1753626445728_900-2.jpg?fit=890%2C593&ssl=1&resize=350%2C200","width":350,"height":200,"srcset":"https:\/\/i0.wp.com\/deltaimage.de\/wp\/wp-content\/uploads\/1753626445728_900-2.jpg?fit=890%2C593&ssl=1&resize=350%2C200 1x, https:\/\/i0.wp.com\/deltaimage.de\/wp\/wp-content\/uploads\/1753626445728_900-2.jpg?fit=890%2C593&ssl=1&resize=525%2C300 1.5x, https:\/\/i0.wp.com\/deltaimage.de\/wp\/wp-content\/uploads\/1753626445728_900-2.jpg?fit=890%2C593&ssl=1&resize=700%2C400 2x"},"classes":[]},{"id":24030,"url":"https:\/\/deltaimage.de\/wp\/?portfolio=aufbaukurs-fuer-fortgeschrittene","url_meta":{"origin":14678,"position":1},"title":"Aufbaukurs f\u00fcr Fortgeschrittene","author":"EschbacP","date":"11. Januar 2020","format":false,"excerpt":"Der Foto-Kurs ist speziell f\u00fcr Fortgeschrittene in der Fotografie, aufbauend auf den Inhalten im Grundkurs bauen wir die fotografischen Themen Schritt f\u00fcr Schritt weiter aus und gewinnen Sicherheit und \u00dcbung in der Fotografie.\u00a0Die Fotografie hat noch so viel mehr an M\u00f6glichkeiten zu bieten und Herausforderungen zu beherrschen, dass die Neugierde\u2026","rel":"","context":"\u00c4hnlicher Beitrag","block_context":{"text":"\u00c4hnlicher Beitrag","link":""},"img":{"alt_text":"","src":"https:\/\/i0.wp.com\/deltaimage.de\/wp\/wp-content\/uploads\/Banner_Aufbau_1200.jpg?fit=1200%2C490&ssl=1&resize=350%2C200","width":350,"height":200,"srcset":"https:\/\/i0.wp.com\/deltaimage.de\/wp\/wp-content\/uploads\/Banner_Aufbau_1200.jpg?fit=1200%2C490&ssl=1&resize=350%2C200 1x, https:\/\/i0.wp.com\/deltaimage.de\/wp\/wp-content\/uploads\/Banner_Aufbau_1200.jpg?fit=1200%2C490&ssl=1&resize=525%2C300 1.5x, https:\/\/i0.wp.com\/deltaimage.de\/wp\/wp-content\/uploads\/Banner_Aufbau_1200.jpg?fit=1200%2C490&ssl=1&resize=700%2C400 2x, https:\/\/i0.wp.com\/deltaimage.de\/wp\/wp-content\/uploads\/Banner_Aufbau_1200.jpg?fit=1200%2C490&ssl=1&resize=1050%2C600 3x"},"classes":[]},{"id":36711,"url":"https:\/\/deltaimage.de\/wp\/?portfolio=grundlagen-der-digitalfotografie","url_meta":{"origin":14678,"position":2},"title":"Grundlagen der Fotografie &#8211; eLearning Kurs","author":"EschbacP","date":"15. September 2022","format":false,"excerpt":"Fotokurs \u201eGrundlagen der Fotografie\u201c Die Grundlagen der Fotografie f\u00e4ngt ganz vorne an und ist ganz speziell f\u00fcr alle\u00a0EinsteigerInnen\u00a0und\u00a0AufsteigerInnen\u00a0von der Fotografie auf Knopfdruck gestaltet. Sie k\u00f6nnen Ihre digitale Kamera einschalten und Bilder anzeigen. Wunderbar - mehr m\u00fcssen Sie auch nicht wissen. Die Bedienungsanleitung Ihrer digitalen Kamera ist f\u00fcr Sie keine Hilfe,\u2026","rel":"","context":"\u00c4hnlicher Beitrag","block_context":{"text":"\u00c4hnlicher Beitrag","link":""},"img":{"alt_text":"","src":"https:\/\/i0.wp.com\/deltaimage.de\/wp\/wp-content\/uploads\/Banner_Grundlage_1200.jpg?fit=1200%2C493&ssl=1&resize=350%2C200","width":350,"height":200,"srcset":"https:\/\/i0.wp.com\/deltaimage.de\/wp\/wp-content\/uploads\/Banner_Grundlage_1200.jpg?fit=1200%2C493&ssl=1&resize=350%2C200 1x, https:\/\/i0.wp.com\/deltaimage.de\/wp\/wp-content\/uploads\/Banner_Grundlage_1200.jpg?fit=1200%2C493&ssl=1&resize=525%2C300 1.5x, https:\/\/i0.wp.com\/deltaimage.de\/wp\/wp-content\/uploads\/Banner_Grundlage_1200.jpg?fit=1200%2C493&ssl=1&resize=700%2C400 2x, https:\/\/i0.wp.com\/deltaimage.de\/wp\/wp-content\/uploads\/Banner_Grundlage_1200.jpg?fit=1200%2C493&ssl=1&resize=1050%2C600 3x"},"classes":[]},{"id":38393,"url":"https:\/\/deltaimage.de\/wp\/?portfolio=grundlagen-der-fotografie-praesenz-kurs","url_meta":{"origin":14678,"position":3},"title":"Grundlagen der Fotografie &#8211; Pr\u00e4senz-Kurs","author":"EschbacP","date":"31. Dezember 2022","format":false,"excerpt":"Fotokurs \u201eGrundlagen der Fotografie\u201c Die Grundlagen der Fotografie f\u00e4ngt ganz vorne an und ist ganz speziell f\u00fcr alle\u00a0EinsteigerInnen\u00a0und\u00a0AufsteigerInnen\u00a0von der Fotografie auf Knopfdruck gestaltet. Sie k\u00f6nnen Ihre digitale Kamera einschalten und Bilder anzeigen. Wunderbar - mehr m\u00fcssen Sie auch nicht wissen. Die Bedienungsanleitung Ihrer digitalen Kamera ist f\u00fcr Sie keine Hilfe,\u2026","rel":"","context":"\u00c4hnlicher Beitrag","block_context":{"text":"\u00c4hnlicher Beitrag","link":""},"img":{"alt_text":"","src":"https:\/\/i0.wp.com\/deltaimage.de\/wp\/wp-content\/uploads\/Banner_Grundlage_1200.jpg?fit=1200%2C493&ssl=1&resize=350%2C200","width":350,"height":200,"srcset":"https:\/\/i0.wp.com\/deltaimage.de\/wp\/wp-content\/uploads\/Banner_Grundlage_1200.jpg?fit=1200%2C493&ssl=1&resize=350%2C200 1x, https:\/\/i0.wp.com\/deltaimage.de\/wp\/wp-content\/uploads\/Banner_Grundlage_1200.jpg?fit=1200%2C493&ssl=1&resize=525%2C300 1.5x, https:\/\/i0.wp.com\/deltaimage.de\/wp\/wp-content\/uploads\/Banner_Grundlage_1200.jpg?fit=1200%2C493&ssl=1&resize=700%2C400 2x, https:\/\/i0.wp.com\/deltaimage.de\/wp\/wp-content\/uploads\/Banner_Grundlage_1200.jpg?fit=1200%2C493&ssl=1&resize=1050%2C600 3x"},"classes":[]},{"id":45766,"url":"https:\/\/deltaimage.de\/wp\/?portfolio=table-top-studio-fotografie","url_meta":{"origin":14678,"position":4},"title":"Table-Top &#8211; Studio Fotografie","author":"EschbacP","date":"2. Oktober 2024","format":false,"excerpt":"In der Abbildung und Illustration in B\u00fcchern, Print-Medien und digitalen Medien werden immer h\u00e4ufiger hochwertige Fotos f\u00fcr die Kommunikation ben\u00f6tigt. Das ist die Themenstellung der Table-Top - Studio Fotografie. In unserem fertig eingerichteten Table-Top Studio fertigen wir f\u00fcr unsere eigenen Zwecke und f\u00fcr unsere Kunden hochwertige Fotos f\u00fcr diese Zwecke\u2026","rel":"","context":"\u00c4hnlicher Beitrag","block_context":{"text":"\u00c4hnlicher Beitrag","link":""},"img":{"alt_text":"","src":"https:\/\/i0.wp.com\/deltaimage.de\/wp\/wp-content\/uploads\/IMG_3515_1200.jpg?fit=1200%2C450&ssl=1&resize=350%2C200","width":350,"height":200,"srcset":"https:\/\/i0.wp.com\/deltaimage.de\/wp\/wp-content\/uploads\/IMG_3515_1200.jpg?fit=1200%2C450&ssl=1&resize=350%2C200 1x, https:\/\/i0.wp.com\/deltaimage.de\/wp\/wp-content\/uploads\/IMG_3515_1200.jpg?fit=1200%2C450&ssl=1&resize=525%2C300 1.5x, https:\/\/i0.wp.com\/deltaimage.de\/wp\/wp-content\/uploads\/IMG_3515_1200.jpg?fit=1200%2C450&ssl=1&resize=700%2C400 2x, https:\/\/i0.wp.com\/deltaimage.de\/wp\/wp-content\/uploads\/IMG_3515_1200.jpg?fit=1200%2C450&ssl=1&resize=1050%2C600 3x"},"classes":[]},{"id":24175,"url":"https:\/\/deltaimage.de\/wp\/?portfolio=tilt-shift-fotografie","url_meta":{"origin":14678,"position":5},"title":"Tilt-Shift Fotografie","author":"EschbacP","date":"23. Januar 2020","format":false,"excerpt":"Seminarinhalte Tilt-Shift Workshop, der kreative Umgang mit einem ganz besonderen Objektivtypus. F\u00fcr Gro\u00dfformatfotografen z\u00e4hlen Tilt (verschwenken) und Shift (verschieben) zum t\u00e4glichen Handwerkszeug f\u00fcr anspruchsvollste Produkt und Werbefotografie. Fotografen suchen immer neue kreative M\u00f6glichkeiten andere und vielleicht auch bessere Fotos zu machen und kreative Ideen in ganz besonderer Fotos umzusetzen. Massive\u2026","rel":"","context":"\u00c4hnlicher Beitrag","block_context":{"text":"\u00c4hnlicher Beitrag","link":""},"img":{"alt_text":"","src":"https:\/\/i0.wp.com\/deltaimage.de\/wp\/wp-content\/uploads\/Banner_Tilt_1200.jpg?fit=1200%2C487&ssl=1&resize=350%2C200","width":350,"height":200,"srcset":"https:\/\/i0.wp.com\/deltaimage.de\/wp\/wp-content\/uploads\/Banner_Tilt_1200.jpg?fit=1200%2C487&ssl=1&resize=350%2C200 1x, https:\/\/i0.wp.com\/deltaimage.de\/wp\/wp-content\/uploads\/Banner_Tilt_1200.jpg?fit=1200%2C487&ssl=1&resize=525%2C300 1.5x, https:\/\/i0.wp.com\/deltaimage.de\/wp\/wp-content\/uploads\/Banner_Tilt_1200.jpg?fit=1200%2C487&ssl=1&resize=700%2C400 2x, https:\/\/i0.wp.com\/deltaimage.de\/wp\/wp-content\/uploads\/Banner_Tilt_1200.jpg?fit=1200%2C487&ssl=1&resize=1050%2C600 3x"},"classes":[]}],"jetpack_sharing_enabled":true,"_links":{"self":[{"href":"https:\/\/deltaimage.de\/wp\/index.php?rest_route=\/wp\/v2\/jetpack-portfolio\/14678","targetHints":{"allow":["GET"]}}],"collection":[{"href":"https:\/\/deltaimage.de\/wp\/index.php?rest_route=\/wp\/v2\/jetpack-portfolio"}],"about":[{"href":"https:\/\/deltaimage.de\/wp\/index.php?rest_route=\/wp\/v2\/types\/jetpack-portfolio"}],"author":[{"embeddable":true,"href":"https:\/\/deltaimage.de\/wp\/index.php?rest_route=\/wp\/v2\/users\/1"}],"replies":[{"embeddable":true,"href":"https:\/\/deltaimage.de\/wp\/index.php?rest_route=%2Fwp%2Fv2%2Fcomments&post=14678"}],"version-history":[{"count":4,"href":"https:\/\/deltaimage.de\/wp\/index.php?rest_route=\/wp\/v2\/jetpack-portfolio\/14678\/revisions"}],"predecessor-version":[{"id":36704,"href":"https:\/\/deltaimage.de\/wp\/index.php?rest_route=\/wp\/v2\/jetpack-portfolio\/14678\/revisions\/36704"}],"wp:featuredmedia":[{"embeddable":true,"href":"https:\/\/deltaimage.de\/wp\/index.php?rest_route=\/wp\/v2\/media\/36697"}],"wp:attachment":[{"href":"https:\/\/deltaimage.de\/wp\/index.php?rest_route=%2Fwp%2Fv2%2Fmedia&parent=14678"}],"wp:term":[{"taxonomy":"jetpack-portfolio-type","embeddable":true,"href":"https:\/\/deltaimage.de\/wp\/index.php?rest_route=%2Fwp%2Fv2%2Fjetpack-portfolio-type&post=14678"},{"taxonomy":"jetpack-portfolio-tag","embeddable":true,"href":"https:\/\/deltaimage.de\/wp\/index.php?rest_route=%2Fwp%2Fv2%2Fjetpack-portfolio-tag&post=14678"}],"curies":[{"name":"wp","href":"https:\/\/api.w.org\/{rel}","templated":true}]}}