{"id":15808,"date":"2017-10-07T19:52:39","date_gmt":"2017-10-07T18:52:39","guid":{"rendered":"http:\/\/deltaimage.de\/wp\/?post_type=jetpack-portfolio&#038;p=15808"},"modified":"2018-08-24T18:10:17","modified_gmt":"2018-08-24T17:10:17","slug":"oberstdorf-oberstdorf-haus-am-prinzregentenplatz","status":"publish","type":"jetpack-portfolio","link":"https:\/\/deltaimage.de\/wp\/?portfolio=oberstdorf-oberstdorf-haus-am-prinzregentenplatz","title":{"rendered":"Oberstdorf &#8211; Oberstdorf Haus am Prinzregentenplatz"},"content":{"rendered":"<p>Pr\u00fcfungsort zur schriftlichen Pr\u00fcfung nach <strong>\u00a721 d LuftVO<\/strong> zum Kenntnisnachweis f\u00fcr <strong>UAV \u00fcber 2 kg MTOM<\/strong><\/p>\n<p>Oberstdorf Haus<br \/>\nOberstdorf Tourismus GmbH<br \/>\nPrinzregenten-Platz 1<br \/>\n87561 Oberstdorf<\/p>\n<p><a href=\"https:\/\/www.oberstdorf.de\/tourist-info\/\" target=\"_blank\">https:\/\/www.oberstdorf.de\/tourist-info\/<\/a><\/p>\n<p><a href=\"http:\/\/deltaimage.de\/wp\/?attachment_id=15734#main\" rel=\"attachment wp-att-15734\"><img data-recalc-dims=\"1\" loading=\"lazy\" decoding=\"async\" class=\"alignnone wp-image-15734 size-full\" src=\"https:\/\/i0.wp.com\/deltaimage.de\/wp\/wp-content\/uploads\/YUN00114_1200.jpg?resize=890%2C334\" alt=\"YUN00114_1200\" width=\"890\" height=\"334\" \/><\/a><\/p>\n<p>Der Pr\u00fcfungsort befindet sich im gr\u00f6\u00dften und zentralen Veranstaltungsort der Oberstdorf Tourismus GmbH am s\u00fcdlichsten und gleichzeitig h\u00f6chst gelegenen Ort in Deutschland, Mittens im Herzen des Oberallg\u00e4us. Das Oberstdorf Haus verf\u00fcgt als moderne Tourismus Einrichtung \u00fcber alle notwendigen Einrichtungen, um einen professionellen Pr\u00fcfungs- und Schulungsbetrieb durchf\u00fchren zu k\u00f6nnen. Es stehen uns unterschiedliche R\u00e4ume mit angepasstem Fassungsverm\u00f6gen zur Verf\u00fcgung, so dass wir hier von der Kleingruppe bis zu mehreren hunderten Pr\u00fcflingen anforderungsgerecht den Betrieb durchf\u00fchren k\u00f6nnen.<\/p>\n<ul>\n<li>Raum Oytal<\/li>\n<li>Raum Breitachklamm<\/li>\n<li>Saal Nebelhorn<\/li>\n<\/ul>\n<p>Oberstdorf ist auch mit \u00f6ffentlichen Verkehrsmitteln sehr gut mit der Bahn zu erreichen.<\/p>\n<h2>Anfahrt zum Pr\u00fcfungsort<\/h2>\n<div><iframe loading=\"lazy\" src=\"https:\/\/www.bing.com\/maps\/embed?h=600&amp;w=800&amp;cp=47.40635719914745~10.277166668647783&amp;lvl=18&amp;typ=d&amp;sty=h&amp;src=SHELL&amp;FORM=MBEDV8\" width=\"800\" height=\"600\" frameborder=\"0\" scrolling=\"no\"><br \/>\n<\/iframe><\/p>\n<div style=\"white-space: nowrap; text-align: center; width: 800px; padding: 6px 0;\"><a id=\"largeMapLink\" href=\"https:\/\/www.bing.com\/maps?cp=47.40635719914745~10.277166668647783&amp;sty=h&amp;lvl=18&amp;FORM=MBEDLD\" target=\"_blank\">Gr\u00f6\u00dfere Karte anzeigen<\/a><br \/>\n|<br \/>\n<a id=\"dirMapLink\" href=\"https:\/\/www.bing.com\/maps\/directions?cp=47.40635719914745~10.277166668647783&amp;sty=h&amp;lvl=18&amp;rtp=~pos.47.40635719914745_10.277166668647783____&amp;FORM=MBEDLD\" target=\"_blank\">Wegbeschreibung abrufen<\/a><\/div>\n<\/div>\n<p>F\u00fcr die Oberstdorf Tourismus GmbH haben wir von DELTA IMAGE ein Promotion Video f\u00fcr das Oberstdorf Haus erstellt. Sehen Sie selber die einzigartigen M\u00f6glichkeiten in dieser Einrichtung.<br \/>\n<iframe loading=\"lazy\" src=\"https:\/\/www.youtube.com\/embed\/IhWqWER8mVY\" width=\"1200\" height=\"800\" frameborder=\"0\" allowfullscreen=\"allowfullscreen\"><br \/>\n<\/iframe><\/p>\n","protected":false},"excerpt":{"rendered":"<p>Pr\u00fcfungsort zur schriftlichen Pr\u00fcfung nach \u00a721 d LuftVO zum Kenntnisnachweis f\u00fcr UAV \u00fcber 2 kg MTOM Oberstdorf Haus Oberstdorf Tourismus GmbH Prinzregenten-Platz 1 87561 Oberstdorf https:\/\/www.oberstdorf.de\/tourist-info\/ Der Pr\u00fcfungsort befindet sich [&hellip;]<\/p>\n","protected":false},"author":1,"featured_media":0,"comment_status":"closed","ping_status":"closed","template":"","format":"standard","meta":{"wpupg_custom_link":[],"wpupg_custom_link_behaviour":[],"wpupg_custom_link_nofollow":[],"wpupg_custom_image":[],"wpupg_custom_image_id":[],"jetpack_post_was_ever_published":false,"footnotes":""},"jetpack-portfolio-type":[1703],"jetpack-portfolio-tag":[1375,1701,1371,1711,1710,1705],"class_list":["post-15808","jetpack-portfolio","type-jetpack-portfolio","status-publish","format-standard","hentry","jetpack-portfolio-type-pruefungsort","jetpack-portfolio-tag-allgaeu","jetpack-portfolio-tag-kenntnisnachweis","jetpack-portfolio-tag-oberstdorf","jetpack-portfolio-tag-oberstdorf-haus","jetpack-portfolio-tag-pruefungsort","jetpack-portfolio-tag-21-d-luftvo"],"jetpack-related-posts":[{"id":45435,"url":"https:\/\/deltaimage.de\/wp\/?portfolio=kurz-video","url_meta":{"origin":15808,"position":0},"title":"Video-Kurzdokumentation","author":"EschbacP","date":"30. September 2024","format":false,"excerpt":"DELTA IMAGE ist prim\u00e4r Fotografie. Wir leben die Fotografie analog und digital. Als thematische Erg\u00e4nzung zur Fotografie erstellen wir auch f\u00fcr Anl\u00e4sse und Kundenw\u00fcnsche Video-Kurzdokumentationen. Dabei liegt der Schwerpunkt auf Kurz und nicht auf Dokumentationen. F\u00fcr ausgefallene Videos mit neuester Technik und hippen Effekten - das sind wir nicht und\u2026","rel":"","context":"\u00c4hnlicher Beitrag","block_context":{"text":"\u00c4hnlicher Beitrag","link":""},"img":{"alt_text":"","src":"https:\/\/i0.wp.com\/deltaimage.de\/wp\/wp-content\/uploads\/PE1S2832_1200.jpg?fit=1200%2C450&ssl=1&resize=350%2C200","width":350,"height":200,"srcset":"https:\/\/i0.wp.com\/deltaimage.de\/wp\/wp-content\/uploads\/PE1S2832_1200.jpg?fit=1200%2C450&ssl=1&resize=350%2C200 1x, https:\/\/i0.wp.com\/deltaimage.de\/wp\/wp-content\/uploads\/PE1S2832_1200.jpg?fit=1200%2C450&ssl=1&resize=525%2C300 1.5x, https:\/\/i0.wp.com\/deltaimage.de\/wp\/wp-content\/uploads\/PE1S2832_1200.jpg?fit=1200%2C450&ssl=1&resize=700%2C400 2x, https:\/\/i0.wp.com\/deltaimage.de\/wp\/wp-content\/uploads\/PE1S2832_1200.jpg?fit=1200%2C450&ssl=1&resize=1050%2C600 3x"},"classes":[]},{"id":15793,"url":"https:\/\/deltaimage.de\/wp\/?portfolio=oberschleissheim-jaegerstrasse-1","url_meta":{"origin":15808,"position":1},"title":"Oberschlei\u00dfheim &#8211; Ferdinand-Schulz-Allee","author":"EschbacP","date":"7. Oktober 2017","format":false,"excerpt":"Pr\u00fcfungsort zur schriftlichen Pr\u00fcfung nach \u00a721 d LuftVO zum Kenntnisnachweis f\u00fcr UAV \u00fcber 2 kg MTOM Flugwerft Schlei\u00dfheim DEUTSCHES MUSEUM Ferdinand-Schulz-Allee 85764 Oberschlei\u00dfheim bei M\u00fcnchen \u00a0 Der Pr\u00fcfungsort befindet sich im \u00e4ltesten Luftfahrtgeb\u00e4ude am \u00e4ltesten Flugplatz in Bayern und ist jetzt die Au\u00dfenstelle des DEUTSCHEN MUSEUMS in der Flugwerft Schlei\u00dfheim.\u2026","rel":"","context":"\u00c4hnlicher Beitrag","block_context":{"text":"\u00c4hnlicher Beitrag","link":""},"img":{"alt_text":"","src":"https:\/\/i0.wp.com\/deltaimage.de\/wp\/wp-content\/uploads\/CRW_3444_1200.jpg?fit=1200%2C450&ssl=1&resize=350%2C200","width":350,"height":200,"srcset":"https:\/\/i0.wp.com\/deltaimage.de\/wp\/wp-content\/uploads\/CRW_3444_1200.jpg?fit=1200%2C450&ssl=1&resize=350%2C200 1x, https:\/\/i0.wp.com\/deltaimage.de\/wp\/wp-content\/uploads\/CRW_3444_1200.jpg?fit=1200%2C450&ssl=1&resize=525%2C300 1.5x, https:\/\/i0.wp.com\/deltaimage.de\/wp\/wp-content\/uploads\/CRW_3444_1200.jpg?fit=1200%2C450&ssl=1&resize=700%2C400 2x, https:\/\/i0.wp.com\/deltaimage.de\/wp\/wp-content\/uploads\/CRW_3444_1200.jpg?fit=1200%2C450&ssl=1&resize=1050%2C600 3x"},"classes":[]},{"id":44842,"url":"https:\/\/deltaimage.de\/wp\/?portfolio=historische-flugplatzwanderung-schleissheim","url_meta":{"origin":15808,"position":2},"title":"historische Flugplatzwanderung Schlei\u00dfheim","author":"EschbacP","date":"18. September 2024","format":false,"excerpt":"Die beliebten Flugplatz Wanderungen am \u00e4ltesten Flugplatz in Bayern - dem Flugplatz Schlei\u00dfheim - bieten wir seit dem Jahr 2012, zum 110-j\u00e4hrigen Bestehen des Flugplatzes und 30 Jahren Deutsches Museum in der Flugwerft Schlei\u00dfheim. Innerhalb von jeweils zwei Stunden (von 14:00 Uhr bis 16:00 Uhr) erleben wir Ausschnitte der Luftfahrtgeschichte\u2026","rel":"","context":"\u00c4hnlicher Beitrag","block_context":{"text":"\u00c4hnlicher Beitrag","link":""},"img":{"alt_text":"","src":"https:\/\/i0.wp.com\/deltaimage.de\/wp\/wp-content\/uploads\/Banner_alle_FP_Wanderung_1200_450.jpg?fit=1200%2C450&ssl=1&resize=350%2C200","width":350,"height":200,"srcset":"https:\/\/i0.wp.com\/deltaimage.de\/wp\/wp-content\/uploads\/Banner_alle_FP_Wanderung_1200_450.jpg?fit=1200%2C450&ssl=1&resize=350%2C200 1x, https:\/\/i0.wp.com\/deltaimage.de\/wp\/wp-content\/uploads\/Banner_alle_FP_Wanderung_1200_450.jpg?fit=1200%2C450&ssl=1&resize=525%2C300 1.5x, https:\/\/i0.wp.com\/deltaimage.de\/wp\/wp-content\/uploads\/Banner_alle_FP_Wanderung_1200_450.jpg?fit=1200%2C450&ssl=1&resize=700%2C400 2x, https:\/\/i0.wp.com\/deltaimage.de\/wp\/wp-content\/uploads\/Banner_alle_FP_Wanderung_1200_450.jpg?fit=1200%2C450&ssl=1&resize=1050%2C600 3x"},"classes":[]},{"id":47278,"url":"https:\/\/deltaimage.de\/wp\/?portfolio=volkshochschule-vhs-bergkirchen-e-v","url_meta":{"origin":15808,"position":3},"title":"Ort: Volkshochschule VHS Bergkirchen e.V.","author":"EschbacP","date":"4. Januar 2025","format":false,"excerpt":"Die Volkshochschule (VHS) Bergkirchen e. V. ist im Brugger-Haus in der R\u00f6merstra\u00dfe 3 in Bergkirchen. \u00a0 Kontaktdaten VHS Bergkirchen e. V. R\u00f6merstra\u00dfe 3 85121 Bergkirchen https:\/\/www.vhs-bergkirchen.eu Standort","rel":"","context":"\u00c4hnlicher Beitrag","block_context":{"text":"\u00c4hnlicher Beitrag","link":""},"img":{"alt_text":"","src":"https:\/\/i0.wp.com\/deltaimage.de\/wp\/wp-content\/uploads\/PE1X7723_900.jpg?fit=890%2C593&ssl=1&resize=350%2C200","width":350,"height":200,"srcset":"https:\/\/i0.wp.com\/deltaimage.de\/wp\/wp-content\/uploads\/PE1X7723_900.jpg?fit=890%2C593&ssl=1&resize=350%2C200 1x, https:\/\/i0.wp.com\/deltaimage.de\/wp\/wp-content\/uploads\/PE1X7723_900.jpg?fit=890%2C593&ssl=1&resize=525%2C300 1.5x, https:\/\/i0.wp.com\/deltaimage.de\/wp\/wp-content\/uploads\/PE1X7723_900.jpg?fit=890%2C593&ssl=1&resize=700%2C400 2x"},"classes":[]},{"id":45034,"url":"https:\/\/deltaimage.de\/wp\/?portfolio=shop-deltaimage-de-online-shop","url_meta":{"origin":15808,"position":4},"title":"shop.deltaimage.de Online-Shop","author":"EschbacP","date":"23. September 2024","format":false,"excerpt":"Ein e-Commerce Online Shop f\u00fcr B\u00fccher, Foto-Kurse und andere reale und digitale Produkte SHOP.deltaimage.de ist der zentrale e-Commerce Online Shop f\u00fcr B\u00fccher und der digitalen Produkte innerhalb der gesamten DELTA ADVICE GmbH und aller damit verbundener Webseiten. Ein zentraler Ort mit viel \u00dcbersicht und einem Prozess f\u00fcr eine Bandbreite an\u2026","rel":"","context":"\u00c4hnlicher Beitrag","block_context":{"text":"\u00c4hnlicher Beitrag","link":""},"img":{"alt_text":"","src":"https:\/\/i0.wp.com\/deltaimage.de\/wp\/wp-content\/uploads\/Banner_SHOP_deltaimage_1200.png?fit=1200%2C490&ssl=1&resize=350%2C200","width":350,"height":200,"srcset":"https:\/\/i0.wp.com\/deltaimage.de\/wp\/wp-content\/uploads\/Banner_SHOP_deltaimage_1200.png?fit=1200%2C490&ssl=1&resize=350%2C200 1x, https:\/\/i0.wp.com\/deltaimage.de\/wp\/wp-content\/uploads\/Banner_SHOP_deltaimage_1200.png?fit=1200%2C490&ssl=1&resize=525%2C300 1.5x, https:\/\/i0.wp.com\/deltaimage.de\/wp\/wp-content\/uploads\/Banner_SHOP_deltaimage_1200.png?fit=1200%2C490&ssl=1&resize=700%2C400 2x, https:\/\/i0.wp.com\/deltaimage.de\/wp\/wp-content\/uploads\/Banner_SHOP_deltaimage_1200.png?fit=1200%2C490&ssl=1&resize=1050%2C600 3x"},"classes":[]},{"id":47268,"url":"https:\/\/deltaimage.de\/wp\/?portfolio=delta-image","url_meta":{"origin":15808,"position":5},"title":"Veranstalter: DELTA IMAGE","author":"EschbacP","date":"4. Januar 2025","format":false,"excerpt":"Paul Eschbach ist geb\u00fcrtiger Dachauer und seit 30 Jahren als Fotograf in Dachau, im Landkreis und im Dachauer Moos fotografisch unterwegs. Die Bilder gehen auch in die B\u00fccher als Buchautor und werden im DELTA IMAGE-Eigenverlag auch produziert und verlegt. Professionelle Fotografie visuell erleben Paul Eschbach DELTA IMAGE eine Marke der\u2026","rel":"","context":"\u00c4hnlicher Beitrag","block_context":{"text":"\u00c4hnlicher Beitrag","link":""},"img":{"alt_text":"","src":"","width":0,"height":0},"classes":[]}],"jetpack_sharing_enabled":true,"_links":{"self":[{"href":"https:\/\/deltaimage.de\/wp\/index.php?rest_route=\/wp\/v2\/jetpack-portfolio\/15808","targetHints":{"allow":["GET"]}}],"collection":[{"href":"https:\/\/deltaimage.de\/wp\/index.php?rest_route=\/wp\/v2\/jetpack-portfolio"}],"about":[{"href":"https:\/\/deltaimage.de\/wp\/index.php?rest_route=\/wp\/v2\/types\/jetpack-portfolio"}],"author":[{"embeddable":true,"href":"https:\/\/deltaimage.de\/wp\/index.php?rest_route=\/wp\/v2\/users\/1"}],"replies":[{"embeddable":true,"href":"https:\/\/deltaimage.de\/wp\/index.php?rest_route=%2Fwp%2Fv2%2Fcomments&post=15808"}],"version-history":[{"count":2,"href":"https:\/\/deltaimage.de\/wp\/index.php?rest_route=\/wp\/v2\/jetpack-portfolio\/15808\/revisions"}],"predecessor-version":[{"id":20054,"href":"https:\/\/deltaimage.de\/wp\/index.php?rest_route=\/wp\/v2\/jetpack-portfolio\/15808\/revisions\/20054"}],"wp:attachment":[{"href":"https:\/\/deltaimage.de\/wp\/index.php?rest_route=%2Fwp%2Fv2%2Fmedia&parent=15808"}],"wp:term":[{"taxonomy":"jetpack-portfolio-type","embeddable":true,"href":"https:\/\/deltaimage.de\/wp\/index.php?rest_route=%2Fwp%2Fv2%2Fjetpack-portfolio-type&post=15808"},{"taxonomy":"jetpack-portfolio-tag","embeddable":true,"href":"https:\/\/deltaimage.de\/wp\/index.php?rest_route=%2Fwp%2Fv2%2Fjetpack-portfolio-tag&post=15808"}],"curies":[{"name":"wp","href":"https:\/\/api.w.org\/{rel}","templated":true}]}}