{"id":16346,"date":"2017-11-09T12:39:35","date_gmt":"2017-11-09T11:39:35","guid":{"rendered":"http:\/\/deltaimage.de\/wp\/?post_type=jetpack-portfolio&#038;p=16346"},"modified":"2022-09-20T19:52:30","modified_gmt":"2022-09-20T18:52:30","slug":"paul-eschbach-glossar-und-fachbegriffe-zum-kenntnisnachweis-%c2%a721a-4-2-luftvo","status":"publish","type":"jetpack-portfolio","link":"https:\/\/deltaimage.de\/wp\/?portfolio=paul-eschbach-glossar-und-fachbegriffe-zum-kenntnisnachweis-%c2%a721a-4-2-luftvo","title":{"rendered":"Paul Eschbach &#8211; Glossar und Fachbegriffe in der Unbemannten Luftfahrt"},"content":{"rendered":"<p>Ein neues Buch in der DELTA IMAGE Buchreihe im Eigenverlag ist erschienen. In der Unbemannten Luftfahrt ist seit 1. Oktober 2017 ein &#8222;Drohnenf\u00fchrerschein&#8220; mit schriftlicher\/online Pr\u00fcfung zum Betrieb von Multicopter als UAV (Unmanned Aerial Vehicle) vorgeschrieben. Zur Vorbereitung auf diese sehr anspruchsvolle Pr\u00fcfung gibt es nun von Paul Eschbach@DELTA IMAGE ein passendes Fachbuch dazu. Das Glossar behandelt alle pr\u00fcfungsrelevanten Themen, Fachbegriffe, Abk\u00fcrzungen und deren kurze Erl\u00e4uterung und eine Verlinkung zwischen den Fachbegriffen.<\/p>\n<p><a href=\"https:\/\/i0.wp.com\/deltaimage.de\/wp\/wp-content\/uploads\/UAS-Glossar-Auflage-2021-Cover.png?ssl=1\"><img data-recalc-dims=\"1\" loading=\"lazy\" decoding=\"async\" data-attachment-id=\"27315\" data-permalink=\"https:\/\/deltaimage.de\/wp\/?attachment_id=27315#main\" data-orig-file=\"https:\/\/i0.wp.com\/deltaimage.de\/wp\/wp-content\/uploads\/UAS-Glossar-Auflage-2021-Cover.png?fit=591%2C839&amp;ssl=1\" data-orig-size=\"591,839\" data-comments-opened=\"1\" data-image-meta=\"{&quot;aperture&quot;:&quot;0&quot;,&quot;credit&quot;:&quot;&quot;,&quot;camera&quot;:&quot;&quot;,&quot;caption&quot;:&quot;&quot;,&quot;created_timestamp&quot;:&quot;0&quot;,&quot;copyright&quot;:&quot;&quot;,&quot;focal_length&quot;:&quot;0&quot;,&quot;iso&quot;:&quot;0&quot;,&quot;shutter_speed&quot;:&quot;0&quot;,&quot;title&quot;:&quot;&quot;,&quot;orientation&quot;:&quot;0&quot;}\" data-image-title=\"UAS Glossar Auflage 2021 Cover\" data-image-description=\"\" data-image-caption=\"\" data-large-file=\"https:\/\/i0.wp.com\/deltaimage.de\/wp\/wp-content\/uploads\/UAS-Glossar-Auflage-2021-Cover.png?fit=591%2C839&amp;ssl=1\" class=\"aligncenter size-full wp-image-27315\" src=\"https:\/\/i0.wp.com\/deltaimage.de\/wp\/wp-content\/uploads\/UAS-Glossar-Auflage-2021-Cover.png?resize=591%2C839&#038;ssl=1\" alt=\"\" width=\"591\" height=\"839\" srcset=\"https:\/\/i0.wp.com\/deltaimage.de\/wp\/wp-content\/uploads\/UAS-Glossar-Auflage-2021-Cover.png?w=591&amp;ssl=1 591w, https:\/\/i0.wp.com\/deltaimage.de\/wp\/wp-content\/uploads\/UAS-Glossar-Auflage-2021-Cover.png?resize=423%2C600&amp;ssl=1 423w, https:\/\/i0.wp.com\/deltaimage.de\/wp\/wp-content\/uploads\/UAS-Glossar-Auflage-2021-Cover.png?resize=141%2C200&amp;ssl=1 141w, https:\/\/i0.wp.com\/deltaimage.de\/wp\/wp-content\/uploads\/UAS-Glossar-Auflage-2021-Cover.png?resize=418%2C593&amp;ssl=1 418w, https:\/\/i0.wp.com\/deltaimage.de\/wp\/wp-content\/uploads\/UAS-Glossar-Auflage-2021-Cover.png?resize=317%2C450&amp;ssl=1 317w, https:\/\/i0.wp.com\/deltaimage.de\/wp\/wp-content\/uploads\/UAS-Glossar-Auflage-2021-Cover.png?resize=282%2C400&amp;ssl=1 282w\" sizes=\"auto, (max-width: 591px) 100vw, 591px\" \/><\/a><br \/>\n<i>DELTA IMAGE Eigenverlag &#8211; <\/i><i>2. aktualisierte Auflage 2021<\/i><b><\/b><br \/>\n<em> Format DIN A5, 80<\/em><em> Seiten s\/w, 420 Begriffe und Abk\u00fcrzungen erkl\u00e4rt und refferenziert.<\/em><br \/>\n<em> Preis 9,99 \u20ac inkl. MWSt.<\/em><br \/>\n<em> Bezugsquellen:\u00a0<\/em><\/p>\n<div class=\"su-button-center\"><a href=\"https:\/\/shop.deltaimage.de\/?product_cat=buch\" class=\"su-button su-button-style-glass\" style=\"color:#ffffff;background-color:#d0b04e;border-color:#a78d3f;border-radius:29px\" target=\"_blank\" rel=\"noopener noreferrer\"><span style=\"color:#ffffff;padding:6px 16px;font-size:13px;line-height:20px;border-color:#dfc884;border-radius:29px;text-shadow:none\"><i class=\"sui sui-arrow-right\" style=\"font-size:13px;color:#FFFFFF\"><\/i> Zum SHOP System<\/span><\/a><\/div>\n<h2><!--more--><\/h2>\n<h2><\/h2>\n<h2>Eine ideale Unterlage f\u00fcr die Pr\u00fcfungsvorbereitung im Selbststudium<\/h2>\n<p>Ohne eine strukturierte Pr\u00fcfungsvorbereitung wird der Aspirant alleine an den Begriffen und Abk\u00fcrzungen scheitern. Ohne Pr\u00fcfungsvorbereitung ist die Chance auf ein erfolgreiches bestehen nicht gegeben.<br \/>\nWissen vermitteln ist eine der wichtigsten Aufgabenstellen wenn man um die Sicherheit in der Allgemeinen Luftfahrt bem\u00fcht ist. Das Grundverst\u00e4ndnis der Begriffe und Abk\u00fcrzungen ist eine ganz wesentliche Komponente um einen &#8222;Fu\u00dfg\u00e4nger&#8220; zu einem sicheren und erfolgreichen Piloten zu schulen.<\/p>\n<p>&nbsp;<\/p>\n<blockquote>\n<pre>Wikipedia definiert Glossar:\r\nEin Glossar ... ... ist eine Liste von W\u00f6rtern mit beigef\u00fcgten Erkl\u00e4rungen oder \u00dcbersetzungen. \r\nDas lateinische Wort <i>glossarium<\/i> bezeichnet dabei als Objekt ein \"Buch\", das (ver)alte(te) oder \r\nfremde W\u00f6rter erl\u00e4utert. Im erweiterten Sinn wird ein <i>Glossar<\/i> auch Begriffserkl\u00e4rung genannt. \r\nZudem, insbesondere wenn es um die Erkl\u00e4rung oder Beschreibung einzelner Begriffe geht, werden \r\ndiese auch als [Begriffs-]Abgrenzung oder <i>Definition<\/i> bezeichnet.\r\n<\/pre>\n<\/blockquote>\n<p>Zum erfolgreichen Bestehen der online\/schriftlichen Pr\u00fcfung m\u00fcssen alle Teile (insbesondere Luftrecht, Meteorologie, Navigation) jeweils mit mindestens 75% richtig beantwortet sein. Die Fragen sind vom Luftfahrt-Bundesamt definiert &#8211; der Pr\u00fcfer hat da keinen Spielraum f\u00fcr eigene Ideen. Ohne eine Pr\u00fcfungsvorbereitung wird der Aspirant die Pr\u00fcfung nicht bestehen.<\/p>\n<p><a href=\"http:\/\/deltaimage.de\/wp\/?attachment_id=15843#main\" rel=\"attachment wp-att-15843\"><img data-recalc-dims=\"1\" loading=\"lazy\" decoding=\"async\" class=\"alignnone size-full wp-image-15843\" src=\"https:\/\/i0.wp.com\/deltaimage.de\/wp\/wp-content\/uploads\/IMG_2881_1200.jpg?resize=890%2C334\" alt=\"IMG_2881_1200\" width=\"890\" height=\"334\" \/><\/a><\/p>\n<p>Paul Eschbach ist als<\/p>\n<ul>\n<li>Buchautor,<\/li>\n<li>Trainer,<\/li>\n<li>Workshopleiter<\/li>\n<\/ul>\n<p>im Rahmen der UAV Ausbildung<\/p>\n<ul>\n<li>in der Presse- &amp; \u00d6ffentlichkeitsarbeit<\/li>\n<li>Buchautor<\/li>\n<\/ul>\n<p>t\u00e4tig.<\/p>\n<p>Die Ausbildung in der allgemeinen Luftfahrt ist dabei genauso wichtig wie die Pr\u00fcfung an sich. Die Grunds\u00e4tze der Allgemeinen Luftfahrt und das notwendige Hintergrundwissen warum die Vorschriften so sind, ist f\u00fcr den Aspiranten wichtig. Alle Vorschriften und Verfahren sind das Ergebnis von bedauerlichen und oft tragischen Flugunf\u00e4llen in der Luftfahrt.<\/p>\n<ul>\n<li>Durch Wissensvermittlung zu lernen,<\/li>\n<li>durch Vorbild von anderen Piloten zu lernen,<\/li>\n<li>ist in der Fliegerei ausdr\u00fccklich erw\u00fcnscht und erlaubt.<\/li>\n<\/ul>\n<div id=\"attachment_15901\" style=\"width: 1209px\" class=\"wp-caption alignnone\"><a href=\"http:\/\/deltaimage.de\/wp\/?attachment_id=15901#main\" rel=\"attachment wp-att-15901\"><img data-recalc-dims=\"1\" loading=\"lazy\" decoding=\"async\" aria-describedby=\"caption-attachment-15901\" data-attachment-id=\"15901\" data-permalink=\"https:\/\/deltaimage.de\/wp\/?attachment_id=15901#main\" data-orig-file=\"https:\/\/i0.wp.com\/deltaimage.de\/wp\/wp-content\/uploads\/Fotogipfel_WS_Eschbach-1200.jpg?fit=1199%2C450&amp;ssl=1\" data-orig-size=\"1199,450\" data-comments-opened=\"0\" data-image-meta=\"{&quot;aperture&quot;:&quot;0&quot;,&quot;credit&quot;:&quot;&quot;,&quot;camera&quot;:&quot;&quot;,&quot;caption&quot;:&quot;&quot;,&quot;created_timestamp&quot;:&quot;0&quot;,&quot;copyright&quot;:&quot;&quot;,&quot;focal_length&quot;:&quot;0&quot;,&quot;iso&quot;:&quot;0&quot;,&quot;shutter_speed&quot;:&quot;0&quot;,&quot;title&quot;:&quot;&quot;,&quot;orientation&quot;:&quot;1&quot;}\" data-image-title=\"Fotogipfel_WS_Eschbach-1200\" data-image-description=\"&lt;p&gt;Oberstdorfer Fotogipfel&lt;br \/&gt;\nFotograf: Kees van Surksum&lt;\/p&gt;\n\" data-image-caption=\"\" data-large-file=\"https:\/\/i0.wp.com\/deltaimage.de\/wp\/wp-content\/uploads\/Fotogipfel_WS_Eschbach-1200.jpg?fit=890%2C334&amp;ssl=1\" class=\"wp-image-15901 size-full\" src=\"https:\/\/i0.wp.com\/deltaimage.de\/wp\/wp-content\/uploads\/Fotogipfel_WS_Eschbach-1200.jpg?resize=890%2C334\" alt=\"Fotogipfel_WS_Eschbach-1200\" width=\"890\" height=\"334\" srcset=\"https:\/\/i0.wp.com\/deltaimage.de\/wp\/wp-content\/uploads\/Fotogipfel_WS_Eschbach-1200.jpg?w=1199&amp;ssl=1 1199w, https:\/\/i0.wp.com\/deltaimage.de\/wp\/wp-content\/uploads\/Fotogipfel_WS_Eschbach-1200.jpg?resize=200%2C75&amp;ssl=1 200w, https:\/\/i0.wp.com\/deltaimage.de\/wp\/wp-content\/uploads\/Fotogipfel_WS_Eschbach-1200.jpg?resize=300%2C113&amp;ssl=1 300w, https:\/\/i0.wp.com\/deltaimage.de\/wp\/wp-content\/uploads\/Fotogipfel_WS_Eschbach-1200.jpg?resize=1024%2C384&amp;ssl=1 1024w, https:\/\/i0.wp.com\/deltaimage.de\/wp\/wp-content\/uploads\/Fotogipfel_WS_Eschbach-1200.jpg?resize=890%2C334&amp;ssl=1 890w, https:\/\/i0.wp.com\/deltaimage.de\/wp\/wp-content\/uploads\/Fotogipfel_WS_Eschbach-1200.jpg?resize=1066%2C400&amp;ssl=1 1066w\" sizes=\"auto, (max-width: 890px) 100vw, 890px\" \/><\/a><p id=\"caption-attachment-15901\" class=\"wp-caption-text\">Quelle: Oberstdorfer Fotogipfel Fotograf: Kees van Surksum<\/p><\/div>\n<p>Das Lernen durch eigene Erfahrung ist unn\u00f6tig und vermeidbar f\u00fcr den Piloten und die Umgebung im \u00f6ffentlichen Raum. Wir bieten Workshows, Trainings und Pr\u00fcfungsvorbereitungen abgestimmt auf das Vorwissen des Aspiranten an. In einem Nachmittag kann niemand vom &#8222;<em>Fu\u00dfg\u00e4nger<\/em>&#8220; zum sicheren Teilnehmer der Allgemeinen Luftfahrt werden. Die theoretische Fahrschulausbildung dauert auch mehrere Tage und bedeutet intensives Lernen.<\/p>\n<p>&nbsp;<\/p>\n<div class=\"su-button-center\"><a href=\"https:\/\/shop.deltaimage.de\/?product_cat=buch\" class=\"su-button su-button-style-flat\" style=\"color:#ffffff;background-color:#336699;border-color:#29527b;border-radius:7px\" target=\"_self\"><span style=\"color:#ffffff;padding:7px 20px;font-size:16px;line-height:24px;border-color:#7194b8;border-radius:7px;text-shadow:none\"><i class=\"sui sui-arrow-right\" style=\"font-size:16px;color:#FFFFFF\"><\/i> B\u00fccher bei DELTA IMAGE<small style=\"padding-bottom:7px;color:#ffffff\">zu shop.deltaimage.de<\/small><\/span><\/a><\/div>\n","protected":false},"excerpt":{"rendered":"<p>Ein neues Buch in der DELTA IMAGE Buchreihe im Eigenverlag ist erschienen. In der Unbemannten Luftfahrt ist seit 1. Oktober 2017 ein &#8222;Drohnenf\u00fchrerschein&#8220; mit schriftlicher\/online Pr\u00fcfung zum Betrieb von Multicopter [&hellip;]<\/p>\n","protected":false},"author":1,"featured_media":27315,"comment_status":"closed","ping_status":"closed","template":"","format":"standard","meta":{"wpupg_custom_link":[],"wpupg_custom_link_behaviour":[],"wpupg_custom_link_nofollow":[],"wpupg_custom_image":[],"wpupg_custom_image_id":[],"jetpack_post_was_ever_published":false,"footnotes":""},"jetpack-portfolio-type":[1271],"jetpack-portfolio-tag":[1795,1272,1800,1796,1802,1798,1797,1799,1273,1801,1794,1398,1700],"class_list":["post-16346","jetpack-portfolio","type-jetpack-portfolio","status-publish","format-standard","has-post-thumbnail","hentry","jetpack-portfolio-type-buch","jetpack-portfolio-tag-allgemeine-luftfahrt","jetpack-portfolio-tag-drohne","jetpack-portfolio-tag-flugverfahren","jetpack-portfolio-tag-general-aviation","jetpack-portfolio-tag-glossar","jetpack-portfolio-tag-luftraumstruktur","jetpack-portfolio-tag-luftrecht","jetpack-portfolio-tag-meteorologie","jetpack-portfolio-tag-multicopter","jetpack-portfolio-tag-navigation","jetpack-portfolio-tag-schriftliche-pruefung","jetpack-portfolio-tag-uav","jetpack-portfolio-tag-unmanned-aerial-vehicle"],"jetpack-related-posts":[{"id":27311,"url":"https:\/\/deltaimage.de\/wp\/?portfolio=lehrbuch-zum-kompetenznachweis-a1-a3-im-uav-dach-e-v-erschienen","url_meta":{"origin":16346,"position":0},"title":"Lehrbuch zum Kompetenznachweis A1\/A3 in der UAVDACH-Services UG","author":"EschbacP","date":"12. Februar 2021","format":false,"excerpt":"Mit dem neuen EU Kompetenznachweis A1\/A3 ist f\u00fcr viele angehenden UAS Piloten auch ein intensives Selbststudium der ungewohnten Materie der Luftfahrt und der neuen UAS\/Drohnenregeln angesagt. Die bestehenden UAS Lehrb\u00fccher m\u00fcssen neu geschrieben werden, um die fein differenzierten neuen EU Drohnenregeln auch zu vermitteln. \u00a0 UAVDACH-Services UG pr\u00e4sentiert das neue\u2026","rel":"","context":"\u00c4hnlicher Beitrag","block_context":{"text":"\u00c4hnlicher Beitrag","link":""},"img":{"alt_text":"","src":"https:\/\/i0.wp.com\/deltaimage.de\/wp\/wp-content\/uploads\/UAVDACH_Lehrbuch_A1A3_Cover.jpg?fit=569%2C799&ssl=1&resize=350%2C200","width":350,"height":200,"srcset":"https:\/\/i0.wp.com\/deltaimage.de\/wp\/wp-content\/uploads\/UAVDACH_Lehrbuch_A1A3_Cover.jpg?fit=569%2C799&ssl=1&resize=350%2C200 1x, https:\/\/i0.wp.com\/deltaimage.de\/wp\/wp-content\/uploads\/UAVDACH_Lehrbuch_A1A3_Cover.jpg?fit=569%2C799&ssl=1&resize=525%2C300 1.5x"},"classes":[]},{"id":28792,"url":"https:\/\/deltaimage.de\/wp\/?portfolio=nationale-regelungen-unbemannte-luftfahrt-in-deutschland","url_meta":{"origin":16346,"position":1},"title":"Nationale Regelungen Unbemannte Luftfahrt in Deutschland","author":"EschbacP","date":"28. Mai 2021","format":false,"excerpt":"\u00a0 Ein Fachbuch von UAVDACH-Services UG \u00fcber die Neufassung der nationalen Regelungen in der Unbemannten Luftfahrt im Rahmen der Anpassung an die seit 31.12.2020 anzuwendenden EU-Verordnungen 2019\/945 und 2019\/947. Am 28. Mai 2021 hat der Bundesrat in Berlin \u00fcber die \u00c4nderungen an Luftverkehrsgesetz (LuftVG) Luftverkehrszulassungordnung (LuftVZO) Luftverkehrsordnung (LuftVO) Kostenordnung der\u2026","rel":"","context":"\u00c4hnlicher Beitrag","block_context":{"text":"\u00c4hnlicher Beitrag","link":""},"img":{"alt_text":"","src":"https:\/\/i0.wp.com\/deltaimage.de\/wp\/wp-content\/uploads\/UAVDACH_Nationale-Regelungen_Cover.jpg?fit=545%2C798&ssl=1&resize=350%2C200","width":350,"height":200,"srcset":"https:\/\/i0.wp.com\/deltaimage.de\/wp\/wp-content\/uploads\/UAVDACH_Nationale-Regelungen_Cover.jpg?fit=545%2C798&ssl=1&resize=350%2C200 1x, https:\/\/i0.wp.com\/deltaimage.de\/wp\/wp-content\/uploads\/UAVDACH_Nationale-Regelungen_Cover.jpg?fit=545%2C798&ssl=1&resize=525%2C300 1.5x"},"classes":[]},{"id":27309,"url":"https:\/\/deltaimage.de\/wp\/?portfolio=lehrbuch-zum-fernpilotenzeugnis-a2-in-der-uavdach-services-ug","url_meta":{"origin":16346,"position":2},"title":"Lehrbuch zum Fernpilotenzeugnis A2 in der UAVDACH-Services UG","author":"EschbacP","date":"12. Februar 2021","format":false,"excerpt":"Mit dem neuen EU Fernpilotenzeugnis A2 ist f\u00fcr viele UAS Piloten im gewerblichen Bereich auch ein intensives Selbststudium, erweiternd zur\u00a0 notwendigen theoretischen Pr\u00fcfung zum EU Kompetenznachweis A1\/A3 sinnvoll und notwendig. Das EU Fernpilotenzeugnis ist die Voraussetzung, um gerade gewerblich in die N\u00e4he von Menschen fliegen zu d\u00fcrfen. \u00a0 UAVDACH-Services UG\u2026","rel":"","context":"\u00c4hnlicher Beitrag","block_context":{"text":"\u00c4hnlicher Beitrag","link":""},"img":{"alt_text":"","src":"https:\/\/i0.wp.com\/deltaimage.de\/wp\/wp-content\/uploads\/UAVDACH_Lehrbuch_A2_Cover.jpg?fit=570%2C803&ssl=1&resize=350%2C200","width":350,"height":200,"srcset":"https:\/\/i0.wp.com\/deltaimage.de\/wp\/wp-content\/uploads\/UAVDACH_Lehrbuch_A2_Cover.jpg?fit=570%2C803&ssl=1&resize=350%2C200 1x, https:\/\/i0.wp.com\/deltaimage.de\/wp\/wp-content\/uploads\/UAVDACH_Lehrbuch_A2_Cover.jpg?fit=570%2C803&ssl=1&resize=525%2C300 1.5x"},"classes":[]},{"id":20120,"url":"https:\/\/deltaimage.de\/wp\/?portfolio=uav-dach-e-v-mitgliedschaft","url_meta":{"origin":16346,"position":3},"title":"UAV DACH e.V. Mitgliedschaft","author":"EschbacP","date":"30. August 2018","format":false,"excerpt":"DELTA IMAGE ist seit 2016 assoziiertes Mitglied im Verband f\u00fcr unbemannte Luftfahrt - UAV DACH e.V.. Die Aktivit\u00e4ten in der unbemannten Luftfahrt begannen mit den Inspektionsfl\u00fcgen zur technischen Inspektion f\u00fcr einen TSO (Transport System Operator) zur Analyse der H\u00f6chstspannungsleitungen im Transportnetz. \u00a0 Der UAV DACH e.V. besteht seit 18 Jahren\u2026","rel":"","context":"\u00c4hnlicher Beitrag","block_context":{"text":"\u00c4hnlicher Beitrag","link":""},"img":{"alt_text":"","src":"https:\/\/i0.wp.com\/deltaimage.de\/wp\/wp-content\/uploads\/UAV-DACH-Mitgliedslogo-300x102.jpg?resize=350%2C200&ssl=1","width":350,"height":200},"classes":[]},{"id":13341,"url":"https:\/\/deltaimage.de\/wp\/?portfolio=luftbild-fotografie","url_meta":{"origin":16346,"position":4},"title":"Luftbild-Fotografie (Drohne &#038; Flugzeug)","author":"EschbacP","date":"31. Januar 2017","format":false,"excerpt":"Die Luftbild-Fotografie ist entweder aus dem Flugzeug, oder mit Hilfe von Drohnen - beides ist gleicherma\u00dfen faszinierend und spannend. Wir machen beide Formen, jede erzeugt eine andere Art von Bildern und ist f\u00fcr unterschiedliche Aufgaben geeignet. Nahezu jede(r) ist fasziniert von Luftbildern, den Blick auf unsere Erde aus der Perspektive\u2026","rel":"","context":"\u00c4hnlicher Beitrag","block_context":{"text":"\u00c4hnlicher Beitrag","link":""},"img":{"alt_text":"","src":"https:\/\/i0.wp.com\/deltaimage.de\/wp\/wp-content\/uploads\/ZY5M0868_1200.jpg?fit=1200%2C450&ssl=1&resize=350%2C200","width":350,"height":200,"srcset":"https:\/\/i0.wp.com\/deltaimage.de\/wp\/wp-content\/uploads\/ZY5M0868_1200.jpg?fit=1200%2C450&ssl=1&resize=350%2C200 1x, https:\/\/i0.wp.com\/deltaimage.de\/wp\/wp-content\/uploads\/ZY5M0868_1200.jpg?fit=1200%2C450&ssl=1&resize=525%2C300 1.5x, https:\/\/i0.wp.com\/deltaimage.de\/wp\/wp-content\/uploads\/ZY5M0868_1200.jpg?fit=1200%2C450&ssl=1&resize=700%2C400 2x, https:\/\/i0.wp.com\/deltaimage.de\/wp\/wp-content\/uploads\/ZY5M0868_1200.jpg?fit=1200%2C450&ssl=1&resize=1050%2C600 3x"},"classes":[]},{"id":13636,"url":"https:\/\/deltaimage.de\/wp\/?portfolio=paul-eschbach-schleissheim-der-aelteste-flugplatz-in-bayern-teil-1-nordroute-ost-route","url_meta":{"origin":16346,"position":5},"title":"Paul Eschbach &#8211; Schlei\u00dfheim der \u00e4lteste Flugplatz in Bayern &#8211; Teil 1: Nord-Route &#038; Ost-Route","author":"EschbacP","date":"24. Februar 2017","format":false,"excerpt":"Der erste Band zur gedruckten Flugplatzwanderung am \u00e4ltesten Flugplatz in Bayern ist fertig. Der 100-j\u00e4hrige Flugplatz Schlei\u00dfheim kann nun von jedem Interessenten selbst erwandert werden und dabei wissenswertes \u00fcber die Geschichte der Luftfahrt in Bayern erfahren. \u00a0 Teil 1: Nord-Route und Ost-Route Nun sind alle 4 Routen als gedruckte Ausgabe\u2026","rel":"","context":"\u00c4hnlicher Beitrag","block_context":{"text":"\u00c4hnlicher Beitrag","link":""},"img":{"alt_text":"","src":"https:\/\/i0.wp.com\/deltaimage.de\/wp\/wp-content\/uploads\/Flugplatzfuehrer-Band_1m.jpg?fit=622%2C873&ssl=1&resize=350%2C200","width":350,"height":200,"srcset":"https:\/\/i0.wp.com\/deltaimage.de\/wp\/wp-content\/uploads\/Flugplatzfuehrer-Band_1m.jpg?fit=622%2C873&ssl=1&resize=350%2C200 1x, https:\/\/i0.wp.com\/deltaimage.de\/wp\/wp-content\/uploads\/Flugplatzfuehrer-Band_1m.jpg?fit=622%2C873&ssl=1&resize=525%2C300 1.5x"},"classes":[]}],"jetpack_sharing_enabled":true,"_links":{"self":[{"href":"https:\/\/deltaimage.de\/wp\/index.php?rest_route=\/wp\/v2\/jetpack-portfolio\/16346","targetHints":{"allow":["GET"]}}],"collection":[{"href":"https:\/\/deltaimage.de\/wp\/index.php?rest_route=\/wp\/v2\/jetpack-portfolio"}],"about":[{"href":"https:\/\/deltaimage.de\/wp\/index.php?rest_route=\/wp\/v2\/types\/jetpack-portfolio"}],"author":[{"embeddable":true,"href":"https:\/\/deltaimage.de\/wp\/index.php?rest_route=\/wp\/v2\/users\/1"}],"replies":[{"embeddable":true,"href":"https:\/\/deltaimage.de\/wp\/index.php?rest_route=%2Fwp%2Fv2%2Fcomments&post=16346"}],"version-history":[{"count":9,"href":"https:\/\/deltaimage.de\/wp\/index.php?rest_route=\/wp\/v2\/jetpack-portfolio\/16346\/revisions"}],"predecessor-version":[{"id":36847,"href":"https:\/\/deltaimage.de\/wp\/index.php?rest_route=\/wp\/v2\/jetpack-portfolio\/16346\/revisions\/36847"}],"wp:featuredmedia":[{"embeddable":true,"href":"https:\/\/deltaimage.de\/wp\/index.php?rest_route=\/wp\/v2\/media\/27315"}],"wp:attachment":[{"href":"https:\/\/deltaimage.de\/wp\/index.php?rest_route=%2Fwp%2Fv2%2Fmedia&parent=16346"}],"wp:term":[{"taxonomy":"jetpack-portfolio-type","embeddable":true,"href":"https:\/\/deltaimage.de\/wp\/index.php?rest_route=%2Fwp%2Fv2%2Fjetpack-portfolio-type&post=16346"},{"taxonomy":"jetpack-portfolio-tag","embeddable":true,"href":"https:\/\/deltaimage.de\/wp\/index.php?rest_route=%2Fwp%2Fv2%2Fjetpack-portfolio-tag&post=16346"}],"curies":[{"name":"wp","href":"https:\/\/api.w.org\/{rel}","templated":true}]}}