{"id":20655,"date":"2018-11-25T12:50:22","date_gmt":"2018-11-25T11:50:22","guid":{"rendered":"http:\/\/deltaimage.de\/wp\/?post_type=jetpack-portfolio&#038;p=20655"},"modified":"2022-10-17T15:55:59","modified_gmt":"2022-10-17T14:55:59","slug":"kontinentale-pflanzenarten","status":"publish","type":"jetpack-portfolio","link":"https:\/\/deltaimage.de\/wp\/?portfolio=kontinentale-pflanzenarten","title":{"rendered":"Pannonische Pflanzenarten"},"content":{"rendered":"<p><a href=\"https:\/\/i0.wp.com\/deltaimage.de\/wp\/wp-content\/uploads\/ZY5M1916_900-1.jpg\"><img data-recalc-dims=\"1\" loading=\"lazy\" decoding=\"async\" data-attachment-id=\"20758\" data-permalink=\"https:\/\/deltaimage.de\/wp\/?attachment_id=20758#main\" data-orig-file=\"https:\/\/i0.wp.com\/deltaimage.de\/wp\/wp-content\/uploads\/ZY5M1916_900-1.jpg?fit=890%2C593&amp;ssl=1\" data-orig-size=\"890,593\" data-comments-opened=\"0\" data-image-meta=\"{&quot;aperture&quot;:&quot;7.1&quot;,&quot;credit&quot;:&quot;Paul Eschbach&quot;,&quot;camera&quot;:&quot;Canon EOS-1Ds Mark II&quot;,&quot;caption&quot;:&quot;&quot;,&quot;created_timestamp&quot;:&quot;1270796080&quot;,&quot;copyright&quot;:&quot;&quot;,&quot;focal_length&quot;:&quot;90&quot;,&quot;iso&quot;:&quot;200&quot;,&quot;shutter_speed&quot;:&quot;0.002&quot;,&quot;title&quot;:&quot;ZY5M1916&quot;,&quot;orientation&quot;:&quot;0&quot;}\" data-image-title=\"ZY5M1916\" data-image-description=\"\" data-image-caption=\"\" data-large-file=\"https:\/\/i0.wp.com\/deltaimage.de\/wp\/wp-content\/uploads\/ZY5M1916_900-1.jpg?fit=890%2C593&amp;ssl=1\" class=\"size-full wp-image-20758 aligncenter\" src=\"https:\/\/i0.wp.com\/deltaimage.de\/wp\/wp-content\/uploads\/ZY5M1916_900-1.jpg?resize=890%2C593\" alt=\"\" width=\"890\" height=\"593\" srcset=\"https:\/\/i0.wp.com\/deltaimage.de\/wp\/wp-content\/uploads\/ZY5M1916_900-1.jpg?w=890&amp;ssl=1 890w, https:\/\/i0.wp.com\/deltaimage.de\/wp\/wp-content\/uploads\/ZY5M1916_900-1.jpg?resize=200%2C133&amp;ssl=1 200w, https:\/\/i0.wp.com\/deltaimage.de\/wp\/wp-content\/uploads\/ZY5M1916_900-1.jpg?resize=300%2C200&amp;ssl=1 300w, https:\/\/i0.wp.com\/deltaimage.de\/wp\/wp-content\/uploads\/ZY5M1916_900-1.jpg?resize=675%2C450&amp;ssl=1 675w, https:\/\/i0.wp.com\/deltaimage.de\/wp\/wp-content\/uploads\/ZY5M1916_900-1.jpg?resize=600%2C400&amp;ssl=1 600w\" sizes=\"auto, (max-width: 890px) 100vw, 890px\" \/><\/a><\/p>\n<p>Wegen der Kombination aus Trockenheit und N\u00e4hrstoffmangel haben sich in der Garchinger Heide Pflanzenarten erhalten, die andernorts durch konkurrenzst\u00e4rkere Arten verdr\u00e4ngt wurden. Diese stammen aus sehr unterschiedlichen botanischen Florenprovinzen (Regionen).<\/p>\n<p>Die Garchinger Heide liegt in unmittelbarer N\u00e4he der Isar und dem \u00dcberschwemmungsgebiet der Isarauen, ein idealer Standort um unterschiedliche Pflanzengattungen aus den unterschiedlichsten Regionen hier heimisch werden zu lassen.<\/p>\n<p>&nbsp;<\/p>\n<h2>Pannonische Pflanzenarten wanderte die Donau und die Isar flussaufw\u00e4rts<\/h2>\n<p>Entlang der gro\u00dfen Fl\u00fcsse breitet sich oft die Vegetation aus. Am Wasser ist Leben, Raum und immer gen\u00fcgend Lebensraumnischen um von Generation zu Generation weiter flussaufw\u00e4rts wandern zu k\u00f6nnen. Der Transport durch Wind und \u00fcber Jahrhunderte durch das Gewerbe der Fl\u00f6\u00dferei entlang der Donau und der Isar beg\u00fcnstigen die Wanderung der Spezies.<\/p>\n<p>Diese Kombination mit Arten aus vier Gro\u00dfregionen ist einmalig und die Garchinger Heide und ihr Umfeld sind der letzte verbleibende Rest dieser Landschaft, die noch im Jahr 1850 15.000\u202fha gro\u00df war.<\/p>\n<p>Vertreter der pannonischen Pflanzenarten sind auf der Garchinger Heide u.a. zu nennen:<\/p>\n<ul>\n<li>Adonisr\u00f6schen<\/li>\n<li>Fr\u00fchlings-Adonis<\/li>\n<li>Purpur-K\u00f6nigskerze<\/li>\n<li>Lein<\/li>\n<li>Kuhschelle<\/li>\n<li>Backenklee<\/li>\n<\/ul>\n<p>Die weite pannonische Wiesensteppe bietet \u00e4hnliche vergleichbare Standortbedingungen wie auf der Garchinger Heide entstand durch die Kultivierung von ehemaligem Waldboden durch Brandrodung und anschlie\u00dfender extensive Beweidung als Kulturland \u00fcber Jahrhunderte. Ein wertvoller arten- und bl\u00fctenreicher Standort hat sich entwickelt. Typische Arten der ungarischen Steppe sind jetzt auf der Garchinger Heide zu finden.<\/p>\n<p>&nbsp;<\/p>\n<h2>Kuhschelle\u00a0auf der Garchinger Heide<\/h2>\n<p><a href=\"https:\/\/i0.wp.com\/deltaimage.de\/wp\/wp-content\/uploads\/ZY5M2142_900.jpg\"><img data-recalc-dims=\"1\" loading=\"lazy\" decoding=\"async\" data-attachment-id=\"20759\" data-permalink=\"https:\/\/deltaimage.de\/wp\/?attachment_id=20759#main\" data-orig-file=\"https:\/\/i0.wp.com\/deltaimage.de\/wp\/wp-content\/uploads\/ZY5M2142_900.jpg?fit=593%2C890&amp;ssl=1\" data-orig-size=\"593,890\" data-comments-opened=\"0\" data-image-meta=\"{&quot;aperture&quot;:&quot;5&quot;,&quot;credit&quot;:&quot;Paul Eschbach&quot;,&quot;camera&quot;:&quot;Canon EOS-1Ds Mark II&quot;,&quot;caption&quot;:&quot;&quot;,&quot;created_timestamp&quot;:&quot;1272046019&quot;,&quot;copyright&quot;:&quot;&quot;,&quot;focal_length&quot;:&quot;90&quot;,&quot;iso&quot;:&quot;800&quot;,&quot;shutter_speed&quot;:&quot;0.016666666666667&quot;,&quot;title&quot;:&quot;ZY5M2142&quot;,&quot;orientation&quot;:&quot;0&quot;}\" data-image-title=\"ZY5M2142\" data-image-description=\"\" data-image-caption=\"\" data-large-file=\"https:\/\/i0.wp.com\/deltaimage.de\/wp\/wp-content\/uploads\/ZY5M2142_900.jpg?fit=593%2C890&amp;ssl=1\" class=\"size-full wp-image-20759 aligncenter\" src=\"https:\/\/i0.wp.com\/deltaimage.de\/wp\/wp-content\/uploads\/ZY5M2142_900.jpg?resize=593%2C890\" alt=\"\" width=\"593\" height=\"890\" srcset=\"https:\/\/i0.wp.com\/deltaimage.de\/wp\/wp-content\/uploads\/ZY5M2142_900.jpg?w=593&amp;ssl=1 593w, https:\/\/i0.wp.com\/deltaimage.de\/wp\/wp-content\/uploads\/ZY5M2142_900.jpg?resize=133%2C200&amp;ssl=1 133w, https:\/\/i0.wp.com\/deltaimage.de\/wp\/wp-content\/uploads\/ZY5M2142_900.jpg?resize=200%2C300&amp;ssl=1 200w, https:\/\/i0.wp.com\/deltaimage.de\/wp\/wp-content\/uploads\/ZY5M2142_900.jpg?resize=395%2C593&amp;ssl=1 395w, https:\/\/i0.wp.com\/deltaimage.de\/wp\/wp-content\/uploads\/ZY5M2142_900.jpg?resize=300%2C450&amp;ssl=1 300w, https:\/\/i0.wp.com\/deltaimage.de\/wp\/wp-content\/uploads\/ZY5M2142_900.jpg?resize=267%2C400&amp;ssl=1 267w\" sizes=\"auto, (max-width: 593px) 100vw, 593px\" \/><\/a><\/p>\n<p>&nbsp;<\/p>\n<h2>Adonisr\u00f6schen\u00a0auf der Garchinger Heide<\/h2>\n<p><a href=\"https:\/\/i0.wp.com\/deltaimage.de\/wp\/wp-content\/uploads\/ZY5M9640_900.jpg\"><img data-recalc-dims=\"1\" loading=\"lazy\" decoding=\"async\" data-attachment-id=\"20731\" data-permalink=\"https:\/\/deltaimage.de\/wp\/?attachment_id=20731\" data-orig-file=\"https:\/\/i0.wp.com\/deltaimage.de\/wp\/wp-content\/uploads\/ZY5M9640_900.jpg?fit=890%2C593&amp;ssl=1\" data-orig-size=\"890,593\" data-comments-opened=\"0\" data-image-meta=\"{&quot;aperture&quot;:&quot;8&quot;,&quot;credit&quot;:&quot;Paul Eschbach&quot;,&quot;camera&quot;:&quot;Canon EOS-1Ds Mark II&quot;,&quot;caption&quot;:&quot;&quot;,&quot;created_timestamp&quot;:&quot;1302339297&quot;,&quot;copyright&quot;:&quot;&quot;,&quot;focal_length&quot;:&quot;90&quot;,&quot;iso&quot;:&quot;200&quot;,&quot;shutter_speed&quot;:&quot;0.002&quot;,&quot;title&quot;:&quot;ZY5M9640&quot;,&quot;orientation&quot;:&quot;0&quot;}\" data-image-title=\"ZY5M9640\" data-image-description=\"\" data-image-caption=\"\" data-large-file=\"https:\/\/i0.wp.com\/deltaimage.de\/wp\/wp-content\/uploads\/ZY5M9640_900.jpg?fit=890%2C593&amp;ssl=1\" class=\"size-full wp-image-20731 aligncenter\" src=\"https:\/\/i0.wp.com\/deltaimage.de\/wp\/wp-content\/uploads\/ZY5M9640_900.jpg?resize=890%2C593\" alt=\"\" width=\"890\" height=\"593\" srcset=\"https:\/\/i0.wp.com\/deltaimage.de\/wp\/wp-content\/uploads\/ZY5M9640_900.jpg?w=890&amp;ssl=1 890w, https:\/\/i0.wp.com\/deltaimage.de\/wp\/wp-content\/uploads\/ZY5M9640_900.jpg?resize=200%2C133&amp;ssl=1 200w, https:\/\/i0.wp.com\/deltaimage.de\/wp\/wp-content\/uploads\/ZY5M9640_900.jpg?resize=300%2C200&amp;ssl=1 300w, https:\/\/i0.wp.com\/deltaimage.de\/wp\/wp-content\/uploads\/ZY5M9640_900.jpg?resize=675%2C450&amp;ssl=1 675w, https:\/\/i0.wp.com\/deltaimage.de\/wp\/wp-content\/uploads\/ZY5M9640_900.jpg?resize=600%2C400&amp;ssl=1 600w\" sizes=\"auto, (max-width: 890px) 100vw, 890px\" \/><\/a><\/p>\n<h2>Lein auf der Garchinger Heide<\/h2>\n<p><a href=\"https:\/\/i0.wp.com\/deltaimage.de\/wp\/wp-content\/uploads\/ZY5M3017_900.jpg\"><img data-recalc-dims=\"1\" loading=\"lazy\" decoding=\"async\" data-attachment-id=\"20761\" data-permalink=\"https:\/\/deltaimage.de\/wp\/?attachment_id=20761#main\" data-orig-file=\"https:\/\/i0.wp.com\/deltaimage.de\/wp\/wp-content\/uploads\/ZY5M3017_900.jpg?fit=890%2C593&amp;ssl=1\" data-orig-size=\"890,593\" data-comments-opened=\"0\" data-image-meta=\"{&quot;aperture&quot;:&quot;13&quot;,&quot;credit&quot;:&quot;Paul Eschbach&quot;,&quot;camera&quot;:&quot;Canon EOS-1Ds Mark II&quot;,&quot;caption&quot;:&quot;&quot;,&quot;created_timestamp&quot;:&quot;1277638298&quot;,&quot;copyright&quot;:&quot;&quot;,&quot;focal_length&quot;:&quot;90&quot;,&quot;iso&quot;:&quot;200&quot;,&quot;shutter_speed&quot;:&quot;0.005&quot;,&quot;title&quot;:&quot;ZY5M3017&quot;,&quot;orientation&quot;:&quot;0&quot;}\" data-image-title=\"ZY5M3017\" data-image-description=\"\" data-image-caption=\"\" data-large-file=\"https:\/\/i0.wp.com\/deltaimage.de\/wp\/wp-content\/uploads\/ZY5M3017_900.jpg?fit=890%2C593&amp;ssl=1\" class=\"size-full wp-image-20761 aligncenter\" src=\"https:\/\/i0.wp.com\/deltaimage.de\/wp\/wp-content\/uploads\/ZY5M3017_900.jpg?resize=890%2C593\" alt=\"\" width=\"890\" height=\"593\" srcset=\"https:\/\/i0.wp.com\/deltaimage.de\/wp\/wp-content\/uploads\/ZY5M3017_900.jpg?w=890&amp;ssl=1 890w, https:\/\/i0.wp.com\/deltaimage.de\/wp\/wp-content\/uploads\/ZY5M3017_900.jpg?resize=200%2C133&amp;ssl=1 200w, https:\/\/i0.wp.com\/deltaimage.de\/wp\/wp-content\/uploads\/ZY5M3017_900.jpg?resize=300%2C200&amp;ssl=1 300w, https:\/\/i0.wp.com\/deltaimage.de\/wp\/wp-content\/uploads\/ZY5M3017_900.jpg?resize=675%2C450&amp;ssl=1 675w, https:\/\/i0.wp.com\/deltaimage.de\/wp\/wp-content\/uploads\/ZY5M3017_900.jpg?resize=600%2C400&amp;ssl=1 600w\" sizes=\"auto, (max-width: 890px) 100vw, 890px\" \/><\/a><\/p>\n<p>&nbsp;<\/p>\n","protected":false},"excerpt":{"rendered":"<p>Wegen der Kombination aus Trockenheit und N\u00e4hrstoffmangel haben sich in der Garchinger Heide Pflanzenarten erhalten, die andernorts durch konkurrenzst\u00e4rkere Arten verdr\u00e4ngt wurden. Diese stammen aus sehr unterschiedlichen botanischen Florenprovinzen (Regionen). [&hellip;]<\/p>\n","protected":false},"author":1,"featured_media":20764,"comment_status":"closed","ping_status":"closed","template":"","format":"standard","meta":{"wpupg_custom_link":[],"wpupg_custom_link_behaviour":[],"wpupg_custom_link_nofollow":[],"wpupg_custom_image":[],"wpupg_custom_image_id":[],"jetpack_post_was_ever_published":false,"footnotes":""},"jetpack-portfolio-type":[2413],"jetpack-portfolio-tag":[2428,2429,2421,2430,2431],"class_list":["post-20655","jetpack-portfolio","type-jetpack-portfolio","status-publish","format-standard","has-post-thumbnail","hentry","jetpack-portfolio-type-heide","jetpack-portfolio-tag-adonis","jetpack-portfolio-tag-backenklee","jetpack-portfolio-tag-garchinger-heide","jetpack-portfolio-tag-pannonische-arten","jetpack-portfolio-tag-ungarische-steppe"],"jetpack-related-posts":[{"id":20654,"url":"https:\/\/deltaimage.de\/wp\/?portfolio=mediterane-pflanzenarten","url_meta":{"origin":20655,"position":0},"title":"Mediterane Pflanzenarten","author":"EschbacP","date":"25. November 2018","format":false,"excerpt":"Die Garchinger Heide liegt an der Schnittstelle zwischen dem Alpenvorland, dem Einzugsgebiet der Isar, dem n\u00f6rdlichen Ende der Eiszeit Gletscher dem Einzugsgebiet alpiner Windsysteme, speziell dem F\u00f6hn, dem Einzugsgebiet der Donau \u00fcber die Isar An diesem Schnittpunkt hat sich viel l\u00e4nger als an vielen anderen Orten ein nat\u00fcrlicher Lebensraum f\u00fcr\u2026","rel":"","context":"\u00c4hnlicher Beitrag","block_context":{"text":"\u00c4hnlicher Beitrag","link":""},"img":{"alt_text":"","src":"https:\/\/i0.wp.com\/deltaimage.de\/wp\/wp-content\/uploads\/ZY5M3022_900.jpg?fit=890%2C593&ssl=1&resize=350%2C200","width":350,"height":200,"srcset":"https:\/\/i0.wp.com\/deltaimage.de\/wp\/wp-content\/uploads\/ZY5M3022_900.jpg?fit=890%2C593&ssl=1&resize=350%2C200 1x, https:\/\/i0.wp.com\/deltaimage.de\/wp\/wp-content\/uploads\/ZY5M3022_900.jpg?fit=890%2C593&ssl=1&resize=525%2C300 1.5x, https:\/\/i0.wp.com\/deltaimage.de\/wp\/wp-content\/uploads\/ZY5M3022_900.jpg?fit=890%2C593&ssl=1&resize=700%2C400 2x"},"classes":[]},{"id":20653,"url":"https:\/\/deltaimage.de\/wp\/?portfolio=alpine-pflanzenarten","url_meta":{"origin":20655,"position":1},"title":"Alpine Pflanzenarten","author":"EschbacP","date":"25. November 2018","format":false,"excerpt":"Die Garchinger Heide liegt in unmittelbarer N\u00e4he der nahen Isar und der Isarauen und damit im Einzugsgebiet des \u00dcberschwemmungsgebiet des wilden Alpenflusses. Pflanzen und Biotope wandern bevorzugt entlang von Fl\u00fcssen und breiten sich sucksesive an der Achse entlang aus. Am n\u00f6rdlichen Ende der M\u00fcnchener Schotterebene finden die Pflanzen einen letzten\u2026","rel":"","context":"\u00c4hnlicher Beitrag","block_context":{"text":"\u00c4hnlicher Beitrag","link":""},"img":{"alt_text":"","src":"https:\/\/i0.wp.com\/deltaimage.de\/wp\/wp-content\/uploads\/PE1D2341_900.jpg?fit=890%2C593&ssl=1&resize=350%2C200","width":350,"height":200,"srcset":"https:\/\/i0.wp.com\/deltaimage.de\/wp\/wp-content\/uploads\/PE1D2341_900.jpg?fit=890%2C593&ssl=1&resize=350%2C200 1x, https:\/\/i0.wp.com\/deltaimage.de\/wp\/wp-content\/uploads\/PE1D2341_900.jpg?fit=890%2C593&ssl=1&resize=525%2C300 1.5x, https:\/\/i0.wp.com\/deltaimage.de\/wp\/wp-content\/uploads\/PE1D2341_900.jpg?fit=890%2C593&ssl=1&resize=700%2C400 2x"},"classes":[]},{"id":20784,"url":"https:\/\/deltaimage.de\/wp\/?portfolio=kontinentale-pflanzengesellschaften","url_meta":{"origin":20655,"position":2},"title":"Kontinentale Pflanzenarten","author":"EschbacP","date":"8. Dezember 2018","format":false,"excerpt":"Viele Pflanzenarten auf der Garchinger Heide stammen zum Teil aus den kontinentalen Regionen Europas und sind mit anderen Biotopregionen in Deutschland vergleichbar. gerade die typischen Pflanzenvertreter der Heidelandschaft haben sich ebenso hier angesammelt und einen gesch\u00fctzten Heimatbereich gefunden. \u00a0 Kontinentale Heidepflanzen auf der Garchinger Heide Das Fr\u00fchlings-Adonisr\u00f6schen ist eine der\u2026","rel":"","context":"\u00c4hnlicher Beitrag","block_context":{"text":"\u00c4hnlicher Beitrag","link":""},"img":{"alt_text":"","src":"https:\/\/i0.wp.com\/deltaimage.de\/wp\/wp-content\/uploads\/ZY5M8496_900.jpg?fit=890%2C593&ssl=1&resize=350%2C200","width":350,"height":200,"srcset":"https:\/\/i0.wp.com\/deltaimage.de\/wp\/wp-content\/uploads\/ZY5M8496_900.jpg?fit=890%2C593&ssl=1&resize=350%2C200 1x, https:\/\/i0.wp.com\/deltaimage.de\/wp\/wp-content\/uploads\/ZY5M8496_900.jpg?fit=890%2C593&ssl=1&resize=525%2C300 1.5x, https:\/\/i0.wp.com\/deltaimage.de\/wp\/wp-content\/uploads\/ZY5M8496_900.jpg?fit=890%2C593&ssl=1&resize=700%2C400 2x"},"classes":[]},{"id":13341,"url":"https:\/\/deltaimage.de\/wp\/?portfolio=luftbild-fotografie","url_meta":{"origin":20655,"position":3},"title":"Luftbild-Fotografie (Drohne &#038; Flugzeug)","author":"EschbacP","date":"31. Januar 2017","format":false,"excerpt":"Die Luftbild-Fotografie ist entweder aus dem Flugzeug, oder mit Hilfe von Drohnen - beides ist gleicherma\u00dfen faszinierend und spannend. Wir machen beide Formen, jede erzeugt eine andere Art von Bildern und ist f\u00fcr unterschiedliche Aufgaben geeignet. Nahezu jede(r) ist fasziniert von Luftbildern, den Blick auf unsere Erde aus der Perspektive\u2026","rel":"","context":"\u00c4hnlicher Beitrag","block_context":{"text":"\u00c4hnlicher Beitrag","link":""},"img":{"alt_text":"","src":"https:\/\/i0.wp.com\/deltaimage.de\/wp\/wp-content\/uploads\/ZY5M0868_1200.jpg?fit=1200%2C450&ssl=1&resize=350%2C200","width":350,"height":200,"srcset":"https:\/\/i0.wp.com\/deltaimage.de\/wp\/wp-content\/uploads\/ZY5M0868_1200.jpg?fit=1200%2C450&ssl=1&resize=350%2C200 1x, https:\/\/i0.wp.com\/deltaimage.de\/wp\/wp-content\/uploads\/ZY5M0868_1200.jpg?fit=1200%2C450&ssl=1&resize=525%2C300 1.5x, https:\/\/i0.wp.com\/deltaimage.de\/wp\/wp-content\/uploads\/ZY5M0868_1200.jpg?fit=1200%2C450&ssl=1&resize=700%2C400 2x, https:\/\/i0.wp.com\/deltaimage.de\/wp\/wp-content\/uploads\/ZY5M0868_1200.jpg?fit=1200%2C450&ssl=1&resize=1050%2C600 3x"},"classes":[]},{"id":13643,"url":"https:\/\/deltaimage.de\/wp\/?portfolio=paul-eschbach-fotobildband-projektdokumentation-tz-puls-ueber-24-monate","url_meta":{"origin":20655,"position":4},"title":"Paul Eschbach &#8211; Fotobildband Projektdokumentation TZ PULS \u00fcber 24 Monate","author":"EschbacP","date":"13. November 2017","format":false,"excerpt":"Aus dem vielen Bildmaterial \u00fcber 24 Monate ist in enger Zusammenarbeit mit der Stadt Dingolfing, der Hochschule Landshut und SAR Electronic eine umfassende Projektdokumentation der Baugeschichte \u00fcber 24 Monate entstanden. Fotobuch im Echtfotodruck, bedeutet Auflage ab 1 St\u00fcck \u2013 ohne Vorproduktion. Wer bestellt bekommt ein Buch zugesendet. Das kann auch\u2026","rel":"","context":"\u00c4hnlicher Beitrag","block_context":{"text":"\u00c4hnlicher Beitrag","link":""},"img":{"alt_text":"","src":"https:\/\/i0.wp.com\/deltaimage.de\/wp\/wp-content\/uploads\/Fotobuch_TZ_PuLS.jpg?fit=871%2C616&ssl=1&resize=350%2C200","width":350,"height":200,"srcset":"https:\/\/i0.wp.com\/deltaimage.de\/wp\/wp-content\/uploads\/Fotobuch_TZ_PuLS.jpg?fit=871%2C616&ssl=1&resize=350%2C200 1x, https:\/\/i0.wp.com\/deltaimage.de\/wp\/wp-content\/uploads\/Fotobuch_TZ_PuLS.jpg?fit=871%2C616&ssl=1&resize=525%2C300 1.5x, https:\/\/i0.wp.com\/deltaimage.de\/wp\/wp-content\/uploads\/Fotobuch_TZ_PuLS.jpg?fit=871%2C616&ssl=1&resize=700%2C400 2x"},"classes":[]},{"id":13362,"url":"https:\/\/deltaimage.de\/wp\/?portfolio=energie","url_meta":{"origin":20655,"position":5},"title":"Energie","author":"EschbacP","date":"31. Januar 2017","format":false,"excerpt":"Unsere Industriegesellschaft ist auf Energie als Treibstoff f\u00fcr Industrie, Handel, Transport und das Leben an sich. Energie ist ein elementarer Bestandteil der Infrastruktur und eine wesentliche Standortbedingung. Energie wird in modernen Industrieanlagen umgewandelt und f\u00fcr unser t\u00e4gliches Leben nutzbar. Energie ist der Antrieb f\u00fcr die Gesellschaft, hier wird Energie umgewandelt,\u2026","rel":"","context":"\u00c4hnlicher Beitrag","block_context":{"text":"\u00c4hnlicher Beitrag","link":""},"img":{"alt_text":"","src":"https:\/\/i0.wp.com\/deltaimage.de\/wp\/wp-content\/uploads\/ZY5M0569_1200.jpg?fit=1200%2C450&ssl=1&resize=350%2C200","width":350,"height":200,"srcset":"https:\/\/i0.wp.com\/deltaimage.de\/wp\/wp-content\/uploads\/ZY5M0569_1200.jpg?fit=1200%2C450&ssl=1&resize=350%2C200 1x, https:\/\/i0.wp.com\/deltaimage.de\/wp\/wp-content\/uploads\/ZY5M0569_1200.jpg?fit=1200%2C450&ssl=1&resize=525%2C300 1.5x, https:\/\/i0.wp.com\/deltaimage.de\/wp\/wp-content\/uploads\/ZY5M0569_1200.jpg?fit=1200%2C450&ssl=1&resize=700%2C400 2x, https:\/\/i0.wp.com\/deltaimage.de\/wp\/wp-content\/uploads\/ZY5M0569_1200.jpg?fit=1200%2C450&ssl=1&resize=1050%2C600 3x"},"classes":[]}],"jetpack_sharing_enabled":true,"_links":{"self":[{"href":"https:\/\/deltaimage.de\/wp\/index.php?rest_route=\/wp\/v2\/jetpack-portfolio\/20655","targetHints":{"allow":["GET"]}}],"collection":[{"href":"https:\/\/deltaimage.de\/wp\/index.php?rest_route=\/wp\/v2\/jetpack-portfolio"}],"about":[{"href":"https:\/\/deltaimage.de\/wp\/index.php?rest_route=\/wp\/v2\/types\/jetpack-portfolio"}],"author":[{"embeddable":true,"href":"https:\/\/deltaimage.de\/wp\/index.php?rest_route=\/wp\/v2\/users\/1"}],"replies":[{"embeddable":true,"href":"https:\/\/deltaimage.de\/wp\/index.php?rest_route=%2Fwp%2Fv2%2Fcomments&post=20655"}],"version-history":[{"count":10,"href":"https:\/\/deltaimage.de\/wp\/index.php?rest_route=\/wp\/v2\/jetpack-portfolio\/20655\/revisions"}],"predecessor-version":[{"id":37236,"href":"https:\/\/deltaimage.de\/wp\/index.php?rest_route=\/wp\/v2\/jetpack-portfolio\/20655\/revisions\/37236"}],"wp:featuredmedia":[{"embeddable":true,"href":"https:\/\/deltaimage.de\/wp\/index.php?rest_route=\/wp\/v2\/media\/20764"}],"wp:attachment":[{"href":"https:\/\/deltaimage.de\/wp\/index.php?rest_route=%2Fwp%2Fv2%2Fmedia&parent=20655"}],"wp:term":[{"taxonomy":"jetpack-portfolio-type","embeddable":true,"href":"https:\/\/deltaimage.de\/wp\/index.php?rest_route=%2Fwp%2Fv2%2Fjetpack-portfolio-type&post=20655"},{"taxonomy":"jetpack-portfolio-tag","embeddable":true,"href":"https:\/\/deltaimage.de\/wp\/index.php?rest_route=%2Fwp%2Fv2%2Fjetpack-portfolio-tag&post=20655"}],"curies":[{"name":"wp","href":"https:\/\/api.w.org\/{rel}","templated":true}]}}