{"id":20784,"date":"2018-12-08T23:51:11","date_gmt":"2018-12-08T22:51:11","guid":{"rendered":"http:\/\/deltaimage.de\/wp\/?post_type=jetpack-portfolio&#038;p=20784"},"modified":"2022-10-17T16:10:27","modified_gmt":"2022-10-17T15:10:27","slug":"kontinentale-pflanzengesellschaften","status":"publish","type":"jetpack-portfolio","link":"https:\/\/deltaimage.de\/wp\/?portfolio=kontinentale-pflanzengesellschaften","title":{"rendered":"Kontinentale Pflanzenarten"},"content":{"rendered":"<p><a href=\"https:\/\/i0.wp.com\/deltaimage.de\/wp\/wp-content\/uploads\/ZY5M8496_900.jpg\"><img data-recalc-dims=\"1\" loading=\"lazy\" decoding=\"async\" data-attachment-id=\"20763\" data-permalink=\"https:\/\/deltaimage.de\/wp\/?attachment_id=20763#main\" data-orig-file=\"https:\/\/i0.wp.com\/deltaimage.de\/wp\/wp-content\/uploads\/ZY5M8496_900.jpg?fit=890%2C593&amp;ssl=1\" data-orig-size=\"890,593\" data-comments-opened=\"0\" data-image-meta=\"{&quot;aperture&quot;:&quot;10&quot;,&quot;credit&quot;:&quot;Paul Eschbach&quot;,&quot;camera&quot;:&quot;Canon EOS-1Ds Mark II&quot;,&quot;caption&quot;:&quot;&quot;,&quot;created_timestamp&quot;:&quot;1365836372&quot;,&quot;copyright&quot;:&quot;&quot;,&quot;focal_length&quot;:&quot;24&quot;,&quot;iso&quot;:&quot;200&quot;,&quot;shutter_speed&quot;:&quot;0.002&quot;,&quot;title&quot;:&quot;ZY5M8496&quot;,&quot;orientation&quot;:&quot;0&quot;}\" data-image-title=\"ZY5M8496\" data-image-description=\"\" data-image-caption=\"\" data-large-file=\"https:\/\/i0.wp.com\/deltaimage.de\/wp\/wp-content\/uploads\/ZY5M8496_900.jpg?fit=890%2C593&amp;ssl=1\" class=\"size-full wp-image-20763 aligncenter\" src=\"https:\/\/i0.wp.com\/deltaimage.de\/wp\/wp-content\/uploads\/ZY5M8496_900.jpg?resize=890%2C593\" alt=\"\" width=\"890\" height=\"593\" srcset=\"https:\/\/i0.wp.com\/deltaimage.de\/wp\/wp-content\/uploads\/ZY5M8496_900.jpg?w=890&amp;ssl=1 890w, https:\/\/i0.wp.com\/deltaimage.de\/wp\/wp-content\/uploads\/ZY5M8496_900.jpg?resize=200%2C133&amp;ssl=1 200w, https:\/\/i0.wp.com\/deltaimage.de\/wp\/wp-content\/uploads\/ZY5M8496_900.jpg?resize=300%2C200&amp;ssl=1 300w, https:\/\/i0.wp.com\/deltaimage.de\/wp\/wp-content\/uploads\/ZY5M8496_900.jpg?resize=675%2C450&amp;ssl=1 675w, https:\/\/i0.wp.com\/deltaimage.de\/wp\/wp-content\/uploads\/ZY5M8496_900.jpg?resize=600%2C400&amp;ssl=1 600w\" sizes=\"auto, (max-width: 890px) 100vw, 890px\" \/><\/a><\/p>\n<p>Viele Pflanzenarten auf der Garchinger Heide stammen zum Teil aus den kontinentalen Regionen Europas und sind mit anderen Biotopregionen in Deutschland vergleichbar. gerade die typischen Pflanzenvertreter der Heidelandschaft haben sich ebenso hier angesammelt und einen gesch\u00fctzten Heimatbereich gefunden.<\/p>\n<p>&nbsp;<\/p>\n<h2>Kontinentale Heidepflanzen auf der Garchinger Heide<\/h2>\n<p>Das Fr\u00fchlings-Adonisr\u00f6schen ist eine der ersten Bl\u00fcher Ende M\u00e4rz\/Anfang April und zeigt unmissverst\u00e4ndlich den nahen Fr\u00fchling an. Die intensiven gelben Bl\u00fcten lassen die Garchinger Heide in gro\u00dfen Fl\u00e4chen fr\u00fchlingshaft leuchten und ist eine kennzeichnende Pflanzenart der kontinental gepr\u00e4gten Halbtrockenrasen.<\/p>\n<ul>\n<li>Heider\u00f6schen<\/li>\n<li>Erika<\/li>\n<li>Wei\u00dfes Fingerkraut<\/li>\n<li>Heidekraut<\/li>\n<li>Regensburger Ginster<\/li>\n<\/ul>\n<p>&nbsp;<\/p>\n<h2>Heider\u00f6schen auf der Garchinger Heide<\/h2>\n<p><a href=\"https:\/\/i0.wp.com\/deltaimage.de\/wp\/wp-content\/uploads\/ZY5M2221_900.jpg\"><img data-recalc-dims=\"1\" loading=\"lazy\" decoding=\"async\" data-attachment-id=\"20760\" data-permalink=\"https:\/\/deltaimage.de\/wp\/?attachment_id=20760#main\" data-orig-file=\"https:\/\/i0.wp.com\/deltaimage.de\/wp\/wp-content\/uploads\/ZY5M2221_900.jpg?fit=890%2C593&amp;ssl=1\" data-orig-size=\"890,593\" data-comments-opened=\"0\" data-image-meta=\"{&quot;aperture&quot;:&quot;10&quot;,&quot;credit&quot;:&quot;Paul Eschbach&quot;,&quot;camera&quot;:&quot;Canon EOS-1Ds Mark II&quot;,&quot;caption&quot;:&quot;&quot;,&quot;created_timestamp&quot;:&quot;1272703449&quot;,&quot;copyright&quot;:&quot;&quot;,&quot;focal_length&quot;:&quot;90&quot;,&quot;iso&quot;:&quot;200&quot;,&quot;shutter_speed&quot;:&quot;0.008&quot;,&quot;title&quot;:&quot;ZY5M2221&quot;,&quot;orientation&quot;:&quot;0&quot;}\" data-image-title=\"ZY5M2221\" data-image-description=\"\" data-image-caption=\"\" data-large-file=\"https:\/\/i0.wp.com\/deltaimage.de\/wp\/wp-content\/uploads\/ZY5M2221_900.jpg?fit=890%2C593&amp;ssl=1\" class=\"size-full wp-image-20760 aligncenter\" src=\"https:\/\/i0.wp.com\/deltaimage.de\/wp\/wp-content\/uploads\/ZY5M2221_900.jpg?resize=890%2C593\" alt=\"\" width=\"890\" height=\"593\" srcset=\"https:\/\/i0.wp.com\/deltaimage.de\/wp\/wp-content\/uploads\/ZY5M2221_900.jpg?w=890&amp;ssl=1 890w, https:\/\/i0.wp.com\/deltaimage.de\/wp\/wp-content\/uploads\/ZY5M2221_900.jpg?resize=200%2C133&amp;ssl=1 200w, https:\/\/i0.wp.com\/deltaimage.de\/wp\/wp-content\/uploads\/ZY5M2221_900.jpg?resize=300%2C200&amp;ssl=1 300w, https:\/\/i0.wp.com\/deltaimage.de\/wp\/wp-content\/uploads\/ZY5M2221_900.jpg?resize=675%2C450&amp;ssl=1 675w, https:\/\/i0.wp.com\/deltaimage.de\/wp\/wp-content\/uploads\/ZY5M2221_900.jpg?resize=600%2C400&amp;ssl=1 600w\" sizes=\"auto, (max-width: 890px) 100vw, 890px\" \/><\/a><\/p>\n<p>&nbsp;<\/p>\n<h2>Lein auf der Garchinger Heide<\/h2>\n<p><a href=\"https:\/\/i0.wp.com\/deltaimage.de\/wp\/wp-content\/uploads\/ZY5M3017_900.jpg\"><img data-recalc-dims=\"1\" loading=\"lazy\" decoding=\"async\" data-attachment-id=\"20761\" data-permalink=\"https:\/\/deltaimage.de\/wp\/?attachment_id=20761#main\" data-orig-file=\"https:\/\/i0.wp.com\/deltaimage.de\/wp\/wp-content\/uploads\/ZY5M3017_900.jpg?fit=890%2C593&amp;ssl=1\" data-orig-size=\"890,593\" data-comments-opened=\"0\" data-image-meta=\"{&quot;aperture&quot;:&quot;13&quot;,&quot;credit&quot;:&quot;Paul Eschbach&quot;,&quot;camera&quot;:&quot;Canon EOS-1Ds Mark II&quot;,&quot;caption&quot;:&quot;&quot;,&quot;created_timestamp&quot;:&quot;1277638298&quot;,&quot;copyright&quot;:&quot;&quot;,&quot;focal_length&quot;:&quot;90&quot;,&quot;iso&quot;:&quot;200&quot;,&quot;shutter_speed&quot;:&quot;0.005&quot;,&quot;title&quot;:&quot;ZY5M3017&quot;,&quot;orientation&quot;:&quot;0&quot;}\" data-image-title=\"ZY5M3017\" data-image-description=\"\" data-image-caption=\"\" data-large-file=\"https:\/\/i0.wp.com\/deltaimage.de\/wp\/wp-content\/uploads\/ZY5M3017_900.jpg?fit=890%2C593&amp;ssl=1\" class=\"size-full wp-image-20761 aligncenter\" src=\"https:\/\/i0.wp.com\/deltaimage.de\/wp\/wp-content\/uploads\/ZY5M3017_900.jpg?resize=890%2C593\" alt=\"\" width=\"890\" height=\"593\" srcset=\"https:\/\/i0.wp.com\/deltaimage.de\/wp\/wp-content\/uploads\/ZY5M3017_900.jpg?w=890&amp;ssl=1 890w, https:\/\/i0.wp.com\/deltaimage.de\/wp\/wp-content\/uploads\/ZY5M3017_900.jpg?resize=200%2C133&amp;ssl=1 200w, https:\/\/i0.wp.com\/deltaimage.de\/wp\/wp-content\/uploads\/ZY5M3017_900.jpg?resize=300%2C200&amp;ssl=1 300w, https:\/\/i0.wp.com\/deltaimage.de\/wp\/wp-content\/uploads\/ZY5M3017_900.jpg?resize=675%2C450&amp;ssl=1 675w, https:\/\/i0.wp.com\/deltaimage.de\/wp\/wp-content\/uploads\/ZY5M3017_900.jpg?resize=600%2C400&amp;ssl=1 600w\" sizes=\"auto, (max-width: 890px) 100vw, 890px\" \/><\/a><\/p>\n<p>&nbsp;<\/p>\n<h2>Heidekraut auf der Garchinger Heide<\/h2>\n<p><a href=\"https:\/\/i0.wp.com\/deltaimage.de\/wp\/wp-content\/uploads\/ZY5M8496_900.jpg\"><img data-recalc-dims=\"1\" loading=\"lazy\" decoding=\"async\" data-attachment-id=\"20763\" data-permalink=\"https:\/\/deltaimage.de\/wp\/?attachment_id=20763#main\" data-orig-file=\"https:\/\/i0.wp.com\/deltaimage.de\/wp\/wp-content\/uploads\/ZY5M8496_900.jpg?fit=890%2C593&amp;ssl=1\" data-orig-size=\"890,593\" data-comments-opened=\"0\" data-image-meta=\"{&quot;aperture&quot;:&quot;10&quot;,&quot;credit&quot;:&quot;Paul Eschbach&quot;,&quot;camera&quot;:&quot;Canon EOS-1Ds Mark II&quot;,&quot;caption&quot;:&quot;&quot;,&quot;created_timestamp&quot;:&quot;1365836372&quot;,&quot;copyright&quot;:&quot;&quot;,&quot;focal_length&quot;:&quot;24&quot;,&quot;iso&quot;:&quot;200&quot;,&quot;shutter_speed&quot;:&quot;0.002&quot;,&quot;title&quot;:&quot;ZY5M8496&quot;,&quot;orientation&quot;:&quot;0&quot;}\" data-image-title=\"ZY5M8496\" data-image-description=\"\" data-image-caption=\"\" data-large-file=\"https:\/\/i0.wp.com\/deltaimage.de\/wp\/wp-content\/uploads\/ZY5M8496_900.jpg?fit=890%2C593&amp;ssl=1\" class=\"size-full wp-image-20763 aligncenter\" src=\"https:\/\/i0.wp.com\/deltaimage.de\/wp\/wp-content\/uploads\/ZY5M8496_900.jpg?resize=890%2C593\" alt=\"\" width=\"890\" height=\"593\" srcset=\"https:\/\/i0.wp.com\/deltaimage.de\/wp\/wp-content\/uploads\/ZY5M8496_900.jpg?w=890&amp;ssl=1 890w, https:\/\/i0.wp.com\/deltaimage.de\/wp\/wp-content\/uploads\/ZY5M8496_900.jpg?resize=200%2C133&amp;ssl=1 200w, https:\/\/i0.wp.com\/deltaimage.de\/wp\/wp-content\/uploads\/ZY5M8496_900.jpg?resize=300%2C200&amp;ssl=1 300w, https:\/\/i0.wp.com\/deltaimage.de\/wp\/wp-content\/uploads\/ZY5M8496_900.jpg?resize=675%2C450&amp;ssl=1 675w, https:\/\/i0.wp.com\/deltaimage.de\/wp\/wp-content\/uploads\/ZY5M8496_900.jpg?resize=600%2C400&amp;ssl=1 600w\" sizes=\"auto, (max-width: 890px) 100vw, 890px\" \/><\/a><\/p>\n<p>&nbsp;<\/p>\n<p>&nbsp;<\/p>\n","protected":false},"excerpt":{"rendered":"<p>Viele Pflanzenarten auf der Garchinger Heide stammen zum Teil aus den kontinentalen Regionen Europas und sind mit anderen Biotopregionen in Deutschland vergleichbar. gerade die typischen Pflanzenvertreter der Heidelandschaft haben sich [&hellip;]<\/p>\n","protected":false},"author":1,"featured_media":20763,"comment_status":"closed","ping_status":"closed","template":"","format":"standard","meta":{"wpupg_custom_link":[],"wpupg_custom_link_behaviour":[],"wpupg_custom_link_nofollow":[],"wpupg_custom_image":[],"wpupg_custom_image_id":[],"jetpack_post_was_ever_published":false,"footnotes":""},"jetpack-portfolio-type":[2413],"jetpack-portfolio-tag":[1497,2421,2424,2423,2426,2425,2427],"class_list":["post-20784","jetpack-portfolio","type-jetpack-portfolio","status-publish","format-standard","has-post-thumbnail","hentry","jetpack-portfolio-type-heide","jetpack-portfolio-tag-ffh-gebiet","jetpack-portfolio-tag-garchinger-heide","jetpack-portfolio-tag-heidekraut","jetpack-portfolio-tag-heideroeschen","jetpack-portfolio-tag-kontinentale-pflanzenarten","jetpack-portfolio-tag-lein","jetpack-portfolio-tag-naturs2000"],"jetpack-related-posts":[{"id":20655,"url":"https:\/\/deltaimage.de\/wp\/?portfolio=kontinentale-pflanzenarten","url_meta":{"origin":20784,"position":0},"title":"Pannonische Pflanzenarten","author":"EschbacP","date":"25. November 2018","format":false,"excerpt":"Wegen der Kombination aus Trockenheit und N\u00e4hrstoffmangel haben sich in der Garchinger Heide Pflanzenarten erhalten, die andernorts durch konkurrenzst\u00e4rkere Arten verdr\u00e4ngt wurden. Diese stammen aus sehr unterschiedlichen botanischen Florenprovinzen (Regionen). Die Garchinger Heide liegt in unmittelbarer N\u00e4he der Isar und dem \u00dcberschwemmungsgebiet der Isarauen, ein idealer Standort um unterschiedliche Pflanzengattungen\u2026","rel":"","context":"\u00c4hnlicher Beitrag","block_context":{"text":"\u00c4hnlicher Beitrag","link":""},"img":{"alt_text":"","src":"https:\/\/i0.wp.com\/deltaimage.de\/wp\/wp-content\/uploads\/ZY5M8635_900.jpg?fit=890%2C593&ssl=1&resize=350%2C200","width":350,"height":200,"srcset":"https:\/\/i0.wp.com\/deltaimage.de\/wp\/wp-content\/uploads\/ZY5M8635_900.jpg?fit=890%2C593&ssl=1&resize=350%2C200 1x, https:\/\/i0.wp.com\/deltaimage.de\/wp\/wp-content\/uploads\/ZY5M8635_900.jpg?fit=890%2C593&ssl=1&resize=525%2C300 1.5x, https:\/\/i0.wp.com\/deltaimage.de\/wp\/wp-content\/uploads\/ZY5M8635_900.jpg?fit=890%2C593&ssl=1&resize=700%2C400 2x"},"classes":[]},{"id":20654,"url":"https:\/\/deltaimage.de\/wp\/?portfolio=mediterane-pflanzenarten","url_meta":{"origin":20784,"position":1},"title":"Mediterane Pflanzenarten","author":"EschbacP","date":"25. November 2018","format":false,"excerpt":"Die Garchinger Heide liegt an der Schnittstelle zwischen dem Alpenvorland, dem Einzugsgebiet der Isar, dem n\u00f6rdlichen Ende der Eiszeit Gletscher dem Einzugsgebiet alpiner Windsysteme, speziell dem F\u00f6hn, dem Einzugsgebiet der Donau \u00fcber die Isar An diesem Schnittpunkt hat sich viel l\u00e4nger als an vielen anderen Orten ein nat\u00fcrlicher Lebensraum f\u00fcr\u2026","rel":"","context":"\u00c4hnlicher Beitrag","block_context":{"text":"\u00c4hnlicher Beitrag","link":""},"img":{"alt_text":"","src":"https:\/\/i0.wp.com\/deltaimage.de\/wp\/wp-content\/uploads\/ZY5M3022_900.jpg?fit=890%2C593&ssl=1&resize=350%2C200","width":350,"height":200,"srcset":"https:\/\/i0.wp.com\/deltaimage.de\/wp\/wp-content\/uploads\/ZY5M3022_900.jpg?fit=890%2C593&ssl=1&resize=350%2C200 1x, https:\/\/i0.wp.com\/deltaimage.de\/wp\/wp-content\/uploads\/ZY5M3022_900.jpg?fit=890%2C593&ssl=1&resize=525%2C300 1.5x, https:\/\/i0.wp.com\/deltaimage.de\/wp\/wp-content\/uploads\/ZY5M3022_900.jpg?fit=890%2C593&ssl=1&resize=700%2C400 2x"},"classes":[]},{"id":20653,"url":"https:\/\/deltaimage.de\/wp\/?portfolio=alpine-pflanzenarten","url_meta":{"origin":20784,"position":2},"title":"Alpine Pflanzenarten","author":"EschbacP","date":"25. November 2018","format":false,"excerpt":"Die Garchinger Heide liegt in unmittelbarer N\u00e4he der nahen Isar und der Isarauen und damit im Einzugsgebiet des \u00dcberschwemmungsgebiet des wilden Alpenflusses. Pflanzen und Biotope wandern bevorzugt entlang von Fl\u00fcssen und breiten sich sucksesive an der Achse entlang aus. Am n\u00f6rdlichen Ende der M\u00fcnchener Schotterebene finden die Pflanzen einen letzten\u2026","rel":"","context":"\u00c4hnlicher Beitrag","block_context":{"text":"\u00c4hnlicher Beitrag","link":""},"img":{"alt_text":"","src":"https:\/\/i0.wp.com\/deltaimage.de\/wp\/wp-content\/uploads\/PE1D2341_900.jpg?fit=890%2C593&ssl=1&resize=350%2C200","width":350,"height":200,"srcset":"https:\/\/i0.wp.com\/deltaimage.de\/wp\/wp-content\/uploads\/PE1D2341_900.jpg?fit=890%2C593&ssl=1&resize=350%2C200 1x, https:\/\/i0.wp.com\/deltaimage.de\/wp\/wp-content\/uploads\/PE1D2341_900.jpg?fit=890%2C593&ssl=1&resize=525%2C300 1.5x, https:\/\/i0.wp.com\/deltaimage.de\/wp\/wp-content\/uploads\/PE1D2341_900.jpg?fit=890%2C593&ssl=1&resize=700%2C400 2x"},"classes":[]},{"id":44842,"url":"https:\/\/deltaimage.de\/wp\/?portfolio=historische-flugplatzwanderung-schleissheim","url_meta":{"origin":20784,"position":3},"title":"historische Flugplatzwanderung Schlei\u00dfheim","author":"EschbacP","date":"18. September 2024","format":false,"excerpt":"Die beliebten Flugplatz Wanderungen am \u00e4ltesten Flugplatz in Bayern - dem Flugplatz Schlei\u00dfheim - bieten wir seit dem Jahr 2012, zum 110-j\u00e4hrigen Bestehen des Flugplatzes und 30 Jahren Deutsches Museum in der Flugwerft Schlei\u00dfheim. Innerhalb von jeweils zwei Stunden (von 14:00 Uhr bis 16:00 Uhr) erleben wir Ausschnitte der Luftfahrtgeschichte\u2026","rel":"","context":"\u00c4hnlicher Beitrag","block_context":{"text":"\u00c4hnlicher Beitrag","link":""},"img":{"alt_text":"","src":"https:\/\/i0.wp.com\/deltaimage.de\/wp\/wp-content\/uploads\/Banner_alle_FP_Wanderung_1200_450.jpg?fit=1200%2C450&ssl=1&resize=350%2C200","width":350,"height":200,"srcset":"https:\/\/i0.wp.com\/deltaimage.de\/wp\/wp-content\/uploads\/Banner_alle_FP_Wanderung_1200_450.jpg?fit=1200%2C450&ssl=1&resize=350%2C200 1x, https:\/\/i0.wp.com\/deltaimage.de\/wp\/wp-content\/uploads\/Banner_alle_FP_Wanderung_1200_450.jpg?fit=1200%2C450&ssl=1&resize=525%2C300 1.5x, https:\/\/i0.wp.com\/deltaimage.de\/wp\/wp-content\/uploads\/Banner_alle_FP_Wanderung_1200_450.jpg?fit=1200%2C450&ssl=1&resize=700%2C400 2x, https:\/\/i0.wp.com\/deltaimage.de\/wp\/wp-content\/uploads\/Banner_alle_FP_Wanderung_1200_450.jpg?fit=1200%2C450&ssl=1&resize=1050%2C600 3x"},"classes":[]},{"id":22766,"url":"https:\/\/deltaimage.de\/wp\/?portfolio=naturfototage-fuerstenfeld-hoch-und-niedermoor-fotografisch-erleben","url_meta":{"origin":20784,"position":4},"title":"Naturfototage F\u00fcrstenfeld &#8211; Hoch- und Niedermoor fotografisch erleben","author":"EschbacP","date":"8. Oktober 2019","format":false,"excerpt":"Naturfototage und Naturfotografie erleben vor der eigenen Haust\u00fcre In den Multivisions Shows zeigen die Referenten die sch\u00f6nsten Impressionen aus der ganzen weiten Welt. Afrika, Australien und S\u00fcdamerika, wenn es schon nicht Island oder gleich die Arktis sein soll. Man k\u00f6nnt jetzt meinen, Naturfotografie ist unmittelbar mit diesen exotischen Orten verbunden.\u2026","rel":"","context":"\u00c4hnlicher Beitrag","block_context":{"text":"\u00c4hnlicher Beitrag","link":""},"img":{"alt_text":"","src":"https:\/\/i0.wp.com\/deltaimage.de\/wp\/wp-content\/uploads\/Banner_Naturfototage_Haspelmoor_1200.jpg?fit=1200%2C489&ssl=1&resize=350%2C200","width":350,"height":200,"srcset":"https:\/\/i0.wp.com\/deltaimage.de\/wp\/wp-content\/uploads\/Banner_Naturfototage_Haspelmoor_1200.jpg?fit=1200%2C489&ssl=1&resize=350%2C200 1x, https:\/\/i0.wp.com\/deltaimage.de\/wp\/wp-content\/uploads\/Banner_Naturfototage_Haspelmoor_1200.jpg?fit=1200%2C489&ssl=1&resize=525%2C300 1.5x, https:\/\/i0.wp.com\/deltaimage.de\/wp\/wp-content\/uploads\/Banner_Naturfototage_Haspelmoor_1200.jpg?fit=1200%2C489&ssl=1&resize=700%2C400 2x, https:\/\/i0.wp.com\/deltaimage.de\/wp\/wp-content\/uploads\/Banner_Naturfototage_Haspelmoor_1200.jpg?fit=1200%2C489&ssl=1&resize=1050%2C600 3x"},"classes":[]},{"id":13641,"url":"https:\/\/deltaimage.de\/wp\/?portfolio=paul-eschbach-schleissheim-der-aelteste-flugplatz-in-bayern-teil-2-sued-route-west-route","url_meta":{"origin":20784,"position":5},"title":"Paul Eschbach &#8211; Schlei\u00dfheim der \u00e4lteste Flugplatz in Bayern &#8211; Teil 2: S\u00fcd-Route &#038; West-Route","author":"EschbacP","date":"24. Februar 2017","format":false,"excerpt":"\u00a0 Der zweite Band zur gedruckten Flugplatzwanderung am \u00e4ltesten Flugplatz in Bayern ist fertig. Der 100-j\u00e4hrige Flugplatz Schlei\u00dfheim kann nun von jedem Interessenten selbst erwandert werden und dabei wissenswertes \u00fcber die Geschichte der Luftfahrt in Bayern erfahren. \u00a0 Teil 2: S\u00fcd-Route und West-Route Nun sind alle 4 Routen als gedruckte\u2026","rel":"","context":"\u00c4hnlicher Beitrag","block_context":{"text":"\u00c4hnlicher Beitrag","link":""},"img":{"alt_text":"","src":"https:\/\/i0.wp.com\/deltaimage.de\/wp\/wp-content\/uploads\/Flugplatzfuehrer-Band_2m.jpg?fit=619%2C873&ssl=1&resize=350%2C200","width":350,"height":200,"srcset":"https:\/\/i0.wp.com\/deltaimage.de\/wp\/wp-content\/uploads\/Flugplatzfuehrer-Band_2m.jpg?fit=619%2C873&ssl=1&resize=350%2C200 1x, https:\/\/i0.wp.com\/deltaimage.de\/wp\/wp-content\/uploads\/Flugplatzfuehrer-Band_2m.jpg?fit=619%2C873&ssl=1&resize=525%2C300 1.5x"},"classes":[]}],"jetpack_sharing_enabled":true,"_links":{"self":[{"href":"https:\/\/deltaimage.de\/wp\/index.php?rest_route=\/wp\/v2\/jetpack-portfolio\/20784","targetHints":{"allow":["GET"]}}],"collection":[{"href":"https:\/\/deltaimage.de\/wp\/index.php?rest_route=\/wp\/v2\/jetpack-portfolio"}],"about":[{"href":"https:\/\/deltaimage.de\/wp\/index.php?rest_route=\/wp\/v2\/types\/jetpack-portfolio"}],"author":[{"embeddable":true,"href":"https:\/\/deltaimage.de\/wp\/index.php?rest_route=\/wp\/v2\/users\/1"}],"replies":[{"embeddable":true,"href":"https:\/\/deltaimage.de\/wp\/index.php?rest_route=%2Fwp%2Fv2%2Fcomments&post=20784"}],"version-history":[{"count":7,"href":"https:\/\/deltaimage.de\/wp\/index.php?rest_route=\/wp\/v2\/jetpack-portfolio\/20784\/revisions"}],"predecessor-version":[{"id":37242,"href":"https:\/\/deltaimage.de\/wp\/index.php?rest_route=\/wp\/v2\/jetpack-portfolio\/20784\/revisions\/37242"}],"wp:featuredmedia":[{"embeddable":true,"href":"https:\/\/deltaimage.de\/wp\/index.php?rest_route=\/wp\/v2\/media\/20763"}],"wp:attachment":[{"href":"https:\/\/deltaimage.de\/wp\/index.php?rest_route=%2Fwp%2Fv2%2Fmedia&parent=20784"}],"wp:term":[{"taxonomy":"jetpack-portfolio-type","embeddable":true,"href":"https:\/\/deltaimage.de\/wp\/index.php?rest_route=%2Fwp%2Fv2%2Fjetpack-portfolio-type&post=20784"},{"taxonomy":"jetpack-portfolio-tag","embeddable":true,"href":"https:\/\/deltaimage.de\/wp\/index.php?rest_route=%2Fwp%2Fv2%2Fjetpack-portfolio-tag&post=20784"}],"curies":[{"name":"wp","href":"https:\/\/api.w.org\/{rel}","templated":true}]}}