{"id":24175,"date":"2020-01-23T22:11:20","date_gmt":"2020-01-23T21:11:20","guid":{"rendered":"http:\/\/deltaimage.de\/wp\/?post_type=jetpack-portfolio&#038;p=24175"},"modified":"2024-09-30T14:39:13","modified_gmt":"2024-09-30T12:39:13","slug":"tilt-shift-fotografie","status":"publish","type":"jetpack-portfolio","link":"https:\/\/deltaimage.de\/wp\/?portfolio=tilt-shift-fotografie","title":{"rendered":"Tilt-Shift Fotografie"},"content":{"rendered":"<h2>Seminarinhalte<\/h2>\n<p>Tilt-Shift Workshop, der kreative Umgang mit einem ganz besonderen Objektivtypus. F\u00fcr Gro\u00dfformatfotografen z\u00e4hlen<\/p>\n<ul>\n<li><strong>Tilt<\/strong> (verschwenken) und<\/li>\n<li><strong>Shift<\/strong> (verschieben)<\/li>\n<\/ul>\n<p>zum t\u00e4glichen Handwerkszeug f\u00fcr anspruchsvollste Produkt und Werbefotografie. Fotografen suchen immer neue kreative M\u00f6glichkeiten andere und vielleicht auch bessere Fotos zu machen und kreative Ideen in ganz besonderer Fotos umzusetzen.<\/p>\n<p><a href=\"http:\/\/deltaimage.de\/wp\/?attachment_id=16087#main\" rel=\"attachment wp-att-16087\"><img data-recalc-dims=\"1\" loading=\"lazy\" decoding=\"async\" data-attachment-id=\"16087\" data-permalink=\"https:\/\/deltaimage.de\/wp\/?attachment_id=16087\" data-orig-file=\"https:\/\/i0.wp.com\/deltaimage.de\/wp\/wp-content\/uploads\/PE1S0033_900-3.jpg?fit=890%2C593&amp;ssl=1\" data-orig-size=\"890,593\" data-comments-opened=\"1\" data-image-meta=\"{&quot;aperture&quot;:&quot;9&quot;,&quot;credit&quot;:&quot;Paul Eschbach&quot;,&quot;camera&quot;:&quot;Canon EOS-1Ds Mark III&quot;,&quot;caption&quot;:&quot;&quot;,&quot;created_timestamp&quot;:&quot;1508417549&quot;,&quot;copyright&quot;:&quot;&quot;,&quot;focal_length&quot;:&quot;24&quot;,&quot;iso&quot;:&quot;200&quot;,&quot;shutter_speed&quot;:&quot;0.008&quot;,&quot;title&quot;:&quot;&quot;,&quot;orientation&quot;:&quot;0&quot;}\" data-image-title=\"PE1S0033_900\" data-image-description=\"\" data-image-caption=\"\" data-large-file=\"https:\/\/i0.wp.com\/deltaimage.de\/wp\/wp-content\/uploads\/PE1S0033_900-3.jpg?fit=890%2C593&amp;ssl=1\" class=\"aligncenter wp-image-16087 size-full\" src=\"https:\/\/i0.wp.com\/deltaimage.de\/wp\/wp-content\/uploads\/PE1S0033_900-3.jpg?resize=890%2C593&#038;ssl=1\" sizes=\"auto, (max-width: 890px) 100vw, 890px\" alt=\"PE1S0033_900\" width=\"890\" height=\"593\" srcset=\"https:\/\/i0.wp.com\/deltaimage.de\/wp\/wp-content\/uploads\/PE1S0033_900-3.jpg?w=890&amp;ssl=1 890w, https:\/\/i0.wp.com\/deltaimage.de\/wp\/wp-content\/uploads\/PE1S0033_900-3.jpg?resize=200%2C133&amp;ssl=1 200w, https:\/\/i0.wp.com\/deltaimage.de\/wp\/wp-content\/uploads\/PE1S0033_900-3.jpg?resize=300%2C200&amp;ssl=1 300w, https:\/\/i0.wp.com\/deltaimage.de\/wp\/wp-content\/uploads\/PE1S0033_900-3.jpg?resize=675%2C450&amp;ssl=1 675w, https:\/\/i0.wp.com\/deltaimage.de\/wp\/wp-content\/uploads\/PE1S0033_900-3.jpg?resize=600%2C400&amp;ssl=1 600w\" \/><\/a><\/p>\n<p class=\"wp-caption-text\">Massive Geb\u00e4ude wurden f\u00fcr die Ewigkeit geplant und st\u00fcrzen auch nicht durch den Fotografen beim Fotografieren. T\/S Objektive helfen st\u00fcrzende Linien schon bei der Aufnahme zu verhindern.<\/p>\n<ul>\n<li>Tilt-Shift Objektive bilden die M\u00f6glichkeiten einer Fachkamera f\u00fcr DSLR und Systemkameras nach.<\/li>\n<li>Die fotografische Abbildung kann gezielt erweitert werden.<\/li>\n<li>Steigerung der Qualit\u00e4t der Bilder in besonderen Aufnahmesituationen.<\/li>\n<\/ul>\n<p>Tilt-Shift ist eine spannende M\u00f6glichkeit, ganz besondere Bildersprachen umzusetzen und das mit jeder Systemkamera mit Wechseloptik.<\/p>\n<ul>\n<li><a href=\"http:\/\/www.canon.de\/\" target=\"_blank\" rel=\"noopener noreferrer\">Canon <\/a>EF, EF-S EF-M<\/li>\n<li><a href=\"http:\/\/www.nikon.de\/\" target=\"_blank\" rel=\"noopener noreferrer\">Nikon <\/a>DX, FX<\/li>\n<li><a href=\"http:\/\/www.sony.de\/\" target=\"_blank\" rel=\"noopener noreferrer\">Sony <\/a>E FF, E APS-C, A<\/li>\n<li><a href=\"http:\/\/de.leica-camera.com\/\" target=\"_blank\" rel=\"noopener noreferrer\">Leica mit Wechseloptik<\/a><\/li>\n<li><a href=\"http:\/\/www.olympus.de\/\" target=\"_blank\" rel=\"noopener noreferrer\">Olympus <\/a>OM-D<\/li>\n<li><a href=\"http:\/\/www.panasonic.com\/de\/\" target=\"_blank\" rel=\"noopener noreferrer\">Panasonic <\/a>LUMIX GH, G, GX<\/li>\n<li><a href=\"https:\/\/www.fujifilm.eu\/de\/\" target=\"_blank\" rel=\"noopener noreferrer\">FUJI Film <\/a>XF<\/li>\n<li><a href=\"http:\/\/www.ricoh-imaging.de\/de\/digitale-spiegelreflexkameras.html\" target=\"_blank\" rel=\"noopener noreferrer\">Pentax <\/a>K<\/li>\n<\/ul>\n<p>Moderne und leistungsf\u00e4hige Sensoren mit st\u00e4ndig steigender Aufl\u00f6sung l\u00e4sst die Sch\u00e4rfentiefe bei der Aufnahme immer kleiner werden. Wir zeigen die Technik, um mit der Sch\u00e4rfentiefe ganz gezielt zu spielen und unm\u00f6gliche Bilder zu erzeugen. Das trifft alle Marken \u2013 egal welches System.<\/p>\n<p><a href=\"http:\/\/deltaimage.de\/wp\/?attachment_id=16052#main\" rel=\"attachment wp-att-16052\"><img data-recalc-dims=\"1\" loading=\"lazy\" decoding=\"async\" data-attachment-id=\"16052\" data-permalink=\"https:\/\/deltaimage.de\/wp\/?attachment_id=16052#main\" data-orig-file=\"https:\/\/i0.wp.com\/deltaimage.de\/wp\/wp-content\/uploads\/TS_2_900.jpg?fit=900%2C505&amp;ssl=1\" data-orig-size=\"900,505\" data-comments-opened=\"1\" data-image-meta=\"{&quot;aperture&quot;:&quot;2.4&quot;,&quot;credit&quot;:&quot;&quot;,&quot;camera&quot;:&quot;Lumia 550&quot;,&quot;caption&quot;:&quot;&quot;,&quot;created_timestamp&quot;:&quot;1508680852&quot;,&quot;copyright&quot;:&quot;&quot;,&quot;focal_length&quot;:&quot;0&quot;,&quot;iso&quot;:&quot;100&quot;,&quot;shutter_speed&quot;:&quot;0.004925&quot;,&quot;title&quot;:&quot;&quot;,&quot;orientation&quot;:&quot;1&quot;}\" data-image-title=\"TS_2_900\" data-image-description=\"\" data-image-caption=\"\" data-large-file=\"https:\/\/i0.wp.com\/deltaimage.de\/wp\/wp-content\/uploads\/TS_2_900.jpg?fit=890%2C499&amp;ssl=1\" class=\"wp-image-16052 size-full aligncenter\" src=\"https:\/\/i0.wp.com\/deltaimage.de\/wp\/wp-content\/uploads\/TS_2_900.jpg?resize=890%2C499\" sizes=\"auto, (max-width: 900px) 100vw, 900px\" alt=\"TS_2_900\" width=\"890\" height=\"499\" srcset=\"https:\/\/i0.wp.com\/deltaimage.de\/wp\/wp-content\/uploads\/TS_2_900.jpg?w=900&amp;ssl=1 900w, https:\/\/i0.wp.com\/deltaimage.de\/wp\/wp-content\/uploads\/TS_2_900.jpg?resize=200%2C112&amp;ssl=1 200w, https:\/\/i0.wp.com\/deltaimage.de\/wp\/wp-content\/uploads\/TS_2_900.jpg?resize=300%2C168&amp;ssl=1 300w, https:\/\/i0.wp.com\/deltaimage.de\/wp\/wp-content\/uploads\/TS_2_900.jpg?resize=890%2C499&amp;ssl=1 890w, https:\/\/i0.wp.com\/deltaimage.de\/wp\/wp-content\/uploads\/TS_2_900.jpg?resize=802%2C450&amp;ssl=1 802w, https:\/\/i0.wp.com\/deltaimage.de\/wp\/wp-content\/uploads\/TS_2_900.jpg?resize=713%2C400&amp;ssl=1 713w\" \/><\/a><\/p>\n<p class=\"wp-caption-text\">Canon TS-E 24mm f\/3.5 L ist von den optischen Daten vergleichbar mit dem im Workshop verwendeten SAMYANG T\/S 24mm F\/3.5<\/p>\n<h2><\/h2>\n<h2>Der Workshop Plan<\/h2>\n<p>09.00 \u2013 12.00 Uhr: Workshopraum<\/p>\n<ul>\n<li>Objektivausgabe im Workshopraum@Fotogipfel<\/li>\n<li>Theorieteil zur <strong>Tilt<\/strong>\/<strong>Shift<\/strong> Fotografie mit Paul Eschbach<\/li>\n<li>Was und wozu die <strong>Tilt<\/strong> Funktion?<\/li>\n<li>Was und wozu die <strong>Shift<\/strong> Funktion?<\/li>\n<\/ul>\n<p>13.00 \u2013 17:00 Uhr: Praxisteil im Au\u00dfenbereich<\/p>\n<ul>\n<li>Fotografische Anwendung in der Workshopgruppe<\/li>\n<li>Ausprobieren von 6-7 typische Anwendungsszenarien von T\/S Objektiven<\/li>\n<\/ul>\n<p>Anschlie\u00dfend<\/p>\n<ul>\n<li>freies Fotografieren und intensives ausprobieren<\/li>\n<\/ul>\n<p><a href=\"http:\/\/deltaimage.de\/wp\/?attachment_id=16089#main\" rel=\"attachment wp-att-16089\"><img data-recalc-dims=\"1\" loading=\"lazy\" decoding=\"async\" data-attachment-id=\"16089\" data-permalink=\"https:\/\/deltaimage.de\/wp\/?attachment_id=16089\" data-orig-file=\"https:\/\/i0.wp.com\/deltaimage.de\/wp\/wp-content\/uploads\/PE1S0396_900.jpg?fit=890%2C593&amp;ssl=1\" data-orig-size=\"890,593\" data-comments-opened=\"1\" data-image-meta=\"{&quot;aperture&quot;:&quot;8&quot;,&quot;credit&quot;:&quot;Paul Eschbach&quot;,&quot;camera&quot;:&quot;Canon EOS-1Ds Mark III&quot;,&quot;caption&quot;:&quot;&quot;,&quot;created_timestamp&quot;:&quot;1508688486&quot;,&quot;copyright&quot;:&quot;&quot;,&quot;focal_length&quot;:&quot;24&quot;,&quot;iso&quot;:&quot;200&quot;,&quot;shutter_speed&quot;:&quot;0.01&quot;,&quot;title&quot;:&quot;&quot;,&quot;orientation&quot;:&quot;0&quot;}\" data-image-title=\"PE1S0396_900\" data-image-description=\"\" data-image-caption=\"\" data-large-file=\"https:\/\/i0.wp.com\/deltaimage.de\/wp\/wp-content\/uploads\/PE1S0396_900.jpg?fit=890%2C593&amp;ssl=1\" class=\"wp-image-16089 size-full aligncenter\" src=\"https:\/\/i0.wp.com\/deltaimage.de\/wp\/wp-content\/uploads\/PE1S0396_900.jpg?resize=890%2C593\" sizes=\"auto, (max-width: 890px) 100vw, 890px\" alt=\"PE1S0396_900\" width=\"890\" height=\"593\" srcset=\"https:\/\/i0.wp.com\/deltaimage.de\/wp\/wp-content\/uploads\/PE1S0396_900.jpg?w=890&amp;ssl=1 890w, https:\/\/i0.wp.com\/deltaimage.de\/wp\/wp-content\/uploads\/PE1S0396_900.jpg?resize=200%2C133&amp;ssl=1 200w, https:\/\/i0.wp.com\/deltaimage.de\/wp\/wp-content\/uploads\/PE1S0396_900.jpg?resize=300%2C200&amp;ssl=1 300w, https:\/\/i0.wp.com\/deltaimage.de\/wp\/wp-content\/uploads\/PE1S0396_900.jpg?resize=675%2C450&amp;ssl=1 675w, https:\/\/i0.wp.com\/deltaimage.de\/wp\/wp-content\/uploads\/PE1S0396_900.jpg?resize=600%2C400&amp;ssl=1 600w\" \/><\/a><\/p>\n<p class=\"wp-caption-text\" style=\"text-align: left;\">Bei offener Blende ist die Herbstwiese komplett scharf, vom ersten Ahornblatt bis zu dem Geb\u00e4ude im Hintergrund. Bei Blende 4.5 wurde durch TILT die Sch\u00e4rfenebene auf die Wiese gelegt, somit ist alles in der Sch\u00e4rfenebene scharf abgebildet. Ohne Nachbearbeitung ohne Fokus-Stacking oder andere Tricks.<\/p>\n<p>&nbsp;<\/p>\n<h2>Der besondere Workshop<\/h2>\n<p>Der Workshop beginnt im Workshop Raum. Ich mache Sie mit der besonderen Bauform und der fotografischen Anwendung in der Theorie intensiv vertraut. Wir m\u00f6chten jedem Fotografen die M\u00f6glichkeit geben, die Besonderheiten der T\/S Fotografie selbst zu erleben. Ausf\u00fchrlich in Theorie, Praxis und zum selber ausprobieren und vor allem mit der eigenen Ausr\u00fcstung.<\/p>\n<p>Die Technik und die Theorie der Tilt-Shift Objektive werden wir uns im Workshopraum ausf\u00fchrlich erarbeiten. Mit einem T\/S Objektiv ist fast alles anders wie mit anderen Objektiven. Die Workshop-Teilnehmerinnen und Teilnehmer erleben das Zaubern mit der Sch\u00e4rfe und erfahren dies mit Ihrer Kamera und Objektiv selbst.<\/p>\n<p>Anfassen und die Theorie an der Kamera selber umsetzen und verinnerlichen ist viel besser als sich hunderte von YouTube Videos ansehen.<\/p>\n<p><a href=\"http:\/\/deltaimage.de\/wp\/?attachment_id=15901#main\" rel=\"attachment wp-att-15901\"><img data-recalc-dims=\"1\" loading=\"lazy\" decoding=\"async\" data-attachment-id=\"15901\" data-permalink=\"https:\/\/deltaimage.de\/wp\/?attachment_id=15901#main\" data-orig-file=\"https:\/\/i0.wp.com\/deltaimage.de\/wp\/wp-content\/uploads\/Fotogipfel_WS_Eschbach-1200.jpg?fit=1199%2C450&amp;ssl=1\" data-orig-size=\"1199,450\" data-comments-opened=\"0\" data-image-meta=\"{&quot;aperture&quot;:&quot;0&quot;,&quot;credit&quot;:&quot;&quot;,&quot;camera&quot;:&quot;&quot;,&quot;caption&quot;:&quot;&quot;,&quot;created_timestamp&quot;:&quot;0&quot;,&quot;copyright&quot;:&quot;&quot;,&quot;focal_length&quot;:&quot;0&quot;,&quot;iso&quot;:&quot;0&quot;,&quot;shutter_speed&quot;:&quot;0&quot;,&quot;title&quot;:&quot;&quot;,&quot;orientation&quot;:&quot;1&quot;}\" data-image-title=\"Fotogipfel_WS_Eschbach-1200\" data-image-description=\"&lt;p&gt;Oberstdorfer Fotogipfel&lt;br \/&gt;\nFotograf: Kees van Surksum&lt;\/p&gt;\n\" data-image-caption=\"\" data-large-file=\"https:\/\/i0.wp.com\/deltaimage.de\/wp\/wp-content\/uploads\/Fotogipfel_WS_Eschbach-1200.jpg?fit=890%2C334&amp;ssl=1\" class=\"wp-image-15901 size-full aligncenter\" src=\"https:\/\/i0.wp.com\/deltaimage.de\/wp\/wp-content\/uploads\/Fotogipfel_WS_Eschbach-1200.jpg?resize=890%2C334\" sizes=\"auto, (max-width: 1199px) 100vw, 1199px\" alt=\"Fotogipfel_WS_Eschbach-1200\" width=\"890\" height=\"334\" srcset=\"https:\/\/i0.wp.com\/deltaimage.de\/wp\/wp-content\/uploads\/Fotogipfel_WS_Eschbach-1200.jpg?w=1199&amp;ssl=1 1199w, https:\/\/i0.wp.com\/deltaimage.de\/wp\/wp-content\/uploads\/Fotogipfel_WS_Eschbach-1200.jpg?resize=200%2C75&amp;ssl=1 200w, https:\/\/i0.wp.com\/deltaimage.de\/wp\/wp-content\/uploads\/Fotogipfel_WS_Eschbach-1200.jpg?resize=300%2C113&amp;ssl=1 300w, https:\/\/i0.wp.com\/deltaimage.de\/wp\/wp-content\/uploads\/Fotogipfel_WS_Eschbach-1200.jpg?resize=1024%2C384&amp;ssl=1 1024w, https:\/\/i0.wp.com\/deltaimage.de\/wp\/wp-content\/uploads\/Fotogipfel_WS_Eschbach-1200.jpg?resize=890%2C334&amp;ssl=1 890w, https:\/\/i0.wp.com\/deltaimage.de\/wp\/wp-content\/uploads\/Fotogipfel_WS_Eschbach-1200.jpg?resize=1066%2C400&amp;ssl=1 1066w\" \/><\/a><\/p>\n<p>Quelle: Oberstdorfer Fotogipfel Fotograf: Kees van Surksum<\/p>\n<p>&nbsp;<\/p>\n<p><strong>Tilt<\/strong>\/<strong>Shift<\/strong> Objektive brechen aus den diesem Rahmen aus und er\u00f6ffnen gleichzeitig neue M\u00f6glichkeiten. Eine kleine Tour durch die au\u00dfergew\u00f6hnlichen Eigenschaften \u2013 mehr im Workshop und in der Praxis<\/p>\n<ul>\n<li>gezielte Verschwenkung der Sch\u00e4rfeebene in Makrofotografie, Portrait und Peoplefotografie<\/li>\n<li>gezielte Erweiterung oder selektive Einschr\u00e4nkung der Sch\u00e4rfentiefe bei der Aufnahme<\/li>\n<li>Vermeidung von st\u00fcrzenden Linien in Architektur, St\u00e4dteaufnahme, aber auch Table Top und Werbefotografie<\/li>\n<li>Reproduktion von ebenen Fl\u00e4chen bei Table Top, Werbung und Architektur<\/li>\n<li>Erweiterung des Bildkreises bei Panoramaaufnahmen und Zusammensetzen von Einzelbildern<\/li>\n<\/ul>\n<p>Zusammen mit dem Distributor bieten wir im Rahmen dieses Workshop eine gelungene Kombination aus Theorie und Praxis die Tilt\/Shift Fotografie zum selber Angreifen und Erfahren an.<\/p>\n<p><a href=\"http:\/\/deltaimage.de\/wp\/?attachment_id=16053#main\" rel=\"attachment wp-att-16053\"><img data-recalc-dims=\"1\" loading=\"lazy\" decoding=\"async\" data-attachment-id=\"16053\" data-permalink=\"https:\/\/deltaimage.de\/wp\/?attachment_id=16053#main\" data-orig-file=\"https:\/\/i0.wp.com\/deltaimage.de\/wp\/wp-content\/uploads\/TS_3_900.jpg?fit=900%2C505&amp;ssl=1\" data-orig-size=\"900,505\" data-comments-opened=\"1\" data-image-meta=\"{&quot;aperture&quot;:&quot;2.4&quot;,&quot;credit&quot;:&quot;&quot;,&quot;camera&quot;:&quot;Lumia 550&quot;,&quot;caption&quot;:&quot;&quot;,&quot;created_timestamp&quot;:&quot;1508680704&quot;,&quot;copyright&quot;:&quot;&quot;,&quot;focal_length&quot;:&quot;0&quot;,&quot;iso&quot;:&quot;100&quot;,&quot;shutter_speed&quot;:&quot;0.005245&quot;,&quot;title&quot;:&quot;&quot;,&quot;orientation&quot;:&quot;1&quot;}\" data-image-title=\"TS_3_900\" data-image-description=\"\" data-image-caption=\"&lt;p&gt;Canon TS-E 24mm f\/3.5 L in Arbeitsstellung Tilt mit nach unten geschwenkter Optik &lt;\/p&gt;\n\" data-large-file=\"https:\/\/i0.wp.com\/deltaimage.de\/wp\/wp-content\/uploads\/TS_3_900.jpg?fit=890%2C499&amp;ssl=1\" class=\"wp-image-16053 size-full aligncenter\" src=\"https:\/\/i0.wp.com\/deltaimage.de\/wp\/wp-content\/uploads\/TS_3_900.jpg?resize=890%2C499\" sizes=\"auto, (max-width: 900px) 100vw, 900px\" alt=\"TS_3_900\" width=\"890\" height=\"499\" srcset=\"https:\/\/i0.wp.com\/deltaimage.de\/wp\/wp-content\/uploads\/TS_3_900.jpg?w=900&amp;ssl=1 900w, https:\/\/i0.wp.com\/deltaimage.de\/wp\/wp-content\/uploads\/TS_3_900.jpg?resize=200%2C112&amp;ssl=1 200w, https:\/\/i0.wp.com\/deltaimage.de\/wp\/wp-content\/uploads\/TS_3_900.jpg?resize=300%2C168&amp;ssl=1 300w, https:\/\/i0.wp.com\/deltaimage.de\/wp\/wp-content\/uploads\/TS_3_900.jpg?resize=890%2C499&amp;ssl=1 890w, https:\/\/i0.wp.com\/deltaimage.de\/wp\/wp-content\/uploads\/TS_3_900.jpg?resize=802%2C450&amp;ssl=1 802w, https:\/\/i0.wp.com\/deltaimage.de\/wp\/wp-content\/uploads\/TS_3_900.jpg?resize=713%2C400&amp;ssl=1 713w\" \/><\/a><\/p>\n<p class=\"wp-caption-text\">Canon TS-E 24mm f\/3.5 L in Arbeitsstellung Tilt mit nach unten geschwenkter Optik.<\/p>\n<p>&nbsp;<\/p>\n<h2>Ein Objektiv f\u00fcr alle verf\u00fcgbaren Kamaerasysteme<\/h2>\n<p>Samyang 24 mm F 3,5 T\/ &#8211; S &#8211; die Fotografische Wirkung ist nat\u00fcrlich vom Sensor abh\u00e4ngig. Das Objektiv ist f\u00fcr Vollformat gerechnet und hat da eine Brennweite von 24mm. Bei APS-C Sensoren verl\u00e4ngert sich die Brennweite auf 36 \u2013 38 mm. Die M4\/3 Sensoren (Olympus und Panasonic) haben eine vergleichbare Brennweite von 48 mm.<br \/>\n<a href=\"http:\/\/deltaimage.de\/wp\/?attachment_id=15916#main\" rel=\"attachment wp-att-15916\"><img data-recalc-dims=\"1\" loading=\"lazy\" decoding=\"async\" class=\"wp-image-15916 size-full aligncenter\" src=\"https:\/\/i0.wp.com\/deltaimage.de\/wp\/wp-content\/uploads\/11318_1_24mm_F35_TS_Nikon___45_no_rear_cap.jpg?resize=600%2C594\" sizes=\"auto, (max-width: 600px) 100vw, 600px\" alt=\"11318_1_24mm_F35_TS_Nikon___45_no_rear_cap\" width=\"600\" height=\"594\" \/><\/a><br \/>\nDas T\/S Objektiv hat manuelle Scharfstellung und manuelle Blenden\u00fcbertragung ohne Springblende.<\/p>\n<p>TECHNISCHE INFORMATIONEN<\/p>\n<ul>\n<li><strong>Bezeichnung:<\/strong> Samyang <strong>Tilt<\/strong>\/<strong>Shift<\/strong> 24 mm F3.5 ED AS UMC<\/li>\n<li><strong>Brennweite:<\/strong> 24 mm<\/li>\n<li><strong>Sensoreignung:<\/strong> VF \/ APS-C \/ MFT<\/li>\n<li><strong>Blendenbereich\/Lichtst\u00e4rke:<\/strong> f\/3.5 \u2013 f\/22<\/li>\n<li><strong>Linsen\/Gruppen:<\/strong> 16 \/ 11 (2 asph\u00e4rische Linsen)<\/li>\n<li><strong>Naheinstellgrenze:<\/strong> 0,2 m<\/li>\n<li><strong>Filtergewinde:<\/strong> 82mm<\/li>\n<li><strong>max. Durchmesser:<\/strong> 86mm<\/li>\n<li><strong>L\u00e4nge:<\/strong> 136 mm<\/li>\n<li><strong>Gewicht:<\/strong> 745g<\/li>\n<\/ul>\n<p><strong>Objektiv Rotation:<\/strong><\/p>\n<ul>\n<li>Tilt max.: \u00b1 8,5 \u00b0 \/ Shift max.: \u00b1 12mm<\/li>\n<li>zwischen Tilt und Shift Drehung: 90 \u00b0 links (1 Klick-Stop pro 30 \u00b0)<\/li>\n<li>Bajonett Rotation: 90 \u00b0 rechts (1 Klick-Stop pro 30 \u00b0)<\/li>\n<\/ul>\n<h2><\/h2>\n<h2>Tilt\/Shift Workshop \u2013 die Praxis<\/h2>\n<p>Die Theorie ist wichtig, doch Fotografen wollen das Objektiv immer gerne selber ausprobieren. Daf\u00fcr haben wir im Workshop Ablauf gen\u00fcgend Zeit eingeplant. Sie werden \u00fcber einen Zeitraum das Objektiv in aller Tiefe ausprobieren k\u00f6nnen und ausf\u00fchrlichst testen. So etwas k\u00f6nnen wir nur bei einem Fotoevent anbieten.<\/p>\n<p>Die Workshop Gruppe wird neben dem individuellen testen und sich ausprobieren auch gemeinsam unter meiner Leitung die typischen fotografischen Einsatzm\u00f6glichkeiten des T\/S Objektivs im Stadtgebiet von Friedrichshafen ausprobieren und so in der Interaktion untereinander lernen und in der Kommunikation mit dem Workshopleiter die Fototechniken und die vielen Tipps und Tricks erfahren um einfach bessere Bilder zu machen.<\/p>\n<p><a href=\"http:\/\/deltaimage.de\/wp\/?attachment_id=16051#main\" rel=\"attachment wp-att-16051\"><img data-recalc-dims=\"1\" loading=\"lazy\" decoding=\"async\" data-attachment-id=\"16051\" data-permalink=\"https:\/\/deltaimage.de\/wp\/?attachment_id=16051#main\" data-orig-file=\"https:\/\/i0.wp.com\/deltaimage.de\/wp\/wp-content\/uploads\/TS_1_900.jpg?fit=900%2C900&amp;ssl=1\" data-orig-size=\"900,900\" data-comments-opened=\"1\" data-image-meta=\"{&quot;aperture&quot;:&quot;2.4&quot;,&quot;credit&quot;:&quot;&quot;,&quot;camera&quot;:&quot;Lumia 550&quot;,&quot;caption&quot;:&quot;&quot;,&quot;created_timestamp&quot;:&quot;1508680740&quot;,&quot;copyright&quot;:&quot;&quot;,&quot;focal_length&quot;:&quot;0&quot;,&quot;iso&quot;:&quot;100&quot;,&quot;shutter_speed&quot;:&quot;0.005587&quot;,&quot;title&quot;:&quot;&quot;,&quot;orientation&quot;:&quot;1&quot;}\" data-image-title=\"TS_1_900\" data-image-description=\"\" data-image-caption=\"\" data-large-file=\"https:\/\/i0.wp.com\/deltaimage.de\/wp\/wp-content\/uploads\/TS_1_900.jpg?fit=890%2C890&amp;ssl=1\" class=\"wp-image-16051 size-full aligncenter\" src=\"https:\/\/i0.wp.com\/deltaimage.de\/wp\/wp-content\/uploads\/TS_1_900.jpg?resize=890%2C890\" sizes=\"auto, (max-width: 900px) 100vw, 900px\" alt=\"TS_1_900\" width=\"890\" height=\"890\" srcset=\"https:\/\/i0.wp.com\/deltaimage.de\/wp\/wp-content\/uploads\/TS_1_900.jpg?w=900&amp;ssl=1 900w, https:\/\/i0.wp.com\/deltaimage.de\/wp\/wp-content\/uploads\/TS_1_900.jpg?resize=200%2C200&amp;ssl=1 200w, https:\/\/i0.wp.com\/deltaimage.de\/wp\/wp-content\/uploads\/TS_1_900.jpg?resize=300%2C300&amp;ssl=1 300w, https:\/\/i0.wp.com\/deltaimage.de\/wp\/wp-content\/uploads\/TS_1_900.jpg?resize=593%2C593&amp;ssl=1 593w, https:\/\/i0.wp.com\/deltaimage.de\/wp\/wp-content\/uploads\/TS_1_900.jpg?resize=450%2C450&amp;ssl=1 450w, https:\/\/i0.wp.com\/deltaimage.de\/wp\/wp-content\/uploads\/TS_1_900.jpg?resize=400%2C400&amp;ssl=1 400w, https:\/\/i0.wp.com\/deltaimage.de\/wp\/wp-content\/uploads\/TS_1_900.jpg?resize=50%2C50&amp;ssl=1 50w\" \/><\/a><\/p>\n<p class=\"wp-caption-text\">Canon TS-E 24mm f\/3.5 L in Arbeitsstellung Tilt mit nach links geschwenkter Optik<\/p>\n<p>&nbsp;<\/p>\n<h2>Sind Tilt-Shift Objektive noch auf der H\u00f6he der Zeit?<\/h2>\n<p>Wir sagen, <strong>Tilt<\/strong>\u2013<strong>Shift<\/strong> Objektive sind aktueller denn je. Genau darum bringt Canon gleich drei vollkommen neue TS-E Objektive und baut die Objektivlinie von 17 mm, 24 mm auf 50 mm, 85 mm und 135 mm aus. Wenn man noch nie mit einem T\/S Objektiv gearbeitet hat kann man die Frage nicht wirklich beantworten. Einige Funktionen kann man auch ansatzweise in der Bildbearbeitung simulieren oder nachtr\u00e4glich nachbauen \u2013 aber immer mit einem ganz ordentlichen Qualit\u00e4tsverlust. wir zeigen wie das Original geht.<\/p>\n<p>&nbsp;<\/p>\n<blockquote>\n<pre>Erleben ist wichtiger als Erkl\u00e4ren (Oskar von Miller)<\/pre>\n<\/blockquote>\n<p>&nbsp;<\/p>\n<h2>Tilt\/Shift@DELTA IMAGE in eigener Sache<\/h2>\n<p><a href=\"http:\/\/deltaimage.de\/wp\/?attachment_id=11319#main\" rel=\"attachment wp-att-11319\"><img data-recalc-dims=\"1\" loading=\"lazy\" decoding=\"async\" class=\"wp-image-11319 size-full aligncenter\" src=\"https:\/\/i0.wp.com\/deltaimage.de\/wp\/wp-content\/uploads\/ZY5M9065_900.jpg?resize=890%2C593\" sizes=\"auto, (max-width: 890px) 100vw, 890px\" alt=\"ZY5M9065_900\" width=\"890\" height=\"593\" \/><\/a><\/p>\n<p>Im Einsatz sind seit vielen Jahren zwei verschiedene T\/S Objektive und die au\u00dfergew\u00f6hnlichen Aufnahmen haben einen festen Platz im Fotoportfolio.<\/p>\n<ul>\n<li><strong>Canon TS-E 24mm f\/3.5 L<\/strong><\/li>\n<li><strong>Canon TS-E 90mm f\/2.8<\/strong><\/li>\n<\/ul>\n<p>Das 90er ist das Standardobjektiv f\u00fcr Studioaufnahmen am Table Top, um die geringe Sch\u00e4rfentiefe am Vollformat gezielt in die Ausdehnung des Objekts erweitern zu k\u00f6nnen und so auch ohne massivem Abblenden das Objektiv im Bereich der optimalen Aufl\u00f6sung halten zu k\u00f6nnen. Ebenso ist das Objekt hervorragend in der Freihand \u2013 Makrofotografie einsetzbar und ist die einzige M\u00f6glichkeit, die geringe Sch\u00e4rfentiefe im Nah- und Makrobereich Freihand gezielt zu ver\u00e4ndern.<\/p>\n<p>Das 24mm ist das Standardobjektiv in der St\u00e4dtefotografie, um st\u00fcrzende Linien schon im Ansatz vermeiden zu k\u00f6nnen. Im Workshop zeigen wir den Workflow, um das Objektiv auch Freihand gekonnt einsetzen zu k\u00f6nnen. So verbleibt nur noch eine geringe Nacharbeit in Lightroom und die Qualit\u00e4t bleibt erhalten. Die Nachtaufnahme von der BMW Welt ist ein typisches Anwendungsszenario eines T\/S Objektivs. Horizontal ausgerichtet dominiert 50% des Bildfeldes der Asphalt der Stra\u00dfe. Die Shift-Funktion erlaubt mehr Himmel gegen den dunklen Vordergrund zu tauschen \u2013 selbst ein 16 mm bekommt an dieser Stelle nicht mehr Himmel drauf \u2013 beschneidet doch gro\u00dfe Teile des Bildfeldes mit entsprechender Aufl\u00f6sungsreduzierung.<\/p>\n<p><a href=\"http:\/\/deltaimage.de\/wp\/?attachment_id=12616#main\" rel=\"attachment wp-att-12616\"><img data-recalc-dims=\"1\" loading=\"lazy\" decoding=\"async\" data-attachment-id=\"12616\" data-permalink=\"https:\/\/deltaimage.de\/wp\/?attachment_id=12616#main\" data-orig-file=\"https:\/\/i0.wp.com\/deltaimage.de\/wp\/wp-content\/uploads\/PE1S1220-HDR_900.jpg?fit=890%2C593&amp;ssl=1\" data-orig-size=\"890,593\" data-comments-opened=\"0\" data-image-meta=\"{&quot;aperture&quot;:&quot;10&quot;,&quot;credit&quot;:&quot;Paul Eschbach&quot;,&quot;camera&quot;:&quot;Canon EOS-1Ds Mark III&quot;,&quot;caption&quot;:&quot;&quot;,&quot;created_timestamp&quot;:&quot;1479060592&quot;,&quot;copyright&quot;:&quot;&quot;,&quot;focal_length&quot;:&quot;24&quot;,&quot;iso&quot;:&quot;50&quot;,&quot;shutter_speed&quot;:&quot;10&quot;,&quot;title&quot;:&quot;&quot;,&quot;orientation&quot;:&quot;0&quot;}\" data-image-title=\"pe1s1220-hdr_900\" data-image-description=\"\" data-image-caption=\"\" data-large-file=\"https:\/\/i0.wp.com\/deltaimage.de\/wp\/wp-content\/uploads\/PE1S1220-HDR_900.jpg?fit=890%2C593&amp;ssl=1\" class=\"wp-image-12616 size-full aligncenter\" src=\"https:\/\/i0.wp.com\/deltaimage.de\/wp\/wp-content\/uploads\/PE1S1220-HDR_900.jpg?resize=890%2C593\" sizes=\"auto, (max-width: 890px) 100vw, 890px\" alt=\"pe1s1220-hdr_900\" width=\"890\" height=\"593\" srcset=\"https:\/\/i0.wp.com\/deltaimage.de\/wp\/wp-content\/uploads\/PE1S1220-HDR_900.jpg?w=890&amp;ssl=1 890w, https:\/\/i0.wp.com\/deltaimage.de\/wp\/wp-content\/uploads\/PE1S1220-HDR_900.jpg?resize=200%2C133&amp;ssl=1 200w, https:\/\/i0.wp.com\/deltaimage.de\/wp\/wp-content\/uploads\/PE1S1220-HDR_900.jpg?resize=300%2C200&amp;ssl=1 300w, https:\/\/i0.wp.com\/deltaimage.de\/wp\/wp-content\/uploads\/PE1S1220-HDR_900.jpg?resize=768%2C512&amp;ssl=1 768w, https:\/\/i0.wp.com\/deltaimage.de\/wp\/wp-content\/uploads\/PE1S1220-HDR_900.jpg?resize=675%2C450&amp;ssl=1 675w, https:\/\/i0.wp.com\/deltaimage.de\/wp\/wp-content\/uploads\/PE1S1220-HDR_900.jpg?resize=600%2C400&amp;ssl=1 600w\" \/><\/a><\/p>\n<p>Himmel gegen unwichtigen Vordergrund tauschen und dabei die senkrechten Linien behalten, das ist die St\u00e4rke des T\/S Objektivs und macht es in der St\u00e4dte und Architekturfotografie so einmalig.<\/p>\n<p>&nbsp;<\/p>\n<h2>Unser Seminarleiter f\u00fcr Sie<\/h2>\n<p><img data-recalc-dims=\"1\" loading=\"lazy\" decoding=\"async\" data-attachment-id=\"16104\" data-permalink=\"https:\/\/deltaimage.de\/wp\/?attachment_id=16104#main\" data-orig-file=\"https:\/\/i0.wp.com\/deltaimage.de\/wp\/wp-content\/uploads\/Portrait_Paul_Eschbach_600.jpg?fit=530%2C600&amp;ssl=1\" data-orig-size=\"530,600\" data-comments-opened=\"1\" data-image-meta=\"{&quot;aperture&quot;:&quot;0&quot;,&quot;credit&quot;:&quot;&quot;,&quot;camera&quot;:&quot;&quot;,&quot;caption&quot;:&quot;&quot;,&quot;created_timestamp&quot;:&quot;0&quot;,&quot;copyright&quot;:&quot;&quot;,&quot;focal_length&quot;:&quot;0&quot;,&quot;iso&quot;:&quot;0&quot;,&quot;shutter_speed&quot;:&quot;0&quot;,&quot;title&quot;:&quot;&quot;,&quot;orientation&quot;:&quot;1&quot;}\" data-image-title=\"Portrait_Paul_Eschbach_600\" data-image-description=\"\" data-image-caption=\"\" data-large-file=\"https:\/\/i0.wp.com\/deltaimage.de\/wp\/wp-content\/uploads\/Portrait_Paul_Eschbach_600.jpg?fit=530%2C600&amp;ssl=1\" class=\"size-medium wp-image-16104 alignright\" src=\"https:\/\/i0.wp.com\/deltaimage.de\/wp\/wp-content\/uploads\/Portrait_Paul_Eschbach_600.jpg?resize=265%2C300&#038;ssl=1\" sizes=\"auto, (max-width: 265px) 100vw, 265px\" srcset=\"https:\/\/deltaimage.de\/wp\/wp-content\/uploads\/Portrait_Paul_Eschbach_600-265x300.jpg 265w, https:\/\/deltaimage.de\/wp\/wp-content\/uploads\/Portrait_Paul_Eschbach_600-177x200.jpg 177w, https:\/\/deltaimage.de\/wp\/wp-content\/uploads\/Portrait_Paul_Eschbach_600-524x593.jpg 524w, https:\/\/deltaimage.de\/wp\/wp-content\/uploads\/Portrait_Paul_Eschbach_600-398x450.jpg 398w, https:\/\/deltaimage.de\/wp\/wp-content\/uploads\/Portrait_Paul_Eschbach_600-353x400.jpg 353w, https:\/\/deltaimage.de\/wp\/wp-content\/uploads\/Portrait_Paul_Eschbach_600.jpg 530w\" alt=\"\" width=\"265\" height=\"300\" \/>Dipl.-Ing.(FH)<br \/>\nDipl.-Wirtschaftsing.(FH)<\/p>\n<p><strong>Paul Eschbach<\/strong><\/p>\n<p>Fotograf, Hochschul-Dozent<br \/>\nFachbuchautor, Fototrainer<\/p>\n<p>&nbsp;<\/p>\n<p>pe@deltaadvice.eu<\/p>\n<p>&nbsp;<\/p>\n<p>Seit \u00fcber 30 Jahren fotografiert Paul Eschbach Landschaft, Natur, Makro und Reportage in den vielf\u00e4ltigsten eigenen und kundenseitigen Projekten. Als Luftbildfotograf kommt die dritte Dimension in den Bildern mit hinzu. Lernen Sie die Grundlagen und die Inspiration von unseren erfahrenen Trainern.<\/p>\n","protected":false},"excerpt":{"rendered":"<p>Seminarinhalte Tilt-Shift Workshop, der kreative Umgang mit einem ganz besonderen Objektivtypus. F\u00fcr Gro\u00dfformatfotografen z\u00e4hlen Tilt (verschwenken) und Shift (verschieben) zum t\u00e4glichen Handwerkszeug f\u00fcr anspruchsvollste Produkt und Werbefotografie. Fotografen suchen immer [&hellip;]<\/p>\n","protected":false},"author":1,"featured_media":36702,"comment_status":"closed","ping_status":"closed","template":"","format":"standard","meta":{"wpupg_custom_link":[],"wpupg_custom_link_behaviour":[],"wpupg_custom_link_nofollow":[],"wpupg_custom_image":[],"wpupg_custom_image_id":[],"jetpack_post_was_ever_published":false,"footnotes":""},"jetpack-portfolio-type":[2735,2733],"jetpack-portfolio-tag":[2742,1359,2741,2746,2747,2744,2745,2743,2748,1719],"class_list":["post-24175","jetpack-portfolio","type-jetpack-portfolio","status-publish","format-standard","has-post-thumbnail","hentry","jetpack-portfolio-type-fortgeschrittenenkurs","jetpack-portfolio-type-fotokurs","jetpack-portfolio-tag-entzerren","jetpack-portfolio-tag-naturfotografie","jetpack-portfolio-tag-perspektiven-korrektur","jetpack-portfolio-tag-portrait-fotografie","jetpack-portfolio-tag-sachaufnahmen","jetpack-portfolio-tag-schaerfenebene","jetpack-portfolio-tag-schaerfentiefe","jetpack-portfolio-tag-scheimpflug-effekt","jetpack-portfolio-tag-table-top","jetpack-portfolio-tag-tilt-shift"],"jetpack-related-posts":[{"id":22767,"url":"https:\/\/deltaimage.de\/wp\/?portfolio=naturfototage-fuerstenfeld-fotowalk-fuerstenfeld-architektur-und-technik","url_meta":{"origin":24175,"position":0},"title":"Naturfototage F\u00fcrstenfeld &#8211; Fotowalk F\u00fcrstenfeld Architektur und Technik","author":"EschbacP","date":"8. Oktober 2019","format":false,"excerpt":"Naturfototage und Fotografie erleben vor der eigenen Haust\u00fcre Im Rahmen der Naturfototage F\u00fcrstenfeld im Forum F\u00fcrstenfeld bei F\u00fcrstenfeldbruck bietet Paul Eschbach erstmalig einen gang neuen Workshop Architektur und Technik an. In den Multivisions Shows zeigen die Referenten die sch\u00f6nsten Impressionen aus der ganzen weiten Welt. Amerika, Afrika, Australien und S\u00fcdamerika,\u2026","rel":"","context":"\u00c4hnlicher Beitrag","block_context":{"text":"\u00c4hnlicher Beitrag","link":""},"img":{"alt_text":"","src":"https:\/\/i0.wp.com\/deltaimage.de\/wp\/wp-content\/uploads\/Banner_Naturfototage_Architektur_1200-1.jpg?fit=1200%2C490&ssl=1&resize=350%2C200","width":350,"height":200,"srcset":"https:\/\/i0.wp.com\/deltaimage.de\/wp\/wp-content\/uploads\/Banner_Naturfototage_Architektur_1200-1.jpg?fit=1200%2C490&ssl=1&resize=350%2C200 1x, https:\/\/i0.wp.com\/deltaimage.de\/wp\/wp-content\/uploads\/Banner_Naturfototage_Architektur_1200-1.jpg?fit=1200%2C490&ssl=1&resize=525%2C300 1.5x, https:\/\/i0.wp.com\/deltaimage.de\/wp\/wp-content\/uploads\/Banner_Naturfototage_Architektur_1200-1.jpg?fit=1200%2C490&ssl=1&resize=700%2C400 2x, https:\/\/i0.wp.com\/deltaimage.de\/wp\/wp-content\/uploads\/Banner_Naturfototage_Architektur_1200-1.jpg?fit=1200%2C490&ssl=1&resize=1050%2C600 3x"},"classes":[]},{"id":45434,"url":"https:\/\/deltaimage.de\/wp\/?portfolio=tilt-shift-fotografie-2","url_meta":{"origin":24175,"position":1},"title":"Tilt- &#038; Shift &#8211; Fotografie","author":"EschbacP","date":"30. September 2024","format":false,"excerpt":"In manchen Aufnahmesituationen sind ganz besondere Fototechniken gefragt, um die Perspektive fotografisch ganz gezielt beeinflussen und steuern zu k\u00f6nnen. In der Tilt-Shift - Fotografie werden spezielle Objektive eingesetzt, um das fotografisch gew\u00fcnschte Ergebnis erzielen zu k\u00f6nnen. Tilt-Fotografie ein verschwenken der Spezialobjektive, so dass die Sch\u00e4rfenebene nicht mehr parallel zur Sensorfl\u00e4che\u2026","rel":"","context":"\u00c4hnlicher Beitrag","block_context":{"text":"\u00c4hnlicher Beitrag","link":""},"img":{"alt_text":"","src":"https:\/\/i0.wp.com\/deltaimage.de\/wp\/wp-content\/uploads\/PE1S0093_1200-2.jpg?fit=1200%2C450&ssl=1&resize=350%2C200","width":350,"height":200,"srcset":"https:\/\/i0.wp.com\/deltaimage.de\/wp\/wp-content\/uploads\/PE1S0093_1200-2.jpg?fit=1200%2C450&ssl=1&resize=350%2C200 1x, https:\/\/i0.wp.com\/deltaimage.de\/wp\/wp-content\/uploads\/PE1S0093_1200-2.jpg?fit=1200%2C450&ssl=1&resize=525%2C300 1.5x, https:\/\/i0.wp.com\/deltaimage.de\/wp\/wp-content\/uploads\/PE1S0093_1200-2.jpg?fit=1200%2C450&ssl=1&resize=700%2C400 2x, https:\/\/i0.wp.com\/deltaimage.de\/wp\/wp-content\/uploads\/PE1S0093_1200-2.jpg?fit=1200%2C450&ssl=1&resize=1050%2C600 3x"},"classes":[]},{"id":45766,"url":"https:\/\/deltaimage.de\/wp\/?portfolio=table-top-studio-fotografie","url_meta":{"origin":24175,"position":2},"title":"Table-Top &#8211; Studio Fotografie","author":"EschbacP","date":"2. Oktober 2024","format":false,"excerpt":"In der Abbildung und Illustration in B\u00fcchern, Print-Medien und digitalen Medien werden immer h\u00e4ufiger hochwertige Fotos f\u00fcr die Kommunikation ben\u00f6tigt. Das ist die Themenstellung der Table-Top - Studio Fotografie. In unserem fertig eingerichteten Table-Top Studio fertigen wir f\u00fcr unsere eigenen Zwecke und f\u00fcr unsere Kunden hochwertige Fotos f\u00fcr diese Zwecke\u2026","rel":"","context":"\u00c4hnlicher Beitrag","block_context":{"text":"\u00c4hnlicher Beitrag","link":""},"img":{"alt_text":"","src":"https:\/\/i0.wp.com\/deltaimage.de\/wp\/wp-content\/uploads\/IMG_3515_1200.jpg?fit=1200%2C450&ssl=1&resize=350%2C200","width":350,"height":200,"srcset":"https:\/\/i0.wp.com\/deltaimage.de\/wp\/wp-content\/uploads\/IMG_3515_1200.jpg?fit=1200%2C450&ssl=1&resize=350%2C200 1x, https:\/\/i0.wp.com\/deltaimage.de\/wp\/wp-content\/uploads\/IMG_3515_1200.jpg?fit=1200%2C450&ssl=1&resize=525%2C300 1.5x, https:\/\/i0.wp.com\/deltaimage.de\/wp\/wp-content\/uploads\/IMG_3515_1200.jpg?fit=1200%2C450&ssl=1&resize=700%2C400 2x, https:\/\/i0.wp.com\/deltaimage.de\/wp\/wp-content\/uploads\/IMG_3515_1200.jpg?fit=1200%2C450&ssl=1&resize=1050%2C600 3x"},"classes":[]},{"id":45032,"url":"https:\/\/deltaimage.de\/wp\/?portfolio=delta-image-eigenverlag-2","url_meta":{"origin":24175,"position":3},"title":"DELTA IMAGE &#8211; Eigenverlag","author":"EschbacP","date":"23. September 2024","format":false,"excerpt":"B\u00fccher sind ein Kulturgut und als Speicher von Sprache, Bildern und deren Zusammenh\u00e4nge ein unverzichtbares Repositorium von Wissen, das zum Zeitpunkt des Lesens oft gar nicht gebraucht wird. B\u00fccher trainieren unseren Intellekt und f\u00f6rdern das Erinnerungsverm\u00f6gen durch vielf\u00e4ltige Assoziationen. Ein gelesener Text bleibt ungleich tiefer im Ged\u00e4chtnis, als andere Formen\u2026","rel":"","context":"\u00c4hnlicher Beitrag","block_context":{"text":"\u00c4hnlicher Beitrag","link":""},"img":{"alt_text":"","src":"https:\/\/i0.wp.com\/deltaimage.de\/wp\/wp-content\/uploads\/IMG_9082_1200.jpg?fit=1200%2C450&ssl=1&resize=350%2C200","width":350,"height":200,"srcset":"https:\/\/i0.wp.com\/deltaimage.de\/wp\/wp-content\/uploads\/IMG_9082_1200.jpg?fit=1200%2C450&ssl=1&resize=350%2C200 1x, https:\/\/i0.wp.com\/deltaimage.de\/wp\/wp-content\/uploads\/IMG_9082_1200.jpg?fit=1200%2C450&ssl=1&resize=525%2C300 1.5x, https:\/\/i0.wp.com\/deltaimage.de\/wp\/wp-content\/uploads\/IMG_9082_1200.jpg?fit=1200%2C450&ssl=1&resize=700%2C400 2x, https:\/\/i0.wp.com\/deltaimage.de\/wp\/wp-content\/uploads\/IMG_9082_1200.jpg?fit=1200%2C450&ssl=1&resize=1050%2C600 3x"},"classes":[]},{"id":24030,"url":"https:\/\/deltaimage.de\/wp\/?portfolio=aufbaukurs-fuer-fortgeschrittene","url_meta":{"origin":24175,"position":4},"title":"Aufbaukurs f\u00fcr Fortgeschrittene","author":"EschbacP","date":"11. Januar 2020","format":false,"excerpt":"Der Foto-Kurs ist speziell f\u00fcr Fortgeschrittene in der Fotografie, aufbauend auf den Inhalten im Grundkurs bauen wir die fotografischen Themen Schritt f\u00fcr Schritt weiter aus und gewinnen Sicherheit und \u00dcbung in der Fotografie.\u00a0Die Fotografie hat noch so viel mehr an M\u00f6glichkeiten zu bieten und Herausforderungen zu beherrschen, dass die Neugierde\u2026","rel":"","context":"\u00c4hnlicher Beitrag","block_context":{"text":"\u00c4hnlicher Beitrag","link":""},"img":{"alt_text":"","src":"https:\/\/i0.wp.com\/deltaimage.de\/wp\/wp-content\/uploads\/Banner_Aufbau_1200.jpg?fit=1200%2C490&ssl=1&resize=350%2C200","width":350,"height":200,"srcset":"https:\/\/i0.wp.com\/deltaimage.de\/wp\/wp-content\/uploads\/Banner_Aufbau_1200.jpg?fit=1200%2C490&ssl=1&resize=350%2C200 1x, https:\/\/i0.wp.com\/deltaimage.de\/wp\/wp-content\/uploads\/Banner_Aufbau_1200.jpg?fit=1200%2C490&ssl=1&resize=525%2C300 1.5x, https:\/\/i0.wp.com\/deltaimage.de\/wp\/wp-content\/uploads\/Banner_Aufbau_1200.jpg?fit=1200%2C490&ssl=1&resize=700%2C400 2x, https:\/\/i0.wp.com\/deltaimage.de\/wp\/wp-content\/uploads\/Banner_Aufbau_1200.jpg?fit=1200%2C490&ssl=1&resize=1050%2C600 3x"},"classes":[]},{"id":49890,"url":"https:\/\/deltaimage.de\/wp\/?portfolio=2-objektivanschluss-macro-objektive-eos-om","url_meta":{"origin":24175,"position":5},"title":"Micro  2: Objektivanschlu\u00df Makro-Objektive EOS \/ OM","author":"EschbacP","date":"29. Juli 2025","format":false,"excerpt":"Von der Kamera geht es weiter in Richtung auf die spezielle Optik f\u00fcr die Micro-Fotografie im System. Die Optik des Systems wird nicht von einem Hersteller durchg\u00e4ngig verwendet werden k\u00f6nnen, hier kommt ein wenig Kreativit\u00e4t der Fotografie mit ins Spiel. Im digitalen EOS System steht nicht mehr die Vielfalt und\u2026","rel":"","context":"\u00c4hnlicher Beitrag","block_context":{"text":"\u00c4hnlicher Beitrag","link":""},"img":{"alt_text":"","src":"https:\/\/i0.wp.com\/deltaimage.de\/wp\/wp-content\/uploads\/IMG_9543-920.jpg?fit=920%2C610&ssl=1&resize=350%2C200","width":350,"height":200,"srcset":"https:\/\/i0.wp.com\/deltaimage.de\/wp\/wp-content\/uploads\/IMG_9543-920.jpg?fit=920%2C610&ssl=1&resize=350%2C200 1x, https:\/\/i0.wp.com\/deltaimage.de\/wp\/wp-content\/uploads\/IMG_9543-920.jpg?fit=920%2C610&ssl=1&resize=525%2C300 1.5x, https:\/\/i0.wp.com\/deltaimage.de\/wp\/wp-content\/uploads\/IMG_9543-920.jpg?fit=920%2C610&ssl=1&resize=700%2C400 2x"},"classes":[]}],"jetpack_sharing_enabled":true,"_links":{"self":[{"href":"https:\/\/deltaimage.de\/wp\/index.php?rest_route=\/wp\/v2\/jetpack-portfolio\/24175","targetHints":{"allow":["GET"]}}],"collection":[{"href":"https:\/\/deltaimage.de\/wp\/index.php?rest_route=\/wp\/v2\/jetpack-portfolio"}],"about":[{"href":"https:\/\/deltaimage.de\/wp\/index.php?rest_route=\/wp\/v2\/types\/jetpack-portfolio"}],"author":[{"embeddable":true,"href":"https:\/\/deltaimage.de\/wp\/index.php?rest_route=\/wp\/v2\/users\/1"}],"replies":[{"embeddable":true,"href":"https:\/\/deltaimage.de\/wp\/index.php?rest_route=%2Fwp%2Fv2%2Fcomments&post=24175"}],"version-history":[{"count":6,"href":"https:\/\/deltaimage.de\/wp\/index.php?rest_route=\/wp\/v2\/jetpack-portfolio\/24175\/revisions"}],"predecessor-version":[{"id":36691,"href":"https:\/\/deltaimage.de\/wp\/index.php?rest_route=\/wp\/v2\/jetpack-portfolio\/24175\/revisions\/36691"}],"wp:featuredmedia":[{"embeddable":true,"href":"https:\/\/deltaimage.de\/wp\/index.php?rest_route=\/wp\/v2\/media\/36702"}],"wp:attachment":[{"href":"https:\/\/deltaimage.de\/wp\/index.php?rest_route=%2Fwp%2Fv2%2Fmedia&parent=24175"}],"wp:term":[{"taxonomy":"jetpack-portfolio-type","embeddable":true,"href":"https:\/\/deltaimage.de\/wp\/index.php?rest_route=%2Fwp%2Fv2%2Fjetpack-portfolio-type&post=24175"},{"taxonomy":"jetpack-portfolio-tag","embeddable":true,"href":"https:\/\/deltaimage.de\/wp\/index.php?rest_route=%2Fwp%2Fv2%2Fjetpack-portfolio-tag&post=24175"}],"curies":[{"name":"wp","href":"https:\/\/api.w.org\/{rel}","templated":true}]}}