{"id":29501,"date":"2021-07-27T21:41:07","date_gmt":"2021-07-27T20:41:07","guid":{"rendered":"https:\/\/deltaimage.de\/wp\/?post_type=jetpack-portfolio&#038;p=29501"},"modified":"2024-10-04T20:30:47","modified_gmt":"2024-10-04T18:30:47","slug":"kompendium-fuer-naturfotografen-luftaufnahmen-mit-drohnen","status":"publish","type":"jetpack-portfolio","link":"https:\/\/deltaimage.de\/wp\/?portfolio=kompendium-fuer-naturfotografen-luftaufnahmen-mit-drohnen","title":{"rendered":"Kompendium f\u00fcr Naturfotografen &#8211; Luftaufnahmen mit Drohnen"},"content":{"rendered":"<p><a href=\"https:\/\/uas-office.de\/?attachment_id=1306704\" rel=\"attachment wp-att-1306704\"><img data-recalc-dims=\"1\" loading=\"lazy\" decoding=\"async\" class=\"aligncenter size-full wp-image-1306704\" src=\"https:\/\/i0.wp.com\/uas-office.de\/wp-content\/uploads\/2021\/03\/UAS-Office_Subtitle_100.jpg?resize=543%2C100&#038;ssl=1\" alt=\"\" width=\"543\" height=\"100\" \/><\/a><\/p>\n<p>&nbsp;<\/p>\n<h2>Ein &#8222;Handb\u00fcchlein&#8220; f\u00fcr den Naturfotografen im rechtlichen Umgang beim Fliegen mit Drohnen<img data-recalc-dims=\"1\" loading=\"lazy\" decoding=\"async\" data-attachment-id=\"29413\" data-permalink=\"https:\/\/deltaimage.de\/wp\/?attachment_id=29413#main\" data-orig-file=\"https:\/\/i0.wp.com\/deltaimage.de\/wp\/wp-content\/uploads\/UAVDACH_Naturfotografen_UAS-Regeln_20210720.jpg?fit=568%2C809&amp;ssl=1\" data-orig-size=\"568,809\" data-comments-opened=\"0\" data-image-meta=\"{&quot;aperture&quot;:&quot;0&quot;,&quot;credit&quot;:&quot;Paul Eschbach&quot;,&quot;camera&quot;:&quot;&quot;,&quot;caption&quot;:&quot;&quot;,&quot;created_timestamp&quot;:&quot;1626875512&quot;,&quot;copyright&quot;:&quot;&quot;,&quot;focal_length&quot;:&quot;0&quot;,&quot;iso&quot;:&quot;0&quot;,&quot;shutter_speed&quot;:&quot;0&quot;,&quot;title&quot;:&quot;&quot;,&quot;orientation&quot;:&quot;0&quot;}\" data-image-title=\"UAVDACH_Naturfotografen_UAS-Regeln_20210720\" data-image-description=\"\" data-image-caption=\"\" data-large-file=\"https:\/\/i0.wp.com\/deltaimage.de\/wp\/wp-content\/uploads\/UAVDACH_Naturfotografen_UAS-Regeln_20210720.jpg?fit=568%2C809&amp;ssl=1\" class=\"alignright wp-image-29413 size-medium\" src=\"https:\/\/i0.wp.com\/deltaimage.de\/wp\/wp-content\/uploads\/UAVDACH_Naturfotografen_UAS-Regeln_20210720.jpg?resize=421%2C600&#038;ssl=1\" alt=\"\" width=\"421\" height=\"600\" srcset=\"https:\/\/i0.wp.com\/deltaimage.de\/wp\/wp-content\/uploads\/UAVDACH_Naturfotografen_UAS-Regeln_20210720.jpg?resize=421%2C600&amp;ssl=1 421w, https:\/\/i0.wp.com\/deltaimage.de\/wp\/wp-content\/uploads\/UAVDACH_Naturfotografen_UAS-Regeln_20210720.jpg?resize=140%2C200&amp;ssl=1 140w, https:\/\/i0.wp.com\/deltaimage.de\/wp\/wp-content\/uploads\/UAVDACH_Naturfotografen_UAS-Regeln_20210720.jpg?resize=416%2C593&amp;ssl=1 416w, https:\/\/i0.wp.com\/deltaimage.de\/wp\/wp-content\/uploads\/UAVDACH_Naturfotografen_UAS-Regeln_20210720.jpg?resize=316%2C450&amp;ssl=1 316w, https:\/\/i0.wp.com\/deltaimage.de\/wp\/wp-content\/uploads\/UAVDACH_Naturfotografen_UAS-Regeln_20210720.jpg?resize=281%2C400&amp;ssl=1 281w, https:\/\/i0.wp.com\/deltaimage.de\/wp\/wp-content\/uploads\/UAVDACH_Naturfotografen_UAS-Regeln_20210720.jpg?w=568&amp;ssl=1 568w\" sizes=\"auto, (max-width: 421px) 100vw, 421px\" \/><\/h2>\n<p>Speziell f\u00fcr die Naturfotografen haben die Autoren die unterschiedlichsten Regelungen aus der europ\u00e4ischen Regulierung und den nationalen Vorschriften f\u00fcr den Naturfotografen und seinem spezifischen Motivraum zusammengefasst. Dieses &#8222;<em>Handb\u00fcchlein<\/em>&#8220; erleichtert es jedem Naturfotografen sich auf den UAS-Betrieb in der Natur und den damit zusammenh\u00e4ngenden Motiven und Motivr\u00e4umen vorzubereiten.<\/p>\n<p>Das geltende Regelwerk in Deutschland und den Mitgliedsstaaten der EU m\u00fcssen von allen UAS-FernpilotInnen verstanden und beherrscht werden, um regelkonform fliegen zu k\u00f6nnen. Viele hundert Seiten Gesetze, Verordnungen und zugeordneten weiteren Unterlagen sind zu studieren \u2013 es bleibt immer eine Unsicherheit in der praktischen Anwendung.\u00a0In der Schulung h\u00f6rt sich das gerade noch logisch und einfach an. In der praktischen Anwendung drau\u00dfen in der Natur, beim Fotografieren oder beim Filmen sieht das schon anders aus.<\/p>\n<blockquote>\n<pre>\u201eWie war das gleich noch mal \u2026\u201c<\/pre>\n<\/blockquote>\n<p>Die beiden Autoren wollen gerade aus der eigenen Verbundenheit zur Naturfotografie, ein praktisches Kompendium \u201e<b>Wissenswertes<\/b>\u201c dem verantwortungsbewu\u00dften Naturfotografen mit auf den Weg geben. Fokussiert auf die typischen Anwendungsgebiete und Fragestellungen liefert das B\u00fcchlein\u00a0 die gesuchten Antworten.<\/p>\n<blockquote>\n<pre>Sicher ist Sicher.<\/pre>\n<\/blockquote>\n<p>Die <strong><a href=\"http:\/\/www.uas-office.de\">UAVDACH-Services UG<\/a><\/strong> ist seit vielen Jahren Ihr kompetenter Anbieter von Pr\u00fcfung, Ausbildung und Fachgutachten f\u00fcr UAS Piloten sowie Fachgutachten f\u00fcr UAS Betreiber und Beh\u00f6rden \u2026 und bietet das notwendige Wissen in kompetenter Form zum Selbststudium f\u00fcr alle an.<\/p>\n<p>&nbsp;<\/p>\n<blockquote><p>\u00bbDer Fotograf alleine mit sich und der ausgesetzten und rauen Naturlandschaft. So stellt man sich die NaturfotografIn landl\u00e4ufig vor. Ja. Immer h\u00e4ufiger greift die NaturfotografIn jedoch zur fliegenden Kamera f\u00fcr das Foto- oder Videoprojekt. Das UAS \u2013 die Drohne \u2013 gewinnt immer mehr Freunde in der Fotografie\/Videografie, ob der einzigartigen M\u00f6glichkeiten des k\u00fcnstlerischen Ausdrucks und dem Erz\u00e4hlen von Geschichten \u201e<i>Storrytelling<\/i>\u201c.<br \/>\nDabei bewegt sich die FotografIn in Natur- und in Kulturr\u00e4umen und muss sich regelkonform verhalten, um lange Freude an dieser neuen Ausdrucksform zu genie\u00dfen.<\/p>\n<p>Anl\u00e4sslich der <strong><a href=\"https:\/\/deltaimage.de\/wp\/?tribe_events=naturfototage-fuerstenfeldbruck-infostelle-uavdach-services-ug-und-delta-image-mit-uwe-nortmann-und-paul-eschbach\">Naturfototage F\u00fcrstenfeld<\/a><\/strong> haben wir ein spezielles Kompendium des notwendigen Wissens, speziell f\u00fcr die NaturfotografInnen, geschrieben. Aus unserer t\u00e4glichen Arbeit im UAV DACH e.V. und der UAVDACH-Services UG sehen wir an den vielen Anfragen, dass hier Information und Wissen einen wertvoller Schatz darstellt.\u00ab<br \/>\nPaul Eschbach<\/p><\/blockquote>\n<p>&nbsp;<\/p>\n<h2>Zum Buch<\/h2>\n<div class=\"su-button-center\"><a href=\"https:\/\/shop.deltaimage.de\/?product_cat=unbemannte-luftfahrt\" class=\"su-button su-button-style-default\" style=\"color:#FFFFFF;background-color:#b22038;border-color:#8f1a2d;border-radius:5px\" target=\"_self\"><span style=\"color:#FFFFFF;padding:6px 16px;font-size:13px;line-height:20px;border-color:#ca6374;border-radius:5px;text-shadow:none\"><i class=\"sui sui-arrow-right\" style=\"font-size:13px;color:#FFFFFF\"><\/i> Das Buch im Online-Shop bestellen<small style=\"padding-bottom:6px;color:#FFFFFF\">zum ONLINE SHOP<\/small><\/span><\/a><\/div>\n<p>Der <a href=\"http:\/\/SHOP.deltaimage.de\">Online-Shop<\/a> sind externe Seiten, Sie verlassen diese Webseite. Falls die Weiterleitung zu SHOP.deltaimage.de nicht funktioniert, senden Sie uns bitte <strong><a href=\"mailto:paul.eschbach@uavdach.org\">direkt eine Nachricht<\/a><\/strong>.<\/p>\n<p>Autor: Paul Eschbach (UAV DACH e.V.), Uwe Nortmann (UAVDACH-Services UG)<br \/>\nDELTA IMAGE Eigenverlag<\/p>\n<p>Format DIN A5<br \/>\n92 Seiten<br \/>\nSoftcover<\/p>\n<p>Ersterscheinung Juli 2021<\/p>\n<p>&nbsp;<\/p>\n<div class=\"su-button-center\"><a href=\"https:\/\/shop.deltaimage.de\/?product_cat=buch\" class=\"su-button su-button-style-flat\" style=\"color:#ffffff;background-color:#336699;border-color:#29527b;border-radius:7px\" target=\"_self\"><span style=\"color:#ffffff;padding:7px 20px;font-size:16px;line-height:24px;border-color:#7194b8;border-radius:7px;text-shadow:none\"><i class=\"sui sui-arrow-right\" style=\"font-size:16px;color:#FFFFFF\"><\/i> B\u00fccher bei DELTA IMAGE<small style=\"padding-bottom:7px;color:#ffffff\">zu shop.deltaimage.de<\/small><\/span><\/a><\/div>\n","protected":false},"excerpt":{"rendered":"<p>&nbsp; Ein &#8222;Handb\u00fcchlein&#8220; f\u00fcr den Naturfotografen im rechtlichen Umgang beim Fliegen mit Drohnen Speziell f\u00fcr die Naturfotografen haben die Autoren die unterschiedlichsten Regelungen aus der europ\u00e4ischen Regulierung und den nationalen [&hellip;]<\/p>\n","protected":false},"author":1,"featured_media":29413,"comment_status":"closed","ping_status":"closed","template":"","format":"standard","meta":{"wpupg_custom_link":[],"wpupg_custom_link_behaviour":[],"wpupg_custom_link_nofollow":[],"wpupg_custom_image":[],"wpupg_custom_image_id":[],"jetpack_post_was_ever_published":false,"footnotes":""},"jetpack-portfolio-type":[1271,3944],"jetpack-portfolio-tag":[],"class_list":["post-29501","jetpack-portfolio","type-jetpack-portfolio","status-publish","format-standard","has-post-thumbnail","hentry","jetpack-portfolio-type-buch","jetpack-portfolio-type-lb-buch"],"jetpack-related-posts":[{"id":13341,"url":"https:\/\/deltaimage.de\/wp\/?portfolio=luftbild-fotografie","url_meta":{"origin":29501,"position":0},"title":"Luftbild-Fotografie (Drohne &#038; Flugzeug)","author":"EschbacP","date":"31. Januar 2017","format":false,"excerpt":"Die Luftbild-Fotografie ist entweder aus dem Flugzeug, oder mit Hilfe von Drohnen - beides ist gleicherma\u00dfen faszinierend und spannend. Wir machen beide Formen, jede erzeugt eine andere Art von Bildern und ist f\u00fcr unterschiedliche Aufgaben geeignet. Nahezu jede(r) ist fasziniert von Luftbildern, den Blick auf unsere Erde aus der Perspektive\u2026","rel":"","context":"\u00c4hnlicher Beitrag","block_context":{"text":"\u00c4hnlicher Beitrag","link":""},"img":{"alt_text":"","src":"https:\/\/i0.wp.com\/deltaimage.de\/wp\/wp-content\/uploads\/ZY5M0868_1200.jpg?fit=1200%2C450&ssl=1&resize=350%2C200","width":350,"height":200,"srcset":"https:\/\/i0.wp.com\/deltaimage.de\/wp\/wp-content\/uploads\/ZY5M0868_1200.jpg?fit=1200%2C450&ssl=1&resize=350%2C200 1x, https:\/\/i0.wp.com\/deltaimage.de\/wp\/wp-content\/uploads\/ZY5M0868_1200.jpg?fit=1200%2C450&ssl=1&resize=525%2C300 1.5x, https:\/\/i0.wp.com\/deltaimage.de\/wp\/wp-content\/uploads\/ZY5M0868_1200.jpg?fit=1200%2C450&ssl=1&resize=700%2C400 2x, https:\/\/i0.wp.com\/deltaimage.de\/wp\/wp-content\/uploads\/ZY5M0868_1200.jpg?fit=1200%2C450&ssl=1&resize=1050%2C600 3x"},"classes":[]},{"id":38386,"url":"https:\/\/deltaimage.de\/wp\/?portfolio=naturfototage-fuerstenfeld-glanzlichter-com","url_meta":{"origin":29501,"position":1},"title":"Naturfototage F\u00fcrstenfeld &#8211; Glanzlichter.com","author":"EschbacP","date":"30. Dezember 2022","format":false,"excerpt":"Die Internationalen F\u00fcrstenfelder Naturfototage z\u00e4hlen zu den gr\u00f6\u00dften Fotofestivals Europas. Jedes Jahr kommen bis zu 12.000 natur- und fotoverbundene G\u00e4ste in das Veranstaltungsforum, um sich \u00fcber Neuheiten zu informieren. Renommierte Naturfotografen zeigen in aufwendigen Multimediashows und Ausstellungen ihre besten Bilder und geben ihr Wissen in Vortr\u00e4gen, Seminaren und Workshops weiter.\u2026","rel":"","context":"\u00c4hnlicher Beitrag","block_context":{"text":"\u00c4hnlicher Beitrag","link":""},"img":{"alt_text":"","src":"https:\/\/i0.wp.com\/deltaimage.de\/wp\/wp-content\/uploads\/PE5D1378_1200.jpg?fit=1200%2C450&ssl=1&resize=350%2C200","width":350,"height":200,"srcset":"https:\/\/i0.wp.com\/deltaimage.de\/wp\/wp-content\/uploads\/PE5D1378_1200.jpg?fit=1200%2C450&ssl=1&resize=350%2C200 1x, https:\/\/i0.wp.com\/deltaimage.de\/wp\/wp-content\/uploads\/PE5D1378_1200.jpg?fit=1200%2C450&ssl=1&resize=525%2C300 1.5x, https:\/\/i0.wp.com\/deltaimage.de\/wp\/wp-content\/uploads\/PE5D1378_1200.jpg?fit=1200%2C450&ssl=1&resize=700%2C400 2x, https:\/\/i0.wp.com\/deltaimage.de\/wp\/wp-content\/uploads\/PE5D1378_1200.jpg?fit=1200%2C450&ssl=1&resize=1050%2C600 3x"},"classes":[]},{"id":27311,"url":"https:\/\/deltaimage.de\/wp\/?portfolio=lehrbuch-zum-kompetenznachweis-a1-a3-im-uav-dach-e-v-erschienen","url_meta":{"origin":29501,"position":2},"title":"Lehrbuch zum Kompetenznachweis A1\/A3 in der UAVDACH-Services UG","author":"EschbacP","date":"12. Februar 2021","format":false,"excerpt":"Mit dem neuen EU Kompetenznachweis A1\/A3 ist f\u00fcr viele angehenden UAS Piloten auch ein intensives Selbststudium der ungewohnten Materie der Luftfahrt und der neuen UAS\/Drohnenregeln angesagt. Die bestehenden UAS Lehrb\u00fccher m\u00fcssen neu geschrieben werden, um die fein differenzierten neuen EU Drohnenregeln auch zu vermitteln. \u00a0 UAVDACH-Services UG pr\u00e4sentiert das neue\u2026","rel":"","context":"\u00c4hnlicher Beitrag","block_context":{"text":"\u00c4hnlicher Beitrag","link":""},"img":{"alt_text":"","src":"https:\/\/i0.wp.com\/deltaimage.de\/wp\/wp-content\/uploads\/UAVDACH_Lehrbuch_A1A3_Cover.jpg?fit=569%2C799&ssl=1&resize=350%2C200","width":350,"height":200,"srcset":"https:\/\/i0.wp.com\/deltaimage.de\/wp\/wp-content\/uploads\/UAVDACH_Lehrbuch_A1A3_Cover.jpg?fit=569%2C799&ssl=1&resize=350%2C200 1x, https:\/\/i0.wp.com\/deltaimage.de\/wp\/wp-content\/uploads\/UAVDACH_Lehrbuch_A1A3_Cover.jpg?fit=569%2C799&ssl=1&resize=525%2C300 1.5x"},"classes":[]},{"id":27309,"url":"https:\/\/deltaimage.de\/wp\/?portfolio=lehrbuch-zum-fernpilotenzeugnis-a2-in-der-uavdach-services-ug","url_meta":{"origin":29501,"position":3},"title":"Lehrbuch zum Fernpilotenzeugnis A2 in der UAVDACH-Services UG","author":"EschbacP","date":"12. Februar 2021","format":false,"excerpt":"Mit dem neuen EU Fernpilotenzeugnis A2 ist f\u00fcr viele UAS Piloten im gewerblichen Bereich auch ein intensives Selbststudium, erweiternd zur\u00a0 notwendigen theoretischen Pr\u00fcfung zum EU Kompetenznachweis A1\/A3 sinnvoll und notwendig. Das EU Fernpilotenzeugnis ist die Voraussetzung, um gerade gewerblich in die N\u00e4he von Menschen fliegen zu d\u00fcrfen. \u00a0 UAVDACH-Services UG\u2026","rel":"","context":"\u00c4hnlicher Beitrag","block_context":{"text":"\u00c4hnlicher Beitrag","link":""},"img":{"alt_text":"","src":"https:\/\/i0.wp.com\/deltaimage.de\/wp\/wp-content\/uploads\/UAVDACH_Lehrbuch_A2_Cover.jpg?fit=570%2C803&ssl=1&resize=350%2C200","width":350,"height":200,"srcset":"https:\/\/i0.wp.com\/deltaimage.de\/wp\/wp-content\/uploads\/UAVDACH_Lehrbuch_A2_Cover.jpg?fit=570%2C803&ssl=1&resize=350%2C200 1x, https:\/\/i0.wp.com\/deltaimage.de\/wp\/wp-content\/uploads\/UAVDACH_Lehrbuch_A2_Cover.jpg?fit=570%2C803&ssl=1&resize=525%2C300 1.5x"},"classes":[]},{"id":28792,"url":"https:\/\/deltaimage.de\/wp\/?portfolio=nationale-regelungen-unbemannte-luftfahrt-in-deutschland","url_meta":{"origin":29501,"position":4},"title":"Nationale Regelungen Unbemannte Luftfahrt in Deutschland","author":"EschbacP","date":"28. Mai 2021","format":false,"excerpt":"\u00a0 Ein Fachbuch von UAVDACH-Services UG \u00fcber die Neufassung der nationalen Regelungen in der Unbemannten Luftfahrt im Rahmen der Anpassung an die seit 31.12.2020 anzuwendenden EU-Verordnungen 2019\/945 und 2019\/947. Am 28. Mai 2021 hat der Bundesrat in Berlin \u00fcber die \u00c4nderungen an Luftverkehrsgesetz (LuftVG) Luftverkehrszulassungordnung (LuftVZO) Luftverkehrsordnung (LuftVO) Kostenordnung der\u2026","rel":"","context":"\u00c4hnlicher Beitrag","block_context":{"text":"\u00c4hnlicher Beitrag","link":""},"img":{"alt_text":"","src":"https:\/\/i0.wp.com\/deltaimage.de\/wp\/wp-content\/uploads\/UAVDACH_Nationale-Regelungen_Cover.jpg?fit=545%2C798&ssl=1&resize=350%2C200","width":350,"height":200,"srcset":"https:\/\/i0.wp.com\/deltaimage.de\/wp\/wp-content\/uploads\/UAVDACH_Nationale-Regelungen_Cover.jpg?fit=545%2C798&ssl=1&resize=350%2C200 1x, https:\/\/i0.wp.com\/deltaimage.de\/wp\/wp-content\/uploads\/UAVDACH_Nationale-Regelungen_Cover.jpg?fit=545%2C798&ssl=1&resize=525%2C300 1.5x"},"classes":[]},{"id":20120,"url":"https:\/\/deltaimage.de\/wp\/?portfolio=uav-dach-e-v-mitgliedschaft","url_meta":{"origin":29501,"position":5},"title":"UAV DACH e.V. Mitgliedschaft","author":"EschbacP","date":"30. August 2018","format":false,"excerpt":"DELTA IMAGE ist seit 2016 assoziiertes Mitglied im Verband f\u00fcr unbemannte Luftfahrt - UAV DACH e.V.. Die Aktivit\u00e4ten in der unbemannten Luftfahrt begannen mit den Inspektionsfl\u00fcgen zur technischen Inspektion f\u00fcr einen TSO (Transport System Operator) zur Analyse der H\u00f6chstspannungsleitungen im Transportnetz. \u00a0 Der UAV DACH e.V. besteht seit 18 Jahren\u2026","rel":"","context":"\u00c4hnlicher Beitrag","block_context":{"text":"\u00c4hnlicher Beitrag","link":""},"img":{"alt_text":"","src":"https:\/\/i0.wp.com\/deltaimage.de\/wp\/wp-content\/uploads\/UAV-DACH-Mitgliedslogo-300x102.jpg?resize=350%2C200&ssl=1","width":350,"height":200},"classes":[]}],"jetpack_sharing_enabled":true,"_links":{"self":[{"href":"https:\/\/deltaimage.de\/wp\/index.php?rest_route=\/wp\/v2\/jetpack-portfolio\/29501","targetHints":{"allow":["GET"]}}],"collection":[{"href":"https:\/\/deltaimage.de\/wp\/index.php?rest_route=\/wp\/v2\/jetpack-portfolio"}],"about":[{"href":"https:\/\/deltaimage.de\/wp\/index.php?rest_route=\/wp\/v2\/types\/jetpack-portfolio"}],"author":[{"embeddable":true,"href":"https:\/\/deltaimage.de\/wp\/index.php?rest_route=\/wp\/v2\/users\/1"}],"replies":[{"embeddable":true,"href":"https:\/\/deltaimage.de\/wp\/index.php?rest_route=%2Fwp%2Fv2%2Fcomments&post=29501"}],"version-history":[{"count":4,"href":"https:\/\/deltaimage.de\/wp\/index.php?rest_route=\/wp\/v2\/jetpack-portfolio\/29501\/revisions"}],"predecessor-version":[{"id":36842,"href":"https:\/\/deltaimage.de\/wp\/index.php?rest_route=\/wp\/v2\/jetpack-portfolio\/29501\/revisions\/36842"}],"wp:featuredmedia":[{"embeddable":true,"href":"https:\/\/deltaimage.de\/wp\/index.php?rest_route=\/wp\/v2\/media\/29413"}],"wp:attachment":[{"href":"https:\/\/deltaimage.de\/wp\/index.php?rest_route=%2Fwp%2Fv2%2Fmedia&parent=29501"}],"wp:term":[{"taxonomy":"jetpack-portfolio-type","embeddable":true,"href":"https:\/\/deltaimage.de\/wp\/index.php?rest_route=%2Fwp%2Fv2%2Fjetpack-portfolio-type&post=29501"},{"taxonomy":"jetpack-portfolio-tag","embeddable":true,"href":"https:\/\/deltaimage.de\/wp\/index.php?rest_route=%2Fwp%2Fv2%2Fjetpack-portfolio-tag&post=29501"}],"curies":[{"name":"wp","href":"https:\/\/api.w.org\/{rel}","templated":true}]}}