{"id":33268,"date":"2022-03-12T16:53:32","date_gmt":"2022-03-12T15:53:32","guid":{"rendered":"https:\/\/deltaimage.de\/wp\/?post_type=jetpack-portfolio&#038;p=33268"},"modified":"2022-09-20T19:51:23","modified_gmt":"2022-09-20T18:51:23","slug":"lockheed-starfighter-f-104g-2153-im-deutschen-museum-flugwerft-schleissheim","status":"publish","type":"jetpack-portfolio","link":"https:\/\/deltaimage.de\/wp\/?portfolio=lockheed-starfighter-f-104g-2153-im-deutschen-museum-flugwerft-schleissheim","title":{"rendered":"Lockheed \u201eStarfighter\u201c F-104G (21+53) im Deutschen Museum Flugwerft Schlei\u00dfheim"},"content":{"rendered":"<p><a href=\"https:\/\/i0.wp.com\/deltaimage.de\/wp\/wp-content\/uploads\/Flugplatzfuehrer-Band_1m.jpg?ssl=1\"><img data-recalc-dims=\"1\" loading=\"lazy\" decoding=\"async\" data-attachment-id=\"33265\" data-permalink=\"https:\/\/deltaimage.de\/wp\/?attachment_id=33265#main\" data-orig-file=\"https:\/\/i0.wp.com\/deltaimage.de\/wp\/wp-content\/uploads\/F-104G-Thomas-Michel-Auflage-2.jpg?fit=843%2C1121&amp;ssl=1\" data-orig-size=\"843,1121\" data-comments-opened=\"0\" data-image-meta=\"{&quot;aperture&quot;:&quot;0&quot;,&quot;credit&quot;:&quot;Paul Eschbach&quot;,&quot;camera&quot;:&quot;&quot;,&quot;caption&quot;:&quot;&quot;,&quot;created_timestamp&quot;:&quot;1642935554&quot;,&quot;copyright&quot;:&quot;&quot;,&quot;focal_length&quot;:&quot;0&quot;,&quot;iso&quot;:&quot;0&quot;,&quot;shutter_speed&quot;:&quot;0&quot;,&quot;title&quot;:&quot;&quot;,&quot;orientation&quot;:&quot;1&quot;}\" data-image-title=\"F-104G Thomas Michel Auflage 2\" data-image-description=\"\" data-image-caption=\"\" data-large-file=\"https:\/\/i0.wp.com\/deltaimage.de\/wp\/wp-content\/uploads\/F-104G-Thomas-Michel-Auflage-2.jpg?fit=843%2C1121&amp;ssl=1\" class=\"aligncenter size-full wp-image-33265\" src=\"https:\/\/i0.wp.com\/deltaimage.de\/wp\/wp-content\/uploads\/F-104G-Thomas-Michel-Auflage-2.jpg?resize=843%2C1121&#038;ssl=1\" alt=\"\" width=\"843\" height=\"1121\" srcset=\"https:\/\/i0.wp.com\/deltaimage.de\/wp\/wp-content\/uploads\/F-104G-Thomas-Michel-Auflage-2.jpg?w=843&amp;ssl=1 843w, https:\/\/i0.wp.com\/deltaimage.de\/wp\/wp-content\/uploads\/F-104G-Thomas-Michel-Auflage-2.jpg?resize=451%2C600&amp;ssl=1 451w, https:\/\/i0.wp.com\/deltaimage.de\/wp\/wp-content\/uploads\/F-104G-Thomas-Michel-Auflage-2.jpg?resize=150%2C200&amp;ssl=1 150w, https:\/\/i0.wp.com\/deltaimage.de\/wp\/wp-content\/uploads\/F-104G-Thomas-Michel-Auflage-2.jpg?resize=446%2C593&amp;ssl=1 446w, https:\/\/i0.wp.com\/deltaimage.de\/wp\/wp-content\/uploads\/F-104G-Thomas-Michel-Auflage-2.jpg?resize=338%2C450&amp;ssl=1 338w, https:\/\/i0.wp.com\/deltaimage.de\/wp\/wp-content\/uploads\/F-104G-Thomas-Michel-Auflage-2.jpg?resize=301%2C400&amp;ssl=1 301w\" sizes=\"auto, (max-width: 843px) 100vw, 843px\" \/><\/a><\/p>\n<p>Vor einigen Jahren war Chuck Yeager zu Besuch in der Flugwerft in Schlei\u00dfheim. Wir hatten das\u00a0 einmalige Vergn\u00fcgen ihn kurz am \u00e4ltesten Flugplatz in Bayern zu begr\u00fc\u00dfen.\u00a0 \u201e<i>Der Stoff aus dem die Helden sind<\/i>\u201c war der\u00a0Film \u00fcber den Aufbruch ins Weltall, mit einem pr\u00e4gendem Auftritt der\u00a0F-104 \u2013 und Chuck Yeager als \u201e<i>fastest man <\/i><i>alive<\/i>\u201c.<\/p>\n<p><img data-recalc-dims=\"1\" loading=\"lazy\" decoding=\"async\" data-attachment-id=\"5549\" data-permalink=\"https:\/\/deltaimage.de\/wp\/?attachment_id=5549#main\" data-orig-file=\"https:\/\/i0.wp.com\/deltaimage.de\/wp\/wp-content\/uploads\/PE1D6415_900.jpg?fit=900%2C600&amp;ssl=1\" data-orig-size=\"900,600\" data-comments-opened=\"0\" data-image-meta=\"{&quot;aperture&quot;:&quot;3.5&quot;,&quot;credit&quot;:&quot;Paul Eschbach&quot;,&quot;camera&quot;:&quot;Canon EOS-1D Mark II N&quot;,&quot;caption&quot;:&quot;&quot;,&quot;created_timestamp&quot;:&quot;1224522278&quot;,&quot;copyright&quot;:&quot;&quot;,&quot;focal_length&quot;:&quot;34&quot;,&quot;iso&quot;:&quot;200&quot;,&quot;shutter_speed&quot;:&quot;0.004&quot;,&quot;title&quot;:&quot;&quot;,&quot;orientation&quot;:&quot;1&quot;}\" data-image-title=\"PE1D6415_900\" data-image-description=\"\" data-image-caption=\"\" data-large-file=\"https:\/\/i0.wp.com\/deltaimage.de\/wp\/wp-content\/uploads\/PE1D6415_900.jpg?fit=890%2C593&amp;ssl=1\" class=\"aligncenter size-full wp-image-5549\" src=\"https:\/\/i0.wp.com\/deltaimage.de\/wp\/wp-content\/uploads\/PE1D6415_900.jpg?resize=890%2C593&#038;ssl=1\" alt=\"Chuck Yeager besuchte Flugplatz Oberschlei\u00dfheim 2008\" width=\"890\" height=\"593\" srcset=\"https:\/\/i0.wp.com\/deltaimage.de\/wp\/wp-content\/uploads\/PE1D6415_900.jpg?w=900&amp;ssl=1 900w, https:\/\/i0.wp.com\/deltaimage.de\/wp\/wp-content\/uploads\/PE1D6415_900.jpg?resize=300%2C200&amp;ssl=1 300w, https:\/\/i0.wp.com\/deltaimage.de\/wp\/wp-content\/uploads\/PE1D6415_900.jpg?resize=890%2C593&amp;ssl=1 890w, https:\/\/i0.wp.com\/deltaimage.de\/wp\/wp-content\/uploads\/PE1D6415_900.jpg?resize=675%2C450&amp;ssl=1 675w, https:\/\/i0.wp.com\/deltaimage.de\/wp\/wp-content\/uploads\/PE1D6415_900.jpg?resize=200%2C133&amp;ssl=1 200w\" sizes=\"auto, (max-width: 890px) 100vw, 890px\" \/><\/p>\n<p>Jetzt liegt ein Fachbuch eines langj\u00e4hrigen Mitarbeiters der Flugwerft Schlei\u00dfheim \u00fcber die F-104G vor uns. Die F-104G \u2013 der \u201e<i>Starfighter<\/i>\u201c war das Flugzeug, pr\u00e4gend f\u00fcr eine ganze Generation an Luftfahrt-begeisterten jungen Menschen.<\/p>\n<p>Thomas Michel hat bei der Bundesluftwaffe das Arbeiten an der F-104G gelernt und setzt dieses Wissen nun zur technisch und historisch korrekten Aufbereitung des Museumsexponates in der Flugwerft Schlei\u00dfheim um. Der Besucher merkt in den Museumsf\u00fchrungen, dass ihm die F-104G ganz besonders am Herzen liegt, da spricht jemand der sich wahrlich auskennt.<\/p>\n<p>Diese Exponat-Beschreibung zeigt die F-104G in vielen technischen Details, weit innerhalb der getarnten Au\u00dfenh\u00fclle und Sie erleben die oft aufwendigen Restaurationsschritte fast hautnah mit.<\/p>\n<p>&nbsp;<\/p>\n<h2>\u00dcber dieses Buch<\/h2>\n<p>Dieses Buch ist und will keine wissenschaftliche Aufarbeitung der F-104G im generellen oder auch im speziellen Modell der 21 + 53 sein. Die Inhalte sind aus der praktischen Arbeit in der Flugwerft durch die Mitarbeiter der Restaurierungswerkstatt w\u00e4hrend den Arbeiten an der F-104G entstanden. Aus dieser detaillierten Arbeit heraus, werden f\u00fcr den interessierten Freund der F-104G viele Details in der Ausf\u00fchrung, weit unterhalb der Au\u00dfenhaut in den Tiefen der Technik sichtbar, welche der Besucher im Museum niemals zu Gesichte bekommen kann. Es werden auch die st\u00e4ndigen \u00c4nderungen und Verbesserungen an diesem Standardjagdbomber (<em>Fighter Bomber \u2013 FB<\/em>) der Bundesluftwaffe von dem Einsatzbeginn 1960 bis zur Au\u00dferdienststellung 1991 in dem Bem\u00fchen aufgezeigt. Dem technisch interessierten werden die Bem\u00fchungen der Mannschaft klar, die korrekte Ausf\u00fchrung mit den gegebenen M\u00f6glichkeiten drei\u00dfig Jahre nach dem Einsatzende in Deutschland f\u00fcr das bedeutendste Technikmuseum wieder herzustellen.<\/p>\n<p>Eine interessante Lekt\u00fcre f\u00fcr die vielen Starfighter Freunde drau\u00dfen.<\/p>\n<p>Bis bald in der Flugwerkt Schlei\u00dfheim, am Exponat der F-104G 21 + 53.<\/p>\n<p>&nbsp;<\/p>\n<div class=\"su-button-center\"><a href=\"https:\/\/shop.deltaimage.de\/?product_cat=buch\" class=\"su-button su-button-style-flat\" style=\"color:#ffffff;background-color:#336699;border-color:#29527b;border-radius:7px\" target=\"_self\"><span style=\"color:#ffffff;padding:7px 20px;font-size:16px;line-height:24px;border-color:#7194b8;border-radius:7px;text-shadow:none\"><i class=\"sui sui-arrow-right\" style=\"font-size:16px;color:#FFFFFF\"><\/i> B\u00fccher bei DELTA IMAGE<small style=\"padding-bottom:7px;color:#ffffff\">zu shop.deltaimage.de<\/small><\/span><\/a><\/div>\n","protected":false},"excerpt":{"rendered":"<p>Vor einigen Jahren war Chuck Yeager zu Besuch in der Flugwerft in Schlei\u00dfheim. Wir hatten das\u00a0 einmalige Vergn\u00fcgen ihn kurz am \u00e4ltesten Flugplatz in Bayern zu begr\u00fc\u00dfen.\u00a0 \u201eDer Stoff aus [&hellip;]<\/p>\n","protected":false},"author":1,"featured_media":33265,"comment_status":"closed","ping_status":"closed","template":"","format":"standard","meta":{"wpupg_custom_link":[],"wpupg_custom_link_behaviour":[],"wpupg_custom_link_nofollow":[],"wpupg_custom_image":[],"wpupg_custom_image_id":[],"jetpack_post_was_ever_published":false,"footnotes":""},"jetpack-portfolio-type":[1271],"jetpack-portfolio-tag":[3196,1319,3195,1320,3193,1280,3194],"class_list":["post-33268","jetpack-portfolio","type-jetpack-portfolio","status-publish","format-standard","has-post-thumbnail","hentry","jetpack-portfolio-type-buch","jetpack-portfolio-tag-bundesluftwaffe","jetpack-portfolio-tag-deutsches-museum","jetpack-portfolio-tag-f-104g","jetpack-portfolio-tag-flugwerft-schleissheim","jetpack-portfolio-tag-lockheed","jetpack-portfolio-tag-oberschleissheim","jetpack-portfolio-tag-starfighter"],"jetpack-related-posts":[{"id":44747,"url":"https:\/\/deltaimage.de\/wp\/?portfolio=sonderausstellung-in-flugwerft-schleissheim-2014","url_meta":{"origin":33268,"position":0},"title":"2014 &#8211; Sonderausstellung in Flugwerft Schlei\u00dfheim &#8211; &#8222;Die Suche nach dem Gl\u00fcck&#8220;","author":"EschbacP","date":"18. September 2024","format":false,"excerpt":"Foto- und Sonderausstellung von Paul Eschbach Fotografien von Paul Eschbach und Andreas Pirchmoser Sonderausstellung in der Flugwerft Schlei\u00dfheim im Deutschen Museum \u00fcber den Fallschirmsport unter Mitwirkung von Hans Osterm\u00fcnchner und Uli Beyer \u00a0 Zur Sonderausstellung ist eine begleitende Dokumentation erschienen, mehr dazu im Online Shop. \u00a0 Die Suche nach dem\u2026","rel":"","context":"\u00c4hnlicher Beitrag","block_context":{"text":"\u00c4hnlicher Beitrag","link":""},"img":{"alt_text":"","src":"https:\/\/i0.wp.com\/deltaimage.de\/wp\/wp-content\/uploads\/Header-Plakat_1200.jpg?fit=1200%2C450&ssl=1&resize=350%2C200","width":350,"height":200,"srcset":"https:\/\/i0.wp.com\/deltaimage.de\/wp\/wp-content\/uploads\/Header-Plakat_1200.jpg?fit=1200%2C450&ssl=1&resize=350%2C200 1x, https:\/\/i0.wp.com\/deltaimage.de\/wp\/wp-content\/uploads\/Header-Plakat_1200.jpg?fit=1200%2C450&ssl=1&resize=525%2C300 1.5x, https:\/\/i0.wp.com\/deltaimage.de\/wp\/wp-content\/uploads\/Header-Plakat_1200.jpg?fit=1200%2C450&ssl=1&resize=700%2C400 2x, https:\/\/i0.wp.com\/deltaimage.de\/wp\/wp-content\/uploads\/Header-Plakat_1200.jpg?fit=1200%2C450&ssl=1&resize=1050%2C600 3x"},"classes":[]},{"id":36835,"url":"https:\/\/deltaimage.de\/wp\/?portfolio=flugwerft-schleissheim-gebundene-ausgabe-110-jahre-luftfahrtgeschichte-30-jahre-deutsches-museum","url_meta":{"origin":33268,"position":1},"title":"FLUGWERFT Schleissheim (gebundene Ausgabe) &#8211; 110 Jahre Luftfahrtgeschichte &#8211; 30 Jahre Deutsches Museum","author":"EschbacP","date":"20. September 2022","format":false,"excerpt":"Das \u00e4lteste Luftfahrtgeb\u00e4ude in Deutschland auf dem \u00e4ltesten Flugplatz in Bayern Die Kommandantur und die \"Neue Werft\" sind die ersten Luftfahrtgeb\u00e4ude am Flugplatz Schlei\u00dfheim, dem \u00e4ltesten Flugplatz in Bayern. Hier steht die Wiege der K\u00f6niglich Bayerischen Fliegertruppe und der Luftfahrt in Bayern generell. Die Kommandantur wurde als Werktst\u00e4ttengeb\u00e4ude mit Wache\u2026","rel":"","context":"\u00c4hnlicher Beitrag","block_context":{"text":"\u00c4hnlicher Beitrag","link":""},"img":{"alt_text":"","src":"https:\/\/i0.wp.com\/deltaimage.de\/wp\/wp-content\/uploads\/Flugwerft-Schleissheim.jpg?fit=822%2C825&ssl=1&resize=350%2C200","width":350,"height":200,"srcset":"https:\/\/i0.wp.com\/deltaimage.de\/wp\/wp-content\/uploads\/Flugwerft-Schleissheim.jpg?fit=822%2C825&ssl=1&resize=350%2C200 1x, https:\/\/i0.wp.com\/deltaimage.de\/wp\/wp-content\/uploads\/Flugwerft-Schleissheim.jpg?fit=822%2C825&ssl=1&resize=525%2C300 1.5x, https:\/\/i0.wp.com\/deltaimage.de\/wp\/wp-content\/uploads\/Flugwerft-Schleissheim.jpg?fit=822%2C825&ssl=1&resize=700%2C400 2x"},"classes":[]},{"id":44842,"url":"https:\/\/deltaimage.de\/wp\/?portfolio=historische-flugplatzwanderung-schleissheim","url_meta":{"origin":33268,"position":2},"title":"historische Flugplatzwanderung Schlei\u00dfheim","author":"EschbacP","date":"18. September 2024","format":false,"excerpt":"Die beliebten Flugplatz Wanderungen am \u00e4ltesten Flugplatz in Bayern - dem Flugplatz Schlei\u00dfheim - bieten wir seit dem Jahr 2012, zum 110-j\u00e4hrigen Bestehen des Flugplatzes und 30 Jahren Deutsches Museum in der Flugwerft Schlei\u00dfheim. Innerhalb von jeweils zwei Stunden (von 14:00 Uhr bis 16:00 Uhr) erleben wir Ausschnitte der Luftfahrtgeschichte\u2026","rel":"","context":"\u00c4hnlicher Beitrag","block_context":{"text":"\u00c4hnlicher Beitrag","link":""},"img":{"alt_text":"","src":"https:\/\/i0.wp.com\/deltaimage.de\/wp\/wp-content\/uploads\/Banner_alle_FP_Wanderung_1200_450.jpg?fit=1200%2C450&ssl=1&resize=350%2C200","width":350,"height":200,"srcset":"https:\/\/i0.wp.com\/deltaimage.de\/wp\/wp-content\/uploads\/Banner_alle_FP_Wanderung_1200_450.jpg?fit=1200%2C450&ssl=1&resize=350%2C200 1x, https:\/\/i0.wp.com\/deltaimage.de\/wp\/wp-content\/uploads\/Banner_alle_FP_Wanderung_1200_450.jpg?fit=1200%2C450&ssl=1&resize=525%2C300 1.5x, https:\/\/i0.wp.com\/deltaimage.de\/wp\/wp-content\/uploads\/Banner_alle_FP_Wanderung_1200_450.jpg?fit=1200%2C450&ssl=1&resize=700%2C400 2x, https:\/\/i0.wp.com\/deltaimage.de\/wp\/wp-content\/uploads\/Banner_alle_FP_Wanderung_1200_450.jpg?fit=1200%2C450&ssl=1&resize=1050%2C600 3x"},"classes":[]},{"id":15793,"url":"https:\/\/deltaimage.de\/wp\/?portfolio=oberschleissheim-jaegerstrasse-1","url_meta":{"origin":33268,"position":3},"title":"Oberschlei\u00dfheim &#8211; Ferdinand-Schulz-Allee","author":"EschbacP","date":"7. Oktober 2017","format":false,"excerpt":"Pr\u00fcfungsort zur schriftlichen Pr\u00fcfung nach \u00a721 d LuftVO zum Kenntnisnachweis f\u00fcr UAV \u00fcber 2 kg MTOM Flugwerft Schlei\u00dfheim DEUTSCHES MUSEUM Ferdinand-Schulz-Allee 85764 Oberschlei\u00dfheim bei M\u00fcnchen \u00a0 Der Pr\u00fcfungsort befindet sich im \u00e4ltesten Luftfahrtgeb\u00e4ude am \u00e4ltesten Flugplatz in Bayern und ist jetzt die Au\u00dfenstelle des DEUTSCHEN MUSEUMS in der Flugwerft Schlei\u00dfheim.\u2026","rel":"","context":"\u00c4hnlicher Beitrag","block_context":{"text":"\u00c4hnlicher Beitrag","link":""},"img":{"alt_text":"","src":"https:\/\/i0.wp.com\/deltaimage.de\/wp\/wp-content\/uploads\/CRW_3444_1200.jpg?fit=1200%2C450&ssl=1&resize=350%2C200","width":350,"height":200,"srcset":"https:\/\/i0.wp.com\/deltaimage.de\/wp\/wp-content\/uploads\/CRW_3444_1200.jpg?fit=1200%2C450&ssl=1&resize=350%2C200 1x, https:\/\/i0.wp.com\/deltaimage.de\/wp\/wp-content\/uploads\/CRW_3444_1200.jpg?fit=1200%2C450&ssl=1&resize=525%2C300 1.5x, https:\/\/i0.wp.com\/deltaimage.de\/wp\/wp-content\/uploads\/CRW_3444_1200.jpg?fit=1200%2C450&ssl=1&resize=700%2C400 2x, https:\/\/i0.wp.com\/deltaimage.de\/wp\/wp-content\/uploads\/CRW_3444_1200.jpg?fit=1200%2C450&ssl=1&resize=1050%2C600 3x"},"classes":[]},{"id":33264,"url":"https:\/\/deltaimage.de\/wp\/?portfolio=paul-eschbach-flugplatzwanderungen-schleissheim-sammelband-30-jahre-flugwerft","url_meta":{"origin":33268,"position":4},"title":"Paul Eschbach &#8211; Flugplatzwanderungen Schlei\u00dfheim \u2013 Sammelband 30 Jahre Flugwerft","author":"EschbacP","date":"21. Juni 2017","format":false,"excerpt":"Im Jahr 2022 wird die Flugwerft Schlei\u00dfheim 30 Jahre alt. Grund genug auch bei den Flugplatzwanderungen etwas ganz besonderes zu machen. erstmals gibt es alle drei B\u00e4nde der Flugplatzwanderungen in einem hochwertigen Buch zusammengefasst. Anl\u00e4sslich der 30 Jahre Flugwerft Schlei\u00dfheim bringen wird die beliebten drei B\u00e4nde zusammen heraus. Erg\u00e4nzt wird\u2026","rel":"","context":"\u00c4hnlicher Beitrag","block_context":{"text":"\u00c4hnlicher Beitrag","link":""},"img":{"alt_text":"","src":"https:\/\/i0.wp.com\/deltaimage.de\/wp\/wp-content\/uploads\/Produkt_Sammelband_Schleissheim.jpg?fit=620%2C877&ssl=1&resize=350%2C200","width":350,"height":200,"srcset":"https:\/\/i0.wp.com\/deltaimage.de\/wp\/wp-content\/uploads\/Produkt_Sammelband_Schleissheim.jpg?fit=620%2C877&ssl=1&resize=350%2C200 1x, https:\/\/i0.wp.com\/deltaimage.de\/wp\/wp-content\/uploads\/Produkt_Sammelband_Schleissheim.jpg?fit=620%2C877&ssl=1&resize=525%2C300 1.5x"},"classes":[]},{"id":13636,"url":"https:\/\/deltaimage.de\/wp\/?portfolio=paul-eschbach-schleissheim-der-aelteste-flugplatz-in-bayern-teil-1-nordroute-ost-route","url_meta":{"origin":33268,"position":5},"title":"Paul Eschbach &#8211; Schlei\u00dfheim der \u00e4lteste Flugplatz in Bayern &#8211; Teil 1: Nord-Route &#038; Ost-Route","author":"EschbacP","date":"24. Februar 2017","format":false,"excerpt":"Der erste Band zur gedruckten Flugplatzwanderung am \u00e4ltesten Flugplatz in Bayern ist fertig. Der 100-j\u00e4hrige Flugplatz Schlei\u00dfheim kann nun von jedem Interessenten selbst erwandert werden und dabei wissenswertes \u00fcber die Geschichte der Luftfahrt in Bayern erfahren. \u00a0 Teil 1: Nord-Route und Ost-Route Nun sind alle 4 Routen als gedruckte Ausgabe\u2026","rel":"","context":"\u00c4hnlicher Beitrag","block_context":{"text":"\u00c4hnlicher Beitrag","link":""},"img":{"alt_text":"","src":"https:\/\/i0.wp.com\/deltaimage.de\/wp\/wp-content\/uploads\/Flugplatzfuehrer-Band_1m.jpg?fit=622%2C873&ssl=1&resize=350%2C200","width":350,"height":200,"srcset":"https:\/\/i0.wp.com\/deltaimage.de\/wp\/wp-content\/uploads\/Flugplatzfuehrer-Band_1m.jpg?fit=622%2C873&ssl=1&resize=350%2C200 1x, https:\/\/i0.wp.com\/deltaimage.de\/wp\/wp-content\/uploads\/Flugplatzfuehrer-Band_1m.jpg?fit=622%2C873&ssl=1&resize=525%2C300 1.5x"},"classes":[]}],"jetpack_sharing_enabled":true,"_links":{"self":[{"href":"https:\/\/deltaimage.de\/wp\/index.php?rest_route=\/wp\/v2\/jetpack-portfolio\/33268","targetHints":{"allow":["GET"]}}],"collection":[{"href":"https:\/\/deltaimage.de\/wp\/index.php?rest_route=\/wp\/v2\/jetpack-portfolio"}],"about":[{"href":"https:\/\/deltaimage.de\/wp\/index.php?rest_route=\/wp\/v2\/types\/jetpack-portfolio"}],"author":[{"embeddable":true,"href":"https:\/\/deltaimage.de\/wp\/index.php?rest_route=\/wp\/v2\/users\/1"}],"replies":[{"embeddable":true,"href":"https:\/\/deltaimage.de\/wp\/index.php?rest_route=%2Fwp%2Fv2%2Fcomments&post=33268"}],"version-history":[{"count":2,"href":"https:\/\/deltaimage.de\/wp\/index.php?rest_route=\/wp\/v2\/jetpack-portfolio\/33268\/revisions"}],"predecessor-version":[{"id":36841,"href":"https:\/\/deltaimage.de\/wp\/index.php?rest_route=\/wp\/v2\/jetpack-portfolio\/33268\/revisions\/36841"}],"wp:featuredmedia":[{"embeddable":true,"href":"https:\/\/deltaimage.de\/wp\/index.php?rest_route=\/wp\/v2\/media\/33265"}],"wp:attachment":[{"href":"https:\/\/deltaimage.de\/wp\/index.php?rest_route=%2Fwp%2Fv2%2Fmedia&parent=33268"}],"wp:term":[{"taxonomy":"jetpack-portfolio-type","embeddable":true,"href":"https:\/\/deltaimage.de\/wp\/index.php?rest_route=%2Fwp%2Fv2%2Fjetpack-portfolio-type&post=33268"},{"taxonomy":"jetpack-portfolio-tag","embeddable":true,"href":"https:\/\/deltaimage.de\/wp\/index.php?rest_route=%2Fwp%2Fv2%2Fjetpack-portfolio-tag&post=33268"}],"curies":[{"name":"wp","href":"https:\/\/api.w.org\/{rel}","templated":true}]}}