{"id":36835,"date":"2022-09-20T19:45:03","date_gmt":"2022-09-20T18:45:03","guid":{"rendered":"https:\/\/deltaimage.de\/wp\/?post_type=jetpack-portfolio&#038;p=36835"},"modified":"2024-10-04T20:32:50","modified_gmt":"2024-10-04T18:32:50","slug":"flugwerft-schleissheim-gebundene-ausgabe-110-jahre-luftfahrtgeschichte-30-jahre-deutsches-museum","status":"publish","type":"jetpack-portfolio","link":"https:\/\/deltaimage.de\/wp\/?portfolio=flugwerft-schleissheim-gebundene-ausgabe-110-jahre-luftfahrtgeschichte-30-jahre-deutsches-museum","title":{"rendered":"FLUGWERFT Schleissheim (gebundene Ausgabe) &#8211; 110 Jahre Luftfahrtgeschichte &#8211; 30 Jahre Deutsches Museum"},"content":{"rendered":"<h2>Das \u00e4lteste Luftfahrtgeb\u00e4ude in Deutschland auf dem \u00e4ltesten Flugplatz in Bayern<\/h2>\n<p>Die Kommandantur und die &#8222;Neue Werft&#8220; sind die ersten Luftfahrtgeb\u00e4ude am Flugplatz Schlei\u00dfheim, dem \u00e4ltesten Flugplatz in Bayern. Hier steht die Wiege der K\u00f6niglich Bayerischen Fliegertruppe und der Luftfahrt in Bayern generell. Die Kommandantur wurde als Werktst\u00e4ttengeb\u00e4ude mit Wache im Jahr 1912\/13 erbaut, die &#8222;Neue Werft&#8220; &#8211; die heutige Flugwerft &#8211; wurde 1919 nach dem Ende des ersten Weltkriegs fertig gestellt.<\/p>\n<p>80 Jahre sp\u00e4ter &#8211; im Jahr 1992 &#8211; er\u00f6ffnet hier das Deutsche Museum seine erste Au\u00dfenstelle \u00fcberhaupt f\u00fcr die Sammlung der Luft- und Raumfahrt und zeigt die Meisterst\u00fccke der Naturwissenschaft und Technik auf einer Museumsfl\u00e4che von nunmehr 8.000 qm an diesem historischen Ort.<\/p>\n<p>30 Jahre Deutsches Museum und 110 Jahre Luftfahrtgeschichte &#8211; Jahr 2022 &#8211; sind der Anlass f\u00fcr eine R\u00fcckschau auf diese beiden Geb\u00e4ude und deren Entwicklung \u00fcber alle Zeit Epochen hinweg. Bis zu diesem modernen Museumsbetrieb im direkten Umfeld des Alten Schloss Schlei\u00dfheim und des Neuen Schloss Schlei\u00dfheim war es ein weiter Weg. Beide Schl\u00f6sser haben auch das Aussehen des Geb\u00e4udes wesentlich mit beeinflusst.<\/p>\n<p>Vor 30 Jahren &#8211; 1992 &#8211; wurde das <strong>Deutsche Museum &#8211; Flugwerft Schlei\u00dfheim<\/strong> er\u00f6ffnet, dazu erscheint dieses Buch als Zeitreise von den Anf\u00e4ngen bis zur Gegenwart mit viel historischem und zeitaktuellem Bildmaterial aus den verschiedensten Archiven. Eine interessante Lekt\u00fcre f\u00fcr alle Altersschichten und f\u00fcr alle Freunde der Luftfahrt in Bayern.<\/p>\n\n\t\t<style type=\"text\/css\">\n\t\t\t#gallery-1 {\n\t\t\t\tmargin: auto;\n\t\t\t}\n\t\t\t#gallery-1 .gallery-item {\n\t\t\t\tfloat: left;\n\t\t\t\tmargin-top: 10px;\n\t\t\t\ttext-align: center;\n\t\t\t\twidth: 33%;\n\t\t\t}\n\t\t\t#gallery-1 img {\n\t\t\t\tborder: 2px solid #cfcfcf;\n\t\t\t}\n\t\t\t#gallery-1 .gallery-caption {\n\t\t\t\tmargin-left: 0;\n\t\t\t}\n\t\t\t\/* see gallery_shortcode() in wp-includes\/media.php *\/\n\t\t<\/style>\n\t\t<div data-carousel-extra='{&quot;blog_id&quot;:1,&quot;permalink&quot;:&quot;https:\/\/deltaimage.de\/wp\/?portfolio=flugwerft-schleissheim-gebundene-ausgabe-110-jahre-luftfahrtgeschichte-30-jahre-deutsches-museum&quot;}' id='gallery-1' class='gallery galleryid-36835 gallery-columns-3 gallery-size-thumbnail'><dl class='gallery-item'>\n\t\t\t<dt class='gallery-icon landscape'>\n\t\t\t\t<a href='https:\/\/deltaimage.de\/wp\/?attachment_id=36242#main'><img loading=\"lazy\" decoding=\"async\" width=\"300\" height=\"200\" src=\"https:\/\/i0.wp.com\/deltaimage.de\/wp\/wp-content\/uploads\/IMG_7876_900.jpg?fit=300%2C200&amp;ssl=1\" class=\"attachment-thumbnail size-thumbnail\" alt=\"\" srcset=\"https:\/\/i0.wp.com\/deltaimage.de\/wp\/wp-content\/uploads\/IMG_7876_900.jpg?w=890&amp;ssl=1 890w, https:\/\/i0.wp.com\/deltaimage.de\/wp\/wp-content\/uploads\/IMG_7876_900.jpg?resize=300%2C200&amp;ssl=1 300w, https:\/\/i0.wp.com\/deltaimage.de\/wp\/wp-content\/uploads\/IMG_7876_900.jpg?resize=675%2C450&amp;ssl=1 675w, https:\/\/i0.wp.com\/deltaimage.de\/wp\/wp-content\/uploads\/IMG_7876_900.jpg?resize=600%2C400&amp;ssl=1 600w, https:\/\/i0.wp.com\/deltaimage.de\/wp\/wp-content\/uploads\/IMG_7876_900.jpg?resize=200%2C133&amp;ssl=1 200w\" sizes=\"auto, (max-width: 300px) 100vw, 300px\" data-attachment-id=\"36242\" data-permalink=\"https:\/\/deltaimage.de\/wp\/?attachment_id=36242#main\" data-orig-file=\"https:\/\/i0.wp.com\/deltaimage.de\/wp\/wp-content\/uploads\/IMG_7876_900.jpg?fit=890%2C593&amp;ssl=1\" data-orig-size=\"890,593\" data-comments-opened=\"0\" data-image-meta=\"{&quot;aperture&quot;:&quot;9&quot;,&quot;credit&quot;:&quot;PAUL ESCHBACH&quot;,&quot;camera&quot;:&quot;Canon EOS Kiss X6i&quot;,&quot;caption&quot;:&quot;&quot;,&quot;created_timestamp&quot;:&quot;1660928379&quot;,&quot;copyright&quot;:&quot;(C) DELTA IMAGE&quot;,&quot;focal_length&quot;:&quot;60&quot;,&quot;iso&quot;:&quot;100&quot;,&quot;shutter_speed&quot;:&quot;0.00625&quot;,&quot;title&quot;:&quot;&quot;,&quot;orientation&quot;:&quot;0&quot;}\" data-image-title=\"IMG_7876_900\" data-image-description=\"\" data-image-caption=\"\" data-large-file=\"https:\/\/i0.wp.com\/deltaimage.de\/wp\/wp-content\/uploads\/IMG_7876_900.jpg?fit=890%2C593&amp;ssl=1\" \/><\/a>\n\t\t\t<\/dt><\/dl><dl class='gallery-item'>\n\t\t\t<dt class='gallery-icon landscape'>\n\t\t\t\t<a href='https:\/\/deltaimage.de\/wp\/?attachment_id=36246#main'><img loading=\"lazy\" decoding=\"async\" width=\"300\" height=\"200\" src=\"https:\/\/i0.wp.com\/deltaimage.de\/wp\/wp-content\/uploads\/IMG_7870_900.jpg?fit=300%2C200&amp;ssl=1\" class=\"attachment-thumbnail size-thumbnail\" alt=\"\" srcset=\"https:\/\/i0.wp.com\/deltaimage.de\/wp\/wp-content\/uploads\/IMG_7870_900.jpg?w=890&amp;ssl=1 890w, https:\/\/i0.wp.com\/deltaimage.de\/wp\/wp-content\/uploads\/IMG_7870_900.jpg?resize=300%2C200&amp;ssl=1 300w, https:\/\/i0.wp.com\/deltaimage.de\/wp\/wp-content\/uploads\/IMG_7870_900.jpg?resize=675%2C450&amp;ssl=1 675w, https:\/\/i0.wp.com\/deltaimage.de\/wp\/wp-content\/uploads\/IMG_7870_900.jpg?resize=600%2C400&amp;ssl=1 600w, https:\/\/i0.wp.com\/deltaimage.de\/wp\/wp-content\/uploads\/IMG_7870_900.jpg?resize=200%2C133&amp;ssl=1 200w\" sizes=\"auto, (max-width: 300px) 100vw, 300px\" data-attachment-id=\"36246\" data-permalink=\"https:\/\/deltaimage.de\/wp\/?attachment_id=36246#main\" data-orig-file=\"https:\/\/i0.wp.com\/deltaimage.de\/wp\/wp-content\/uploads\/IMG_7870_900.jpg?fit=890%2C593&amp;ssl=1\" data-orig-size=\"890,593\" data-comments-opened=\"0\" data-image-meta=\"{&quot;aperture&quot;:&quot;9&quot;,&quot;credit&quot;:&quot;PAUL ESCHBACH&quot;,&quot;camera&quot;:&quot;Canon EOS Kiss X6i&quot;,&quot;caption&quot;:&quot;&quot;,&quot;created_timestamp&quot;:&quot;1660928156&quot;,&quot;copyright&quot;:&quot;(C) DELTA IMAGE&quot;,&quot;focal_length&quot;:&quot;60&quot;,&quot;iso&quot;:&quot;100&quot;,&quot;shutter_speed&quot;:&quot;0.00625&quot;,&quot;title&quot;:&quot;&quot;,&quot;orientation&quot;:&quot;0&quot;}\" data-image-title=\"IMG_7870_900\" data-image-description=\"\" data-image-caption=\"\" data-large-file=\"https:\/\/i0.wp.com\/deltaimage.de\/wp\/wp-content\/uploads\/IMG_7870_900.jpg?fit=890%2C593&amp;ssl=1\" \/><\/a>\n\t\t\t<\/dt><\/dl><dl class='gallery-item'>\n\t\t\t<dt class='gallery-icon landscape'>\n\t\t\t\t<a href='https:\/\/deltaimage.de\/wp\/?attachment_id=36243#main'><img loading=\"lazy\" decoding=\"async\" width=\"300\" height=\"200\" src=\"https:\/\/i0.wp.com\/deltaimage.de\/wp\/wp-content\/uploads\/IMG_7873_900.jpg?fit=300%2C200&amp;ssl=1\" class=\"attachment-thumbnail size-thumbnail\" alt=\"\" srcset=\"https:\/\/i0.wp.com\/deltaimage.de\/wp\/wp-content\/uploads\/IMG_7873_900.jpg?w=890&amp;ssl=1 890w, https:\/\/i0.wp.com\/deltaimage.de\/wp\/wp-content\/uploads\/IMG_7873_900.jpg?resize=300%2C200&amp;ssl=1 300w, https:\/\/i0.wp.com\/deltaimage.de\/wp\/wp-content\/uploads\/IMG_7873_900.jpg?resize=675%2C450&amp;ssl=1 675w, https:\/\/i0.wp.com\/deltaimage.de\/wp\/wp-content\/uploads\/IMG_7873_900.jpg?resize=600%2C400&amp;ssl=1 600w, https:\/\/i0.wp.com\/deltaimage.de\/wp\/wp-content\/uploads\/IMG_7873_900.jpg?resize=200%2C133&amp;ssl=1 200w\" sizes=\"auto, (max-width: 300px) 100vw, 300px\" data-attachment-id=\"36243\" data-permalink=\"https:\/\/deltaimage.de\/wp\/?attachment_id=36243#main\" data-orig-file=\"https:\/\/i0.wp.com\/deltaimage.de\/wp\/wp-content\/uploads\/IMG_7873_900.jpg?fit=890%2C593&amp;ssl=1\" data-orig-size=\"890,593\" data-comments-opened=\"0\" data-image-meta=\"{&quot;aperture&quot;:&quot;9&quot;,&quot;credit&quot;:&quot;PAUL ESCHBACH&quot;,&quot;camera&quot;:&quot;Canon EOS Kiss X6i&quot;,&quot;caption&quot;:&quot;&quot;,&quot;created_timestamp&quot;:&quot;1660928317&quot;,&quot;copyright&quot;:&quot;(C) DELTA IMAGE&quot;,&quot;focal_length&quot;:&quot;60&quot;,&quot;iso&quot;:&quot;100&quot;,&quot;shutter_speed&quot;:&quot;0.00625&quot;,&quot;title&quot;:&quot;&quot;,&quot;orientation&quot;:&quot;0&quot;}\" data-image-title=\"IMG_7873_900\" data-image-description=\"\" data-image-caption=\"\" data-large-file=\"https:\/\/i0.wp.com\/deltaimage.de\/wp\/wp-content\/uploads\/IMG_7873_900.jpg?fit=890%2C593&amp;ssl=1\" \/><\/a>\n\t\t\t<\/dt><\/dl><br style=\"clear: both\" \/><dl class='gallery-item'>\n\t\t\t<dt class='gallery-icon landscape'>\n\t\t\t\t<a href='https:\/\/deltaimage.de\/wp\/?attachment_id=36244#main'><img loading=\"lazy\" decoding=\"async\" width=\"300\" height=\"200\" src=\"https:\/\/i0.wp.com\/deltaimage.de\/wp\/wp-content\/uploads\/IMG_7872_900.jpg?fit=300%2C200&amp;ssl=1\" class=\"attachment-thumbnail size-thumbnail\" alt=\"\" srcset=\"https:\/\/i0.wp.com\/deltaimage.de\/wp\/wp-content\/uploads\/IMG_7872_900.jpg?w=890&amp;ssl=1 890w, https:\/\/i0.wp.com\/deltaimage.de\/wp\/wp-content\/uploads\/IMG_7872_900.jpg?resize=300%2C200&amp;ssl=1 300w, https:\/\/i0.wp.com\/deltaimage.de\/wp\/wp-content\/uploads\/IMG_7872_900.jpg?resize=675%2C450&amp;ssl=1 675w, https:\/\/i0.wp.com\/deltaimage.de\/wp\/wp-content\/uploads\/IMG_7872_900.jpg?resize=600%2C400&amp;ssl=1 600w, https:\/\/i0.wp.com\/deltaimage.de\/wp\/wp-content\/uploads\/IMG_7872_900.jpg?resize=200%2C133&amp;ssl=1 200w\" sizes=\"auto, (max-width: 300px) 100vw, 300px\" data-attachment-id=\"36244\" data-permalink=\"https:\/\/deltaimage.de\/wp\/?attachment_id=36244#main\" data-orig-file=\"https:\/\/i0.wp.com\/deltaimage.de\/wp\/wp-content\/uploads\/IMG_7872_900.jpg?fit=890%2C593&amp;ssl=1\" data-orig-size=\"890,593\" data-comments-opened=\"0\" data-image-meta=\"{&quot;aperture&quot;:&quot;9&quot;,&quot;credit&quot;:&quot;PAUL ESCHBACH&quot;,&quot;camera&quot;:&quot;Canon EOS Kiss X6i&quot;,&quot;caption&quot;:&quot;&quot;,&quot;created_timestamp&quot;:&quot;1660928288&quot;,&quot;copyright&quot;:&quot;(C) DELTA IMAGE&quot;,&quot;focal_length&quot;:&quot;60&quot;,&quot;iso&quot;:&quot;100&quot;,&quot;shutter_speed&quot;:&quot;0.00625&quot;,&quot;title&quot;:&quot;&quot;,&quot;orientation&quot;:&quot;0&quot;}\" data-image-title=\"IMG_7872_900\" data-image-description=\"\" data-image-caption=\"\" data-large-file=\"https:\/\/i0.wp.com\/deltaimage.de\/wp\/wp-content\/uploads\/IMG_7872_900.jpg?fit=890%2C593&amp;ssl=1\" \/><\/a>\n\t\t\t<\/dt><\/dl><dl class='gallery-item'>\n\t\t\t<dt class='gallery-icon landscape'>\n\t\t\t\t<a href='https:\/\/deltaimage.de\/wp\/?attachment_id=36245#main'><img loading=\"lazy\" decoding=\"async\" width=\"300\" height=\"200\" src=\"https:\/\/i0.wp.com\/deltaimage.de\/wp\/wp-content\/uploads\/IMG_7871_900.jpg?fit=300%2C200&amp;ssl=1\" class=\"attachment-thumbnail size-thumbnail\" alt=\"\" srcset=\"https:\/\/i0.wp.com\/deltaimage.de\/wp\/wp-content\/uploads\/IMG_7871_900.jpg?w=890&amp;ssl=1 890w, https:\/\/i0.wp.com\/deltaimage.de\/wp\/wp-content\/uploads\/IMG_7871_900.jpg?resize=300%2C200&amp;ssl=1 300w, https:\/\/i0.wp.com\/deltaimage.de\/wp\/wp-content\/uploads\/IMG_7871_900.jpg?resize=675%2C450&amp;ssl=1 675w, https:\/\/i0.wp.com\/deltaimage.de\/wp\/wp-content\/uploads\/IMG_7871_900.jpg?resize=600%2C400&amp;ssl=1 600w, https:\/\/i0.wp.com\/deltaimage.de\/wp\/wp-content\/uploads\/IMG_7871_900.jpg?resize=200%2C133&amp;ssl=1 200w\" sizes=\"auto, (max-width: 300px) 100vw, 300px\" data-attachment-id=\"36245\" data-permalink=\"https:\/\/deltaimage.de\/wp\/?attachment_id=36245#main\" data-orig-file=\"https:\/\/i0.wp.com\/deltaimage.de\/wp\/wp-content\/uploads\/IMG_7871_900.jpg?fit=890%2C593&amp;ssl=1\" data-orig-size=\"890,593\" data-comments-opened=\"0\" data-image-meta=\"{&quot;aperture&quot;:&quot;9&quot;,&quot;credit&quot;:&quot;PAUL ESCHBACH&quot;,&quot;camera&quot;:&quot;Canon EOS Kiss X6i&quot;,&quot;caption&quot;:&quot;&quot;,&quot;created_timestamp&quot;:&quot;1660928240&quot;,&quot;copyright&quot;:&quot;(C) DELTA IMAGE&quot;,&quot;focal_length&quot;:&quot;60&quot;,&quot;iso&quot;:&quot;100&quot;,&quot;shutter_speed&quot;:&quot;0.00625&quot;,&quot;title&quot;:&quot;&quot;,&quot;orientation&quot;:&quot;0&quot;}\" data-image-title=\"IMG_7871_900\" data-image-description=\"\" data-image-caption=\"\" data-large-file=\"https:\/\/i0.wp.com\/deltaimage.de\/wp\/wp-content\/uploads\/IMG_7871_900.jpg?fit=890%2C593&amp;ssl=1\" \/><\/a>\n\t\t\t<\/dt><\/dl>\n\t\t\t<br style='clear: both' \/>\n\t\t<\/div>\n\n<h2>Die Geschichte der \u00e4ltesten Luftfahrtgeb\u00e4ude in Bayern (Deutschland) wird anhand einer Auswahl an s\/w und Farbfotos erz\u00e4hlt<\/h2>\n<p>Die Geschichte des Flugplatzes Schlei\u00dfheim ist schon mehrfach erz\u00e4hlt, ebenso die Geschichte der einzelnen Nutzergruppen in den Zeit-Epochen. Dieses Buch erz\u00e4hlt 110 Jahre Geschichte der Geb\u00e4ude anhand von Fotos auf 212 Seiten und deren ausf\u00fchrlichen Bildunterschriften. Aus der Abfolge der vielen Bildern entsteht die Erz\u00e4hlung der Geschichte in einer f\u00fcr die LeserIn sehr einfach verst\u00e4ndlichen Sprache und Form.<\/p>\n<p>Erg\u00e4nzt wird diese Erz\u00e4hlung mit \u00fcberlieferten Plandokumenten der Geb\u00e4ude aus 110 Jahren Nutzungszeit.<\/p>\n<p>&nbsp;<\/p>\n<h2>Zum Buch<\/h2>\n<div class=\"legal-price-info\">\n<h2>Gebundene Ausgabe<\/h2>\n<p>Das Jubil\u00e4umsbuch wurde mit freundlicher Unterst\u00fctzung des Deutschen Museums und der Flugwerft Schlei\u00dfheim erstellt.<\/p>\n<\/div>\n<div class=\"woocommerce-product-details__short-description\">\n<p>Autor: Paul Eschbach<br \/>\nDELTA IMAGE Eigenverlag<\/p>\n<p>Format 210 x 210 mm<br \/>\n212 Seiten<br \/>\nschwarz\/wei\u00df-Druck<\/p>\n<\/div>\n<p>Mit einem Geleitwort des Generaldirektors des Deutschen Museums, Prof. Dr. rer. nat. Wolfgang M. Heckl<\/p>\n<div class=\"woocommerce-product-details__short-description\">\n<p>Ersterscheinung 2022<\/p>\n<\/div>\n<p>ISBN 978-3-00-072961-4<\/p>\n<p>&nbsp;<\/p>\n<div class=\"su-button-center\"><a href=\"https:\/\/shop.deltaimage.de\/?product_cat=buch\" class=\"su-button su-button-style-flat\" style=\"color:#ffffff;background-color:#336699;border-color:#29527b;border-radius:7px\" target=\"_self\"><span style=\"color:#ffffff;padding:7px 20px;font-size:16px;line-height:24px;border-color:#7194b8;border-radius:7px;text-shadow:none\"><i class=\"sui sui-arrow-right\" style=\"font-size:16px;color:#FFFFFF\"><\/i> B\u00fccher bei DELTA IMAGE<small style=\"padding-bottom:7px;color:#ffffff\">zu shop.deltaimage.de<\/small><\/span><\/a><\/div>\n","protected":false},"excerpt":{"rendered":"<p>Das \u00e4lteste Luftfahrtgeb\u00e4ude in Deutschland auf dem \u00e4ltesten Flugplatz in Bayern Die Kommandantur und die &#8222;Neue Werft&#8220; sind die ersten Luftfahrtgeb\u00e4ude am Flugplatz Schlei\u00dfheim, dem \u00e4ltesten Flugplatz in Bayern. Hier [&hellip;]<\/p>\n","protected":false},"author":1,"featured_media":36189,"comment_status":"closed","ping_status":"closed","template":"","format":"standard","meta":{"wpupg_custom_link":[],"wpupg_custom_link_behaviour":[],"wpupg_custom_link_nofollow":[],"wpupg_custom_image":[],"wpupg_custom_image_id":[],"jetpack_post_was_ever_published":false,"footnotes":""},"jetpack-portfolio-type":[1271,3944],"jetpack-portfolio-tag":[3340,3341,1319,1707,3342,3344,1282,3345,3343,1280],"class_list":["post-36835","jetpack-portfolio","type-jetpack-portfolio","status-publish","format-standard","has-post-thumbnail","hentry","jetpack-portfolio-type-buch","jetpack-portfolio-type-lb-buch","jetpack-portfolio-tag-buecher","jetpack-portfolio-tag-dachau-oberschleissheim","jetpack-portfolio-tag-deutsches-museum","jetpack-portfolio-tag-flugplatz-schleissheim","jetpack-portfolio-tag-hardcover-gebundene-ausg","jetpack-portfolio-tag-koeniglich-bayerische-fliegertruppe","jetpack-portfolio-tag-luftfahrt","jetpack-portfolio-tag-luftfahrtgebaeude","jetpack-portfolio-tag-neu-schlagwoerter-bayern","jetpack-portfolio-tag-oberschleissheim"],"jetpack-related-posts":[{"id":15793,"url":"https:\/\/deltaimage.de\/wp\/?portfolio=oberschleissheim-jaegerstrasse-1","url_meta":{"origin":36835,"position":0},"title":"Oberschlei\u00dfheim &#8211; Ferdinand-Schulz-Allee","author":"EschbacP","date":"7. Oktober 2017","format":false,"excerpt":"Pr\u00fcfungsort zur schriftlichen Pr\u00fcfung nach \u00a721 d LuftVO zum Kenntnisnachweis f\u00fcr UAV \u00fcber 2 kg MTOM Flugwerft Schlei\u00dfheim DEUTSCHES MUSEUM Ferdinand-Schulz-Allee 85764 Oberschlei\u00dfheim bei M\u00fcnchen \u00a0 Der Pr\u00fcfungsort befindet sich im \u00e4ltesten Luftfahrtgeb\u00e4ude am \u00e4ltesten Flugplatz in Bayern und ist jetzt die Au\u00dfenstelle des DEUTSCHEN MUSEUMS in der Flugwerft Schlei\u00dfheim.\u2026","rel":"","context":"\u00c4hnlicher Beitrag","block_context":{"text":"\u00c4hnlicher Beitrag","link":""},"img":{"alt_text":"","src":"https:\/\/i0.wp.com\/deltaimage.de\/wp\/wp-content\/uploads\/CRW_3444_1200.jpg?fit=1200%2C450&ssl=1&resize=350%2C200","width":350,"height":200,"srcset":"https:\/\/i0.wp.com\/deltaimage.de\/wp\/wp-content\/uploads\/CRW_3444_1200.jpg?fit=1200%2C450&ssl=1&resize=350%2C200 1x, https:\/\/i0.wp.com\/deltaimage.de\/wp\/wp-content\/uploads\/CRW_3444_1200.jpg?fit=1200%2C450&ssl=1&resize=525%2C300 1.5x, https:\/\/i0.wp.com\/deltaimage.de\/wp\/wp-content\/uploads\/CRW_3444_1200.jpg?fit=1200%2C450&ssl=1&resize=700%2C400 2x, https:\/\/i0.wp.com\/deltaimage.de\/wp\/wp-content\/uploads\/CRW_3444_1200.jpg?fit=1200%2C450&ssl=1&resize=1050%2C600 3x"},"classes":[]},{"id":44842,"url":"https:\/\/deltaimage.de\/wp\/?portfolio=historische-flugplatzwanderung-schleissheim","url_meta":{"origin":36835,"position":1},"title":"historische Flugplatzwanderung Schlei\u00dfheim","author":"EschbacP","date":"18. September 2024","format":false,"excerpt":"Die beliebten Flugplatz Wanderungen am \u00e4ltesten Flugplatz in Bayern - dem Flugplatz Schlei\u00dfheim - bieten wir seit dem Jahr 2012, zum 110-j\u00e4hrigen Bestehen des Flugplatzes und 30 Jahren Deutsches Museum in der Flugwerft Schlei\u00dfheim. Innerhalb von jeweils zwei Stunden (von 14:00 Uhr bis 16:00 Uhr) erleben wir Ausschnitte der Luftfahrtgeschichte\u2026","rel":"","context":"\u00c4hnlicher Beitrag","block_context":{"text":"\u00c4hnlicher Beitrag","link":""},"img":{"alt_text":"","src":"https:\/\/i0.wp.com\/deltaimage.de\/wp\/wp-content\/uploads\/Banner_alle_FP_Wanderung_1200_450.jpg?fit=1200%2C450&ssl=1&resize=350%2C200","width":350,"height":200,"srcset":"https:\/\/i0.wp.com\/deltaimage.de\/wp\/wp-content\/uploads\/Banner_alle_FP_Wanderung_1200_450.jpg?fit=1200%2C450&ssl=1&resize=350%2C200 1x, https:\/\/i0.wp.com\/deltaimage.de\/wp\/wp-content\/uploads\/Banner_alle_FP_Wanderung_1200_450.jpg?fit=1200%2C450&ssl=1&resize=525%2C300 1.5x, https:\/\/i0.wp.com\/deltaimage.de\/wp\/wp-content\/uploads\/Banner_alle_FP_Wanderung_1200_450.jpg?fit=1200%2C450&ssl=1&resize=700%2C400 2x, https:\/\/i0.wp.com\/deltaimage.de\/wp\/wp-content\/uploads\/Banner_alle_FP_Wanderung_1200_450.jpg?fit=1200%2C450&ssl=1&resize=1050%2C600 3x"},"classes":[]},{"id":13636,"url":"https:\/\/deltaimage.de\/wp\/?portfolio=paul-eschbach-schleissheim-der-aelteste-flugplatz-in-bayern-teil-1-nordroute-ost-route","url_meta":{"origin":36835,"position":2},"title":"Paul Eschbach &#8211; Schlei\u00dfheim der \u00e4lteste Flugplatz in Bayern &#8211; Teil 1: Nord-Route &#038; Ost-Route","author":"EschbacP","date":"24. Februar 2017","format":false,"excerpt":"Der erste Band zur gedruckten Flugplatzwanderung am \u00e4ltesten Flugplatz in Bayern ist fertig. Der 100-j\u00e4hrige Flugplatz Schlei\u00dfheim kann nun von jedem Interessenten selbst erwandert werden und dabei wissenswertes \u00fcber die Geschichte der Luftfahrt in Bayern erfahren. \u00a0 Teil 1: Nord-Route und Ost-Route Nun sind alle 4 Routen als gedruckte Ausgabe\u2026","rel":"","context":"\u00c4hnlicher Beitrag","block_context":{"text":"\u00c4hnlicher Beitrag","link":""},"img":{"alt_text":"","src":"https:\/\/i0.wp.com\/deltaimage.de\/wp\/wp-content\/uploads\/Flugplatzfuehrer-Band_1m.jpg?fit=622%2C873&ssl=1&resize=350%2C200","width":350,"height":200,"srcset":"https:\/\/i0.wp.com\/deltaimage.de\/wp\/wp-content\/uploads\/Flugplatzfuehrer-Band_1m.jpg?fit=622%2C873&ssl=1&resize=350%2C200 1x, https:\/\/i0.wp.com\/deltaimage.de\/wp\/wp-content\/uploads\/Flugplatzfuehrer-Band_1m.jpg?fit=622%2C873&ssl=1&resize=525%2C300 1.5x"},"classes":[]},{"id":33264,"url":"https:\/\/deltaimage.de\/wp\/?portfolio=paul-eschbach-flugplatzwanderungen-schleissheim-sammelband-30-jahre-flugwerft","url_meta":{"origin":36835,"position":3},"title":"Paul Eschbach &#8211; Flugplatzwanderungen Schlei\u00dfheim \u2013 Sammelband 30 Jahre Flugwerft","author":"EschbacP","date":"21. Juni 2017","format":false,"excerpt":"Im Jahr 2022 wird die Flugwerft Schlei\u00dfheim 30 Jahre alt. Grund genug auch bei den Flugplatzwanderungen etwas ganz besonderes zu machen. erstmals gibt es alle drei B\u00e4nde der Flugplatzwanderungen in einem hochwertigen Buch zusammengefasst. Anl\u00e4sslich der 30 Jahre Flugwerft Schlei\u00dfheim bringen wird die beliebten drei B\u00e4nde zusammen heraus. Erg\u00e4nzt wird\u2026","rel":"","context":"\u00c4hnlicher Beitrag","block_context":{"text":"\u00c4hnlicher Beitrag","link":""},"img":{"alt_text":"","src":"https:\/\/i0.wp.com\/deltaimage.de\/wp\/wp-content\/uploads\/Produkt_Sammelband_Schleissheim.jpg?fit=620%2C877&ssl=1&resize=350%2C200","width":350,"height":200,"srcset":"https:\/\/i0.wp.com\/deltaimage.de\/wp\/wp-content\/uploads\/Produkt_Sammelband_Schleissheim.jpg?fit=620%2C877&ssl=1&resize=350%2C200 1x, https:\/\/i0.wp.com\/deltaimage.de\/wp\/wp-content\/uploads\/Produkt_Sammelband_Schleissheim.jpg?fit=620%2C877&ssl=1&resize=525%2C300 1.5x"},"classes":[]},{"id":33268,"url":"https:\/\/deltaimage.de\/wp\/?portfolio=lockheed-starfighter-f-104g-2153-im-deutschen-museum-flugwerft-schleissheim","url_meta":{"origin":36835,"position":4},"title":"Lockheed \u201eStarfighter\u201c F-104G (21+53) im Deutschen Museum Flugwerft Schlei\u00dfheim","author":"EschbacP","date":"12. M\u00e4rz 2022","format":false,"excerpt":"Vor einigen Jahren war Chuck Yeager zu Besuch in der Flugwerft in Schlei\u00dfheim. Wir hatten das\u00a0 einmalige Vergn\u00fcgen ihn kurz am \u00e4ltesten Flugplatz in Bayern zu begr\u00fc\u00dfen.\u00a0 \u201eDer Stoff aus dem die Helden sind\u201c war der\u00a0Film \u00fcber den Aufbruch ins Weltall, mit einem pr\u00e4gendem Auftritt der\u00a0F-104 \u2013 und Chuck Yeager\u2026","rel":"","context":"\u00c4hnlicher Beitrag","block_context":{"text":"\u00c4hnlicher Beitrag","link":""},"img":{"alt_text":"","src":"https:\/\/i0.wp.com\/deltaimage.de\/wp\/wp-content\/uploads\/F-104G-Thomas-Michel-Auflage-2.jpg?fit=843%2C1121&ssl=1&resize=350%2C200","width":350,"height":200,"srcset":"https:\/\/i0.wp.com\/deltaimage.de\/wp\/wp-content\/uploads\/F-104G-Thomas-Michel-Auflage-2.jpg?fit=843%2C1121&ssl=1&resize=350%2C200 1x, https:\/\/i0.wp.com\/deltaimage.de\/wp\/wp-content\/uploads\/F-104G-Thomas-Michel-Auflage-2.jpg?fit=843%2C1121&ssl=1&resize=525%2C300 1.5x, https:\/\/i0.wp.com\/deltaimage.de\/wp\/wp-content\/uploads\/F-104G-Thomas-Michel-Auflage-2.jpg?fit=843%2C1121&ssl=1&resize=700%2C400 2x"},"classes":[]},{"id":14601,"url":"https:\/\/deltaimage.de\/wp\/?portfolio=paul-eschbach-schleissheim-der-aelteste-flugplatz-in-bayern-teil-3-route-fuer-experten-der-platzgeschichte","url_meta":{"origin":36835,"position":5},"title":"Paul Eschbach &#8211; Schlei\u00dfheim der \u00e4lteste Flugplatz in Bayern &#8211; Teil 3: Route f\u00fcr Experten der Platzgeschichte","author":"EschbacP","date":"20. Juni 2017","format":false,"excerpt":"Der dritte Band zur gedruckten Flugplatzwanderung am \u00e4ltesten Flugplatz in Bayern ist fertig. Der 100-j\u00e4hrige Flugplatz Schlei\u00dfheim kann nun von jedem Interessenten selbst erwandert werden und dabei wissenswertes \u00fcber die Geschichte der Luftfahrt in Bayern erfahren. \u00a0 Teil 3: Route f\u00fcr Experten der Platzgeschichte Ein neuer Wanderf\u00fchrer in der 100-j\u00e4hrigen\u2026","rel":"","context":"\u00c4hnlicher Beitrag","block_context":{"text":"\u00c4hnlicher Beitrag","link":""},"img":{"alt_text":"","src":"https:\/\/i0.wp.com\/deltaimage.de\/wp\/wp-content\/uploads\/Flugplatzfuehrer-Band-3n.jpg?fit=560%2C805&ssl=1&resize=350%2C200","width":350,"height":200,"srcset":"https:\/\/i0.wp.com\/deltaimage.de\/wp\/wp-content\/uploads\/Flugplatzfuehrer-Band-3n.jpg?fit=560%2C805&ssl=1&resize=350%2C200 1x, https:\/\/i0.wp.com\/deltaimage.de\/wp\/wp-content\/uploads\/Flugplatzfuehrer-Band-3n.jpg?fit=560%2C805&ssl=1&resize=525%2C300 1.5x"},"classes":[]}],"jetpack_sharing_enabled":true,"_links":{"self":[{"href":"https:\/\/deltaimage.de\/wp\/index.php?rest_route=\/wp\/v2\/jetpack-portfolio\/36835","targetHints":{"allow":["GET"]}}],"collection":[{"href":"https:\/\/deltaimage.de\/wp\/index.php?rest_route=\/wp\/v2\/jetpack-portfolio"}],"about":[{"href":"https:\/\/deltaimage.de\/wp\/index.php?rest_route=\/wp\/v2\/types\/jetpack-portfolio"}],"author":[{"embeddable":true,"href":"https:\/\/deltaimage.de\/wp\/index.php?rest_route=\/wp\/v2\/users\/1"}],"replies":[{"embeddable":true,"href":"https:\/\/deltaimage.de\/wp\/index.php?rest_route=%2Fwp%2Fv2%2Fcomments&post=36835"}],"version-history":[{"count":4,"href":"https:\/\/deltaimage.de\/wp\/index.php?rest_route=\/wp\/v2\/jetpack-portfolio\/36835\/revisions"}],"predecessor-version":[{"id":36839,"href":"https:\/\/deltaimage.de\/wp\/index.php?rest_route=\/wp\/v2\/jetpack-portfolio\/36835\/revisions\/36839"}],"wp:featuredmedia":[{"embeddable":true,"href":"https:\/\/deltaimage.de\/wp\/index.php?rest_route=\/wp\/v2\/media\/36189"}],"wp:attachment":[{"href":"https:\/\/deltaimage.de\/wp\/index.php?rest_route=%2Fwp%2Fv2%2Fmedia&parent=36835"}],"wp:term":[{"taxonomy":"jetpack-portfolio-type","embeddable":true,"href":"https:\/\/deltaimage.de\/wp\/index.php?rest_route=%2Fwp%2Fv2%2Fjetpack-portfolio-type&post=36835"},{"taxonomy":"jetpack-portfolio-tag","embeddable":true,"href":"https:\/\/deltaimage.de\/wp\/index.php?rest_route=%2Fwp%2Fv2%2Fjetpack-portfolio-tag&post=36835"}],"curies":[{"name":"wp","href":"https:\/\/api.w.org\/{rel}","templated":true}]}}