{"id":44856,"date":"2024-09-18T14:15:35","date_gmt":"2024-09-18T12:15:35","guid":{"rendered":"https:\/\/deltaimage.de\/wp\/?post_type=jetpack-portfolio&#038;p=44856"},"modified":"2024-09-30T20:57:53","modified_gmt":"2024-09-30T18:57:53","slug":"archiv-fotografie","status":"publish","type":"jetpack-portfolio","link":"https:\/\/deltaimage.de\/wp\/?portfolio=archiv-fotografie","title":{"rendered":"Archiv-Fotografie"},"content":{"rendered":"<p>Weltweit sind die meisten Dokumente \u00fcber hunderte Jahre der Zeitzeugen der Geschichte noch in <strong>analoger Form<\/strong> in <strong>Archiven<\/strong> gelagert. F\u00fcr anspruchsvolle Projekte f\u00fcr die Kommunikation \u00fcber B\u00fccher, Fachartikel, digitale Beitr\u00e4ge und \u00e4hnliches, mit Menschen werden diese Dokumente in <strong>digital verwertbarer Form<\/strong> ben\u00f6tigt. Die Br\u00fccke zwischen der analogen Ausgangsform und der verwertbaren digitalen Ziel-Form, schl\u00e4gt die <strong>Archiv-Fotografie<\/strong>.<\/p>\n<p>Die <strong>Archivfotografie<\/strong> hat nicht viel mit einer <strong>k\u00fcnstlerischen Art der Fotografie<\/strong> zu tun, es kommt vielmehr darauf an:<\/p>\n<ul>\n<li>\n<div id=\"attachment_45539\" style=\"width: 300px\" class=\"wp-caption alignright\"><img data-recalc-dims=\"1\" loading=\"lazy\" decoding=\"async\" aria-describedby=\"caption-attachment-45539\" data-attachment-id=\"45539\" data-permalink=\"https:\/\/deltaimage.de\/wp\/?attachment_id=45539#main\" data-orig-file=\"https:\/\/i0.wp.com\/deltaimage.de\/wp\/wp-content\/uploads\/manuscript-547042_640.jpg?fit=640%2C441&amp;ssl=1\" data-orig-size=\"640,441\" data-comments-opened=\"1\" data-image-meta=\"{&quot;aperture&quot;:&quot;0&quot;,&quot;credit&quot;:&quot;&quot;,&quot;camera&quot;:&quot;&quot;,&quot;caption&quot;:&quot;&quot;,&quot;created_timestamp&quot;:&quot;0&quot;,&quot;copyright&quot;:&quot;&quot;,&quot;focal_length&quot;:&quot;0&quot;,&quot;iso&quot;:&quot;0&quot;,&quot;shutter_speed&quot;:&quot;0&quot;,&quot;title&quot;:&quot;&quot;,&quot;orientation&quot;:&quot;0&quot;}\" data-image-title=\"manuscript-547042_640\" data-image-description=\"\" data-image-caption=\"\" data-large-file=\"https:\/\/i0.wp.com\/deltaimage.de\/wp\/wp-content\/uploads\/manuscript-547042_640.jpg?fit=640%2C441&amp;ssl=1\" class=\"wp-image-45539 size-thumbnail\" src=\"https:\/\/i0.wp.com\/deltaimage.de\/wp\/wp-content\/uploads\/manuscript-547042_640.jpg?resize=290%2C200&#038;ssl=1\" alt=\"\" width=\"290\" height=\"200\" srcset=\"https:\/\/i0.wp.com\/deltaimage.de\/wp\/wp-content\/uploads\/manuscript-547042_640.jpg?resize=290%2C200&amp;ssl=1 290w, https:\/\/i0.wp.com\/deltaimage.de\/wp\/wp-content\/uploads\/manuscript-547042_640.jpg?resize=580%2C400&amp;ssl=1 580w, https:\/\/i0.wp.com\/deltaimage.de\/wp\/wp-content\/uploads\/manuscript-547042_640.jpg?w=640&amp;ssl=1 640w\" sizes=\"auto, (max-width: 290px) 100vw, 290px\" \/><p id=\"caption-attachment-45539\" class=\"wp-caption-text\">Typische analoge Dokumente in Archiven als Aufgabenstellung zur Digitalisierung<\/p><\/div>\n<p>Das Original soll so gut (nicht exakt) als m\u00f6glich in ein digitales Abbild \u00fcberf\u00fchrt werden.<br \/>\nDas gilt insbesondere hinsichtlich:<\/p>\n<ul>\n<li>einer <strong>Farbtreue<\/strong><\/li>\n<li>einer <strong>Verzeichnungsfreiheit<\/strong><\/li>\n<li>einer<strong> augenrichtigen Wiederhabe<\/strong> von Oberfl\u00e4chen, Helligkeiten und Kontrasten<\/li>\n<li>dem <strong>Vermeiden von Abbildungsfehlern<\/strong>, wie Schatten, Reflexionen, Moir\u00e9.<\/li>\n<li>dem Erhalt einer <strong>r\u00e4umlichen Anmutung<\/strong> des Originals.<\/li>\n<\/ul>\n<\/li>\n<li>Der <strong>schonenden Handhabung<\/strong> der wertvollen Originale im Archiv, der gesamte Prozess und die technische Ausstattung ist dabei mit entscheidend.<\/li>\n<li>Ein <strong>vertrauensvoller Umgang<\/strong> mit den seltenen Originalen.<\/li>\n<li>Einem<strong> wirtschaftlichen Prozess der Fotografie<\/strong>, um die gew\u00fcnschte Fotoqualit\u00e4t in einem m\u00f6glichen Budgetierungsrahmen zum Erfolg bringen zu k\u00f6nnen.<\/li>\n<\/ul>\n<p>Die Digitalisierung von analogen Dokumenten im Archiv findet meist unmittelbar im Archiv vor Ort, oder in unmittelbarer N\u00e4he statt. Die wertvollen und unersetzlichen Originale sollen bei einem Transport, so wenig als m\u00f6glich gef\u00e4hrdet oder zu gesch\u00e4digt werden. In der <strong>Archivfotografie<\/strong> kommt es somit im Gesamtprojekt auf die Optimierung hinsichtlich:<\/p>\n<ul>\n<li>der <strong>Effizienz<\/strong> = <strong>Aufwandsminimierung<\/strong> zur Erreichung des definierten Projektzieles im Verh\u00e4ltnis zum eingesetzten Aufwand<\/li>\n<li>der <strong>Effektivit\u00e4t<\/strong> = <strong>Prozessoptimierung<\/strong> um die <strong>wirkungsvollsten Prozessabl\u00e4ufe<\/strong> in der Kette der Einzelschritte zu w\u00e4hlen, meist eine <strong>Vermeidung von &#8222;Verschwendung&#8220;<\/strong><\/li>\n<\/ul>\n<p>an.<\/p>\n<blockquote>\n<pre>Ein entscheidender Vorteil der Fotografie gegen\u00fcber einem Scannen ist die \r\nGeschwindigkeit in der Erfassung f\u00fcr jedes einzelne Dokument.<\/pre>\n<\/blockquote>\n<p>&nbsp;<\/p>\n<p>Die <strong>Archivfotografie<\/strong> in meist ein <strong>Massen-Erfassungs-Prozess<\/strong>, jede <strong>Nacherfassung<\/strong> (ein Dokumentteil wurde nicht Digitalisiert) ist vom Aufwand und Logistik her gesehen kaum zu rechtfertigen.<\/p>\n<p>&nbsp;<\/p>\n<div class=\"su-row\"><div class=\"su-column su-column-size-1-2\"><div class=\"su-column-inner su-u-clearfix su-u-trim\">\n<h2>Leistungsmerkmale der Archiv-Fotografie<\/h2>\n<div class=\"su-service\"><div class=\"su-service-title\" style=\"padding-left:46px;min-height:32px;line-height:32px\"><i class=\"sui sui-check\" style=\"font-size:32px;color:#07fe10\"><\/i> Sicherer Umgang mit den Originalen<\/div><div class=\"su-service-content su-u-clearfix su-u-trim\" style=\"padding-left:46px\">Ein sicherer und materialschonender Umgang mit Licht, UV-Licht, W\u00e4rme, Druck, mechanische Bewegung<\/div><\/div>\n<div class=\"su-service\"><div class=\"su-service-title\" style=\"padding-left:46px;min-height:32px;line-height:32px\"><i class=\"sui sui-check\" style=\"font-size:32px;color:#07fe10\"><\/i> Ger\u00e4tschaften kompakt und transportabel<\/div><div class=\"su-service-content su-u-clearfix su-u-trim\" style=\"padding-left:46px\">Eine Repro-Fotografie-Einrichtung ist um vieles transportabler als ein Scanner und kann so einfach vor Ort gebracht und betrieben werden.<\/div><\/div>\n<div class=\"su-service\"><div class=\"su-service-title\" style=\"padding-left:46px;min-height:32px;line-height:32px\"><i class=\"sui sui-check\" style=\"font-size:32px;color:#07fe10\"><\/i> Sehr hohe optische Qualit\u00e4t<\/div><div class=\"su-service-content su-u-clearfix su-u-trim\" style=\"padding-left:46px\">Die hochaufl\u00f6senden Bildsensoren erfassen jedes Detail des Original-Artefakts, so dass in der Analysephase viele Details in den Artefakten analysiert werden k\u00f6nnen.<\/div><\/div>\n<div class=\"su-service\"><div class=\"su-service-title\" style=\"padding-left:46px;min-height:32px;line-height:32px\"><i class=\"sui sui-check\" style=\"font-size:32px;color:#07fe10\"><\/i> Sehr hohe Datentiefe - 14 bit<\/div><div class=\"su-service-content su-u-clearfix su-u-trim\" style=\"padding-left:46px\">Die Archivfotografie digitalisiert mit 14-bit Datentiefe f\u00fcr eine maximale Erfassungsqualit\u00e4t.<\/div><\/div>\n<div class=\"su-service\"><div class=\"su-service-title\" style=\"padding-left:46px;min-height:32px;line-height:32px\"><i class=\"sui sui-check\" style=\"font-size:32px;color:#07fe10\"><\/i> Bildspeicherung im RAW-Dateiformat<\/div><div class=\"su-service-content su-u-clearfix su-u-trim\" style=\"padding-left:46px\">Die Bilddaten werden im RAW-Format gespeichert, so dass in der Nachbearbeitung daer gr\u00f6\u00dftm\u00f6gliche Datenraum zur Verf\u00fcgung steht.<\/div><\/div>\n<div class=\"su-service\"><div class=\"su-service-title\" style=\"padding-left:46px;min-height:32px;line-height:32px\"><i class=\"sui sui-check\" style=\"font-size:32px;color:#07fe10\"><\/i> Anpassung auf Oberfl\u00e4chen<\/div><div class=\"su-service-content su-u-clearfix su-u-trim\" style=\"padding-left:46px\">Archiv-Materialien und historische Dokumente sind selten glatt und eben. Darauf kann der Prozess angepasst werden. Mit einer Vakuum-Platte k\u00f6nnen wird unebene Materialien an eine Glasoberfl\u00e4che sanft andr\u00fccken und von Unebenheiten befreien.<\/div><\/div>\n<div class=\"su-service\"><div class=\"su-service-title\" style=\"padding-left:46px;min-height:32px;line-height:32px\"><i class=\"sui sui-check\" style=\"font-size:32px;color:#07fe10\"><\/i> \u00dcberschaubare Projektbudgets<\/div><div class=\"su-service-content su-u-clearfix su-u-trim\" style=\"padding-left:46px\"><strong>Effizienz<\/strong> und <strong>Effektivit\u00e4t<\/strong> bringt \u00fcbersichtliche <strong>Aufwandsstruktur<\/strong> und ist auch f\u00fcr mittlere Projekte geeignet.<\/div><\/div>\n<div class=\"su-service\"><div class=\"su-service-title\" style=\"padding-left:46px;min-height:32px;line-height:32px\"><i class=\"sui sui-check\" style=\"font-size:32px;color:#07fe10\"><\/i> Schneller Wechsel zwischen Vorlagengr\u00f6\u00dfen<\/div><div class=\"su-service-content su-u-clearfix su-u-trim\" style=\"padding-left:46px\">Der Prozess kann einfach und ohne Qualit\u00e4tseinbu\u00dfen auf verschiedene Vorlagen-Gr\u00f6\u00dfen adaptiert werden. Schnelligkeit und Flexibilit\u00e4t sind Kalkulationsbestandteile.<\/div><\/div>\n<div class=\"su-service\"><div class=\"su-service-title\" style=\"padding-left:46px;min-height:32px;line-height:32px\"><i class=\"sui sui-check\" style=\"font-size:32px;color:#07fe10\"><\/i> Kurze Zykluszeit in der Erfassung<\/div><div class=\"su-service-content su-u-clearfix su-u-trim\" style=\"padding-left:46px\">Die Erfassungsquote in Dokument pro Zeiteinheit ist niedrig und damit die Aufwandsstruktur g\u00fcnstig.<\/div><\/div>\n<\/div><\/div> <div class=\"su-column su-column-size-1-2\"><div class=\"su-column-inner su-u-clearfix su-u-trim\">\n<h2>Der Leistungsumfang der Archiv-Fotografie<\/h2>\n<div class=\"su-service\"><div class=\"su-service-title\" style=\"padding-left:46px;min-height:32px;line-height:32px\"><i class=\"sui sui-check\" style=\"font-size:32px;color:#07fe10\"><\/i> Projektplanung<\/div><div class=\"su-service-content su-u-clearfix su-u-trim\" style=\"padding-left:46px\">Mit dem Auftraggeber zusammen planen und optimieren wir das Digitalisierungs-Projekt, um den Aufwand entlang des Erfassungsprojektes den Zielen des Kunden anzupassen.<\/div><\/div>\n<div class=\"su-service\"><div class=\"su-service-title\" style=\"padding-left:46px;min-height:32px;line-height:32px\"><i class=\"sui sui-check\" style=\"font-size:32px;color:#07fe10\"><\/i> Farbrichtige Digitalisierung<\/div><div class=\"su-service-content su-u-clearfix su-u-trim\" style=\"padding-left:46px\">Die fotografische Profilierung des Erfassungsprozesses erm\u00f6glicht eine farbrichtige Digitalisierung des originalen Artekaften \u00fcber alle Prozessschritte hinweg. So bleiben die Farben auch bei der weiteren Bearbeitung der Dokumente erhalten und ergeben wichtige Analysedaten.<\/div><\/div>\n<div class=\"su-service\"><div class=\"su-service-title\" style=\"padding-left:46px;min-height:32px;line-height:32px\"><i class=\"sui sui-check\" style=\"font-size:32px;color:#07fe10\"><\/i> Hochaufl\u00f6sende Bilddateien<\/div><div class=\"su-service-content su-u-clearfix su-u-trim\" style=\"padding-left:46px\">Je nach Anforderung des Auftraggebers werden die fotografischen Ger\u00e4te ausgew\u00e4hlt. In jedem Fall kommen hochaufl\u00f6sende Digitalkameras zum Einsatz. Die Bilddaten sind die Grundlage f\u00fcr eine sp\u00e4ter folgende Verwendung der Bilder in Publikationen aller Art.<\/div><\/div>\n<div class=\"su-service\"><div class=\"su-service-title\" style=\"padding-left:46px;min-height:32px;line-height:32px\"><i class=\"sui sui-check\" style=\"font-size:32px;color:#07fe10\"><\/i> Projektmanagement im Archivraum<\/div><div class=\"su-service-content su-u-clearfix su-u-trim\" style=\"padding-left:46px\">Die Digitalisierungs-Projekte sind manchmal dynamisch und ver\u00e4ndern sich st\u00e4ndig. Das Projekt wird mitlaufend der Arbeitsergebnissen und neuen Erkenntnissen und Anforderungen angepasst. der Auftraggeber und alle beteiligte haben so stets einen akkuraten \u00dcberblick \u00fcber die Arbeitsfortschritte im Projekt.<\/div><\/div>\n<div class=\"su-service\"><div class=\"su-service-title\" style=\"padding-left:46px;min-height:32px;line-height:32px\"><i class=\"sui sui-check\" style=\"font-size:32px;color:#07fe10\"><\/i> Bildnachbearbeitung Stufe 1<\/div><div class=\"su-service-content su-u-clearfix su-u-trim\" style=\"padding-left:46px\">Nach der Digitalisierung werden die Bilddaten in einer Stufe 1 bearbeitet, diese dient noch nicht der endg\u00fcltigen Druckfreigabe, sondern der Analyse durch den Auftraggeber. Eine Bearbeitung Stufe 2 zur Verwendungsfreigabe muss noch erfolgen.<\/div><\/div>\n<div class=\"su-service\"><div class=\"su-service-title\" style=\"padding-left:46px;min-height:32px;line-height:32px\"><i class=\"sui sui-check\" style=\"font-size:32px;color:#07fe10\"><\/i> Verschlagwortung der Bilder<\/div><div class=\"su-service-content su-u-clearfix su-u-trim\" style=\"padding-left:46px\">Auf Wunsch des Auftraggebers verschlagworten wir die erfassten Digitalbilder mit den analysierten Archivdaten und den daten des Artefakts f\u00fcr einen konsistenten Such-Algorithmus in gr\u00f6\u00dferen Digitalisierungs-Projekten<\/div><\/div>\n<div class=\"su-service\"><div class=\"su-service-title\" style=\"padding-left:46px;min-height:32px;line-height:32px\"><i class=\"sui sui-check\" style=\"font-size:32px;color:#07fe10\"><\/i> Bildnachbearbeitung Stufe 2<\/div><div class=\"su-service-content su-u-clearfix su-u-trim\" style=\"padding-left:46px\">In der Bearbeitung Stufe 2 wird eine Auswahl an Bildern f\u00fcr die Verwendungsfreigabe vorbereitet und endg\u00fcltig auf den h\u00f6chsten Stand der Bildbearbeitung gebracht.<\/div><\/div>\n<div class=\"su-service\"><div class=\"su-service-title\" style=\"padding-left:46px;min-height:32px;line-height:32px\"><i class=\"sui sui-check\" style=\"font-size:32px;color:#07fe10\"><\/i> Verwendungsfreigabe und Auslieferung an Kunde<\/div><div class=\"su-service-content su-u-clearfix su-u-trim\" style=\"padding-left:46px\">Wir unterst\u00fctzen den Auftraggeber in der Durchf\u00fchrung der Verwendungsfreigabe im Projekt, dies ist die Voraussetzung f\u00fcr eine Weiterverarbeitung in der Grafik und der Produktion in Druck und Layout. Ohne Verwendungsfreigabe kein Druck. Die freigegebenen Dateien werden in der vereinbarten Aufl\u00f6sung und Format an den Auftraggeber ausgeliefert und gleichzeitig bei DELTA IMAGE \u00fcber einen vereinbarten Zeitraum archiviert.<\/div><\/div>\n<\/div><\/div> <\/div>\n<p>&nbsp;<\/p>\n<h2><strong>Wie kann es weiter gehen:<\/strong><\/h2>\n<p>Damit Sie von Ihrer Aufgabenstellung zu einem Projekt-Konzept und einem Projekt-Angebot kommen, schlagen wir Ihnen die folgenden 4 Schritte vor.<\/p>\n<div class=\"su-accordion su-u-trim\"><div class=\"su-spoiler su-spoiler-style-default su-spoiler-icon-plus su-spoiler-closed\" data-scroll-offset=\"0\" data-anchor-in-url=\"no\"><div class=\"su-spoiler-title\" tabindex=\"0\" role=\"button\"><span class=\"su-spoiler-icon\"><\/span>Sie haben eine Aufgabenstellung Archiv-Fotografie?<\/div><div class=\"su-spoiler-content su-u-clearfix su-u-trim\">Sehr gerne unterbreiten <a href=\"mailto:pe@deltaadvice.eu\">wir <\/a>Ihnen f\u00fcr Ihr Projektvorhaben ein auf Ihre Bed\u00fcrfnisse zugeschnittenes Projektangebot. Wir freuen uns auf individuelle Projektl\u00f6sungen: Unsere Erfahrung f\u00fcr Ihre Probleml\u00f6sung.<\/div><\/div> <div class=\"su-spoiler su-spoiler-style-default su-spoiler-icon-plus su-spoiler-closed\" data-scroll-offset=\"0\" data-anchor-in-url=\"no\"><div class=\"su-spoiler-title\" tabindex=\"0\" role=\"button\"><span class=\"su-spoiler-icon\"><\/span>Senden Sie uns Ihre Aufgabenstellung \/ Projekt<\/div><div class=\"su-spoiler-content su-u-clearfix su-u-trim\">Eine Voraussetzung f\u00fcr unsere Projektidee ist ein Projektstatus in welchem Sie sich Gedanken \u00fcber Ihr Projekt und Ihr Ziel gemacht haben. Schreiben Sie es mir, oder rufen Sie mich einfach auch an (siehe Kontakt) und wir vereinbaren ein Telefongespr\u00e4ch oder einen Video-Call. Bitte keine Anfragen per WhatAapp oder Textnachrichten - die kann ich nicht weiter bearbeiten.<\/div><\/div> <div class=\"su-spoiler su-spoiler-style-default su-spoiler-icon-plus su-spoiler-closed\" data-scroll-offset=\"0\" data-anchor-in-url=\"no\"><div class=\"su-spoiler-title\" tabindex=\"0\" role=\"button\"><span class=\"su-spoiler-icon\"><\/span>eMail Adresse f\u00fcr Ihre Anfrage<\/div><div class=\"su-spoiler-content su-u-clearfix su-u-trim\">Senden Sie uns Ihre Anfrage an <strong><a href=\"mailto:pe@deltaadvice.eu\">pe@deltaadvice.eu<\/a><\/strong>.<\/div><\/div> <div class=\"su-spoiler su-spoiler-style-default su-spoiler-icon-plus su-spoiler-closed\" data-scroll-offset=\"0\" data-anchor-in-url=\"no\"><div class=\"su-spoiler-title\" tabindex=\"0\" role=\"button\"><span class=\"su-spoiler-icon\"><\/span>erster Schritt f\u00fcr die Ausarbeitung eines Projekt-Konzeptes<\/div><div class=\"su-spoiler-content su-u-clearfix su-u-trim\">Ihre Anfrage beantworten wir nach unseren besten Kr\u00e4ften. So bekommen sie eine erste Idee, wie das Projekt aussehen k\u00f6nnte und welcher Aufwandsrahmen damit verbunden sein wird. Dies ist eine Form der Erstberatung von uns an Sie. Diese Erstberatung ist f\u00fcr Sie unverbindlich und ebenso kostenlos und die Gespr\u00e4chsgrundlage f\u00fcr eine weitergehende Projektentwicklung.<\/div><\/div><\/div>\n","protected":false},"excerpt":{"rendered":"<p>Weltweit sind die meisten Dokumente \u00fcber hunderte Jahre der Zeitzeugen der Geschichte noch in analoger Form in Archiven gelagert. F\u00fcr anspruchsvolle Projekte f\u00fcr die Kommunikation \u00fcber B\u00fccher, Fachartikel, digitale Beitr\u00e4ge [&hellip;]<\/p>\n","protected":false},"author":1,"featured_media":45537,"comment_status":"open","ping_status":"closed","template":"","format":"standard","meta":{"wpupg_custom_link":[],"wpupg_custom_link_behaviour":[],"wpupg_custom_link_nofollow":[],"wpupg_custom_image":[],"wpupg_custom_image_id":[],"jetpack_post_was_ever_published":false,"footnotes":""},"jetpack-portfolio-type":[3849],"jetpack-portfolio-tag":[3892,3894,3895,1733,3893],"class_list":["post-44856","jetpack-portfolio","type-jetpack-portfolio","status-publish","format-standard","has-post-thumbnail","hentry","jetpack-portfolio-type-a-foto","jetpack-portfolio-tag-archiv-fotografie","jetpack-portfolio-tag-archiv-materialien","jetpack-portfolio-tag-archive","jetpack-portfolio-tag-digitalisierung","jetpack-portfolio-tag-repro-fotografie"],"jetpack-related-posts":[{"id":45433,"url":"https:\/\/deltaimage.de\/wp\/?portfolio=repro-fotografie-2","url_meta":{"origin":44856,"position":0},"title":"Archiv- &#038; Repro-Fotografie","author":"EschbacP","date":"30. September 2024","format":false,"excerpt":"Weltweit sind die meisten Dokumente \u00fcber hunderte Jahre der Zeitzeugen der Geschichte noch in\u00a0analoger Form\u00a0in\u00a0Archiven\u00a0gelagert. F\u00fcr anspruchsvolle Projekte f\u00fcr die Kommunikation \u00fcber B\u00fccher, Fachartikel, digitale Beitr\u00e4ge und \u00e4hnliches, mit Menschen werden diese Dokumente in\u00a0digital verwertbarer Form\u00a0ben\u00f6tigt. Die Br\u00fccke zwischen der analogen Ausgangsform und der verwertbaren digitalen Ziel-Form, schl\u00e4gt die\u00a0Archiv-Fotografie. Die\u00a0Archivfotografie\u00a0hat\u2026","rel":"","context":"\u00c4hnlicher Beitrag","block_context":{"text":"\u00c4hnlicher Beitrag","link":""},"img":{"alt_text":"","src":"https:\/\/i0.wp.com\/deltaimage.de\/wp\/wp-content\/uploads\/ZY5M6468_1200.jpg?fit=1200%2C450&ssl=1&resize=350%2C200","width":350,"height":200,"srcset":"https:\/\/i0.wp.com\/deltaimage.de\/wp\/wp-content\/uploads\/ZY5M6468_1200.jpg?fit=1200%2C450&ssl=1&resize=350%2C200 1x, https:\/\/i0.wp.com\/deltaimage.de\/wp\/wp-content\/uploads\/ZY5M6468_1200.jpg?fit=1200%2C450&ssl=1&resize=525%2C300 1.5x, https:\/\/i0.wp.com\/deltaimage.de\/wp\/wp-content\/uploads\/ZY5M6468_1200.jpg?fit=1200%2C450&ssl=1&resize=700%2C400 2x, https:\/\/i0.wp.com\/deltaimage.de\/wp\/wp-content\/uploads\/ZY5M6468_1200.jpg?fit=1200%2C450&ssl=1&resize=1050%2C600 3x"},"classes":[]},{"id":13643,"url":"https:\/\/deltaimage.de\/wp\/?portfolio=paul-eschbach-fotobildband-projektdokumentation-tz-puls-ueber-24-monate","url_meta":{"origin":44856,"position":1},"title":"Paul Eschbach &#8211; Fotobildband Projektdokumentation TZ PULS \u00fcber 24 Monate","author":"EschbacP","date":"13. November 2017","format":false,"excerpt":"Aus dem vielen Bildmaterial \u00fcber 24 Monate ist in enger Zusammenarbeit mit der Stadt Dingolfing, der Hochschule Landshut und SAR Electronic eine umfassende Projektdokumentation der Baugeschichte \u00fcber 24 Monate entstanden. Fotobuch im Echtfotodruck, bedeutet Auflage ab 1 St\u00fcck \u2013 ohne Vorproduktion. Wer bestellt bekommt ein Buch zugesendet. Das kann auch\u2026","rel":"","context":"\u00c4hnlicher Beitrag","block_context":{"text":"\u00c4hnlicher Beitrag","link":""},"img":{"alt_text":"","src":"https:\/\/i0.wp.com\/deltaimage.de\/wp\/wp-content\/uploads\/Fotobuch_TZ_PuLS.jpg?fit=871%2C616&ssl=1&resize=350%2C200","width":350,"height":200,"srcset":"https:\/\/i0.wp.com\/deltaimage.de\/wp\/wp-content\/uploads\/Fotobuch_TZ_PuLS.jpg?fit=871%2C616&ssl=1&resize=350%2C200 1x, https:\/\/i0.wp.com\/deltaimage.de\/wp\/wp-content\/uploads\/Fotobuch_TZ_PuLS.jpg?fit=871%2C616&ssl=1&resize=525%2C300 1.5x, https:\/\/i0.wp.com\/deltaimage.de\/wp\/wp-content\/uploads\/Fotobuch_TZ_PuLS.jpg?fit=871%2C616&ssl=1&resize=700%2C400 2x"},"classes":[]},{"id":36711,"url":"https:\/\/deltaimage.de\/wp\/?portfolio=grundlagen-der-digitalfotografie","url_meta":{"origin":44856,"position":2},"title":"Grundlagen der Fotografie &#8211; eLearning Kurs","author":"EschbacP","date":"15. September 2022","format":false,"excerpt":"Fotokurs \u201eGrundlagen der Fotografie\u201c Die Grundlagen der Fotografie f\u00e4ngt ganz vorne an und ist ganz speziell f\u00fcr alle\u00a0EinsteigerInnen\u00a0und\u00a0AufsteigerInnen\u00a0von der Fotografie auf Knopfdruck gestaltet. Sie k\u00f6nnen Ihre digitale Kamera einschalten und Bilder anzeigen. Wunderbar - mehr m\u00fcssen Sie auch nicht wissen. Die Bedienungsanleitung Ihrer digitalen Kamera ist f\u00fcr Sie keine Hilfe,\u2026","rel":"","context":"\u00c4hnlicher Beitrag","block_context":{"text":"\u00c4hnlicher Beitrag","link":""},"img":{"alt_text":"","src":"https:\/\/i0.wp.com\/deltaimage.de\/wp\/wp-content\/uploads\/Banner_Grundlage_1200.jpg?fit=1200%2C493&ssl=1&resize=350%2C200","width":350,"height":200,"srcset":"https:\/\/i0.wp.com\/deltaimage.de\/wp\/wp-content\/uploads\/Banner_Grundlage_1200.jpg?fit=1200%2C493&ssl=1&resize=350%2C200 1x, https:\/\/i0.wp.com\/deltaimage.de\/wp\/wp-content\/uploads\/Banner_Grundlage_1200.jpg?fit=1200%2C493&ssl=1&resize=525%2C300 1.5x, https:\/\/i0.wp.com\/deltaimage.de\/wp\/wp-content\/uploads\/Banner_Grundlage_1200.jpg?fit=1200%2C493&ssl=1&resize=700%2C400 2x, https:\/\/i0.wp.com\/deltaimage.de\/wp\/wp-content\/uploads\/Banner_Grundlage_1200.jpg?fit=1200%2C493&ssl=1&resize=1050%2C600 3x"},"classes":[]},{"id":38393,"url":"https:\/\/deltaimage.de\/wp\/?portfolio=grundlagen-der-fotografie-praesenz-kurs","url_meta":{"origin":44856,"position":3},"title":"Grundlagen der Fotografie &#8211; Pr\u00e4senz-Kurs","author":"EschbacP","date":"31. Dezember 2022","format":false,"excerpt":"Fotokurs \u201eGrundlagen der Fotografie\u201c Die Grundlagen der Fotografie f\u00e4ngt ganz vorne an und ist ganz speziell f\u00fcr alle\u00a0EinsteigerInnen\u00a0und\u00a0AufsteigerInnen\u00a0von der Fotografie auf Knopfdruck gestaltet. Sie k\u00f6nnen Ihre digitale Kamera einschalten und Bilder anzeigen. Wunderbar - mehr m\u00fcssen Sie auch nicht wissen. Die Bedienungsanleitung Ihrer digitalen Kamera ist f\u00fcr Sie keine Hilfe,\u2026","rel":"","context":"\u00c4hnlicher Beitrag","block_context":{"text":"\u00c4hnlicher Beitrag","link":""},"img":{"alt_text":"","src":"https:\/\/i0.wp.com\/deltaimage.de\/wp\/wp-content\/uploads\/Banner_Grundlage_1200.jpg?fit=1200%2C493&ssl=1&resize=350%2C200","width":350,"height":200,"srcset":"https:\/\/i0.wp.com\/deltaimage.de\/wp\/wp-content\/uploads\/Banner_Grundlage_1200.jpg?fit=1200%2C493&ssl=1&resize=350%2C200 1x, https:\/\/i0.wp.com\/deltaimage.de\/wp\/wp-content\/uploads\/Banner_Grundlage_1200.jpg?fit=1200%2C493&ssl=1&resize=525%2C300 1.5x, https:\/\/i0.wp.com\/deltaimage.de\/wp\/wp-content\/uploads\/Banner_Grundlage_1200.jpg?fit=1200%2C493&ssl=1&resize=700%2C400 2x, https:\/\/i0.wp.com\/deltaimage.de\/wp\/wp-content\/uploads\/Banner_Grundlage_1200.jpg?fit=1200%2C493&ssl=1&resize=1050%2C600 3x"},"classes":[]},{"id":14678,"url":"https:\/\/deltaimage.de\/wp\/?portfolio=fotografie-blitz-11-2017-dachau","url_meta":{"origin":44856,"position":4},"title":"Blitzlicht Fotografie","author":"EschbacP","date":"1. Juni 2017","format":false,"excerpt":"Gestalten Sie mit Blitzlicht Ihre Fotos Blitzlicht erweitert die fotografischen M\u00f6glichkeiten bei Tag und bei Nacht. Die dunkle Jahreszeit ist f\u00fcr das Blitzlicht ideal. Lernen Sie von unseren Instruktoren das Blitzger\u00e4t richtig und kreativ einzusetzen - Ihre Fotos werden gerade in der Weihnachtszeit eine v\u00f6llig neue Bildsprache entwickeln. Das Blitzger\u00e4t\u2026","rel":"","context":"\u00c4hnlicher Beitrag","block_context":{"text":"\u00c4hnlicher Beitrag","link":""},"img":{"alt_text":"","src":"https:\/\/i0.wp.com\/deltaimage.de\/wp\/wp-content\/uploads\/Banner_Blitz_1200.jpg?fit=1200%2C488&ssl=1&resize=350%2C200","width":350,"height":200,"srcset":"https:\/\/i0.wp.com\/deltaimage.de\/wp\/wp-content\/uploads\/Banner_Blitz_1200.jpg?fit=1200%2C488&ssl=1&resize=350%2C200 1x, https:\/\/i0.wp.com\/deltaimage.de\/wp\/wp-content\/uploads\/Banner_Blitz_1200.jpg?fit=1200%2C488&ssl=1&resize=525%2C300 1.5x, https:\/\/i0.wp.com\/deltaimage.de\/wp\/wp-content\/uploads\/Banner_Blitz_1200.jpg?fit=1200%2C488&ssl=1&resize=700%2C400 2x, https:\/\/i0.wp.com\/deltaimage.de\/wp\/wp-content\/uploads\/Banner_Blitz_1200.jpg?fit=1200%2C488&ssl=1&resize=1050%2C600 3x"},"classes":[]},{"id":45432,"url":"https:\/\/deltaimage.de\/wp\/?portfolio=markro-fotografie","url_meta":{"origin":44856,"position":5},"title":"Markro-Fotografie","author":"EschbacP","date":"30. September 2024","format":false,"excerpt":"Die Welt in den kleinen Details ist die fotografische Welt der Makro-Fotografie, um diese kleinen Details f\u00fcr die BetrachterIn eines Bildes sichtbar machen zu k\u00f6nnen. Die Fotografie in den immer kleiner werdenden Abst\u00e4nden und immer gr\u00f6\u00dfer werdenden Abbildungsma\u00dfst\u00e4ben verl\u00e4sst die gewohnten Gesetzm\u00e4\u00dfigkeiten und wird meist mit speziell daf\u00fcr optimierten Objektiven\u2026","rel":"","context":"\u00c4hnlicher Beitrag","block_context":{"text":"\u00c4hnlicher Beitrag","link":""},"img":{"alt_text":"","src":"https:\/\/i0.wp.com\/deltaimage.de\/wp\/wp-content\/uploads\/IMG_1032_1200.jpg?fit=1200%2C450&ssl=1&resize=350%2C200","width":350,"height":200,"srcset":"https:\/\/i0.wp.com\/deltaimage.de\/wp\/wp-content\/uploads\/IMG_1032_1200.jpg?fit=1200%2C450&ssl=1&resize=350%2C200 1x, https:\/\/i0.wp.com\/deltaimage.de\/wp\/wp-content\/uploads\/IMG_1032_1200.jpg?fit=1200%2C450&ssl=1&resize=525%2C300 1.5x, https:\/\/i0.wp.com\/deltaimage.de\/wp\/wp-content\/uploads\/IMG_1032_1200.jpg?fit=1200%2C450&ssl=1&resize=700%2C400 2x, https:\/\/i0.wp.com\/deltaimage.de\/wp\/wp-content\/uploads\/IMG_1032_1200.jpg?fit=1200%2C450&ssl=1&resize=1050%2C600 3x"},"classes":[]}],"jetpack_sharing_enabled":true,"_links":{"self":[{"href":"https:\/\/deltaimage.de\/wp\/index.php?rest_route=\/wp\/v2\/jetpack-portfolio\/44856","targetHints":{"allow":["GET"]}}],"collection":[{"href":"https:\/\/deltaimage.de\/wp\/index.php?rest_route=\/wp\/v2\/jetpack-portfolio"}],"about":[{"href":"https:\/\/deltaimage.de\/wp\/index.php?rest_route=\/wp\/v2\/types\/jetpack-portfolio"}],"author":[{"embeddable":true,"href":"https:\/\/deltaimage.de\/wp\/index.php?rest_route=\/wp\/v2\/users\/1"}],"replies":[{"embeddable":true,"href":"https:\/\/deltaimage.de\/wp\/index.php?rest_route=%2Fwp%2Fv2%2Fcomments&post=44856"}],"version-history":[{"count":49,"href":"https:\/\/deltaimage.de\/wp\/index.php?rest_route=\/wp\/v2\/jetpack-portfolio\/44856\/revisions"}],"predecessor-version":[{"id":45545,"href":"https:\/\/deltaimage.de\/wp\/index.php?rest_route=\/wp\/v2\/jetpack-portfolio\/44856\/revisions\/45545"}],"wp:featuredmedia":[{"embeddable":true,"href":"https:\/\/deltaimage.de\/wp\/index.php?rest_route=\/wp\/v2\/media\/45537"}],"wp:attachment":[{"href":"https:\/\/deltaimage.de\/wp\/index.php?rest_route=%2Fwp%2Fv2%2Fmedia&parent=44856"}],"wp:term":[{"taxonomy":"jetpack-portfolio-type","embeddable":true,"href":"https:\/\/deltaimage.de\/wp\/index.php?rest_route=%2Fwp%2Fv2%2Fjetpack-portfolio-type&post=44856"},{"taxonomy":"jetpack-portfolio-tag","embeddable":true,"href":"https:\/\/deltaimage.de\/wp\/index.php?rest_route=%2Fwp%2Fv2%2Fjetpack-portfolio-tag&post=44856"}],"curies":[{"name":"wp","href":"https:\/\/api.w.org\/{rel}","templated":true}]}}