{"id":45391,"date":"2024-09-29T17:04:42","date_gmt":"2024-09-29T15:04:42","guid":{"rendered":"https:\/\/deltaimage.de\/wp\/?post_type=jetpack-portfolio&#038;p=45391"},"modified":"2024-09-29T20:35:41","modified_gmt":"2024-09-29T18:35:41","slug":"dr-junkelmann-soldaten-des-dreissigjaehrigen-krieges-der-kuerassier-band-3","status":"publish","type":"jetpack-portfolio","link":"https:\/\/deltaimage.de\/wp\/?portfolio=dr-junkelmann-soldaten-des-dreissigjaehrigen-krieges-der-kuerassier-band-3","title":{"rendered":"Dr. Junkelmann: Soldaten des Dreissigj\u00e4hrigen Krieges \u2013 Der K\u00fcrassier \u2013 Band 3"},"content":{"rendered":"<h1>Katalog des Bayerischen Armeemuseum Nr. 24.3<\/h1>\n<p>Der Umschlagstext zum Buch:<\/p>\n<p>Die\u00a0<strong>K\u00fcrassiere<\/strong>, mit Pistolen und Schwertern bewaffnete schwere Panzerreiter, dominierten die Schlachtfelder des\u00a0<strong>Dreissigj\u00e4hrigen Krieges<\/strong>. Es gibt kaum ein Bild, das die bedrohliche Welt des\u00a0<strong>Dreissigj\u00e4hrigen Krieges<\/strong>, des \u201e<em>eisenen Zeitalters<\/em>\u201e, so gespenstisch vor dem Auge entstehen l\u00e4sst, wie der Anblick eines schwarzen\u00a0<strong>K\u00fcrassierharnisches<\/strong>, eines sogenannten \u201e<em>Pappenheimers<\/em>\u201e. Nicht zuf\u00e4llig zeigt ihn die lebensgro\u00dfe Inszenierung in der Ausstellung \u201e<strong>Formen des Krieges<\/strong>\u201c im\u00a0<strong>Bayerischen Armeemuseum<\/strong>.<\/p>\n<p>Der Historiker\u00a0<strong>Marcus Junkelmann<\/strong>\u00a0beschreibt und erkl\u00e4rt in Text und Bild, wie die Soldaten des\u00a0<strong>Dreissigj\u00e4hrigen Krieges<\/strong>\u00a0k\u00e4mpften und wie ihre Ausr\u00fcstung und Bewaffnung beschaffen war. Er verbindet historische Quellen mit der Untersuchung von Originalwaffen und den Erkenntnissen aus der experimentellen Erprobung von Waffenwirkungen und Fechtweisen. So bietet dieses Buch ein umfassendes Bild mit neuen und \u00fcberraschenden Erkenntnissen.<\/p>\n<p>Als Erg\u00e4nzung zum Ausstellungskatalog \u201e<strong>Formen des Krieges<\/strong>\u201c wendet es sich an alle interessierten Besucher (sic!) des Bayerischen Armeemuseums, aber auch an Historiker und Reenactors dieser Epoche.<\/p>\n<p>&nbsp;<\/p>\n<h2>Mehr zu Dr. Marcus Junkelmann<\/h2>\n<p>Mehr Informationen zum <strong>Historiker<\/strong> und <strong>Experimentalarch\u00e4ologen\u00a0Dr. Marcus Junkelmann<\/strong>\u00a0sind in den Beitr\u00e4gen auf\u00a0<a href=\"https:\/\/deltaimage.de\/wp\"><strong>DELTA IMAGE<\/strong>\u00a0<\/a>und einer eigenen Webseite\u00a0<a href=\"https:\/\/geschichtealsfest.de\/\"><strong>Geschichte als Fest<\/strong><\/a>\u00a0zu entdecken.<\/p>\n","protected":false},"excerpt":{"rendered":"<p>Katalog des Bayerischen Armeemuseum Nr. 24.3 Der Umschlagstext zum Buch: Die\u00a0K\u00fcrassiere, mit Pistolen und Schwertern bewaffnete schwere Panzerreiter, dominierten die Schlachtfelder des\u00a0Dreissigj\u00e4hrigen Krieges. Es gibt kaum ein Bild, das die [&hellip;]<\/p>\n","protected":false},"author":1,"featured_media":45385,"comment_status":"open","ping_status":"closed","template":"","format":"standard","meta":{"wpupg_custom_link":[],"wpupg_custom_link_behaviour":[],"wpupg_custom_link_nofollow":[],"wpupg_custom_image":[],"wpupg_custom_image_id":[],"jetpack_post_was_ever_published":false,"footnotes":""},"jetpack-portfolio-type":[1271],"jetpack-portfolio-tag":[3885,3883,3199,3887,3884],"class_list":["post-45391","jetpack-portfolio","type-jetpack-portfolio","status-publish","format-standard","has-post-thumbnail","hentry","jetpack-portfolio-type-buch","jetpack-portfolio-tag-1618-1648","jetpack-portfolio-tag-bayerisches-armee-museum-ingolstadt","jetpack-portfolio-tag-dr-marcus-junkelmann","jetpack-portfolio-tag-kuerassier","jetpack-portfolio-tag-soldaten-im-dreissigjaehrigen-krieg"],"jetpack-related-posts":[{"id":45389,"url":"https:\/\/deltaimage.de\/wp\/?portfolio=dr-junkelmann-soldaten-des-dreissigjaehrigen-krieges-der-musketier-band-2","url_meta":{"origin":45391,"position":0},"title":"Dr. Junkelmann: Soldaten des Dreissigj\u00e4hrigen Krieges \u2013 Der Musketier \u2013 Band 2","author":"EschbacP","date":"29. September 2024","format":false,"excerpt":"Katalog des Bayerischen Armeemuseum Nr. 24.2 Der Umschlagstext zum Buch: Die\u00a0Musketiere\u00a0waren der Teil der\u00a0Infanterie\u00a0des\u00a0Drei\u00dfigj\u00e4hrigen Krieges, der das Feuergefecht auf gr\u00f6\u00dfere Distanz mit\u00a0Handfeuerwaffen\u00a0f\u00fchrte. Der Anteil der\u00a0Musketiere\u00a0an den\u00a0Infanterieformationen\u00a0betrug um 1630 ungef\u00e4hr zwei Drittel. Ihre \u00fcbliche Waffe war die solide und relativ einfach zu bedienende\u00a0Luntenschlossmuskete, ein glattl\u00e4ufiges\u00a0Infanteriegewehr, das wegen seines Gewichts meistens auf\u2026","rel":"","context":"\u00c4hnlicher Beitrag","block_context":{"text":"\u00c4hnlicher Beitrag","link":""},"img":{"alt_text":"","src":"https:\/\/i0.wp.com\/deltaimage.de\/wp\/wp-content\/uploads\/Soldaten-Musketier-1.jpg?fit=629%2C899&ssl=1&resize=350%2C200","width":350,"height":200,"srcset":"https:\/\/i0.wp.com\/deltaimage.de\/wp\/wp-content\/uploads\/Soldaten-Musketier-1.jpg?fit=629%2C899&ssl=1&resize=350%2C200 1x, https:\/\/i0.wp.com\/deltaimage.de\/wp\/wp-content\/uploads\/Soldaten-Musketier-1.jpg?fit=629%2C899&ssl=1&resize=525%2C300 1.5x"},"classes":[]},{"id":45384,"url":"https:\/\/deltaimage.de\/wp\/?portfolio=dr-junkelmann-soldaten-des-dreissigjaehrigen-krieges-der-pikenier-band-1","url_meta":{"origin":45391,"position":1},"title":"Dr. Junkelmann: Soldaten des Dreissigj\u00e4hrigen Krieges \u2013 Der Pikenier \u2013 Band 1","author":"EschbacP","date":"29. September 2024","format":false,"excerpt":"Katalog des Bayerischen Armeemuseum Nr. 24.1 Der Umschlagstext zum Buch: Die\u00a0Pikeniere, Fu\u00dfsoldaten, deren Hauptwaffe der\u00a0Langspie\u00df\u00a0war, bildeten einen unverzichtbaren Teil der\u00a0Infanterie\u00a0des\u00a0Drei\u00dfigj\u00e4hrigen Krieges. Ihre geschlossenen, spie\u00dfstarrenden Bl\u00f6cke stabilisierten im offenen Gefecht die Front und gaben dem Angriff den letzten Nachdruck. Sie hielten feindliche Reiter auf Abstand und boten Schutz und R\u00fcckhalt f\u00fcr\u2026","rel":"","context":"\u00c4hnlicher Beitrag","block_context":{"text":"\u00c4hnlicher Beitrag","link":""},"img":{"alt_text":"","src":"https:\/\/i0.wp.com\/deltaimage.de\/wp\/wp-content\/uploads\/Soldaten-Pikenier-1.jpg?fit=629%2C905&ssl=1&resize=350%2C200","width":350,"height":200,"srcset":"https:\/\/i0.wp.com\/deltaimage.de\/wp\/wp-content\/uploads\/Soldaten-Pikenier-1.jpg?fit=629%2C905&ssl=1&resize=350%2C200 1x, https:\/\/i0.wp.com\/deltaimage.de\/wp\/wp-content\/uploads\/Soldaten-Pikenier-1.jpg?fit=629%2C905&ssl=1&resize=525%2C300 1.5x"},"classes":[]},{"id":23050,"url":"https:\/\/deltaimage.de\/wp\/?portfolio=mit-napoleon-im-russlandfeldzug-1812-chronik-eines-desasters-alliatera-verlag","url_meta":{"origin":45391,"position":2},"title":"Mit Napoleon im Russlandfeldzug 1812. Chronik eines Desasters &#8211; Alliatera Verlag","author":"EschbacP","date":"16. November 2019","format":false,"excerpt":"DELTA IMAGE ist mit der Reprofotografie aus dem Familienarchiv im Schloss Affing betraut worden Als Unternehmer arbeitet man in den unterschiedlichsten Projekten unserer Kunden mit. Manche Projekte bilden den eigenen Markt mit der Kernkompetenz ab. Andere Projekte m\u00fcssen einfach sein.\u00a0Und dann kommen Projekte die einem aus dem Herzen sprechen. So\u2026","rel":"","context":"\u00c4hnlicher Beitrag","block_context":{"text":"\u00c4hnlicher Beitrag","link":""},"img":{"alt_text":"","src":"https:\/\/i0.wp.com\/deltaimage.de\/wp\/wp-content\/uploads\/Buchtitel-Chronik-eines-Desasters.jpg?fit=475%2C596&ssl=1&resize=350%2C200","width":350,"height":200},"classes":[]},{"id":33270,"url":"https:\/\/deltaimage.de\/wp\/?portfolio=paul-eschbach-schleissheim-der-aelteste-flugplatz-in-bayern-teil-1-nord-route-ost-route","url_meta":{"origin":45391,"position":3},"title":"Carl Ernst von Gravenreuth \u2013 Eine Karriere zwischen Napoleon und Montgelas","author":"EschbacP","date":"12. M\u00e4rz 2022","format":false,"excerpt":"Bayern setzte im B\u00fcndnis mit Napoleon 1805 alles auf eine Karte. Das war die Stunde des Diplomaten Carl Ernst von Gravenreuth: Als Sondergesandter Bayerns bei Napoleon vertrat er k\u00fchn und entschlossen die bayerischen Interessen und setzte sie auch durch. Gravenreuth wurde der latent gef\u00e4hrliche Konkurrent Montgelas\u2019, sodass er schlie\u00dflich in\u2026","rel":"","context":"\u00c4hnlicher Beitrag","block_context":{"text":"\u00c4hnlicher Beitrag","link":""},"img":{"alt_text":"","src":"https:\/\/i0.wp.com\/deltaimage.de\/wp\/wp-content\/uploads\/CEGravenreuth-Junkelmann.jpg?resize=350%2C200&ssl=1","width":350,"height":200},"classes":[]},{"id":13350,"url":"https:\/\/deltaimage.de\/wp\/?portfolio=oberbayern","url_meta":{"origin":45391,"position":4},"title":"Oberbayern","author":"EschbacP","date":"31. Januar 2017","format":false,"excerpt":"Oberbayern z\u00e4hlt zu den interessantesten Landschafts- und Kulturr\u00e4umen in Deutschland. Das Spannungsfeld zwischen Tradition, Brauchtum, Kultur und Moderne auf der anderen Seite ist so eng miteinander verzahnt. Die bayerischen Alpen sind wundersch\u00f6ne Fotomotive in der Landschaftsfotografie. Die reiche Kulturlandschaft zieht die Besucher magisch an und die erhaltene Naturlandschaft bietet ein\u2026","rel":"","context":"\u00c4hnlicher Beitrag","block_context":{"text":"\u00c4hnlicher Beitrag","link":""},"img":{"alt_text":"Der Chiemsee des bayerischen M\u00e4rchenk\u00f6nigs im goldenen Herbst","src":"https:\/\/i0.wp.com\/deltaimage.de\/wp\/wp-content\/uploads\/ZY5M7781_900_900.jpg?resize=350%2C200","width":350,"height":200,"srcset":"https:\/\/i0.wp.com\/deltaimage.de\/wp\/wp-content\/uploads\/ZY5M7781_900_900.jpg?resize=350%2C200 1x, https:\/\/i0.wp.com\/deltaimage.de\/wp\/wp-content\/uploads\/ZY5M7781_900_900.jpg?resize=525%2C300 1.5x, https:\/\/i0.wp.com\/deltaimage.de\/wp\/wp-content\/uploads\/ZY5M7781_900_900.jpg?resize=700%2C400 2x"},"classes":[]},{"id":13620,"url":"https:\/\/deltaimage.de\/wp\/?portfolio=paul-eschbach-foto-und-video-mit-der-fliegenden-kamera-mitp-verlag","url_meta":{"origin":45391,"position":5},"title":"Paul Eschbach &#8211; Foto und Video mit der fliegenden Kamera &#8211; mitp Verlag","author":"EschbacP","date":"23. Februar 2017","format":false,"excerpt":"Luftbildaufnahmen mit Multicoptern Umfangreicher praktischer Multicopter-Ratgeber zu technischen und rechtlichen Fragen speziell f\u00fcr Fotografen Tolle Beispielbilder aus den verschiedenen Einsatzgebieten der Multicopter-Foto- und Videografie Mit vielen Tricks eines Profis zu Motivwahl, sicherem Fliegen, Bildgestaltung, Filmen u.v.m. Beeindruckende Luftaufnahmen mithilfe eines Multicopters zu realisieren, ist f\u00fcr viele Fotografen und Technikbegeisterte eine\u2026","rel":"","context":"\u00c4hnlicher Beitrag","block_context":{"text":"\u00c4hnlicher Beitrag","link":""},"img":{"alt_text":"","src":"https:\/\/i0.wp.com\/deltaimage.de\/wp\/wp-content\/uploads\/Buch_MITP_Multicopter_Cover.jpg?fit=659%2C919&ssl=1&resize=350%2C200","width":350,"height":200,"srcset":"https:\/\/i0.wp.com\/deltaimage.de\/wp\/wp-content\/uploads\/Buch_MITP_Multicopter_Cover.jpg?fit=659%2C919&ssl=1&resize=350%2C200 1x, https:\/\/i0.wp.com\/deltaimage.de\/wp\/wp-content\/uploads\/Buch_MITP_Multicopter_Cover.jpg?fit=659%2C919&ssl=1&resize=525%2C300 1.5x"},"classes":[]}],"jetpack_sharing_enabled":true,"_links":{"self":[{"href":"https:\/\/deltaimage.de\/wp\/index.php?rest_route=\/wp\/v2\/jetpack-portfolio\/45391","targetHints":{"allow":["GET"]}}],"collection":[{"href":"https:\/\/deltaimage.de\/wp\/index.php?rest_route=\/wp\/v2\/jetpack-portfolio"}],"about":[{"href":"https:\/\/deltaimage.de\/wp\/index.php?rest_route=\/wp\/v2\/types\/jetpack-portfolio"}],"author":[{"embeddable":true,"href":"https:\/\/deltaimage.de\/wp\/index.php?rest_route=\/wp\/v2\/users\/1"}],"replies":[{"embeddable":true,"href":"https:\/\/deltaimage.de\/wp\/index.php?rest_route=%2Fwp%2Fv2%2Fcomments&post=45391"}],"version-history":[{"count":2,"href":"https:\/\/deltaimage.de\/wp\/index.php?rest_route=\/wp\/v2\/jetpack-portfolio\/45391\/revisions"}],"predecessor-version":[{"id":45407,"href":"https:\/\/deltaimage.de\/wp\/index.php?rest_route=\/wp\/v2\/jetpack-portfolio\/45391\/revisions\/45407"}],"wp:featuredmedia":[{"embeddable":true,"href":"https:\/\/deltaimage.de\/wp\/index.php?rest_route=\/wp\/v2\/media\/45385"}],"wp:attachment":[{"href":"https:\/\/deltaimage.de\/wp\/index.php?rest_route=%2Fwp%2Fv2%2Fmedia&parent=45391"}],"wp:term":[{"taxonomy":"jetpack-portfolio-type","embeddable":true,"href":"https:\/\/deltaimage.de\/wp\/index.php?rest_route=%2Fwp%2Fv2%2Fjetpack-portfolio-type&post=45391"},{"taxonomy":"jetpack-portfolio-tag","embeddable":true,"href":"https:\/\/deltaimage.de\/wp\/index.php?rest_route=%2Fwp%2Fv2%2Fjetpack-portfolio-tag&post=45391"}],"curies":[{"name":"wp","href":"https:\/\/api.w.org\/{rel}","templated":true}]}}