{"id":45433,"date":"2024-09-30T14:17:00","date_gmt":"2024-09-30T12:17:00","guid":{"rendered":"https:\/\/deltaimage.de\/wp\/?post_type=jetpack-portfolio&#038;p=45433"},"modified":"2024-10-04T22:14:27","modified_gmt":"2024-10-04T20:14:27","slug":"repro-fotografie-2","status":"publish","type":"jetpack-portfolio","link":"https:\/\/deltaimage.de\/wp\/?portfolio=repro-fotografie-2","title":{"rendered":"Archiv- &#038; Repro-Fotografie"},"content":{"rendered":"<p>Weltweit sind die meisten Dokumente \u00fcber hunderte Jahre der Zeitzeugen der Geschichte noch in\u00a0<strong>analoger Form<\/strong>\u00a0in\u00a0<strong>Archiven<\/strong>\u00a0gelagert. F\u00fcr anspruchsvolle Projekte f\u00fcr die Kommunikation \u00fcber B\u00fccher, Fachartikel, digitale Beitr\u00e4ge und \u00e4hnliches, mit Menschen werden diese Dokumente in\u00a0<strong>digital verwertbarer Form<\/strong>\u00a0ben\u00f6tigt. Die Br\u00fccke zwischen der analogen Ausgangsform und der verwertbaren digitalen Ziel-Form, schl\u00e4gt die\u00a0<strong>Archiv-Fotografie<\/strong>.<\/p>\n<p>Die\u00a0<strong>Archivfotografie<\/strong>\u00a0hat nicht viel mit einer\u00a0<strong>k\u00fcnstlerischen Art der Fotografie<\/strong>\u00a0zu tun, es kommt vielmehr darauf an:<\/p>\n<ul>\n<li>\n<div id=\"attachment_45539\" class=\"wp-caption alignright\">\n<p><img loading=\"lazy\" decoding=\"async\" data-attachment-id=\"45539\" data-permalink=\"https:\/\/deltaimage.de\/wp\/?attachment_id=45539#main\" data-orig-file=\"https:\/\/i0.wp.com\/deltaimage.de\/wp\/wp-content\/uploads\/manuscript-547042_640.jpg?fit=640%2C441&amp;ssl=1\" data-orig-size=\"640,441\" data-comments-opened=\"1\" data-image-meta=\"{&quot;aperture&quot;:&quot;0&quot;,&quot;credit&quot;:&quot;&quot;,&quot;camera&quot;:&quot;&quot;,&quot;caption&quot;:&quot;&quot;,&quot;created_timestamp&quot;:&quot;0&quot;,&quot;copyright&quot;:&quot;&quot;,&quot;focal_length&quot;:&quot;0&quot;,&quot;iso&quot;:&quot;0&quot;,&quot;shutter_speed&quot;:&quot;0&quot;,&quot;title&quot;:&quot;&quot;,&quot;orientation&quot;:&quot;0&quot;}\" data-image-title=\"manuscript-547042_640\" data-image-description=\"\" data-image-caption=\"\" data-large-file=\"https:\/\/i0.wp.com\/deltaimage.de\/wp\/wp-content\/uploads\/manuscript-547042_640.jpg?fit=640%2C441&amp;ssl=1\" class=\"alignright wp-image-45539 size-stay-logo\" tabindex=\"0\" role=\"button\" src=\"https:\/\/i0.wp.com\/deltaimage.de\/wp\/wp-content\/uploads\/manuscript-547042_640.jpg?resize=580%2C400&#038;ssl=1\" alt=\"\" width=\"580\" height=\"400\" data-recalc-dims=\"1\" aria-describedby=\"caption-attachment-45539\" data-attachment-id=\"45539\" data-permalink=\"https:\/\/deltaimage.de\/wp\/?attachment_id=45539#main\" data-orig-file=\"https:\/\/i0.wp.com\/deltaimage.de\/wp\/wp-content\/uploads\/manuscript-547042_640.jpg?fit=640%2C441&amp;ssl=1\" data-orig-size=\"640,441\" data-comments-opened=\"1\" data-image-meta=\"{&quot;aperture&quot;:&quot;0&quot;,&quot;credit&quot;:&quot;&quot;,&quot;camera&quot;:&quot;&quot;,&quot;caption&quot;:&quot;&quot;,&quot;created_timestamp&quot;:&quot;0&quot;,&quot;copyright&quot;:&quot;&quot;,&quot;focal_length&quot;:&quot;0&quot;,&quot;iso&quot;:&quot;0&quot;,&quot;shutter_speed&quot;:&quot;0&quot;,&quot;title&quot;:&quot;&quot;,&quot;orientation&quot;:&quot;0&quot;}\" data-image-title=\"manuscript-547042_640\" data-image-description=\"\" data-image-caption=\"\" data-medium-file=\"https:\/\/i0.wp.com\/deltaimage.de\/wp\/wp-content\/uploads\/manuscript-547042_640.jpg?fit=640%2C441&amp;ssl=1\" data-large-file=\"https:\/\/i0.wp.com\/deltaimage.de\/wp\/wp-content\/uploads\/manuscript-547042_640.jpg?fit=640%2C441&amp;ssl=1\" srcset=\"https:\/\/i0.wp.com\/deltaimage.de\/wp\/wp-content\/uploads\/manuscript-547042_640.jpg?resize=580%2C400&amp;ssl=1 580w, https:\/\/i0.wp.com\/deltaimage.de\/wp\/wp-content\/uploads\/manuscript-547042_640.jpg?resize=290%2C200&amp;ssl=1 290w, https:\/\/i0.wp.com\/deltaimage.de\/wp\/wp-content\/uploads\/manuscript-547042_640.jpg?w=640&amp;ssl=1 640w\" sizes=\"auto, (max-width: 580px) 100vw, 580px\" \/><\/p>\n<p id=\"caption-attachment-45539\" class=\"wp-caption-text\">Typische analoge Dokumente in Archiven als Aufgabenstellung zur Digitalisierung<\/p>\n<\/div>\n<p>Das <strong>Original<\/strong> soll so gut (nicht exakt) als m\u00f6glich in ein <strong>digitales Abbild<\/strong> \u00fcberf\u00fchrt werden.<br \/>\nDas gilt insbesondere hinsichtlich:<\/p>\n<ul>\n<li>einer\u00a0<strong>Farbtreue<\/strong><\/li>\n<li>einer\u00a0<strong>Verzeichnungsfreiheit<\/strong><\/li>\n<li>einer<strong>\u00a0augenrichtigen Wiederhabe<\/strong>\u00a0von Oberfl\u00e4chen, Helligkeiten und Kontrasten<\/li>\n<li>dem\u00a0<strong>Vermeiden von Abbildungsfehlern<\/strong>, wie Schatten, Reflexionen, Moir\u00e9.<\/li>\n<li>dem Erhalt einer\u00a0<strong>r\u00e4umlichen Anmutung<\/strong>\u00a0des Originals.<\/li>\n<\/ul>\n<\/li>\n<li>Der\u00a0<strong>schonenden Handhabung<\/strong>\u00a0der wertvollen Originale im Archiv, der gesamte Prozess und die technische Ausstattung ist dabei mit entscheidend.<\/li>\n<li>Ein\u00a0<strong>vertrauensvoller Umgang<\/strong>\u00a0mit den seltenen Originalen.<\/li>\n<li>Einem<strong>\u00a0wirtschaftlichen Prozess der Fotografie<\/strong>, um die gew\u00fcnschte Fotoqualit\u00e4t in einem m\u00f6glichen Budgetierungsrahmen zum Erfolg bringen zu k\u00f6nnen.<\/li>\n<\/ul>\n<p>Die Digitalisierung von analogen Dokumenten im Archiv findet meist unmittelbar im Archiv vor Ort, oder in unmittelbarer N\u00e4he statt. Die wertvollen und unersetzlichen Originale sollen bei einem Transport, so wenig als m\u00f6glich gef\u00e4hrdet oder zu gesch\u00e4digt werden. In der\u00a0<strong>Archivfotografie<\/strong>\u00a0kommt es somit im Gesamtprojekt auf die Optimierung hinsichtlich:<\/p>\n<ul>\n<li>der\u00a0<strong>Effizienz<\/strong>\u00a0=\u00a0<strong>Aufwandsminimierung<\/strong>\u00a0zur Erreichung des definierten Projektzieles im Verh\u00e4ltnis zum eingesetzten Aufwand<\/li>\n<li>der\u00a0<strong>Effektivit\u00e4t<\/strong>\u00a0=\u00a0<strong>Prozessoptimierung<\/strong>\u00a0um die\u00a0<strong>wirkungsvollsten Prozessabl\u00e4ufe<\/strong>\u00a0in der Kette der Einzelschritte zu w\u00e4hlen, meist eine\u00a0<strong>Vermeidung von \u201eVerschwendung\u201c<\/strong><\/li>\n<\/ul>\n<p>an.<\/p>\n<blockquote>\n<pre>Ein entscheidender Vorteil der Fotografie gegen\u00fcber einem Scannen ist die \r\nGeschwindigkeit in der Erfassung f\u00fcr jedes einzelne Dokument.<\/pre>\n<\/blockquote>\n<p>&nbsp;<\/p>\n<p>Die\u00a0<strong>Archivfotografie<\/strong>\u00a0in meist ein\u00a0<strong>Massen-Erfassungs-Prozess<\/strong>, jede\u00a0<strong>Nacherfassung<\/strong>\u00a0(ein Dokumentteil wurde nicht Digitalisiert) ist vom Aufwand und Logistik her gesehen kaum zu rechtfertigen.<\/p>\n<p>&nbsp;<\/p>\n<div class=\"su-row\"><div class=\"su-column su-column-size-1-2\"><div class=\"su-column-inner su-u-clearfix su-u-trim\">\n<h2>Leistungsmerkmale der Archiv-Fotografie<\/h2>\n<div class=\"su-service\"><div class=\"su-service-title\" style=\"padding-left:46px;min-height:32px;line-height:32px\"><i class=\"sui sui-check\" style=\"font-size:32px;color:#07fe10\"><\/i> Sicherer Umgang mit den Originalen<\/div><div class=\"su-service-content su-u-clearfix su-u-trim\" style=\"padding-left:46px\">Ein sicherer und materialschonender Umgang mit Licht, UV-Licht, W\u00e4rme, Druck, mechanische Bewegung<\/div><\/div>\n<div class=\"su-service\"><div class=\"su-service-title\" style=\"padding-left:46px;min-height:32px;line-height:32px\"><i class=\"sui sui-check\" style=\"font-size:32px;color:#07fe10\"><\/i> Ger\u00e4tschaften kompakt und transportabel<\/div><div class=\"su-service-content su-u-clearfix su-u-trim\" style=\"padding-left:46px\">Eine Repro-Fotografie-Einrichtung ist um vieles transportabler als ein Scanner und kann so einfach vor Ort gebracht und betrieben werden.<\/div><\/div>\n<div class=\"su-service\"><div class=\"su-service-title\" style=\"padding-left:46px;min-height:32px;line-height:32px\"><i class=\"sui sui-check\" style=\"font-size:32px;color:#07fe10\"><\/i> Sehr hohe optische Qualit\u00e4t<\/div><div class=\"su-service-content su-u-clearfix su-u-trim\" style=\"padding-left:46px\">Die hochaufl\u00f6senden Bildsensoren erfassen jedes Detail des Original-Artefakts, so dass in der Analysephase viele Details in den Artefakten analysiert werden k\u00f6nnen.<\/div><\/div>\n<div class=\"su-service\"><div class=\"su-service-title\" style=\"padding-left:46px;min-height:32px;line-height:32px\"><i class=\"sui sui-check\" style=\"font-size:32px;color:#07fe10\"><\/i> Sehr hohe Datentiefe - 14 bit<\/div><div class=\"su-service-content su-u-clearfix su-u-trim\" style=\"padding-left:46px\">Die Archivfotografie digitalisiert mit 14-bit Datentiefe f\u00fcr eine maximale Erfassungsqualit\u00e4t.<\/div><\/div>\n<div class=\"su-service\"><div class=\"su-service-title\" style=\"padding-left:46px;min-height:32px;line-height:32px\"><i class=\"sui sui-check\" style=\"font-size:32px;color:#07fe10\"><\/i> Bildspeicherung im RAW-Dateiformat<\/div><div class=\"su-service-content su-u-clearfix su-u-trim\" style=\"padding-left:46px\">Die Bilddaten werden im RAW-Format gespeichert, so dass in der Nachbearbeitung daer gr\u00f6\u00dftm\u00f6gliche Datenraum zur Verf\u00fcgung steht.<\/div><\/div>\n<div class=\"su-service\"><div class=\"su-service-title\" style=\"padding-left:46px;min-height:32px;line-height:32px\"><i class=\"sui sui-check\" style=\"font-size:32px;color:#07fe10\"><\/i> Anpassung auf Oberfl\u00e4chen<\/div><div class=\"su-service-content su-u-clearfix su-u-trim\" style=\"padding-left:46px\">Archiv-Materialien und historische Dokumente sind selten glatt und eben. Darauf kann der Prozess angepasst werden. Mit einer Vakuum-Platte k\u00f6nnen wird unebene Materialien an eine Glasoberfl\u00e4che sanft andr\u00fccken und von Unebenheiten befreien.<\/div><\/div>\n<div class=\"su-service\"><div class=\"su-service-title\" style=\"padding-left:46px;min-height:32px;line-height:32px\"><i class=\"sui sui-check\" style=\"font-size:32px;color:#07fe10\"><\/i> \u00dcberschaubare Projektbudgets<\/div><div class=\"su-service-content su-u-clearfix su-u-trim\" style=\"padding-left:46px\"><strong>Effizienz<\/strong> und <strong>Effektivit\u00e4t<\/strong> bringt \u00fcbersichtliche <strong>Aufwandsstruktur<\/strong> und ist auch f\u00fcr mittlere Projekte geeignet.<\/div><\/div>\n<div class=\"su-service\"><div class=\"su-service-title\" style=\"padding-left:46px;min-height:32px;line-height:32px\"><i class=\"sui sui-check\" style=\"font-size:32px;color:#07fe10\"><\/i> Schneller Wechsel zwischen Vorlagengr\u00f6\u00dfen<\/div><div class=\"su-service-content su-u-clearfix su-u-trim\" style=\"padding-left:46px\">Der Prozess kann einfach und ohne Qualit\u00e4tseinbu\u00dfen auf verschiedene Vorlagen-Gr\u00f6\u00dfen adaptiert werden. Schnelligkeit und Flexibilit\u00e4t sind Kalkulationsbestandteile.<\/div><\/div>\n<div class=\"su-service\"><div class=\"su-service-title\" style=\"padding-left:46px;min-height:32px;line-height:32px\"><i class=\"sui sui-check\" style=\"font-size:32px;color:#07fe10\"><\/i> Kurze Zykluszeit in der Erfassung<\/div><div class=\"su-service-content su-u-clearfix su-u-trim\" style=\"padding-left:46px\">Die Erfassungsquote in Dokument pro Zeiteinheit ist niedrig und damit die Aufwandsstruktur g\u00fcnstig.<\/div><\/div>\n<\/div><\/div> <div class=\"su-column su-column-size-1-2\"><div class=\"su-column-inner su-u-clearfix su-u-trim\">\n<h2>Der Leistungsumfang der Archiv-Fotografie<\/h2>\n<div class=\"su-service\"><div class=\"su-service-title\" style=\"padding-left:46px;min-height:32px;line-height:32px\"><i class=\"sui sui-check\" style=\"font-size:32px;color:#07fe10\"><\/i> Projektplanung<\/div><div class=\"su-service-content su-u-clearfix su-u-trim\" style=\"padding-left:46px\">Mit dem Auftraggeber zusammen planen und optimieren wir das Digitalisierungs-Projekt, um den Aufwand entlang des Erfassungsprojektes den Zielen des Kunden anzupassen.<\/div><\/div>\n<div class=\"su-service\"><div class=\"su-service-title\" style=\"padding-left:46px;min-height:32px;line-height:32px\"><i class=\"sui sui-check\" style=\"font-size:32px;color:#07fe10\"><\/i> Farbrichtige Digitalisierung<\/div><div class=\"su-service-content su-u-clearfix su-u-trim\" style=\"padding-left:46px\">Die fotografische Profilierung des Erfassungsprozesses erm\u00f6glicht eine farbrichtige Digitalisierung des originalen Artekaften \u00fcber alle Prozessschritte hinweg. So bleiben die Farben auch bei der weiteren Bearbeitung der Dokumente erhalten und ergeben wichtige Analysedaten.<\/div><\/div>\n<div class=\"su-service\"><div class=\"su-service-title\" style=\"padding-left:46px;min-height:32px;line-height:32px\"><i class=\"sui sui-check\" style=\"font-size:32px;color:#07fe10\"><\/i> Hochaufl\u00f6sende Bilddateien<\/div><div class=\"su-service-content su-u-clearfix su-u-trim\" style=\"padding-left:46px\">Je nach Anforderung des Auftraggebers werden die fotografischen Ger\u00e4te ausgew\u00e4hlt. In jedem Fall kommen hochaufl\u00f6sende Digitalkameras zum Einsatz. Die Bilddaten sind die Grundlage f\u00fcr eine sp\u00e4ter folgende Verwendung der Bilder in Publikationen aller Art.<\/div><\/div>\n<div class=\"su-service\"><div class=\"su-service-title\" style=\"padding-left:46px;min-height:32px;line-height:32px\"><i class=\"sui sui-check\" style=\"font-size:32px;color:#07fe10\"><\/i> Projektmanagement im Archivraum<\/div><div class=\"su-service-content su-u-clearfix su-u-trim\" style=\"padding-left:46px\">Die Digitalisierungs-Projekte sind manchmal dynamisch und ver\u00e4ndern sich st\u00e4ndig. Das Projekt wird mitlaufend der Arbeitsergebnissen und neuen Erkenntnissen und Anforderungen angepasst. der Auftraggeber und alle beteiligte haben so stets einen akkuraten \u00dcberblick \u00fcber die Arbeitsfortschritte im Projekt.<\/div><\/div>\n<div class=\"su-service\"><div class=\"su-service-title\" style=\"padding-left:46px;min-height:32px;line-height:32px\"><i class=\"sui sui-check\" style=\"font-size:32px;color:#07fe10\"><\/i> Bildnachbearbeitung Stufe 1<\/div><div class=\"su-service-content su-u-clearfix su-u-trim\" style=\"padding-left:46px\">Nach der Digitalisierung werden die Bilddaten in einer Stufe 1 bearbeitet, diese dient noch nicht der endg\u00fcltigen Druckfreigabe, sondern der Analyse durch den Auftraggeber. Eine Bearbeitung Stufe 2 zur Verwendungsfreigabe muss noch erfolgen.<\/div><\/div>\n<div class=\"su-service\"><div class=\"su-service-title\" style=\"padding-left:46px;min-height:32px;line-height:32px\"><i class=\"sui sui-check\" style=\"font-size:32px;color:#07fe10\"><\/i> Verschlagwortung der Bilder<\/div><div class=\"su-service-content su-u-clearfix su-u-trim\" style=\"padding-left:46px\">Auf Wunsch des Auftraggebers verschlagworten wir die erfassten Digitalbilder mit den analysierten Archivdaten und den daten des Artefakts f\u00fcr einen konsistenten Such-Algorithmus in gr\u00f6\u00dferen Digitalisierungs-Projekten<\/div><\/div>\n<div class=\"su-service\"><div class=\"su-service-title\" style=\"padding-left:46px;min-height:32px;line-height:32px\"><i class=\"sui sui-check\" style=\"font-size:32px;color:#07fe10\"><\/i> Bildnachbearbeitung Stufe 2<\/div><div class=\"su-service-content su-u-clearfix su-u-trim\" style=\"padding-left:46px\">In der Bearbeitung Stufe 2 wird eine Auswahl an Bildern f\u00fcr die Verwendungsfreigabe vorbereitet und endg\u00fcltig auf den h\u00f6chsten Stand der Bildbearbeitung gebracht.<\/div><\/div>\n<div class=\"su-service\"><div class=\"su-service-title\" style=\"padding-left:46px;min-height:32px;line-height:32px\"><i class=\"sui sui-check\" style=\"font-size:32px;color:#07fe10\"><\/i> Verwendungsfreigabe und Auslieferung an Kunde<\/div><div class=\"su-service-content su-u-clearfix su-u-trim\" style=\"padding-left:46px\">Wir unterst\u00fctzen den Auftraggeber in der Durchf\u00fchrung der Verwendungsfreigabe im Projekt, dies ist die Voraussetzung f\u00fcr eine Weiterverarbeitung in der Grafik und der Produktion in Druck und Layout. Ohne Verwendungsfreigabe kein Druck. Die freigegebenen Dateien werden in der vereinbarten Aufl\u00f6sung und Format an den Auftraggeber ausgeliefert und gleichzeitig bei DELTA IMAGE \u00fcber einen vereinbarten Zeitraum archiviert.<\/div><\/div>\n<\/div><\/div> <\/div>\n","protected":false},"excerpt":{"rendered":"<p>Weltweit sind die meisten Dokumente \u00fcber hunderte Jahre der Zeitzeugen der Geschichte noch in\u00a0analoger Form\u00a0in\u00a0Archiven\u00a0gelagert. F\u00fcr anspruchsvolle Projekte f\u00fcr die Kommunikation \u00fcber B\u00fccher, Fachartikel, digitale Beitr\u00e4ge und \u00e4hnliches, mit Menschen [&hellip;]<\/p>\n","protected":false},"author":1,"featured_media":13707,"comment_status":"open","ping_status":"closed","template":"","format":"standard","meta":{"wpupg_custom_link":[],"wpupg_custom_link_behaviour":[],"wpupg_custom_link_nofollow":[],"wpupg_custom_image":[],"wpupg_custom_image_id":[],"jetpack_post_was_ever_published":false,"footnotes":""},"jetpack-portfolio-type":[3889],"jetpack-portfolio-tag":[3892,1733,3893],"class_list":["post-45433","jetpack-portfolio","type-jetpack-portfolio","status-publish","format-standard","has-post-thumbnail","hentry","jetpack-portfolio-type-foto-technik","jetpack-portfolio-tag-archiv-fotografie","jetpack-portfolio-tag-digitalisierung","jetpack-portfolio-tag-repro-fotografie"],"jetpack-related-posts":[{"id":44856,"url":"https:\/\/deltaimage.de\/wp\/?portfolio=archiv-fotografie","url_meta":{"origin":45433,"position":0},"title":"Archiv-Fotografie","author":"EschbacP","date":"18. September 2024","format":false,"excerpt":"Weltweit sind die meisten Dokumente \u00fcber hunderte Jahre der Zeitzeugen der Geschichte noch in analoger Form in Archiven gelagert. F\u00fcr anspruchsvolle Projekte f\u00fcr die Kommunikation \u00fcber B\u00fccher, Fachartikel, digitale Beitr\u00e4ge und \u00e4hnliches, mit Menschen werden diese Dokumente in digital verwertbarer Form ben\u00f6tigt. Die Br\u00fccke zwischen der analogen Ausgangsform und der\u2026","rel":"","context":"\u00c4hnlicher Beitrag","block_context":{"text":"\u00c4hnlicher Beitrag","link":""},"img":{"alt_text":"","src":"https:\/\/i0.wp.com\/deltaimage.de\/wp\/wp-content\/uploads\/Angebot_Archiv_Fotografie.jpg?fit=1200%2C447&ssl=1&resize=350%2C200","width":350,"height":200,"srcset":"https:\/\/i0.wp.com\/deltaimage.de\/wp\/wp-content\/uploads\/Angebot_Archiv_Fotografie.jpg?fit=1200%2C447&ssl=1&resize=350%2C200 1x, https:\/\/i0.wp.com\/deltaimage.de\/wp\/wp-content\/uploads\/Angebot_Archiv_Fotografie.jpg?fit=1200%2C447&ssl=1&resize=525%2C300 1.5x, https:\/\/i0.wp.com\/deltaimage.de\/wp\/wp-content\/uploads\/Angebot_Archiv_Fotografie.jpg?fit=1200%2C447&ssl=1&resize=700%2C400 2x, https:\/\/i0.wp.com\/deltaimage.de\/wp\/wp-content\/uploads\/Angebot_Archiv_Fotografie.jpg?fit=1200%2C447&ssl=1&resize=1050%2C600 3x"},"classes":[]},{"id":13643,"url":"https:\/\/deltaimage.de\/wp\/?portfolio=paul-eschbach-fotobildband-projektdokumentation-tz-puls-ueber-24-monate","url_meta":{"origin":45433,"position":1},"title":"Paul Eschbach &#8211; Fotobildband Projektdokumentation TZ PULS \u00fcber 24 Monate","author":"EschbacP","date":"13. November 2017","format":false,"excerpt":"Aus dem vielen Bildmaterial \u00fcber 24 Monate ist in enger Zusammenarbeit mit der Stadt Dingolfing, der Hochschule Landshut und SAR Electronic eine umfassende Projektdokumentation der Baugeschichte \u00fcber 24 Monate entstanden. Fotobuch im Echtfotodruck, bedeutet Auflage ab 1 St\u00fcck \u2013 ohne Vorproduktion. Wer bestellt bekommt ein Buch zugesendet. Das kann auch\u2026","rel":"","context":"\u00c4hnlicher Beitrag","block_context":{"text":"\u00c4hnlicher Beitrag","link":""},"img":{"alt_text":"","src":"https:\/\/i0.wp.com\/deltaimage.de\/wp\/wp-content\/uploads\/Fotobuch_TZ_PuLS.jpg?fit=871%2C616&ssl=1&resize=350%2C200","width":350,"height":200,"srcset":"https:\/\/i0.wp.com\/deltaimage.de\/wp\/wp-content\/uploads\/Fotobuch_TZ_PuLS.jpg?fit=871%2C616&ssl=1&resize=350%2C200 1x, https:\/\/i0.wp.com\/deltaimage.de\/wp\/wp-content\/uploads\/Fotobuch_TZ_PuLS.jpg?fit=871%2C616&ssl=1&resize=525%2C300 1.5x, https:\/\/i0.wp.com\/deltaimage.de\/wp\/wp-content\/uploads\/Fotobuch_TZ_PuLS.jpg?fit=871%2C616&ssl=1&resize=700%2C400 2x"},"classes":[]},{"id":36711,"url":"https:\/\/deltaimage.de\/wp\/?portfolio=grundlagen-der-digitalfotografie","url_meta":{"origin":45433,"position":2},"title":"Grundlagen der Fotografie &#8211; eLearning Kurs","author":"EschbacP","date":"15. September 2022","format":false,"excerpt":"Fotokurs \u201eGrundlagen der Fotografie\u201c Die Grundlagen der Fotografie f\u00e4ngt ganz vorne an und ist ganz speziell f\u00fcr alle\u00a0EinsteigerInnen\u00a0und\u00a0AufsteigerInnen\u00a0von der Fotografie auf Knopfdruck gestaltet. Sie k\u00f6nnen Ihre digitale Kamera einschalten und Bilder anzeigen. Wunderbar - mehr m\u00fcssen Sie auch nicht wissen. Die Bedienungsanleitung Ihrer digitalen Kamera ist f\u00fcr Sie keine Hilfe,\u2026","rel":"","context":"\u00c4hnlicher Beitrag","block_context":{"text":"\u00c4hnlicher Beitrag","link":""},"img":{"alt_text":"","src":"https:\/\/i0.wp.com\/deltaimage.de\/wp\/wp-content\/uploads\/Banner_Grundlage_1200.jpg?fit=1200%2C493&ssl=1&resize=350%2C200","width":350,"height":200,"srcset":"https:\/\/i0.wp.com\/deltaimage.de\/wp\/wp-content\/uploads\/Banner_Grundlage_1200.jpg?fit=1200%2C493&ssl=1&resize=350%2C200 1x, https:\/\/i0.wp.com\/deltaimage.de\/wp\/wp-content\/uploads\/Banner_Grundlage_1200.jpg?fit=1200%2C493&ssl=1&resize=525%2C300 1.5x, https:\/\/i0.wp.com\/deltaimage.de\/wp\/wp-content\/uploads\/Banner_Grundlage_1200.jpg?fit=1200%2C493&ssl=1&resize=700%2C400 2x, https:\/\/i0.wp.com\/deltaimage.de\/wp\/wp-content\/uploads\/Banner_Grundlage_1200.jpg?fit=1200%2C493&ssl=1&resize=1050%2C600 3x"},"classes":[]},{"id":38393,"url":"https:\/\/deltaimage.de\/wp\/?portfolio=grundlagen-der-fotografie-praesenz-kurs","url_meta":{"origin":45433,"position":3},"title":"Grundlagen der Fotografie &#8211; Pr\u00e4senz-Kurs","author":"EschbacP","date":"31. Dezember 2022","format":false,"excerpt":"Fotokurs \u201eGrundlagen der Fotografie\u201c Die Grundlagen der Fotografie f\u00e4ngt ganz vorne an und ist ganz speziell f\u00fcr alle\u00a0EinsteigerInnen\u00a0und\u00a0AufsteigerInnen\u00a0von der Fotografie auf Knopfdruck gestaltet. Sie k\u00f6nnen Ihre digitale Kamera einschalten und Bilder anzeigen. Wunderbar - mehr m\u00fcssen Sie auch nicht wissen. Die Bedienungsanleitung Ihrer digitalen Kamera ist f\u00fcr Sie keine Hilfe,\u2026","rel":"","context":"\u00c4hnlicher Beitrag","block_context":{"text":"\u00c4hnlicher Beitrag","link":""},"img":{"alt_text":"","src":"https:\/\/i0.wp.com\/deltaimage.de\/wp\/wp-content\/uploads\/Banner_Grundlage_1200.jpg?fit=1200%2C493&ssl=1&resize=350%2C200","width":350,"height":200,"srcset":"https:\/\/i0.wp.com\/deltaimage.de\/wp\/wp-content\/uploads\/Banner_Grundlage_1200.jpg?fit=1200%2C493&ssl=1&resize=350%2C200 1x, https:\/\/i0.wp.com\/deltaimage.de\/wp\/wp-content\/uploads\/Banner_Grundlage_1200.jpg?fit=1200%2C493&ssl=1&resize=525%2C300 1.5x, https:\/\/i0.wp.com\/deltaimage.de\/wp\/wp-content\/uploads\/Banner_Grundlage_1200.jpg?fit=1200%2C493&ssl=1&resize=700%2C400 2x, https:\/\/i0.wp.com\/deltaimage.de\/wp\/wp-content\/uploads\/Banner_Grundlage_1200.jpg?fit=1200%2C493&ssl=1&resize=1050%2C600 3x"},"classes":[]},{"id":45432,"url":"https:\/\/deltaimage.de\/wp\/?portfolio=markro-fotografie","url_meta":{"origin":45433,"position":4},"title":"Markro-Fotografie","author":"EschbacP","date":"30. September 2024","format":false,"excerpt":"Die Welt in den kleinen Details ist die fotografische Welt der Makro-Fotografie, um diese kleinen Details f\u00fcr die BetrachterIn eines Bildes sichtbar machen zu k\u00f6nnen. Die Fotografie in den immer kleiner werdenden Abst\u00e4nden und immer gr\u00f6\u00dfer werdenden Abbildungsma\u00dfst\u00e4ben verl\u00e4sst die gewohnten Gesetzm\u00e4\u00dfigkeiten und wird meist mit speziell daf\u00fcr optimierten Objektiven\u2026","rel":"","context":"\u00c4hnlicher Beitrag","block_context":{"text":"\u00c4hnlicher Beitrag","link":""},"img":{"alt_text":"","src":"https:\/\/i0.wp.com\/deltaimage.de\/wp\/wp-content\/uploads\/IMG_1032_1200.jpg?fit=1200%2C450&ssl=1&resize=350%2C200","width":350,"height":200,"srcset":"https:\/\/i0.wp.com\/deltaimage.de\/wp\/wp-content\/uploads\/IMG_1032_1200.jpg?fit=1200%2C450&ssl=1&resize=350%2C200 1x, https:\/\/i0.wp.com\/deltaimage.de\/wp\/wp-content\/uploads\/IMG_1032_1200.jpg?fit=1200%2C450&ssl=1&resize=525%2C300 1.5x, https:\/\/i0.wp.com\/deltaimage.de\/wp\/wp-content\/uploads\/IMG_1032_1200.jpg?fit=1200%2C450&ssl=1&resize=700%2C400 2x, https:\/\/i0.wp.com\/deltaimage.de\/wp\/wp-content\/uploads\/IMG_1032_1200.jpg?fit=1200%2C450&ssl=1&resize=1050%2C600 3x"},"classes":[]},{"id":14678,"url":"https:\/\/deltaimage.de\/wp\/?portfolio=fotografie-blitz-11-2017-dachau","url_meta":{"origin":45433,"position":5},"title":"Blitzlicht Fotografie","author":"EschbacP","date":"1. Juni 2017","format":false,"excerpt":"Gestalten Sie mit Blitzlicht Ihre Fotos Blitzlicht erweitert die fotografischen M\u00f6glichkeiten bei Tag und bei Nacht. Die dunkle Jahreszeit ist f\u00fcr das Blitzlicht ideal. Lernen Sie von unseren Instruktoren das Blitzger\u00e4t richtig und kreativ einzusetzen - Ihre Fotos werden gerade in der Weihnachtszeit eine v\u00f6llig neue Bildsprache entwickeln. Das Blitzger\u00e4t\u2026","rel":"","context":"\u00c4hnlicher Beitrag","block_context":{"text":"\u00c4hnlicher Beitrag","link":""},"img":{"alt_text":"","src":"https:\/\/i0.wp.com\/deltaimage.de\/wp\/wp-content\/uploads\/Banner_Blitz_1200.jpg?fit=1200%2C488&ssl=1&resize=350%2C200","width":350,"height":200,"srcset":"https:\/\/i0.wp.com\/deltaimage.de\/wp\/wp-content\/uploads\/Banner_Blitz_1200.jpg?fit=1200%2C488&ssl=1&resize=350%2C200 1x, https:\/\/i0.wp.com\/deltaimage.de\/wp\/wp-content\/uploads\/Banner_Blitz_1200.jpg?fit=1200%2C488&ssl=1&resize=525%2C300 1.5x, https:\/\/i0.wp.com\/deltaimage.de\/wp\/wp-content\/uploads\/Banner_Blitz_1200.jpg?fit=1200%2C488&ssl=1&resize=700%2C400 2x, https:\/\/i0.wp.com\/deltaimage.de\/wp\/wp-content\/uploads\/Banner_Blitz_1200.jpg?fit=1200%2C488&ssl=1&resize=1050%2C600 3x"},"classes":[]}],"jetpack_sharing_enabled":true,"_links":{"self":[{"href":"https:\/\/deltaimage.de\/wp\/index.php?rest_route=\/wp\/v2\/jetpack-portfolio\/45433","targetHints":{"allow":["GET"]}}],"collection":[{"href":"https:\/\/deltaimage.de\/wp\/index.php?rest_route=\/wp\/v2\/jetpack-portfolio"}],"about":[{"href":"https:\/\/deltaimage.de\/wp\/index.php?rest_route=\/wp\/v2\/types\/jetpack-portfolio"}],"author":[{"embeddable":true,"href":"https:\/\/deltaimage.de\/wp\/index.php?rest_route=\/wp\/v2\/users\/1"}],"replies":[{"embeddable":true,"href":"https:\/\/deltaimage.de\/wp\/index.php?rest_route=%2Fwp%2Fv2%2Fcomments&post=45433"}],"version-history":[{"count":6,"href":"https:\/\/deltaimage.de\/wp\/index.php?rest_route=\/wp\/v2\/jetpack-portfolio\/45433\/revisions"}],"predecessor-version":[{"id":45810,"href":"https:\/\/deltaimage.de\/wp\/index.php?rest_route=\/wp\/v2\/jetpack-portfolio\/45433\/revisions\/45810"}],"wp:featuredmedia":[{"embeddable":true,"href":"https:\/\/deltaimage.de\/wp\/index.php?rest_route=\/wp\/v2\/media\/13707"}],"wp:attachment":[{"href":"https:\/\/deltaimage.de\/wp\/index.php?rest_route=%2Fwp%2Fv2%2Fmedia&parent=45433"}],"wp:term":[{"taxonomy":"jetpack-portfolio-type","embeddable":true,"href":"https:\/\/deltaimage.de\/wp\/index.php?rest_route=%2Fwp%2Fv2%2Fjetpack-portfolio-type&post=45433"},{"taxonomy":"jetpack-portfolio-tag","embeddable":true,"href":"https:\/\/deltaimage.de\/wp\/index.php?rest_route=%2Fwp%2Fv2%2Fjetpack-portfolio-tag&post=45433"}],"curies":[{"name":"wp","href":"https:\/\/api.w.org\/{rel}","templated":true}]}}