{"id":47255,"date":"2025-01-04T16:53:54","date_gmt":"2025-01-04T15:53:54","guid":{"rendered":"https:\/\/deltaimage.de\/wp\/?post_type=jetpack-portfolio&#038;p=47255"},"modified":"2025-01-12T15:23:40","modified_gmt":"2025-01-12T14:23:40","slug":"bund-naturschutz-in-bayern-e-v-kreisgruppe-dachau","status":"publish","type":"jetpack-portfolio","link":"https:\/\/deltaimage.de\/wp\/?portfolio=bund-naturschutz-in-bayern-e-v-kreisgruppe-dachau","title":{"rendered":"Veranstalter: BUND Naturschutz in Bayern e. V. &#8211; Kreisgruppe Dachau"},"content":{"rendered":"<p>Die Kreisgruppe Dachau gibt es seit 1975 und organisiert die Aktivit\u00e4ten im Landkreis Dachau mit der Kreisgruppe und den Ortsgruppen in Altom\u00fcnster-Erdweg, Bergkirchen, Dachau, Haimhausen, Hebertshausen, Karlsfeld, Markt Indersdorf, Odelzhausen \/ Pfaffenhofen \/ Sulzemoos, Petershausen, R\u00f6hrmoos, Schwabhausen, Vierkirchen und Weichs. Der Kreisverband hat \u00fcber 5.000 Mitglieder, die sich durch Ihre Mitgliedschaft aktiv f\u00fcr die Erhaltung unserer Heimat einsetzen. https:\/\/dachau.bund-naturschutz.de<\/p>\n<p>&nbsp;<\/p>\n<h3>Kontaktdaten<\/h3>\n<p>&nbsp;<\/p>\n<h3>Standort der Gesch\u00e4ftsstelle<\/h3>\n<div class=\"su-gmap su-u-responsive-media-yes\"><iframe loading=\"lazy\" width=\"600\" height=\"400\" src=\"\/\/maps.google.com\/maps?q=BUND%20Naturschutz%20in%20Bayern%20e.%20V.%20-%20Kreisgruppe%20Dachau%2C%20Martin-Huber-Stra%C3%9Fe%2020%2085221%20Dachau&amp;output=embed\" title=\"Dachauer Wasserturm\"><\/iframe><\/div>\n<p>&nbsp;<\/p>\n","protected":false},"excerpt":{"rendered":"<p>Die Kreisgruppe Dachau gibt es seit 1975 und organisiert die Aktivit\u00e4ten im Landkreis Dachau mit der Kreisgruppe und den Ortsgruppen in Altom\u00fcnster-Erdweg, Bergkirchen, Dachau, Haimhausen, Hebertshausen, Karlsfeld, Markt Indersdorf, Odelzhausen [&hellip;]<\/p>\n","protected":false},"author":1,"featured_media":44225,"comment_status":"open","ping_status":"closed","template":"","format":"standard","meta":{"wpupg_custom_link":[],"wpupg_custom_link_behaviour":[],"wpupg_custom_link_nofollow":[],"wpupg_custom_image":[],"wpupg_custom_image_id":[],"jetpack_post_was_ever_published":false,"footnotes":""},"jetpack-portfolio-type":[4063],"jetpack-portfolio-tag":[],"class_list":["post-47255","jetpack-portfolio","type-jetpack-portfolio","status-publish","format-standard","has-post-thumbnail","hentry","jetpack-portfolio-type-veranstalter"],"jetpack-related-posts":[{"id":47218,"url":"https:\/\/deltaimage.de\/wp\/?portfolio=dachauer-wasserturm-vernissage-50-jahre-bund-naturschutz-kreisgruppe-dachau-1975-2025","url_meta":{"origin":47255,"position":0},"title":"Vernissage im Wasserturm: 50 Jahre BUND Naturschutz &#8211; Kreisgruppe Dachau mit Fotoausstellung: Paul Eschbach am 21.3.2025","author":"EschbacP","date":"4. Januar 2025","format":false,"excerpt":"Vernissage und Ausstellungser\u00f6ffnung im Dachauer Wasserturm Natur- und Moosschutz im Dachauer Moos 50 Jahre BUND Naturschutz in Bayern e. V. - Kreisgruppe Dachau; Fest- & Fotoausstellung von Paul Eschbach im Dachauer Wasserturm Ort: Dachauer Wasserturm e. V. Schlossstra\u00dfe 7A, 85221 Dachau Datum: Freitag 21. M\u00e4rz 2025 18.00 - 20:00 Uhr\u2026","rel":"","context":"\u00c4hnlicher Beitrag","block_context":{"text":"\u00c4hnlicher Beitrag","link":""},"img":{"alt_text":"","src":"https:\/\/i0.wp.com\/deltaimage.de\/wp\/wp-content\/uploads\/Plakat_Vernissage_V3_1200-450.jpg?fit=1200%2C445&ssl=1&resize=350%2C200","width":350,"height":200,"srcset":"https:\/\/i0.wp.com\/deltaimage.de\/wp\/wp-content\/uploads\/Plakat_Vernissage_V3_1200-450.jpg?fit=1200%2C445&ssl=1&resize=350%2C200 1x, https:\/\/i0.wp.com\/deltaimage.de\/wp\/wp-content\/uploads\/Plakat_Vernissage_V3_1200-450.jpg?fit=1200%2C445&ssl=1&resize=525%2C300 1.5x, https:\/\/i0.wp.com\/deltaimage.de\/wp\/wp-content\/uploads\/Plakat_Vernissage_V3_1200-450.jpg?fit=1200%2C445&ssl=1&resize=700%2C400 2x, https:\/\/i0.wp.com\/deltaimage.de\/wp\/wp-content\/uploads\/Plakat_Vernissage_V3_1200-450.jpg?fit=1200%2C445&ssl=1&resize=1050%2C600 3x"},"classes":[]},{"id":47684,"url":"https:\/\/deltaimage.de\/wp\/?portfolio=themenvortrag-elisabeth-goepfert-was-ist-das-moos-4-4-2025","url_meta":{"origin":47255,"position":1},"title":"Themenvortrag Elisabeth G\u00f6pfert: Was ist eigentlich das Moos ? Niedermoore im Dachauer Land &#8211; 4.4.2025","author":"EschbacP","date":"3. Januar 2025","format":false,"excerpt":"Themenvortrag Elisabeth G\u00f6pfert: Was ist das Moos? - 4.4.202 \u00a0 Im Rahmen der Fest- und Fotoausstellung: Natur- und Moosschutz im Dachauer Moos -\u00a050 Jahre BN Kreisgruppe Dachau \u00a0 im Dachauer Wasserturm findet im 3. Stock auf der Veranstaltungsb\u00fchne ein Themenvortrag statt. \u00a0 Elisabeth G\u00f6pfert: Was ist eigentlich das Moos? Niedermoore\u2026","rel":"","context":"\u00c4hnlicher Beitrag","block_context":{"text":"\u00c4hnlicher Beitrag","link":""},"img":{"alt_text":"","src":"https:\/\/i0.wp.com\/deltaimage.de\/wp\/wp-content\/uploads\/Plakat_Wasserturm_Goepfert.jpg?fit=1200%2C448&ssl=1&resize=350%2C200","width":350,"height":200,"srcset":"https:\/\/i0.wp.com\/deltaimage.de\/wp\/wp-content\/uploads\/Plakat_Wasserturm_Goepfert.jpg?fit=1200%2C448&ssl=1&resize=350%2C200 1x, https:\/\/i0.wp.com\/deltaimage.de\/wp\/wp-content\/uploads\/Plakat_Wasserturm_Goepfert.jpg?fit=1200%2C448&ssl=1&resize=525%2C300 1.5x, https:\/\/i0.wp.com\/deltaimage.de\/wp\/wp-content\/uploads\/Plakat_Wasserturm_Goepfert.jpg?fit=1200%2C448&ssl=1&resize=700%2C400 2x, https:\/\/i0.wp.com\/deltaimage.de\/wp\/wp-content\/uploads\/Plakat_Wasserturm_Goepfert.jpg?fit=1200%2C448&ssl=1&resize=1050%2C600 3x"},"classes":[]},{"id":47686,"url":"https:\/\/deltaimage.de\/wp\/?portfolio=themenvortrag-dr-roderich-zauscher-moosschutz-11-4-2025","url_meta":{"origin":47255,"position":2},"title":"Themenvortrag Dr. Roderich Zauscher: Moosschutz &#8211; 11.4.2025","author":"EschbacP","date":"3. Januar 2025","format":false,"excerpt":"Im Rahmen der Fest- und Fotoausstellung: Natur- und Moosschutz im Dachauer Moos -\u00a050 Jahre BN Kreisgruppe Dachau im Dachauer Wasserturm findet im 3. Stock auf der Veranstaltungsb\u00fchne ein Themenvortrag statt. \u00a0 Dr. Roderich Zauscher aus Odelzhausen Moosschutz im Dachauer Moos \u00a0 \u00a0","rel":"","context":"\u00c4hnlicher Beitrag","block_context":{"text":"\u00c4hnlicher Beitrag","link":""},"img":{"alt_text":"","src":"https:\/\/i0.wp.com\/deltaimage.de\/wp\/wp-content\/uploads\/Plakat_Wasserturm_Zauscher_2.jpg?fit=1200%2C448&ssl=1&resize=350%2C200","width":350,"height":200,"srcset":"https:\/\/i0.wp.com\/deltaimage.de\/wp\/wp-content\/uploads\/Plakat_Wasserturm_Zauscher_2.jpg?fit=1200%2C448&ssl=1&resize=350%2C200 1x, https:\/\/i0.wp.com\/deltaimage.de\/wp\/wp-content\/uploads\/Plakat_Wasserturm_Zauscher_2.jpg?fit=1200%2C448&ssl=1&resize=525%2C300 1.5x, https:\/\/i0.wp.com\/deltaimage.de\/wp\/wp-content\/uploads\/Plakat_Wasserturm_Zauscher_2.jpg?fit=1200%2C448&ssl=1&resize=700%2C400 2x, https:\/\/i0.wp.com\/deltaimage.de\/wp\/wp-content\/uploads\/Plakat_Wasserturm_Zauscher_2.jpg?fit=1200%2C448&ssl=1&resize=1050%2C600 3x"},"classes":[]},{"id":47682,"url":"https:\/\/deltaimage.de\/wp\/?portfolio=themenvortrag-heinz-gibowsky-28-3-2025","url_meta":{"origin":47255,"position":3},"title":"Themenvortrag Heinz Gibowsky: Landschaftspflege im Niedermoor (Moos) &#8211; 28.3.2025","author":"EschbacP","date":"3. Januar 2025","format":false,"excerpt":"Im Rahmen der Fest- und Fotoausstellung: Natur- und Moosschutz im Dachauer Moos -\u00a050 Jahre BN Kreisgruppe Dachau \u00a0 im Dachauer Wasserturm findet im 3. Stock auf der Veranstaltungsb\u00fchne ein Themenvortrag statt. \u00a0 Heinz Gibowsky: Landschaftspflege im Niedermoor (Moos)","rel":"","context":"\u00c4hnlicher Beitrag","block_context":{"text":"\u00c4hnlicher Beitrag","link":""},"img":{"alt_text":"","src":"https:\/\/i0.wp.com\/deltaimage.de\/wp\/wp-content\/uploads\/Plakat_Wasserturm_Gibowsky.jpg?fit=1200%2C447&ssl=1&resize=350%2C200","width":350,"height":200,"srcset":"https:\/\/i0.wp.com\/deltaimage.de\/wp\/wp-content\/uploads\/Plakat_Wasserturm_Gibowsky.jpg?fit=1200%2C447&ssl=1&resize=350%2C200 1x, https:\/\/i0.wp.com\/deltaimage.de\/wp\/wp-content\/uploads\/Plakat_Wasserturm_Gibowsky.jpg?fit=1200%2C447&ssl=1&resize=525%2C300 1.5x, https:\/\/i0.wp.com\/deltaimage.de\/wp\/wp-content\/uploads\/Plakat_Wasserturm_Gibowsky.jpg?fit=1200%2C447&ssl=1&resize=700%2C400 2x, https:\/\/i0.wp.com\/deltaimage.de\/wp\/wp-content\/uploads\/Plakat_Wasserturm_Gibowsky.jpg?fit=1200%2C447&ssl=1&resize=1050%2C600 3x"},"classes":[]},{"id":47214,"url":"https:\/\/deltaimage.de\/wp\/?portfolio=dachauer-wasserturm-natur-und-moosschutz-im-dachauer-moos-50-jahre-bund-naturschutz-in-dachau","url_meta":{"origin":47255,"position":4},"title":"Dachauer Wasserturm: Natur- und Moosschutz im Dachauer Moos &#8211; 50 Jahre BUND Naturschutz in Dachau mit Fotoausstellung: Paul Eschbach: 21.3.-21.4.2025","author":"EschbacP","date":"4. Januar 2025","format":false,"excerpt":"Die Kreisgruppe Dachau des BUND Naturschutz in Bayern e. V. feiert im Jahr 2025 das 50-j\u00e4hrige Bestehen 1975 - 2025. \"50 Jahre Natur- und Moosschutz im Dachauer Moos\" In diesem Zeitraum von 50 Jahren haben die 150 Gr\u00fcndung-Mitglieder in der Zwischenzeit eine Kreisgruppe mit 12 Ortsgruppen und 5.000 Mitgliedern aufgebaut.\u2026","rel":"","context":"\u00c4hnlicher Beitrag","block_context":{"text":"\u00c4hnlicher Beitrag","link":""},"img":{"alt_text":"","src":"https:\/\/i0.wp.com\/deltaimage.de\/wp\/wp-content\/uploads\/Plakat_Wasserturm_V3_1200-450.jpg?fit=1200%2C446&ssl=1&resize=350%2C200","width":350,"height":200,"srcset":"https:\/\/i0.wp.com\/deltaimage.de\/wp\/wp-content\/uploads\/Plakat_Wasserturm_V3_1200-450.jpg?fit=1200%2C446&ssl=1&resize=350%2C200 1x, https:\/\/i0.wp.com\/deltaimage.de\/wp\/wp-content\/uploads\/Plakat_Wasserturm_V3_1200-450.jpg?fit=1200%2C446&ssl=1&resize=525%2C300 1.5x, https:\/\/i0.wp.com\/deltaimage.de\/wp\/wp-content\/uploads\/Plakat_Wasserturm_V3_1200-450.jpg?fit=1200%2C446&ssl=1&resize=700%2C400 2x, https:\/\/i0.wp.com\/deltaimage.de\/wp\/wp-content\/uploads\/Plakat_Wasserturm_V3_1200-450.jpg?fit=1200%2C446&ssl=1&resize=1050%2C600 3x"},"classes":[]},{"id":48085,"url":"https:\/\/deltaimage.de\/wp\/?portfolio=themenvortrag-lydia-thiel-100-jahre-regulierung-der-glonn-13-4-2025","url_meta":{"origin":47255,"position":5},"title":"Themenvortrag Lydia Thiel: 100 Jahre Regulierung der Glonn &#8211; 13.4.2025","author":"EschbacP","date":"3. November 2024","format":false,"excerpt":"Im Rahmen der Fest- und Fotoausstellung: Natur- und Moosschutz im Dachauer Moos -\u00a050 Jahre BN Kreisgruppe Dachau im Dachauer Wasserturm findet im 4. Stock auf der Veranstaltungsb\u00fchne ein Themenvortrag statt. \u00a0 Lydia Thiel aus Petershausen 100 Jahre Regulierung der Glonn: 1925 - 2025 \u00a0 Das Buch ist bei shop.deltaimage.de erschienen\u2026","rel":"","context":"\u00c4hnlicher Beitrag","block_context":{"text":"\u00c4hnlicher Beitrag","link":""},"img":{"alt_text":"","src":"https:\/\/i0.wp.com\/deltaimage.de\/wp\/wp-content\/uploads\/Plakat_Wasserturm_Thiel.jpg?fit=1200%2C449&ssl=1&resize=350%2C200","width":350,"height":200,"srcset":"https:\/\/i0.wp.com\/deltaimage.de\/wp\/wp-content\/uploads\/Plakat_Wasserturm_Thiel.jpg?fit=1200%2C449&ssl=1&resize=350%2C200 1x, https:\/\/i0.wp.com\/deltaimage.de\/wp\/wp-content\/uploads\/Plakat_Wasserturm_Thiel.jpg?fit=1200%2C449&ssl=1&resize=525%2C300 1.5x, https:\/\/i0.wp.com\/deltaimage.de\/wp\/wp-content\/uploads\/Plakat_Wasserturm_Thiel.jpg?fit=1200%2C449&ssl=1&resize=700%2C400 2x, https:\/\/i0.wp.com\/deltaimage.de\/wp\/wp-content\/uploads\/Plakat_Wasserturm_Thiel.jpg?fit=1200%2C449&ssl=1&resize=1050%2C600 3x"},"classes":[]}],"jetpack_sharing_enabled":true,"_links":{"self":[{"href":"https:\/\/deltaimage.de\/wp\/index.php?rest_route=\/wp\/v2\/jetpack-portfolio\/47255","targetHints":{"allow":["GET"]}}],"collection":[{"href":"https:\/\/deltaimage.de\/wp\/index.php?rest_route=\/wp\/v2\/jetpack-portfolio"}],"about":[{"href":"https:\/\/deltaimage.de\/wp\/index.php?rest_route=\/wp\/v2\/types\/jetpack-portfolio"}],"author":[{"embeddable":true,"href":"https:\/\/deltaimage.de\/wp\/index.php?rest_route=\/wp\/v2\/users\/1"}],"replies":[{"embeddable":true,"href":"https:\/\/deltaimage.de\/wp\/index.php?rest_route=%2Fwp%2Fv2%2Fcomments&post=47255"}],"version-history":[{"count":2,"href":"https:\/\/deltaimage.de\/wp\/index.php?rest_route=\/wp\/v2\/jetpack-portfolio\/47255\/revisions"}],"predecessor-version":[{"id":47470,"href":"https:\/\/deltaimage.de\/wp\/index.php?rest_route=\/wp\/v2\/jetpack-portfolio\/47255\/revisions\/47470"}],"wp:featuredmedia":[{"embeddable":true,"href":"https:\/\/deltaimage.de\/wp\/index.php?rest_route=\/wp\/v2\/media\/44225"}],"wp:attachment":[{"href":"https:\/\/deltaimage.de\/wp\/index.php?rest_route=%2Fwp%2Fv2%2Fmedia&parent=47255"}],"wp:term":[{"taxonomy":"jetpack-portfolio-type","embeddable":true,"href":"https:\/\/deltaimage.de\/wp\/index.php?rest_route=%2Fwp%2Fv2%2Fjetpack-portfolio-type&post=47255"},{"taxonomy":"jetpack-portfolio-tag","embeddable":true,"href":"https:\/\/deltaimage.de\/wp\/index.php?rest_route=%2Fwp%2Fv2%2Fjetpack-portfolio-tag&post=47255"}],"curies":[{"name":"wp","href":"https:\/\/api.w.org\/{rel}","templated":true}]}}