{"id":47260,"date":"2025-01-04T17:01:46","date_gmt":"2025-01-04T16:01:46","guid":{"rendered":"https:\/\/deltaimage.de\/wp\/?post_type=jetpack-portfolio&#038;p=47260"},"modified":"2025-10-24T20:58:28","modified_gmt":"2025-10-24T18:58:28","slug":"dachauer-forum-e-v","status":"publish","type":"jetpack-portfolio","link":"https:\/\/deltaimage.de\/wp\/?portfolio=dachauer-forum-e-v","title":{"rendered":"Veranstalter: dachauer forum e.V."},"content":{"rendered":"<h2 class=\"medium\">dachauer forum &#8211; \u00dcber uns (<em>Quelle: www.dachauer-forum.de<\/em>)<\/h2>\n<p class=\"medium\">Mit 50.000 Teilnehmer*innen und 2.500 Veranstaltungen j\u00e4hrlich ist das Dachauer Forum <i>die<\/i> katholische Erwachsenen\u00adbildungs\u00adeinrichtung im Landkreis Dachau.<\/p>\n<p>Bereits bei der Gr\u00fcndung vor \u00fcber 50 Jahren ging es um den Dialog der Kirche mit der Welt. Heute hei\u00dft es bei uns \u201eHier ist Begegnung\u201c. Das Dachauer Forum schafft Bildungsangebote, die den Mensch in den Mittelpunkt stellen. Von der Familienbildung bis hin zur Seniorenbildung begleiten wir Menschen auf ihrem Weg durchs Leben. Wir agieren im Netzwerk und verstehen uns als lernende Organisation. So gelingt es uns, auf gesellschaftliche Herausforderungen flexibel zu reagieren.<\/p>\n<p>Wir sind Mitglied der KEB Bayern und der KEB M\u00fcnchen und Freising. Das Erwachsenenbildungsf\u00f6rderungsgesetz (BayEbF\u00f6G) und die Leitlinien der KEB sind unser Auftrag. Das Dachauer Forum finanziert sich haupts\u00e4chlich durch F\u00f6rderung der Erzdi\u00f6zese M\u00fcnchen und Freising und des Bayerischen Kultusministeriums, au\u00dferdem durch Teilnehmergeb\u00fchren und kommunale Zusch\u00fcsse.<\/p>\n<p>Katholische Erwachsenenbildung im Landkreis Dachau<br \/>\nLudwig-Ganghofer-Str. 4<br \/>\n85221 Dachau<\/p>\n<h3>Kontaktdaten<\/h3>\n<p>Telefon: <strong>08131\/99688-0<\/strong><\/p>\n<p>E-Mail: <strong><a href=\"mailto:info@dachauer-forum.de\">info@dachauer-forum.de<\/a> <\/strong><\/p>\n<h3>\u00d6ffnungszeiten<\/h3>\n<p>Mo, Do: 9-12 Uhr und 13-16 Uhr Di, Mi, Fr: 9-12 Uhr<\/p>\n<p>&nbsp;<\/p>\n<h3>Standort<\/h3>\n<div class=\"su-gmap su-u-responsive-media-yes\"><iframe loading=\"lazy\" width=\"600\" height=\"400\" src=\"\/\/maps.google.com\/maps?q=Katholische%20Erwachsenenbildung%20im%20Landkreis%20Dachau%20Ludwig-Ganghofer-Str.%204%2085221%20Dachau&amp;output=embed\" title=\"Dachauer Wasserturm\"><\/iframe><\/div>\n<p>&nbsp;<\/p>\n","protected":false},"excerpt":{"rendered":"<p>dachauer forum &#8211; \u00dcber uns (Quelle: www.dachauer-forum.de) Mit 50.000 Teilnehmer*innen und 2.500 Veranstaltungen j\u00e4hrlich ist das Dachauer Forum die katholische Erwachsenen\u00adbildungs\u00adeinrichtung im Landkreis Dachau. Bereits bei der Gr\u00fcndung vor \u00fcber [&hellip;]<\/p>\n","protected":false},"author":1,"featured_media":46280,"comment_status":"open","ping_status":"closed","template":"","format":"standard","meta":{"wpupg_custom_link":[],"wpupg_custom_link_behaviour":[],"wpupg_custom_link_nofollow":[],"wpupg_custom_image":[],"wpupg_custom_image_id":[],"jetpack_post_was_ever_published":false,"footnotes":""},"jetpack-portfolio-type":[4063],"jetpack-portfolio-tag":[],"class_list":["post-47260","jetpack-portfolio","type-jetpack-portfolio","status-publish","format-standard","has-post-thumbnail","hentry","jetpack-portfolio-type-veranstalter"],"jetpack-related-posts":[{"id":47912,"url":"https:\/\/deltaimage.de\/wp\/?portfolio=themenvortrag-walter-drechsler-eisvogel-an-der-amper-29-3-2025","url_meta":{"origin":47260,"position":0},"title":"Themenvortrag Walter Drechsler: Eisvogel an der Amper &#8211; 29.3.2025","author":"EschbacP","date":"3. Januar 2025","format":false,"excerpt":"Im Rahmen der Fest- und Fotoausstellung: Natur- und Moosschutz im Dachauer Moos -\u00a050 Jahre BN Kreisgruppe Dachau im Dachauer Wasserturm findet im 3. Stock auf der Veranstaltungsb\u00fchne ein Themenvortrag statt. \u00a0 Walter Drechsler aus Haimhausen Eisvogel - die fliegenden Edelsteine an der Amper \u00a0 Staunen Sie \u00fcber die Sch\u00f6nheiten der\u2026","rel":"","context":"\u00c4hnlicher Beitrag","block_context":{"text":"\u00c4hnlicher Beitrag","link":""},"img":{"alt_text":"","src":"https:\/\/i0.wp.com\/deltaimage.de\/wp\/wp-content\/uploads\/Plakat_Wasserturm_Eisvogel.jpg?fit=1200%2C450&ssl=1&resize=350%2C200","width":350,"height":200,"srcset":"https:\/\/i0.wp.com\/deltaimage.de\/wp\/wp-content\/uploads\/Plakat_Wasserturm_Eisvogel.jpg?fit=1200%2C450&ssl=1&resize=350%2C200 1x, https:\/\/i0.wp.com\/deltaimage.de\/wp\/wp-content\/uploads\/Plakat_Wasserturm_Eisvogel.jpg?fit=1200%2C450&ssl=1&resize=525%2C300 1.5x, https:\/\/i0.wp.com\/deltaimage.de\/wp\/wp-content\/uploads\/Plakat_Wasserturm_Eisvogel.jpg?fit=1200%2C450&ssl=1&resize=700%2C400 2x, https:\/\/i0.wp.com\/deltaimage.de\/wp\/wp-content\/uploads\/Plakat_Wasserturm_Eisvogel.jpg?fit=1200%2C450&ssl=1&resize=1050%2C600 3x"},"classes":[]},{"id":47816,"url":"https:\/\/deltaimage.de\/wp\/?portfolio=buchvorstellung-dr-annegret-braun-hsg-in-der-geschichtswerkstatt-dachau-naturwandel-eine-geschichte-im-dachauer-land-23-3-2025","url_meta":{"origin":47260,"position":1},"title":"Buchvorstellung Dr. Annegret Braun in der Geschichtswerkstatt Dachau: NaturWandel &#8211; Eine Geschichte im Dachauer Land; 23.3.2025","author":"EschbacP","date":"3. Januar 2025","format":false,"excerpt":"Im Rahmen der Fest- und Fotoausstellung: Natur- und Moosschutz im Dachauer Moos -\u00a050 Jahre BN Kreisgruppe Dachau \u00a0 im Dachauer Wasserturm findet im 3. Stock auf der Veranstaltungsb\u00fchne ein Themenvortrag statt. \u00a0 Dr. Annegret Braun: Buchvorstellung \u201eNaturWandel \u2013 eine Geschichte des Dachauer Landes\u201c","rel":"","context":"\u00c4hnlicher Beitrag","block_context":{"text":"\u00c4hnlicher Beitrag","link":""},"img":{"alt_text":"","src":"https:\/\/i0.wp.com\/deltaimage.de\/wp\/wp-content\/uploads\/Plakat_Wasserturm_Braun.jpg?fit=1200%2C451&ssl=1&resize=350%2C200","width":350,"height":200,"srcset":"https:\/\/i0.wp.com\/deltaimage.de\/wp\/wp-content\/uploads\/Plakat_Wasserturm_Braun.jpg?fit=1200%2C451&ssl=1&resize=350%2C200 1x, https:\/\/i0.wp.com\/deltaimage.de\/wp\/wp-content\/uploads\/Plakat_Wasserturm_Braun.jpg?fit=1200%2C451&ssl=1&resize=525%2C300 1.5x, https:\/\/i0.wp.com\/deltaimage.de\/wp\/wp-content\/uploads\/Plakat_Wasserturm_Braun.jpg?fit=1200%2C451&ssl=1&resize=700%2C400 2x, https:\/\/i0.wp.com\/deltaimage.de\/wp\/wp-content\/uploads\/Plakat_Wasserturm_Braun.jpg?fit=1200%2C451&ssl=1&resize=1050%2C600 3x"},"classes":[]},{"id":22767,"url":"https:\/\/deltaimage.de\/wp\/?portfolio=naturfototage-fuerstenfeld-fotowalk-fuerstenfeld-architektur-und-technik","url_meta":{"origin":47260,"position":2},"title":"Naturfototage F\u00fcrstenfeld &#8211; Fotowalk F\u00fcrstenfeld Architektur und Technik","author":"EschbacP","date":"8. Oktober 2019","format":false,"excerpt":"Naturfototage und Fotografie erleben vor der eigenen Haust\u00fcre Im Rahmen der Naturfototage F\u00fcrstenfeld im Forum F\u00fcrstenfeld bei F\u00fcrstenfeldbruck bietet Paul Eschbach erstmalig einen gang neuen Workshop Architektur und Technik an. In den Multivisions Shows zeigen die Referenten die sch\u00f6nsten Impressionen aus der ganzen weiten Welt. Amerika, Afrika, Australien und S\u00fcdamerika,\u2026","rel":"","context":"\u00c4hnlicher Beitrag","block_context":{"text":"\u00c4hnlicher Beitrag","link":""},"img":{"alt_text":"","src":"https:\/\/i0.wp.com\/deltaimage.de\/wp\/wp-content\/uploads\/Banner_Naturfototage_Architektur_1200-1.jpg?fit=1200%2C490&ssl=1&resize=350%2C200","width":350,"height":200,"srcset":"https:\/\/i0.wp.com\/deltaimage.de\/wp\/wp-content\/uploads\/Banner_Naturfototage_Architektur_1200-1.jpg?fit=1200%2C490&ssl=1&resize=350%2C200 1x, https:\/\/i0.wp.com\/deltaimage.de\/wp\/wp-content\/uploads\/Banner_Naturfototage_Architektur_1200-1.jpg?fit=1200%2C490&ssl=1&resize=525%2C300 1.5x, https:\/\/i0.wp.com\/deltaimage.de\/wp\/wp-content\/uploads\/Banner_Naturfototage_Architektur_1200-1.jpg?fit=1200%2C490&ssl=1&resize=700%2C400 2x, https:\/\/i0.wp.com\/deltaimage.de\/wp\/wp-content\/uploads\/Banner_Naturfototage_Architektur_1200-1.jpg?fit=1200%2C490&ssl=1&resize=1050%2C600 3x"},"classes":[]},{"id":47214,"url":"https:\/\/deltaimage.de\/wp\/?portfolio=dachauer-wasserturm-natur-und-moosschutz-im-dachauer-moos-50-jahre-bund-naturschutz-in-dachau","url_meta":{"origin":47260,"position":3},"title":"Dachauer Wasserturm: Natur- und Moosschutz im Dachauer Moos &#8211; 50 Jahre BUND Naturschutz in Dachau mit Fotoausstellung: Paul Eschbach: 21.3.-21.4.2025","author":"EschbacP","date":"4. Januar 2025","format":false,"excerpt":"Die Kreisgruppe Dachau des BUND Naturschutz in Bayern e. V. feiert im Jahr 2025 das 50-j\u00e4hrige Bestehen 1975 - 2025. \"50 Jahre Natur- und Moosschutz im Dachauer Moos\" In diesem Zeitraum von 50 Jahren haben die 150 Gr\u00fcndung-Mitglieder in der Zwischenzeit eine Kreisgruppe mit 12 Ortsgruppen und 5.000 Mitgliedern aufgebaut.\u2026","rel":"","context":"\u00c4hnlicher Beitrag","block_context":{"text":"\u00c4hnlicher Beitrag","link":""},"img":{"alt_text":"","src":"https:\/\/i0.wp.com\/deltaimage.de\/wp\/wp-content\/uploads\/Plakat_Wasserturm_V3_1200-450.jpg?fit=1200%2C446&ssl=1&resize=350%2C200","width":350,"height":200,"srcset":"https:\/\/i0.wp.com\/deltaimage.de\/wp\/wp-content\/uploads\/Plakat_Wasserturm_V3_1200-450.jpg?fit=1200%2C446&ssl=1&resize=350%2C200 1x, https:\/\/i0.wp.com\/deltaimage.de\/wp\/wp-content\/uploads\/Plakat_Wasserturm_V3_1200-450.jpg?fit=1200%2C446&ssl=1&resize=525%2C300 1.5x, https:\/\/i0.wp.com\/deltaimage.de\/wp\/wp-content\/uploads\/Plakat_Wasserturm_V3_1200-450.jpg?fit=1200%2C446&ssl=1&resize=700%2C400 2x, https:\/\/i0.wp.com\/deltaimage.de\/wp\/wp-content\/uploads\/Plakat_Wasserturm_V3_1200-450.jpg?fit=1200%2C446&ssl=1&resize=1050%2C600 3x"},"classes":[]},{"id":44745,"url":"https:\/\/deltaimage.de\/wp\/?portfolio=projekt-dachauer-moos-2024-25","url_meta":{"origin":47260,"position":4},"title":"Projekt: Dachauer Moos","author":"EschbacP","date":"18. September 2024","format":false,"excerpt":"Das Dachauer Moos im Norden von M\u00fcnchen beherbergt viele wunderbare Natursch\u00e4tze in der Niedermoor-Landschaft am Nordrand der M\u00fcnchener Schotterebene. Die Landschaftsformen sind so abwechslungsreich - eng an eng beieinander. In einem Ausflug mit dem Fahrrad kann man gleich mehrere dieser einmalig sch\u00f6nen Landschaftsformen durchstreifen und so die Sch\u00f6nheit und Abwechslung\u2026","rel":"","context":"\u00c4hnlicher Beitrag","block_context":{"text":"\u00c4hnlicher Beitrag","link":""},"img":{"alt_text":"","src":"https:\/\/i0.wp.com\/deltaimage.de\/wp\/wp-content\/uploads\/ANDI0013_1200.jpg?fit=1200%2C450&ssl=1&resize=350%2C200","width":350,"height":200,"srcset":"https:\/\/i0.wp.com\/deltaimage.de\/wp\/wp-content\/uploads\/ANDI0013_1200.jpg?fit=1200%2C450&ssl=1&resize=350%2C200 1x, https:\/\/i0.wp.com\/deltaimage.de\/wp\/wp-content\/uploads\/ANDI0013_1200.jpg?fit=1200%2C450&ssl=1&resize=525%2C300 1.5x, https:\/\/i0.wp.com\/deltaimage.de\/wp\/wp-content\/uploads\/ANDI0013_1200.jpg?fit=1200%2C450&ssl=1&resize=700%2C400 2x, https:\/\/i0.wp.com\/deltaimage.de\/wp\/wp-content\/uploads\/ANDI0013_1200.jpg?fit=1200%2C450&ssl=1&resize=1050%2C600 3x"},"classes":[]},{"id":45853,"url":"https:\/\/deltaimage.de\/wp\/?portfolio=dachau-schleissheim-und-das-barocke-kanalsystem-in-der-muenchener-schotterebene","url_meta":{"origin":47260,"position":5},"title":"Dachau, Schlei\u00dfheim und das barocke Kanalsystem in der M\u00fcnchener Schotterebene","author":"EschbacP","date":"4. Oktober 2024","format":false,"excerpt":"Folgen Sie uns in den kulturhistorischen Streifz\u00fcgen an dem Dachau Schlei\u00dfheimer Kanalsystem auf der Schotterebene im Norden von M\u00fcnchen als Wanderf\u00fchrer zum selbst Erleben und selbst Erkunden. Das \u201eDachau \u2013 Schlei\u00dfheimer Kanalsystem aus dem 16. und 17. Jahrhundert\u201c\u00a0ist ein Technikbauwerk von Europ\u00e4ischem Rang. \u00dcber das hier behandelte Dachau \u2013 Schlei\u00dfheimer\u2026","rel":"","context":"\u00c4hnlicher Beitrag","block_context":{"text":"\u00c4hnlicher Beitrag","link":""},"img":{"alt_text":"","src":"https:\/\/i0.wp.com\/deltaimage.de\/wp\/wp-content\/uploads\/Buch-4-Cover.jpg?fit=763%2C1080&ssl=1&resize=350%2C200","width":350,"height":200,"srcset":"https:\/\/i0.wp.com\/deltaimage.de\/wp\/wp-content\/uploads\/Buch-4-Cover.jpg?fit=763%2C1080&ssl=1&resize=350%2C200 1x, https:\/\/i0.wp.com\/deltaimage.de\/wp\/wp-content\/uploads\/Buch-4-Cover.jpg?fit=763%2C1080&ssl=1&resize=525%2C300 1.5x, https:\/\/i0.wp.com\/deltaimage.de\/wp\/wp-content\/uploads\/Buch-4-Cover.jpg?fit=763%2C1080&ssl=1&resize=700%2C400 2x"},"classes":[]}],"jetpack_sharing_enabled":true,"_links":{"self":[{"href":"https:\/\/deltaimage.de\/wp\/index.php?rest_route=\/wp\/v2\/jetpack-portfolio\/47260","targetHints":{"allow":["GET"]}}],"collection":[{"href":"https:\/\/deltaimage.de\/wp\/index.php?rest_route=\/wp\/v2\/jetpack-portfolio"}],"about":[{"href":"https:\/\/deltaimage.de\/wp\/index.php?rest_route=\/wp\/v2\/types\/jetpack-portfolio"}],"author":[{"embeddable":true,"href":"https:\/\/deltaimage.de\/wp\/index.php?rest_route=\/wp\/v2\/users\/1"}],"replies":[{"embeddable":true,"href":"https:\/\/deltaimage.de\/wp\/index.php?rest_route=%2Fwp%2Fv2%2Fcomments&post=47260"}],"version-history":[{"count":6,"href":"https:\/\/deltaimage.de\/wp\/index.php?rest_route=\/wp\/v2\/jetpack-portfolio\/47260\/revisions"}],"predecessor-version":[{"id":52670,"href":"https:\/\/deltaimage.de\/wp\/index.php?rest_route=\/wp\/v2\/jetpack-portfolio\/47260\/revisions\/52670"}],"wp:featuredmedia":[{"embeddable":true,"href":"https:\/\/deltaimage.de\/wp\/index.php?rest_route=\/wp\/v2\/media\/46280"}],"wp:attachment":[{"href":"https:\/\/deltaimage.de\/wp\/index.php?rest_route=%2Fwp%2Fv2%2Fmedia&parent=47260"}],"wp:term":[{"taxonomy":"jetpack-portfolio-type","embeddable":true,"href":"https:\/\/deltaimage.de\/wp\/index.php?rest_route=%2Fwp%2Fv2%2Fjetpack-portfolio-type&post=47260"},{"taxonomy":"jetpack-portfolio-tag","embeddable":true,"href":"https:\/\/deltaimage.de\/wp\/index.php?rest_route=%2Fwp%2Fv2%2Fjetpack-portfolio-tag&post=47260"}],"curies":[{"name":"wp","href":"https:\/\/api.w.org\/{rel}","templated":true}]}}