{"id":47264,"date":"2025-01-04T17:04:36","date_gmt":"2025-01-04T16:04:36","guid":{"rendered":"https:\/\/deltaimage.de\/wp\/?post_type=jetpack-portfolio&#038;p=47264"},"modified":"2025-01-12T15:23:56","modified_gmt":"2025-01-12T14:23:56","slug":"gemeinde-bergkirchen","status":"publish","type":"jetpack-portfolio","link":"https:\/\/deltaimage.de\/wp\/?portfolio=gemeinde-bergkirchen","title":{"rendered":"Veranstalter: Gemeinde Bergkirchen"},"content":{"rendered":"<p>Gemeinde Bergkirchen Johann-Michael-Fischer-Str. 1 85232 Bergkirchen Telefon: 08131\u00a06699-0 Fax: 08131\u00a06699-119 E-Mail: gemeinde@bergkirchen.de Sie wird Vertreten durch den 1. B\u00fcrgermeister Robert Axtner.<\/p>\n<p>&nbsp;<\/p>\n<h3>Kontaktdaten<\/h3>\n<p>&nbsp;<\/p>\n<h3>Standort<\/h3>\n<div class=\"su-gmap su-u-responsive-media-yes\"><iframe loading=\"lazy\" width=\"600\" height=\"400\" src=\"\/\/maps.google.com\/maps?q=Gemeinde%20Bergkirchen%20Johann-Michael-Fischer-Str.%201%2085232%20Bergkirchen&amp;output=embed\" title=\"Gemeinde Bergkirchen\"><\/iframe><\/div>\n","protected":false},"excerpt":{"rendered":"<p>Gemeinde Bergkirchen Johann-Michael-Fischer-Str. 1 85232 Bergkirchen Telefon: 08131\u00a06699-0 Fax: 08131\u00a06699-119 E-Mail: gemeinde@bergkirchen.de Sie wird Vertreten durch den 1. B\u00fcrgermeister Robert Axtner. &nbsp; Kontaktdaten &nbsp; Standort<\/p>\n","protected":false},"author":1,"featured_media":46272,"comment_status":"open","ping_status":"closed","template":"","format":"standard","meta":{"wpupg_custom_link":[],"wpupg_custom_link_behaviour":[],"wpupg_custom_link_nofollow":[],"wpupg_custom_image":[],"wpupg_custom_image_id":[],"jetpack_post_was_ever_published":false,"footnotes":""},"jetpack-portfolio-type":[4063],"jetpack-portfolio-tag":[],"class_list":["post-47264","jetpack-portfolio","type-jetpack-portfolio","status-publish","format-standard","has-post-thumbnail","hentry","jetpack-portfolio-type-veranstalter"],"jetpack-related-posts":[{"id":33659,"url":"https:\/\/deltaimage.de\/wp\/?portfolio=verein-dachauer-moos-e-v","url_meta":{"origin":47264,"position":0},"title":"Verein Dachauer Moos e.V.","author":"EschbacP","date":"15. September 2022","format":false,"excerpt":"Verein Dachauer Moos e.V. Der kommunale und gemeinn\u00fctzige Verein Dachauer Moos e.V. f\u00f6rdert und entwickelt die Lebensraum- und Artenvielfalt\u00a0sowie den\u00a0Klimaschutz\u00a0im Landschaftsraum Dachauer Moos. Zu seinen weiteren satzungsgem\u00e4\u00dfen Aufgaben z\u00e4hlen die \u201eBildung f\u00fcr nachhaltige Entwicklung\u201c und die\u00a0Erhaltung der Kulturlandschaft\u00a0mit Schwerpunkt auf dem Vereinsgebiet. Das Vereinsgebiet umfasst die Gebietsk\u00f6rperschaften: Landkreis M\u00fcnchen Landkreis\u2026","rel":"","context":"\u00c4hnlicher Beitrag","block_context":{"text":"\u00c4hnlicher Beitrag","link":""},"img":{"alt_text":"","src":"https:\/\/i0.wp.com\/deltaimage.de\/wp\/wp-content\/uploads\/ZY5M5368_1200.jpg?fit=1200%2C450&ssl=1&resize=350%2C200","width":350,"height":200,"srcset":"https:\/\/i0.wp.com\/deltaimage.de\/wp\/wp-content\/uploads\/ZY5M5368_1200.jpg?fit=1200%2C450&ssl=1&resize=350%2C200 1x, https:\/\/i0.wp.com\/deltaimage.de\/wp\/wp-content\/uploads\/ZY5M5368_1200.jpg?fit=1200%2C450&ssl=1&resize=525%2C300 1.5x, https:\/\/i0.wp.com\/deltaimage.de\/wp\/wp-content\/uploads\/ZY5M5368_1200.jpg?fit=1200%2C450&ssl=1&resize=700%2C400 2x, https:\/\/i0.wp.com\/deltaimage.de\/wp\/wp-content\/uploads\/ZY5M5368_1200.jpg?fit=1200%2C450&ssl=1&resize=1050%2C600 3x"},"classes":[]},{"id":46320,"url":"https:\/\/deltaimage.de\/wp\/?portfolio=fotoausstellung-in-bergkirchen-palsweiser-moos-im-maisacher-moos-paul-eschbach-2025","url_meta":{"origin":47264,"position":1},"title":"Foto-Ausstellung in Bergkirchen: Palsweiser Moos im Maisacher Moos \u2013 Paul Eschbach \u2013 17.10.2025-13.2.2026","author":"EschbacP","date":"15. Oktober 2024","format":false,"excerpt":"17. Oktober 2025\u00a0-\u00a013. Februar 2026 Eintritt frei Eine\u00a0Foto-Ausstellung\u00a0in\u00a0Bergkirchen, in den R\u00e4umen der\u00a0Volkshochschule VHS Bergkirchen, \u00fcber die fotografischen Sch\u00f6nheiten in der\u00a0Niedermoor-Landschaft\u00a0im\u00a0Palsweiser Moos\u00a0\u2013 dem Dachauer Teil des\u00a0Maisacher Mooses; von und mit dem\u00a0Dachauer Fotografen Paul Eschbach. VHS Bergkirchen e.V. Bildungszentrum Gesch\u00e4ftsstelle im \u201eBruggerhaus\u201c R\u00f6merstra\u00dfe 3 85232 Bergkirchen \u00a0","rel":"","context":"\u00c4hnlicher Beitrag","block_context":{"text":"\u00c4hnlicher Beitrag","link":""},"img":{"alt_text":"","src":"https:\/\/i0.wp.com\/deltaimage.de\/wp\/wp-content\/uploads\/Plakat_Bergkirchen_Ausstellung-1200.jpg?fit=1200%2C450&ssl=1&resize=350%2C200","width":350,"height":200,"srcset":"https:\/\/i0.wp.com\/deltaimage.de\/wp\/wp-content\/uploads\/Plakat_Bergkirchen_Ausstellung-1200.jpg?fit=1200%2C450&ssl=1&resize=350%2C200 1x, https:\/\/i0.wp.com\/deltaimage.de\/wp\/wp-content\/uploads\/Plakat_Bergkirchen_Ausstellung-1200.jpg?fit=1200%2C450&ssl=1&resize=525%2C300 1.5x, https:\/\/i0.wp.com\/deltaimage.de\/wp\/wp-content\/uploads\/Plakat_Bergkirchen_Ausstellung-1200.jpg?fit=1200%2C450&ssl=1&resize=700%2C400 2x, https:\/\/i0.wp.com\/deltaimage.de\/wp\/wp-content\/uploads\/Plakat_Bergkirchen_Ausstellung-1200.jpg?fit=1200%2C450&ssl=1&resize=1050%2C600 3x"},"classes":[]},{"id":52487,"url":"https:\/\/deltaimage.de\/wp\/?portfolio=vernissage-zur-foto-ausstellung-in-bergkirchen-palsweiser-moos-im-maisacher-moos-paul-eschbach-17-10-2025-2","url_meta":{"origin":47264,"position":2},"title":"Vernissage zur Foto-Ausstellung in Bergkirchen: Palsweiser Moos im Maisacher Moos \u2013 Paul Eschbach \u2013 17.10.2025","author":"EschbacP","date":"14. Oktober 2025","format":false,"excerpt":"17. Oktober 2025 Eintritt frei Eine\u00a0Foto-Ausstellung\u00a0in\u00a0Bergkirchen, in den R\u00e4umen der\u00a0Volkshochschule VHS Bergkirchen, \u00fcber die fotografischen Sch\u00f6nheiten in der\u00a0Niedermoor-Landschaft\u00a0im\u00a0Palsweiser Moos\u00a0\u2013 dem Dachauer Teil des\u00a0Maisacher Mooses; von und mit dem\u00a0Dachauer Fotografen Paul Eschbach. VHS Bergkirchen e.V. Bildungszentrum Gesch\u00e4ftsstelle im \u201eBruggerhaus\u201c R\u00f6merstra\u00dfe 3 85232 Bergkirchen \u00a0","rel":"","context":"\u00c4hnlicher Beitrag","block_context":{"text":"\u00c4hnlicher Beitrag","link":""},"img":{"alt_text":"","src":"https:\/\/i0.wp.com\/deltaimage.de\/wp\/wp-content\/uploads\/Plakat_Bergkirchen_Ausstellung-1200.jpg?fit=1200%2C450&ssl=1&resize=350%2C200","width":350,"height":200,"srcset":"https:\/\/i0.wp.com\/deltaimage.de\/wp\/wp-content\/uploads\/Plakat_Bergkirchen_Ausstellung-1200.jpg?fit=1200%2C450&ssl=1&resize=350%2C200 1x, https:\/\/i0.wp.com\/deltaimage.de\/wp\/wp-content\/uploads\/Plakat_Bergkirchen_Ausstellung-1200.jpg?fit=1200%2C450&ssl=1&resize=525%2C300 1.5x, https:\/\/i0.wp.com\/deltaimage.de\/wp\/wp-content\/uploads\/Plakat_Bergkirchen_Ausstellung-1200.jpg?fit=1200%2C450&ssl=1&resize=700%2C400 2x, https:\/\/i0.wp.com\/deltaimage.de\/wp\/wp-content\/uploads\/Plakat_Bergkirchen_Ausstellung-1200.jpg?fit=1200%2C450&ssl=1&resize=1050%2C600 3x"},"classes":[]},{"id":47266,"url":"https:\/\/deltaimage.de\/wp\/?portfolio=verein-dachauer-moos-e-v-2","url_meta":{"origin":47264,"position":3},"title":"Veranstalter: Verein Dachauer Moos e.V.","author":"EschbacP","date":"4. Januar 2025","format":false,"excerpt":"Der kommunale und gemeinn\u00fctzige Verein Dachauer Moos e.V. f\u00f6rdert und entwickelt die\u00a0Lebensraum- und Artenvielfalt\u00a0sowie den\u00a0Klimaschutz\u00a0im Landschaftsraum Dachauer Moos. Zu seinen weiteren satzungsgem\u00e4\u00dfen Aufgaben z\u00e4hlen die \u201eBildung f\u00fcr nachhaltige Entwicklung\u201c und die\u00a0Erhaltung der Kulturlandschaft\u00a0mit Schwerpunkt auf dem Vereinsgebiet. Verein Dachauer Moos e.V. M\u00fcnchner Stra\u00dfe 37 85232 Bergkirchen-Eschenried Telefon 08131 \/ 275\u2026","rel":"","context":"\u00c4hnlicher Beitrag","block_context":{"text":"\u00c4hnlicher Beitrag","link":""},"img":{"alt_text":"","src":"https:\/\/i0.wp.com\/deltaimage.de\/wp\/wp-content\/uploads\/Logo_Verein-Dachauer-Moos-1200.jpg?fit=1200%2C449&ssl=1&resize=350%2C200","width":350,"height":200,"srcset":"https:\/\/i0.wp.com\/deltaimage.de\/wp\/wp-content\/uploads\/Logo_Verein-Dachauer-Moos-1200.jpg?fit=1200%2C449&ssl=1&resize=350%2C200 1x, https:\/\/i0.wp.com\/deltaimage.de\/wp\/wp-content\/uploads\/Logo_Verein-Dachauer-Moos-1200.jpg?fit=1200%2C449&ssl=1&resize=525%2C300 1.5x, https:\/\/i0.wp.com\/deltaimage.de\/wp\/wp-content\/uploads\/Logo_Verein-Dachauer-Moos-1200.jpg?fit=1200%2C449&ssl=1&resize=700%2C400 2x, https:\/\/i0.wp.com\/deltaimage.de\/wp\/wp-content\/uploads\/Logo_Verein-Dachauer-Moos-1200.jpg?fit=1200%2C449&ssl=1&resize=1050%2C600 3x"},"classes":[]},{"id":47278,"url":"https:\/\/deltaimage.de\/wp\/?portfolio=volkshochschule-vhs-bergkirchen-e-v","url_meta":{"origin":47264,"position":4},"title":"Ort: Volkshochschule VHS Bergkirchen e.V.","author":"EschbacP","date":"4. Januar 2025","format":false,"excerpt":"Die Volkshochschule (VHS) Bergkirchen e. V. ist im Brugger-Haus in der R\u00f6merstra\u00dfe 3 in Bergkirchen. \u00a0 Kontaktdaten VHS Bergkirchen e. V. R\u00f6merstra\u00dfe 3 85121 Bergkirchen https:\/\/www.vhs-bergkirchen.eu Standort","rel":"","context":"\u00c4hnlicher Beitrag","block_context":{"text":"\u00c4hnlicher Beitrag","link":""},"img":{"alt_text":"","src":"https:\/\/i0.wp.com\/deltaimage.de\/wp\/wp-content\/uploads\/PE1X7723_900.jpg?fit=890%2C593&ssl=1&resize=350%2C200","width":350,"height":200,"srcset":"https:\/\/i0.wp.com\/deltaimage.de\/wp\/wp-content\/uploads\/PE1X7723_900.jpg?fit=890%2C593&ssl=1&resize=350%2C200 1x, https:\/\/i0.wp.com\/deltaimage.de\/wp\/wp-content\/uploads\/PE1X7723_900.jpg?fit=890%2C593&ssl=1&resize=525%2C300 1.5x, https:\/\/i0.wp.com\/deltaimage.de\/wp\/wp-content\/uploads\/PE1X7723_900.jpg?fit=890%2C593&ssl=1&resize=700%2C400 2x"},"classes":[]},{"id":47753,"url":"https:\/\/deltaimage.de\/wp\/?portfolio=foto-ausstellung-in-maisach-fussberger-moos-im-maisacher-moos-paul-eschbach-x-6-2025","url_meta":{"origin":47264,"position":5},"title":"Foto-Ausstellung in Maisach: Fu\u00dfberger Moos im Maisacher Moos \u2013 Paul Eschbach: 9.5.-18.5.2025","author":"EschbacP","date":"20. Oktober 2024","format":false,"excerpt":"9.5. - 18.5.2025 Eintritt frei \u00d6ffnungszeiten im Gemeindezentrum Vernissage Fr. 9.5.2025 18:00 - 21:00 Uhr Sa & So (10.5., 11.5.17.5. 18.5.) : 13:00 - 18:00 Uhr Werktage (12.5. - 16.5.2025): 14:00 - 18:00 Uhr Eine\u00a0Foto-Ausstellung\u00a0in\u00a0Maisach, in den R\u00e4umen der\u00a0Volkshochschule VHS Bergkirchen, \u00fcber die fotografischen Sch\u00f6nheiten in der\u00a0Niedermoor-Landschaft\u00a0im\u00a0Palsweiser Moos\u00a0\u2013 dem Dachauer\u2026","rel":"","context":"\u00c4hnlicher Beitrag","block_context":{"text":"\u00c4hnlicher Beitrag","link":""},"img":{"alt_text":"","src":"https:\/\/i0.wp.com\/deltaimage.de\/wp\/wp-content\/uploads\/Plakat_Maisach-1200-1.jpg?fit=1200%2C449&ssl=1&resize=350%2C200","width":350,"height":200,"srcset":"https:\/\/i0.wp.com\/deltaimage.de\/wp\/wp-content\/uploads\/Plakat_Maisach-1200-1.jpg?fit=1200%2C449&ssl=1&resize=350%2C200 1x, https:\/\/i0.wp.com\/deltaimage.de\/wp\/wp-content\/uploads\/Plakat_Maisach-1200-1.jpg?fit=1200%2C449&ssl=1&resize=525%2C300 1.5x, https:\/\/i0.wp.com\/deltaimage.de\/wp\/wp-content\/uploads\/Plakat_Maisach-1200-1.jpg?fit=1200%2C449&ssl=1&resize=700%2C400 2x, https:\/\/i0.wp.com\/deltaimage.de\/wp\/wp-content\/uploads\/Plakat_Maisach-1200-1.jpg?fit=1200%2C449&ssl=1&resize=1050%2C600 3x"},"classes":[]}],"jetpack_sharing_enabled":true,"_links":{"self":[{"href":"https:\/\/deltaimage.de\/wp\/index.php?rest_route=\/wp\/v2\/jetpack-portfolio\/47264","targetHints":{"allow":["GET"]}}],"collection":[{"href":"https:\/\/deltaimage.de\/wp\/index.php?rest_route=\/wp\/v2\/jetpack-portfolio"}],"about":[{"href":"https:\/\/deltaimage.de\/wp\/index.php?rest_route=\/wp\/v2\/types\/jetpack-portfolio"}],"author":[{"embeddable":true,"href":"https:\/\/deltaimage.de\/wp\/index.php?rest_route=\/wp\/v2\/users\/1"}],"replies":[{"embeddable":true,"href":"https:\/\/deltaimage.de\/wp\/index.php?rest_route=%2Fwp%2Fv2%2Fcomments&post=47264"}],"version-history":[{"count":2,"href":"https:\/\/deltaimage.de\/wp\/index.php?rest_route=\/wp\/v2\/jetpack-portfolio\/47264\/revisions"}],"predecessor-version":[{"id":47473,"href":"https:\/\/deltaimage.de\/wp\/index.php?rest_route=\/wp\/v2\/jetpack-portfolio\/47264\/revisions\/47473"}],"wp:featuredmedia":[{"embeddable":true,"href":"https:\/\/deltaimage.de\/wp\/index.php?rest_route=\/wp\/v2\/media\/46272"}],"wp:attachment":[{"href":"https:\/\/deltaimage.de\/wp\/index.php?rest_route=%2Fwp%2Fv2%2Fmedia&parent=47264"}],"wp:term":[{"taxonomy":"jetpack-portfolio-type","embeddable":true,"href":"https:\/\/deltaimage.de\/wp\/index.php?rest_route=%2Fwp%2Fv2%2Fjetpack-portfolio-type&post=47264"},{"taxonomy":"jetpack-portfolio-tag","embeddable":true,"href":"https:\/\/deltaimage.de\/wp\/index.php?rest_route=%2Fwp%2Fv2%2Fjetpack-portfolio-tag&post=47264"}],"curies":[{"name":"wp","href":"https:\/\/api.w.org\/{rel}","templated":true}]}}