{"id":47279,"date":"2025-01-04T19:50:37","date_gmt":"2025-01-04T18:50:37","guid":{"rendered":"https:\/\/deltaimage.de\/wp\/?post_type=jetpack-portfolio&#038;p=47279"},"modified":"2025-01-12T15:22:09","modified_gmt":"2025-01-12T14:22:09","slug":"kloster-fuerstenfeld-veranstaltungsforum-fuerstenfeldbruck","status":"publish","type":"jetpack-portfolio","link":"https:\/\/deltaimage.de\/wp\/?portfolio=kloster-fuerstenfeld-veranstaltungsforum-fuerstenfeldbruck","title":{"rendered":"Ort: Kloster F\u00fcrstenfeld &#8211; Veranstaltungsforum F\u00fcrstenfeldbruck"},"content":{"rendered":"<div class=\"wpupg-meta-container\"><span class=\"wpupg-item-excerpt wpupg-block-text-normal\">Veranstaltungsforum F\u00fcrstenfeld, F\u00fcrstenfeld 12, 82256 F\u00fcrstenfeldbruck, Telefon: 08141 &#8211; 6665140, https:\/\/www.fuerstenfeld.de<\/span><\/div>\n<div><\/div>\n<h3><span class=\"wpupg-item-excerpt wpupg-block-text-normal\">Kontaktdaten<\/span><\/h3>\n<div><span class=\"wpupg-item-excerpt wpupg-block-text-normal\">Veranstaltungsforum F\u00fcrstenfeld<\/span><\/div>\n<div><span class=\"wpupg-item-excerpt wpupg-block-text-normal\">F\u00fcrstenfeld 12<\/span><\/div>\n<div><span class=\"wpupg-item-excerpt wpupg-block-text-normal\">82256 F\u00fcrstenfeldbruck<\/span><\/div>\n<div><span class=\"wpupg-item-excerpt wpupg-block-text-normal\">Telefon: 08141 &#8211; 6665140<\/span><\/div>\n<div><a href=\"https:\/\/www.fuerstenfeld.de\"><span class=\"wpupg-item-excerpt wpupg-block-text-normal\">https:\/\/www.fuerstenfeld.de<\/span><\/a><\/div>\n<h3>Standort<\/h3>\n<div><div class=\"su-gmap su-u-responsive-media-yes\"><iframe loading=\"lazy\" width=\"600\" height=\"400\" src=\"\/\/maps.google.com\/maps?q=Veranstaltungsforum%20F%C3%BCrstenfeld%2C%20F%C3%BCrstenfeld%2012%2C%2082256%20F%C3%BCrstenfeldbruck&amp;output=embed\" title=\"Veranstaltungsforum F\u00fcrstenfeld in F\u00fcrstenfeldbruck\"><\/iframe><\/div><\/div>\n","protected":false},"excerpt":{"rendered":"<p>Veranstaltungsforum F\u00fcrstenfeld, F\u00fcrstenfeld 12, 82256 F\u00fcrstenfeldbruck, Telefon: 08141 &#8211; 6665140, https:\/\/www.fuerstenfeld.de Kontaktdaten Veranstaltungsforum F\u00fcrstenfeld F\u00fcrstenfeld 12 82256 F\u00fcrstenfeldbruck Telefon: 08141 &#8211; 6665140 https:\/\/www.fuerstenfeld.de Standort<\/p>\n","protected":false},"author":1,"featured_media":18581,"comment_status":"open","ping_status":"closed","template":"","format":"standard","meta":{"wpupg_custom_link":[],"wpupg_custom_link_behaviour":[],"wpupg_custom_link_nofollow":[],"wpupg_custom_image":[],"wpupg_custom_image_id":[],"jetpack_post_was_ever_published":false,"footnotes":""},"jetpack-portfolio-type":[4065],"jetpack-portfolio-tag":[],"class_list":["post-47279","jetpack-portfolio","type-jetpack-portfolio","status-publish","format-standard","has-post-thumbnail","hentry","jetpack-portfolio-type-veranstaltungsort"],"jetpack-related-posts":[{"id":47252,"url":"https:\/\/deltaimage.de\/wp\/?portfolio=naturfototage-fuerstenfeld","url_meta":{"origin":47279,"position":0},"title":"Veranstalter: internationale Naturfototage F\u00fcrstenfeld","author":"EschbacP","date":"4. Januar 2025","format":false,"excerpt":"Die gr\u00f6\u00dfte Foto-Veranstaltung in S\u00fcddeutschland ist ein Festival der Naturfotografie \u00fcber vier Veranstaltungstage (Donnerstag bis Sonntag) mit freiem Eintritt und findet 2025 zum 27. Mal im Veranstaltungsforum F\u00fcrstenfeld in F\u00fcrstenfeldbruck bei M\u00fcnchen statt. Das Programm in K\u00fcrze: | Europas gr\u00f6\u00dfter Naturfoto-Wettbewerb GLANZLICHTER DER NATURFOTOGRAFIE GdN findet in F\u00fcrstenfeld seinen Jahresabschluss\u2026","rel":"","context":"\u00c4hnlicher Beitrag","block_context":{"text":"\u00c4hnlicher Beitrag","link":""},"img":{"alt_text":"","src":"https:\/\/i0.wp.com\/deltaimage.de\/wp\/wp-content\/uploads\/PE5D1376_900.jpg?fit=890%2C593&ssl=1&resize=350%2C200","width":350,"height":200,"srcset":"https:\/\/i0.wp.com\/deltaimage.de\/wp\/wp-content\/uploads\/PE5D1376_900.jpg?fit=890%2C593&ssl=1&resize=350%2C200 1x, https:\/\/i0.wp.com\/deltaimage.de\/wp\/wp-content\/uploads\/PE5D1376_900.jpg?fit=890%2C593&ssl=1&resize=525%2C300 1.5x, https:\/\/i0.wp.com\/deltaimage.de\/wp\/wp-content\/uploads\/PE5D1376_900.jpg?fit=890%2C593&ssl=1&resize=700%2C400 2x"},"classes":[]},{"id":38386,"url":"https:\/\/deltaimage.de\/wp\/?portfolio=naturfototage-fuerstenfeld-glanzlichter-com","url_meta":{"origin":47279,"position":1},"title":"Naturfototage F\u00fcrstenfeld &#8211; Glanzlichter.com","author":"EschbacP","date":"30. Dezember 2022","format":false,"excerpt":"Die Internationalen F\u00fcrstenfelder Naturfototage z\u00e4hlen zu den gr\u00f6\u00dften Fotofestivals Europas. Jedes Jahr kommen bis zu 12.000 natur- und fotoverbundene G\u00e4ste in das Veranstaltungsforum, um sich \u00fcber Neuheiten zu informieren. Renommierte Naturfotografen zeigen in aufwendigen Multimediashows und Ausstellungen ihre besten Bilder und geben ihr Wissen in Vortr\u00e4gen, Seminaren und Workshops weiter.\u2026","rel":"","context":"\u00c4hnlicher Beitrag","block_context":{"text":"\u00c4hnlicher Beitrag","link":""},"img":{"alt_text":"","src":"https:\/\/i0.wp.com\/deltaimage.de\/wp\/wp-content\/uploads\/PE5D1378_1200.jpg?fit=1200%2C450&ssl=1&resize=350%2C200","width":350,"height":200,"srcset":"https:\/\/i0.wp.com\/deltaimage.de\/wp\/wp-content\/uploads\/PE5D1378_1200.jpg?fit=1200%2C450&ssl=1&resize=350%2C200 1x, https:\/\/i0.wp.com\/deltaimage.de\/wp\/wp-content\/uploads\/PE5D1378_1200.jpg?fit=1200%2C450&ssl=1&resize=525%2C300 1.5x, https:\/\/i0.wp.com\/deltaimage.de\/wp\/wp-content\/uploads\/PE5D1378_1200.jpg?fit=1200%2C450&ssl=1&resize=700%2C400 2x, https:\/\/i0.wp.com\/deltaimage.de\/wp\/wp-content\/uploads\/PE5D1378_1200.jpg?fit=1200%2C450&ssl=1&resize=1050%2C600 3x"},"classes":[]},{"id":22767,"url":"https:\/\/deltaimage.de\/wp\/?portfolio=naturfototage-fuerstenfeld-fotowalk-fuerstenfeld-architektur-und-technik","url_meta":{"origin":47279,"position":2},"title":"Naturfototage F\u00fcrstenfeld &#8211; Fotowalk F\u00fcrstenfeld Architektur und Technik","author":"EschbacP","date":"8. Oktober 2019","format":false,"excerpt":"Naturfototage und Fotografie erleben vor der eigenen Haust\u00fcre Im Rahmen der Naturfototage F\u00fcrstenfeld im Forum F\u00fcrstenfeld bei F\u00fcrstenfeldbruck bietet Paul Eschbach erstmalig einen gang neuen Workshop Architektur und Technik an. In den Multivisions Shows zeigen die Referenten die sch\u00f6nsten Impressionen aus der ganzen weiten Welt. Amerika, Afrika, Australien und S\u00fcdamerika,\u2026","rel":"","context":"\u00c4hnlicher Beitrag","block_context":{"text":"\u00c4hnlicher Beitrag","link":""},"img":{"alt_text":"","src":"https:\/\/i0.wp.com\/deltaimage.de\/wp\/wp-content\/uploads\/Banner_Naturfototage_Architektur_1200-1.jpg?fit=1200%2C490&ssl=1&resize=350%2C200","width":350,"height":200,"srcset":"https:\/\/i0.wp.com\/deltaimage.de\/wp\/wp-content\/uploads\/Banner_Naturfototage_Architektur_1200-1.jpg?fit=1200%2C490&ssl=1&resize=350%2C200 1x, https:\/\/i0.wp.com\/deltaimage.de\/wp\/wp-content\/uploads\/Banner_Naturfototage_Architektur_1200-1.jpg?fit=1200%2C490&ssl=1&resize=525%2C300 1.5x, https:\/\/i0.wp.com\/deltaimage.de\/wp\/wp-content\/uploads\/Banner_Naturfototage_Architektur_1200-1.jpg?fit=1200%2C490&ssl=1&resize=700%2C400 2x, https:\/\/i0.wp.com\/deltaimage.de\/wp\/wp-content\/uploads\/Banner_Naturfototage_Architektur_1200-1.jpg?fit=1200%2C490&ssl=1&resize=1050%2C600 3x"},"classes":[]},{"id":47241,"url":"https:\/\/deltaimage.de\/wp\/?portfolio=projekt-natur-fotografie","url_meta":{"origin":47279,"position":3},"title":"Veranstalter: projekt Natur &#038; Fotografie","author":"EschbacP","date":"4. Januar 2025","format":false,"excerpt":"Das projekt Natur & Fotografie richtet seit 27 Jahren die Internationalen Naturfototage F\u00fcrstenfeld in F\u00fcrstenfeldbruck bei M\u00fcnchen und Europas gr\u00f6\u00dften Naturfotowettbewerb \"Glanzlichter der Naturfotografie\" aus. Das Projekt sind Mara Fuhrmann und Udo H\u00f6cke und ein gro\u00dfes und begeistertes Team hinter den beiden. \u00a0 Kontaktdaten projekt Natur & Fotografie Schulstr. 7\u2026","rel":"","context":"\u00c4hnlicher Beitrag","block_context":{"text":"\u00c4hnlicher Beitrag","link":""},"img":{"alt_text":"","src":"","width":0,"height":0},"classes":[]},{"id":22766,"url":"https:\/\/deltaimage.de\/wp\/?portfolio=naturfototage-fuerstenfeld-hoch-und-niedermoor-fotografisch-erleben","url_meta":{"origin":47279,"position":4},"title":"Naturfototage F\u00fcrstenfeld &#8211; Hoch- und Niedermoor fotografisch erleben","author":"EschbacP","date":"8. Oktober 2019","format":false,"excerpt":"Naturfototage und Naturfotografie erleben vor der eigenen Haust\u00fcre In den Multivisions Shows zeigen die Referenten die sch\u00f6nsten Impressionen aus der ganzen weiten Welt. Afrika, Australien und S\u00fcdamerika, wenn es schon nicht Island oder gleich die Arktis sein soll. Man k\u00f6nnt jetzt meinen, Naturfotografie ist unmittelbar mit diesen exotischen Orten verbunden.\u2026","rel":"","context":"\u00c4hnlicher Beitrag","block_context":{"text":"\u00c4hnlicher Beitrag","link":""},"img":{"alt_text":"","src":"https:\/\/i0.wp.com\/deltaimage.de\/wp\/wp-content\/uploads\/Banner_Naturfototage_Haspelmoor_1200.jpg?fit=1200%2C489&ssl=1&resize=350%2C200","width":350,"height":200,"srcset":"https:\/\/i0.wp.com\/deltaimage.de\/wp\/wp-content\/uploads\/Banner_Naturfototage_Haspelmoor_1200.jpg?fit=1200%2C489&ssl=1&resize=350%2C200 1x, https:\/\/i0.wp.com\/deltaimage.de\/wp\/wp-content\/uploads\/Banner_Naturfototage_Haspelmoor_1200.jpg?fit=1200%2C489&ssl=1&resize=525%2C300 1.5x, https:\/\/i0.wp.com\/deltaimage.de\/wp\/wp-content\/uploads\/Banner_Naturfototage_Haspelmoor_1200.jpg?fit=1200%2C489&ssl=1&resize=700%2C400 2x, https:\/\/i0.wp.com\/deltaimage.de\/wp\/wp-content\/uploads\/Banner_Naturfototage_Haspelmoor_1200.jpg?fit=1200%2C489&ssl=1&resize=1050%2C600 3x"},"classes":[]},{"id":48222,"url":"https:\/\/deltaimage.de\/wp\/?portfolio=multivisions-vortrag-erich-kuchling-abenteuer-wildes-europa-grasland-wald-wasser-moore-herbst-und-winter-5-4-2025","url_meta":{"origin":47279,"position":5},"title":"Multivisions-Vortrag: Erich Kuchling: &#8222;Abenteuer Wildes Europa: Grasland, Wald, Wasser, Moore, Herbst und Winter&#8220; &#8211; 5.4.2025","author":"EschbacP","date":"3. Januar 2025","format":false,"excerpt":"Im Rahmen der Fest- und Fotoausstellung: Natur- und Moosschutz im Dachauer Moos -\u00a050 Jahre BN Kreisgruppe Dachau im Dachauer Wasserturm findet im 4. Stock auf der Veranstaltungsb\u00fchne ein Themenvortrag statt. \u00a0 Erich Kuchling: Multivisions-Vortrag Abenteuer Wildes Europa: Grasland, Wald, Wasser, Moore, Herbst und Winter","rel":"","context":"\u00c4hnlicher Beitrag","block_context":{"text":"\u00c4hnlicher Beitrag","link":""},"img":{"alt_text":"","src":"https:\/\/i0.wp.com\/deltaimage.de\/wp\/wp-content\/uploads\/Plakat_Wasserturm_Kuchling.jpg?fit=1200%2C450&ssl=1&resize=350%2C200","width":350,"height":200,"srcset":"https:\/\/i0.wp.com\/deltaimage.de\/wp\/wp-content\/uploads\/Plakat_Wasserturm_Kuchling.jpg?fit=1200%2C450&ssl=1&resize=350%2C200 1x, https:\/\/i0.wp.com\/deltaimage.de\/wp\/wp-content\/uploads\/Plakat_Wasserturm_Kuchling.jpg?fit=1200%2C450&ssl=1&resize=525%2C300 1.5x, https:\/\/i0.wp.com\/deltaimage.de\/wp\/wp-content\/uploads\/Plakat_Wasserturm_Kuchling.jpg?fit=1200%2C450&ssl=1&resize=700%2C400 2x, https:\/\/i0.wp.com\/deltaimage.de\/wp\/wp-content\/uploads\/Plakat_Wasserturm_Kuchling.jpg?fit=1200%2C450&ssl=1&resize=1050%2C600 3x"},"classes":[]}],"jetpack_sharing_enabled":true,"_links":{"self":[{"href":"https:\/\/deltaimage.de\/wp\/index.php?rest_route=\/wp\/v2\/jetpack-portfolio\/47279","targetHints":{"allow":["GET"]}}],"collection":[{"href":"https:\/\/deltaimage.de\/wp\/index.php?rest_route=\/wp\/v2\/jetpack-portfolio"}],"about":[{"href":"https:\/\/deltaimage.de\/wp\/index.php?rest_route=\/wp\/v2\/types\/jetpack-portfolio"}],"author":[{"embeddable":true,"href":"https:\/\/deltaimage.de\/wp\/index.php?rest_route=\/wp\/v2\/users\/1"}],"replies":[{"embeddable":true,"href":"https:\/\/deltaimage.de\/wp\/index.php?rest_route=%2Fwp%2Fv2%2Fcomments&post=47279"}],"version-history":[{"count":2,"href":"https:\/\/deltaimage.de\/wp\/index.php?rest_route=\/wp\/v2\/jetpack-portfolio\/47279\/revisions"}],"predecessor-version":[{"id":47460,"href":"https:\/\/deltaimage.de\/wp\/index.php?rest_route=\/wp\/v2\/jetpack-portfolio\/47279\/revisions\/47460"}],"wp:featuredmedia":[{"embeddable":true,"href":"https:\/\/deltaimage.de\/wp\/index.php?rest_route=\/wp\/v2\/media\/18581"}],"wp:attachment":[{"href":"https:\/\/deltaimage.de\/wp\/index.php?rest_route=%2Fwp%2Fv2%2Fmedia&parent=47279"}],"wp:term":[{"taxonomy":"jetpack-portfolio-type","embeddable":true,"href":"https:\/\/deltaimage.de\/wp\/index.php?rest_route=%2Fwp%2Fv2%2Fjetpack-portfolio-type&post=47279"},{"taxonomy":"jetpack-portfolio-tag","embeddable":true,"href":"https:\/\/deltaimage.de\/wp\/index.php?rest_route=%2Fwp%2Fv2%2Fjetpack-portfolio-tag&post=47279"}],"curies":[{"name":"wp","href":"https:\/\/api.w.org\/{rel}","templated":true}]}}