{"id":47682,"date":"2025-01-03T14:45:56","date_gmt":"2025-01-03T13:45:56","guid":{"rendered":"https:\/\/deltaimage.de\/wp\/?post_type=jetpack-portfolio&#038;p=47682"},"modified":"2025-03-28T19:41:36","modified_gmt":"2025-03-28T18:41:36","slug":"themenvortrag-heinz-gibowsky-28-3-2025","status":"publish","type":"jetpack-portfolio","link":"https:\/\/deltaimage.de\/wp\/?portfolio=themenvortrag-heinz-gibowsky-28-3-2025","title":{"rendered":"Themenvortrag Heinz Gibowsky: Landschaftspflege im Niedermoor (Moos) &#8211; 28.3.2025"},"content":{"rendered":"<p>Im Rahmen der <strong>Fest- und Fotoausstellung<\/strong>:<\/p>\n<h1><\/h1>\n<h1 style=\"text-align: center;\">Natur- und Moosschutz im Dachauer Moos &#8211;\u00a050 Jahre BN Kreisgruppe Dachau<\/h1>\n<p>&nbsp;<\/p>\n<p>im <a href=\"https:\/\/dachuerwasserturm.de\"><strong>Dachauer Wasserturm<\/strong><\/a> findet im 3. Stock auf der <strong>Veranstaltungsb\u00fchne<\/strong> ein Themenvortrag statt.<\/p>\n<p>&nbsp;<\/p>\n<h2>Heinz Gibowsky: Landschaftspflege im Niedermoor (Moos)<\/h2>\n<div class=\"su-tabs su-tabs-style-default su-tabs-mobile-stack su-tabs-vertical\" data-active=\"1\" data-scroll-offset=\"0\" data-anchor-in-url=\"no\"><div class=\"su-tabs-nav\"><span class=\"\" data-url=\"\" data-target=\"blank\" tabindex=\"0\" role=\"button\">Vortragsthema<\/span><span class=\"\" data-url=\"\" data-target=\"blank\" tabindex=\"0\" role=\"button\">Datum &amp; Uhrzeit<\/span><span class=\"\" data-url=\"\" data-target=\"blank\" tabindex=\"0\" role=\"button\">ReferentIn<\/span><span class=\"\" data-url=\"\" data-target=\"blank\" tabindex=\"0\" role=\"button\">Hintergrund-Informationen<\/span><\/div><div class=\"su-tabs-panes\"><div class=\"su-tabs-pane su-u-clearfix su-u-trim\" data-title=\"Vortragsthema\">\n<h1>Wie pflegt der BN seine Fl\u00e4chen?<\/h1>\n<p>Biotoppflege f\u00fchren viele durch.\u00a0Was unterscheidet die Pflege des BN von der Pflege z.B. von Landwirten.\u00a0Das <u>wie<\/u>\u00a0macht den Unterschied.<\/p>\n<\/div>\n<div class=\"su-tabs-pane su-u-clearfix su-u-trim\" data-title=\"Datum &amp; Uhrzeit\">\n<ul>\n<li>Freitag<\/li>\n<li>28.3.2025<\/li>\n<li>Wasserturm; 4. Stock in der Veranstaltungsb\u00fchne<\/li>\n<li>18:00 &#8211; 19:00 Uhr<\/li>\n<\/ul>\n<\/div>\n<div class=\"su-tabs-pane su-u-clearfix su-u-trim\" data-title=\"ReferentIn\">\n<h1>Heinz Gibowsky<\/h1>\n<ul>\n<li>Fl\u00e4chen und Biotopmanager. 2. Kreisvorsitzender<\/li>\n<li>BUND Naturschutz in Bayern e.V.<\/li>\n<li>Kreisgruppe Dachau<\/li>\n<li>Delegierter<\/li>\n<li>2. Kreisvorstand<\/li>\n<li>Organisiert seit 25 Jahren die Landschaftspflege in der Kreisgruppe Dachau<\/li>\n<\/ul>\n<p>&nbsp;<\/p>\n<\/div>\n<div class=\"su-tabs-pane su-u-clearfix su-u-trim\" data-title=\"Hintergrund-Informationen\">\n<p>Der BN ist im Landkreis Dachau in der Landschaftspflege im Rahmen des Natur- und Moosschutzes t\u00e4tig. Dabei agiert der BN Kreisgruppe Dachau in drei unterschiedlichen Funktionen zum Wohle von Natur und Landschaft:<\/p>\n<ul>\n<li>Der BN hat im Landkreis Dachau <strong>107 Fl\u00e4chen<\/strong> unterschiedlicher Gr\u00f6\u00dfe im Eigentum.<\/li>\n<li>Der BN hat im Landkreis Dachau <strong>28 Pachtfl\u00e4chen<\/strong> unterschiedlicher Gr\u00f6\u00dfe.<\/li>\n<li>Der BN hat im Landkreis Dachau <strong>29 Pflegefl\u00e4chen<\/strong> unterschiedlicher Gr\u00f6\u00dfe.<\/li>\n<\/ul>\n<p>Die so betreute <strong>Gesamtfl\u00e4che im Landkreis Dachau<\/strong>, einschlie\u00dflich dem Maisacher Moos, umfasst etwa <strong>100 Hektar Naturfl\u00e4che im Eigentum, in Pacht oder in Pflege<\/strong>. Um einen Vergleich zu bekommen, der Landkreis Dachau hat 160.000 EinwohnerInnen (Stand 2025), das bedeutet f\u00fcr jeden Einwohner einer Fl\u00e4che von etwa sechs Quadratmeter. Bei etwa 80.000 zugelassene Fahrzeuge im Landkreis Dachau, entspricht dies f\u00fcr jedes Fahrzeug (Auto, Motorrad, Omnibus, LKW, u.s.w.) eine Fl\u00e4che von etwa <strong>zw\u00f6lf Quadratmetern<\/strong> &#8211; also der Standfl\u00e4che aller Fahrzeuge im Landkreis.<\/p>\n<p>Das h\u00e4tte ich bei weitem nicht so hoch gesch\u00e4tzt.<\/p>\n<\/div><\/div><\/div>\n","protected":false},"excerpt":{"rendered":"<p>Im Rahmen der Fest- und Fotoausstellung: Natur- und Moosschutz im Dachauer Moos &#8211;\u00a050 Jahre BN Kreisgruppe Dachau &nbsp; im Dachauer Wasserturm findet im 3. Stock auf der Veranstaltungsb\u00fchne ein Themenvortrag [&hellip;]<\/p>\n","protected":false},"author":1,"featured_media":47613,"comment_status":"open","ping_status":"closed","template":"","format":"standard","meta":{"wpupg_custom_link":[],"wpupg_custom_link_behaviour":[],"wpupg_custom_link_nofollow":[],"wpupg_custom_image":[],"wpupg_custom_image_id":[],"jetpack_post_was_ever_published":false,"footnotes":""},"jetpack-portfolio-type":[4003],"jetpack-portfolio-tag":[4079,4080,4081,4078,4060,4082],"class_list":["post-47682","jetpack-portfolio","type-jetpack-portfolio","status-publish","format-standard","has-post-thumbnail","hentry","jetpack-portfolio-type-projekt-dachauer-moos-vergangenheit","jetpack-portfolio-tag-50-jahre-bn-kreisgruppe-dacha","jetpack-portfolio-tag-bund-naturschutz-in-bayern-e-v","jetpack-portfolio-tag-dachauer-wasserturm","jetpack-portfolio-tag-dr-roderich-zauscher","jetpack-portfolio-tag-kreisgruppe-dachau","jetpack-portfolio-tag-themenvortrag"],"jetpack-related-posts":[{"id":47684,"url":"https:\/\/deltaimage.de\/wp\/?portfolio=themenvortrag-elisabeth-goepfert-was-ist-das-moos-4-4-2025","url_meta":{"origin":47682,"position":0},"title":"Themenvortrag Elisabeth G\u00f6pfert: Was ist eigentlich das Moos ? Niedermoore im Dachauer Land &#8211; 4.4.2025","author":"EschbacP","date":"3. Januar 2025","format":false,"excerpt":"Themenvortrag Elisabeth G\u00f6pfert: Was ist das Moos? - 4.4.202 \u00a0 Im Rahmen der Fest- und Fotoausstellung: Natur- und Moosschutz im Dachauer Moos -\u00a050 Jahre BN Kreisgruppe Dachau \u00a0 im Dachauer Wasserturm findet im 3. Stock auf der Veranstaltungsb\u00fchne ein Themenvortrag statt. \u00a0 Elisabeth G\u00f6pfert: Was ist eigentlich das Moos? Niedermoore\u2026","rel":"","context":"\u00c4hnlicher Beitrag","block_context":{"text":"\u00c4hnlicher Beitrag","link":""},"img":{"alt_text":"","src":"https:\/\/i0.wp.com\/deltaimage.de\/wp\/wp-content\/uploads\/Plakat_Wasserturm_Goepfert.jpg?fit=1200%2C448&ssl=1&resize=350%2C200","width":350,"height":200,"srcset":"https:\/\/i0.wp.com\/deltaimage.de\/wp\/wp-content\/uploads\/Plakat_Wasserturm_Goepfert.jpg?fit=1200%2C448&ssl=1&resize=350%2C200 1x, https:\/\/i0.wp.com\/deltaimage.de\/wp\/wp-content\/uploads\/Plakat_Wasserturm_Goepfert.jpg?fit=1200%2C448&ssl=1&resize=525%2C300 1.5x, https:\/\/i0.wp.com\/deltaimage.de\/wp\/wp-content\/uploads\/Plakat_Wasserturm_Goepfert.jpg?fit=1200%2C448&ssl=1&resize=700%2C400 2x, https:\/\/i0.wp.com\/deltaimage.de\/wp\/wp-content\/uploads\/Plakat_Wasserturm_Goepfert.jpg?fit=1200%2C448&ssl=1&resize=1050%2C600 3x"},"classes":[]},{"id":47686,"url":"https:\/\/deltaimage.de\/wp\/?portfolio=themenvortrag-dr-roderich-zauscher-moosschutz-11-4-2025","url_meta":{"origin":47682,"position":1},"title":"Themenvortrag Dr. Roderich Zauscher: Moosschutz &#8211; 11.4.2025","author":"EschbacP","date":"3. Januar 2025","format":false,"excerpt":"Im Rahmen der Fest- und Fotoausstellung: Natur- und Moosschutz im Dachauer Moos -\u00a050 Jahre BN Kreisgruppe Dachau im Dachauer Wasserturm findet im 3. Stock auf der Veranstaltungsb\u00fchne ein Themenvortrag statt. \u00a0 Dr. Roderich Zauscher aus Odelzhausen Moosschutz im Dachauer Moos \u00a0 \u00a0","rel":"","context":"\u00c4hnlicher Beitrag","block_context":{"text":"\u00c4hnlicher Beitrag","link":""},"img":{"alt_text":"","src":"https:\/\/i0.wp.com\/deltaimage.de\/wp\/wp-content\/uploads\/Plakat_Wasserturm_Zauscher_2.jpg?fit=1200%2C448&ssl=1&resize=350%2C200","width":350,"height":200,"srcset":"https:\/\/i0.wp.com\/deltaimage.de\/wp\/wp-content\/uploads\/Plakat_Wasserturm_Zauscher_2.jpg?fit=1200%2C448&ssl=1&resize=350%2C200 1x, https:\/\/i0.wp.com\/deltaimage.de\/wp\/wp-content\/uploads\/Plakat_Wasserturm_Zauscher_2.jpg?fit=1200%2C448&ssl=1&resize=525%2C300 1.5x, https:\/\/i0.wp.com\/deltaimage.de\/wp\/wp-content\/uploads\/Plakat_Wasserturm_Zauscher_2.jpg?fit=1200%2C448&ssl=1&resize=700%2C400 2x, https:\/\/i0.wp.com\/deltaimage.de\/wp\/wp-content\/uploads\/Plakat_Wasserturm_Zauscher_2.jpg?fit=1200%2C448&ssl=1&resize=1050%2C600 3x"},"classes":[]},{"id":48167,"url":"https:\/\/deltaimage.de\/wp\/?portfolio=themenvortrag-robert-rossa-das-dachauer-moos-es-war-einmal-ein-niedermoor-13-4-2025","url_meta":{"origin":47682,"position":2},"title":"Themenvortrag Robert Rossa: &#8222;Das Dachauer Moos \u2013 Es war einmal ein Niedermoor\u2026&#8220; &#8211; 13.4.2025","author":"EschbacP","date":"3. November 2024","format":false,"excerpt":"Im Rahmen der Fest- und Fotoausstellung: Natur- und Moosschutz im Dachauer Moos -\u00a050 Jahre BN Kreisgruppe Dachau im Dachauer Wasserturm findet im 4. Stock auf der Veranstaltungsb\u00fchne ein Themenvortrag statt. \u00a0 Robert Rossa Das Dachauer Moos \u2013 Es war einmal ein Niedermoor\u2026.. \u00a0 In den neuen FOTO-Bildb\u00e4nden zum Dachauer Moos\u2026","rel":"","context":"\u00c4hnlicher Beitrag","block_context":{"text":"\u00c4hnlicher Beitrag","link":""},"img":{"alt_text":"","src":"https:\/\/i0.wp.com\/deltaimage.de\/wp\/wp-content\/uploads\/Plakat_Wasserturm_Rossa.jpg?fit=1200%2C452&ssl=1&resize=350%2C200","width":350,"height":200,"srcset":"https:\/\/i0.wp.com\/deltaimage.de\/wp\/wp-content\/uploads\/Plakat_Wasserturm_Rossa.jpg?fit=1200%2C452&ssl=1&resize=350%2C200 1x, https:\/\/i0.wp.com\/deltaimage.de\/wp\/wp-content\/uploads\/Plakat_Wasserturm_Rossa.jpg?fit=1200%2C452&ssl=1&resize=525%2C300 1.5x, https:\/\/i0.wp.com\/deltaimage.de\/wp\/wp-content\/uploads\/Plakat_Wasserturm_Rossa.jpg?fit=1200%2C452&ssl=1&resize=700%2C400 2x, https:\/\/i0.wp.com\/deltaimage.de\/wp\/wp-content\/uploads\/Plakat_Wasserturm_Rossa.jpg?fit=1200%2C452&ssl=1&resize=1050%2C600 3x"},"classes":[]},{"id":48085,"url":"https:\/\/deltaimage.de\/wp\/?portfolio=themenvortrag-lydia-thiel-100-jahre-regulierung-der-glonn-13-4-2025","url_meta":{"origin":47682,"position":3},"title":"Themenvortrag Lydia Thiel: 100 Jahre Regulierung der Glonn &#8211; 13.4.2025","author":"EschbacP","date":"3. November 2024","format":false,"excerpt":"Im Rahmen der Fest- und Fotoausstellung: Natur- und Moosschutz im Dachauer Moos -\u00a050 Jahre BN Kreisgruppe Dachau im Dachauer Wasserturm findet im 4. Stock auf der Veranstaltungsb\u00fchne ein Themenvortrag statt. \u00a0 Lydia Thiel aus Petershausen 100 Jahre Regulierung der Glonn: 1925 - 2025 \u00a0 Das Buch ist bei shop.deltaimage.de erschienen\u2026","rel":"","context":"\u00c4hnlicher Beitrag","block_context":{"text":"\u00c4hnlicher Beitrag","link":""},"img":{"alt_text":"","src":"https:\/\/i0.wp.com\/deltaimage.de\/wp\/wp-content\/uploads\/Plakat_Wasserturm_Thiel.jpg?fit=1200%2C449&ssl=1&resize=350%2C200","width":350,"height":200,"srcset":"https:\/\/i0.wp.com\/deltaimage.de\/wp\/wp-content\/uploads\/Plakat_Wasserturm_Thiel.jpg?fit=1200%2C449&ssl=1&resize=350%2C200 1x, https:\/\/i0.wp.com\/deltaimage.de\/wp\/wp-content\/uploads\/Plakat_Wasserturm_Thiel.jpg?fit=1200%2C449&ssl=1&resize=525%2C300 1.5x, https:\/\/i0.wp.com\/deltaimage.de\/wp\/wp-content\/uploads\/Plakat_Wasserturm_Thiel.jpg?fit=1200%2C449&ssl=1&resize=700%2C400 2x, https:\/\/i0.wp.com\/deltaimage.de\/wp\/wp-content\/uploads\/Plakat_Wasserturm_Thiel.jpg?fit=1200%2C449&ssl=1&resize=1050%2C600 3x"},"classes":[]},{"id":47816,"url":"https:\/\/deltaimage.de\/wp\/?portfolio=buchvorstellung-dr-annegret-braun-hsg-in-der-geschichtswerkstatt-dachau-naturwandel-eine-geschichte-im-dachauer-land-23-3-2025","url_meta":{"origin":47682,"position":4},"title":"Buchvorstellung Dr. Annegret Braun in der Geschichtswerkstatt Dachau: NaturWandel &#8211; Eine Geschichte im Dachauer Land; 23.3.2025","author":"EschbacP","date":"3. Januar 2025","format":false,"excerpt":"Im Rahmen der Fest- und Fotoausstellung: Natur- und Moosschutz im Dachauer Moos -\u00a050 Jahre BN Kreisgruppe Dachau \u00a0 im Dachauer Wasserturm findet im 3. Stock auf der Veranstaltungsb\u00fchne ein Themenvortrag statt. \u00a0 Dr. Annegret Braun: Buchvorstellung \u201eNaturWandel \u2013 eine Geschichte des Dachauer Landes\u201c","rel":"","context":"\u00c4hnlicher Beitrag","block_context":{"text":"\u00c4hnlicher Beitrag","link":""},"img":{"alt_text":"","src":"https:\/\/i0.wp.com\/deltaimage.de\/wp\/wp-content\/uploads\/Plakat_Wasserturm_Braun.jpg?fit=1200%2C451&ssl=1&resize=350%2C200","width":350,"height":200,"srcset":"https:\/\/i0.wp.com\/deltaimage.de\/wp\/wp-content\/uploads\/Plakat_Wasserturm_Braun.jpg?fit=1200%2C451&ssl=1&resize=350%2C200 1x, https:\/\/i0.wp.com\/deltaimage.de\/wp\/wp-content\/uploads\/Plakat_Wasserturm_Braun.jpg?fit=1200%2C451&ssl=1&resize=525%2C300 1.5x, https:\/\/i0.wp.com\/deltaimage.de\/wp\/wp-content\/uploads\/Plakat_Wasserturm_Braun.jpg?fit=1200%2C451&ssl=1&resize=700%2C400 2x, https:\/\/i0.wp.com\/deltaimage.de\/wp\/wp-content\/uploads\/Plakat_Wasserturm_Braun.jpg?fit=1200%2C451&ssl=1&resize=1050%2C600 3x"},"classes":[]},{"id":48193,"url":"https:\/\/deltaimage.de\/wp\/?portfolio=multivisions-vortrag-robert-hoiss-hochmoor-das-haspelmoor-in-farbe-6-4-2025","url_meta":{"origin":47682,"position":5},"title":"Multivisions-Vortrag Robert Hoi\u00df: &#8222;Naturjuwel Haspelmoor \u2013 einzigartig \u2013 geheimnisvoll \u2013 unverzichtbar&#8220;: 6.4.2025","author":"EschbacP","date":"3. Januar 2025","format":false,"excerpt":"Im Rahmen der Fest- und Fotoausstellung: Natur- und Moosschutz im Dachauer Moos -\u00a050 Jahre BN Kreisgruppe Dachau im Dachauer Wasserturm findet im 4. Stock auf der Veranstaltungsb\u00fchne ein Themenvortrag statt. \u00a0 Robert Hoi\u00df: Multivisions-Vortrag: \"Naturjuwel Haspelmoor \u2013 einzigartig \u2013 geheimnisvoll \u2013 unverzichtbar\" Mit dem Multivisions-Vortrag von Robert Hoi\u00df zum n\u00f6rdlichsten\u2026","rel":"","context":"\u00c4hnlicher Beitrag","block_context":{"text":"\u00c4hnlicher Beitrag","link":""},"img":{"alt_text":"","src":"https:\/\/i0.wp.com\/deltaimage.de\/wp\/wp-content\/uploads\/Plakat_Wasserturm_Hoiss-II.jpg?fit=1200%2C450&ssl=1&resize=350%2C200","width":350,"height":200,"srcset":"https:\/\/i0.wp.com\/deltaimage.de\/wp\/wp-content\/uploads\/Plakat_Wasserturm_Hoiss-II.jpg?fit=1200%2C450&ssl=1&resize=350%2C200 1x, https:\/\/i0.wp.com\/deltaimage.de\/wp\/wp-content\/uploads\/Plakat_Wasserturm_Hoiss-II.jpg?fit=1200%2C450&ssl=1&resize=525%2C300 1.5x, https:\/\/i0.wp.com\/deltaimage.de\/wp\/wp-content\/uploads\/Plakat_Wasserturm_Hoiss-II.jpg?fit=1200%2C450&ssl=1&resize=700%2C400 2x, https:\/\/i0.wp.com\/deltaimage.de\/wp\/wp-content\/uploads\/Plakat_Wasserturm_Hoiss-II.jpg?fit=1200%2C450&ssl=1&resize=1050%2C600 3x"},"classes":[]}],"jetpack_sharing_enabled":true,"_links":{"self":[{"href":"https:\/\/deltaimage.de\/wp\/index.php?rest_route=\/wp\/v2\/jetpack-portfolio\/47682","targetHints":{"allow":["GET"]}}],"collection":[{"href":"https:\/\/deltaimage.de\/wp\/index.php?rest_route=\/wp\/v2\/jetpack-portfolio"}],"about":[{"href":"https:\/\/deltaimage.de\/wp\/index.php?rest_route=\/wp\/v2\/types\/jetpack-portfolio"}],"author":[{"embeddable":true,"href":"https:\/\/deltaimage.de\/wp\/index.php?rest_route=\/wp\/v2\/users\/1"}],"replies":[{"embeddable":true,"href":"https:\/\/deltaimage.de\/wp\/index.php?rest_route=%2Fwp%2Fv2%2Fcomments&post=47682"}],"version-history":[{"count":5,"href":"https:\/\/deltaimage.de\/wp\/index.php?rest_route=\/wp\/v2\/jetpack-portfolio\/47682\/revisions"}],"predecessor-version":[{"id":48179,"href":"https:\/\/deltaimage.de\/wp\/index.php?rest_route=\/wp\/v2\/jetpack-portfolio\/47682\/revisions\/48179"}],"wp:featuredmedia":[{"embeddable":true,"href":"https:\/\/deltaimage.de\/wp\/index.php?rest_route=\/wp\/v2\/media\/47613"}],"wp:attachment":[{"href":"https:\/\/deltaimage.de\/wp\/index.php?rest_route=%2Fwp%2Fv2%2Fmedia&parent=47682"}],"wp:term":[{"taxonomy":"jetpack-portfolio-type","embeddable":true,"href":"https:\/\/deltaimage.de\/wp\/index.php?rest_route=%2Fwp%2Fv2%2Fjetpack-portfolio-type&post=47682"},{"taxonomy":"jetpack-portfolio-tag","embeddable":true,"href":"https:\/\/deltaimage.de\/wp\/index.php?rest_route=%2Fwp%2Fv2%2Fjetpack-portfolio-tag&post=47682"}],"curies":[{"name":"wp","href":"https:\/\/api.w.org\/{rel}","templated":true}]}}