{"id":47684,"date":"2025-01-03T14:00:51","date_gmt":"2025-01-03T13:00:51","guid":{"rendered":"https:\/\/deltaimage.de\/wp\/?post_type=jetpack-portfolio&#038;p=47684"},"modified":"2025-04-05T08:48:20","modified_gmt":"2025-04-05T06:48:20","slug":"themenvortrag-elisabeth-goepfert-was-ist-das-moos-4-4-2025","status":"publish","type":"jetpack-portfolio","link":"https:\/\/deltaimage.de\/wp\/?portfolio=themenvortrag-elisabeth-goepfert-was-ist-das-moos-4-4-2025","title":{"rendered":"Themenvortrag Elisabeth G\u00f6pfert: Was ist eigentlich das Moos ? Niedermoore im Dachauer Land &#8211; 4.4.2025"},"content":{"rendered":"<p>Themenvortrag Elisabeth G\u00f6pfert: Was ist das Moos? &#8211; 4.4.202<\/p>\n<p>&nbsp;<\/p>\n<p>Im Rahmen der <strong>Fest- und Fotoausstellung<\/strong>:<\/p>\n<h1><\/h1>\n<h1 style=\"text-align: center;\">Natur- und Moosschutz im Dachauer Moos &#8211;\u00a050 Jahre BN Kreisgruppe Dachau<\/h1>\n<p>&nbsp;<\/p>\n<p>im <a href=\"https:\/\/dachuerwasserturm.de\"><strong>Dachauer Wasserturm<\/strong><\/a> findet im 3. Stock auf der <strong>Veranstaltungsb\u00fchne<\/strong> ein Themenvortrag statt.<\/p>\n<p>&nbsp;<\/p>\n<h2>Elisabeth G\u00f6pfert: Was ist eigentlich das Moos? Niedermoore im Dachauer Land<\/h2>\n<div class=\"su-tabs su-tabs-style-default su-tabs-mobile-stack su-tabs-vertical\" data-active=\"1\" data-scroll-offset=\"0\" data-anchor-in-url=\"no\"><div class=\"su-tabs-nav\"><span class=\"\" data-url=\"\" data-target=\"blank\" tabindex=\"0\" role=\"button\">Vortragsthema<\/span><span class=\"\" data-url=\"\" data-target=\"blank\" tabindex=\"0\" role=\"button\">Datum &amp; Uhrzeit<\/span><span class=\"\" data-url=\"\" data-target=\"blank\" tabindex=\"0\" role=\"button\">ReferentIn<\/span><span class=\"\" data-url=\"\" data-target=\"blank\" tabindex=\"0\" role=\"button\">Hintergrund-Informationen<\/span><\/div><div class=\"su-tabs-panes\"><div class=\"su-tabs-pane su-u-clearfix su-u-trim\" data-title=\"Vortragsthema\">\n<h2>Niedermoore im Dachauer Land<\/h2>\n<p>Anl\u00e4sslich des 50-j\u00e4hrigen Jubil\u00e4ums des Bund Naturschutz Dachau findet im Wasserturm Dachau eine Fotoausstellung statt. In diesem Rahmen findet ein Vortrag zum aktuellen Engagement der Kreisgruppe im Moorschutz im Maisacher und Dachauer Moos statt. Moore haben vielf\u00e4ltige Funktionen und wurden lange untersch\u00e4tzt. Erfahren Sie, wo noch Reste der einst riesigen Niedermoorachse n\u00f6rdlich von M\u00fcnchen zu finden sind und warum und wie sie gesch\u00fctzt werden sollten.<\/p>\n<\/div>\n<div class=\"su-tabs-pane su-u-clearfix su-u-trim\" data-title=\"Datum &amp; Uhrzeit\">\n<ul>\n<li>Freitag<\/li>\n<li>4.4.2025<\/li>\n<li>Wasserturm; 4. Stock in der Veranstaltungsb\u00fchne<\/li>\n<li>19:00 &#8211; 20:00 Uhr<\/li>\n<\/ul>\n<\/div>\n<div class=\"su-tabs-pane su-u-clearfix su-u-trim\" data-title=\"ReferentIn\">\n<p>ReferentIn: <strong>Elisabeth G\u00f6pfert<\/strong><\/p>\n<ul>\n<li><a href=\"https:\/\/dachau.bund-naturschutz.de\"><strong>BUND Naturschutz in Bayern e.V. (BN) &#8211; Kreisgruppe Dachau<\/strong><\/a><\/li>\n<li>Projektmanagerin Kreisgruppe Dachau<\/li>\n<li>Im Projekt Niedermoorverbund Dachauer-Freisinger-Erdinger Moos<\/li>\n<\/ul>\n<\/div>\n<div class=\"su-tabs-pane su-u-clearfix su-u-trim\" data-title=\"Hintergrund-Informationen\">\n<\/div><\/div><\/div>\n","protected":false},"excerpt":{"rendered":"<p>Themenvortrag Elisabeth G\u00f6pfert: Was ist das Moos? &#8211; 4.4.202 &nbsp; Im Rahmen der Fest- und Fotoausstellung: Natur- und Moosschutz im Dachauer Moos &#8211;\u00a050 Jahre BN Kreisgruppe Dachau &nbsp; im Dachauer [&hellip;]<\/p>\n","protected":false},"author":1,"featured_media":47614,"comment_status":"open","ping_status":"closed","template":"","format":"standard","meta":{"wpupg_custom_link":[],"wpupg_custom_link_behaviour":[],"wpupg_custom_link_nofollow":[],"wpupg_custom_image":[],"wpupg_custom_image_id":[],"jetpack_post_was_ever_published":false,"footnotes":""},"jetpack-portfolio-type":[4003],"jetpack-portfolio-tag":[4079,4080,4081,4078,4060,4082],"class_list":["post-47684","jetpack-portfolio","type-jetpack-portfolio","status-publish","format-standard","has-post-thumbnail","hentry","jetpack-portfolio-type-projekt-dachauer-moos-vergangenheit","jetpack-portfolio-tag-50-jahre-bn-kreisgruppe-dacha","jetpack-portfolio-tag-bund-naturschutz-in-bayern-e-v","jetpack-portfolio-tag-dachauer-wasserturm","jetpack-portfolio-tag-dr-roderich-zauscher","jetpack-portfolio-tag-kreisgruppe-dachau","jetpack-portfolio-tag-themenvortrag"],"jetpack-related-posts":[{"id":47686,"url":"https:\/\/deltaimage.de\/wp\/?portfolio=themenvortrag-dr-roderich-zauscher-moosschutz-11-4-2025","url_meta":{"origin":47684,"position":0},"title":"Themenvortrag Dr. Roderich Zauscher: Moosschutz &#8211; 11.4.2025","author":"EschbacP","date":"3. Januar 2025","format":false,"excerpt":"Im Rahmen der Fest- und Fotoausstellung: Natur- und Moosschutz im Dachauer Moos -\u00a050 Jahre BN Kreisgruppe Dachau im Dachauer Wasserturm findet im 3. Stock auf der Veranstaltungsb\u00fchne ein Themenvortrag statt. \u00a0 Dr. Roderich Zauscher aus Odelzhausen Moosschutz im Dachauer Moos \u00a0 \u00a0","rel":"","context":"\u00c4hnlicher Beitrag","block_context":{"text":"\u00c4hnlicher Beitrag","link":""},"img":{"alt_text":"","src":"https:\/\/i0.wp.com\/deltaimage.de\/wp\/wp-content\/uploads\/Plakat_Wasserturm_Zauscher_2.jpg?fit=1200%2C448&ssl=1&resize=350%2C200","width":350,"height":200,"srcset":"https:\/\/i0.wp.com\/deltaimage.de\/wp\/wp-content\/uploads\/Plakat_Wasserturm_Zauscher_2.jpg?fit=1200%2C448&ssl=1&resize=350%2C200 1x, https:\/\/i0.wp.com\/deltaimage.de\/wp\/wp-content\/uploads\/Plakat_Wasserturm_Zauscher_2.jpg?fit=1200%2C448&ssl=1&resize=525%2C300 1.5x, https:\/\/i0.wp.com\/deltaimage.de\/wp\/wp-content\/uploads\/Plakat_Wasserturm_Zauscher_2.jpg?fit=1200%2C448&ssl=1&resize=700%2C400 2x, https:\/\/i0.wp.com\/deltaimage.de\/wp\/wp-content\/uploads\/Plakat_Wasserturm_Zauscher_2.jpg?fit=1200%2C448&ssl=1&resize=1050%2C600 3x"},"classes":[]},{"id":47682,"url":"https:\/\/deltaimage.de\/wp\/?portfolio=themenvortrag-heinz-gibowsky-28-3-2025","url_meta":{"origin":47684,"position":1},"title":"Themenvortrag Heinz Gibowsky: Landschaftspflege im Niedermoor (Moos) &#8211; 28.3.2025","author":"EschbacP","date":"3. Januar 2025","format":false,"excerpt":"Im Rahmen der Fest- und Fotoausstellung: Natur- und Moosschutz im Dachauer Moos -\u00a050 Jahre BN Kreisgruppe Dachau \u00a0 im Dachauer Wasserturm findet im 3. Stock auf der Veranstaltungsb\u00fchne ein Themenvortrag statt. \u00a0 Heinz Gibowsky: Landschaftspflege im Niedermoor (Moos)","rel":"","context":"\u00c4hnlicher Beitrag","block_context":{"text":"\u00c4hnlicher Beitrag","link":""},"img":{"alt_text":"","src":"https:\/\/i0.wp.com\/deltaimage.de\/wp\/wp-content\/uploads\/Plakat_Wasserturm_Gibowsky.jpg?fit=1200%2C447&ssl=1&resize=350%2C200","width":350,"height":200,"srcset":"https:\/\/i0.wp.com\/deltaimage.de\/wp\/wp-content\/uploads\/Plakat_Wasserturm_Gibowsky.jpg?fit=1200%2C447&ssl=1&resize=350%2C200 1x, https:\/\/i0.wp.com\/deltaimage.de\/wp\/wp-content\/uploads\/Plakat_Wasserturm_Gibowsky.jpg?fit=1200%2C447&ssl=1&resize=525%2C300 1.5x, https:\/\/i0.wp.com\/deltaimage.de\/wp\/wp-content\/uploads\/Plakat_Wasserturm_Gibowsky.jpg?fit=1200%2C447&ssl=1&resize=700%2C400 2x, https:\/\/i0.wp.com\/deltaimage.de\/wp\/wp-content\/uploads\/Plakat_Wasserturm_Gibowsky.jpg?fit=1200%2C447&ssl=1&resize=1050%2C600 3x"},"classes":[]},{"id":48085,"url":"https:\/\/deltaimage.de\/wp\/?portfolio=themenvortrag-lydia-thiel-100-jahre-regulierung-der-glonn-13-4-2025","url_meta":{"origin":47684,"position":2},"title":"Themenvortrag Lydia Thiel: 100 Jahre Regulierung der Glonn &#8211; 13.4.2025","author":"EschbacP","date":"3. November 2024","format":false,"excerpt":"Im Rahmen der Fest- und Fotoausstellung: Natur- und Moosschutz im Dachauer Moos -\u00a050 Jahre BN Kreisgruppe Dachau im Dachauer Wasserturm findet im 4. Stock auf der Veranstaltungsb\u00fchne ein Themenvortrag statt. \u00a0 Lydia Thiel aus Petershausen 100 Jahre Regulierung der Glonn: 1925 - 2025 \u00a0 Das Buch ist bei shop.deltaimage.de erschienen\u2026","rel":"","context":"\u00c4hnlicher Beitrag","block_context":{"text":"\u00c4hnlicher Beitrag","link":""},"img":{"alt_text":"","src":"https:\/\/i0.wp.com\/deltaimage.de\/wp\/wp-content\/uploads\/Plakat_Wasserturm_Thiel.jpg?fit=1200%2C449&ssl=1&resize=350%2C200","width":350,"height":200,"srcset":"https:\/\/i0.wp.com\/deltaimage.de\/wp\/wp-content\/uploads\/Plakat_Wasserturm_Thiel.jpg?fit=1200%2C449&ssl=1&resize=350%2C200 1x, https:\/\/i0.wp.com\/deltaimage.de\/wp\/wp-content\/uploads\/Plakat_Wasserturm_Thiel.jpg?fit=1200%2C449&ssl=1&resize=525%2C300 1.5x, https:\/\/i0.wp.com\/deltaimage.de\/wp\/wp-content\/uploads\/Plakat_Wasserturm_Thiel.jpg?fit=1200%2C449&ssl=1&resize=700%2C400 2x, https:\/\/i0.wp.com\/deltaimage.de\/wp\/wp-content\/uploads\/Plakat_Wasserturm_Thiel.jpg?fit=1200%2C449&ssl=1&resize=1050%2C600 3x"},"classes":[]},{"id":48167,"url":"https:\/\/deltaimage.de\/wp\/?portfolio=themenvortrag-robert-rossa-das-dachauer-moos-es-war-einmal-ein-niedermoor-13-4-2025","url_meta":{"origin":47684,"position":3},"title":"Themenvortrag Robert Rossa: &#8222;Das Dachauer Moos \u2013 Es war einmal ein Niedermoor\u2026&#8220; &#8211; 13.4.2025","author":"EschbacP","date":"3. November 2024","format":false,"excerpt":"Im Rahmen der Fest- und Fotoausstellung: Natur- und Moosschutz im Dachauer Moos -\u00a050 Jahre BN Kreisgruppe Dachau im Dachauer Wasserturm findet im 4. Stock auf der Veranstaltungsb\u00fchne ein Themenvortrag statt. \u00a0 Robert Rossa Das Dachauer Moos \u2013 Es war einmal ein Niedermoor\u2026.. \u00a0 In den neuen FOTO-Bildb\u00e4nden zum Dachauer Moos\u2026","rel":"","context":"\u00c4hnlicher Beitrag","block_context":{"text":"\u00c4hnlicher Beitrag","link":""},"img":{"alt_text":"","src":"https:\/\/i0.wp.com\/deltaimage.de\/wp\/wp-content\/uploads\/Plakat_Wasserturm_Rossa.jpg?fit=1200%2C452&ssl=1&resize=350%2C200","width":350,"height":200,"srcset":"https:\/\/i0.wp.com\/deltaimage.de\/wp\/wp-content\/uploads\/Plakat_Wasserturm_Rossa.jpg?fit=1200%2C452&ssl=1&resize=350%2C200 1x, https:\/\/i0.wp.com\/deltaimage.de\/wp\/wp-content\/uploads\/Plakat_Wasserturm_Rossa.jpg?fit=1200%2C452&ssl=1&resize=525%2C300 1.5x, https:\/\/i0.wp.com\/deltaimage.de\/wp\/wp-content\/uploads\/Plakat_Wasserturm_Rossa.jpg?fit=1200%2C452&ssl=1&resize=700%2C400 2x, https:\/\/i0.wp.com\/deltaimage.de\/wp\/wp-content\/uploads\/Plakat_Wasserturm_Rossa.jpg?fit=1200%2C452&ssl=1&resize=1050%2C600 3x"},"classes":[]},{"id":47816,"url":"https:\/\/deltaimage.de\/wp\/?portfolio=buchvorstellung-dr-annegret-braun-hsg-in-der-geschichtswerkstatt-dachau-naturwandel-eine-geschichte-im-dachauer-land-23-3-2025","url_meta":{"origin":47684,"position":4},"title":"Buchvorstellung Dr. Annegret Braun in der Geschichtswerkstatt Dachau: NaturWandel &#8211; Eine Geschichte im Dachauer Land; 23.3.2025","author":"EschbacP","date":"3. Januar 2025","format":false,"excerpt":"Im Rahmen der Fest- und Fotoausstellung: Natur- und Moosschutz im Dachauer Moos -\u00a050 Jahre BN Kreisgruppe Dachau \u00a0 im Dachauer Wasserturm findet im 3. Stock auf der Veranstaltungsb\u00fchne ein Themenvortrag statt. \u00a0 Dr. Annegret Braun: Buchvorstellung \u201eNaturWandel \u2013 eine Geschichte des Dachauer Landes\u201c","rel":"","context":"\u00c4hnlicher Beitrag","block_context":{"text":"\u00c4hnlicher Beitrag","link":""},"img":{"alt_text":"","src":"https:\/\/i0.wp.com\/deltaimage.de\/wp\/wp-content\/uploads\/Plakat_Wasserturm_Braun.jpg?fit=1200%2C451&ssl=1&resize=350%2C200","width":350,"height":200,"srcset":"https:\/\/i0.wp.com\/deltaimage.de\/wp\/wp-content\/uploads\/Plakat_Wasserturm_Braun.jpg?fit=1200%2C451&ssl=1&resize=350%2C200 1x, https:\/\/i0.wp.com\/deltaimage.de\/wp\/wp-content\/uploads\/Plakat_Wasserturm_Braun.jpg?fit=1200%2C451&ssl=1&resize=525%2C300 1.5x, https:\/\/i0.wp.com\/deltaimage.de\/wp\/wp-content\/uploads\/Plakat_Wasserturm_Braun.jpg?fit=1200%2C451&ssl=1&resize=700%2C400 2x, https:\/\/i0.wp.com\/deltaimage.de\/wp\/wp-content\/uploads\/Plakat_Wasserturm_Braun.jpg?fit=1200%2C451&ssl=1&resize=1050%2C600 3x"},"classes":[]},{"id":47912,"url":"https:\/\/deltaimage.de\/wp\/?portfolio=themenvortrag-walter-drechsler-eisvogel-an-der-amper-29-3-2025","url_meta":{"origin":47684,"position":5},"title":"Themenvortrag Walter Drechsler: Eisvogel an der Amper &#8211; 29.3.2025","author":"EschbacP","date":"3. Januar 2025","format":false,"excerpt":"Im Rahmen der Fest- und Fotoausstellung: Natur- und Moosschutz im Dachauer Moos -\u00a050 Jahre BN Kreisgruppe Dachau im Dachauer Wasserturm findet im 3. Stock auf der Veranstaltungsb\u00fchne ein Themenvortrag statt. \u00a0 Walter Drechsler aus Haimhausen Eisvogel - die fliegenden Edelsteine an der Amper \u00a0 Staunen Sie \u00fcber die Sch\u00f6nheiten der\u2026","rel":"","context":"\u00c4hnlicher Beitrag","block_context":{"text":"\u00c4hnlicher Beitrag","link":""},"img":{"alt_text":"","src":"https:\/\/i0.wp.com\/deltaimage.de\/wp\/wp-content\/uploads\/Plakat_Wasserturm_Eisvogel.jpg?fit=1200%2C450&ssl=1&resize=350%2C200","width":350,"height":200,"srcset":"https:\/\/i0.wp.com\/deltaimage.de\/wp\/wp-content\/uploads\/Plakat_Wasserturm_Eisvogel.jpg?fit=1200%2C450&ssl=1&resize=350%2C200 1x, https:\/\/i0.wp.com\/deltaimage.de\/wp\/wp-content\/uploads\/Plakat_Wasserturm_Eisvogel.jpg?fit=1200%2C450&ssl=1&resize=525%2C300 1.5x, https:\/\/i0.wp.com\/deltaimage.de\/wp\/wp-content\/uploads\/Plakat_Wasserturm_Eisvogel.jpg?fit=1200%2C450&ssl=1&resize=700%2C400 2x, https:\/\/i0.wp.com\/deltaimage.de\/wp\/wp-content\/uploads\/Plakat_Wasserturm_Eisvogel.jpg?fit=1200%2C450&ssl=1&resize=1050%2C600 3x"},"classes":[]}],"jetpack_sharing_enabled":true,"_links":{"self":[{"href":"https:\/\/deltaimage.de\/wp\/index.php?rest_route=\/wp\/v2\/jetpack-portfolio\/47684","targetHints":{"allow":["GET"]}}],"collection":[{"href":"https:\/\/deltaimage.de\/wp\/index.php?rest_route=\/wp\/v2\/jetpack-portfolio"}],"about":[{"href":"https:\/\/deltaimage.de\/wp\/index.php?rest_route=\/wp\/v2\/types\/jetpack-portfolio"}],"author":[{"embeddable":true,"href":"https:\/\/deltaimage.de\/wp\/index.php?rest_route=\/wp\/v2\/users\/1"}],"replies":[{"embeddable":true,"href":"https:\/\/deltaimage.de\/wp\/index.php?rest_route=%2Fwp%2Fv2%2Fcomments&post=47684"}],"version-history":[{"count":5,"href":"https:\/\/deltaimage.de\/wp\/index.php?rest_route=\/wp\/v2\/jetpack-portfolio\/47684\/revisions"}],"predecessor-version":[{"id":48184,"href":"https:\/\/deltaimage.de\/wp\/index.php?rest_route=\/wp\/v2\/jetpack-portfolio\/47684\/revisions\/48184"}],"wp:featuredmedia":[{"embeddable":true,"href":"https:\/\/deltaimage.de\/wp\/index.php?rest_route=\/wp\/v2\/media\/47614"}],"wp:attachment":[{"href":"https:\/\/deltaimage.de\/wp\/index.php?rest_route=%2Fwp%2Fv2%2Fmedia&parent=47684"}],"wp:term":[{"taxonomy":"jetpack-portfolio-type","embeddable":true,"href":"https:\/\/deltaimage.de\/wp\/index.php?rest_route=%2Fwp%2Fv2%2Fjetpack-portfolio-type&post=47684"},{"taxonomy":"jetpack-portfolio-tag","embeddable":true,"href":"https:\/\/deltaimage.de\/wp\/index.php?rest_route=%2Fwp%2Fv2%2Fjetpack-portfolio-tag&post=47684"}],"curies":[{"name":"wp","href":"https:\/\/api.w.org\/{rel}","templated":true}]}}