{"id":47696,"date":"2025-01-24T12:27:21","date_gmt":"2025-01-24T11:27:21","guid":{"rendered":"https:\/\/deltaimage.de\/wp\/?post_type=jetpack-portfolio&#038;p=47696"},"modified":"2025-11-05T21:08:10","modified_gmt":"2025-11-05T20:08:10","slug":"vernissage-und-buchpraesentation-naturwandel-eine-geschichte-im-dachauer-land-geschichtswerkstatt-19-3-2025","status":"publish","type":"jetpack-portfolio","link":"https:\/\/deltaimage.de\/wp\/?portfolio=vernissage-und-buchpraesentation-naturwandel-eine-geschichte-im-dachauer-land-geschichtswerkstatt-19-3-2025","title":{"rendered":"Vernissage und Buchpr\u00e4sentation: NaturWandel &#8211; Eine Geschichte im Dachauer Land: Geschichtswerkstatt &#8211; 19.3.2025"},"content":{"rendered":"<p>Vernissage (Ausstellungser\u00f6ffnung) in der Haupthalle der Sparkasse Dachau Hauptstelle am Sparkassenplatz 1<\/p>\n<p>Buchpr\u00e4sentation: NaturWandel &#8211; Eine Geschichte im Dachauer Land: Geschichtswerkstatt &#8211; 19.3.2025<\/p>\n<p><img data-recalc-dims=\"1\" loading=\"lazy\" decoding=\"async\" data-attachment-id=\"47944\" data-permalink=\"https:\/\/deltaimage.de\/wp\/?attachment_id=47944#main\" data-orig-file=\"https:\/\/i0.wp.com\/deltaimage.de\/wp\/wp-content\/uploads\/NaturWandel-Dachauer-Land_II-600.jpg?fit=422%2C600&amp;ssl=1\" data-orig-size=\"422,600\" data-comments-opened=\"1\" data-image-meta=\"{&quot;aperture&quot;:&quot;0&quot;,&quot;credit&quot;:&quot;Paul Eschbach&quot;,&quot;camera&quot;:&quot;&quot;,&quot;caption&quot;:&quot;&quot;,&quot;created_timestamp&quot;:&quot;1740595097&quot;,&quot;copyright&quot;:&quot;&quot;,&quot;focal_length&quot;:&quot;0&quot;,&quot;iso&quot;:&quot;0&quot;,&quot;shutter_speed&quot;:&quot;0&quot;,&quot;title&quot;:&quot;&quot;,&quot;orientation&quot;:&quot;1&quot;}\" data-image-title=\"NaturWandel Dachauer Land_II-600\" data-image-description=\"\" data-image-caption=\"\" data-large-file=\"https:\/\/i0.wp.com\/deltaimage.de\/wp\/wp-content\/uploads\/NaturWandel-Dachauer-Land_II-600.jpg?fit=422%2C600&amp;ssl=1\" class=\"aligncenter size-full wp-image-47944\" src=\"https:\/\/i0.wp.com\/deltaimage.de\/wp\/wp-content\/uploads\/NaturWandel-Dachauer-Land_II-600.jpg?resize=422%2C600&#038;ssl=1\" alt=\"\" width=\"422\" height=\"600\" srcset=\"https:\/\/i0.wp.com\/deltaimage.de\/wp\/wp-content\/uploads\/NaturWandel-Dachauer-Land_II-600.jpg?w=422&amp;ssl=1 422w, https:\/\/i0.wp.com\/deltaimage.de\/wp\/wp-content\/uploads\/NaturWandel-Dachauer-Land_II-600.jpg?resize=141%2C200&amp;ssl=1 141w, https:\/\/i0.wp.com\/deltaimage.de\/wp\/wp-content\/uploads\/NaturWandel-Dachauer-Land_II-600.jpg?resize=281%2C400&amp;ssl=1 281w\" sizes=\"auto, (max-width: 422px) 100vw, 422px\" \/><\/p>\n","protected":false},"excerpt":{"rendered":"<p>Vernissage (Ausstellungser\u00f6ffnung) in der Haupthalle der Sparkasse Dachau Hauptstelle am Sparkassenplatz 1 Buchpr\u00e4sentation: NaturWandel &#8211; Eine Geschichte im Dachauer Land: Geschichtswerkstatt &#8211; 19.3.2025<\/p>\n","protected":false},"author":1,"featured_media":48329,"comment_status":"open","ping_status":"closed","template":"","format":"standard","meta":{"wpupg_custom_link":[],"wpupg_custom_link_behaviour":[],"wpupg_custom_link_nofollow":[],"wpupg_custom_image":[],"wpupg_custom_image_id":[],"jetpack_post_was_ever_published":false,"footnotes":""},"jetpack-portfolio-type":[1271,4210,4003],"jetpack-portfolio-tag":[4087,4089,4083,4084,4085,4088,4086],"class_list":["post-47696","jetpack-portfolio","type-jetpack-portfolio","status-publish","format-standard","has-post-thumbnail","hentry","jetpack-portfolio-type-buch","jetpack-portfolio-type-delta","jetpack-portfolio-type-projekt-dachauer-moos-vergangenheit","jetpack-portfolio-tag-ausstellung","jetpack-portfolio-tag-begleitende-ausstellungspublikation","jetpack-portfolio-tag-dachauer-forum-e-v","jetpack-portfolio-tag-geschichtswerkstatt-im-landkreis-dachau","jetpack-portfolio-tag-naturwelten","jetpack-portfolio-tag-sparkasse-dachau-hauptstelle","jetpack-portfolio-tag-vernissage"],"jetpack-related-posts":[{"id":52923,"url":"https:\/\/deltaimage.de\/wp\/?portfolio=vernissage-und-buchpraesentation-naturwandel-eine-geschichte-im-dachauer-land-geschichtswerkstatt-21-11-2025","url_meta":{"origin":47696,"position":0},"title":"Vernissage und Buchpr\u00e4sentation: NaturWandel &#8211; Eine Geschichte im Dachauer Land: Geschichtswerkstatt &#8211; 21.11.2025","author":"EschbacP","date":"5. November 2025","format":false,"excerpt":"Vernissage (Ausstellungser\u00f6ffnung) im Rathaus Sulzemoos, Kirchstr. 3, 85254 Sulzemoos Buchpr\u00e4sentation: NaturWandel - Eine Geschichte im Dachauer Land: Geschichtswerkstatt - 21.11.2025","rel":"","context":"\u00c4hnlicher Beitrag","block_context":{"text":"\u00c4hnlicher Beitrag","link":""},"img":{"alt_text":"","src":"https:\/\/i0.wp.com\/deltaimage.de\/wp\/wp-content\/uploads\/Plakate_NaturWelten_Sulzemoos_Vernissage_1200-450.webp?fit=1200%2C450&ssl=1&resize=350%2C200","width":350,"height":200,"srcset":"https:\/\/i0.wp.com\/deltaimage.de\/wp\/wp-content\/uploads\/Plakate_NaturWelten_Sulzemoos_Vernissage_1200-450.webp?fit=1200%2C450&ssl=1&resize=350%2C200 1x, https:\/\/i0.wp.com\/deltaimage.de\/wp\/wp-content\/uploads\/Plakate_NaturWelten_Sulzemoos_Vernissage_1200-450.webp?fit=1200%2C450&ssl=1&resize=525%2C300 1.5x, https:\/\/i0.wp.com\/deltaimage.de\/wp\/wp-content\/uploads\/Plakate_NaturWelten_Sulzemoos_Vernissage_1200-450.webp?fit=1200%2C450&ssl=1&resize=700%2C400 2x, https:\/\/i0.wp.com\/deltaimage.de\/wp\/wp-content\/uploads\/Plakate_NaturWelten_Sulzemoos_Vernissage_1200-450.webp?fit=1200%2C450&ssl=1&resize=1050%2C600 3x"},"classes":[]},{"id":52925,"url":"https:\/\/deltaimage.de\/wp\/?portfolio=ausstellung-naturwandel-eine-geschichte-im-dachauer-land-geschichtswerkstatt-21-11-13-12-2025","url_meta":{"origin":47696,"position":1},"title":"Ausstellung: NaturWandel &#8211; Eine Geschichte im Dachauer Land: Geschichtswerkstatt &#8211; 21.11. &#8211; 13.12.2025","author":"EschbacP","date":"5. November 2025","format":false,"excerpt":"Ausstellung im Rathaus Sulzemoos, Kirchstr. 3, 85254 Sulzemoos NaturWandel - Eine Geschichte im Dachauer Land: Geschichtswerkstatt - 21.11. - 13.12.2025","rel":"","context":"\u00c4hnlicher Beitrag","block_context":{"text":"\u00c4hnlicher Beitrag","link":""},"img":{"alt_text":"","src":"https:\/\/i0.wp.com\/deltaimage.de\/wp\/wp-content\/uploads\/Plakate_NaturWelten_Sulzemoos_1200-450.jpg?fit=1200%2C450&ssl=1&resize=350%2C200","width":350,"height":200,"srcset":"https:\/\/i0.wp.com\/deltaimage.de\/wp\/wp-content\/uploads\/Plakate_NaturWelten_Sulzemoos_1200-450.jpg?fit=1200%2C450&ssl=1&resize=350%2C200 1x, https:\/\/i0.wp.com\/deltaimage.de\/wp\/wp-content\/uploads\/Plakate_NaturWelten_Sulzemoos_1200-450.jpg?fit=1200%2C450&ssl=1&resize=525%2C300 1.5x, https:\/\/i0.wp.com\/deltaimage.de\/wp\/wp-content\/uploads\/Plakate_NaturWelten_Sulzemoos_1200-450.jpg?fit=1200%2C450&ssl=1&resize=700%2C400 2x, https:\/\/i0.wp.com\/deltaimage.de\/wp\/wp-content\/uploads\/Plakate_NaturWelten_Sulzemoos_1200-450.jpg?fit=1200%2C450&ssl=1&resize=1050%2C600 3x"},"classes":[]},{"id":47816,"url":"https:\/\/deltaimage.de\/wp\/?portfolio=buchvorstellung-dr-annegret-braun-hsg-in-der-geschichtswerkstatt-dachau-naturwandel-eine-geschichte-im-dachauer-land-23-3-2025","url_meta":{"origin":47696,"position":2},"title":"Buchvorstellung Dr. Annegret Braun in der Geschichtswerkstatt Dachau: NaturWandel &#8211; Eine Geschichte im Dachauer Land; 23.3.2025","author":"EschbacP","date":"3. Januar 2025","format":false,"excerpt":"Im Rahmen der Fest- und Fotoausstellung: Natur- und Moosschutz im Dachauer Moos -\u00a050 Jahre BN Kreisgruppe Dachau \u00a0 im Dachauer Wasserturm findet im 3. Stock auf der Veranstaltungsb\u00fchne ein Themenvortrag statt. \u00a0 Dr. Annegret Braun: Buchvorstellung \u201eNaturWandel \u2013 eine Geschichte des Dachauer Landes\u201c","rel":"","context":"\u00c4hnlicher Beitrag","block_context":{"text":"\u00c4hnlicher Beitrag","link":""},"img":{"alt_text":"","src":"https:\/\/i0.wp.com\/deltaimage.de\/wp\/wp-content\/uploads\/Plakat_Wasserturm_Braun.jpg?fit=1200%2C451&ssl=1&resize=350%2C200","width":350,"height":200,"srcset":"https:\/\/i0.wp.com\/deltaimage.de\/wp\/wp-content\/uploads\/Plakat_Wasserturm_Braun.jpg?fit=1200%2C451&ssl=1&resize=350%2C200 1x, https:\/\/i0.wp.com\/deltaimage.de\/wp\/wp-content\/uploads\/Plakat_Wasserturm_Braun.jpg?fit=1200%2C451&ssl=1&resize=525%2C300 1.5x, https:\/\/i0.wp.com\/deltaimage.de\/wp\/wp-content\/uploads\/Plakat_Wasserturm_Braun.jpg?fit=1200%2C451&ssl=1&resize=700%2C400 2x, https:\/\/i0.wp.com\/deltaimage.de\/wp\/wp-content\/uploads\/Plakat_Wasserturm_Braun.jpg?fit=1200%2C451&ssl=1&resize=1050%2C600 3x"},"classes":[]},{"id":48085,"url":"https:\/\/deltaimage.de\/wp\/?portfolio=themenvortrag-lydia-thiel-100-jahre-regulierung-der-glonn-13-4-2025","url_meta":{"origin":47696,"position":3},"title":"Themenvortrag Lydia Thiel: 100 Jahre Regulierung der Glonn &#8211; 13.4.2025","author":"EschbacP","date":"3. November 2024","format":false,"excerpt":"Im Rahmen der Fest- und Fotoausstellung: Natur- und Moosschutz im Dachauer Moos -\u00a050 Jahre BN Kreisgruppe Dachau im Dachauer Wasserturm findet im 4. Stock auf der Veranstaltungsb\u00fchne ein Themenvortrag statt. \u00a0 Lydia Thiel aus Petershausen 100 Jahre Regulierung der Glonn: 1925 - 2025 \u00a0 Das Buch ist bei shop.deltaimage.de erschienen\u2026","rel":"","context":"\u00c4hnlicher Beitrag","block_context":{"text":"\u00c4hnlicher Beitrag","link":""},"img":{"alt_text":"","src":"https:\/\/i0.wp.com\/deltaimage.de\/wp\/wp-content\/uploads\/Plakat_Wasserturm_Thiel.jpg?fit=1200%2C449&ssl=1&resize=350%2C200","width":350,"height":200,"srcset":"https:\/\/i0.wp.com\/deltaimage.de\/wp\/wp-content\/uploads\/Plakat_Wasserturm_Thiel.jpg?fit=1200%2C449&ssl=1&resize=350%2C200 1x, https:\/\/i0.wp.com\/deltaimage.de\/wp\/wp-content\/uploads\/Plakat_Wasserturm_Thiel.jpg?fit=1200%2C449&ssl=1&resize=525%2C300 1.5x, https:\/\/i0.wp.com\/deltaimage.de\/wp\/wp-content\/uploads\/Plakat_Wasserturm_Thiel.jpg?fit=1200%2C449&ssl=1&resize=700%2C400 2x, https:\/\/i0.wp.com\/deltaimage.de\/wp\/wp-content\/uploads\/Plakat_Wasserturm_Thiel.jpg?fit=1200%2C449&ssl=1&resize=1050%2C600 3x"},"classes":[]},{"id":52921,"url":"https:\/\/deltaimage.de\/wp\/?portfolio=vernissage-zur-foto-ausstellung-in-maisach-fussberger-moos-im-maisacher-moos-paul-eschbach-9-5-2025","url_meta":{"origin":47696,"position":4},"title":"Vernissage zur Foto-Ausstellung in Maisach: Fu\u00dfberger Moos im Maisacher Moos \u2013 Paul Eschbach: 9.5.2025","author":"EschbacP","date":"5. November 2025","format":false,"excerpt":"Vernissage Fr. 9.5.2025 18:00 - 21:00 Uhr Eintritt frei \u00d6ffnungszeiten im Gemeindezentrum Sa & So (10.5., 11.5.17.5. 18.5.) : 13:00 - 18:00 Uhr Werktage (12.5. - 16.5.2025): 14:00 - 18:00 Uhr Eine\u00a0Foto-Ausstellung\u00a0in\u00a0Maisach, in den R\u00e4umen der\u00a0Volkshochschule VHS Bergkirchen, \u00fcber die fotografischen Sch\u00f6nheiten in der\u00a0Niedermoor-Landschaft\u00a0im\u00a0Palsweiser Moos\u00a0\u2013 dem Dachauer Teil des\u00a0Maisacher Mooses;\u2026","rel":"","context":"\u00c4hnlicher Beitrag","block_context":{"text":"\u00c4hnlicher Beitrag","link":""},"img":{"alt_text":"","src":"https:\/\/i0.wp.com\/deltaimage.de\/wp\/wp-content\/uploads\/Plakat_Maisach-1200-1.jpg?fit=1200%2C449&ssl=1&resize=350%2C200","width":350,"height":200,"srcset":"https:\/\/i0.wp.com\/deltaimage.de\/wp\/wp-content\/uploads\/Plakat_Maisach-1200-1.jpg?fit=1200%2C449&ssl=1&resize=350%2C200 1x, https:\/\/i0.wp.com\/deltaimage.de\/wp\/wp-content\/uploads\/Plakat_Maisach-1200-1.jpg?fit=1200%2C449&ssl=1&resize=525%2C300 1.5x, https:\/\/i0.wp.com\/deltaimage.de\/wp\/wp-content\/uploads\/Plakat_Maisach-1200-1.jpg?fit=1200%2C449&ssl=1&resize=700%2C400 2x, https:\/\/i0.wp.com\/deltaimage.de\/wp\/wp-content\/uploads\/Plakat_Maisach-1200-1.jpg?fit=1200%2C449&ssl=1&resize=1050%2C600 3x"},"classes":[]},{"id":52487,"url":"https:\/\/deltaimage.de\/wp\/?portfolio=vernissage-zur-foto-ausstellung-in-bergkirchen-palsweiser-moos-im-maisacher-moos-paul-eschbach-17-10-2025-2","url_meta":{"origin":47696,"position":5},"title":"Vernissage zur Foto-Ausstellung in Bergkirchen: Palsweiser Moos im Maisacher Moos \u2013 Paul Eschbach \u2013 17.10.2025","author":"EschbacP","date":"14. Oktober 2025","format":false,"excerpt":"17. Oktober 2025 Eintritt frei Eine\u00a0Foto-Ausstellung\u00a0in\u00a0Bergkirchen, in den R\u00e4umen der\u00a0Volkshochschule VHS Bergkirchen, \u00fcber die fotografischen Sch\u00f6nheiten in der\u00a0Niedermoor-Landschaft\u00a0im\u00a0Palsweiser Moos\u00a0\u2013 dem Dachauer Teil des\u00a0Maisacher Mooses; von und mit dem\u00a0Dachauer Fotografen Paul Eschbach. VHS Bergkirchen e.V. Bildungszentrum Gesch\u00e4ftsstelle im \u201eBruggerhaus\u201c R\u00f6merstra\u00dfe 3 85232 Bergkirchen \u00a0","rel":"","context":"\u00c4hnlicher Beitrag","block_context":{"text":"\u00c4hnlicher Beitrag","link":""},"img":{"alt_text":"","src":"https:\/\/i0.wp.com\/deltaimage.de\/wp\/wp-content\/uploads\/Plakat_Bergkirchen_Ausstellung-1200.jpg?fit=1200%2C450&ssl=1&resize=350%2C200","width":350,"height":200,"srcset":"https:\/\/i0.wp.com\/deltaimage.de\/wp\/wp-content\/uploads\/Plakat_Bergkirchen_Ausstellung-1200.jpg?fit=1200%2C450&ssl=1&resize=350%2C200 1x, https:\/\/i0.wp.com\/deltaimage.de\/wp\/wp-content\/uploads\/Plakat_Bergkirchen_Ausstellung-1200.jpg?fit=1200%2C450&ssl=1&resize=525%2C300 1.5x, https:\/\/i0.wp.com\/deltaimage.de\/wp\/wp-content\/uploads\/Plakat_Bergkirchen_Ausstellung-1200.jpg?fit=1200%2C450&ssl=1&resize=700%2C400 2x, https:\/\/i0.wp.com\/deltaimage.de\/wp\/wp-content\/uploads\/Plakat_Bergkirchen_Ausstellung-1200.jpg?fit=1200%2C450&ssl=1&resize=1050%2C600 3x"},"classes":[]}],"jetpack_sharing_enabled":true,"_links":{"self":[{"href":"https:\/\/deltaimage.de\/wp\/index.php?rest_route=\/wp\/v2\/jetpack-portfolio\/47696","targetHints":{"allow":["GET"]}}],"collection":[{"href":"https:\/\/deltaimage.de\/wp\/index.php?rest_route=\/wp\/v2\/jetpack-portfolio"}],"about":[{"href":"https:\/\/deltaimage.de\/wp\/index.php?rest_route=\/wp\/v2\/types\/jetpack-portfolio"}],"author":[{"embeddable":true,"href":"https:\/\/deltaimage.de\/wp\/index.php?rest_route=\/wp\/v2\/users\/1"}],"replies":[{"embeddable":true,"href":"https:\/\/deltaimage.de\/wp\/index.php?rest_route=%2Fwp%2Fv2%2Fcomments&post=47696"}],"version-history":[{"count":3,"href":"https:\/\/deltaimage.de\/wp\/index.php?rest_route=\/wp\/v2\/jetpack-portfolio\/47696\/revisions"}],"predecessor-version":[{"id":48176,"href":"https:\/\/deltaimage.de\/wp\/index.php?rest_route=\/wp\/v2\/jetpack-portfolio\/47696\/revisions\/48176"}],"wp:featuredmedia":[{"embeddable":true,"href":"https:\/\/deltaimage.de\/wp\/index.php?rest_route=\/wp\/v2\/media\/48329"}],"wp:attachment":[{"href":"https:\/\/deltaimage.de\/wp\/index.php?rest_route=%2Fwp%2Fv2%2Fmedia&parent=47696"}],"wp:term":[{"taxonomy":"jetpack-portfolio-type","embeddable":true,"href":"https:\/\/deltaimage.de\/wp\/index.php?rest_route=%2Fwp%2Fv2%2Fjetpack-portfolio-type&post=47696"},{"taxonomy":"jetpack-portfolio-tag","embeddable":true,"href":"https:\/\/deltaimage.de\/wp\/index.php?rest_route=%2Fwp%2Fv2%2Fjetpack-portfolio-tag&post=47696"}],"curies":[{"name":"wp","href":"https:\/\/api.w.org\/{rel}","templated":true}]}}