{"id":47816,"date":"2025-01-03T15:00:16","date_gmt":"2025-01-03T14:00:16","guid":{"rendered":"https:\/\/deltaimage.de\/wp\/?post_type=jetpack-portfolio&#038;p=47816"},"modified":"2025-03-23T20:20:58","modified_gmt":"2025-03-23T19:20:58","slug":"buchvorstellung-dr-annegret-braun-hsg-in-der-geschichtswerkstatt-dachau-naturwandel-eine-geschichte-im-dachauer-land-23-3-2025","status":"publish","type":"jetpack-portfolio","link":"https:\/\/deltaimage.de\/wp\/?portfolio=buchvorstellung-dr-annegret-braun-hsg-in-der-geschichtswerkstatt-dachau-naturwandel-eine-geschichte-im-dachauer-land-23-3-2025","title":{"rendered":"Buchvorstellung Dr. Annegret Braun in der Geschichtswerkstatt Dachau: NaturWandel &#8211; Eine Geschichte im Dachauer Land; 23.3.2025"},"content":{"rendered":"<p>Im Rahmen der <strong>Fest- und Fotoausstellung<\/strong>:<\/p>\n<h1><\/h1>\n<h1 style=\"text-align: center;\">Natur- und Moosschutz im Dachauer Moos &#8211;\u00a050 Jahre BN Kreisgruppe Dachau<\/h1>\n<p>&nbsp;<\/p>\n<p>im <a href=\"https:\/\/dachuerwasserturm.de\"><strong>Dachauer Wasserturm<\/strong><\/a> findet im 3. Stock auf der <strong>Veranstaltungsb\u00fchne<\/strong> ein Themenvortrag statt.<\/p>\n<p>&nbsp;<\/p>\n<h2>Dr. Annegret Braun: Buchvorstellung \u201eNaturWandel \u2013 eine Geschichte des Dachauer Landes\u201c<\/h2>\n<div class=\"su-tabs su-tabs-style-default su-tabs-mobile-stack su-tabs-vertical\" data-active=\"1\" data-scroll-offset=\"0\" data-anchor-in-url=\"no\"><div class=\"su-tabs-nav\"><span class=\"\" data-url=\"\" data-target=\"blank\" tabindex=\"0\" role=\"button\">Vortragsthema<\/span><span class=\"\" data-url=\"\" data-target=\"blank\" tabindex=\"0\" role=\"button\">Datum &amp; Uhrzeit<\/span><span class=\"\" data-url=\"\" data-target=\"blank\" tabindex=\"0\" role=\"button\">ReferentIn<\/span><span class=\"\" data-url=\"\" data-target=\"blank\" tabindex=\"0\" role=\"button\">Hintergrund-Informationen<\/span><\/div><div class=\"su-tabs-panes\"><div class=\"su-tabs-pane su-u-clearfix su-u-trim\" data-title=\"Vortragsthema\">\n<h2>Buchvorstellung \u201eNaturWandel \u2013 eine Geschichte des Dachauer Landes\u201c<\/h2>\n<p>erschienen in der <a href=\"https:\/\/geschichtswerkstatt-dachau.de\"><strong>Geschichtswerkstatt Dachau<\/strong><\/a> als eine Gemeinschaftsarbeit mit AutorInnen im <strong>Landkreis Dachau<\/strong>. Den <strong>Wandel in der Natur<\/strong> mit wachem Auge \u00fcber die Zeitspanne von Generationen zu beobachten und zu analysieren bringt spannende Erkenntnisse zum <strong>Dachauer Land<\/strong> und der langsamen Ver\u00e4nderungen der <strong>Kulturlandschaft<\/strong> und der <strong>Naturlandschaft<\/strong> hervor.<\/p>\n<\/div>\n<div class=\"su-tabs-pane su-u-clearfix su-u-trim\" data-title=\"Datum &amp; Uhrzeit\">\n<ul>\n<li>Sonntag<\/li>\n<li>23.3.2025<\/li>\n<li>Wasserturm; 4. Stock in der Veranstaltungsb\u00fchne<\/li>\n<li>15:00 &#8211; 16:00 Uhr<\/li>\n<\/ul>\n<\/div>\n<div class=\"su-tabs-pane su-u-clearfix su-u-trim\" data-title=\"ReferentIn\">\n<p>ReferentIn: Dr. Annegret Braun und die Geschichtswerkstatt<\/p>\n<p>Dr. Annegret Braun und AutorInnen stellen das neue Buch in thematischen Lesungen den BesucherInnen vor.<\/p>\n<ul>\n<li><a href=\"https:\/\/dachauer-forum.de\"><strong>dachauer forum e.V.<\/strong><\/a><\/li>\n<li><a href=\"https:\/\/geschichtswerkstatt-dachau.de\/naturwandel\/beschreibung.php\"><strong>Geschichtswerkstatt Dachau<\/strong><\/a><\/li>\n<li>Herausgeberin des Buches<\/li>\n<li><a href=\"https:\/\/deltaimage.de\/wp\/?page_id=45287\"><strong>DELTA IMAGE &#8211; Eigenverlag<\/strong><\/a><\/li>\n<\/ul>\n<\/div>\n<div class=\"su-tabs-pane su-u-clearfix su-u-trim\" data-title=\"Hintergrund-Informationen\">\n<p>Die Natur ist von Artensterben, Fl\u00e4chenfra\u00df und Klimawandel bedroht. Die Geschichtswerkstatt hat \u00fcber den Wandel der Natur im eigenen Umfeld geforscht und die Ergebnisse in einer Ausstellung und einem Begleitbuch dargestellt.<\/p>\n<p><img data-recalc-dims=\"1\" loading=\"lazy\" decoding=\"async\" data-attachment-id=\"47944\" data-permalink=\"https:\/\/deltaimage.de\/wp\/?attachment_id=47944#main\" data-orig-file=\"https:\/\/i0.wp.com\/deltaimage.de\/wp\/wp-content\/uploads\/NaturWandel-Dachauer-Land_II-600.jpg?fit=422%2C600&amp;ssl=1\" data-orig-size=\"422,600\" data-comments-opened=\"1\" data-image-meta=\"{&quot;aperture&quot;:&quot;0&quot;,&quot;credit&quot;:&quot;Paul Eschbach&quot;,&quot;camera&quot;:&quot;&quot;,&quot;caption&quot;:&quot;&quot;,&quot;created_timestamp&quot;:&quot;1740595097&quot;,&quot;copyright&quot;:&quot;&quot;,&quot;focal_length&quot;:&quot;0&quot;,&quot;iso&quot;:&quot;0&quot;,&quot;shutter_speed&quot;:&quot;0&quot;,&quot;title&quot;:&quot;&quot;,&quot;orientation&quot;:&quot;1&quot;}\" data-image-title=\"NaturWandel Dachauer Land_II-600\" data-image-description=\"\" data-image-caption=\"\" data-large-file=\"https:\/\/i0.wp.com\/deltaimage.de\/wp\/wp-content\/uploads\/NaturWandel-Dachauer-Land_II-600.jpg?fit=422%2C600&amp;ssl=1\" class=\"aligncenter size-full wp-image-47944\" src=\"https:\/\/i0.wp.com\/deltaimage.de\/wp\/wp-content\/uploads\/NaturWandel-Dachauer-Land_II-600.jpg?resize=422%2C600&#038;ssl=1\" alt=\"\" width=\"422\" height=\"600\" srcset=\"https:\/\/i0.wp.com\/deltaimage.de\/wp\/wp-content\/uploads\/NaturWandel-Dachauer-Land_II-600.jpg?w=422&amp;ssl=1 422w, https:\/\/i0.wp.com\/deltaimage.de\/wp\/wp-content\/uploads\/NaturWandel-Dachauer-Land_II-600.jpg?resize=141%2C200&amp;ssl=1 141w, https:\/\/i0.wp.com\/deltaimage.de\/wp\/wp-content\/uploads\/NaturWandel-Dachauer-Land_II-600.jpg?resize=281%2C400&amp;ssl=1 281w\" sizes=\"auto, (max-width: 422px) 100vw, 422px\" \/><\/p>\n<p>Das Buch zur Ausstellung in der Sparkasse Dachau: Zum <a href=\"https:\/\/shop.deltaimage.de\/?product=geschichtswerkstatt-naturwandel-eine-geschichte-im-dachauer-land\"><strong>shop.deltaimage.de<\/strong><\/a><\/p>\n<\/div><\/div><\/div>\n","protected":false},"excerpt":{"rendered":"<p>Im Rahmen der Fest- und Fotoausstellung: Natur- und Moosschutz im Dachauer Moos &#8211;\u00a050 Jahre BN Kreisgruppe Dachau &nbsp; im Dachauer Wasserturm findet im 3. Stock auf der Veranstaltungsb\u00fchne ein Themenvortrag [&hellip;]<\/p>\n","protected":false},"author":1,"featured_media":47804,"comment_status":"open","ping_status":"closed","template":"","format":"standard","meta":{"wpupg_custom_link":[],"wpupg_custom_link_behaviour":[],"wpupg_custom_link_nofollow":[],"wpupg_custom_image":[],"wpupg_custom_image_id":[],"jetpack_post_was_ever_published":false,"footnotes":""},"jetpack-portfolio-type":[1271,4003],"jetpack-portfolio-tag":[1299,4083,4081,4098,3335,3336,4099,1547],"class_list":["post-47816","jetpack-portfolio","type-jetpack-portfolio","status-publish","format-standard","has-post-thumbnail","hentry","jetpack-portfolio-type-buch","jetpack-portfolio-type-projekt-dachauer-moos-vergangenheit","jetpack-portfolio-tag-buch","jetpack-portfolio-tag-dachauer-forum-e-v","jetpack-portfolio-tag-dachauer-wasserturm","jetpack-portfolio-tag-geschichtswerkstatt-dachau","jetpack-portfolio-tag-kulturlandschaft","jetpack-portfolio-tag-naturlandschaft","jetpack-portfolio-tag-naturwandel-eine-geschichte-im-dachauer-land","jetpack-portfolio-tag-paul-eschbach"],"jetpack-related-posts":[{"id":47696,"url":"https:\/\/deltaimage.de\/wp\/?portfolio=vernissage-und-buchpraesentation-naturwandel-eine-geschichte-im-dachauer-land-geschichtswerkstatt-19-3-2025","url_meta":{"origin":47816,"position":0},"title":"Vernissage und Buchpr\u00e4sentation: NaturWandel &#8211; Eine Geschichte im Dachauer Land: Geschichtswerkstatt &#8211; 19.3.2025","author":"EschbacP","date":"24. Januar 2025","format":false,"excerpt":"Vernissage (Ausstellungser\u00f6ffnung) in der Haupthalle der Sparkasse Dachau Hauptstelle am Sparkassenplatz 1 Buchpr\u00e4sentation: NaturWandel - Eine Geschichte im Dachauer Land: Geschichtswerkstatt - 19.3.2025","rel":"","context":"\u00c4hnlicher Beitrag","block_context":{"text":"\u00c4hnlicher Beitrag","link":""},"img":{"alt_text":"","src":"https:\/\/i0.wp.com\/deltaimage.de\/wp\/wp-content\/uploads\/Plakat_NaturWandel-Geschichtswerkstatt-1200.jpg?fit=1199%2C450&ssl=1&resize=350%2C200","width":350,"height":200,"srcset":"https:\/\/i0.wp.com\/deltaimage.de\/wp\/wp-content\/uploads\/Plakat_NaturWandel-Geschichtswerkstatt-1200.jpg?fit=1199%2C450&ssl=1&resize=350%2C200 1x, https:\/\/i0.wp.com\/deltaimage.de\/wp\/wp-content\/uploads\/Plakat_NaturWandel-Geschichtswerkstatt-1200.jpg?fit=1199%2C450&ssl=1&resize=525%2C300 1.5x, https:\/\/i0.wp.com\/deltaimage.de\/wp\/wp-content\/uploads\/Plakat_NaturWandel-Geschichtswerkstatt-1200.jpg?fit=1199%2C450&ssl=1&resize=700%2C400 2x, https:\/\/i0.wp.com\/deltaimage.de\/wp\/wp-content\/uploads\/Plakat_NaturWandel-Geschichtswerkstatt-1200.jpg?fit=1199%2C450&ssl=1&resize=1050%2C600 3x"},"classes":[]},{"id":52923,"url":"https:\/\/deltaimage.de\/wp\/?portfolio=vernissage-und-buchpraesentation-naturwandel-eine-geschichte-im-dachauer-land-geschichtswerkstatt-21-11-2025","url_meta":{"origin":47816,"position":1},"title":"Vernissage und Buchpr\u00e4sentation: NaturWandel &#8211; Eine Geschichte im Dachauer Land: Geschichtswerkstatt &#8211; 21.11.2025","author":"EschbacP","date":"5. November 2025","format":false,"excerpt":"Vernissage (Ausstellungser\u00f6ffnung) im Rathaus Sulzemoos, Kirchstr. 3, 85254 Sulzemoos Buchpr\u00e4sentation: NaturWandel - Eine Geschichte im Dachauer Land: Geschichtswerkstatt - 21.11.2025","rel":"","context":"\u00c4hnlicher Beitrag","block_context":{"text":"\u00c4hnlicher Beitrag","link":""},"img":{"alt_text":"","src":"https:\/\/i0.wp.com\/deltaimage.de\/wp\/wp-content\/uploads\/Plakate_NaturWelten_Sulzemoos_Vernissage_1200-450.webp?fit=1200%2C450&ssl=1&resize=350%2C200","width":350,"height":200,"srcset":"https:\/\/i0.wp.com\/deltaimage.de\/wp\/wp-content\/uploads\/Plakate_NaturWelten_Sulzemoos_Vernissage_1200-450.webp?fit=1200%2C450&ssl=1&resize=350%2C200 1x, https:\/\/i0.wp.com\/deltaimage.de\/wp\/wp-content\/uploads\/Plakate_NaturWelten_Sulzemoos_Vernissage_1200-450.webp?fit=1200%2C450&ssl=1&resize=525%2C300 1.5x, https:\/\/i0.wp.com\/deltaimage.de\/wp\/wp-content\/uploads\/Plakate_NaturWelten_Sulzemoos_Vernissage_1200-450.webp?fit=1200%2C450&ssl=1&resize=700%2C400 2x, https:\/\/i0.wp.com\/deltaimage.de\/wp\/wp-content\/uploads\/Plakate_NaturWelten_Sulzemoos_Vernissage_1200-450.webp?fit=1200%2C450&ssl=1&resize=1050%2C600 3x"},"classes":[]},{"id":52925,"url":"https:\/\/deltaimage.de\/wp\/?portfolio=ausstellung-naturwandel-eine-geschichte-im-dachauer-land-geschichtswerkstatt-21-11-13-12-2025","url_meta":{"origin":47816,"position":2},"title":"Ausstellung: NaturWandel &#8211; Eine Geschichte im Dachauer Land: Geschichtswerkstatt &#8211; 21.11. &#8211; 13.12.2025","author":"EschbacP","date":"5. November 2025","format":false,"excerpt":"Ausstellung im Rathaus Sulzemoos, Kirchstr. 3, 85254 Sulzemoos NaturWandel - Eine Geschichte im Dachauer Land: Geschichtswerkstatt - 21.11. - 13.12.2025","rel":"","context":"\u00c4hnlicher Beitrag","block_context":{"text":"\u00c4hnlicher Beitrag","link":""},"img":{"alt_text":"","src":"https:\/\/i0.wp.com\/deltaimage.de\/wp\/wp-content\/uploads\/Plakate_NaturWelten_Sulzemoos_1200-450.jpg?fit=1200%2C450&ssl=1&resize=350%2C200","width":350,"height":200,"srcset":"https:\/\/i0.wp.com\/deltaimage.de\/wp\/wp-content\/uploads\/Plakate_NaturWelten_Sulzemoos_1200-450.jpg?fit=1200%2C450&ssl=1&resize=350%2C200 1x, https:\/\/i0.wp.com\/deltaimage.de\/wp\/wp-content\/uploads\/Plakate_NaturWelten_Sulzemoos_1200-450.jpg?fit=1200%2C450&ssl=1&resize=525%2C300 1.5x, https:\/\/i0.wp.com\/deltaimage.de\/wp\/wp-content\/uploads\/Plakate_NaturWelten_Sulzemoos_1200-450.jpg?fit=1200%2C450&ssl=1&resize=700%2C400 2x, https:\/\/i0.wp.com\/deltaimage.de\/wp\/wp-content\/uploads\/Plakate_NaturWelten_Sulzemoos_1200-450.jpg?fit=1200%2C450&ssl=1&resize=1050%2C600 3x"},"classes":[]},{"id":48085,"url":"https:\/\/deltaimage.de\/wp\/?portfolio=themenvortrag-lydia-thiel-100-jahre-regulierung-der-glonn-13-4-2025","url_meta":{"origin":47816,"position":3},"title":"Themenvortrag Lydia Thiel: 100 Jahre Regulierung der Glonn &#8211; 13.4.2025","author":"EschbacP","date":"3. November 2024","format":false,"excerpt":"Im Rahmen der Fest- und Fotoausstellung: Natur- und Moosschutz im Dachauer Moos -\u00a050 Jahre BN Kreisgruppe Dachau im Dachauer Wasserturm findet im 4. Stock auf der Veranstaltungsb\u00fchne ein Themenvortrag statt. \u00a0 Lydia Thiel aus Petershausen 100 Jahre Regulierung der Glonn: 1925 - 2025 \u00a0 Das Buch ist bei shop.deltaimage.de erschienen\u2026","rel":"","context":"\u00c4hnlicher Beitrag","block_context":{"text":"\u00c4hnlicher Beitrag","link":""},"img":{"alt_text":"","src":"https:\/\/i0.wp.com\/deltaimage.de\/wp\/wp-content\/uploads\/Plakat_Wasserturm_Thiel.jpg?fit=1200%2C449&ssl=1&resize=350%2C200","width":350,"height":200,"srcset":"https:\/\/i0.wp.com\/deltaimage.de\/wp\/wp-content\/uploads\/Plakat_Wasserturm_Thiel.jpg?fit=1200%2C449&ssl=1&resize=350%2C200 1x, https:\/\/i0.wp.com\/deltaimage.de\/wp\/wp-content\/uploads\/Plakat_Wasserturm_Thiel.jpg?fit=1200%2C449&ssl=1&resize=525%2C300 1.5x, https:\/\/i0.wp.com\/deltaimage.de\/wp\/wp-content\/uploads\/Plakat_Wasserturm_Thiel.jpg?fit=1200%2C449&ssl=1&resize=700%2C400 2x, https:\/\/i0.wp.com\/deltaimage.de\/wp\/wp-content\/uploads\/Plakat_Wasserturm_Thiel.jpg?fit=1200%2C449&ssl=1&resize=1050%2C600 3x"},"classes":[]},{"id":47684,"url":"https:\/\/deltaimage.de\/wp\/?portfolio=themenvortrag-elisabeth-goepfert-was-ist-das-moos-4-4-2025","url_meta":{"origin":47816,"position":4},"title":"Themenvortrag Elisabeth G\u00f6pfert: Was ist eigentlich das Moos ? Niedermoore im Dachauer Land &#8211; 4.4.2025","author":"EschbacP","date":"3. Januar 2025","format":false,"excerpt":"Themenvortrag Elisabeth G\u00f6pfert: Was ist das Moos? - 4.4.202 \u00a0 Im Rahmen der Fest- und Fotoausstellung: Natur- und Moosschutz im Dachauer Moos -\u00a050 Jahre BN Kreisgruppe Dachau \u00a0 im Dachauer Wasserturm findet im 3. Stock auf der Veranstaltungsb\u00fchne ein Themenvortrag statt. \u00a0 Elisabeth G\u00f6pfert: Was ist eigentlich das Moos? Niedermoore\u2026","rel":"","context":"\u00c4hnlicher Beitrag","block_context":{"text":"\u00c4hnlicher Beitrag","link":""},"img":{"alt_text":"","src":"https:\/\/i0.wp.com\/deltaimage.de\/wp\/wp-content\/uploads\/Plakat_Wasserturm_Goepfert.jpg?fit=1200%2C448&ssl=1&resize=350%2C200","width":350,"height":200,"srcset":"https:\/\/i0.wp.com\/deltaimage.de\/wp\/wp-content\/uploads\/Plakat_Wasserturm_Goepfert.jpg?fit=1200%2C448&ssl=1&resize=350%2C200 1x, https:\/\/i0.wp.com\/deltaimage.de\/wp\/wp-content\/uploads\/Plakat_Wasserturm_Goepfert.jpg?fit=1200%2C448&ssl=1&resize=525%2C300 1.5x, https:\/\/i0.wp.com\/deltaimage.de\/wp\/wp-content\/uploads\/Plakat_Wasserturm_Goepfert.jpg?fit=1200%2C448&ssl=1&resize=700%2C400 2x, https:\/\/i0.wp.com\/deltaimage.de\/wp\/wp-content\/uploads\/Plakat_Wasserturm_Goepfert.jpg?fit=1200%2C448&ssl=1&resize=1050%2C600 3x"},"classes":[]},{"id":47218,"url":"https:\/\/deltaimage.de\/wp\/?portfolio=dachauer-wasserturm-vernissage-50-jahre-bund-naturschutz-kreisgruppe-dachau-1975-2025","url_meta":{"origin":47816,"position":5},"title":"Vernissage im Wasserturm: 50 Jahre BUND Naturschutz &#8211; Kreisgruppe Dachau mit Fotoausstellung: Paul Eschbach am 21.3.2025","author":"EschbacP","date":"4. Januar 2025","format":false,"excerpt":"Vernissage und Ausstellungser\u00f6ffnung im Dachauer Wasserturm Natur- und Moosschutz im Dachauer Moos 50 Jahre BUND Naturschutz in Bayern e. V. - Kreisgruppe Dachau; Fest- & Fotoausstellung von Paul Eschbach im Dachauer Wasserturm Ort: Dachauer Wasserturm e. V. Schlossstra\u00dfe 7A, 85221 Dachau Datum: Freitag 21. M\u00e4rz 2025 18.00 - 20:00 Uhr\u2026","rel":"","context":"\u00c4hnlicher Beitrag","block_context":{"text":"\u00c4hnlicher Beitrag","link":""},"img":{"alt_text":"","src":"https:\/\/i0.wp.com\/deltaimage.de\/wp\/wp-content\/uploads\/Plakat_Vernissage_V3_1200-450.jpg?fit=1200%2C445&ssl=1&resize=350%2C200","width":350,"height":200,"srcset":"https:\/\/i0.wp.com\/deltaimage.de\/wp\/wp-content\/uploads\/Plakat_Vernissage_V3_1200-450.jpg?fit=1200%2C445&ssl=1&resize=350%2C200 1x, https:\/\/i0.wp.com\/deltaimage.de\/wp\/wp-content\/uploads\/Plakat_Vernissage_V3_1200-450.jpg?fit=1200%2C445&ssl=1&resize=525%2C300 1.5x, https:\/\/i0.wp.com\/deltaimage.de\/wp\/wp-content\/uploads\/Plakat_Vernissage_V3_1200-450.jpg?fit=1200%2C445&ssl=1&resize=700%2C400 2x, https:\/\/i0.wp.com\/deltaimage.de\/wp\/wp-content\/uploads\/Plakat_Vernissage_V3_1200-450.jpg?fit=1200%2C445&ssl=1&resize=1050%2C600 3x"},"classes":[]}],"jetpack_sharing_enabled":true,"_links":{"self":[{"href":"https:\/\/deltaimage.de\/wp\/index.php?rest_route=\/wp\/v2\/jetpack-portfolio\/47816","targetHints":{"allow":["GET"]}}],"collection":[{"href":"https:\/\/deltaimage.de\/wp\/index.php?rest_route=\/wp\/v2\/jetpack-portfolio"}],"about":[{"href":"https:\/\/deltaimage.de\/wp\/index.php?rest_route=\/wp\/v2\/types\/jetpack-portfolio"}],"author":[{"embeddable":true,"href":"https:\/\/deltaimage.de\/wp\/index.php?rest_route=\/wp\/v2\/users\/1"}],"replies":[{"embeddable":true,"href":"https:\/\/deltaimage.de\/wp\/index.php?rest_route=%2Fwp%2Fv2%2Fcomments&post=47816"}],"version-history":[{"count":4,"href":"https:\/\/deltaimage.de\/wp\/index.php?rest_route=\/wp\/v2\/jetpack-portfolio\/47816\/revisions"}],"predecessor-version":[{"id":48177,"href":"https:\/\/deltaimage.de\/wp\/index.php?rest_route=\/wp\/v2\/jetpack-portfolio\/47816\/revisions\/48177"}],"wp:featuredmedia":[{"embeddable":true,"href":"https:\/\/deltaimage.de\/wp\/index.php?rest_route=\/wp\/v2\/media\/47804"}],"wp:attachment":[{"href":"https:\/\/deltaimage.de\/wp\/index.php?rest_route=%2Fwp%2Fv2%2Fmedia&parent=47816"}],"wp:term":[{"taxonomy":"jetpack-portfolio-type","embeddable":true,"href":"https:\/\/deltaimage.de\/wp\/index.php?rest_route=%2Fwp%2Fv2%2Fjetpack-portfolio-type&post=47816"},{"taxonomy":"jetpack-portfolio-tag","embeddable":true,"href":"https:\/\/deltaimage.de\/wp\/index.php?rest_route=%2Fwp%2Fv2%2Fjetpack-portfolio-tag&post=47816"}],"curies":[{"name":"wp","href":"https:\/\/api.w.org\/{rel}","templated":true}]}}