{"id":49883,"date":"2025-07-29T21:43:01","date_gmt":"2025-07-29T19:43:01","guid":{"rendered":"https:\/\/deltaimage.de\/wp\/?post_type=jetpack-portfolio&#038;p=49883"},"modified":"2025-08-13T16:47:50","modified_gmt":"2025-08-13T14:47:50","slug":"3-flexibler-objektivauszug-mit-balgengeraet-om","status":"publish","type":"jetpack-portfolio","link":"https:\/\/deltaimage.de\/wp\/?portfolio=3-flexibler-objektivauszug-mit-balgengeraet-om","title":{"rendered":"Micro  3: flexibler Objektivauszug mit Balgenger\u00e4t OM"},"content":{"rendered":"<p>An den <strong>Anschlu\u00dfadapter EOS \/ OM<\/strong> wird das <strong>OLYMPUS OM Auto-Balgenger\u00e4t<\/strong> angesetzt. \u00dcber viele Jahre waren <strong>Balgenger\u00e4te<\/strong> der Standard in der <strong>Nahbereichsfotografie<\/strong> \u00fcber alle Kamerahersteller hinweg.<\/p>\n<p>Jedes Balgenger\u00e4t erm\u00f6glicht einen flexiblen Auszug zwischen der vorderen und der hinteren Standarte und es k\u00f6nnen so alle verf\u00fcgbaren Abbildungsma\u00dfst\u00e4be und Einstellentfernungen mit drei (bei Novoflex nur zwei) Einstellkn\u00f6pfen justiert und festgestellt werden. Im Studio ist ein Balgenger\u00e4t perfekt, im Feldeinsatz wohl etwas zu empfindlich auf \u00e4u\u00dfere Einwirkungen und die Witterung, zu gro\u00df und zu schwer.<\/p>\n<ul>\n<li>Der Abbildungsma\u00dfstab wird am Balgenger\u00e4t durch eine Verschiebung der vorderen oder hinteren Standarte als Abstand zwischen den beiden Standarten eingestellt und festgelegt. Dies kann sehr oft, wie am Beispiel bei <strong>OLYMPUS OM<\/strong> am <strong>Balgenger\u00e4t<\/strong> selbst abgelesen werden.<\/li>\n<li>Die Bildsch\u00e4rfe (Fokussierung) wird durch eine Verschiebung der gesamten Einheit aus Kamera und Balgenger\u00e4t entlang der optischen Achse auf einem integrierten Einstellschlitten realisiert.<\/li>\n<li>Die Lupenobjektive k\u00f6nnen einfach und schnelle an die Motivsituation angepasst werden. Der restliche Aufbau wird lediglich angepasst. Das machte das Arbeiten im Studio sehr schnell und sehr vielseitig.<\/li>\n<\/ul>\n<p>Das Titelbild zeigt den <strong>OLYMPUS OM AUTO-Balgenger\u00e4t<\/strong> mit einem sehr kurzen Auszug zwischen den beiden Objektivstandarten. Damit w\u00fcrde eine eher geringer Abbildungsma\u00dfstab erzielt werden. In dem nachstehenden Bild ist der Auszug zwischen den beiden Objektivstandarten sehr gro\u00df, dies f\u00fchrt zu einem gro\u00dfen Abbildungsma\u00dfstab.<\/p>\n<div id=\"attachment_49958\" style=\"width: 930px\" class=\"wp-caption aligncenter\"><img data-recalc-dims=\"1\" loading=\"lazy\" decoding=\"async\" aria-describedby=\"caption-attachment-49958\" data-attachment-id=\"49958\" data-permalink=\"https:\/\/deltaimage.de\/wp\/?attachment_id=49958#main\" data-orig-file=\"https:\/\/i0.wp.com\/deltaimage.de\/wp\/wp-content\/uploads\/IMG_9546-920.jpg?fit=920%2C610&amp;ssl=1\" data-orig-size=\"920,610\" data-comments-opened=\"1\" data-image-meta=\"{&quot;aperture&quot;:&quot;11&quot;,&quot;credit&quot;:&quot;PAUL ESCHBACH&quot;,&quot;camera&quot;:&quot;Canon EOS Kiss X6i&quot;,&quot;caption&quot;:&quot;&quot;,&quot;created_timestamp&quot;:&quot;1753813144&quot;,&quot;copyright&quot;:&quot;(C) DELTA IMAGE&quot;,&quot;focal_length&quot;:&quot;60&quot;,&quot;iso&quot;:&quot;200&quot;,&quot;shutter_speed&quot;:&quot;0.005&quot;,&quot;title&quot;:&quot;&quot;,&quot;orientation&quot;:&quot;0&quot;}\" data-image-title=\"IMG_9546-920\" data-image-description=\"\" data-image-caption=\"\" data-large-file=\"https:\/\/i0.wp.com\/deltaimage.de\/wp\/wp-content\/uploads\/IMG_9546-920.jpg?fit=890%2C590&amp;ssl=1\" class=\"wp-image-49958 size-full\" src=\"https:\/\/i0.wp.com\/deltaimage.de\/wp\/wp-content\/uploads\/IMG_9546-920.jpg?resize=890%2C590&#038;ssl=1\" alt=\"\" width=\"890\" height=\"590\" srcset=\"https:\/\/i0.wp.com\/deltaimage.de\/wp\/wp-content\/uploads\/IMG_9546-920.jpg?w=920&amp;ssl=1 920w, https:\/\/i0.wp.com\/deltaimage.de\/wp\/wp-content\/uploads\/IMG_9546-920.jpg?resize=900%2C597&amp;ssl=1 900w, https:\/\/i0.wp.com\/deltaimage.de\/wp\/wp-content\/uploads\/IMG_9546-920.jpg?resize=300%2C200&amp;ssl=1 300w, https:\/\/i0.wp.com\/deltaimage.de\/wp\/wp-content\/uploads\/IMG_9546-920.jpg?resize=603%2C400&amp;ssl=1 603w, https:\/\/i0.wp.com\/deltaimage.de\/wp\/wp-content\/uploads\/IMG_9546-920.jpg?resize=200%2C133&amp;ssl=1 200w\" sizes=\"auto, (max-width: 890px) 100vw, 890px\" \/><p id=\"caption-attachment-49958\" class=\"wp-caption-text\">Der OLYMPUS OM AUTO-Balgenger\u00e4t mit einem gro\u00dfen Abstand zwischen den beiden Objektivstandarten. Damit ist ein entsprechend gro\u00dfer Abbildungsma\u00dfstab m\u00f6glich.<\/p><\/div>\n<p>Der OLYMPUS OM AUTO-Balgenger\u00e4t erm\u00f6glicht keine direkte Blenden\u00fcbertragung zur Kamera, aber immerhin eine mit dem Verschluss synchronisierte Offenblende bei Verwendung eines damals \u00fcblichen Doppeldrahtausl\u00f6sers war m\u00f6glich. Ein spezieller Drahtausl\u00f6ser bet\u00e4tigte des fotografischen Verschluss an der Kamera. Ein zweiter Drahtausl\u00f6ser \u00fcbernahm an der vorderen Objektivstandarte synchronisiert das Abblenden auf die Arbeitsblende. So bliebt zum Einstellen und zur Scharfstellung die maximale Helligkeit durch die voll ge\u00f6ffnete Objektivblende erhalten.<\/p>\n<p>Verf\u00fcbar sind:<\/p>\n<ul>\n<li>diese <strong>NOVOFLEX Balgenger\u00e4t<\/strong> mit <strong>OLYPUS OM<\/strong> Anschl\u00fcssen an beiden Seiten. Das Balgenger\u00e4t unterst\u00fctzt eine analoge Automaik-Spingblende und \u00fcbertr\u00e4gt mechanisch die eingestellte Objektivblende an die Kamera (hier ohne Funktion), und schlie\u00dft beim Fotografieren das angeschlossene Objekt bei der Belichtung auf die Arbeitsblende.<\/li>\n<li>ein <strong>OLYMPUS OM Balgenger\u00e4t<\/strong>, dieses hat keine \u00dcbertragung von Blendenfunktionen. Die Offenblende kann mit einem <strong>Drahtausl\u00f6ser<\/strong> vor der Belichtung auf die Arbeitsblende geschlossen werden.<\/li>\n<\/ul>\n<p>Der <strong>OLYMPUS OM Auto-Balgenger\u00e4t<\/strong> hat eine deutlich l\u00e4ngere Einstellschiene und damit wird ein gr\u00f6\u00dferer Bereich an Abbildungsma\u00dfst\u00e4ben erreicht.<\/p>\n<p>&nbsp;<\/p>\n<h2>NOVOFLEX Balgenger\u00e4t OLYMPUS OM<\/h2>\n<p>Von Novoflex steht mir ebenso ein Balgenger\u00e4t zur Verf\u00fcgung. Damit k\u00f6nnen <strong>OLYMPUS OM<\/strong> Zuiko Objektive mit allen Blendenfunktionen eingesetzt werden, das Balgenger\u00e4t \u00fcbertr\u00e4gt diese mechanisch und vollautomatisch. Im Micro-Fotografie-Studio f\u00fchrt diese Blenden\u00fcbertragung dazu, dass die angesetzten Objektive bereits mit dem Ansetzen am Objektivanschluss auf die jeweils eingestellte Arbeitsblende abgeblendet werden:<\/p>\n<ul>\n<li>Eine Belichtung mit der Arbeitsblende ist damit m\u00f6glich.<\/li>\n<li>Eine Offenblendmessung ist damit nicht m\u00f6glich. Zur Scharfstellung muss der Blendenring manuell ge\u00f6ffnet werden und dann erst auf die Arbeitsblende geschlossen werden.<\/li>\n<\/ul>\n<p><img data-recalc-dims=\"1\" loading=\"lazy\" decoding=\"async\" data-attachment-id=\"49814\" data-permalink=\"https:\/\/deltaimage.de\/wp\/?attachment_id=49814#main\" data-orig-file=\"https:\/\/i0.wp.com\/deltaimage.de\/wp\/wp-content\/uploads\/1753626445716_900.jpg?fit=593%2C890&amp;ssl=1\" data-orig-size=\"593,890\" data-comments-opened=\"1\" data-image-meta=\"{&quot;aperture&quot;:&quot;0&quot;,&quot;credit&quot;:&quot;&quot;,&quot;camera&quot;:&quot;&quot;,&quot;caption&quot;:&quot;&quot;,&quot;created_timestamp&quot;:&quot;0&quot;,&quot;copyright&quot;:&quot;&quot;,&quot;focal_length&quot;:&quot;0&quot;,&quot;iso&quot;:&quot;0&quot;,&quot;shutter_speed&quot;:&quot;0&quot;,&quot;title&quot;:&quot;&quot;,&quot;orientation&quot;:&quot;0&quot;}\" data-image-title=\"1753626445716_900\" data-image-description=\"\" data-image-caption=\"\" data-large-file=\"https:\/\/i0.wp.com\/deltaimage.de\/wp\/wp-content\/uploads\/1753626445716_900.jpg?fit=593%2C890&amp;ssl=1\" class=\"aligncenter size-full wp-image-49814\" src=\"https:\/\/i0.wp.com\/deltaimage.de\/wp\/wp-content\/uploads\/1753626445716_900.jpg?resize=593%2C890&#038;ssl=1\" alt=\"\" width=\"593\" height=\"890\" srcset=\"https:\/\/i0.wp.com\/deltaimage.de\/wp\/wp-content\/uploads\/1753626445716_900.jpg?w=593&amp;ssl=1 593w, https:\/\/i0.wp.com\/deltaimage.de\/wp\/wp-content\/uploads\/1753626445716_900.jpg?resize=400%2C600&amp;ssl=1 400w, https:\/\/i0.wp.com\/deltaimage.de\/wp\/wp-content\/uploads\/1753626445716_900.jpg?resize=133%2C200&amp;ssl=1 133w, https:\/\/i0.wp.com\/deltaimage.de\/wp\/wp-content\/uploads\/1753626445716_900.jpg?resize=267%2C400&amp;ssl=1 267w\" sizes=\"auto, (max-width: 593px) 100vw, 593px\" \/><\/p>\n<p>Man muss sich an die Arbeitsabl\u00e4ufe erst einmal gew\u00f6hnen. Dann passt es aber sehr gut.<\/p>\n","protected":false},"excerpt":{"rendered":"<p>An den Anschlu\u00dfadapter EOS \/ OM wird das OLYMPUS OM Auto-Balgenger\u00e4t angesetzt. \u00dcber viele Jahre waren Balgenger\u00e4te der Standard in der Nahbereichsfotografie \u00fcber alle Kamerahersteller hinweg. Jedes Balgenger\u00e4t erm\u00f6glicht einen [&hellip;]<\/p>\n","protected":false},"author":1,"featured_media":49959,"comment_status":"open","ping_status":"closed","template":"","format":"standard","meta":{"wpupg_custom_link":[],"wpupg_custom_link_behaviour":[],"wpupg_custom_link_nofollow":[],"wpupg_custom_image":[],"wpupg_custom_image_id":[],"jetpack_post_was_ever_published":false,"footnotes":""},"jetpack-portfolio-type":[4281],"jetpack-portfolio-tag":[],"class_list":["post-49883","jetpack-portfolio","type-jetpack-portfolio","status-publish","format-standard","has-post-thumbnail","hentry","jetpack-portfolio-type-micro"],"jetpack-related-posts":[{"id":49886,"url":"https:\/\/deltaimage.de\/wp\/?portfolio=4c-einstellung-abbildungsmassstaebe-und-fokussierung-am-balgengeraet","url_meta":{"origin":49883,"position":0},"title":"Micro  6: Einstellung Abbildungsma\u00dfst\u00e4be und Fokussierung am Balgenger\u00e4t","author":"EschbacP","date":"29. Juli 2025","format":false,"excerpt":"Die Fotografie in den gro\u00dfen Abbildungsma\u00dfst\u00e4ben unterscheidet sich im Ger\u00e4teaufbau und in den Abl\u00e4ufen von der normalen Fotografie \u00fcber gro\u00dfe Entfernungen hinweg, bei kleineren Abbildungsma\u00dfst\u00e4ben: Der Abbildungsma\u00dfstab im Bereich der Micro-Fotografie, also jenseits der lebensgro\u00dfen Abbildung, wird \u00fcber den optischen Auszug als Abstand zwischen der vorderen und der hinteren Objektivstandarte\u2026","rel":"","context":"\u00c4hnlicher Beitrag","block_context":{"text":"\u00c4hnlicher Beitrag","link":""},"img":{"alt_text":"","src":"https:\/\/i0.wp.com\/deltaimage.de\/wp\/wp-content\/uploads\/1753626445745-920.jpg?fit=920%2C613&ssl=1&resize=350%2C200","width":350,"height":200,"srcset":"https:\/\/i0.wp.com\/deltaimage.de\/wp\/wp-content\/uploads\/1753626445745-920.jpg?fit=920%2C613&ssl=1&resize=350%2C200 1x, https:\/\/i0.wp.com\/deltaimage.de\/wp\/wp-content\/uploads\/1753626445745-920.jpg?fit=920%2C613&ssl=1&resize=525%2C300 1.5x, https:\/\/i0.wp.com\/deltaimage.de\/wp\/wp-content\/uploads\/1753626445745-920.jpg?fit=920%2C613&ssl=1&resize=700%2C400 2x"},"classes":[]},{"id":49891,"url":"https:\/\/deltaimage.de\/wp\/?portfolio=4b-steuerung-der-objektivblende","url_meta":{"origin":49883,"position":1},"title":"Micro  5: Steuerung der Objektivblende","author":"EschbacP","date":"29. Juli 2025","format":false,"excerpt":"Bedingt durch die Koppelung von zwei verschiedenen fotografischen Systemen entfallen einige Systemfunktionen. In diesem Fall ist es die automatische Steuerung der Blende im Objektiv. Die Olympus Lupenobjektive haben ganz normale Springblenden im Objektiv verbaut. Das alleine ist schon relativ selten in der Fotografie. Offenblende zur Scharfstellung Schlie\u00dfen auf Arbeitsblende zur\u2026","rel":"","context":"\u00c4hnlicher Beitrag","block_context":{"text":"\u00c4hnlicher Beitrag","link":""},"img":{"alt_text":"","src":"https:\/\/i0.wp.com\/deltaimage.de\/wp\/wp-content\/uploads\/IMG_9548-920.jpg?fit=920%2C610&ssl=1&resize=350%2C200","width":350,"height":200,"srcset":"https:\/\/i0.wp.com\/deltaimage.de\/wp\/wp-content\/uploads\/IMG_9548-920.jpg?fit=920%2C610&ssl=1&resize=350%2C200 1x, https:\/\/i0.wp.com\/deltaimage.de\/wp\/wp-content\/uploads\/IMG_9548-920.jpg?fit=920%2C610&ssl=1&resize=525%2C300 1.5x, https:\/\/i0.wp.com\/deltaimage.de\/wp\/wp-content\/uploads\/IMG_9548-920.jpg?fit=920%2C610&ssl=1&resize=700%2C400 2x"},"classes":[]},{"id":49884,"url":"https:\/\/deltaimage.de\/wp\/?portfolio=6-vertikales-horizontales-macro-stativ-und-objektbuehne-novoflex","url_meta":{"origin":49883,"position":2},"title":"Micro 10: Vertikaler \/ horizontaler Macro-Stand und Objektb\u00fchne NOVOFLEX","author":"EschbacP","date":"29. Juli 2025","format":false,"excerpt":"Das vertikale Makro-Stand vom bayerischen Hersteller NOVOFLEX passt perfekt zum Balgenger\u00e4t vom gleichen Hersteller, stammt selbst noch aus der analogen \u00c4ra der Fotografie. Mit dem Makro-Stand\u00a0wird der Abstand zum Objekt pr\u00e4zise am Einstellschlitten justiert und das gesamte System aus: Kamera, Objektivanschlu\u00dfringe OM \/ EOS Balgenger\u00e4t, ggf. Zwischenringe Objektiv, Beleuchtung und\u2026","rel":"","context":"\u00c4hnlicher Beitrag","block_context":{"text":"\u00c4hnlicher Beitrag","link":""},"img":{"alt_text":"","src":"https:\/\/i0.wp.com\/deltaimage.de\/wp\/wp-content\/uploads\/IMG_9559-920.jpg?fit=920%2C613&ssl=1&resize=350%2C200","width":350,"height":200,"srcset":"https:\/\/i0.wp.com\/deltaimage.de\/wp\/wp-content\/uploads\/IMG_9559-920.jpg?fit=920%2C613&ssl=1&resize=350%2C200 1x, https:\/\/i0.wp.com\/deltaimage.de\/wp\/wp-content\/uploads\/IMG_9559-920.jpg?fit=920%2C613&ssl=1&resize=525%2C300 1.5x, https:\/\/i0.wp.com\/deltaimage.de\/wp\/wp-content\/uploads\/IMG_9559-920.jpg?fit=920%2C613&ssl=1&resize=700%2C400 2x"},"classes":[]},{"id":49890,"url":"https:\/\/deltaimage.de\/wp\/?portfolio=2-objektivanschluss-macro-objektive-eos-om","url_meta":{"origin":49883,"position":3},"title":"Micro  2: Objektivanschlu\u00df Makro-Objektive EOS \/ OM","author":"EschbacP","date":"29. Juli 2025","format":false,"excerpt":"Von der Kamera geht es weiter in Richtung auf die spezielle Optik f\u00fcr die Micro-Fotografie im System. Die Optik des Systems wird nicht von einem Hersteller durchg\u00e4ngig verwendet werden k\u00f6nnen, hier kommt ein wenig Kreativit\u00e4t der Fotografie mit ins Spiel. Im digitalen EOS System steht nicht mehr die Vielfalt und\u2026","rel":"","context":"\u00c4hnlicher Beitrag","block_context":{"text":"\u00c4hnlicher Beitrag","link":""},"img":{"alt_text":"","src":"https:\/\/i0.wp.com\/deltaimage.de\/wp\/wp-content\/uploads\/IMG_9543-920.jpg?fit=920%2C610&ssl=1&resize=350%2C200","width":350,"height":200,"srcset":"https:\/\/i0.wp.com\/deltaimage.de\/wp\/wp-content\/uploads\/IMG_9543-920.jpg?fit=920%2C610&ssl=1&resize=350%2C200 1x, https:\/\/i0.wp.com\/deltaimage.de\/wp\/wp-content\/uploads\/IMG_9543-920.jpg?fit=920%2C610&ssl=1&resize=525%2C300 1.5x, https:\/\/i0.wp.com\/deltaimage.de\/wp\/wp-content\/uploads\/IMG_9543-920.jpg?fit=920%2C610&ssl=1&resize=700%2C400 2x"},"classes":[]},{"id":49885,"url":"https:\/\/deltaimage.de\/wp\/?portfolio=4a-macro-objektiv-om-zuiko","url_meta":{"origin":49883,"position":4},"title":"Micro  4: Macro-Objektiv OLYMPUS OM Zuiko","author":"EschbacP","date":"29. Juli 2025","format":false,"excerpt":"Die fotografische Qualit\u00e4t des Bildes steht und f\u00e4llt mit der Qualit\u00e4t und den M\u00f6glichkeiten des verwendeten Objektivs. Jenseits des Abbildungsma\u00dfstabes von 1:1 (1x) wird die Auswahl an speziellen Objektiven f\u00fcr die Micro-Fotografie sehr sparsam. Zum Gl\u00fcck hatte Olympus im OM System als einer der wenigen Hersteller eine gro\u00dfe Auswahl an\u2026","rel":"","context":"\u00c4hnlicher Beitrag","block_context":{"text":"\u00c4hnlicher Beitrag","link":""},"img":{"alt_text":"","src":"https:\/\/i0.wp.com\/deltaimage.de\/wp\/wp-content\/uploads\/IMG_9547-920.jpg?fit=920%2C610&ssl=1&resize=350%2C200","width":350,"height":200,"srcset":"https:\/\/i0.wp.com\/deltaimage.de\/wp\/wp-content\/uploads\/IMG_9547-920.jpg?fit=920%2C610&ssl=1&resize=350%2C200 1x, https:\/\/i0.wp.com\/deltaimage.de\/wp\/wp-content\/uploads\/IMG_9547-920.jpg?fit=920%2C610&ssl=1&resize=525%2C300 1.5x, https:\/\/i0.wp.com\/deltaimage.de\/wp\/wp-content\/uploads\/IMG_9547-920.jpg?fit=920%2C610&ssl=1&resize=700%2C400 2x"},"classes":[]},{"id":49888,"url":"https:\/\/deltaimage.de\/wp\/?portfolio=5a-befestigung-micro-blitze-am-system-om","url_meta":{"origin":49883,"position":5},"title":"Micro  7: Befestigung Micro-Blitze am System OM","author":"EschbacP","date":"29. Juli 2025","format":false,"excerpt":"Die beiden Miniblitze des EOS Macro-Blitzes oder des OLYMPUS Blitzsystems befestige an dem hier sichtbaren Blitz-Ring aus dem OLYMPUS OM System-Blitz Programm. Olympus hatte ebenso einen Macro-Zangenblitz im Angebot. Der Blitzring l\u00e4sst sich an einer speziellen Befestigung mit 49mm Filtergewinde am 38mm Macro-Objektiv und allen anderen OM Macro-Objektiven anschrauben. \u00a0\u2026","rel":"","context":"\u00c4hnlicher Beitrag","block_context":{"text":"\u00c4hnlicher Beitrag","link":""},"img":{"alt_text":"","src":"https:\/\/i0.wp.com\/deltaimage.de\/wp\/wp-content\/uploads\/IMG_9562-920.jpg?fit=920%2C613&ssl=1&resize=350%2C200","width":350,"height":200,"srcset":"https:\/\/i0.wp.com\/deltaimage.de\/wp\/wp-content\/uploads\/IMG_9562-920.jpg?fit=920%2C613&ssl=1&resize=350%2C200 1x, https:\/\/i0.wp.com\/deltaimage.de\/wp\/wp-content\/uploads\/IMG_9562-920.jpg?fit=920%2C613&ssl=1&resize=525%2C300 1.5x, https:\/\/i0.wp.com\/deltaimage.de\/wp\/wp-content\/uploads\/IMG_9562-920.jpg?fit=920%2C613&ssl=1&resize=700%2C400 2x"},"classes":[]}],"jetpack_sharing_enabled":true,"_links":{"self":[{"href":"https:\/\/deltaimage.de\/wp\/index.php?rest_route=\/wp\/v2\/jetpack-portfolio\/49883","targetHints":{"allow":["GET"]}}],"collection":[{"href":"https:\/\/deltaimage.de\/wp\/index.php?rest_route=\/wp\/v2\/jetpack-portfolio"}],"about":[{"href":"https:\/\/deltaimage.de\/wp\/index.php?rest_route=\/wp\/v2\/types\/jetpack-portfolio"}],"author":[{"embeddable":true,"href":"https:\/\/deltaimage.de\/wp\/index.php?rest_route=\/wp\/v2\/users\/1"}],"replies":[{"embeddable":true,"href":"https:\/\/deltaimage.de\/wp\/index.php?rest_route=%2Fwp%2Fv2%2Fcomments&post=49883"}],"version-history":[{"count":11,"href":"https:\/\/deltaimage.de\/wp\/index.php?rest_route=\/wp\/v2\/jetpack-portfolio\/49883\/revisions"}],"predecessor-version":[{"id":50419,"href":"https:\/\/deltaimage.de\/wp\/index.php?rest_route=\/wp\/v2\/jetpack-portfolio\/49883\/revisions\/50419"}],"wp:featuredmedia":[{"embeddable":true,"href":"https:\/\/deltaimage.de\/wp\/index.php?rest_route=\/wp\/v2\/media\/49959"}],"wp:attachment":[{"href":"https:\/\/deltaimage.de\/wp\/index.php?rest_route=%2Fwp%2Fv2%2Fmedia&parent=49883"}],"wp:term":[{"taxonomy":"jetpack-portfolio-type","embeddable":true,"href":"https:\/\/deltaimage.de\/wp\/index.php?rest_route=%2Fwp%2Fv2%2Fjetpack-portfolio-type&post=49883"},{"taxonomy":"jetpack-portfolio-tag","embeddable":true,"href":"https:\/\/deltaimage.de\/wp\/index.php?rest_route=%2Fwp%2Fv2%2Fjetpack-portfolio-tag&post=49883"}],"curies":[{"name":"wp","href":"https:\/\/api.w.org\/{rel}","templated":true}]}}