{"id":49885,"date":"2025-07-29T21:44:54","date_gmt":"2025-07-29T19:44:54","guid":{"rendered":"https:\/\/deltaimage.de\/wp\/?post_type=jetpack-portfolio&#038;p=49885"},"modified":"2025-08-13T16:45:42","modified_gmt":"2025-08-13T14:45:42","slug":"4a-macro-objektiv-om-zuiko","status":"publish","type":"jetpack-portfolio","link":"https:\/\/deltaimage.de\/wp\/?portfolio=4a-macro-objektiv-om-zuiko","title":{"rendered":"Micro  4: Macro-Objektiv OLYMPUS OM Zuiko"},"content":{"rendered":"<p>Die fotografische Qualit\u00e4t des Bildes steht und f\u00e4llt mit der Qualit\u00e4t und den M\u00f6glichkeiten des verwendeten Objektivs. Jenseits des Abbildungsma\u00dfstabes von 1:1 (1x) wird die Auswahl an speziellen Objektiven f\u00fcr die <strong>Micro-Fotografie<\/strong> sehr sparsam. Zum Gl\u00fcck hatte <strong>Olympus<\/strong> im <strong>OM System<\/strong> als einer der wenigen Hersteller eine gro\u00dfe Auswahl an speziell daf\u00fcr konstruierten <strong>Lupen-Objektiven<\/strong> im Angebot.<\/p>\n<p>Kein anderer Kamerahersteller hatte etwas \u00c4hnliches zu bieten. F\u00fcr die gro\u00dfen Abbildungsma\u00dfst\u00e4be setze ich das <strong>OLYMPUS OM 38 mm f\/2.8 Macro<\/strong> ein.<\/p>\n<ul>\n<li>Vollformatobjektiv mit <strong>OLYMPUS OM-Anschluss<\/strong><\/li>\n<li><strong>Lupenobjektiv <\/strong>f\u00fcr die <strong>Micro-Fotografie<\/strong><\/li>\n<li>38 mm Brennweite<\/li>\n<li>Offenblende f\/2.8<\/li>\n<li>kleinste Blende f\/22<\/li>\n<li>Filteranschluss f\u00fcr Macro-Systemblitze 49 mm<\/li>\n<li>Offenblendsystem<\/li>\n<li>eigener Entfernungsring zur Feineinstellung des Fokus<\/li>\n<li>keine Einstellung auf Entfernung unendlich m\u00f6glich<\/li>\n<\/ul>\n<p>An den Vollformatkameras reicht das Objektiv f\u00fcr Abbildungsma\u00dfst\u00e4be von 1.4x bis etwa 7x, an der APS-C Kamera (EOS 80D) reicht der Abbildungsma\u00dfstab bis etwa 10x.<\/p>\n<p>F\u00fcr noch gr\u00f6\u00dfere Abbildungsma\u00dfst\u00e4be steht im <strong>OLYMPUS OM System<\/strong> ein <strong>OM Zuiko 20 mm f\/2.0 Macro<\/strong> zur Verf\u00fcgung. Dieses spezielle Lupenobjektiv erschlie\u00dft etwa doppelt so gro\u00dfe Abbildungsma\u00dfst\u00e4be am <strong>OLYMPUS OM Auto-Balgenger\u00e4t<\/strong>.<\/p>\n<p>Das 38 mm Objektiv hat Offenblende, eine eigene Entfernungseinstellung und einen ganz praktischen Anschlussring f\u00fcr das Olympus Blitzsystem. Die Konstruktion des Objektivs verbessert die M\u00f6glichkeit, Licht auf das Objekt zu bringen.<\/p>\n<div id=\"attachment_49817\" style=\"width: 900px\" class=\"wp-caption aligncenter\"><img data-recalc-dims=\"1\" loading=\"lazy\" decoding=\"async\" aria-describedby=\"caption-attachment-49817\" data-attachment-id=\"49817\" data-permalink=\"https:\/\/deltaimage.de\/wp\/?attachment_id=49817#main\" data-orig-file=\"https:\/\/i0.wp.com\/deltaimage.de\/wp\/wp-content\/uploads\/1753626445728_900-2.jpg?fit=890%2C593&amp;ssl=1\" data-orig-size=\"890,593\" data-comments-opened=\"1\" data-image-meta=\"{&quot;aperture&quot;:&quot;0&quot;,&quot;credit&quot;:&quot;&quot;,&quot;camera&quot;:&quot;&quot;,&quot;caption&quot;:&quot;&quot;,&quot;created_timestamp&quot;:&quot;0&quot;,&quot;copyright&quot;:&quot;&quot;,&quot;focal_length&quot;:&quot;0&quot;,&quot;iso&quot;:&quot;0&quot;,&quot;shutter_speed&quot;:&quot;0&quot;,&quot;title&quot;:&quot;&quot;,&quot;orientation&quot;:&quot;0&quot;}\" data-image-title=\"1753626445728_900-2\" data-image-description=\"\" data-image-caption=\"\" data-large-file=\"https:\/\/i0.wp.com\/deltaimage.de\/wp\/wp-content\/uploads\/1753626445728_900-2.jpg?fit=890%2C593&amp;ssl=1\" class=\"wp-image-49817 size-full\" src=\"https:\/\/i0.wp.com\/deltaimage.de\/wp\/wp-content\/uploads\/1753626445728_900-2.jpg?resize=890%2C593&#038;ssl=1\" alt=\"\" width=\"890\" height=\"593\" srcset=\"https:\/\/i0.wp.com\/deltaimage.de\/wp\/wp-content\/uploads\/1753626445728_900-2.jpg?w=890&amp;ssl=1 890w, https:\/\/i0.wp.com\/deltaimage.de\/wp\/wp-content\/uploads\/1753626445728_900-2.jpg?resize=300%2C200&amp;ssl=1 300w, https:\/\/i0.wp.com\/deltaimage.de\/wp\/wp-content\/uploads\/1753626445728_900-2.jpg?resize=600%2C400&amp;ssl=1 600w, https:\/\/i0.wp.com\/deltaimage.de\/wp\/wp-content\/uploads\/1753626445728_900-2.jpg?resize=200%2C133&amp;ssl=1 200w\" sizes=\"auto, (max-width: 890px) 100vw, 890px\" \/><p id=\"caption-attachment-49817\" class=\"wp-caption-text\">Das Macro-Lupenobejktiv am Balgenger\u00e4t und einem speziellen Blitzring, um am Filtergewinde befestigt zu werden und spezielle Macro-Blitzk\u00f6pfe zur besseren Lichtf\u00fchrung anbringen zu k\u00f6nnen.<\/p><\/div>\n<h2><\/h2>\n<h2>Lupenobjektive am Balgenger\u00e4t<\/h2>\n<p>Lupenobjektive sind ganz speziell zur Fotografie von kleinen und kleinsten Objekten mit entsprechend gro\u00dfen Abbildungsma\u00dfst\u00e4ben jenseits der lebensgro\u00dfen Abbildung 1:1 konstruiert und gebaut. Sie sind f\u00fcr fotografische Abbildungsma\u00dfst\u00e4be von etwa 1:1 (1x) bis 20:1 (20x) gebaut und werden zusammen mit Balgenger\u00e4ten verwendet. Sie sind nicht direkt f\u00fcr die direkte Montage an Kamerageh\u00e4usen gedacht.<\/p>\n<p>Lupenobjektive sind in der optischen Konstruktion auf die Abbildungsverh\u00e4ltnisse in diesen Vergr\u00f6\u00dferungsma\u00dfst\u00e4ben hin optisch gerechnet und sind konstruktiv &#8222;umgedrehte&#8220; Objektive aus normalen Entfernungsbereichen. Die fotografische Praxis ergibt bei solch umgedrehten Konstruktionen deutlich bessere Abbildungsleistungen.<\/p>\n<p>Im fotografischen Einsatz in der Micro-Fotografie werden die Lupenobjektive nur geringf\u00fcgig abgeblendet, da die optische Abbildungsqualit\u00e4t durch negative Beugungseffekte sonst st\u00e4rker abnimmt als durch die kleineren Blenden an Sch\u00e4rfe hinzugewonnen werden kann. Die gro\u00dfen Abbildungsma\u00dfst\u00e4be bedingen extrem kleine Sch\u00e4rfebereiche von 0,1 mm und weniger. Ein starkes Abblenden vergr\u00f6\u00dfert diesen Sch\u00e4rfenbereich nur geringf\u00fcgig.<\/p>\n<blockquote><p>Das Umgehend mit diesen durch die optischen gesetze vorgegebenen Grenzen in der Fotografie macht die Faszination der Fotografie aus. Diese Grenzen muss die FotografIn mit den gestalterischen und handwerklichen M\u00f6glichen in perfekte Bildmotive umsetzen.<\/p><\/blockquote>\n","protected":false},"excerpt":{"rendered":"<p>Die fotografische Qualit\u00e4t des Bildes steht und f\u00e4llt mit der Qualit\u00e4t und den M\u00f6glichkeiten des verwendeten Objektivs. Jenseits des Abbildungsma\u00dfstabes von 1:1 (1x) wird die Auswahl an speziellen Objektiven f\u00fcr [&hellip;]<\/p>\n","protected":false},"author":1,"featured_media":49957,"comment_status":"open","ping_status":"closed","template":"","format":"standard","meta":{"wpupg_custom_link":[],"wpupg_custom_link_behaviour":[],"wpupg_custom_link_nofollow":[],"wpupg_custom_image":[],"wpupg_custom_image_id":[],"jetpack_post_was_ever_published":false,"footnotes":""},"jetpack-portfolio-type":[4281],"jetpack-portfolio-tag":[],"class_list":["post-49885","jetpack-portfolio","type-jetpack-portfolio","status-publish","format-standard","has-post-thumbnail","hentry","jetpack-portfolio-type-micro"],"jetpack-related-posts":[{"id":50237,"url":"https:\/\/deltaimage.de\/wp\/?portfolio=microfotografie-makro-extrem","url_meta":{"origin":49885,"position":0},"title":"Microfotografie: Makro extrem","author":"EschbacP","date":"4. August 2025","format":false,"excerpt":"Seit dem Jahr 1986 fotografiere ich ernsthaft mit viel Engagement und Leidenschaft, begonnen habe ich in der analogen Fotografie mit der ersten Kamera aus dem OLYMPUS OM System. Dieses analoge System hat mir bis zum Jahr 1999 sehr gute Dienste, als treuer Begleiter in Wald und Flur ganz hervorragende Dienste\u2026","rel":"","context":"\u00c4hnlicher Beitrag","block_context":{"text":"\u00c4hnlicher Beitrag","link":""},"img":{"alt_text":"","src":"https:\/\/i0.wp.com\/deltaimage.de\/wp\/wp-content\/uploads\/PE5D8850_1200.jpg?fit=1200%2C450&ssl=1&resize=350%2C200","width":350,"height":200,"srcset":"https:\/\/i0.wp.com\/deltaimage.de\/wp\/wp-content\/uploads\/PE5D8850_1200.jpg?fit=1200%2C450&ssl=1&resize=350%2C200 1x, https:\/\/i0.wp.com\/deltaimage.de\/wp\/wp-content\/uploads\/PE5D8850_1200.jpg?fit=1200%2C450&ssl=1&resize=525%2C300 1.5x, https:\/\/i0.wp.com\/deltaimage.de\/wp\/wp-content\/uploads\/PE5D8850_1200.jpg?fit=1200%2C450&ssl=1&resize=700%2C400 2x, https:\/\/i0.wp.com\/deltaimage.de\/wp\/wp-content\/uploads\/PE5D8850_1200.jpg?fit=1200%2C450&ssl=1&resize=1050%2C600 3x"},"classes":[]},{"id":49888,"url":"https:\/\/deltaimage.de\/wp\/?portfolio=5a-befestigung-micro-blitze-am-system-om","url_meta":{"origin":49885,"position":1},"title":"Micro  7: Befestigung Micro-Blitze am System OM","author":"EschbacP","date":"29. Juli 2025","format":false,"excerpt":"Die beiden Miniblitze des EOS Macro-Blitzes oder des OLYMPUS Blitzsystems befestige an dem hier sichtbaren Blitz-Ring aus dem OLYMPUS OM System-Blitz Programm. Olympus hatte ebenso einen Macro-Zangenblitz im Angebot. Der Blitzring l\u00e4sst sich an einer speziellen Befestigung mit 49mm Filtergewinde am 38mm Macro-Objektiv und allen anderen OM Macro-Objektiven anschrauben. \u00a0\u2026","rel":"","context":"\u00c4hnlicher Beitrag","block_context":{"text":"\u00c4hnlicher Beitrag","link":""},"img":{"alt_text":"","src":"https:\/\/i0.wp.com\/deltaimage.de\/wp\/wp-content\/uploads\/IMG_9562-920.jpg?fit=920%2C613&ssl=1&resize=350%2C200","width":350,"height":200,"srcset":"https:\/\/i0.wp.com\/deltaimage.de\/wp\/wp-content\/uploads\/IMG_9562-920.jpg?fit=920%2C613&ssl=1&resize=350%2C200 1x, https:\/\/i0.wp.com\/deltaimage.de\/wp\/wp-content\/uploads\/IMG_9562-920.jpg?fit=920%2C613&ssl=1&resize=525%2C300 1.5x, https:\/\/i0.wp.com\/deltaimage.de\/wp\/wp-content\/uploads\/IMG_9562-920.jpg?fit=920%2C613&ssl=1&resize=700%2C400 2x"},"classes":[]},{"id":49890,"url":"https:\/\/deltaimage.de\/wp\/?portfolio=2-objektivanschluss-macro-objektive-eos-om","url_meta":{"origin":49885,"position":2},"title":"Micro  2: Objektivanschlu\u00df Makro-Objektive EOS \/ OM","author":"EschbacP","date":"29. Juli 2025","format":false,"excerpt":"Von der Kamera geht es weiter in Richtung auf die spezielle Optik f\u00fcr die Micro-Fotografie im System. Die Optik des Systems wird nicht von einem Hersteller durchg\u00e4ngig verwendet werden k\u00f6nnen, hier kommt ein wenig Kreativit\u00e4t der Fotografie mit ins Spiel. Im digitalen EOS System steht nicht mehr die Vielfalt und\u2026","rel":"","context":"\u00c4hnlicher Beitrag","block_context":{"text":"\u00c4hnlicher Beitrag","link":""},"img":{"alt_text":"","src":"https:\/\/i0.wp.com\/deltaimage.de\/wp\/wp-content\/uploads\/IMG_9543-920.jpg?fit=920%2C610&ssl=1&resize=350%2C200","width":350,"height":200,"srcset":"https:\/\/i0.wp.com\/deltaimage.de\/wp\/wp-content\/uploads\/IMG_9543-920.jpg?fit=920%2C610&ssl=1&resize=350%2C200 1x, https:\/\/i0.wp.com\/deltaimage.de\/wp\/wp-content\/uploads\/IMG_9543-920.jpg?fit=920%2C610&ssl=1&resize=525%2C300 1.5x, https:\/\/i0.wp.com\/deltaimage.de\/wp\/wp-content\/uploads\/IMG_9543-920.jpg?fit=920%2C610&ssl=1&resize=700%2C400 2x"},"classes":[]},{"id":24175,"url":"https:\/\/deltaimage.de\/wp\/?portfolio=tilt-shift-fotografie","url_meta":{"origin":49885,"position":3},"title":"Tilt-Shift Fotografie","author":"EschbacP","date":"23. Januar 2020","format":false,"excerpt":"Seminarinhalte Tilt-Shift Workshop, der kreative Umgang mit einem ganz besonderen Objektivtypus. F\u00fcr Gro\u00dfformatfotografen z\u00e4hlen Tilt (verschwenken) und Shift (verschieben) zum t\u00e4glichen Handwerkszeug f\u00fcr anspruchsvollste Produkt und Werbefotografie. Fotografen suchen immer neue kreative M\u00f6glichkeiten andere und vielleicht auch bessere Fotos zu machen und kreative Ideen in ganz besonderer Fotos umzusetzen. Massive\u2026","rel":"","context":"\u00c4hnlicher Beitrag","block_context":{"text":"\u00c4hnlicher Beitrag","link":""},"img":{"alt_text":"","src":"https:\/\/i0.wp.com\/deltaimage.de\/wp\/wp-content\/uploads\/Banner_Tilt_1200.jpg?fit=1200%2C487&ssl=1&resize=350%2C200","width":350,"height":200,"srcset":"https:\/\/i0.wp.com\/deltaimage.de\/wp\/wp-content\/uploads\/Banner_Tilt_1200.jpg?fit=1200%2C487&ssl=1&resize=350%2C200 1x, https:\/\/i0.wp.com\/deltaimage.de\/wp\/wp-content\/uploads\/Banner_Tilt_1200.jpg?fit=1200%2C487&ssl=1&resize=525%2C300 1.5x, https:\/\/i0.wp.com\/deltaimage.de\/wp\/wp-content\/uploads\/Banner_Tilt_1200.jpg?fit=1200%2C487&ssl=1&resize=700%2C400 2x, https:\/\/i0.wp.com\/deltaimage.de\/wp\/wp-content\/uploads\/Banner_Tilt_1200.jpg?fit=1200%2C487&ssl=1&resize=1050%2C600 3x"},"classes":[]},{"id":49884,"url":"https:\/\/deltaimage.de\/wp\/?portfolio=6-vertikales-horizontales-macro-stativ-und-objektbuehne-novoflex","url_meta":{"origin":49885,"position":4},"title":"Micro 10: Vertikaler \/ horizontaler Macro-Stand und Objektb\u00fchne NOVOFLEX","author":"EschbacP","date":"29. Juli 2025","format":false,"excerpt":"Das vertikale Makro-Stand vom bayerischen Hersteller NOVOFLEX passt perfekt zum Balgenger\u00e4t vom gleichen Hersteller, stammt selbst noch aus der analogen \u00c4ra der Fotografie. Mit dem Makro-Stand\u00a0wird der Abstand zum Objekt pr\u00e4zise am Einstellschlitten justiert und das gesamte System aus: Kamera, Objektivanschlu\u00dfringe OM \/ EOS Balgenger\u00e4t, ggf. Zwischenringe Objektiv, Beleuchtung und\u2026","rel":"","context":"\u00c4hnlicher Beitrag","block_context":{"text":"\u00c4hnlicher Beitrag","link":""},"img":{"alt_text":"","src":"https:\/\/i0.wp.com\/deltaimage.de\/wp\/wp-content\/uploads\/IMG_9559-920.jpg?fit=920%2C613&ssl=1&resize=350%2C200","width":350,"height":200,"srcset":"https:\/\/i0.wp.com\/deltaimage.de\/wp\/wp-content\/uploads\/IMG_9559-920.jpg?fit=920%2C613&ssl=1&resize=350%2C200 1x, https:\/\/i0.wp.com\/deltaimage.de\/wp\/wp-content\/uploads\/IMG_9559-920.jpg?fit=920%2C613&ssl=1&resize=525%2C300 1.5x, https:\/\/i0.wp.com\/deltaimage.de\/wp\/wp-content\/uploads\/IMG_9559-920.jpg?fit=920%2C613&ssl=1&resize=700%2C400 2x"},"classes":[]},{"id":49886,"url":"https:\/\/deltaimage.de\/wp\/?portfolio=4c-einstellung-abbildungsmassstaebe-und-fokussierung-am-balgengeraet","url_meta":{"origin":49885,"position":5},"title":"Micro  6: Einstellung Abbildungsma\u00dfst\u00e4be und Fokussierung am Balgenger\u00e4t","author":"EschbacP","date":"29. Juli 2025","format":false,"excerpt":"Die Fotografie in den gro\u00dfen Abbildungsma\u00dfst\u00e4ben unterscheidet sich im Ger\u00e4teaufbau und in den Abl\u00e4ufen von der normalen Fotografie \u00fcber gro\u00dfe Entfernungen hinweg, bei kleineren Abbildungsma\u00dfst\u00e4ben: Der Abbildungsma\u00dfstab im Bereich der Micro-Fotografie, also jenseits der lebensgro\u00dfen Abbildung, wird \u00fcber den optischen Auszug als Abstand zwischen der vorderen und der hinteren Objektivstandarte\u2026","rel":"","context":"\u00c4hnlicher Beitrag","block_context":{"text":"\u00c4hnlicher Beitrag","link":""},"img":{"alt_text":"","src":"https:\/\/i0.wp.com\/deltaimage.de\/wp\/wp-content\/uploads\/1753626445745-920.jpg?fit=920%2C613&ssl=1&resize=350%2C200","width":350,"height":200,"srcset":"https:\/\/i0.wp.com\/deltaimage.de\/wp\/wp-content\/uploads\/1753626445745-920.jpg?fit=920%2C613&ssl=1&resize=350%2C200 1x, https:\/\/i0.wp.com\/deltaimage.de\/wp\/wp-content\/uploads\/1753626445745-920.jpg?fit=920%2C613&ssl=1&resize=525%2C300 1.5x, https:\/\/i0.wp.com\/deltaimage.de\/wp\/wp-content\/uploads\/1753626445745-920.jpg?fit=920%2C613&ssl=1&resize=700%2C400 2x"},"classes":[]}],"jetpack_sharing_enabled":true,"_links":{"self":[{"href":"https:\/\/deltaimage.de\/wp\/index.php?rest_route=\/wp\/v2\/jetpack-portfolio\/49885","targetHints":{"allow":["GET"]}}],"collection":[{"href":"https:\/\/deltaimage.de\/wp\/index.php?rest_route=\/wp\/v2\/jetpack-portfolio"}],"about":[{"href":"https:\/\/deltaimage.de\/wp\/index.php?rest_route=\/wp\/v2\/types\/jetpack-portfolio"}],"author":[{"embeddable":true,"href":"https:\/\/deltaimage.de\/wp\/index.php?rest_route=\/wp\/v2\/users\/1"}],"replies":[{"embeddable":true,"href":"https:\/\/deltaimage.de\/wp\/index.php?rest_route=%2Fwp%2Fv2%2Fcomments&post=49885"}],"version-history":[{"count":11,"href":"https:\/\/deltaimage.de\/wp\/index.php?rest_route=\/wp\/v2\/jetpack-portfolio\/49885\/revisions"}],"predecessor-version":[{"id":50417,"href":"https:\/\/deltaimage.de\/wp\/index.php?rest_route=\/wp\/v2\/jetpack-portfolio\/49885\/revisions\/50417"}],"wp:featuredmedia":[{"embeddable":true,"href":"https:\/\/deltaimage.de\/wp\/index.php?rest_route=\/wp\/v2\/media\/49957"}],"wp:attachment":[{"href":"https:\/\/deltaimage.de\/wp\/index.php?rest_route=%2Fwp%2Fv2%2Fmedia&parent=49885"}],"wp:term":[{"taxonomy":"jetpack-portfolio-type","embeddable":true,"href":"https:\/\/deltaimage.de\/wp\/index.php?rest_route=%2Fwp%2Fv2%2Fjetpack-portfolio-type&post=49885"},{"taxonomy":"jetpack-portfolio-tag","embeddable":true,"href":"https:\/\/deltaimage.de\/wp\/index.php?rest_route=%2Fwp%2Fv2%2Fjetpack-portfolio-tag&post=49885"}],"curies":[{"name":"wp","href":"https:\/\/api.w.org\/{rel}","templated":true}]}}