{"id":49886,"date":"2025-07-29T21:45:56","date_gmt":"2025-07-29T19:45:56","guid":{"rendered":"https:\/\/deltaimage.de\/wp\/?post_type=jetpack-portfolio&#038;p=49886"},"modified":"2025-08-13T16:44:41","modified_gmt":"2025-08-13T14:44:41","slug":"4c-einstellung-abbildungsmassstaebe-und-fokussierung-am-balgengeraet","status":"publish","type":"jetpack-portfolio","link":"https:\/\/deltaimage.de\/wp\/?portfolio=4c-einstellung-abbildungsmassstaebe-und-fokussierung-am-balgengeraet","title":{"rendered":"Micro  6: Einstellung Abbildungsma\u00dfst\u00e4be und Fokussierung am Balgenger\u00e4t"},"content":{"rendered":"<p>Die Fotografie in den gro\u00dfen Abbildungsma\u00dfst\u00e4ben unterscheidet sich im Ger\u00e4teaufbau und in den Abl\u00e4ufen von der normalen Fotografie \u00fcber gro\u00dfe Entfernungen hinweg, bei kleineren Abbildungsma\u00dfst\u00e4ben:<\/p>\n<ul>\n<li>Der Abbildungsma\u00dfstab im Bereich der <strong>Micro-Fotografie<\/strong>, also jenseits der lebensgro\u00dfen Abbildung, wird \u00fcber den optischen Auszug als Abstand zwischen der vorderen und der hinteren Objektivstandarte ver\u00e4ndert und eingestellt.<\/li>\n<li>Die Einstellung der Sch\u00e4rfe erfolgt durch die Verschiebung der gesamten Kombination entlang der optischen Achse.<\/li>\n<\/ul>\n<p>Die Balgenger\u00e4te haben dazu entsprechend integrierte Einstellung der Standarten und einen speziellen Einstellschlitten.<\/p>\n<div id=\"attachment_50103\" style=\"width: 930px\" class=\"wp-caption aligncenter\"><img data-recalc-dims=\"1\" loading=\"lazy\" decoding=\"async\" aria-describedby=\"caption-attachment-50103\" data-attachment-id=\"50103\" data-permalink=\"https:\/\/deltaimage.de\/wp\/?attachment_id=50103#main\" data-orig-file=\"https:\/\/i0.wp.com\/deltaimage.de\/wp\/wp-content\/uploads\/1753626445745-920.jpg?fit=920%2C613&amp;ssl=1\" data-orig-size=\"920,613\" data-comments-opened=\"1\" data-image-meta=\"{&quot;aperture&quot;:&quot;0&quot;,&quot;credit&quot;:&quot;&quot;,&quot;camera&quot;:&quot;&quot;,&quot;caption&quot;:&quot;&quot;,&quot;created_timestamp&quot;:&quot;0&quot;,&quot;copyright&quot;:&quot;&quot;,&quot;focal_length&quot;:&quot;0&quot;,&quot;iso&quot;:&quot;0&quot;,&quot;shutter_speed&quot;:&quot;0&quot;,&quot;title&quot;:&quot;&quot;,&quot;orientation&quot;:&quot;0&quot;}\" data-image-title=\"1753626445745-920\" data-image-description=\"\" data-image-caption=\"\" data-large-file=\"https:\/\/i0.wp.com\/deltaimage.de\/wp\/wp-content\/uploads\/1753626445745-920.jpg?fit=890%2C593&amp;ssl=1\" class=\"wp-image-50103 size-full\" src=\"https:\/\/i0.wp.com\/deltaimage.de\/wp\/wp-content\/uploads\/1753626445745-920.jpg?resize=890%2C593&#038;ssl=1\" alt=\"\" width=\"890\" height=\"593\" srcset=\"https:\/\/i0.wp.com\/deltaimage.de\/wp\/wp-content\/uploads\/1753626445745-920.jpg?w=920&amp;ssl=1 920w, https:\/\/i0.wp.com\/deltaimage.de\/wp\/wp-content\/uploads\/1753626445745-920.jpg?resize=900%2C600&amp;ssl=1 900w, https:\/\/i0.wp.com\/deltaimage.de\/wp\/wp-content\/uploads\/1753626445745-920.jpg?resize=300%2C200&amp;ssl=1 300w, https:\/\/i0.wp.com\/deltaimage.de\/wp\/wp-content\/uploads\/1753626445745-920.jpg?resize=600%2C400&amp;ssl=1 600w, https:\/\/i0.wp.com\/deltaimage.de\/wp\/wp-content\/uploads\/1753626445745-920.jpg?resize=200%2C133&amp;ssl=1 200w\" sizes=\"auto, (max-width: 890px) 100vw, 890px\" \/><p id=\"caption-attachment-50103\" class=\"wp-caption-text\">Das NOVOFLEX Balgenger\u00e4t hat spezielle Einstellungen f\u00fcr die Standarten und den Einstellschlitten um die gew\u00fcnschte Abbildungsgr\u00f6\u00dfe auch einstellen zu k\u00f6nnen.<\/p><\/div>\n<ul>\n<li>Das <strong>NOVOFLEX Balgenger\u00e4t<\/strong> hat dazu eine Einstellung der vorderen Objektivstandarte und eine Einstellung der Entfernung der gesamten Kombination zum Objekt.<\/li>\n<li>Beim <strong>OLYMPUS OM Auto-Balgenger\u00e4t<\/strong> ist zus\u00e4tzlich die hintere Objektivstandarte ebenso zu verstellen.<\/li>\n<\/ul>\n<p>Insgesamt ist der nutzbare Einstellbereich beim <strong>OLYMPUS OM Auto-Balgenger\u00e4t<\/strong> damit deutlich gr\u00f6\u00dfer.<\/p>\n","protected":false},"excerpt":{"rendered":"<p>Die Fotografie in den gro\u00dfen Abbildungsma\u00dfst\u00e4ben unterscheidet sich im Ger\u00e4teaufbau und in den Abl\u00e4ufen von der normalen Fotografie \u00fcber gro\u00dfe Entfernungen hinweg, bei kleineren Abbildungsma\u00dfst\u00e4ben: Der Abbildungsma\u00dfstab im Bereich der [&hellip;]<\/p>\n","protected":false},"author":1,"featured_media":50103,"comment_status":"open","ping_status":"closed","template":"","format":"standard","meta":{"wpupg_custom_link":[],"wpupg_custom_link_behaviour":[],"wpupg_custom_link_nofollow":[],"wpupg_custom_image":[],"wpupg_custom_image_id":[],"jetpack_post_was_ever_published":false,"footnotes":""},"jetpack-portfolio-type":[4281],"jetpack-portfolio-tag":[],"class_list":["post-49886","jetpack-portfolio","type-jetpack-portfolio","status-publish","format-standard","has-post-thumbnail","hentry","jetpack-portfolio-type-micro"],"jetpack-related-posts":[{"id":49885,"url":"https:\/\/deltaimage.de\/wp\/?portfolio=4a-macro-objektiv-om-zuiko","url_meta":{"origin":49886,"position":0},"title":"Micro  4: Macro-Objektiv OLYMPUS OM Zuiko","author":"EschbacP","date":"29. Juli 2025","format":false,"excerpt":"Die fotografische Qualit\u00e4t des Bildes steht und f\u00e4llt mit der Qualit\u00e4t und den M\u00f6glichkeiten des verwendeten Objektivs. Jenseits des Abbildungsma\u00dfstabes von 1:1 (1x) wird die Auswahl an speziellen Objektiven f\u00fcr die Micro-Fotografie sehr sparsam. Zum Gl\u00fcck hatte Olympus im OM System als einer der wenigen Hersteller eine gro\u00dfe Auswahl an\u2026","rel":"","context":"\u00c4hnlicher Beitrag","block_context":{"text":"\u00c4hnlicher Beitrag","link":""},"img":{"alt_text":"","src":"https:\/\/i0.wp.com\/deltaimage.de\/wp\/wp-content\/uploads\/IMG_9547-920.jpg?fit=920%2C610&ssl=1&resize=350%2C200","width":350,"height":200,"srcset":"https:\/\/i0.wp.com\/deltaimage.de\/wp\/wp-content\/uploads\/IMG_9547-920.jpg?fit=920%2C610&ssl=1&resize=350%2C200 1x, https:\/\/i0.wp.com\/deltaimage.de\/wp\/wp-content\/uploads\/IMG_9547-920.jpg?fit=920%2C610&ssl=1&resize=525%2C300 1.5x, https:\/\/i0.wp.com\/deltaimage.de\/wp\/wp-content\/uploads\/IMG_9547-920.jpg?fit=920%2C610&ssl=1&resize=700%2C400 2x"},"classes":[]},{"id":49883,"url":"https:\/\/deltaimage.de\/wp\/?portfolio=3-flexibler-objektivauszug-mit-balgengeraet-om","url_meta":{"origin":49886,"position":1},"title":"Micro  3: flexibler Objektivauszug mit Balgenger\u00e4t OM","author":"EschbacP","date":"29. Juli 2025","format":false,"excerpt":"An den Anschlu\u00dfadapter EOS \/ OM wird das OLYMPUS OM Auto-Balgenger\u00e4t angesetzt. \u00dcber viele Jahre waren Balgenger\u00e4te der Standard in der Nahbereichsfotografie \u00fcber alle Kamerahersteller hinweg. Jedes Balgenger\u00e4t erm\u00f6glicht einen flexiblen Auszug zwischen der vorderen und der hinteren Standarte und es k\u00f6nnen so alle verf\u00fcgbaren Abbildungsma\u00dfst\u00e4be und Einstellentfernungen mit drei\u2026","rel":"","context":"\u00c4hnlicher Beitrag","block_context":{"text":"\u00c4hnlicher Beitrag","link":""},"img":{"alt_text":"","src":"https:\/\/i0.wp.com\/deltaimage.de\/wp\/wp-content\/uploads\/IMG_9545-920.jpg?fit=920%2C610&ssl=1&resize=350%2C200","width":350,"height":200,"srcset":"https:\/\/i0.wp.com\/deltaimage.de\/wp\/wp-content\/uploads\/IMG_9545-920.jpg?fit=920%2C610&ssl=1&resize=350%2C200 1x, https:\/\/i0.wp.com\/deltaimage.de\/wp\/wp-content\/uploads\/IMG_9545-920.jpg?fit=920%2C610&ssl=1&resize=525%2C300 1.5x, https:\/\/i0.wp.com\/deltaimage.de\/wp\/wp-content\/uploads\/IMG_9545-920.jpg?fit=920%2C610&ssl=1&resize=700%2C400 2x"},"classes":[]},{"id":49884,"url":"https:\/\/deltaimage.de\/wp\/?portfolio=6-vertikales-horizontales-macro-stativ-und-objektbuehne-novoflex","url_meta":{"origin":49886,"position":2},"title":"Micro 10: Vertikaler \/ horizontaler Macro-Stand und Objektb\u00fchne NOVOFLEX","author":"EschbacP","date":"29. Juli 2025","format":false,"excerpt":"Das vertikale Makro-Stand vom bayerischen Hersteller NOVOFLEX passt perfekt zum Balgenger\u00e4t vom gleichen Hersteller, stammt selbst noch aus der analogen \u00c4ra der Fotografie. Mit dem Makro-Stand\u00a0wird der Abstand zum Objekt pr\u00e4zise am Einstellschlitten justiert und das gesamte System aus: Kamera, Objektivanschlu\u00dfringe OM \/ EOS Balgenger\u00e4t, ggf. Zwischenringe Objektiv, Beleuchtung und\u2026","rel":"","context":"\u00c4hnlicher Beitrag","block_context":{"text":"\u00c4hnlicher Beitrag","link":""},"img":{"alt_text":"","src":"https:\/\/i0.wp.com\/deltaimage.de\/wp\/wp-content\/uploads\/IMG_9559-920.jpg?fit=920%2C613&ssl=1&resize=350%2C200","width":350,"height":200,"srcset":"https:\/\/i0.wp.com\/deltaimage.de\/wp\/wp-content\/uploads\/IMG_9559-920.jpg?fit=920%2C613&ssl=1&resize=350%2C200 1x, https:\/\/i0.wp.com\/deltaimage.de\/wp\/wp-content\/uploads\/IMG_9559-920.jpg?fit=920%2C613&ssl=1&resize=525%2C300 1.5x, https:\/\/i0.wp.com\/deltaimage.de\/wp\/wp-content\/uploads\/IMG_9559-920.jpg?fit=920%2C613&ssl=1&resize=700%2C400 2x"},"classes":[]},{"id":49901,"url":"https:\/\/deltaimage.de\/wp\/?portfolio=7-einstelllicht-der-macro-systemblitze-eos","url_meta":{"origin":49886,"position":3},"title":"Micro 11: Einstelllicht der Macro-Systemblitze","author":"EschbacP","date":"29. Juli 2025","format":false,"excerpt":"Das Fotografieren im Makro- und im Micro-Bereich erfordert ganz spezielle Fotoger\u00e4te, um die Aufgabenstellung bestm\u00f6glich umsetzen zu k\u00f6nnen. Die gro\u00dfen Abbildungsma\u00dfst\u00e4ben f\u00fchren zu entsprechen kleinen effektiven Offen- und Arbeitsblenden. Entsprechend wenig Licht ist im optischen und elektronischen Sucher verf\u00fcgbar. Spezielle Makro-Blitze sind daher mit einem zus\u00e4tzlichen Einstelllicht als Dauerlicht ausgestattet.\u2026","rel":"","context":"\u00c4hnlicher Beitrag","block_context":{"text":"\u00c4hnlicher Beitrag","link":""},"img":{"alt_text":"","src":"https:\/\/i0.wp.com\/deltaimage.de\/wp\/wp-content\/uploads\/1754250281036-920.jpg?fit=920%2C613&ssl=1&resize=350%2C200","width":350,"height":200,"srcset":"https:\/\/i0.wp.com\/deltaimage.de\/wp\/wp-content\/uploads\/1754250281036-920.jpg?fit=920%2C613&ssl=1&resize=350%2C200 1x, https:\/\/i0.wp.com\/deltaimage.de\/wp\/wp-content\/uploads\/1754250281036-920.jpg?fit=920%2C613&ssl=1&resize=525%2C300 1.5x, https:\/\/i0.wp.com\/deltaimage.de\/wp\/wp-content\/uploads\/1754250281036-920.jpg?fit=920%2C613&ssl=1&resize=700%2C400 2x"},"classes":[]},{"id":49890,"url":"https:\/\/deltaimage.de\/wp\/?portfolio=2-objektivanschluss-macro-objektive-eos-om","url_meta":{"origin":49886,"position":4},"title":"Micro  2: Objektivanschlu\u00df Makro-Objektive EOS \/ OM","author":"EschbacP","date":"29. Juli 2025","format":false,"excerpt":"Von der Kamera geht es weiter in Richtung auf die spezielle Optik f\u00fcr die Micro-Fotografie im System. Die Optik des Systems wird nicht von einem Hersteller durchg\u00e4ngig verwendet werden k\u00f6nnen, hier kommt ein wenig Kreativit\u00e4t der Fotografie mit ins Spiel. Im digitalen EOS System steht nicht mehr die Vielfalt und\u2026","rel":"","context":"\u00c4hnlicher Beitrag","block_context":{"text":"\u00c4hnlicher Beitrag","link":""},"img":{"alt_text":"","src":"https:\/\/i0.wp.com\/deltaimage.de\/wp\/wp-content\/uploads\/IMG_9543-920.jpg?fit=920%2C610&ssl=1&resize=350%2C200","width":350,"height":200,"srcset":"https:\/\/i0.wp.com\/deltaimage.de\/wp\/wp-content\/uploads\/IMG_9543-920.jpg?fit=920%2C610&ssl=1&resize=350%2C200 1x, https:\/\/i0.wp.com\/deltaimage.de\/wp\/wp-content\/uploads\/IMG_9543-920.jpg?fit=920%2C610&ssl=1&resize=525%2C300 1.5x, https:\/\/i0.wp.com\/deltaimage.de\/wp\/wp-content\/uploads\/IMG_9543-920.jpg?fit=920%2C610&ssl=1&resize=700%2C400 2x"},"classes":[]},{"id":49887,"url":"https:\/\/deltaimage.de\/wp\/?portfolio=5b-objekt-beleuchtung-am-micro-studio-om-eos","url_meta":{"origin":49886,"position":5},"title":"Micro  8: Objekt-Beleuchtung am Micro-Studio OM\/EOS","author":"EschbacP","date":"29. Juli 2025","format":false,"excerpt":"Die Micro-Fotografie ben\u00f6tigt sehr viel Licht, die effektiven Blenden werden bei den hohen Abbildungsma\u00dfst\u00e4ben immer kleiner und lassen immer weniger Licht zum Sensor durch. Dies kann nur von au\u00dfen durch eine entsprechende Lichtintensit\u00e4t in der Beleuchtung ausgeglichen werden. Neben dem Dauerlicht bietet sich die Abwendung von Blitzlicht in der Macro\u2026","rel":"","context":"\u00c4hnlicher Beitrag","block_context":{"text":"\u00c4hnlicher Beitrag","link":""},"img":{"alt_text":"","src":"https:\/\/i0.wp.com\/deltaimage.de\/wp\/wp-content\/uploads\/1753626445728_900-2.jpg?fit=890%2C593&ssl=1&resize=350%2C200","width":350,"height":200,"srcset":"https:\/\/i0.wp.com\/deltaimage.de\/wp\/wp-content\/uploads\/1753626445728_900-2.jpg?fit=890%2C593&ssl=1&resize=350%2C200 1x, https:\/\/i0.wp.com\/deltaimage.de\/wp\/wp-content\/uploads\/1753626445728_900-2.jpg?fit=890%2C593&ssl=1&resize=525%2C300 1.5x, https:\/\/i0.wp.com\/deltaimage.de\/wp\/wp-content\/uploads\/1753626445728_900-2.jpg?fit=890%2C593&ssl=1&resize=700%2C400 2x"},"classes":[]}],"jetpack_sharing_enabled":true,"_links":{"self":[{"href":"https:\/\/deltaimage.de\/wp\/index.php?rest_route=\/wp\/v2\/jetpack-portfolio\/49886","targetHints":{"allow":["GET"]}}],"collection":[{"href":"https:\/\/deltaimage.de\/wp\/index.php?rest_route=\/wp\/v2\/jetpack-portfolio"}],"about":[{"href":"https:\/\/deltaimage.de\/wp\/index.php?rest_route=\/wp\/v2\/types\/jetpack-portfolio"}],"author":[{"embeddable":true,"href":"https:\/\/deltaimage.de\/wp\/index.php?rest_route=\/wp\/v2\/users\/1"}],"replies":[{"embeddable":true,"href":"https:\/\/deltaimage.de\/wp\/index.php?rest_route=%2Fwp%2Fv2%2Fcomments&post=49886"}],"version-history":[{"count":12,"href":"https:\/\/deltaimage.de\/wp\/index.php?rest_route=\/wp\/v2\/jetpack-portfolio\/49886\/revisions"}],"predecessor-version":[{"id":50416,"href":"https:\/\/deltaimage.de\/wp\/index.php?rest_route=\/wp\/v2\/jetpack-portfolio\/49886\/revisions\/50416"}],"wp:featuredmedia":[{"embeddable":true,"href":"https:\/\/deltaimage.de\/wp\/index.php?rest_route=\/wp\/v2\/media\/50103"}],"wp:attachment":[{"href":"https:\/\/deltaimage.de\/wp\/index.php?rest_route=%2Fwp%2Fv2%2Fmedia&parent=49886"}],"wp:term":[{"taxonomy":"jetpack-portfolio-type","embeddable":true,"href":"https:\/\/deltaimage.de\/wp\/index.php?rest_route=%2Fwp%2Fv2%2Fjetpack-portfolio-type&post=49886"},{"taxonomy":"jetpack-portfolio-tag","embeddable":true,"href":"https:\/\/deltaimage.de\/wp\/index.php?rest_route=%2Fwp%2Fv2%2Fjetpack-portfolio-tag&post=49886"}],"curies":[{"name":"wp","href":"https:\/\/api.w.org\/{rel}","templated":true}]}}