{"id":49888,"date":"2025-07-29T21:47:51","date_gmt":"2025-07-29T19:47:51","guid":{"rendered":"https:\/\/deltaimage.de\/wp\/?post_type=jetpack-portfolio&#038;p=49888"},"modified":"2025-08-13T16:44:11","modified_gmt":"2025-08-13T14:44:11","slug":"5a-befestigung-micro-blitze-am-system-om","status":"publish","type":"jetpack-portfolio","link":"https:\/\/deltaimage.de\/wp\/?portfolio=5a-befestigung-micro-blitze-am-system-om","title":{"rendered":"Micro  7: Befestigung Micro-Blitze am System OM"},"content":{"rendered":"<p>Die beiden Miniblitze des <strong>EOS Macro-Blitzes<\/strong> oder des <strong>OLYMPUS Blitzsystems<\/strong> befestige an dem hier sichtbaren Blitz-Ring aus dem <strong>OLYMPUS OM System-Blitz<\/strong> Programm. Olympus hatte ebenso einen Macro-Zangenblitz im Angebot. Der Blitzring l\u00e4sst sich an einer speziellen Befestigung mit 49mm Filtergewinde am 38mm Macro-Objektiv und allen anderen <strong>OM Macro-Objektiven<\/strong> anschrauben.<\/p>\n<p><img data-recalc-dims=\"1\" loading=\"lazy\" decoding=\"async\" data-attachment-id=\"50132\" data-permalink=\"https:\/\/deltaimage.de\/wp\/?attachment_id=50132#main\" data-orig-file=\"https:\/\/i0.wp.com\/deltaimage.de\/wp\/wp-content\/uploads\/IMG_9562-920.jpg?fit=920%2C613&amp;ssl=1\" data-orig-size=\"920,613\" data-comments-opened=\"1\" data-image-meta=\"{&quot;aperture&quot;:&quot;11&quot;,&quot;credit&quot;:&quot;PAUL ESCHBACH&quot;,&quot;camera&quot;:&quot;Canon EOS Kiss X6i&quot;,&quot;caption&quot;:&quot;&quot;,&quot;created_timestamp&quot;:&quot;1754231636&quot;,&quot;copyright&quot;:&quot;(C) DELTA IMAGE&quot;,&quot;focal_length&quot;:&quot;60&quot;,&quot;iso&quot;:&quot;200&quot;,&quot;shutter_speed&quot;:&quot;0.005&quot;,&quot;title&quot;:&quot;&quot;,&quot;orientation&quot;:&quot;0&quot;}\" data-image-title=\"IMG_9562-920\" data-image-description=\"\" data-image-caption=\"\" data-large-file=\"https:\/\/i0.wp.com\/deltaimage.de\/wp\/wp-content\/uploads\/IMG_9562-920.jpg?fit=890%2C593&amp;ssl=1\" class=\"aligncenter size-full wp-image-50132\" src=\"https:\/\/i0.wp.com\/deltaimage.de\/wp\/wp-content\/uploads\/IMG_9562-920.jpg?resize=890%2C593&#038;ssl=1\" alt=\"\" width=\"890\" height=\"593\" srcset=\"https:\/\/i0.wp.com\/deltaimage.de\/wp\/wp-content\/uploads\/IMG_9562-920.jpg?w=920&amp;ssl=1 920w, https:\/\/i0.wp.com\/deltaimage.de\/wp\/wp-content\/uploads\/IMG_9562-920.jpg?resize=900%2C600&amp;ssl=1 900w, https:\/\/i0.wp.com\/deltaimage.de\/wp\/wp-content\/uploads\/IMG_9562-920.jpg?resize=300%2C200&amp;ssl=1 300w, https:\/\/i0.wp.com\/deltaimage.de\/wp\/wp-content\/uploads\/IMG_9562-920.jpg?resize=600%2C400&amp;ssl=1 600w, https:\/\/i0.wp.com\/deltaimage.de\/wp\/wp-content\/uploads\/IMG_9562-920.jpg?resize=200%2C133&amp;ssl=1 200w\" sizes=\"auto, (max-width: 890px) 100vw, 890px\" \/><\/p>\n<p>&nbsp;<\/p>\n<p>Da das Anbringen der kleinen <strong>Makro-Miniblitze<\/strong> in beiden Systemen mittels eines standardisierter Blitz-Cold-Shoe funktioniert, passt dies bei beiden Systemen gleichwertig und kann gegenseitig ausgetauscht werden.<\/p>\n<ul>\n<li><strong>EOS Blitze<\/strong><br \/>\nIn dieser Konfiguration wird die E-TTL Blitzlichtmessung des EOS Systems verwendet und die Bilder sind immer perfekt belichtet.<\/li>\n<li><strong>OLYMPUS Blitze<\/strong><br \/>\nIn dieser Konfiguration wird der Blitz mit fester Leitzahl geblitzt, dies funktioniert ebenso pr\u00e4chtig.<\/li>\n<li>Die Miniblitze haben auch eine integrierte Objektbeleuchtung mithilfe von kleinen acht bis neun zuschaltbaren Lampen in den Blitzgeh\u00e4usen. Dies ist zur Scharfstellung und zur Beurteilung des Bildmotivs sehr praktisch.<\/li>\n<li>In einer anderen Konfiguration verwende ich den OLYMPUS Ringblitz T-10 am Zuiko 38mm. Auch das passt sehr gut und besitzt ebenso eine integrierte Objektbeleuchtung.<\/li>\n<\/ul>\n<div id=\"attachment_49955\" style=\"width: 930px\" class=\"wp-caption aligncenter\"><img data-recalc-dims=\"1\" loading=\"lazy\" decoding=\"async\" aria-describedby=\"caption-attachment-49955\" data-attachment-id=\"49955\" data-permalink=\"https:\/\/deltaimage.de\/wp\/?attachment_id=49955#main\" data-orig-file=\"https:\/\/i0.wp.com\/deltaimage.de\/wp\/wp-content\/uploads\/IMG_9549-920.jpg?fit=920%2C610&amp;ssl=1\" data-orig-size=\"920,610\" data-comments-opened=\"1\" data-image-meta=\"{&quot;aperture&quot;:&quot;11&quot;,&quot;credit&quot;:&quot;PAUL ESCHBACH&quot;,&quot;camera&quot;:&quot;Canon EOS Kiss X6i&quot;,&quot;caption&quot;:&quot;&quot;,&quot;created_timestamp&quot;:&quot;1753813234&quot;,&quot;copyright&quot;:&quot;(C) DELTA IMAGE&quot;,&quot;focal_length&quot;:&quot;60&quot;,&quot;iso&quot;:&quot;200&quot;,&quot;shutter_speed&quot;:&quot;0.005&quot;,&quot;title&quot;:&quot;&quot;,&quot;orientation&quot;:&quot;0&quot;}\" data-image-title=\"IMG_9549-920\" data-image-description=\"\" data-image-caption=\"\" data-large-file=\"https:\/\/i0.wp.com\/deltaimage.de\/wp\/wp-content\/uploads\/IMG_9549-920.jpg?fit=890%2C590&amp;ssl=1\" class=\"wp-image-49955 size-full\" src=\"https:\/\/i0.wp.com\/deltaimage.de\/wp\/wp-content\/uploads\/IMG_9549-920.jpg?resize=890%2C590&#038;ssl=1\" alt=\"\" width=\"890\" height=\"590\" srcset=\"https:\/\/i0.wp.com\/deltaimage.de\/wp\/wp-content\/uploads\/IMG_9549-920.jpg?w=920&amp;ssl=1 920w, https:\/\/i0.wp.com\/deltaimage.de\/wp\/wp-content\/uploads\/IMG_9549-920.jpg?resize=900%2C597&amp;ssl=1 900w, https:\/\/i0.wp.com\/deltaimage.de\/wp\/wp-content\/uploads\/IMG_9549-920.jpg?resize=300%2C200&amp;ssl=1 300w, https:\/\/i0.wp.com\/deltaimage.de\/wp\/wp-content\/uploads\/IMG_9549-920.jpg?resize=603%2C400&amp;ssl=1 603w, https:\/\/i0.wp.com\/deltaimage.de\/wp\/wp-content\/uploads\/IMG_9549-920.jpg?resize=200%2C133&amp;ssl=1 200w\" sizes=\"auto, (max-width: 890px) 100vw, 890px\" \/><p id=\"caption-attachment-49955\" class=\"wp-caption-text\">Das OLYMPUS Blitzsystem adaptiert sich perfekt an das OLYMPUS Makro-System. In diesem \u00dcbersichtbild f\u00e4llt der schmale Blitzhalter am vorderen Filterring gar nicht auf. So kann bei dem geringen Platzangebot eine stabile Lichtf\u00fchrung aufgebaut werden.<\/p><\/div>\n<p>Die Kombination aus zwei sehr guten Foto-Systemen erm\u00f6glicht so viele Varianten, je nach dem Schwerpunkt in der konkreten fotografischen Aufgabenstellung. In einem fr\u00fcheren Beitrag hatte ich schon einmal das <strong>OLYMPUS Makro-Blitz-System<\/strong> abgebildet, jetzt rein als <strong>OLYMPUS OM System<\/strong> mit dem <strong>NOVOFLEX Balgenger\u00e4t<\/strong> erg\u00e4nzt.<\/p>\n<div id=\"attachment_32589\" style=\"width: 900px\" class=\"wp-caption aligncenter\"><img data-recalc-dims=\"1\" loading=\"lazy\" decoding=\"async\" aria-describedby=\"caption-attachment-32589\" data-attachment-id=\"32589\" data-permalink=\"https:\/\/deltaimage.de\/wp\/?attachment_id=32589#main\" data-orig-file=\"https:\/\/i0.wp.com\/deltaimage.de\/wp\/wp-content\/uploads\/IMG_0067_900.jpg?fit=890%2C593&amp;ssl=1\" data-orig-size=\"890,593\" data-comments-opened=\"0\" data-image-meta=\"{&quot;aperture&quot;:&quot;2.8&quot;,&quot;credit&quot;:&quot;PAUL ESCHBACH&quot;,&quot;camera&quot;:&quot;Canon EOS 80D&quot;,&quot;caption&quot;:&quot;&quot;,&quot;created_timestamp&quot;:&quot;1641408939&quot;,&quot;copyright&quot;:&quot;Paul Eschbach @ DELTA IMAGE&quot;,&quot;focal_length&quot;:&quot;60&quot;,&quot;iso&quot;:&quot;100&quot;,&quot;shutter_speed&quot;:&quot;0.005&quot;,&quot;title&quot;:&quot;&quot;,&quot;orientation&quot;:&quot;0&quot;}\" data-image-title=\"IMG_0067_900\" data-image-description=\"\" data-image-caption=\"\" data-large-file=\"https:\/\/i0.wp.com\/deltaimage.de\/wp\/wp-content\/uploads\/IMG_0067_900.jpg?fit=890%2C593&amp;ssl=1\" class=\"wp-image-32589 size-full\" src=\"https:\/\/i0.wp.com\/deltaimage.de\/wp\/wp-content\/uploads\/IMG_0067_900.jpg?resize=890%2C593&#038;ssl=1\" alt=\"\" width=\"890\" height=\"593\" srcset=\"https:\/\/i0.wp.com\/deltaimage.de\/wp\/wp-content\/uploads\/IMG_0067_900.jpg?w=890&amp;ssl=1 890w, https:\/\/i0.wp.com\/deltaimage.de\/wp\/wp-content\/uploads\/IMG_0067_900.jpg?resize=300%2C200&amp;ssl=1 300w, https:\/\/i0.wp.com\/deltaimage.de\/wp\/wp-content\/uploads\/IMG_0067_900.jpg?resize=675%2C450&amp;ssl=1 675w, https:\/\/i0.wp.com\/deltaimage.de\/wp\/wp-content\/uploads\/IMG_0067_900.jpg?resize=600%2C400&amp;ssl=1 600w, https:\/\/i0.wp.com\/deltaimage.de\/wp\/wp-content\/uploads\/IMG_0067_900.jpg?resize=200%2C133&amp;ssl=1 200w\" sizes=\"auto, (max-width: 890px) 100vw, 890px\" \/><p id=\"caption-attachment-32589\" class=\"wp-caption-text\">So blickt das OLYMPUS OM Makro-Blitz-System auf das zu fotografierende Objekt. Das war Perfektion aus den 70er und 80er Jahren. Diese Perfektion haben die digitalen Systeme kaum mehr erreicht.<\/p><\/div>\n","protected":false},"excerpt":{"rendered":"<p>Die beiden Miniblitze des EOS Macro-Blitzes oder des OLYMPUS Blitzsystems befestige an dem hier sichtbaren Blitz-Ring aus dem OLYMPUS OM System-Blitz Programm. Olympus hatte ebenso einen Macro-Zangenblitz im Angebot. Der [&hellip;]<\/p>\n","protected":false},"author":1,"featured_media":50132,"comment_status":"open","ping_status":"closed","template":"","format":"standard","meta":{"wpupg_custom_link":[],"wpupg_custom_link_behaviour":[],"wpupg_custom_link_nofollow":[],"wpupg_custom_image":[],"wpupg_custom_image_id":[],"jetpack_post_was_ever_published":false,"footnotes":""},"jetpack-portfolio-type":[4281],"jetpack-portfolio-tag":[],"class_list":["post-49888","jetpack-portfolio","type-jetpack-portfolio","status-publish","format-standard","has-post-thumbnail","hentry","jetpack-portfolio-type-micro"],"jetpack-related-posts":[{"id":49889,"url":"https:\/\/deltaimage.de\/wp\/?portfolio=5c-steuerung-der-macro-systemblitze","url_meta":{"origin":49888,"position":0},"title":"Micro  9: Steuerung der Macro-Systemblitze","author":"EschbacP","date":"29. Juli 2025","format":false,"excerpt":"Der Blitz-Controller ist von der DSLR abgesetzt, um die Bedienung und Handhabung zu verbessern. Der Controller ist mit den abgesetzten Miniblitzen oder dem Ringblitz verbunden und wird vom Systemblitzanschluss der Kamera gesteuert. Der ist hier mit einem Verl\u00e4ngerungskabel (von Canon) verbunden und funktioniert genauso, als ob er auf der Kamera\u2026","rel":"","context":"\u00c4hnlicher Beitrag","block_context":{"text":"\u00c4hnlicher Beitrag","link":""},"img":{"alt_text":"","src":"https:\/\/i0.wp.com\/deltaimage.de\/wp\/wp-content\/uploads\/1753626445701-920.jpg?fit=920%2C613&ssl=1&resize=350%2C200","width":350,"height":200,"srcset":"https:\/\/i0.wp.com\/deltaimage.de\/wp\/wp-content\/uploads\/1753626445701-920.jpg?fit=920%2C613&ssl=1&resize=350%2C200 1x, https:\/\/i0.wp.com\/deltaimage.de\/wp\/wp-content\/uploads\/1753626445701-920.jpg?fit=920%2C613&ssl=1&resize=525%2C300 1.5x, https:\/\/i0.wp.com\/deltaimage.de\/wp\/wp-content\/uploads\/1753626445701-920.jpg?fit=920%2C613&ssl=1&resize=700%2C400 2x"},"classes":[]},{"id":49901,"url":"https:\/\/deltaimage.de\/wp\/?portfolio=7-einstelllicht-der-macro-systemblitze-eos","url_meta":{"origin":49888,"position":1},"title":"Micro 11: Einstelllicht der Macro-Systemblitze","author":"EschbacP","date":"29. Juli 2025","format":false,"excerpt":"Das Fotografieren im Makro- und im Micro-Bereich erfordert ganz spezielle Fotoger\u00e4te, um die Aufgabenstellung bestm\u00f6glich umsetzen zu k\u00f6nnen. Die gro\u00dfen Abbildungsma\u00dfst\u00e4ben f\u00fchren zu entsprechen kleinen effektiven Offen- und Arbeitsblenden. Entsprechend wenig Licht ist im optischen und elektronischen Sucher verf\u00fcgbar. Spezielle Makro-Blitze sind daher mit einem zus\u00e4tzlichen Einstelllicht als Dauerlicht ausgestattet.\u2026","rel":"","context":"\u00c4hnlicher Beitrag","block_context":{"text":"\u00c4hnlicher Beitrag","link":""},"img":{"alt_text":"","src":"https:\/\/i0.wp.com\/deltaimage.de\/wp\/wp-content\/uploads\/1754250281036-920.jpg?fit=920%2C613&ssl=1&resize=350%2C200","width":350,"height":200,"srcset":"https:\/\/i0.wp.com\/deltaimage.de\/wp\/wp-content\/uploads\/1754250281036-920.jpg?fit=920%2C613&ssl=1&resize=350%2C200 1x, https:\/\/i0.wp.com\/deltaimage.de\/wp\/wp-content\/uploads\/1754250281036-920.jpg?fit=920%2C613&ssl=1&resize=525%2C300 1.5x, https:\/\/i0.wp.com\/deltaimage.de\/wp\/wp-content\/uploads\/1754250281036-920.jpg?fit=920%2C613&ssl=1&resize=700%2C400 2x"},"classes":[]},{"id":49887,"url":"https:\/\/deltaimage.de\/wp\/?portfolio=5b-objekt-beleuchtung-am-micro-studio-om-eos","url_meta":{"origin":49888,"position":2},"title":"Micro  8: Objekt-Beleuchtung am Micro-Studio OM\/EOS","author":"EschbacP","date":"29. Juli 2025","format":false,"excerpt":"Die Micro-Fotografie ben\u00f6tigt sehr viel Licht, die effektiven Blenden werden bei den hohen Abbildungsma\u00dfst\u00e4ben immer kleiner und lassen immer weniger Licht zum Sensor durch. Dies kann nur von au\u00dfen durch eine entsprechende Lichtintensit\u00e4t in der Beleuchtung ausgeglichen werden. Neben dem Dauerlicht bietet sich die Abwendung von Blitzlicht in der Macro\u2026","rel":"","context":"\u00c4hnlicher Beitrag","block_context":{"text":"\u00c4hnlicher Beitrag","link":""},"img":{"alt_text":"","src":"https:\/\/i0.wp.com\/deltaimage.de\/wp\/wp-content\/uploads\/1753626445728_900-2.jpg?fit=890%2C593&ssl=1&resize=350%2C200","width":350,"height":200,"srcset":"https:\/\/i0.wp.com\/deltaimage.de\/wp\/wp-content\/uploads\/1753626445728_900-2.jpg?fit=890%2C593&ssl=1&resize=350%2C200 1x, https:\/\/i0.wp.com\/deltaimage.de\/wp\/wp-content\/uploads\/1753626445728_900-2.jpg?fit=890%2C593&ssl=1&resize=525%2C300 1.5x, https:\/\/i0.wp.com\/deltaimage.de\/wp\/wp-content\/uploads\/1753626445728_900-2.jpg?fit=890%2C593&ssl=1&resize=700%2C400 2x"},"classes":[]},{"id":50237,"url":"https:\/\/deltaimage.de\/wp\/?portfolio=microfotografie-makro-extrem","url_meta":{"origin":49888,"position":3},"title":"Microfotografie: Makro extrem","author":"EschbacP","date":"4. August 2025","format":false,"excerpt":"Seit dem Jahr 1986 fotografiere ich ernsthaft mit viel Engagement und Leidenschaft, begonnen habe ich in der analogen Fotografie mit der ersten Kamera aus dem OLYMPUS OM System. Dieses analoge System hat mir bis zum Jahr 1999 sehr gute Dienste, als treuer Begleiter in Wald und Flur ganz hervorragende Dienste\u2026","rel":"","context":"\u00c4hnlicher Beitrag","block_context":{"text":"\u00c4hnlicher Beitrag","link":""},"img":{"alt_text":"","src":"https:\/\/i0.wp.com\/deltaimage.de\/wp\/wp-content\/uploads\/PE5D8850_1200.jpg?fit=1200%2C450&ssl=1&resize=350%2C200","width":350,"height":200,"srcset":"https:\/\/i0.wp.com\/deltaimage.de\/wp\/wp-content\/uploads\/PE5D8850_1200.jpg?fit=1200%2C450&ssl=1&resize=350%2C200 1x, https:\/\/i0.wp.com\/deltaimage.de\/wp\/wp-content\/uploads\/PE5D8850_1200.jpg?fit=1200%2C450&ssl=1&resize=525%2C300 1.5x, https:\/\/i0.wp.com\/deltaimage.de\/wp\/wp-content\/uploads\/PE5D8850_1200.jpg?fit=1200%2C450&ssl=1&resize=700%2C400 2x, https:\/\/i0.wp.com\/deltaimage.de\/wp\/wp-content\/uploads\/PE5D8850_1200.jpg?fit=1200%2C450&ssl=1&resize=1050%2C600 3x"},"classes":[]},{"id":49890,"url":"https:\/\/deltaimage.de\/wp\/?portfolio=2-objektivanschluss-macro-objektive-eos-om","url_meta":{"origin":49888,"position":4},"title":"Micro  2: Objektivanschlu\u00df Makro-Objektive EOS \/ OM","author":"EschbacP","date":"29. Juli 2025","format":false,"excerpt":"Von der Kamera geht es weiter in Richtung auf die spezielle Optik f\u00fcr die Micro-Fotografie im System. Die Optik des Systems wird nicht von einem Hersteller durchg\u00e4ngig verwendet werden k\u00f6nnen, hier kommt ein wenig Kreativit\u00e4t der Fotografie mit ins Spiel. Im digitalen EOS System steht nicht mehr die Vielfalt und\u2026","rel":"","context":"\u00c4hnlicher Beitrag","block_context":{"text":"\u00c4hnlicher Beitrag","link":""},"img":{"alt_text":"","src":"https:\/\/i0.wp.com\/deltaimage.de\/wp\/wp-content\/uploads\/IMG_9543-920.jpg?fit=920%2C610&ssl=1&resize=350%2C200","width":350,"height":200,"srcset":"https:\/\/i0.wp.com\/deltaimage.de\/wp\/wp-content\/uploads\/IMG_9543-920.jpg?fit=920%2C610&ssl=1&resize=350%2C200 1x, https:\/\/i0.wp.com\/deltaimage.de\/wp\/wp-content\/uploads\/IMG_9543-920.jpg?fit=920%2C610&ssl=1&resize=525%2C300 1.5x, https:\/\/i0.wp.com\/deltaimage.de\/wp\/wp-content\/uploads\/IMG_9543-920.jpg?fit=920%2C610&ssl=1&resize=700%2C400 2x"},"classes":[]},{"id":49885,"url":"https:\/\/deltaimage.de\/wp\/?portfolio=4a-macro-objektiv-om-zuiko","url_meta":{"origin":49888,"position":5},"title":"Micro  4: Macro-Objektiv OLYMPUS OM Zuiko","author":"EschbacP","date":"29. Juli 2025","format":false,"excerpt":"Die fotografische Qualit\u00e4t des Bildes steht und f\u00e4llt mit der Qualit\u00e4t und den M\u00f6glichkeiten des verwendeten Objektivs. Jenseits des Abbildungsma\u00dfstabes von 1:1 (1x) wird die Auswahl an speziellen Objektiven f\u00fcr die Micro-Fotografie sehr sparsam. Zum Gl\u00fcck hatte Olympus im OM System als einer der wenigen Hersteller eine gro\u00dfe Auswahl an\u2026","rel":"","context":"\u00c4hnlicher Beitrag","block_context":{"text":"\u00c4hnlicher Beitrag","link":""},"img":{"alt_text":"","src":"https:\/\/i0.wp.com\/deltaimage.de\/wp\/wp-content\/uploads\/IMG_9547-920.jpg?fit=920%2C610&ssl=1&resize=350%2C200","width":350,"height":200,"srcset":"https:\/\/i0.wp.com\/deltaimage.de\/wp\/wp-content\/uploads\/IMG_9547-920.jpg?fit=920%2C610&ssl=1&resize=350%2C200 1x, https:\/\/i0.wp.com\/deltaimage.de\/wp\/wp-content\/uploads\/IMG_9547-920.jpg?fit=920%2C610&ssl=1&resize=525%2C300 1.5x, https:\/\/i0.wp.com\/deltaimage.de\/wp\/wp-content\/uploads\/IMG_9547-920.jpg?fit=920%2C610&ssl=1&resize=700%2C400 2x"},"classes":[]}],"jetpack_sharing_enabled":true,"_links":{"self":[{"href":"https:\/\/deltaimage.de\/wp\/index.php?rest_route=\/wp\/v2\/jetpack-portfolio\/49888","targetHints":{"allow":["GET"]}}],"collection":[{"href":"https:\/\/deltaimage.de\/wp\/index.php?rest_route=\/wp\/v2\/jetpack-portfolio"}],"about":[{"href":"https:\/\/deltaimage.de\/wp\/index.php?rest_route=\/wp\/v2\/types\/jetpack-portfolio"}],"author":[{"embeddable":true,"href":"https:\/\/deltaimage.de\/wp\/index.php?rest_route=\/wp\/v2\/users\/1"}],"replies":[{"embeddable":true,"href":"https:\/\/deltaimage.de\/wp\/index.php?rest_route=%2Fwp%2Fv2%2Fcomments&post=49888"}],"version-history":[{"count":11,"href":"https:\/\/deltaimage.de\/wp\/index.php?rest_route=\/wp\/v2\/jetpack-portfolio\/49888\/revisions"}],"predecessor-version":[{"id":50415,"href":"https:\/\/deltaimage.de\/wp\/index.php?rest_route=\/wp\/v2\/jetpack-portfolio\/49888\/revisions\/50415"}],"wp:featuredmedia":[{"embeddable":true,"href":"https:\/\/deltaimage.de\/wp\/index.php?rest_route=\/wp\/v2\/media\/50132"}],"wp:attachment":[{"href":"https:\/\/deltaimage.de\/wp\/index.php?rest_route=%2Fwp%2Fv2%2Fmedia&parent=49888"}],"wp:term":[{"taxonomy":"jetpack-portfolio-type","embeddable":true,"href":"https:\/\/deltaimage.de\/wp\/index.php?rest_route=%2Fwp%2Fv2%2Fjetpack-portfolio-type&post=49888"},{"taxonomy":"jetpack-portfolio-tag","embeddable":true,"href":"https:\/\/deltaimage.de\/wp\/index.php?rest_route=%2Fwp%2Fv2%2Fjetpack-portfolio-tag&post=49888"}],"curies":[{"name":"wp","href":"https:\/\/api.w.org\/{rel}","templated":true}]}}