{"id":49891,"date":"2025-07-29T21:49:31","date_gmt":"2025-07-29T19:49:31","guid":{"rendered":"https:\/\/deltaimage.de\/wp\/?post_type=jetpack-portfolio&#038;p=49891"},"modified":"2025-08-13T16:43:10","modified_gmt":"2025-08-13T14:43:10","slug":"4b-steuerung-der-objektivblende","status":"publish","type":"jetpack-portfolio","link":"https:\/\/deltaimage.de\/wp\/?portfolio=4b-steuerung-der-objektivblende","title":{"rendered":"Micro  5: Steuerung der Objektivblende"},"content":{"rendered":"<p>Bedingt durch die Koppelung von zwei verschiedenen fotografischen Systemen entfallen einige Systemfunktionen. In diesem Fall ist es die automatische Steuerung der Blende im Objektiv. Die Olympus Lupenobjektive haben ganz normale Springblenden im Objektiv verbaut. Das alleine ist schon relativ selten in der Fotografie.<\/p>\n<ul>\n<li><strong>Offenblende<\/strong> zur Scharfstellung<\/li>\n<li>Schlie\u00dfen auf <strong>Arbeitsblende<\/strong> zur fotografischen Belichtung<\/li>\n<\/ul>\n<p>Am <strong>OLYMPUS OM Auto-Balgenger\u00e4t<\/strong> kann die Offenblende durch einen eigenen Drahtausl\u00f6ser oder einen Handhebel vor der Belichtung auf die Arbeitsblende geschlossen und zur Scharfstellung wieder ge\u00f6ffnet werden.<\/p>\n<p>Am <strong>NOVOFLEX Balgenger\u00e4t<\/strong> entf\u00e4llt diese Funktion, da die Objektivblende beim Ansetzen des Objektivs durch die Blenden\u00fcbertragung bereits auf die Arbeitsblende geschlossen wird. Der \u00dcbergang zwischen Offenblende und Arbeitsblende erfolgt dann durch die FotografIn selbst h\u00e4ndisch.<\/p>\n<div id=\"attachment_49956\" style=\"width: 930px\" class=\"wp-caption aligncenter\"><img data-recalc-dims=\"1\" loading=\"lazy\" decoding=\"async\" aria-describedby=\"caption-attachment-49956\" data-attachment-id=\"49956\" data-permalink=\"https:\/\/deltaimage.de\/wp\/?attachment_id=49956#main\" data-orig-file=\"https:\/\/i0.wp.com\/deltaimage.de\/wp\/wp-content\/uploads\/IMG_9548-920.jpg?fit=920%2C610&amp;ssl=1\" data-orig-size=\"920,610\" data-comments-opened=\"1\" data-image-meta=\"{&quot;aperture&quot;:&quot;11&quot;,&quot;credit&quot;:&quot;PAUL ESCHBACH&quot;,&quot;camera&quot;:&quot;Canon EOS Kiss X6i&quot;,&quot;caption&quot;:&quot;&quot;,&quot;created_timestamp&quot;:&quot;1753813193&quot;,&quot;copyright&quot;:&quot;(C) DELTA IMAGE&quot;,&quot;focal_length&quot;:&quot;60&quot;,&quot;iso&quot;:&quot;200&quot;,&quot;shutter_speed&quot;:&quot;0.005&quot;,&quot;title&quot;:&quot;&quot;,&quot;orientation&quot;:&quot;0&quot;}\" data-image-title=\"IMG_9548-920\" data-image-description=\"\" data-image-caption=\"\" data-large-file=\"https:\/\/i0.wp.com\/deltaimage.de\/wp\/wp-content\/uploads\/IMG_9548-920.jpg?fit=890%2C590&amp;ssl=1\" class=\"wp-image-49956 size-full\" src=\"https:\/\/i0.wp.com\/deltaimage.de\/wp\/wp-content\/uploads\/IMG_9548-920.jpg?resize=890%2C590&#038;ssl=1\" alt=\"\" width=\"890\" height=\"590\" srcset=\"https:\/\/i0.wp.com\/deltaimage.de\/wp\/wp-content\/uploads\/IMG_9548-920.jpg?w=920&amp;ssl=1 920w, https:\/\/i0.wp.com\/deltaimage.de\/wp\/wp-content\/uploads\/IMG_9548-920.jpg?resize=900%2C597&amp;ssl=1 900w, https:\/\/i0.wp.com\/deltaimage.de\/wp\/wp-content\/uploads\/IMG_9548-920.jpg?resize=300%2C200&amp;ssl=1 300w, https:\/\/i0.wp.com\/deltaimage.de\/wp\/wp-content\/uploads\/IMG_9548-920.jpg?resize=603%2C400&amp;ssl=1 603w, https:\/\/i0.wp.com\/deltaimage.de\/wp\/wp-content\/uploads\/IMG_9548-920.jpg?resize=200%2C133&amp;ssl=1 200w\" sizes=\"auto, (max-width: 890px) 100vw, 890px\" \/><p id=\"caption-attachment-49956\" class=\"wp-caption-text\">Am OLYMPUS OM Auto-Balgenger\u00e4t ist an der vorderen Objektivstandarte ein Kabelausl\u00f6ser an der Blendensimulation angeschlossen. Damit kann die Objektivblende zwischen Offenblende und Arbeitsblende ver\u00e4ndert werden.<\/p><\/div>\n","protected":false},"excerpt":{"rendered":"<p>Bedingt durch die Koppelung von zwei verschiedenen fotografischen Systemen entfallen einige Systemfunktionen. In diesem Fall ist es die automatische Steuerung der Blende im Objektiv. Die Olympus Lupenobjektive haben ganz normale [&hellip;]<\/p>\n","protected":false},"author":1,"featured_media":49956,"comment_status":"open","ping_status":"closed","template":"","format":"standard","meta":{"wpupg_custom_link":[],"wpupg_custom_link_behaviour":[],"wpupg_custom_link_nofollow":[],"wpupg_custom_image":[],"wpupg_custom_image_id":[],"jetpack_post_was_ever_published":false,"footnotes":""},"jetpack-portfolio-type":[4281],"jetpack-portfolio-tag":[],"class_list":["post-49891","jetpack-portfolio","type-jetpack-portfolio","status-publish","format-standard","has-post-thumbnail","hentry","jetpack-portfolio-type-micro"],"jetpack-related-posts":[{"id":49883,"url":"https:\/\/deltaimage.de\/wp\/?portfolio=3-flexibler-objektivauszug-mit-balgengeraet-om","url_meta":{"origin":49891,"position":0},"title":"Micro  3: flexibler Objektivauszug mit Balgenger\u00e4t OM","author":"EschbacP","date":"29. Juli 2025","format":false,"excerpt":"An den Anschlu\u00dfadapter EOS \/ OM wird das OLYMPUS OM Auto-Balgenger\u00e4t angesetzt. \u00dcber viele Jahre waren Balgenger\u00e4te der Standard in der Nahbereichsfotografie \u00fcber alle Kamerahersteller hinweg. Jedes Balgenger\u00e4t erm\u00f6glicht einen flexiblen Auszug zwischen der vorderen und der hinteren Standarte und es k\u00f6nnen so alle verf\u00fcgbaren Abbildungsma\u00dfst\u00e4be und Einstellentfernungen mit drei\u2026","rel":"","context":"\u00c4hnlicher Beitrag","block_context":{"text":"\u00c4hnlicher Beitrag","link":""},"img":{"alt_text":"","src":"https:\/\/i0.wp.com\/deltaimage.de\/wp\/wp-content\/uploads\/IMG_9545-920.jpg?fit=920%2C610&ssl=1&resize=350%2C200","width":350,"height":200,"srcset":"https:\/\/i0.wp.com\/deltaimage.de\/wp\/wp-content\/uploads\/IMG_9545-920.jpg?fit=920%2C610&ssl=1&resize=350%2C200 1x, https:\/\/i0.wp.com\/deltaimage.de\/wp\/wp-content\/uploads\/IMG_9545-920.jpg?fit=920%2C610&ssl=1&resize=525%2C300 1.5x, https:\/\/i0.wp.com\/deltaimage.de\/wp\/wp-content\/uploads\/IMG_9545-920.jpg?fit=920%2C610&ssl=1&resize=700%2C400 2x"},"classes":[]},{"id":49890,"url":"https:\/\/deltaimage.de\/wp\/?portfolio=2-objektivanschluss-macro-objektive-eos-om","url_meta":{"origin":49891,"position":1},"title":"Micro  2: Objektivanschlu\u00df Makro-Objektive EOS \/ OM","author":"EschbacP","date":"29. Juli 2025","format":false,"excerpt":"Von der Kamera geht es weiter in Richtung auf die spezielle Optik f\u00fcr die Micro-Fotografie im System. Die Optik des Systems wird nicht von einem Hersteller durchg\u00e4ngig verwendet werden k\u00f6nnen, hier kommt ein wenig Kreativit\u00e4t der Fotografie mit ins Spiel. Im digitalen EOS System steht nicht mehr die Vielfalt und\u2026","rel":"","context":"\u00c4hnlicher Beitrag","block_context":{"text":"\u00c4hnlicher Beitrag","link":""},"img":{"alt_text":"","src":"https:\/\/i0.wp.com\/deltaimage.de\/wp\/wp-content\/uploads\/IMG_9543-920.jpg?fit=920%2C610&ssl=1&resize=350%2C200","width":350,"height":200,"srcset":"https:\/\/i0.wp.com\/deltaimage.de\/wp\/wp-content\/uploads\/IMG_9543-920.jpg?fit=920%2C610&ssl=1&resize=350%2C200 1x, https:\/\/i0.wp.com\/deltaimage.de\/wp\/wp-content\/uploads\/IMG_9543-920.jpg?fit=920%2C610&ssl=1&resize=525%2C300 1.5x, https:\/\/i0.wp.com\/deltaimage.de\/wp\/wp-content\/uploads\/IMG_9543-920.jpg?fit=920%2C610&ssl=1&resize=700%2C400 2x"},"classes":[]},{"id":49888,"url":"https:\/\/deltaimage.de\/wp\/?portfolio=5a-befestigung-micro-blitze-am-system-om","url_meta":{"origin":49891,"position":2},"title":"Micro  7: Befestigung Micro-Blitze am System OM","author":"EschbacP","date":"29. Juli 2025","format":false,"excerpt":"Die beiden Miniblitze des EOS Macro-Blitzes oder des OLYMPUS Blitzsystems befestige an dem hier sichtbaren Blitz-Ring aus dem OLYMPUS OM System-Blitz Programm. Olympus hatte ebenso einen Macro-Zangenblitz im Angebot. Der Blitzring l\u00e4sst sich an einer speziellen Befestigung mit 49mm Filtergewinde am 38mm Macro-Objektiv und allen anderen OM Macro-Objektiven anschrauben. \u00a0\u2026","rel":"","context":"\u00c4hnlicher Beitrag","block_context":{"text":"\u00c4hnlicher Beitrag","link":""},"img":{"alt_text":"","src":"https:\/\/i0.wp.com\/deltaimage.de\/wp\/wp-content\/uploads\/IMG_9562-920.jpg?fit=920%2C613&ssl=1&resize=350%2C200","width":350,"height":200,"srcset":"https:\/\/i0.wp.com\/deltaimage.de\/wp\/wp-content\/uploads\/IMG_9562-920.jpg?fit=920%2C613&ssl=1&resize=350%2C200 1x, https:\/\/i0.wp.com\/deltaimage.de\/wp\/wp-content\/uploads\/IMG_9562-920.jpg?fit=920%2C613&ssl=1&resize=525%2C300 1.5x, https:\/\/i0.wp.com\/deltaimage.de\/wp\/wp-content\/uploads\/IMG_9562-920.jpg?fit=920%2C613&ssl=1&resize=700%2C400 2x"},"classes":[]},{"id":49885,"url":"https:\/\/deltaimage.de\/wp\/?portfolio=4a-macro-objektiv-om-zuiko","url_meta":{"origin":49891,"position":3},"title":"Micro  4: Macro-Objektiv OLYMPUS OM Zuiko","author":"EschbacP","date":"29. Juli 2025","format":false,"excerpt":"Die fotografische Qualit\u00e4t des Bildes steht und f\u00e4llt mit der Qualit\u00e4t und den M\u00f6glichkeiten des verwendeten Objektivs. Jenseits des Abbildungsma\u00dfstabes von 1:1 (1x) wird die Auswahl an speziellen Objektiven f\u00fcr die Micro-Fotografie sehr sparsam. Zum Gl\u00fcck hatte Olympus im OM System als einer der wenigen Hersteller eine gro\u00dfe Auswahl an\u2026","rel":"","context":"\u00c4hnlicher Beitrag","block_context":{"text":"\u00c4hnlicher Beitrag","link":""},"img":{"alt_text":"","src":"https:\/\/i0.wp.com\/deltaimage.de\/wp\/wp-content\/uploads\/IMG_9547-920.jpg?fit=920%2C610&ssl=1&resize=350%2C200","width":350,"height":200,"srcset":"https:\/\/i0.wp.com\/deltaimage.de\/wp\/wp-content\/uploads\/IMG_9547-920.jpg?fit=920%2C610&ssl=1&resize=350%2C200 1x, https:\/\/i0.wp.com\/deltaimage.de\/wp\/wp-content\/uploads\/IMG_9547-920.jpg?fit=920%2C610&ssl=1&resize=525%2C300 1.5x, https:\/\/i0.wp.com\/deltaimage.de\/wp\/wp-content\/uploads\/IMG_9547-920.jpg?fit=920%2C610&ssl=1&resize=700%2C400 2x"},"classes":[]},{"id":49884,"url":"https:\/\/deltaimage.de\/wp\/?portfolio=6-vertikales-horizontales-macro-stativ-und-objektbuehne-novoflex","url_meta":{"origin":49891,"position":4},"title":"Micro 10: Vertikaler \/ horizontaler Macro-Stand und Objektb\u00fchne NOVOFLEX","author":"EschbacP","date":"29. Juli 2025","format":false,"excerpt":"Das vertikale Makro-Stand vom bayerischen Hersteller NOVOFLEX passt perfekt zum Balgenger\u00e4t vom gleichen Hersteller, stammt selbst noch aus der analogen \u00c4ra der Fotografie. Mit dem Makro-Stand\u00a0wird der Abstand zum Objekt pr\u00e4zise am Einstellschlitten justiert und das gesamte System aus: Kamera, Objektivanschlu\u00dfringe OM \/ EOS Balgenger\u00e4t, ggf. Zwischenringe Objektiv, Beleuchtung und\u2026","rel":"","context":"\u00c4hnlicher Beitrag","block_context":{"text":"\u00c4hnlicher Beitrag","link":""},"img":{"alt_text":"","src":"https:\/\/i0.wp.com\/deltaimage.de\/wp\/wp-content\/uploads\/IMG_9559-920.jpg?fit=920%2C613&ssl=1&resize=350%2C200","width":350,"height":200,"srcset":"https:\/\/i0.wp.com\/deltaimage.de\/wp\/wp-content\/uploads\/IMG_9559-920.jpg?fit=920%2C613&ssl=1&resize=350%2C200 1x, https:\/\/i0.wp.com\/deltaimage.de\/wp\/wp-content\/uploads\/IMG_9559-920.jpg?fit=920%2C613&ssl=1&resize=525%2C300 1.5x, https:\/\/i0.wp.com\/deltaimage.de\/wp\/wp-content\/uploads\/IMG_9559-920.jpg?fit=920%2C613&ssl=1&resize=700%2C400 2x"},"classes":[]},{"id":49886,"url":"https:\/\/deltaimage.de\/wp\/?portfolio=4c-einstellung-abbildungsmassstaebe-und-fokussierung-am-balgengeraet","url_meta":{"origin":49891,"position":5},"title":"Micro  6: Einstellung Abbildungsma\u00dfst\u00e4be und Fokussierung am Balgenger\u00e4t","author":"EschbacP","date":"29. Juli 2025","format":false,"excerpt":"Die Fotografie in den gro\u00dfen Abbildungsma\u00dfst\u00e4ben unterscheidet sich im Ger\u00e4teaufbau und in den Abl\u00e4ufen von der normalen Fotografie \u00fcber gro\u00dfe Entfernungen hinweg, bei kleineren Abbildungsma\u00dfst\u00e4ben: Der Abbildungsma\u00dfstab im Bereich der Micro-Fotografie, also jenseits der lebensgro\u00dfen Abbildung, wird \u00fcber den optischen Auszug als Abstand zwischen der vorderen und der hinteren Objektivstandarte\u2026","rel":"","context":"\u00c4hnlicher Beitrag","block_context":{"text":"\u00c4hnlicher Beitrag","link":""},"img":{"alt_text":"","src":"https:\/\/i0.wp.com\/deltaimage.de\/wp\/wp-content\/uploads\/1753626445745-920.jpg?fit=920%2C613&ssl=1&resize=350%2C200","width":350,"height":200,"srcset":"https:\/\/i0.wp.com\/deltaimage.de\/wp\/wp-content\/uploads\/1753626445745-920.jpg?fit=920%2C613&ssl=1&resize=350%2C200 1x, https:\/\/i0.wp.com\/deltaimage.de\/wp\/wp-content\/uploads\/1753626445745-920.jpg?fit=920%2C613&ssl=1&resize=525%2C300 1.5x, https:\/\/i0.wp.com\/deltaimage.de\/wp\/wp-content\/uploads\/1753626445745-920.jpg?fit=920%2C613&ssl=1&resize=700%2C400 2x"},"classes":[]}],"jetpack_sharing_enabled":true,"_links":{"self":[{"href":"https:\/\/deltaimage.de\/wp\/index.php?rest_route=\/wp\/v2\/jetpack-portfolio\/49891","targetHints":{"allow":["GET"]}}],"collection":[{"href":"https:\/\/deltaimage.de\/wp\/index.php?rest_route=\/wp\/v2\/jetpack-portfolio"}],"about":[{"href":"https:\/\/deltaimage.de\/wp\/index.php?rest_route=\/wp\/v2\/types\/jetpack-portfolio"}],"author":[{"embeddable":true,"href":"https:\/\/deltaimage.de\/wp\/index.php?rest_route=\/wp\/v2\/users\/1"}],"replies":[{"embeddable":true,"href":"https:\/\/deltaimage.de\/wp\/index.php?rest_route=%2Fwp%2Fv2%2Fcomments&post=49891"}],"version-history":[{"count":12,"href":"https:\/\/deltaimage.de\/wp\/index.php?rest_route=\/wp\/v2\/jetpack-portfolio\/49891\/revisions"}],"predecessor-version":[{"id":50413,"href":"https:\/\/deltaimage.de\/wp\/index.php?rest_route=\/wp\/v2\/jetpack-portfolio\/49891\/revisions\/50413"}],"wp:featuredmedia":[{"embeddable":true,"href":"https:\/\/deltaimage.de\/wp\/index.php?rest_route=\/wp\/v2\/media\/49956"}],"wp:attachment":[{"href":"https:\/\/deltaimage.de\/wp\/index.php?rest_route=%2Fwp%2Fv2%2Fmedia&parent=49891"}],"wp:term":[{"taxonomy":"jetpack-portfolio-type","embeddable":true,"href":"https:\/\/deltaimage.de\/wp\/index.php?rest_route=%2Fwp%2Fv2%2Fjetpack-portfolio-type&post=49891"},{"taxonomy":"jetpack-portfolio-tag","embeddable":true,"href":"https:\/\/deltaimage.de\/wp\/index.php?rest_route=%2Fwp%2Fv2%2Fjetpack-portfolio-tag&post=49891"}],"curies":[{"name":"wp","href":"https:\/\/api.w.org\/{rel}","templated":true}]}}