{"id":49902,"date":"2025-07-29T21:50:29","date_gmt":"2025-07-29T19:50:29","guid":{"rendered":"https:\/\/deltaimage.de\/wp\/?post_type=jetpack-portfolio&#038;p=49902"},"modified":"2025-08-13T16:42:09","modified_gmt":"2025-08-13T14:42:09","slug":"8-fuehrung-des-micro-objektes-horizontal-vertikal","status":"publish","type":"jetpack-portfolio","link":"https:\/\/deltaimage.de\/wp\/?portfolio=8-fuehrung-des-micro-objektes-horizontal-vertikal","title":{"rendered":"Micro 12: F\u00fchrung des Micro Objektes horizontal\/vertikal"},"content":{"rendered":"<p>Beim Umgang mit extrem gro\u00dfen Abbildungsma\u00dfst\u00e4ben wird auch jede Bewegung im Bildfeld um diesen Abbildungsma\u00dfstab vergr\u00f6\u00dfert. Daher f\u00e4llt eine genaue Ausrichtung von Fotoobjekten in der <strong>Makro- und Micro-Fotografie<\/strong> recht schwer. Um eine pr\u00e4zise Positionierung in der Bildebene zu erreichen, entlehnt man gerne eine spezielle Einrichtung aus der Mikroskopie &#8211; Sie sehen wieder das Zusammenspiel bei <strong>OLMYPUS OM<\/strong> zwischen der <strong>Fotografie<\/strong> und der <strong>Mikroskopie<\/strong>.<\/p>\n<p>Ein <strong>XY-Kreuztisch<\/strong> wird in verschiedenen Bauformen an Lichtmikroskopen verwendet. Bei <strong>OLMYPUS<\/strong> hie\u00df dieser Kreuztisch <strong>FM Objektf\u00fchrer II<\/strong>, wurde von der Mikroskopabteilung der Fotografie beigestellt und beschreibt damit die eigentliche Hauptfunktion sehr zutreffend.<\/p>\n<p>BILD Kreuztisch<\/p>\n<p><img data-recalc-dims=\"1\" loading=\"lazy\" decoding=\"async\" data-attachment-id=\"50278\" data-permalink=\"https:\/\/deltaimage.de\/wp\/?attachment_id=50278#main\" data-orig-file=\"https:\/\/i0.wp.com\/deltaimage.de\/wp\/wp-content\/uploads\/BRESSER-XY-Kreuztisch.png?fit=627%2C534&amp;ssl=1\" data-orig-size=\"627,534\" data-comments-opened=\"1\" data-image-meta=\"{&quot;aperture&quot;:&quot;0&quot;,&quot;credit&quot;:&quot;&quot;,&quot;camera&quot;:&quot;&quot;,&quot;caption&quot;:&quot;&quot;,&quot;created_timestamp&quot;:&quot;0&quot;,&quot;copyright&quot;:&quot;&quot;,&quot;focal_length&quot;:&quot;0&quot;,&quot;iso&quot;:&quot;0&quot;,&quot;shutter_speed&quot;:&quot;0&quot;,&quot;title&quot;:&quot;&quot;,&quot;orientation&quot;:&quot;0&quot;}\" data-image-title=\"BRESSER XY Kreuztisch\" data-image-description=\"\" data-image-caption=\"\" data-large-file=\"https:\/\/i0.wp.com\/deltaimage.de\/wp\/wp-content\/uploads\/BRESSER-XY-Kreuztisch.png?fit=627%2C534&amp;ssl=1\" class=\"aligncenter size-full wp-image-50278\" src=\"https:\/\/i0.wp.com\/deltaimage.de\/wp\/wp-content\/uploads\/BRESSER-XY-Kreuztisch.png?resize=627%2C534&#038;ssl=1\" alt=\"\" width=\"627\" height=\"534\" srcset=\"https:\/\/i0.wp.com\/deltaimage.de\/wp\/wp-content\/uploads\/BRESSER-XY-Kreuztisch.png?w=627&amp;ssl=1 627w, https:\/\/i0.wp.com\/deltaimage.de\/wp\/wp-content\/uploads\/BRESSER-XY-Kreuztisch.png?resize=235%2C200&amp;ssl=1 235w, https:\/\/i0.wp.com\/deltaimage.de\/wp\/wp-content\/uploads\/BRESSER-XY-Kreuztisch.png?resize=470%2C400&amp;ssl=1 470w\" sizes=\"auto, (max-width: 627px) 100vw, 627px\" \/><\/p>\n<h2>XY Kreuztisch oder Objektf\u00fchrer<\/h2>\n<p>In der analogen Fotografie wurden die Aufgabenstellungen auf optischem oder feinmechanischem Weg gel\u00f6st. So sind diese Ger\u00e4te auch heute noch voll einsatzf\u00e4hig und k\u00f6nnen ohne Schwierigkeit von IT-Schnittstellen und Treibupdates sehr gut eingesetzt werden.<\/p>\n<blockquote>\n<pre>Ach ist das eine Freude mit den alten Ger\u00e4ten Arbeiten zu k\u00f6nnen.<\/pre>\n<\/blockquote>\n<p>Diese feinwerktechnischen Teile werden neben dem Lichtstrahl auf dem Objekttr\u00e4ger montiert und k\u00f6nnen so die auf dem XY-Kreuztisch angeklemmten Objekttr\u00e4gerplatten hochpr\u00e4zise in zwei rechtwinklig aufeinander stehenden Bewegungsachsen verschoben werden. Mithilfe von zwei sehr fein arbeitenden Einstellschrauben dienen diese dem genauen und ruckfreien Positionieren des zu betrachtenden Objektes auf dem Objekttr\u00e4ger unter dem Objektiv. An beiden Achsen ist jeweils eine Millimeterskala mit Nonius am Kreuztisch angebracht, das macht auch das Vermessen des Objektes auf 0,1 mm m\u00f6glich, zudem erleichtert dies das Wiederfinden bestimmter Bildausschnitte bei sehr hohen Vergr\u00f6\u00dferungen.<\/p>\n<div id=\"attachment_50278\" style=\"width: 637px\" class=\"wp-caption aligncenter\"><img data-recalc-dims=\"1\" loading=\"lazy\" decoding=\"async\" aria-describedby=\"caption-attachment-50278\" data-attachment-id=\"50278\" data-permalink=\"https:\/\/deltaimage.de\/wp\/?attachment_id=50278#main\" data-orig-file=\"https:\/\/i0.wp.com\/deltaimage.de\/wp\/wp-content\/uploads\/BRESSER-XY-Kreuztisch.png?fit=627%2C534&amp;ssl=1\" data-orig-size=\"627,534\" data-comments-opened=\"1\" data-image-meta=\"{&quot;aperture&quot;:&quot;0&quot;,&quot;credit&quot;:&quot;&quot;,&quot;camera&quot;:&quot;&quot;,&quot;caption&quot;:&quot;&quot;,&quot;created_timestamp&quot;:&quot;0&quot;,&quot;copyright&quot;:&quot;&quot;,&quot;focal_length&quot;:&quot;0&quot;,&quot;iso&quot;:&quot;0&quot;,&quot;shutter_speed&quot;:&quot;0&quot;,&quot;title&quot;:&quot;&quot;,&quot;orientation&quot;:&quot;0&quot;}\" data-image-title=\"BRESSER XY Kreuztisch\" data-image-description=\"\" data-image-caption=\"\" data-large-file=\"https:\/\/i0.wp.com\/deltaimage.de\/wp\/wp-content\/uploads\/BRESSER-XY-Kreuztisch.png?fit=627%2C534&amp;ssl=1\" class=\"wp-image-50278 size-full\" src=\"https:\/\/i0.wp.com\/deltaimage.de\/wp\/wp-content\/uploads\/BRESSER-XY-Kreuztisch.png?resize=627%2C534&#038;ssl=1\" alt=\"\" width=\"627\" height=\"534\" srcset=\"https:\/\/i0.wp.com\/deltaimage.de\/wp\/wp-content\/uploads\/BRESSER-XY-Kreuztisch.png?w=627&amp;ssl=1 627w, https:\/\/i0.wp.com\/deltaimage.de\/wp\/wp-content\/uploads\/BRESSER-XY-Kreuztisch.png?resize=235%2C200&amp;ssl=1 235w, https:\/\/i0.wp.com\/deltaimage.de\/wp\/wp-content\/uploads\/BRESSER-XY-Kreuztisch.png?resize=470%2C400&amp;ssl=1 470w\" sizes=\"auto, (max-width: 627px) 100vw, 627px\" \/><p id=\"caption-attachment-50278\" class=\"wp-caption-text\">www.bresser.de Ein Beispielbild eines XY Kreuztisches aus der Mikroskopie. Das Bild wird gegen ein eigenes Bild ausgetauscht und dient nur der Entwicklung dieser Seite der Webseite..<\/p><\/div>\n<h2>Adaption am NOVOFLEX Makro-Stand<\/h2>\n<p>Auf dem NOVOFLEX Macro-Stand befestige ich eine eingepasste opake Kunststoffscheibe. Darauf wird mithilfe von zwei integrierten Passstiften und einer Befestigungsschraube der XY-Kreuztisch sicher, unverschiebbar und einfach zu montieren zusammengef\u00fchrt. Die ersten Versuchsaufbauten wird die St\u00e4rken und die Schw\u00e4chen dieser Apparatur fotografisch unter Beweis stellen.<\/p>\n<p>&nbsp;<\/p>\n","protected":false},"excerpt":{"rendered":"<p>Beim Umgang mit extrem gro\u00dfen Abbildungsma\u00dfst\u00e4ben wird auch jede Bewegung im Bildfeld um diesen Abbildungsma\u00dfstab vergr\u00f6\u00dfert. Daher f\u00e4llt eine genaue Ausrichtung von Fotoobjekten in der Makro- und Micro-Fotografie recht schwer. [&hellip;]<\/p>\n","protected":false},"author":1,"featured_media":50278,"comment_status":"open","ping_status":"closed","template":"","format":"standard","meta":{"wpupg_custom_link":[],"wpupg_custom_link_behaviour":[],"wpupg_custom_link_nofollow":[],"wpupg_custom_image":[],"wpupg_custom_image_id":[],"jetpack_post_was_ever_published":true,"footnotes":""},"jetpack-portfolio-type":[4281],"jetpack-portfolio-tag":[],"class_list":["post-49902","jetpack-portfolio","type-jetpack-portfolio","status-publish","format-standard","has-post-thumbnail","hentry","jetpack-portfolio-type-micro"],"jetpack-related-posts":[{"id":49886,"url":"https:\/\/deltaimage.de\/wp\/?portfolio=4c-einstellung-abbildungsmassstaebe-und-fokussierung-am-balgengeraet","url_meta":{"origin":49902,"position":0},"title":"Micro  6: Einstellung Abbildungsma\u00dfst\u00e4be und Fokussierung am Balgenger\u00e4t","author":"EschbacP","date":"29. Juli 2025","format":false,"excerpt":"Die Fotografie in den gro\u00dfen Abbildungsma\u00dfst\u00e4ben unterscheidet sich im Ger\u00e4teaufbau und in den Abl\u00e4ufen von der normalen Fotografie \u00fcber gro\u00dfe Entfernungen hinweg, bei kleineren Abbildungsma\u00dfst\u00e4ben: Der Abbildungsma\u00dfstab im Bereich der Micro-Fotografie, also jenseits der lebensgro\u00dfen Abbildung, wird \u00fcber den optischen Auszug als Abstand zwischen der vorderen und der hinteren Objektivstandarte\u2026","rel":"","context":"\u00c4hnlicher Beitrag","block_context":{"text":"\u00c4hnlicher Beitrag","link":""},"img":{"alt_text":"","src":"https:\/\/i0.wp.com\/deltaimage.de\/wp\/wp-content\/uploads\/1753626445745-920.jpg?fit=920%2C613&ssl=1&resize=350%2C200","width":350,"height":200,"srcset":"https:\/\/i0.wp.com\/deltaimage.de\/wp\/wp-content\/uploads\/1753626445745-920.jpg?fit=920%2C613&ssl=1&resize=350%2C200 1x, https:\/\/i0.wp.com\/deltaimage.de\/wp\/wp-content\/uploads\/1753626445745-920.jpg?fit=920%2C613&ssl=1&resize=525%2C300 1.5x, https:\/\/i0.wp.com\/deltaimage.de\/wp\/wp-content\/uploads\/1753626445745-920.jpg?fit=920%2C613&ssl=1&resize=700%2C400 2x"},"classes":[]},{"id":49887,"url":"https:\/\/deltaimage.de\/wp\/?portfolio=5b-objekt-beleuchtung-am-micro-studio-om-eos","url_meta":{"origin":49902,"position":1},"title":"Micro  8: Objekt-Beleuchtung am Micro-Studio OM\/EOS","author":"EschbacP","date":"29. Juli 2025","format":false,"excerpt":"Die Micro-Fotografie ben\u00f6tigt sehr viel Licht, die effektiven Blenden werden bei den hohen Abbildungsma\u00dfst\u00e4ben immer kleiner und lassen immer weniger Licht zum Sensor durch. Dies kann nur von au\u00dfen durch eine entsprechende Lichtintensit\u00e4t in der Beleuchtung ausgeglichen werden. Neben dem Dauerlicht bietet sich die Abwendung von Blitzlicht in der Macro\u2026","rel":"","context":"\u00c4hnlicher Beitrag","block_context":{"text":"\u00c4hnlicher Beitrag","link":""},"img":{"alt_text":"","src":"https:\/\/i0.wp.com\/deltaimage.de\/wp\/wp-content\/uploads\/1753626445728_900-2.jpg?fit=890%2C593&ssl=1&resize=350%2C200","width":350,"height":200,"srcset":"https:\/\/i0.wp.com\/deltaimage.de\/wp\/wp-content\/uploads\/1753626445728_900-2.jpg?fit=890%2C593&ssl=1&resize=350%2C200 1x, https:\/\/i0.wp.com\/deltaimage.de\/wp\/wp-content\/uploads\/1753626445728_900-2.jpg?fit=890%2C593&ssl=1&resize=525%2C300 1.5x, https:\/\/i0.wp.com\/deltaimage.de\/wp\/wp-content\/uploads\/1753626445728_900-2.jpg?fit=890%2C593&ssl=1&resize=700%2C400 2x"},"classes":[]},{"id":49884,"url":"https:\/\/deltaimage.de\/wp\/?portfolio=6-vertikales-horizontales-macro-stativ-und-objektbuehne-novoflex","url_meta":{"origin":49902,"position":2},"title":"Micro 10: Vertikaler \/ horizontaler Macro-Stand und Objektb\u00fchne NOVOFLEX","author":"EschbacP","date":"29. Juli 2025","format":false,"excerpt":"Das vertikale Makro-Stand vom bayerischen Hersteller NOVOFLEX passt perfekt zum Balgenger\u00e4t vom gleichen Hersteller, stammt selbst noch aus der analogen \u00c4ra der Fotografie. Mit dem Makro-Stand\u00a0wird der Abstand zum Objekt pr\u00e4zise am Einstellschlitten justiert und das gesamte System aus: Kamera, Objektivanschlu\u00dfringe OM \/ EOS Balgenger\u00e4t, ggf. Zwischenringe Objektiv, Beleuchtung und\u2026","rel":"","context":"\u00c4hnlicher Beitrag","block_context":{"text":"\u00c4hnlicher Beitrag","link":""},"img":{"alt_text":"","src":"https:\/\/i0.wp.com\/deltaimage.de\/wp\/wp-content\/uploads\/IMG_9559-920.jpg?fit=920%2C613&ssl=1&resize=350%2C200","width":350,"height":200,"srcset":"https:\/\/i0.wp.com\/deltaimage.de\/wp\/wp-content\/uploads\/IMG_9559-920.jpg?fit=920%2C613&ssl=1&resize=350%2C200 1x, https:\/\/i0.wp.com\/deltaimage.de\/wp\/wp-content\/uploads\/IMG_9559-920.jpg?fit=920%2C613&ssl=1&resize=525%2C300 1.5x, https:\/\/i0.wp.com\/deltaimage.de\/wp\/wp-content\/uploads\/IMG_9559-920.jpg?fit=920%2C613&ssl=1&resize=700%2C400 2x"},"classes":[]},{"id":49877,"url":"https:\/\/deltaimage.de\/wp\/?portfolio=1-digitale-kamera-bildaufzeichnung-eos-1dx-mark-ii-5dsr-80d","url_meta":{"origin":49902,"position":3},"title":"Micro  1: Digitale Kamera &#8211; Bildaufzeichnung EOS 1DX Mark II, 5dsR, 80D","author":"EschbacP","date":"29. Juli 2025","format":false,"excerpt":"Der Aufbau des Micro-Fotografie-Systems beginnt bei der digitalen Spiegelreflexkamera DSLR zur Steuerung aller Abl\u00e4ufe und zur Aufzeichnung des digitalen Bildes. Ich verwende ausschlie\u00dflich DSLR - Digitale Spiegelreflexkameras von Canon - im EOS, EF und EF-S System. die Canon EOS 80D ist viel im Einsatz - vor allem wegen des schwenkbaren\u2026","rel":"","context":"\u00c4hnlicher Beitrag","block_context":{"text":"\u00c4hnlicher Beitrag","link":""},"img":{"alt_text":"","src":"https:\/\/i0.wp.com\/deltaimage.de\/wp\/wp-content\/uploads\/IMG_9542-920.jpg?fit=920%2C610&ssl=1&resize=350%2C200","width":350,"height":200,"srcset":"https:\/\/i0.wp.com\/deltaimage.de\/wp\/wp-content\/uploads\/IMG_9542-920.jpg?fit=920%2C610&ssl=1&resize=350%2C200 1x, https:\/\/i0.wp.com\/deltaimage.de\/wp\/wp-content\/uploads\/IMG_9542-920.jpg?fit=920%2C610&ssl=1&resize=525%2C300 1.5x, https:\/\/i0.wp.com\/deltaimage.de\/wp\/wp-content\/uploads\/IMG_9542-920.jpg?fit=920%2C610&ssl=1&resize=700%2C400 2x"},"classes":[]},{"id":49885,"url":"https:\/\/deltaimage.de\/wp\/?portfolio=4a-macro-objektiv-om-zuiko","url_meta":{"origin":49902,"position":4},"title":"Micro  4: Macro-Objektiv OLYMPUS OM Zuiko","author":"EschbacP","date":"29. Juli 2025","format":false,"excerpt":"Die fotografische Qualit\u00e4t des Bildes steht und f\u00e4llt mit der Qualit\u00e4t und den M\u00f6glichkeiten des verwendeten Objektivs. Jenseits des Abbildungsma\u00dfstabes von 1:1 (1x) wird die Auswahl an speziellen Objektiven f\u00fcr die Micro-Fotografie sehr sparsam. Zum Gl\u00fcck hatte Olympus im OM System als einer der wenigen Hersteller eine gro\u00dfe Auswahl an\u2026","rel":"","context":"\u00c4hnlicher Beitrag","block_context":{"text":"\u00c4hnlicher Beitrag","link":""},"img":{"alt_text":"","src":"https:\/\/i0.wp.com\/deltaimage.de\/wp\/wp-content\/uploads\/IMG_9547-920.jpg?fit=920%2C610&ssl=1&resize=350%2C200","width":350,"height":200,"srcset":"https:\/\/i0.wp.com\/deltaimage.de\/wp\/wp-content\/uploads\/IMG_9547-920.jpg?fit=920%2C610&ssl=1&resize=350%2C200 1x, https:\/\/i0.wp.com\/deltaimage.de\/wp\/wp-content\/uploads\/IMG_9547-920.jpg?fit=920%2C610&ssl=1&resize=525%2C300 1.5x, https:\/\/i0.wp.com\/deltaimage.de\/wp\/wp-content\/uploads\/IMG_9547-920.jpg?fit=920%2C610&ssl=1&resize=700%2C400 2x"},"classes":[]},{"id":49901,"url":"https:\/\/deltaimage.de\/wp\/?portfolio=7-einstelllicht-der-macro-systemblitze-eos","url_meta":{"origin":49902,"position":5},"title":"Micro 11: Einstelllicht der Macro-Systemblitze","author":"EschbacP","date":"29. Juli 2025","format":false,"excerpt":"Das Fotografieren im Makro- und im Micro-Bereich erfordert ganz spezielle Fotoger\u00e4te, um die Aufgabenstellung bestm\u00f6glich umsetzen zu k\u00f6nnen. Die gro\u00dfen Abbildungsma\u00dfst\u00e4ben f\u00fchren zu entsprechen kleinen effektiven Offen- und Arbeitsblenden. Entsprechend wenig Licht ist im optischen und elektronischen Sucher verf\u00fcgbar. Spezielle Makro-Blitze sind daher mit einem zus\u00e4tzlichen Einstelllicht als Dauerlicht ausgestattet.\u2026","rel":"","context":"\u00c4hnlicher Beitrag","block_context":{"text":"\u00c4hnlicher Beitrag","link":""},"img":{"alt_text":"","src":"https:\/\/i0.wp.com\/deltaimage.de\/wp\/wp-content\/uploads\/1754250281036-920.jpg?fit=920%2C613&ssl=1&resize=350%2C200","width":350,"height":200,"srcset":"https:\/\/i0.wp.com\/deltaimage.de\/wp\/wp-content\/uploads\/1754250281036-920.jpg?fit=920%2C613&ssl=1&resize=350%2C200 1x, https:\/\/i0.wp.com\/deltaimage.de\/wp\/wp-content\/uploads\/1754250281036-920.jpg?fit=920%2C613&ssl=1&resize=525%2C300 1.5x, https:\/\/i0.wp.com\/deltaimage.de\/wp\/wp-content\/uploads\/1754250281036-920.jpg?fit=920%2C613&ssl=1&resize=700%2C400 2x"},"classes":[]}],"jetpack_sharing_enabled":true,"_links":{"self":[{"href":"https:\/\/deltaimage.de\/wp\/index.php?rest_route=\/wp\/v2\/jetpack-portfolio\/49902","targetHints":{"allow":["GET"]}}],"collection":[{"href":"https:\/\/deltaimage.de\/wp\/index.php?rest_route=\/wp\/v2\/jetpack-portfolio"}],"about":[{"href":"https:\/\/deltaimage.de\/wp\/index.php?rest_route=\/wp\/v2\/types\/jetpack-portfolio"}],"author":[{"embeddable":true,"href":"https:\/\/deltaimage.de\/wp\/index.php?rest_route=\/wp\/v2\/users\/1"}],"replies":[{"embeddable":true,"href":"https:\/\/deltaimage.de\/wp\/index.php?rest_route=%2Fwp%2Fv2%2Fcomments&post=49902"}],"version-history":[{"count":15,"href":"https:\/\/deltaimage.de\/wp\/index.php?rest_route=\/wp\/v2\/jetpack-portfolio\/49902\/revisions"}],"predecessor-version":[{"id":50309,"href":"https:\/\/deltaimage.de\/wp\/index.php?rest_route=\/wp\/v2\/jetpack-portfolio\/49902\/revisions\/50309"}],"wp:featuredmedia":[{"embeddable":true,"href":"https:\/\/deltaimage.de\/wp\/index.php?rest_route=\/wp\/v2\/media\/50278"}],"wp:attachment":[{"href":"https:\/\/deltaimage.de\/wp\/index.php?rest_route=%2Fwp%2Fv2%2Fmedia&parent=49902"}],"wp:term":[{"taxonomy":"jetpack-portfolio-type","embeddable":true,"href":"https:\/\/deltaimage.de\/wp\/index.php?rest_route=%2Fwp%2Fv2%2Fjetpack-portfolio-type&post=49902"},{"taxonomy":"jetpack-portfolio-tag","embeddable":true,"href":"https:\/\/deltaimage.de\/wp\/index.php?rest_route=%2Fwp%2Fv2%2Fjetpack-portfolio-tag&post=49902"}],"curies":[{"name":"wp","href":"https:\/\/api.w.org\/{rel}","templated":true}]}}