{"id":13673,"date":"2017-02-25T10:05:35","date_gmt":"2017-02-25T09:05:35","guid":{"rendered":"http:\/\/deltaimage.de\/wp\/?page_id=13673"},"modified":"2024-09-29T16:57:52","modified_gmt":"2024-09-29T14:57:52","slug":"foto-und-fachbuecher","status":"publish","type":"page","link":"https:\/\/deltaimage.de\/wp\/?page_id=13673","title":{"rendered":"Buchvorstellung im DELTA IMAGE Eigenverlag"},"content":{"rendered":"<p>Ein <strong>Buch<\/strong> ist ein <strong>Projekt<\/strong> f\u00fcr die <strong>Ewigkeit<\/strong> und \u00fcber den<strong> eigenen Bekanntheitsgrad<\/strong> hinaus. Ein Buch ist ein Statement zu einem Thema und es gibt in unserer Erfahrung aus 30 Jahren als Unternehmensberater kaum eine bessere M\u00f6glichkeit, ein Thema gr\u00fcndlich aufzuarbeiten als ein Buch zu schreiben. Ein Buch zu Fotothemen bringt als Autor eine sch\u00f6pferische T\u00e4tigkeit<\/p>\n<ul>\n<li>mit den eigenen sch\u00f6nsten Bildern zu einem Thema<\/li>\n<li>der verst\u00e4ndlichen und lesbaren Auseinandersetzung mit einem komplexen Themenfeld<\/li>\n<li>der grafischen Gestaltung von Schaubilder und Grafiken<\/li>\n<\/ul>\n<p>in einer\u00a0fein abgestimmten Gesamtorchestrierung aller Elemente eines Buches zusammen. Mit der finalen Druckfreigabe eines Manuskriptes endet eine \u00e4u\u00dferst intensive Schaffensphase &#8211; eine wunderbare Abwechslung zur T\u00e4tigkeit in der <strong>Unternehmensberatung<\/strong> (<a href=\"https:\/\/deltaadvice.eu\"><strong>DELTA ADVICE GmbH<\/strong><\/a>).<\/p>\n<p>Auch in der Digitalisierung spielen B\u00fccher immer noch eine wichtige Rolle in der Dokumentation und Vermittlung von Wissen, im Transport von Bildern, Visionen und Empfindungen. Die physikalische Form eines Buches wandelt sich vom Druckerzeugnis in eine elektronische Dokumentenform &#8211; der Inhalt und die Struktur eines Buchwerkes bleibt bestehen und unver\u00e4ndert wichtig in unserem Leben.<\/p>\n<ul>\n<li><strong>Buchprojekte mit Bildern von DELTA IMAGE <a href=\"http:\/\/deltaimage.de\/wp\/?page_id=13673\">&gt;&gt; B\u00dcCHER<\/a><\/strong><br \/>\nIn mehreren externen Projekten ist <strong>DELTA IMAGE<\/strong> in der Fotografie integriert. Das Buch selbst wird von einem Buchautor und einem Verlag mit einem gr\u00f6\u00dferen Team produziert und wir stellen unsere Bilder in das Projekt mit ein. Diese Buchprojekte zeigen wir ebenso in <a href=\"http:\/\/shop.deltaimage.de\"><strong>shop.deltaimage.de<\/strong><\/a>, der Verkauf erfolgt aber durch den externen <strong>Buchverlag<\/strong> selbst und nicht durch <a href=\"http:\/\/shop.deltaimage.de\"><strong>shop.deltaimage.de<\/strong><\/a>.<\/li>\n<li><strong>B\u00fccher im DELTA IMAGE-Eigenverlag <a href=\"http:\/\/deltaimage.de\/wp\/?page_id=13673\"><b>&gt;&gt; B\u00dcCHER<\/b><\/a><\/strong><br \/>\nWir bringen interessante Themen auch im Eigenverlag auf den Markt, gerade f\u00fcr Themen und B\u00fccher die eine eher regionale Verbreitung finden k\u00f6nnen und das Netzwerk eines Verlages nicht zur Wirkung kommen kann macht ein Eigenverlag Sinn. So k\u00f6nnen wir unsere eigenen Themen ohne Einschr\u00e4nkungen durch einen Verlag in den Markt bringen. Im Eigenverlag l\u00e4uft der Vertrieb \u00fcber <strong>DELTA IMAGE<\/strong> und explizite Verkaufsstellen.<\/li>\n<\/ul>\n<p>Der Umgang mit einem Buch, die Haptik, das Gef\u00fchl, das Bl\u00e4ttern in den Seiten ist unver\u00e4ndert. Die Lekt\u00fcre f\u00fcr den Urlaub, f\u00fcr die Reise oder die lange Zugfahrt ist ungebrochen beliebt. Noch kann ein eBook-Reader das Gef\u00fchl und den unkomplizierten Umgang mit einem Buch nicht ersetzen, nur erg\u00e4nzen. eBooks haben ihren Platz erobert und werden dies in Zukunft noch weiter ausbauen.<\/p>\n<p>&nbsp;<\/p>\n<h2>Fachb\u00fccher und Druckerzeugnisse bei DELTA IMAGE-Eigenverlag<\/h2>\n\t\t\t\t<div class=\"jetpack-portfolio-shortcode column-3\">\n\t\t\t\t\t\t\t\t\t<div class=\"portfolio-entry portfolio-entry-column-3 type-buch type-lb-buch portfolio-entry-mobile-first-item-row portfolio-entry-first-item-row\">\n\t\t\t\t\t\t<header class=\"portfolio-entry-header\">\n\t\t\t\t\t\t<a class=\"portfolio-featured-image\" href=\"https:\/\/deltaimage.de\/wp\/?portfolio=paul-eschbach-foto-und-video-mit-der-fliegenden-kamera-mitp-verlag\"><img loading=\"lazy\" decoding=\"async\" width=\"659\" height=\"919\" src=\"https:\/\/i0.wp.com\/deltaimage.de\/wp\/wp-content\/uploads\/Buch_MITP_Multicopter_Cover.jpg?fit=659%2C919&amp;ssl=1\" class=\"attachment-large size-large wp-post-image\" alt=\"\" srcset=\"https:\/\/i0.wp.com\/deltaimage.de\/wp\/wp-content\/uploads\/Buch_MITP_Multicopter_Cover.jpg?w=659&amp;ssl=1 659w, https:\/\/i0.wp.com\/deltaimage.de\/wp\/wp-content\/uploads\/Buch_MITP_Multicopter_Cover.jpg?resize=430%2C600&amp;ssl=1 430w, https:\/\/i0.wp.com\/deltaimage.de\/wp\/wp-content\/uploads\/Buch_MITP_Multicopter_Cover.jpg?resize=143%2C200&amp;ssl=1 143w, https:\/\/i0.wp.com\/deltaimage.de\/wp\/wp-content\/uploads\/Buch_MITP_Multicopter_Cover.jpg?resize=287%2C400&amp;ssl=1 287w\" sizes=\"auto, (max-width: 659px) 100vw, 659px\" data-attachment-id=\"44283\" data-permalink=\"https:\/\/deltaimage.de\/wp\/?attachment_id=44283#main\" data-orig-file=\"https:\/\/i0.wp.com\/deltaimage.de\/wp\/wp-content\/uploads\/Buch_MITP_Multicopter_Cover.jpg?fit=659%2C919&amp;ssl=1\" data-orig-size=\"659,919\" data-comments-opened=\"1\" data-image-meta=\"{&quot;aperture&quot;:&quot;0&quot;,&quot;credit&quot;:&quot;Paul Eschbach&quot;,&quot;camera&quot;:&quot;&quot;,&quot;caption&quot;:&quot;&quot;,&quot;created_timestamp&quot;:&quot;1478805920&quot;,&quot;copyright&quot;:&quot;&quot;,&quot;focal_length&quot;:&quot;0&quot;,&quot;iso&quot;:&quot;0&quot;,&quot;shutter_speed&quot;:&quot;0&quot;,&quot;title&quot;:&quot;&quot;,&quot;orientation&quot;:&quot;1&quot;}\" data-image-title=\"Buch_MITP_Multicopter_Cover\" data-image-description=\"\" data-image-caption=\"\" data-large-file=\"https:\/\/i0.wp.com\/deltaimage.de\/wp\/wp-content\/uploads\/Buch_MITP_Multicopter_Cover.jpg?fit=659%2C919&amp;ssl=1\" \/><\/a>\n\t\t\t\t\t\t<h2 class=\"portfolio-entry-title\"><a href=\"https:\/\/deltaimage.de\/wp\/?portfolio=paul-eschbach-foto-und-video-mit-der-fliegenden-kamera-mitp-verlag\" title=\"Paul Eschbach &#8211; Foto und Video mit der fliegenden Kamera &#8211; mitp Verlag\">Paul Eschbach &#8211; Foto und Video mit der fliegenden Kamera &#8211; mitp Verlag<\/a><\/h2>\n\n\t\t\t\t\t\t\t<div class=\"portfolio-entry-meta\">\n\t\t\t\t\t\t\t\t\t\t\t\t\t\t<\/div>\n\n\t\t\t\t\t\t<\/header>\n\n\t\t\t\t\t\t\t\t\t\t<\/div><!-- close .portfolio-entry -->\n\t\t\t\t\t\t\t\t\t\t<div class=\"portfolio-entry portfolio-entry-column-3 type-buch type-lb-buch portfolio-entry-mobile-last-item-row\">\n\t\t\t\t\t\t<header class=\"portfolio-entry-header\">\n\t\t\t\t\t\t<a class=\"portfolio-featured-image\" href=\"https:\/\/deltaimage.de\/wp\/?portfolio=paul-eschbach-schleissheim-der-aelteste-flugplatz-in-bayern-teil-1-nordroute-ost-route\"><img loading=\"lazy\" decoding=\"async\" width=\"622\" height=\"873\" src=\"https:\/\/i0.wp.com\/deltaimage.de\/wp\/wp-content\/uploads\/Flugplatzfuehrer-Band_1m.jpg?fit=622%2C873&amp;ssl=1\" class=\"attachment-large size-large wp-post-image\" alt=\"\" srcset=\"https:\/\/i0.wp.com\/deltaimage.de\/wp\/wp-content\/uploads\/Flugplatzfuehrer-Band_1m.jpg?w=622&amp;ssl=1 622w, https:\/\/i0.wp.com\/deltaimage.de\/wp\/wp-content\/uploads\/Flugplatzfuehrer-Band_1m.jpg?resize=142%2C200&amp;ssl=1 142w, https:\/\/i0.wp.com\/deltaimage.de\/wp\/wp-content\/uploads\/Flugplatzfuehrer-Band_1m.jpg?resize=427%2C600&amp;ssl=1 427w, https:\/\/i0.wp.com\/deltaimage.de\/wp\/wp-content\/uploads\/Flugplatzfuehrer-Band_1m.jpg?resize=423%2C593&amp;ssl=1 423w, https:\/\/i0.wp.com\/deltaimage.de\/wp\/wp-content\/uploads\/Flugplatzfuehrer-Band_1m.jpg?resize=321%2C450&amp;ssl=1 321w, https:\/\/i0.wp.com\/deltaimage.de\/wp\/wp-content\/uploads\/Flugplatzfuehrer-Band_1m.jpg?resize=285%2C400&amp;ssl=1 285w\" sizes=\"auto, (max-width: 622px) 100vw, 622px\" data-attachment-id=\"26221\" data-permalink=\"https:\/\/deltaimage.de\/wp\/?attachment_id=26221#main\" data-orig-file=\"https:\/\/i0.wp.com\/deltaimage.de\/wp\/wp-content\/uploads\/Flugplatzfuehrer-Band_1m.jpg?fit=622%2C873&amp;ssl=1\" data-orig-size=\"622,873\" data-comments-opened=\"1\" data-image-meta=\"{&quot;aperture&quot;:&quot;0&quot;,&quot;credit&quot;:&quot;&quot;,&quot;camera&quot;:&quot;&quot;,&quot;caption&quot;:&quot;&quot;,&quot;created_timestamp&quot;:&quot;0&quot;,&quot;copyright&quot;:&quot;&quot;,&quot;focal_length&quot;:&quot;0&quot;,&quot;iso&quot;:&quot;0&quot;,&quot;shutter_speed&quot;:&quot;0&quot;,&quot;title&quot;:&quot;&quot;,&quot;orientation&quot;:&quot;0&quot;}\" data-image-title=\"Flugplatzf\u00fchrer Band_1m\" data-image-description=\"\" data-image-caption=\"\" data-large-file=\"https:\/\/i0.wp.com\/deltaimage.de\/wp\/wp-content\/uploads\/Flugplatzfuehrer-Band_1m.jpg?fit=622%2C873&amp;ssl=1\" \/><\/a>\n\t\t\t\t\t\t<h2 class=\"portfolio-entry-title\"><a href=\"https:\/\/deltaimage.de\/wp\/?portfolio=paul-eschbach-schleissheim-der-aelteste-flugplatz-in-bayern-teil-1-nordroute-ost-route\" title=\"Paul Eschbach &#8211; Schlei\u00dfheim der \u00e4lteste Flugplatz in Bayern &#8211; Teil 1: Nord-Route &#038; Ost-Route\">Paul Eschbach &#8211; Schlei\u00dfheim der \u00e4lteste Flugplatz in Bayern &#8211; Teil 1: Nord-Route &#038; Ost-Route<\/a><\/h2>\n\n\t\t\t\t\t\t\t<div class=\"portfolio-entry-meta\">\n\t\t\t\t\t\t\t\t\t\t\t\t\t\t<\/div>\n\n\t\t\t\t\t\t<\/header>\n\n\t\t\t\t\t\t\t\t\t\t<\/div><!-- close .portfolio-entry -->\n\t\t\t\t\t\t\t\t\t\t<div class=\"portfolio-entry portfolio-entry-column-3 type-buch type-lb-buch portfolio-entry-mobile-first-item-row portfolio-entry-last-item-row\">\n\t\t\t\t\t\t<header class=\"portfolio-entry-header\">\n\t\t\t\t\t\t<a class=\"portfolio-featured-image\" href=\"https:\/\/deltaimage.de\/wp\/?portfolio=paul-eschbach-schleissheim-der-aelteste-flugplatz-in-bayern-teil-2-sued-route-west-route\"><img loading=\"lazy\" decoding=\"async\" width=\"619\" height=\"873\" src=\"https:\/\/i0.wp.com\/deltaimage.de\/wp\/wp-content\/uploads\/Flugplatzfuehrer-Band_2m.jpg?fit=619%2C873&amp;ssl=1\" class=\"attachment-large size-large wp-post-image\" alt=\"\" srcset=\"https:\/\/i0.wp.com\/deltaimage.de\/wp\/wp-content\/uploads\/Flugplatzfuehrer-Band_2m.jpg?w=619&amp;ssl=1 619w, https:\/\/i0.wp.com\/deltaimage.de\/wp\/wp-content\/uploads\/Flugplatzfuehrer-Band_2m.jpg?resize=142%2C200&amp;ssl=1 142w, https:\/\/i0.wp.com\/deltaimage.de\/wp\/wp-content\/uploads\/Flugplatzfuehrer-Band_2m.jpg?resize=425%2C600&amp;ssl=1 425w, https:\/\/i0.wp.com\/deltaimage.de\/wp\/wp-content\/uploads\/Flugplatzfuehrer-Band_2m.jpg?resize=420%2C593&amp;ssl=1 420w, https:\/\/i0.wp.com\/deltaimage.de\/wp\/wp-content\/uploads\/Flugplatzfuehrer-Band_2m.jpg?resize=319%2C450&amp;ssl=1 319w, https:\/\/i0.wp.com\/deltaimage.de\/wp\/wp-content\/uploads\/Flugplatzfuehrer-Band_2m.jpg?resize=284%2C400&amp;ssl=1 284w\" sizes=\"auto, (max-width: 619px) 100vw, 619px\" data-attachment-id=\"26220\" data-permalink=\"https:\/\/deltaimage.de\/wp\/?attachment_id=26220#main\" data-orig-file=\"https:\/\/i0.wp.com\/deltaimage.de\/wp\/wp-content\/uploads\/Flugplatzfuehrer-Band_2m.jpg?fit=619%2C873&amp;ssl=1\" data-orig-size=\"619,873\" data-comments-opened=\"1\" data-image-meta=\"{&quot;aperture&quot;:&quot;0&quot;,&quot;credit&quot;:&quot;&quot;,&quot;camera&quot;:&quot;&quot;,&quot;caption&quot;:&quot;&quot;,&quot;created_timestamp&quot;:&quot;0&quot;,&quot;copyright&quot;:&quot;&quot;,&quot;focal_length&quot;:&quot;0&quot;,&quot;iso&quot;:&quot;0&quot;,&quot;shutter_speed&quot;:&quot;0&quot;,&quot;title&quot;:&quot;&quot;,&quot;orientation&quot;:&quot;0&quot;}\" data-image-title=\"Flugplatzf\u00fchrer Band_2m\" data-image-description=\"\" data-image-caption=\"\" data-large-file=\"https:\/\/i0.wp.com\/deltaimage.de\/wp\/wp-content\/uploads\/Flugplatzfuehrer-Band_2m.jpg?fit=619%2C873&amp;ssl=1\" \/><\/a>\n\t\t\t\t\t\t<h2 class=\"portfolio-entry-title\"><a href=\"https:\/\/deltaimage.de\/wp\/?portfolio=paul-eschbach-schleissheim-der-aelteste-flugplatz-in-bayern-teil-2-sued-route-west-route\" title=\"Paul Eschbach &#8211; Schlei\u00dfheim der \u00e4lteste Flugplatz in Bayern &#8211; Teil 2: S\u00fcd-Route &#038; West-Route\">Paul Eschbach &#8211; Schlei\u00dfheim der \u00e4lteste Flugplatz in Bayern &#8211; Teil 2: S\u00fcd-Route &#038; West-Route<\/a><\/h2>\n\n\t\t\t\t\t\t\t<div class=\"portfolio-entry-meta\">\n\t\t\t\t\t\t\t\t\t\t\t\t\t\t<\/div>\n\n\t\t\t\t\t\t<\/header>\n\n\t\t\t\t\t\t\t\t\t\t<\/div><!-- close .portfolio-entry -->\n\t\t\t\t\t\t\t\t\t\t<div class=\"portfolio-entry portfolio-entry-column-3 type-buch type-lb-buch portfolio-entry-mobile-last-item-row portfolio-entry-first-item-row\">\n\t\t\t\t\t\t<header class=\"portfolio-entry-header\">\n\t\t\t\t\t\t<a class=\"portfolio-featured-image\" href=\"https:\/\/deltaimage.de\/wp\/?portfolio=paul-eschbach-schleissheim-der-aelteste-flugplatz-in-bayern-teil-3-route-fuer-experten-der-platzgeschichte\"><img loading=\"lazy\" decoding=\"async\" width=\"560\" height=\"805\" src=\"https:\/\/i0.wp.com\/deltaimage.de\/wp\/wp-content\/uploads\/Flugplatzfuehrer-Band-3n.jpg?fit=560%2C805&amp;ssl=1\" class=\"attachment-large size-large wp-post-image\" alt=\"\" srcset=\"https:\/\/i0.wp.com\/deltaimage.de\/wp\/wp-content\/uploads\/Flugplatzfuehrer-Band-3n.jpg?w=560&amp;ssl=1 560w, https:\/\/i0.wp.com\/deltaimage.de\/wp\/wp-content\/uploads\/Flugplatzfuehrer-Band-3n.jpg?resize=139%2C200&amp;ssl=1 139w, https:\/\/i0.wp.com\/deltaimage.de\/wp\/wp-content\/uploads\/Flugplatzfuehrer-Band-3n.jpg?resize=417%2C600&amp;ssl=1 417w, https:\/\/i0.wp.com\/deltaimage.de\/wp\/wp-content\/uploads\/Flugplatzfuehrer-Band-3n.jpg?resize=413%2C593&amp;ssl=1 413w, https:\/\/i0.wp.com\/deltaimage.de\/wp\/wp-content\/uploads\/Flugplatzfuehrer-Band-3n.jpg?resize=313%2C450&amp;ssl=1 313w, https:\/\/i0.wp.com\/deltaimage.de\/wp\/wp-content\/uploads\/Flugplatzfuehrer-Band-3n.jpg?resize=278%2C400&amp;ssl=1 278w\" sizes=\"auto, (max-width: 560px) 100vw, 560px\" data-attachment-id=\"26237\" data-permalink=\"https:\/\/deltaimage.de\/wp\/?attachment_id=26237#main\" data-orig-file=\"https:\/\/i0.wp.com\/deltaimage.de\/wp\/wp-content\/uploads\/Flugplatzfuehrer-Band-3n.jpg?fit=560%2C805&amp;ssl=1\" data-orig-size=\"560,805\" data-comments-opened=\"1\" data-image-meta=\"{&quot;aperture&quot;:&quot;0&quot;,&quot;credit&quot;:&quot;Paul Eschbach&quot;,&quot;camera&quot;:&quot;&quot;,&quot;caption&quot;:&quot;&quot;,&quot;created_timestamp&quot;:&quot;1497988627&quot;,&quot;copyright&quot;:&quot;&quot;,&quot;focal_length&quot;:&quot;0&quot;,&quot;iso&quot;:&quot;0&quot;,&quot;shutter_speed&quot;:&quot;0&quot;,&quot;title&quot;:&quot;&quot;,&quot;orientation&quot;:&quot;0&quot;}\" data-image-title=\"Flugplatzf\u00fchrer Band 3n\" data-image-description=\"\" data-image-caption=\"\" data-large-file=\"https:\/\/i0.wp.com\/deltaimage.de\/wp\/wp-content\/uploads\/Flugplatzfuehrer-Band-3n.jpg?fit=560%2C805&amp;ssl=1\" \/><\/a>\n\t\t\t\t\t\t<h2 class=\"portfolio-entry-title\"><a href=\"https:\/\/deltaimage.de\/wp\/?portfolio=paul-eschbach-schleissheim-der-aelteste-flugplatz-in-bayern-teil-3-route-fuer-experten-der-platzgeschichte\" title=\"Paul Eschbach &#8211; Schlei\u00dfheim der \u00e4lteste Flugplatz in Bayern &#8211; Teil 3: Route f\u00fcr Experten der Platzgeschichte\">Paul Eschbach &#8211; Schlei\u00dfheim der \u00e4lteste Flugplatz in Bayern &#8211; Teil 3: Route f\u00fcr Experten der Platzgeschichte<\/a><\/h2>\n\n\t\t\t\t\t\t\t<div class=\"portfolio-entry-meta\">\n\t\t\t\t\t\t\t\t\t\t\t\t\t\t<\/div>\n\n\t\t\t\t\t\t<\/header>\n\n\t\t\t\t\t\t\t\t\t\t<\/div><!-- close .portfolio-entry -->\n\t\t\t\t\t\t\t\t\t\t<div class=\"portfolio-entry portfolio-entry-column-3 type-buch type-lb-buch portfolio-entry-mobile-first-item-row\">\n\t\t\t\t\t\t<header class=\"portfolio-entry-header\">\n\t\t\t\t\t\t<a class=\"portfolio-featured-image\" href=\"https:\/\/deltaimage.de\/wp\/?portfolio=paul-eschbach-flugplatzwanderungen-schleissheim-sammelband-30-jahre-flugwerft\"><img loading=\"lazy\" decoding=\"async\" width=\"620\" height=\"877\" src=\"https:\/\/i0.wp.com\/deltaimage.de\/wp\/wp-content\/uploads\/Produkt_Sammelband_Schleissheim.jpg?fit=620%2C877&amp;ssl=1\" class=\"attachment-large size-large wp-post-image\" alt=\"\" srcset=\"https:\/\/i0.wp.com\/deltaimage.de\/wp\/wp-content\/uploads\/Produkt_Sammelband_Schleissheim.jpg?w=620&amp;ssl=1 620w, https:\/\/i0.wp.com\/deltaimage.de\/wp\/wp-content\/uploads\/Produkt_Sammelband_Schleissheim.jpg?resize=424%2C600&amp;ssl=1 424w, https:\/\/i0.wp.com\/deltaimage.de\/wp\/wp-content\/uploads\/Produkt_Sammelband_Schleissheim.jpg?resize=141%2C200&amp;ssl=1 141w, https:\/\/i0.wp.com\/deltaimage.de\/wp\/wp-content\/uploads\/Produkt_Sammelband_Schleissheim.jpg?resize=419%2C593&amp;ssl=1 419w, https:\/\/i0.wp.com\/deltaimage.de\/wp\/wp-content\/uploads\/Produkt_Sammelband_Schleissheim.jpg?resize=318%2C450&amp;ssl=1 318w, https:\/\/i0.wp.com\/deltaimage.de\/wp\/wp-content\/uploads\/Produkt_Sammelband_Schleissheim.jpg?resize=283%2C400&amp;ssl=1 283w\" sizes=\"auto, (max-width: 620px) 100vw, 620px\" data-attachment-id=\"33266\" data-permalink=\"https:\/\/deltaimage.de\/wp\/?attachment_id=33266#main\" data-orig-file=\"https:\/\/i0.wp.com\/deltaimage.de\/wp\/wp-content\/uploads\/Produkt_Sammelband_Schleissheim.jpg?fit=620%2C877&amp;ssl=1\" data-orig-size=\"620,877\" data-comments-opened=\"0\" data-image-meta=\"{&quot;aperture&quot;:&quot;0&quot;,&quot;credit&quot;:&quot;Paul Eschbach&quot;,&quot;camera&quot;:&quot;&quot;,&quot;caption&quot;:&quot;&quot;,&quot;created_timestamp&quot;:&quot;1640022071&quot;,&quot;copyright&quot;:&quot;&quot;,&quot;focal_length&quot;:&quot;0&quot;,&quot;iso&quot;:&quot;0&quot;,&quot;shutter_speed&quot;:&quot;0&quot;,&quot;title&quot;:&quot;&quot;,&quot;orientation&quot;:&quot;0&quot;}\" data-image-title=\"Produkt_Sammelband_Schlei\u00dfheim\" data-image-description=\"\" data-image-caption=\"\" data-large-file=\"https:\/\/i0.wp.com\/deltaimage.de\/wp\/wp-content\/uploads\/Produkt_Sammelband_Schleissheim.jpg?fit=620%2C877&amp;ssl=1\" \/><\/a>\n\t\t\t\t\t\t<h2 class=\"portfolio-entry-title\"><a href=\"https:\/\/deltaimage.de\/wp\/?portfolio=paul-eschbach-flugplatzwanderungen-schleissheim-sammelband-30-jahre-flugwerft\" title=\"Paul Eschbach &#8211; Flugplatzwanderungen Schlei\u00dfheim \u2013 Sammelband 30 Jahre Flugwerft\">Paul Eschbach &#8211; Flugplatzwanderungen Schlei\u00dfheim \u2013 Sammelband 30 Jahre Flugwerft<\/a><\/h2>\n\n\t\t\t\t\t\t\t<div class=\"portfolio-entry-meta\">\n\t\t\t\t\t\t\t\t\t\t\t\t\t\t<\/div>\n\n\t\t\t\t\t\t<\/header>\n\n\t\t\t\t\t\t\t\t\t\t<\/div><!-- close .portfolio-entry -->\n\t\t\t\t\t\t\t\t\t\t<div class=\"portfolio-entry portfolio-entry-column-3 type-buch portfolio-entry-mobile-last-item-row portfolio-entry-last-item-row\">\n\t\t\t\t\t\t<header class=\"portfolio-entry-header\">\n\t\t\t\t\t\t<a class=\"portfolio-featured-image\" href=\"https:\/\/deltaimage.de\/wp\/?portfolio=paul-eschbach-glossar-und-fachbegriffe-zum-kenntnisnachweis-%c2%a721a-4-2-luftvo\"><img loading=\"lazy\" decoding=\"async\" width=\"591\" height=\"839\" src=\"https:\/\/i0.wp.com\/deltaimage.de\/wp\/wp-content\/uploads\/UAS-Glossar-Auflage-2021-Cover.png?fit=591%2C839&amp;ssl=1\" class=\"attachment-large size-large wp-post-image\" alt=\"\" srcset=\"https:\/\/i0.wp.com\/deltaimage.de\/wp\/wp-content\/uploads\/UAS-Glossar-Auflage-2021-Cover.png?w=591&amp;ssl=1 591w, https:\/\/i0.wp.com\/deltaimage.de\/wp\/wp-content\/uploads\/UAS-Glossar-Auflage-2021-Cover.png?resize=423%2C600&amp;ssl=1 423w, https:\/\/i0.wp.com\/deltaimage.de\/wp\/wp-content\/uploads\/UAS-Glossar-Auflage-2021-Cover.png?resize=141%2C200&amp;ssl=1 141w, https:\/\/i0.wp.com\/deltaimage.de\/wp\/wp-content\/uploads\/UAS-Glossar-Auflage-2021-Cover.png?resize=418%2C593&amp;ssl=1 418w, https:\/\/i0.wp.com\/deltaimage.de\/wp\/wp-content\/uploads\/UAS-Glossar-Auflage-2021-Cover.png?resize=317%2C450&amp;ssl=1 317w, https:\/\/i0.wp.com\/deltaimage.de\/wp\/wp-content\/uploads\/UAS-Glossar-Auflage-2021-Cover.png?resize=282%2C400&amp;ssl=1 282w\" sizes=\"auto, (max-width: 591px) 100vw, 591px\" data-attachment-id=\"27315\" data-permalink=\"https:\/\/deltaimage.de\/wp\/?attachment_id=27315#main\" data-orig-file=\"https:\/\/i0.wp.com\/deltaimage.de\/wp\/wp-content\/uploads\/UAS-Glossar-Auflage-2021-Cover.png?fit=591%2C839&amp;ssl=1\" data-orig-size=\"591,839\" data-comments-opened=\"1\" data-image-meta=\"{&quot;aperture&quot;:&quot;0&quot;,&quot;credit&quot;:&quot;&quot;,&quot;camera&quot;:&quot;&quot;,&quot;caption&quot;:&quot;&quot;,&quot;created_timestamp&quot;:&quot;0&quot;,&quot;copyright&quot;:&quot;&quot;,&quot;focal_length&quot;:&quot;0&quot;,&quot;iso&quot;:&quot;0&quot;,&quot;shutter_speed&quot;:&quot;0&quot;,&quot;title&quot;:&quot;&quot;,&quot;orientation&quot;:&quot;0&quot;}\" data-image-title=\"UAS Glossar Auflage 2021 Cover\" data-image-description=\"\" data-image-caption=\"\" data-large-file=\"https:\/\/i0.wp.com\/deltaimage.de\/wp\/wp-content\/uploads\/UAS-Glossar-Auflage-2021-Cover.png?fit=591%2C839&amp;ssl=1\" \/><\/a>\n\t\t\t\t\t\t<h2 class=\"portfolio-entry-title\"><a href=\"https:\/\/deltaimage.de\/wp\/?portfolio=paul-eschbach-glossar-und-fachbegriffe-zum-kenntnisnachweis-%c2%a721a-4-2-luftvo\" title=\"Paul Eschbach &#8211; Glossar und Fachbegriffe in der Unbemannten Luftfahrt\">Paul Eschbach &#8211; Glossar und Fachbegriffe in der Unbemannten Luftfahrt<\/a><\/h2>\n\n\t\t\t\t\t\t\t<div class=\"portfolio-entry-meta\">\n\t\t\t\t\t\t\t\t\t\t\t\t\t\t<\/div>\n\n\t\t\t\t\t\t<\/header>\n\n\t\t\t\t\t\t\t\t\t\t<\/div><!-- close .portfolio-entry -->\n\t\t\t\t\t\t\t\t\t\t<div class=\"portfolio-entry portfolio-entry-column-3 type-buch portfolio-entry-mobile-first-item-row portfolio-entry-first-item-row\">\n\t\t\t\t\t\t<header class=\"portfolio-entry-header\">\n\t\t\t\t\t\t<a class=\"portfolio-featured-image\" href=\"https:\/\/deltaimage.de\/wp\/?portfolio=fallschirmspringen-die-suche-nach-dem-glueck-sonderausstellung-im-deutschen-museum\"><img loading=\"lazy\" decoding=\"async\" width=\"890\" height=\"636\" src=\"https:\/\/i0.wp.com\/deltaimage.de\/wp\/wp-content\/uploads\/Titelseite_Doku.jpg?fit=890%2C636&amp;ssl=1\" class=\"attachment-large size-large wp-post-image\" alt=\"Dokumentation zur Sonderausstellung\" srcset=\"https:\/\/i0.wp.com\/deltaimage.de\/wp\/wp-content\/uploads\/Titelseite_Doku.jpg?w=1206&amp;ssl=1 1206w, https:\/\/i0.wp.com\/deltaimage.de\/wp\/wp-content\/uploads\/Titelseite_Doku.jpg?resize=300%2C214&amp;ssl=1 300w, https:\/\/i0.wp.com\/deltaimage.de\/wp\/wp-content\/uploads\/Titelseite_Doku.jpg?resize=1024%2C732&amp;ssl=1 1024w, https:\/\/i0.wp.com\/deltaimage.de\/wp\/wp-content\/uploads\/Titelseite_Doku.jpg?resize=829%2C593&amp;ssl=1 829w, https:\/\/i0.wp.com\/deltaimage.de\/wp\/wp-content\/uploads\/Titelseite_Doku.jpg?resize=629%2C450&amp;ssl=1 629w\" sizes=\"auto, (max-width: 890px) 100vw, 890px\" data-attachment-id=\"3606\" data-permalink=\"https:\/\/deltaimage.de\/wp\/?attachment_id=3606#main\" data-orig-file=\"https:\/\/i0.wp.com\/deltaimage.de\/wp\/wp-content\/uploads\/Titelseite_Doku.jpg?fit=1206%2C863&amp;ssl=1\" data-orig-size=\"1206,863\" data-comments-opened=\"0\" data-image-meta=\"{&quot;aperture&quot;:&quot;0&quot;,&quot;credit&quot;:&quot;Paul Eschbach&quot;,&quot;camera&quot;:&quot;&quot;,&quot;caption&quot;:&quot;&quot;,&quot;created_timestamp&quot;:&quot;1400368139&quot;,&quot;copyright&quot;:&quot;&quot;,&quot;focal_length&quot;:&quot;0&quot;,&quot;iso&quot;:&quot;0&quot;,&quot;shutter_speed&quot;:&quot;0&quot;,&quot;title&quot;:&quot;&quot;,&quot;orientation&quot;:&quot;0&quot;}\" data-image-title=\"Titelseite_Doku\" data-image-description=\"\" data-image-caption=\"\" data-large-file=\"https:\/\/i0.wp.com\/deltaimage.de\/wp\/wp-content\/uploads\/Titelseite_Doku.jpg?fit=890%2C636&amp;ssl=1\" \/><\/a>\n\t\t\t\t\t\t<h2 class=\"portfolio-entry-title\"><a href=\"https:\/\/deltaimage.de\/wp\/?portfolio=fallschirmspringen-die-suche-nach-dem-glueck-sonderausstellung-im-deutschen-museum\" title=\"Fallschirmspringen &#8211; Die Suche nach dem Gl\u00fcck; Sonderausstellung im Deutschen Museum\">Fallschirmspringen &#8211; Die Suche nach dem Gl\u00fcck; Sonderausstellung im Deutschen Museum<\/a><\/h2>\n\n\t\t\t\t\t\t\t<div class=\"portfolio-entry-meta\">\n\t\t\t\t\t\t\t\t\t\t\t\t\t\t<\/div>\n\n\t\t\t\t\t\t<\/header>\n\n\t\t\t\t\t\t\t\t\t\t<\/div><!-- close .portfolio-entry -->\n\t\t\t\t\t\t\t\t\t\t<div class=\"portfolio-entry portfolio-entry-column-3 type-buch type-lb-buch portfolio-entry-mobile-last-item-row\">\n\t\t\t\t\t\t<header class=\"portfolio-entry-header\">\n\t\t\t\t\t\t<a class=\"portfolio-featured-image\" href=\"https:\/\/deltaimage.de\/wp\/?portfolio=paul-eschbach-fotobildband-projektdokumentation-tz-puls-ueber-24-monate\"><img loading=\"lazy\" decoding=\"async\" width=\"871\" height=\"616\" src=\"https:\/\/i0.wp.com\/deltaimage.de\/wp\/wp-content\/uploads\/Fotobuch_TZ_PuLS.jpg?fit=871%2C616&amp;ssl=1\" class=\"attachment-large size-large wp-post-image\" alt=\"\" srcset=\"https:\/\/i0.wp.com\/deltaimage.de\/wp\/wp-content\/uploads\/Fotobuch_TZ_PuLS.jpg?w=871&amp;ssl=1 871w, https:\/\/i0.wp.com\/deltaimage.de\/wp\/wp-content\/uploads\/Fotobuch_TZ_PuLS.jpg?resize=848%2C600&amp;ssl=1 848w, https:\/\/i0.wp.com\/deltaimage.de\/wp\/wp-content\/uploads\/Fotobuch_TZ_PuLS.jpg?resize=283%2C200&amp;ssl=1 283w, https:\/\/i0.wp.com\/deltaimage.de\/wp\/wp-content\/uploads\/Fotobuch_TZ_PuLS.jpg?resize=838%2C593&amp;ssl=1 838w, https:\/\/i0.wp.com\/deltaimage.de\/wp\/wp-content\/uploads\/Fotobuch_TZ_PuLS.jpg?resize=636%2C450&amp;ssl=1 636w, https:\/\/i0.wp.com\/deltaimage.de\/wp\/wp-content\/uploads\/Fotobuch_TZ_PuLS.jpg?resize=566%2C400&amp;ssl=1 566w\" sizes=\"auto, (max-width: 871px) 100vw, 871px\" data-attachment-id=\"31743\" data-permalink=\"https:\/\/deltaimage.de\/wp\/?attachment_id=31743\" data-orig-file=\"https:\/\/i0.wp.com\/deltaimage.de\/wp\/wp-content\/uploads\/Fotobuch_TZ_PuLS.jpg?fit=871%2C616&amp;ssl=1\" data-orig-size=\"871,616\" data-comments-opened=\"0\" data-image-meta=\"{&quot;aperture&quot;:&quot;0&quot;,&quot;credit&quot;:&quot;Paul Eschbach&quot;,&quot;camera&quot;:&quot;&quot;,&quot;caption&quot;:&quot;&quot;,&quot;created_timestamp&quot;:&quot;1458812105&quot;,&quot;copyright&quot;:&quot;&quot;,&quot;focal_length&quot;:&quot;0&quot;,&quot;iso&quot;:&quot;0&quot;,&quot;shutter_speed&quot;:&quot;0&quot;,&quot;title&quot;:&quot;&quot;,&quot;orientation&quot;:&quot;0&quot;}\" data-image-title=\"Fotobuch_TZ_PuLS\" data-image-description=\"\" data-image-caption=\"\" data-large-file=\"https:\/\/i0.wp.com\/deltaimage.de\/wp\/wp-content\/uploads\/Fotobuch_TZ_PuLS.jpg?fit=871%2C616&amp;ssl=1\" \/><\/a>\n\t\t\t\t\t\t<h2 class=\"portfolio-entry-title\"><a href=\"https:\/\/deltaimage.de\/wp\/?portfolio=paul-eschbach-fotobildband-projektdokumentation-tz-puls-ueber-24-monate\" title=\"Paul Eschbach &#8211; Fotobildband Projektdokumentation TZ PULS \u00fcber 24 Monate\">Paul Eschbach &#8211; Fotobildband Projektdokumentation TZ PULS \u00fcber 24 Monate<\/a><\/h2>\n\n\t\t\t\t\t\t\t<div class=\"portfolio-entry-meta\">\n\t\t\t\t\t\t\t\t\t\t\t\t\t\t<\/div>\n\n\t\t\t\t\t\t<\/header>\n\n\t\t\t\t\t\t\t\t\t\t<\/div><!-- close .portfolio-entry -->\n\t\t\t\t\t\t\t\t\t\t<div class=\"portfolio-entry portfolio-entry-column-3 type-buch portfolio-entry-mobile-first-item-row portfolio-entry-last-item-row\">\n\t\t\t\t\t\t<header class=\"portfolio-entry-header\">\n\t\t\t\t\t\t<a class=\"portfolio-featured-image\" href=\"https:\/\/deltaimage.de\/wp\/?portfolio=mit-napoleon-im-russlandfeldzug-1812-chronik-eines-desasters-alliatera-verlag\"><img loading=\"lazy\" decoding=\"async\" width=\"475\" height=\"596\" src=\"https:\/\/i0.wp.com\/deltaimage.de\/wp\/wp-content\/uploads\/Buchtitel-Chronik-eines-Desasters.jpg?fit=475%2C596&amp;ssl=1\" class=\"attachment-large size-large wp-post-image\" alt=\"\" srcset=\"https:\/\/i0.wp.com\/deltaimage.de\/wp\/wp-content\/uploads\/Buchtitel-Chronik-eines-Desasters.jpg?w=475&amp;ssl=1 475w, https:\/\/i0.wp.com\/deltaimage.de\/wp\/wp-content\/uploads\/Buchtitel-Chronik-eines-Desasters.jpg?resize=159%2C200&amp;ssl=1 159w, https:\/\/i0.wp.com\/deltaimage.de\/wp\/wp-content\/uploads\/Buchtitel-Chronik-eines-Desasters.jpg?resize=239%2C300&amp;ssl=1 239w, https:\/\/i0.wp.com\/deltaimage.de\/wp\/wp-content\/uploads\/Buchtitel-Chronik-eines-Desasters.jpg?resize=473%2C593&amp;ssl=1 473w, https:\/\/i0.wp.com\/deltaimage.de\/wp\/wp-content\/uploads\/Buchtitel-Chronik-eines-Desasters.jpg?resize=359%2C450&amp;ssl=1 359w, https:\/\/i0.wp.com\/deltaimage.de\/wp\/wp-content\/uploads\/Buchtitel-Chronik-eines-Desasters.jpg?resize=319%2C400&amp;ssl=1 319w\" sizes=\"auto, (max-width: 475px) 100vw, 475px\" data-attachment-id=\"23054\" data-permalink=\"https:\/\/deltaimage.de\/wp\/?attachment_id=23054#main\" data-orig-file=\"https:\/\/i0.wp.com\/deltaimage.de\/wp\/wp-content\/uploads\/Buchtitel-Chronik-eines-Desasters.jpg?fit=475%2C596&amp;ssl=1\" data-orig-size=\"475,596\" data-comments-opened=\"0\" data-image-meta=\"{&quot;aperture&quot;:&quot;0&quot;,&quot;credit&quot;:&quot;&quot;,&quot;camera&quot;:&quot;&quot;,&quot;caption&quot;:&quot;&quot;,&quot;created_timestamp&quot;:&quot;0&quot;,&quot;copyright&quot;:&quot;&quot;,&quot;focal_length&quot;:&quot;0&quot;,&quot;iso&quot;:&quot;0&quot;,&quot;shutter_speed&quot;:&quot;0&quot;,&quot;title&quot;:&quot;&quot;,&quot;orientation&quot;:&quot;0&quot;}\" data-image-title=\"Buchtitel Chronik eines Desasters\" data-image-description=\"\" data-image-caption=\"\" data-large-file=\"https:\/\/i0.wp.com\/deltaimage.de\/wp\/wp-content\/uploads\/Buchtitel-Chronik-eines-Desasters.jpg?fit=475%2C596&amp;ssl=1\" \/><\/a>\n\t\t\t\t\t\t<h2 class=\"portfolio-entry-title\"><a href=\"https:\/\/deltaimage.de\/wp\/?portfolio=mit-napoleon-im-russlandfeldzug-1812-chronik-eines-desasters-alliatera-verlag\" title=\"Mit Napoleon im Russlandfeldzug 1812. Chronik eines Desasters &#8211; Alliatera Verlag\">Mit Napoleon im Russlandfeldzug 1812. Chronik eines Desasters &#8211; Alliatera Verlag<\/a><\/h2>\n\n\t\t\t\t\t\t\t<div class=\"portfolio-entry-meta\">\n\t\t\t\t\t\t\t\t\t\t\t\t\t\t<\/div>\n\n\t\t\t\t\t\t<\/header>\n\n\t\t\t\t\t\t\t\t\t\t<\/div><!-- close .portfolio-entry -->\n\t\t\t\t\t\t\t\t\t\t<div class=\"portfolio-entry portfolio-entry-column-3 type-buch type-lb-buch portfolio-entry-mobile-last-item-row portfolio-entry-first-item-row\">\n\t\t\t\t\t\t<header class=\"portfolio-entry-header\">\n\t\t\t\t\t\t<a class=\"portfolio-featured-image\" href=\"https:\/\/deltaimage.de\/wp\/?portfolio=lehrbuch-zum-fernpilotenzeugnis-a2-in-der-uavdach-services-ug\"><img loading=\"lazy\" decoding=\"async\" width=\"570\" height=\"803\" src=\"https:\/\/i0.wp.com\/deltaimage.de\/wp\/wp-content\/uploads\/UAVDACH_Lehrbuch_A2_Cover.jpg?fit=570%2C803&amp;ssl=1\" class=\"attachment-large size-large wp-post-image\" alt=\"\" srcset=\"https:\/\/i0.wp.com\/deltaimage.de\/wp\/wp-content\/uploads\/UAVDACH_Lehrbuch_A2_Cover.jpg?w=570&amp;ssl=1 570w, https:\/\/i0.wp.com\/deltaimage.de\/wp\/wp-content\/uploads\/UAVDACH_Lehrbuch_A2_Cover.jpg?resize=426%2C600&amp;ssl=1 426w, https:\/\/i0.wp.com\/deltaimage.de\/wp\/wp-content\/uploads\/UAVDACH_Lehrbuch_A2_Cover.jpg?resize=142%2C200&amp;ssl=1 142w, https:\/\/i0.wp.com\/deltaimage.de\/wp\/wp-content\/uploads\/UAVDACH_Lehrbuch_A2_Cover.jpg?resize=421%2C593&amp;ssl=1 421w, https:\/\/i0.wp.com\/deltaimage.de\/wp\/wp-content\/uploads\/UAVDACH_Lehrbuch_A2_Cover.jpg?resize=319%2C450&amp;ssl=1 319w, https:\/\/i0.wp.com\/deltaimage.de\/wp\/wp-content\/uploads\/UAVDACH_Lehrbuch_A2_Cover.jpg?resize=284%2C400&amp;ssl=1 284w\" sizes=\"auto, (max-width: 570px) 100vw, 570px\" data-attachment-id=\"27306\" data-permalink=\"https:\/\/deltaimage.de\/wp\/?attachment_id=27306\" data-orig-file=\"https:\/\/i0.wp.com\/deltaimage.de\/wp\/wp-content\/uploads\/UAVDACH_Lehrbuch_A2_Cover.jpg?fit=570%2C803&amp;ssl=1\" data-orig-size=\"570,803\" data-comments-opened=\"1\" data-image-meta=\"{&quot;aperture&quot;:&quot;0&quot;,&quot;credit&quot;:&quot;Paul Eschbach&quot;,&quot;camera&quot;:&quot;&quot;,&quot;caption&quot;:&quot;&quot;,&quot;created_timestamp&quot;:&quot;1610466926&quot;,&quot;copyright&quot;:&quot;&quot;,&quot;focal_length&quot;:&quot;0&quot;,&quot;iso&quot;:&quot;0&quot;,&quot;shutter_speed&quot;:&quot;0&quot;,&quot;title&quot;:&quot;&quot;,&quot;orientation&quot;:&quot;0&quot;}\" data-image-title=\"UAVDACH_Lehrbuch_A2_Cover\" data-image-description=\"\" data-image-caption=\"\" data-large-file=\"https:\/\/i0.wp.com\/deltaimage.de\/wp\/wp-content\/uploads\/UAVDACH_Lehrbuch_A2_Cover.jpg?fit=570%2C803&amp;ssl=1\" \/><\/a>\n\t\t\t\t\t\t<h2 class=\"portfolio-entry-title\"><a href=\"https:\/\/deltaimage.de\/wp\/?portfolio=lehrbuch-zum-fernpilotenzeugnis-a2-in-der-uavdach-services-ug\" title=\"Lehrbuch zum Fernpilotenzeugnis A2 in der UAVDACH-Services UG\">Lehrbuch zum Fernpilotenzeugnis A2 in der UAVDACH-Services UG<\/a><\/h2>\n\n\t\t\t\t\t\t\t<div class=\"portfolio-entry-meta\">\n\t\t\t\t\t\t\t\t\t\t\t\t\t\t<\/div>\n\n\t\t\t\t\t\t<\/header>\n\n\t\t\t\t\t\t\t\t\t\t<\/div><!-- close .portfolio-entry -->\n\t\t\t\t\t\t\t\t\t\t<div class=\"portfolio-entry portfolio-entry-column-3 type-buch type-lb-buch portfolio-entry-mobile-first-item-row\">\n\t\t\t\t\t\t<header class=\"portfolio-entry-header\">\n\t\t\t\t\t\t<a class=\"portfolio-featured-image\" href=\"https:\/\/deltaimage.de\/wp\/?portfolio=lehrbuch-zum-kompetenznachweis-a1-a3-im-uav-dach-e-v-erschienen\"><img loading=\"lazy\" decoding=\"async\" width=\"569\" height=\"799\" src=\"https:\/\/i0.wp.com\/deltaimage.de\/wp\/wp-content\/uploads\/UAVDACH_Lehrbuch_A1A3_Cover.jpg?fit=569%2C799&amp;ssl=1\" class=\"attachment-large size-large wp-post-image\" alt=\"\" srcset=\"https:\/\/i0.wp.com\/deltaimage.de\/wp\/wp-content\/uploads\/UAVDACH_Lehrbuch_A1A3_Cover.jpg?w=569&amp;ssl=1 569w, https:\/\/i0.wp.com\/deltaimage.de\/wp\/wp-content\/uploads\/UAVDACH_Lehrbuch_A1A3_Cover.jpg?resize=427%2C600&amp;ssl=1 427w, https:\/\/i0.wp.com\/deltaimage.de\/wp\/wp-content\/uploads\/UAVDACH_Lehrbuch_A1A3_Cover.jpg?resize=142%2C200&amp;ssl=1 142w, https:\/\/i0.wp.com\/deltaimage.de\/wp\/wp-content\/uploads\/UAVDACH_Lehrbuch_A1A3_Cover.jpg?resize=422%2C593&amp;ssl=1 422w, https:\/\/i0.wp.com\/deltaimage.de\/wp\/wp-content\/uploads\/UAVDACH_Lehrbuch_A1A3_Cover.jpg?resize=320%2C450&amp;ssl=1 320w, https:\/\/i0.wp.com\/deltaimage.de\/wp\/wp-content\/uploads\/UAVDACH_Lehrbuch_A1A3_Cover.jpg?resize=285%2C400&amp;ssl=1 285w\" sizes=\"auto, (max-width: 569px) 100vw, 569px\" data-attachment-id=\"27233\" data-permalink=\"https:\/\/deltaimage.de\/wp\/?attachment_id=27233\" data-orig-file=\"https:\/\/i0.wp.com\/deltaimage.de\/wp\/wp-content\/uploads\/UAVDACH_Lehrbuch_A1A3_Cover.jpg?fit=569%2C799&amp;ssl=1\" data-orig-size=\"569,799\" data-comments-opened=\"1\" data-image-meta=\"{&quot;aperture&quot;:&quot;0&quot;,&quot;credit&quot;:&quot;Paul Eschbach&quot;,&quot;camera&quot;:&quot;&quot;,&quot;caption&quot;:&quot;&quot;,&quot;created_timestamp&quot;:&quot;1610466978&quot;,&quot;copyright&quot;:&quot;&quot;,&quot;focal_length&quot;:&quot;0&quot;,&quot;iso&quot;:&quot;0&quot;,&quot;shutter_speed&quot;:&quot;0&quot;,&quot;title&quot;:&quot;&quot;,&quot;orientation&quot;:&quot;0&quot;}\" data-image-title=\"UAVDACH_Lehrbuch_A1A3_Cover\" data-image-description=\"\" data-image-caption=\"\" data-large-file=\"https:\/\/i0.wp.com\/deltaimage.de\/wp\/wp-content\/uploads\/UAVDACH_Lehrbuch_A1A3_Cover.jpg?fit=569%2C799&amp;ssl=1\" \/><\/a>\n\t\t\t\t\t\t<h2 class=\"portfolio-entry-title\"><a href=\"https:\/\/deltaimage.de\/wp\/?portfolio=lehrbuch-zum-kompetenznachweis-a1-a3-im-uav-dach-e-v-erschienen\" title=\"Lehrbuch zum Kompetenznachweis A1\/A3 in der UAVDACH-Services UG\">Lehrbuch zum Kompetenznachweis A1\/A3 in der UAVDACH-Services UG<\/a><\/h2>\n\n\t\t\t\t\t\t\t<div class=\"portfolio-entry-meta\">\n\t\t\t\t\t\t\t\t\t\t\t\t\t\t<\/div>\n\n\t\t\t\t\t\t<\/header>\n\n\t\t\t\t\t\t\t\t\t\t<\/div><!-- close .portfolio-entry -->\n\t\t\t\t\t\t\t\t\t\t<div class=\"portfolio-entry portfolio-entry-column-3 type-buch portfolio-entry-mobile-last-item-row portfolio-entry-last-item-row\">\n\t\t\t\t\t\t<header class=\"portfolio-entry-header\">\n\t\t\t\t\t\t<a class=\"portfolio-featured-image\" href=\"https:\/\/deltaimage.de\/wp\/?portfolio=nationale-regelungen-unbemannte-luftfahrt-in-deutschland\"><img loading=\"lazy\" decoding=\"async\" width=\"545\" height=\"798\" src=\"https:\/\/i0.wp.com\/deltaimage.de\/wp\/wp-content\/uploads\/UAVDACH_Nationale-Regelungen_Cover.jpg?fit=545%2C798&amp;ssl=1\" class=\"attachment-large size-large wp-post-image\" alt=\"\" srcset=\"https:\/\/i0.wp.com\/deltaimage.de\/wp\/wp-content\/uploads\/UAVDACH_Nationale-Regelungen_Cover.jpg?w=545&amp;ssl=1 545w, https:\/\/i0.wp.com\/deltaimage.de\/wp\/wp-content\/uploads\/UAVDACH_Nationale-Regelungen_Cover.jpg?resize=410%2C600&amp;ssl=1 410w, https:\/\/i0.wp.com\/deltaimage.de\/wp\/wp-content\/uploads\/UAVDACH_Nationale-Regelungen_Cover.jpg?resize=137%2C200&amp;ssl=1 137w, https:\/\/i0.wp.com\/deltaimage.de\/wp\/wp-content\/uploads\/UAVDACH_Nationale-Regelungen_Cover.jpg?resize=405%2C593&amp;ssl=1 405w, https:\/\/i0.wp.com\/deltaimage.de\/wp\/wp-content\/uploads\/UAVDACH_Nationale-Regelungen_Cover.jpg?resize=307%2C450&amp;ssl=1 307w, https:\/\/i0.wp.com\/deltaimage.de\/wp\/wp-content\/uploads\/UAVDACH_Nationale-Regelungen_Cover.jpg?resize=273%2C400&amp;ssl=1 273w\" sizes=\"auto, (max-width: 545px) 100vw, 545px\" data-attachment-id=\"28788\" data-permalink=\"https:\/\/deltaimage.de\/wp\/?attachment_id=28788\" data-orig-file=\"https:\/\/i0.wp.com\/deltaimage.de\/wp\/wp-content\/uploads\/UAVDACH_Nationale-Regelungen_Cover.jpg?fit=545%2C798&amp;ssl=1\" data-orig-size=\"545,798\" data-comments-opened=\"0\" data-image-meta=\"{&quot;aperture&quot;:&quot;0&quot;,&quot;credit&quot;:&quot;Paul Eschbach&quot;,&quot;camera&quot;:&quot;&quot;,&quot;caption&quot;:&quot;&quot;,&quot;created_timestamp&quot;:&quot;1621451187&quot;,&quot;copyright&quot;:&quot;&quot;,&quot;focal_length&quot;:&quot;0&quot;,&quot;iso&quot;:&quot;0&quot;,&quot;shutter_speed&quot;:&quot;0&quot;,&quot;title&quot;:&quot;&quot;,&quot;orientation&quot;:&quot;0&quot;}\" data-image-title=\"UAVDACH_Nationale Regelungen_Cover\" data-image-description=\"\" data-image-caption=\"\" data-large-file=\"https:\/\/i0.wp.com\/deltaimage.de\/wp\/wp-content\/uploads\/UAVDACH_Nationale-Regelungen_Cover.jpg?fit=545%2C798&amp;ssl=1\" \/><\/a>\n\t\t\t\t\t\t<h2 class=\"portfolio-entry-title\"><a href=\"https:\/\/deltaimage.de\/wp\/?portfolio=nationale-regelungen-unbemannte-luftfahrt-in-deutschland\" title=\"Nationale Regelungen Unbemannte Luftfahrt in Deutschland\">Nationale Regelungen Unbemannte Luftfahrt in Deutschland<\/a><\/h2>\n\n\t\t\t\t\t\t\t<div class=\"portfolio-entry-meta\">\n\t\t\t\t\t\t\t\t\t\t\t\t\t\t<\/div>\n\n\t\t\t\t\t\t<\/header>\n\n\t\t\t\t\t\t\t\t\t\t<\/div><!-- close .portfolio-entry -->\n\t\t\t\t\t\t\t\t\t\t<div class=\"portfolio-entry portfolio-entry-column-3 type-buch type-lb-buch portfolio-entry-mobile-first-item-row portfolio-entry-first-item-row\">\n\t\t\t\t\t\t<header class=\"portfolio-entry-header\">\n\t\t\t\t\t\t<a class=\"portfolio-featured-image\" href=\"https:\/\/deltaimage.de\/wp\/?portfolio=kompendium-fuer-naturfotografen-luftaufnahmen-mit-drohnen\"><img loading=\"lazy\" decoding=\"async\" width=\"568\" height=\"809\" src=\"https:\/\/i0.wp.com\/deltaimage.de\/wp\/wp-content\/uploads\/UAVDACH_Naturfotografen_UAS-Regeln_20210720.jpg?fit=568%2C809&amp;ssl=1\" class=\"attachment-large size-large wp-post-image\" alt=\"\" srcset=\"https:\/\/i0.wp.com\/deltaimage.de\/wp\/wp-content\/uploads\/UAVDACH_Naturfotografen_UAS-Regeln_20210720.jpg?w=568&amp;ssl=1 568w, https:\/\/i0.wp.com\/deltaimage.de\/wp\/wp-content\/uploads\/UAVDACH_Naturfotografen_UAS-Regeln_20210720.jpg?resize=421%2C600&amp;ssl=1 421w, https:\/\/i0.wp.com\/deltaimage.de\/wp\/wp-content\/uploads\/UAVDACH_Naturfotografen_UAS-Regeln_20210720.jpg?resize=140%2C200&amp;ssl=1 140w, https:\/\/i0.wp.com\/deltaimage.de\/wp\/wp-content\/uploads\/UAVDACH_Naturfotografen_UAS-Regeln_20210720.jpg?resize=416%2C593&amp;ssl=1 416w, https:\/\/i0.wp.com\/deltaimage.de\/wp\/wp-content\/uploads\/UAVDACH_Naturfotografen_UAS-Regeln_20210720.jpg?resize=316%2C450&amp;ssl=1 316w, https:\/\/i0.wp.com\/deltaimage.de\/wp\/wp-content\/uploads\/UAVDACH_Naturfotografen_UAS-Regeln_20210720.jpg?resize=281%2C400&amp;ssl=1 281w\" sizes=\"auto, (max-width: 568px) 100vw, 568px\" data-attachment-id=\"29413\" data-permalink=\"https:\/\/deltaimage.de\/wp\/?attachment_id=29413#main\" data-orig-file=\"https:\/\/i0.wp.com\/deltaimage.de\/wp\/wp-content\/uploads\/UAVDACH_Naturfotografen_UAS-Regeln_20210720.jpg?fit=568%2C809&amp;ssl=1\" data-orig-size=\"568,809\" data-comments-opened=\"0\" data-image-meta=\"{&quot;aperture&quot;:&quot;0&quot;,&quot;credit&quot;:&quot;Paul Eschbach&quot;,&quot;camera&quot;:&quot;&quot;,&quot;caption&quot;:&quot;&quot;,&quot;created_timestamp&quot;:&quot;1626875512&quot;,&quot;copyright&quot;:&quot;&quot;,&quot;focal_length&quot;:&quot;0&quot;,&quot;iso&quot;:&quot;0&quot;,&quot;shutter_speed&quot;:&quot;0&quot;,&quot;title&quot;:&quot;&quot;,&quot;orientation&quot;:&quot;0&quot;}\" data-image-title=\"UAVDACH_Naturfotografen_UAS-Regeln_20210720\" data-image-description=\"\" data-image-caption=\"\" data-large-file=\"https:\/\/i0.wp.com\/deltaimage.de\/wp\/wp-content\/uploads\/UAVDACH_Naturfotografen_UAS-Regeln_20210720.jpg?fit=568%2C809&amp;ssl=1\" \/><\/a>\n\t\t\t\t\t\t<h2 class=\"portfolio-entry-title\"><a href=\"https:\/\/deltaimage.de\/wp\/?portfolio=kompendium-fuer-naturfotografen-luftaufnahmen-mit-drohnen\" title=\"Kompendium f\u00fcr Naturfotografen &#8211; Luftaufnahmen mit Drohnen\">Kompendium f\u00fcr Naturfotografen &#8211; Luftaufnahmen mit Drohnen<\/a><\/h2>\n\n\t\t\t\t\t\t\t<div class=\"portfolio-entry-meta\">\n\t\t\t\t\t\t\t\t\t\t\t\t\t\t<\/div>\n\n\t\t\t\t\t\t<\/header>\n\n\t\t\t\t\t\t\t\t\t\t<\/div><!-- close .portfolio-entry -->\n\t\t\t\t\t\t\t\t\t\t<div class=\"portfolio-entry portfolio-entry-column-3 type-buch portfolio-entry-mobile-last-item-row\">\n\t\t\t\t\t\t<header class=\"portfolio-entry-header\">\n\t\t\t\t\t\t<a class=\"portfolio-featured-image\" href=\"https:\/\/deltaimage.de\/wp\/?portfolio=lockheed-starfighter-f-104g-2153-im-deutschen-museum-flugwerft-schleissheim\"><img loading=\"lazy\" decoding=\"async\" width=\"843\" height=\"1121\" src=\"https:\/\/i0.wp.com\/deltaimage.de\/wp\/wp-content\/uploads\/F-104G-Thomas-Michel-Auflage-2.jpg?fit=843%2C1121&amp;ssl=1\" class=\"attachment-large size-large wp-post-image\" alt=\"\" srcset=\"https:\/\/i0.wp.com\/deltaimage.de\/wp\/wp-content\/uploads\/F-104G-Thomas-Michel-Auflage-2.jpg?w=843&amp;ssl=1 843w, https:\/\/i0.wp.com\/deltaimage.de\/wp\/wp-content\/uploads\/F-104G-Thomas-Michel-Auflage-2.jpg?resize=451%2C600&amp;ssl=1 451w, https:\/\/i0.wp.com\/deltaimage.de\/wp\/wp-content\/uploads\/F-104G-Thomas-Michel-Auflage-2.jpg?resize=150%2C200&amp;ssl=1 150w, https:\/\/i0.wp.com\/deltaimage.de\/wp\/wp-content\/uploads\/F-104G-Thomas-Michel-Auflage-2.jpg?resize=446%2C593&amp;ssl=1 446w, https:\/\/i0.wp.com\/deltaimage.de\/wp\/wp-content\/uploads\/F-104G-Thomas-Michel-Auflage-2.jpg?resize=338%2C450&amp;ssl=1 338w, https:\/\/i0.wp.com\/deltaimage.de\/wp\/wp-content\/uploads\/F-104G-Thomas-Michel-Auflage-2.jpg?resize=301%2C400&amp;ssl=1 301w\" sizes=\"auto, (max-width: 843px) 100vw, 843px\" data-attachment-id=\"33265\" data-permalink=\"https:\/\/deltaimage.de\/wp\/?attachment_id=33265#main\" data-orig-file=\"https:\/\/i0.wp.com\/deltaimage.de\/wp\/wp-content\/uploads\/F-104G-Thomas-Michel-Auflage-2.jpg?fit=843%2C1121&amp;ssl=1\" data-orig-size=\"843,1121\" data-comments-opened=\"0\" data-image-meta=\"{&quot;aperture&quot;:&quot;0&quot;,&quot;credit&quot;:&quot;Paul Eschbach&quot;,&quot;camera&quot;:&quot;&quot;,&quot;caption&quot;:&quot;&quot;,&quot;created_timestamp&quot;:&quot;1642935554&quot;,&quot;copyright&quot;:&quot;&quot;,&quot;focal_length&quot;:&quot;0&quot;,&quot;iso&quot;:&quot;0&quot;,&quot;shutter_speed&quot;:&quot;0&quot;,&quot;title&quot;:&quot;&quot;,&quot;orientation&quot;:&quot;1&quot;}\" data-image-title=\"F-104G Thomas Michel Auflage 2\" data-image-description=\"\" data-image-caption=\"\" data-large-file=\"https:\/\/i0.wp.com\/deltaimage.de\/wp\/wp-content\/uploads\/F-104G-Thomas-Michel-Auflage-2.jpg?fit=843%2C1121&amp;ssl=1\" \/><\/a>\n\t\t\t\t\t\t<h2 class=\"portfolio-entry-title\"><a href=\"https:\/\/deltaimage.de\/wp\/?portfolio=lockheed-starfighter-f-104g-2153-im-deutschen-museum-flugwerft-schleissheim\" title=\"Lockheed \u201eStarfighter\u201c F-104G (21+53) im Deutschen Museum Flugwerft Schlei\u00dfheim\">Lockheed \u201eStarfighter\u201c F-104G (21+53) im Deutschen Museum Flugwerft Schlei\u00dfheim<\/a><\/h2>\n\n\t\t\t\t\t\t\t<div class=\"portfolio-entry-meta\">\n\t\t\t\t\t\t\t\t\t\t\t\t\t\t<\/div>\n\n\t\t\t\t\t\t<\/header>\n\n\t\t\t\t\t\t\t\t\t\t<\/div><!-- close .portfolio-entry -->\n\t\t\t\t\t\t\t\t\t\t<div class=\"portfolio-entry portfolio-entry-column-3 type-buch portfolio-entry-mobile-first-item-row portfolio-entry-last-item-row\">\n\t\t\t\t\t\t<header class=\"portfolio-entry-header\">\n\t\t\t\t\t\t<a class=\"portfolio-featured-image\" href=\"https:\/\/deltaimage.de\/wp\/?portfolio=paul-eschbach-schleissheim-der-aelteste-flugplatz-in-bayern-teil-1-nord-route-ost-route\"><img loading=\"lazy\" decoding=\"async\" width=\"200\" height=\"295\" src=\"https:\/\/i0.wp.com\/deltaimage.de\/wp\/wp-content\/uploads\/CEGravenreuth-Junkelmann.jpg?fit=200%2C295&amp;ssl=1\" class=\"attachment-large size-large wp-post-image\" alt=\"\" srcset=\"https:\/\/i0.wp.com\/deltaimage.de\/wp\/wp-content\/uploads\/CEGravenreuth-Junkelmann.jpg?w=200&amp;ssl=1 200w, https:\/\/i0.wp.com\/deltaimage.de\/wp\/wp-content\/uploads\/CEGravenreuth-Junkelmann.jpg?resize=136%2C200&amp;ssl=1 136w\" sizes=\"auto, (max-width: 200px) 100vw, 200px\" data-attachment-id=\"33271\" data-permalink=\"https:\/\/deltaimage.de\/wp\/?attachment_id=33271#main\" data-orig-file=\"https:\/\/i0.wp.com\/deltaimage.de\/wp\/wp-content\/uploads\/CEGravenreuth-Junkelmann.jpg?fit=200%2C295&amp;ssl=1\" data-orig-size=\"200,295\" data-comments-opened=\"0\" data-image-meta=\"{&quot;aperture&quot;:&quot;0&quot;,&quot;credit&quot;:&quot;&quot;,&quot;camera&quot;:&quot;&quot;,&quot;caption&quot;:&quot;&quot;,&quot;created_timestamp&quot;:&quot;0&quot;,&quot;copyright&quot;:&quot;&quot;,&quot;focal_length&quot;:&quot;0&quot;,&quot;iso&quot;:&quot;0&quot;,&quot;shutter_speed&quot;:&quot;0&quot;,&quot;title&quot;:&quot;&quot;,&quot;orientation&quot;:&quot;1&quot;}\" data-image-title=\"CEGravenreuth-Junkelmann\" data-image-description=\"\" data-image-caption=\"\" data-large-file=\"https:\/\/i0.wp.com\/deltaimage.de\/wp\/wp-content\/uploads\/CEGravenreuth-Junkelmann.jpg?fit=200%2C295&amp;ssl=1\" \/><\/a>\n\t\t\t\t\t\t<h2 class=\"portfolio-entry-title\"><a href=\"https:\/\/deltaimage.de\/wp\/?portfolio=paul-eschbach-schleissheim-der-aelteste-flugplatz-in-bayern-teil-1-nord-route-ost-route\" title=\"Carl Ernst von Gravenreuth \u2013 Eine Karriere zwischen Napoleon und Montgelas\">Carl Ernst von Gravenreuth \u2013 Eine Karriere zwischen Napoleon und Montgelas<\/a><\/h2>\n\n\t\t\t\t\t\t\t<div class=\"portfolio-entry-meta\">\n\t\t\t\t\t\t\t\t\t\t\t\t\t\t<\/div>\n\n\t\t\t\t\t\t<\/header>\n\n\t\t\t\t\t\t\t\t\t\t<\/div><!-- close .portfolio-entry -->\n\t\t\t\t\t\t\t\t\t\t<div class=\"portfolio-entry portfolio-entry-column-3 type-buch type-lb-buch portfolio-entry-mobile-last-item-row portfolio-entry-first-item-row\">\n\t\t\t\t\t\t<header class=\"portfolio-entry-header\">\n\t\t\t\t\t\t<a class=\"portfolio-featured-image\" href=\"https:\/\/deltaimage.de\/wp\/?portfolio=flugwerft-schleissheim-gebundene-ausgabe-110-jahre-luftfahrtgeschichte-30-jahre-deutsches-museum\"><img loading=\"lazy\" decoding=\"async\" width=\"822\" height=\"825\" src=\"https:\/\/i0.wp.com\/deltaimage.de\/wp\/wp-content\/uploads\/Flugwerft-Schleissheim.jpg?fit=822%2C825&amp;ssl=1\" class=\"attachment-large size-large wp-post-image\" alt=\"\" srcset=\"https:\/\/i0.wp.com\/deltaimage.de\/wp\/wp-content\/uploads\/Flugwerft-Schleissheim.jpg?w=822&amp;ssl=1 822w, https:\/\/i0.wp.com\/deltaimage.de\/wp\/wp-content\/uploads\/Flugwerft-Schleissheim.jpg?resize=598%2C600&amp;ssl=1 598w, https:\/\/i0.wp.com\/deltaimage.de\/wp\/wp-content\/uploads\/Flugwerft-Schleissheim.jpg?resize=199%2C200&amp;ssl=1 199w, https:\/\/i0.wp.com\/deltaimage.de\/wp\/wp-content\/uploads\/Flugwerft-Schleissheim.jpg?resize=591%2C593&amp;ssl=1 591w, https:\/\/i0.wp.com\/deltaimage.de\/wp\/wp-content\/uploads\/Flugwerft-Schleissheim.jpg?resize=448%2C450&amp;ssl=1 448w, https:\/\/i0.wp.com\/deltaimage.de\/wp\/wp-content\/uploads\/Flugwerft-Schleissheim.jpg?resize=75%2C75&amp;ssl=1 75w, https:\/\/i0.wp.com\/deltaimage.de\/wp\/wp-content\/uploads\/Flugwerft-Schleissheim.jpg?resize=399%2C400&amp;ssl=1 399w, https:\/\/i0.wp.com\/deltaimage.de\/wp\/wp-content\/uploads\/Flugwerft-Schleissheim.jpg?resize=50%2C50&amp;ssl=1 50w\" sizes=\"auto, (max-width: 822px) 100vw, 822px\" data-attachment-id=\"36189\" data-permalink=\"https:\/\/deltaimage.de\/wp\/?attachment_id=36189#main\" data-orig-file=\"https:\/\/i0.wp.com\/deltaimage.de\/wp\/wp-content\/uploads\/Flugwerft-Schleissheim.jpg?fit=822%2C825&amp;ssl=1\" data-orig-size=\"822,825\" data-comments-opened=\"0\" data-image-meta=\"{&quot;aperture&quot;:&quot;0&quot;,&quot;credit&quot;:&quot;Paul Eschbach&quot;,&quot;camera&quot;:&quot;&quot;,&quot;caption&quot;:&quot;&quot;,&quot;created_timestamp&quot;:&quot;1658772281&quot;,&quot;copyright&quot;:&quot;&quot;,&quot;focal_length&quot;:&quot;0&quot;,&quot;iso&quot;:&quot;0&quot;,&quot;shutter_speed&quot;:&quot;0&quot;,&quot;title&quot;:&quot;&quot;,&quot;orientation&quot;:&quot;0&quot;}\" data-image-title=\"Flugwerft Schlei\u00dfheim\" data-image-description=\"\" data-image-caption=\"\" data-large-file=\"https:\/\/i0.wp.com\/deltaimage.de\/wp\/wp-content\/uploads\/Flugwerft-Schleissheim.jpg?fit=822%2C825&amp;ssl=1\" \/><\/a>\n\t\t\t\t\t\t<h2 class=\"portfolio-entry-title\"><a href=\"https:\/\/deltaimage.de\/wp\/?portfolio=flugwerft-schleissheim-gebundene-ausgabe-110-jahre-luftfahrtgeschichte-30-jahre-deutsches-museum\" title=\"FLUGWERFT Schleissheim (gebundene Ausgabe) &#8211; 110 Jahre Luftfahrtgeschichte &#8211; 30 Jahre Deutsches Museum\">FLUGWERFT Schleissheim (gebundene Ausgabe) &#8211; 110 Jahre Luftfahrtgeschichte &#8211; 30 Jahre Deutsches Museum<\/a><\/h2>\n\n\t\t\t\t\t\t\t<div class=\"portfolio-entry-meta\">\n\t\t\t\t\t\t\t\t\t\t\t\t\t\t<\/div>\n\n\t\t\t\t\t\t<\/header>\n\n\t\t\t\t\t\t\t\t\t\t<\/div><!-- close .portfolio-entry -->\n\t\t\t\t\t\t\t\t\t\t<div class=\"portfolio-entry portfolio-entry-column-3 type-buch portfolio-entry-mobile-first-item-row\">\n\t\t\t\t\t\t<header class=\"portfolio-entry-header\">\n\t\t\t\t\t\t<a class=\"portfolio-featured-image\" href=\"https:\/\/deltaimage.de\/wp\/?portfolio=begleitbuch-zum-elearning-kurs-grundlagen-der-fotografie\"><img loading=\"lazy\" decoding=\"async\" width=\"335\" height=\"463\" src=\"https:\/\/i0.wp.com\/deltaimage.de\/wp\/wp-content\/uploads\/Buch_Grundlagen_eLearning_Cover2.jpg?fit=335%2C463&amp;ssl=1\" class=\"attachment-large size-large wp-post-image\" alt=\"\" srcset=\"https:\/\/i0.wp.com\/deltaimage.de\/wp\/wp-content\/uploads\/Buch_Grundlagen_eLearning_Cover2.jpg?w=335&amp;ssl=1 335w, https:\/\/i0.wp.com\/deltaimage.de\/wp\/wp-content\/uploads\/Buch_Grundlagen_eLearning_Cover2.jpg?resize=145%2C200&amp;ssl=1 145w, https:\/\/i0.wp.com\/deltaimage.de\/wp\/wp-content\/uploads\/Buch_Grundlagen_eLearning_Cover2.jpg?resize=326%2C450&amp;ssl=1 326w, https:\/\/i0.wp.com\/deltaimage.de\/wp\/wp-content\/uploads\/Buch_Grundlagen_eLearning_Cover2.jpg?resize=289%2C400&amp;ssl=1 289w\" sizes=\"auto, (max-width: 335px) 100vw, 335px\" data-attachment-id=\"38237\" data-permalink=\"https:\/\/deltaimage.de\/wp\/?attachment_id=38237#main\" data-orig-file=\"https:\/\/i0.wp.com\/deltaimage.de\/wp\/wp-content\/uploads\/Buch_Grundlagen_eLearning_Cover2.jpg?fit=335%2C463&amp;ssl=1\" data-orig-size=\"335,463\" data-comments-opened=\"0\" data-image-meta=\"{&quot;aperture&quot;:&quot;0&quot;,&quot;credit&quot;:&quot;&quot;,&quot;camera&quot;:&quot;&quot;,&quot;caption&quot;:&quot;&quot;,&quot;created_timestamp&quot;:&quot;0&quot;,&quot;copyright&quot;:&quot;&quot;,&quot;focal_length&quot;:&quot;0&quot;,&quot;iso&quot;:&quot;0&quot;,&quot;shutter_speed&quot;:&quot;0&quot;,&quot;title&quot;:&quot;&quot;,&quot;orientation&quot;:&quot;1&quot;}\" data-image-title=\"Buch_Grundlagen_eLearning_Cover2\" data-image-description=\"\" data-image-caption=\"\" data-large-file=\"https:\/\/i0.wp.com\/deltaimage.de\/wp\/wp-content\/uploads\/Buch_Grundlagen_eLearning_Cover2.jpg?fit=335%2C463&amp;ssl=1\" \/><\/a>\n\t\t\t\t\t\t<h2 class=\"portfolio-entry-title\"><a href=\"https:\/\/deltaimage.de\/wp\/?portfolio=begleitbuch-zum-elearning-kurs-grundlagen-der-fotografie\" title=\"Begleitbuch zum eLearning-Kurs &#8222;Grundlagen der Fotografie&#8220;\">Begleitbuch zum eLearning-Kurs &#8222;Grundlagen der Fotografie&#8220;<\/a><\/h2>\n\n\t\t\t\t\t\t\t<div class=\"portfolio-entry-meta\">\n\t\t\t\t\t\t\t\t\t\t\t\t\t\t<\/div>\n\n\t\t\t\t\t\t<\/header>\n\n\t\t\t\t\t\t\t\t\t\t<\/div><!-- close .portfolio-entry -->\n\t\t\t\t\t\t\t\t\t\t<div class=\"portfolio-entry portfolio-entry-column-3 type-buch portfolio-entry-mobile-last-item-row portfolio-entry-last-item-row\">\n\t\t\t\t\t\t<header class=\"portfolio-entry-header\">\n\t\t\t\t\t\t<a class=\"portfolio-featured-image\" href=\"https:\/\/deltaimage.de\/wp\/?portfolio=begleitbuch-zum-elearning-kurs-fortgeschrittene-fotografie\"><img loading=\"lazy\" decoding=\"async\" width=\"650\" height=\"890\" src=\"https:\/\/i0.wp.com\/deltaimage.de\/wp\/wp-content\/uploads\/IMG_8223_900.jpg?fit=650%2C890&amp;ssl=1\" class=\"attachment-large size-large wp-post-image\" alt=\"\" srcset=\"https:\/\/i0.wp.com\/deltaimage.de\/wp\/wp-content\/uploads\/IMG_8223_900.jpg?w=650&amp;ssl=1 650w, https:\/\/i0.wp.com\/deltaimage.de\/wp\/wp-content\/uploads\/IMG_8223_900.jpg?resize=438%2C600&amp;ssl=1 438w, https:\/\/i0.wp.com\/deltaimage.de\/wp\/wp-content\/uploads\/IMG_8223_900.jpg?resize=146%2C200&amp;ssl=1 146w, https:\/\/i0.wp.com\/deltaimage.de\/wp\/wp-content\/uploads\/IMG_8223_900.jpg?resize=433%2C593&amp;ssl=1 433w, https:\/\/i0.wp.com\/deltaimage.de\/wp\/wp-content\/uploads\/IMG_8223_900.jpg?resize=329%2C450&amp;ssl=1 329w, https:\/\/i0.wp.com\/deltaimage.de\/wp\/wp-content\/uploads\/IMG_8223_900.jpg?resize=292%2C400&amp;ssl=1 292w\" sizes=\"auto, (max-width: 650px) 100vw, 650px\" data-attachment-id=\"39821\" data-permalink=\"https:\/\/deltaimage.de\/wp\/?attachment_id=39821#main\" data-orig-file=\"https:\/\/i0.wp.com\/deltaimage.de\/wp\/wp-content\/uploads\/IMG_8223_900.jpg?fit=650%2C890&amp;ssl=1\" data-orig-size=\"650,890\" data-comments-opened=\"0\" data-image-meta=\"{&quot;aperture&quot;:&quot;6.3&quot;,&quot;credit&quot;:&quot;PAUL ESCHBACH&quot;,&quot;camera&quot;:&quot;Canon EOS Kiss X6i&quot;,&quot;caption&quot;:&quot;&quot;,&quot;created_timestamp&quot;:&quot;1682361500&quot;,&quot;copyright&quot;:&quot;(C) DELTA IMAGE&quot;,&quot;focal_length&quot;:&quot;60&quot;,&quot;iso&quot;:&quot;100&quot;,&quot;shutter_speed&quot;:&quot;0.00625&quot;,&quot;title&quot;:&quot;&quot;,&quot;orientation&quot;:&quot;0&quot;}\" data-image-title=\"IMG_8223_900\" data-image-description=\"\" data-image-caption=\"\" data-large-file=\"https:\/\/i0.wp.com\/deltaimage.de\/wp\/wp-content\/uploads\/IMG_8223_900.jpg?fit=650%2C890&amp;ssl=1\" \/><\/a>\n\t\t\t\t\t\t<h2 class=\"portfolio-entry-title\"><a href=\"https:\/\/deltaimage.de\/wp\/?portfolio=begleitbuch-zum-elearning-kurs-fortgeschrittene-fotografie\" title=\"Begleitbuch zum eLearning-Kurs \u201eFortgeschrittene Fotografie\u201c\">Begleitbuch zum eLearning-Kurs \u201eFortgeschrittene Fotografie\u201c<\/a><\/h2>\n\n\t\t\t\t\t\t\t<div class=\"portfolio-entry-meta\">\n\t\t\t\t\t\t\t\t\t\t\t\t\t\t<\/div>\n\n\t\t\t\t\t\t<\/header>\n\n\t\t\t\t\t\t\t\t\t\t<\/div><!-- close .portfolio-entry -->\n\t\t\t\t\t\t\t\t\t\t<div class=\"portfolio-entry portfolio-entry-column-3 type-buch type-lb-buch portfolio-entry-mobile-first-item-row portfolio-entry-first-item-row\">\n\t\t\t\t\t\t<header class=\"portfolio-entry-header\">\n\t\t\t\t\t\t<a class=\"portfolio-featured-image\" href=\"https:\/\/deltaimage.de\/wp\/?portfolio=foto-bildband-maisacher-moos-von-paul-eschbach\"><img loading=\"lazy\" decoding=\"async\" width=\"890\" height=\"613\" src=\"https:\/\/i0.wp.com\/deltaimage.de\/wp\/wp-content\/uploads\/Dachauer-Moos-Maisacher-Moos_1200.jpg?fit=890%2C613&amp;ssl=1\" class=\"attachment-large size-large wp-post-image\" alt=\"\" srcset=\"https:\/\/i0.wp.com\/deltaimage.de\/wp\/wp-content\/uploads\/Dachauer-Moos-Maisacher-Moos_1200.jpg?w=1200&amp;ssl=1 1200w, https:\/\/i0.wp.com\/deltaimage.de\/wp\/wp-content\/uploads\/Dachauer-Moos-Maisacher-Moos_1200.jpg?resize=872%2C600&amp;ssl=1 872w, https:\/\/i0.wp.com\/deltaimage.de\/wp\/wp-content\/uploads\/Dachauer-Moos-Maisacher-Moos_1200.jpg?resize=291%2C200&amp;ssl=1 291w, https:\/\/i0.wp.com\/deltaimage.de\/wp\/wp-content\/uploads\/Dachauer-Moos-Maisacher-Moos_1200.jpg?resize=581%2C400&amp;ssl=1 581w\" sizes=\"auto, (max-width: 890px) 100vw, 890px\" data-attachment-id=\"43783\" data-permalink=\"https:\/\/deltaimage.de\/wp\/?attachment_id=43783#main\" data-orig-file=\"https:\/\/i0.wp.com\/deltaimage.de\/wp\/wp-content\/uploads\/Dachauer-Moos-Maisacher-Moos_1200.jpg?fit=1200%2C826&amp;ssl=1\" data-orig-size=\"1200,826\" data-comments-opened=\"1\" data-image-meta=\"{&quot;aperture&quot;:&quot;0&quot;,&quot;credit&quot;:&quot;Paul Eschbach&quot;,&quot;camera&quot;:&quot;&quot;,&quot;caption&quot;:&quot;&quot;,&quot;created_timestamp&quot;:&quot;1719346127&quot;,&quot;copyright&quot;:&quot;&quot;,&quot;focal_length&quot;:&quot;0&quot;,&quot;iso&quot;:&quot;0&quot;,&quot;shutter_speed&quot;:&quot;0&quot;,&quot;title&quot;:&quot;&quot;,&quot;orientation&quot;:&quot;1&quot;}\" data-image-title=\"Dachauer Moos &#8211; Maisacher Moos_1200\" data-image-description=\"\" data-image-caption=\"&lt;p&gt;Dachauer Moos: Palsweiser Moos &#038; Fu\u00dfbergmoos&lt;\/p&gt;\n\" data-large-file=\"https:\/\/i0.wp.com\/deltaimage.de\/wp\/wp-content\/uploads\/Dachauer-Moos-Maisacher-Moos_1200.jpg?fit=890%2C613&amp;ssl=1\" \/><\/a>\n\t\t\t\t\t\t<h2 class=\"portfolio-entry-title\"><a href=\"https:\/\/deltaimage.de\/wp\/?portfolio=foto-bildband-maisacher-moos-von-paul-eschbach\" title=\"Foto-Bildband: Maisacher Moos von Paul Eschbach\">Foto-Bildband: Maisacher Moos von Paul Eschbach<\/a><\/h2>\n\n\t\t\t\t\t\t\t<div class=\"portfolio-entry-meta\">\n\t\t\t\t\t\t\t\t\t\t\t\t\t\t<\/div>\n\n\t\t\t\t\t\t<\/header>\n\n\t\t\t\t\t\t\t\t\t\t<\/div><!-- close .portfolio-entry -->\n\t\t\t\t\t\t\t\t\t\t<div class=\"portfolio-entry portfolio-entry-column-3 type-buch type-lb-buch portfolio-entry-mobile-last-item-row\">\n\t\t\t\t\t\t<header class=\"portfolio-entry-header\">\n\t\t\t\t\t\t<a class=\"portfolio-featured-image\" href=\"https:\/\/deltaimage.de\/wp\/?portfolio=edition-kompakt-maisacher-moos-von-paul-eschbach\"><img loading=\"lazy\" decoding=\"async\" width=\"689\" height=\"911\" src=\"https:\/\/i0.wp.com\/deltaimage.de\/wp\/wp-content\/uploads\/Dachauer-Moos-Maisacher-Moos_Klein_600.jpg?fit=689%2C911&amp;ssl=1\" class=\"attachment-large size-large wp-post-image\" alt=\"\" srcset=\"https:\/\/i0.wp.com\/deltaimage.de\/wp\/wp-content\/uploads\/Dachauer-Moos-Maisacher-Moos_Klein_600.jpg?w=689&amp;ssl=1 689w, https:\/\/i0.wp.com\/deltaimage.de\/wp\/wp-content\/uploads\/Dachauer-Moos-Maisacher-Moos_Klein_600.jpg?resize=454%2C600&amp;ssl=1 454w, https:\/\/i0.wp.com\/deltaimage.de\/wp\/wp-content\/uploads\/Dachauer-Moos-Maisacher-Moos_Klein_600.jpg?resize=151%2C200&amp;ssl=1 151w, https:\/\/i0.wp.com\/deltaimage.de\/wp\/wp-content\/uploads\/Dachauer-Moos-Maisacher-Moos_Klein_600.jpg?resize=303%2C400&amp;ssl=1 303w\" sizes=\"auto, (max-width: 689px) 100vw, 689px\" data-attachment-id=\"43782\" data-permalink=\"https:\/\/deltaimage.de\/wp\/?attachment_id=43782#main\" data-orig-file=\"https:\/\/i0.wp.com\/deltaimage.de\/wp\/wp-content\/uploads\/Dachauer-Moos-Maisacher-Moos_Klein_600.jpg?fit=689%2C911&amp;ssl=1\" data-orig-size=\"689,911\" data-comments-opened=\"1\" data-image-meta=\"{&quot;aperture&quot;:&quot;0&quot;,&quot;credit&quot;:&quot;Paul Eschbach&quot;,&quot;camera&quot;:&quot;&quot;,&quot;caption&quot;:&quot;&quot;,&quot;created_timestamp&quot;:&quot;1721850041&quot;,&quot;copyright&quot;:&quot;&quot;,&quot;focal_length&quot;:&quot;0&quot;,&quot;iso&quot;:&quot;0&quot;,&quot;shutter_speed&quot;:&quot;0&quot;,&quot;title&quot;:&quot;&quot;,&quot;orientation&quot;:&quot;0&quot;}\" data-image-title=\"Dachauer Moos &#8211; Maisacher Moos_Klein_600\" data-image-description=\"\" data-image-caption=\"\" data-large-file=\"https:\/\/i0.wp.com\/deltaimage.de\/wp\/wp-content\/uploads\/Dachauer-Moos-Maisacher-Moos_Klein_600.jpg?fit=689%2C911&amp;ssl=1\" \/><\/a>\n\t\t\t\t\t\t<h2 class=\"portfolio-entry-title\"><a href=\"https:\/\/deltaimage.de\/wp\/?portfolio=edition-kompakt-maisacher-moos-von-paul-eschbach\" title=\"EDITION-Kompakt: Maisacher Moos von Paul Eschbach\">EDITION-Kompakt: Maisacher Moos von Paul Eschbach<\/a><\/h2>\n\n\t\t\t\t\t\t\t<div class=\"portfolio-entry-meta\">\n\t\t\t\t\t\t\t\t\t\t\t\t\t\t<\/div>\n\n\t\t\t\t\t\t<\/header>\n\n\t\t\t\t\t\t\t\t\t\t<\/div><!-- close .portfolio-entry -->\n\t\t\t\t\t\t\t\t\t\t<div class=\"portfolio-entry portfolio-entry-column-3 type-buch portfolio-entry-mobile-first-item-row portfolio-entry-last-item-row\">\n\t\t\t\t\t\t<header class=\"portfolio-entry-header\">\n\t\t\t\t\t\t<a class=\"portfolio-featured-image\" href=\"https:\/\/deltaimage.de\/wp\/?portfolio=dr-junkelmann-soldaten-des-dreissigjaehrigen-krieges-der-pikenier-band-1\"><img loading=\"lazy\" decoding=\"async\" width=\"629\" height=\"905\" src=\"https:\/\/i0.wp.com\/deltaimage.de\/wp\/wp-content\/uploads\/Soldaten-Pikenier-1.jpg?fit=629%2C905&amp;ssl=1\" class=\"attachment-large size-large wp-post-image\" alt=\"\" srcset=\"https:\/\/i0.wp.com\/deltaimage.de\/wp\/wp-content\/uploads\/Soldaten-Pikenier-1.jpg?w=629&amp;ssl=1 629w, https:\/\/i0.wp.com\/deltaimage.de\/wp\/wp-content\/uploads\/Soldaten-Pikenier-1.jpg?resize=417%2C600&amp;ssl=1 417w, https:\/\/i0.wp.com\/deltaimage.de\/wp\/wp-content\/uploads\/Soldaten-Pikenier-1.jpg?resize=139%2C200&amp;ssl=1 139w, https:\/\/i0.wp.com\/deltaimage.de\/wp\/wp-content\/uploads\/Soldaten-Pikenier-1.jpg?resize=278%2C400&amp;ssl=1 278w\" sizes=\"auto, (max-width: 629px) 100vw, 629px\" data-attachment-id=\"45387\" data-permalink=\"https:\/\/deltaimage.de\/wp\/?attachment_id=45387#main\" data-orig-file=\"https:\/\/i0.wp.com\/deltaimage.de\/wp\/wp-content\/uploads\/Soldaten-Pikenier-1.jpg?fit=629%2C905&amp;ssl=1\" data-orig-size=\"629,905\" data-comments-opened=\"1\" data-image-meta=\"{&quot;aperture&quot;:&quot;0&quot;,&quot;credit&quot;:&quot;Paul Eschbach&quot;,&quot;camera&quot;:&quot;&quot;,&quot;caption&quot;:&quot;&quot;,&quot;created_timestamp&quot;:&quot;1701957876&quot;,&quot;copyright&quot;:&quot;&quot;,&quot;focal_length&quot;:&quot;0&quot;,&quot;iso&quot;:&quot;0&quot;,&quot;shutter_speed&quot;:&quot;0&quot;,&quot;title&quot;:&quot;&quot;,&quot;orientation&quot;:&quot;0&quot;}\" data-image-title=\"Soldaten-Pikenier\" data-image-description=\"\" data-image-caption=\"\" data-large-file=\"https:\/\/i0.wp.com\/deltaimage.de\/wp\/wp-content\/uploads\/Soldaten-Pikenier-1.jpg?fit=629%2C905&amp;ssl=1\" \/><\/a>\n\t\t\t\t\t\t<h2 class=\"portfolio-entry-title\"><a href=\"https:\/\/deltaimage.de\/wp\/?portfolio=dr-junkelmann-soldaten-des-dreissigjaehrigen-krieges-der-pikenier-band-1\" title=\"Dr. Junkelmann: Soldaten des Dreissigj\u00e4hrigen Krieges \u2013 Der Pikenier \u2013 Band 1\">Dr. Junkelmann: Soldaten des Dreissigj\u00e4hrigen Krieges \u2013 Der Pikenier \u2013 Band 1<\/a><\/h2>\n\n\t\t\t\t\t\t\t<div class=\"portfolio-entry-meta\">\n\t\t\t\t\t\t\t\t\t\t\t\t\t\t<\/div>\n\n\t\t\t\t\t\t<\/header>\n\n\t\t\t\t\t\t\t\t\t\t<\/div><!-- close .portfolio-entry -->\n\t\t\t\t\t\t\t\t\t\t<div class=\"portfolio-entry portfolio-entry-column-3 type-buch portfolio-entry-mobile-last-item-row portfolio-entry-first-item-row\">\n\t\t\t\t\t\t<header class=\"portfolio-entry-header\">\n\t\t\t\t\t\t<a class=\"portfolio-featured-image\" href=\"https:\/\/deltaimage.de\/wp\/?portfolio=dr-junkelmann-soldaten-des-dreissigjaehrigen-krieges-der-musketier-band-2\"><img loading=\"lazy\" decoding=\"async\" width=\"629\" height=\"899\" src=\"https:\/\/i0.wp.com\/deltaimage.de\/wp\/wp-content\/uploads\/Soldaten-Musketier-1.jpg?fit=629%2C899&amp;ssl=1\" class=\"attachment-large size-large wp-post-image\" alt=\"\" srcset=\"https:\/\/i0.wp.com\/deltaimage.de\/wp\/wp-content\/uploads\/Soldaten-Musketier-1.jpg?w=629&amp;ssl=1 629w, https:\/\/i0.wp.com\/deltaimage.de\/wp\/wp-content\/uploads\/Soldaten-Musketier-1.jpg?resize=420%2C600&amp;ssl=1 420w, https:\/\/i0.wp.com\/deltaimage.de\/wp\/wp-content\/uploads\/Soldaten-Musketier-1.jpg?resize=140%2C200&amp;ssl=1 140w, https:\/\/i0.wp.com\/deltaimage.de\/wp\/wp-content\/uploads\/Soldaten-Musketier-1.jpg?resize=280%2C400&amp;ssl=1 280w\" sizes=\"auto, (max-width: 629px) 100vw, 629px\" data-attachment-id=\"45386\" data-permalink=\"https:\/\/deltaimage.de\/wp\/?attachment_id=45386#main\" data-orig-file=\"https:\/\/i0.wp.com\/deltaimage.de\/wp\/wp-content\/uploads\/Soldaten-Musketier-1.jpg?fit=629%2C899&amp;ssl=1\" data-orig-size=\"629,899\" data-comments-opened=\"1\" data-image-meta=\"{&quot;aperture&quot;:&quot;0&quot;,&quot;credit&quot;:&quot;Paul Eschbach&quot;,&quot;camera&quot;:&quot;&quot;,&quot;caption&quot;:&quot;&quot;,&quot;created_timestamp&quot;:&quot;1701959297&quot;,&quot;copyright&quot;:&quot;&quot;,&quot;focal_length&quot;:&quot;0&quot;,&quot;iso&quot;:&quot;0&quot;,&quot;shutter_speed&quot;:&quot;0&quot;,&quot;title&quot;:&quot;&quot;,&quot;orientation&quot;:&quot;0&quot;}\" data-image-title=\"Soldaten-Musketier\" data-image-description=\"\" data-image-caption=\"\" data-large-file=\"https:\/\/i0.wp.com\/deltaimage.de\/wp\/wp-content\/uploads\/Soldaten-Musketier-1.jpg?fit=629%2C899&amp;ssl=1\" \/><\/a>\n\t\t\t\t\t\t<h2 class=\"portfolio-entry-title\"><a href=\"https:\/\/deltaimage.de\/wp\/?portfolio=dr-junkelmann-soldaten-des-dreissigjaehrigen-krieges-der-musketier-band-2\" title=\"Dr. Junkelmann: Soldaten des Dreissigj\u00e4hrigen Krieges \u2013 Der Musketier \u2013 Band 2\">Dr. Junkelmann: Soldaten des Dreissigj\u00e4hrigen Krieges \u2013 Der Musketier \u2013 Band 2<\/a><\/h2>\n\n\t\t\t\t\t\t\t<div class=\"portfolio-entry-meta\">\n\t\t\t\t\t\t\t\t\t\t\t\t\t\t<\/div>\n\n\t\t\t\t\t\t<\/header>\n\n\t\t\t\t\t\t\t\t\t\t<\/div><!-- close .portfolio-entry -->\n\t\t\t\t\t\t\t\t\t\t<div class=\"portfolio-entry portfolio-entry-column-3 type-buch portfolio-entry-mobile-first-item-row\">\n\t\t\t\t\t\t<header class=\"portfolio-entry-header\">\n\t\t\t\t\t\t<a class=\"portfolio-featured-image\" href=\"https:\/\/deltaimage.de\/wp\/?portfolio=dr-junkelmann-soldaten-des-dreissigjaehrigen-krieges-der-kuerassier-band-3\"><img loading=\"lazy\" decoding=\"async\" width=\"578\" height=\"822\" src=\"https:\/\/i0.wp.com\/deltaimage.de\/wp\/wp-content\/uploads\/Soldaten-Kuerassier-1.jpg?fit=578%2C822&amp;ssl=1\" class=\"attachment-large size-large wp-post-image\" alt=\"\" srcset=\"https:\/\/i0.wp.com\/deltaimage.de\/wp\/wp-content\/uploads\/Soldaten-Kuerassier-1.jpg?w=578&amp;ssl=1 578w, https:\/\/i0.wp.com\/deltaimage.de\/wp\/wp-content\/uploads\/Soldaten-Kuerassier-1.jpg?resize=422%2C600&amp;ssl=1 422w, https:\/\/i0.wp.com\/deltaimage.de\/wp\/wp-content\/uploads\/Soldaten-Kuerassier-1.jpg?resize=141%2C200&amp;ssl=1 141w, https:\/\/i0.wp.com\/deltaimage.de\/wp\/wp-content\/uploads\/Soldaten-Kuerassier-1.jpg?resize=281%2C400&amp;ssl=1 281w\" sizes=\"auto, (max-width: 578px) 100vw, 578px\" data-attachment-id=\"45385\" data-permalink=\"https:\/\/deltaimage.de\/wp\/?attachment_id=45385#main\" data-orig-file=\"https:\/\/i0.wp.com\/deltaimage.de\/wp\/wp-content\/uploads\/Soldaten-Kuerassier-1.jpg?fit=578%2C822&amp;ssl=1\" data-orig-size=\"578,822\" data-comments-opened=\"1\" data-image-meta=\"{&quot;aperture&quot;:&quot;0&quot;,&quot;credit&quot;:&quot;Paul Eschbach&quot;,&quot;camera&quot;:&quot;&quot;,&quot;caption&quot;:&quot;&quot;,&quot;created_timestamp&quot;:&quot;1701959532&quot;,&quot;copyright&quot;:&quot;&quot;,&quot;focal_length&quot;:&quot;0&quot;,&quot;iso&quot;:&quot;0&quot;,&quot;shutter_speed&quot;:&quot;0&quot;,&quot;title&quot;:&quot;&quot;,&quot;orientation&quot;:&quot;0&quot;}\" data-image-title=\"Soldaten-K\u00fcrassier\" data-image-description=\"\" data-image-caption=\"\" data-large-file=\"https:\/\/i0.wp.com\/deltaimage.de\/wp\/wp-content\/uploads\/Soldaten-Kuerassier-1.jpg?fit=578%2C822&amp;ssl=1\" \/><\/a>\n\t\t\t\t\t\t<h2 class=\"portfolio-entry-title\"><a href=\"https:\/\/deltaimage.de\/wp\/?portfolio=dr-junkelmann-soldaten-des-dreissigjaehrigen-krieges-der-kuerassier-band-3\" title=\"Dr. Junkelmann: Soldaten des Dreissigj\u00e4hrigen Krieges \u2013 Der K\u00fcrassier \u2013 Band 3\">Dr. Junkelmann: Soldaten des Dreissigj\u00e4hrigen Krieges \u2013 Der K\u00fcrassier \u2013 Band 3<\/a><\/h2>\n\n\t\t\t\t\t\t\t<div class=\"portfolio-entry-meta\">\n\t\t\t\t\t\t\t\t\t\t\t\t\t\t<\/div>\n\n\t\t\t\t\t\t<\/header>\n\n\t\t\t\t\t\t\t\t\t\t<\/div><!-- close .portfolio-entry -->\n\t\t\t\t\t\t\t\t\t\t<div class=\"portfolio-entry portfolio-entry-column-3 type-buch type-lb-buch portfolio-entry-mobile-last-item-row portfolio-entry-last-item-row\">\n\t\t\t\t\t\t<header class=\"portfolio-entry-header\">\n\t\t\t\t\t\t<a class=\"portfolio-featured-image\" href=\"https:\/\/deltaimage.de\/wp\/?portfolio=dachau-schleissheim-und-das-barocke-kanalsystem-in-der-muenchener-schotterebene\"><img loading=\"lazy\" decoding=\"async\" width=\"763\" height=\"1080\" src=\"https:\/\/i0.wp.com\/deltaimage.de\/wp\/wp-content\/uploads\/Buch-4-Cover.jpg?fit=763%2C1080&amp;ssl=1\" class=\"attachment-large size-large wp-post-image\" alt=\"\" srcset=\"https:\/\/i0.wp.com\/deltaimage.de\/wp\/wp-content\/uploads\/Buch-4-Cover.jpg?w=763&amp;ssl=1 763w, https:\/\/i0.wp.com\/deltaimage.de\/wp\/wp-content\/uploads\/Buch-4-Cover.jpg?resize=141%2C200&amp;ssl=1 141w, https:\/\/i0.wp.com\/deltaimage.de\/wp\/wp-content\/uploads\/Buch-4-Cover.jpg?resize=424%2C600&amp;ssl=1 424w, https:\/\/i0.wp.com\/deltaimage.de\/wp\/wp-content\/uploads\/Buch-4-Cover.jpg?resize=419%2C593&amp;ssl=1 419w, https:\/\/i0.wp.com\/deltaimage.de\/wp\/wp-content\/uploads\/Buch-4-Cover.jpg?resize=318%2C450&amp;ssl=1 318w, https:\/\/i0.wp.com\/deltaimage.de\/wp\/wp-content\/uploads\/Buch-4-Cover.jpg?resize=283%2C400&amp;ssl=1 283w\" sizes=\"auto, (max-width: 763px) 100vw, 763px\" data-attachment-id=\"26096\" data-permalink=\"https:\/\/deltaimage.de\/wp\/?attachment_id=26096\" data-orig-file=\"https:\/\/i0.wp.com\/deltaimage.de\/wp\/wp-content\/uploads\/Buch-4-Cover.jpg?fit=763%2C1080&amp;ssl=1\" data-orig-size=\"763,1080\" data-comments-opened=\"1\" data-image-meta=\"{&quot;aperture&quot;:&quot;0&quot;,&quot;credit&quot;:&quot;&quot;,&quot;camera&quot;:&quot;&quot;,&quot;caption&quot;:&quot;&quot;,&quot;created_timestamp&quot;:&quot;0&quot;,&quot;copyright&quot;:&quot;&quot;,&quot;focal_length&quot;:&quot;0&quot;,&quot;iso&quot;:&quot;0&quot;,&quot;shutter_speed&quot;:&quot;0&quot;,&quot;title&quot;:&quot;&quot;,&quot;orientation&quot;:&quot;0&quot;}\" data-image-title=\"Buch 4 Cover\" data-image-description=\"\" data-image-caption=\"\" data-large-file=\"https:\/\/i0.wp.com\/deltaimage.de\/wp\/wp-content\/uploads\/Buch-4-Cover.jpg?fit=763%2C1080&amp;ssl=1\" \/><\/a>\n\t\t\t\t\t\t<h2 class=\"portfolio-entry-title\"><a href=\"https:\/\/deltaimage.de\/wp\/?portfolio=dachau-schleissheim-und-das-barocke-kanalsystem-in-der-muenchener-schotterebene\" title=\"Dachau, Schlei\u00dfheim und das barocke Kanalsystem in der M\u00fcnchener Schotterebene\">Dachau, Schlei\u00dfheim und das barocke Kanalsystem in der M\u00fcnchener Schotterebene<\/a><\/h2>\n\n\t\t\t\t\t\t\t<div class=\"portfolio-entry-meta\">\n\t\t\t\t\t\t\t\t\t\t\t\t\t\t<\/div>\n\n\t\t\t\t\t\t<\/header>\n\n\t\t\t\t\t\t\t\t\t\t<\/div><!-- close .portfolio-entry -->\n\t\t\t\t\t\t\t\t\t\t<div class=\"portfolio-entry portfolio-entry-column-3 type-buch type-projekt-dachauer-moos-vergangenheit portfolio-entry-mobile-first-item-row portfolio-entry-first-item-row\">\n\t\t\t\t\t\t<header class=\"portfolio-entry-header\">\n\t\t\t\t\t\t<a class=\"portfolio-featured-image\" href=\"https:\/\/deltaimage.de\/wp\/?portfolio=buchvorstellung-dr-annegret-braun-hsg-in-der-geschichtswerkstatt-dachau-naturwandel-eine-geschichte-im-dachauer-land-23-3-2025\"><img loading=\"lazy\" decoding=\"async\" width=\"890\" height=\"334\" src=\"https:\/\/i0.wp.com\/deltaimage.de\/wp\/wp-content\/uploads\/Plakat_Wasserturm_Braun.jpg?fit=890%2C334&amp;ssl=1\" class=\"attachment-large size-large wp-post-image\" alt=\"\" srcset=\"https:\/\/i0.wp.com\/deltaimage.de\/wp\/wp-content\/uploads\/Plakat_Wasserturm_Braun.jpg?w=1200&amp;ssl=1 1200w, https:\/\/i0.wp.com\/deltaimage.de\/wp\/wp-content\/uploads\/Plakat_Wasserturm_Braun.jpg?resize=900%2C338&amp;ssl=1 900w, https:\/\/i0.wp.com\/deltaimage.de\/wp\/wp-content\/uploads\/Plakat_Wasserturm_Braun.jpg?resize=300%2C113&amp;ssl=1 300w, https:\/\/i0.wp.com\/deltaimage.de\/wp\/wp-content\/uploads\/Plakat_Wasserturm_Braun.jpg?resize=1064%2C400&amp;ssl=1 1064w\" sizes=\"auto, (max-width: 890px) 100vw, 890px\" data-attachment-id=\"47804\" data-permalink=\"https:\/\/deltaimage.de\/wp\/?attachment_id=47804\" data-orig-file=\"https:\/\/i0.wp.com\/deltaimage.de\/wp\/wp-content\/uploads\/Plakat_Wasserturm_Braun.jpg?fit=1200%2C451&amp;ssl=1\" data-orig-size=\"1200,451\" data-comments-opened=\"1\" data-image-meta=\"{&quot;aperture&quot;:&quot;0&quot;,&quot;credit&quot;:&quot;&quot;,&quot;camera&quot;:&quot;&quot;,&quot;caption&quot;:&quot;&quot;,&quot;created_timestamp&quot;:&quot;0&quot;,&quot;copyright&quot;:&quot;&quot;,&quot;focal_length&quot;:&quot;0&quot;,&quot;iso&quot;:&quot;0&quot;,&quot;shutter_speed&quot;:&quot;0&quot;,&quot;title&quot;:&quot;&quot;,&quot;orientation&quot;:&quot;1&quot;}\" data-image-title=\"Plakat_Wasserturm_Braun\" data-image-description=\"\" data-image-caption=\"\" data-large-file=\"https:\/\/i0.wp.com\/deltaimage.de\/wp\/wp-content\/uploads\/Plakat_Wasserturm_Braun.jpg?fit=890%2C334&amp;ssl=1\" \/><\/a>\n\t\t\t\t\t\t<h2 class=\"portfolio-entry-title\"><a href=\"https:\/\/deltaimage.de\/wp\/?portfolio=buchvorstellung-dr-annegret-braun-hsg-in-der-geschichtswerkstatt-dachau-naturwandel-eine-geschichte-im-dachauer-land-23-3-2025\" title=\"Buchvorstellung Dr. Annegret Braun in der Geschichtswerkstatt Dachau: NaturWandel &#8211; Eine Geschichte im Dachauer Land; 23.3.2025\">Buchvorstellung Dr. Annegret Braun in der Geschichtswerkstatt Dachau: NaturWandel &#8211; Eine Geschichte im Dachauer Land; 23.3.2025<\/a><\/h2>\n\n\t\t\t\t\t\t\t<div class=\"portfolio-entry-meta\">\n\t\t\t\t\t\t\t\t\t\t\t\t\t\t<\/div>\n\n\t\t\t\t\t\t<\/header>\n\n\t\t\t\t\t\t\t\t\t\t<\/div><!-- close .portfolio-entry -->\n\t\t\t\t\t\t\t\t\t\t<div class=\"portfolio-entry portfolio-entry-column-3 type-buch type-delta type-projekt-dachauer-moos-vergangenheit portfolio-entry-mobile-last-item-row\">\n\t\t\t\t\t\t<header class=\"portfolio-entry-header\">\n\t\t\t\t\t\t<a class=\"portfolio-featured-image\" href=\"https:\/\/deltaimage.de\/wp\/?portfolio=vernissage-und-buchpraesentation-naturwandel-eine-geschichte-im-dachauer-land-geschichtswerkstatt-19-3-2025\"><img loading=\"lazy\" decoding=\"async\" width=\"890\" height=\"334\" src=\"https:\/\/i0.wp.com\/deltaimage.de\/wp\/wp-content\/uploads\/Plakat_NaturWandel-Geschichtswerkstatt-1200.jpg?fit=890%2C334&amp;ssl=1\" class=\"attachment-large size-large wp-post-image\" alt=\"\" srcset=\"https:\/\/i0.wp.com\/deltaimage.de\/wp\/wp-content\/uploads\/Plakat_NaturWandel-Geschichtswerkstatt-1200.jpg?w=1199&amp;ssl=1 1199w, https:\/\/i0.wp.com\/deltaimage.de\/wp\/wp-content\/uploads\/Plakat_NaturWandel-Geschichtswerkstatt-1200.jpg?resize=900%2C338&amp;ssl=1 900w, https:\/\/i0.wp.com\/deltaimage.de\/wp\/wp-content\/uploads\/Plakat_NaturWandel-Geschichtswerkstatt-1200.jpg?resize=300%2C113&amp;ssl=1 300w, https:\/\/i0.wp.com\/deltaimage.de\/wp\/wp-content\/uploads\/Plakat_NaturWandel-Geschichtswerkstatt-1200.jpg?resize=1066%2C400&amp;ssl=1 1066w\" sizes=\"auto, (max-width: 890px) 100vw, 890px\" data-attachment-id=\"48329\" data-permalink=\"https:\/\/deltaimage.de\/wp\/?attachment_id=48329#main\" data-orig-file=\"https:\/\/i0.wp.com\/deltaimage.de\/wp\/wp-content\/uploads\/Plakat_NaturWandel-Geschichtswerkstatt-1200.jpg?fit=1199%2C450&amp;ssl=1\" data-orig-size=\"1199,450\" data-comments-opened=\"1\" data-image-meta=\"{&quot;aperture&quot;:&quot;0&quot;,&quot;credit&quot;:&quot;Paul Eschbach&quot;,&quot;camera&quot;:&quot;&quot;,&quot;caption&quot;:&quot;&quot;,&quot;created_timestamp&quot;:&quot;1742051480&quot;,&quot;copyright&quot;:&quot;&quot;,&quot;focal_length&quot;:&quot;0&quot;,&quot;iso&quot;:&quot;0&quot;,&quot;shutter_speed&quot;:&quot;0&quot;,&quot;title&quot;:&quot;&quot;,&quot;orientation&quot;:&quot;1&quot;}\" data-image-title=\"Plakat_NaturWandel Geschichtswerkstatt-1200\" data-image-description=\"\" data-image-caption=\"\" data-large-file=\"https:\/\/i0.wp.com\/deltaimage.de\/wp\/wp-content\/uploads\/Plakat_NaturWandel-Geschichtswerkstatt-1200.jpg?fit=890%2C334&amp;ssl=1\" \/><\/a>\n\t\t\t\t\t\t<h2 class=\"portfolio-entry-title\"><a href=\"https:\/\/deltaimage.de\/wp\/?portfolio=vernissage-und-buchpraesentation-naturwandel-eine-geschichte-im-dachauer-land-geschichtswerkstatt-19-3-2025\" title=\"Vernissage und Buchpr\u00e4sentation: NaturWandel &#8211; Eine Geschichte im Dachauer Land: Geschichtswerkstatt &#8211; 19.3.2025\">Vernissage und Buchpr\u00e4sentation: NaturWandel &#8211; Eine Geschichte im Dachauer Land: Geschichtswerkstatt &#8211; 19.3.2025<\/a><\/h2>\n\n\t\t\t\t\t\t\t<div class=\"portfolio-entry-meta\">\n\t\t\t\t\t\t\t\t\t\t\t\t\t\t<\/div>\n\n\t\t\t\t\t\t<\/header>\n\n\t\t\t\t\t\t\t\t\t\t<\/div><!-- close .portfolio-entry -->\n\t\t\t\t\t\t\t\t\t\t<div class=\"portfolio-entry portfolio-entry-column-3 type-buch type-delta type-projekt-dachauer-moos portfolio-entry-mobile-first-item-row portfolio-entry-last-item-row\">\n\t\t\t\t\t\t<header class=\"portfolio-entry-header\">\n\t\t\t\t\t\t<a class=\"portfolio-featured-image\" href=\"https:\/\/deltaimage.de\/wp\/?portfolio=vernissage-und-buchpraesentation-naturwandel-eine-geschichte-im-dachauer-land-geschichtswerkstatt-21-11-2025\"><img loading=\"lazy\" decoding=\"async\" width=\"890\" height=\"334\" src=\"https:\/\/i0.wp.com\/deltaimage.de\/wp\/wp-content\/uploads\/Plakate_NaturWelten_Sulzemoos_Vernissage_1200-450.webp?fit=890%2C334&amp;ssl=1\" class=\"attachment-large size-large wp-post-image\" alt=\"\" srcset=\"https:\/\/i0.wp.com\/deltaimage.de\/wp\/wp-content\/uploads\/Plakate_NaturWelten_Sulzemoos_Vernissage_1200-450.webp?w=1200&amp;ssl=1 1200w, https:\/\/i0.wp.com\/deltaimage.de\/wp\/wp-content\/uploads\/Plakate_NaturWelten_Sulzemoos_Vernissage_1200-450.webp?resize=900%2C338&amp;ssl=1 900w, https:\/\/i0.wp.com\/deltaimage.de\/wp\/wp-content\/uploads\/Plakate_NaturWelten_Sulzemoos_Vernissage_1200-450.webp?resize=300%2C113&amp;ssl=1 300w, https:\/\/i0.wp.com\/deltaimage.de\/wp\/wp-content\/uploads\/Plakate_NaturWelten_Sulzemoos_Vernissage_1200-450.webp?resize=1067%2C400&amp;ssl=1 1067w\" sizes=\"auto, (max-width: 890px) 100vw, 890px\" data-attachment-id=\"52598\" data-permalink=\"https:\/\/deltaimage.de\/wp\/?attachment_id=52598\" data-orig-file=\"https:\/\/i0.wp.com\/deltaimage.de\/wp\/wp-content\/uploads\/Plakate_NaturWelten_Sulzemoos_Vernissage_1200-450.webp?fit=1200%2C450&amp;ssl=1\" data-orig-size=\"1200,450\" data-comments-opened=\"1\" data-image-meta=\"{&quot;aperture&quot;:&quot;0&quot;,&quot;credit&quot;:&quot;&quot;,&quot;camera&quot;:&quot;&quot;,&quot;caption&quot;:&quot;&quot;,&quot;created_timestamp&quot;:&quot;0&quot;,&quot;copyright&quot;:&quot;&quot;,&quot;focal_length&quot;:&quot;0&quot;,&quot;iso&quot;:&quot;0&quot;,&quot;shutter_speed&quot;:&quot;0&quot;,&quot;title&quot;:&quot;&quot;,&quot;orientation&quot;:&quot;0&quot;}\" data-image-title=\"Plakate_NaturWelten_Sulzemoos_Vernissage_1200-450\" data-image-description=\"\" data-image-caption=\"\" data-large-file=\"https:\/\/i0.wp.com\/deltaimage.de\/wp\/wp-content\/uploads\/Plakate_NaturWelten_Sulzemoos_Vernissage_1200-450.webp?fit=890%2C334&amp;ssl=1\" \/><\/a>\n\t\t\t\t\t\t<h2 class=\"portfolio-entry-title\"><a href=\"https:\/\/deltaimage.de\/wp\/?portfolio=vernissage-und-buchpraesentation-naturwandel-eine-geschichte-im-dachauer-land-geschichtswerkstatt-21-11-2025\" title=\"Vernissage und Buchpr\u00e4sentation: NaturWandel &#8211; Eine Geschichte im Dachauer Land: Geschichtswerkstatt &#8211; 21.11.2025\">Vernissage und Buchpr\u00e4sentation: NaturWandel &#8211; Eine Geschichte im Dachauer Land: Geschichtswerkstatt &#8211; 21.11.2025<\/a><\/h2>\n\n\t\t\t\t\t\t\t<div class=\"portfolio-entry-meta\">\n\t\t\t\t\t\t\t\t\t\t\t\t\t\t<\/div>\n\n\t\t\t\t\t\t<\/header>\n\n\t\t\t\t\t\t\t\t\t\t<\/div><!-- close .portfolio-entry -->\n\t\t\t\t\t\t\t\t\t\t<div class=\"portfolio-entry portfolio-entry-column-3 type-buch type-delta type-projekt-dachauer-moos portfolio-entry-mobile-last-item-row portfolio-entry-first-item-row\">\n\t\t\t\t\t\t<header class=\"portfolio-entry-header\">\n\t\t\t\t\t\t<a class=\"portfolio-featured-image\" href=\"https:\/\/deltaimage.de\/wp\/?portfolio=ausstellung-naturwandel-eine-geschichte-im-dachauer-land-geschichtswerkstatt-21-11-13-12-2025\"><img loading=\"lazy\" decoding=\"async\" width=\"890\" height=\"334\" src=\"https:\/\/i0.wp.com\/deltaimage.de\/wp\/wp-content\/uploads\/Plakate_NaturWelten_Sulzemoos_1200-450.jpg?fit=890%2C334&amp;ssl=1\" class=\"attachment-large size-large wp-post-image\" alt=\"\" srcset=\"https:\/\/i0.wp.com\/deltaimage.de\/wp\/wp-content\/uploads\/Plakate_NaturWelten_Sulzemoos_1200-450.jpg?w=1200&amp;ssl=1 1200w, https:\/\/i0.wp.com\/deltaimage.de\/wp\/wp-content\/uploads\/Plakate_NaturWelten_Sulzemoos_1200-450.jpg?resize=900%2C338&amp;ssl=1 900w, https:\/\/i0.wp.com\/deltaimage.de\/wp\/wp-content\/uploads\/Plakate_NaturWelten_Sulzemoos_1200-450.jpg?resize=300%2C113&amp;ssl=1 300w, https:\/\/i0.wp.com\/deltaimage.de\/wp\/wp-content\/uploads\/Plakate_NaturWelten_Sulzemoos_1200-450.jpg?resize=1067%2C400&amp;ssl=1 1067w\" sizes=\"auto, (max-width: 890px) 100vw, 890px\" data-attachment-id=\"52578\" data-permalink=\"https:\/\/deltaimage.de\/wp\/?attachment_id=52578#main\" data-orig-file=\"https:\/\/i0.wp.com\/deltaimage.de\/wp\/wp-content\/uploads\/Plakate_NaturWelten_Sulzemoos_1200-450.jpg?fit=1200%2C450&amp;ssl=1\" data-orig-size=\"1200,450\" data-comments-opened=\"1\" data-image-meta=\"{&quot;aperture&quot;:&quot;0&quot;,&quot;credit&quot;:&quot;&quot;,&quot;camera&quot;:&quot;&quot;,&quot;caption&quot;:&quot;&quot;,&quot;created_timestamp&quot;:&quot;0&quot;,&quot;copyright&quot;:&quot;&quot;,&quot;focal_length&quot;:&quot;0&quot;,&quot;iso&quot;:&quot;0&quot;,&quot;shutter_speed&quot;:&quot;0&quot;,&quot;title&quot;:&quot;&quot;,&quot;orientation&quot;:&quot;0&quot;}\" data-image-title=\"Plakate_NaturWelten_Sulzemoos_1200-450\" data-image-description=\"\" data-image-caption=\"\" data-large-file=\"https:\/\/i0.wp.com\/deltaimage.de\/wp\/wp-content\/uploads\/Plakate_NaturWelten_Sulzemoos_1200-450.jpg?fit=890%2C334&amp;ssl=1\" \/><\/a>\n\t\t\t\t\t\t<h2 class=\"portfolio-entry-title\"><a href=\"https:\/\/deltaimage.de\/wp\/?portfolio=ausstellung-naturwandel-eine-geschichte-im-dachauer-land-geschichtswerkstatt-21-11-13-12-2025\" title=\"Ausstellung: NaturWandel &#8211; Eine Geschichte im Dachauer Land: Geschichtswerkstatt &#8211; 21.11. &#8211; 13.12.2025\">Ausstellung: NaturWandel &#8211; Eine Geschichte im Dachauer Land: Geschichtswerkstatt &#8211; 21.11. &#8211; 13.12.2025<\/a><\/h2>\n\n\t\t\t\t\t\t\t<div class=\"portfolio-entry-meta\">\n\t\t\t\t\t\t\t\t\t\t\t\t\t\t<\/div>\n\n\t\t\t\t\t\t<\/header>\n\n\t\t\t\t\t\t\t\t\t\t<\/div><!-- close .portfolio-entry -->\n\t\t\t\t\t\t\t\t\t<\/div><!-- close .jetpack-portfolio -->\n\t\t\t\t\n","protected":false},"excerpt":{"rendered":"<p>Ein Buch ist ein Projekt f\u00fcr die Ewigkeit und \u00fcber den eigenen Bekanntheitsgrad hinaus. Ein Buch ist ein Statement zu einem Thema und es gibt in unserer Erfahrung aus 30 [&hellip;]<\/p>\n","protected":false},"author":1,"featured_media":13707,"parent":44310,"menu_order":0,"comment_status":"closed","ping_status":"closed","template":"page-templates\/full-width-page.php","meta":{"wpupg_custom_link":[],"wpupg_custom_link_behaviour":["default"],"wpupg_custom_link_nofollow":[],"wpupg_custom_image":[],"wpupg_custom_image_id":[],"jetpack_post_was_ever_published":false,"footnotes":""},"class_list":["post-13673","page","type-page","status-publish","has-post-thumbnail","hentry"],"jetpack-related-posts":[{"id":45287,"url":"https:\/\/deltaimage.de\/wp\/?page_id=45287","url_meta":{"origin":13673,"position":0},"title":"DELTA IMAGE Eigenverlag","author":"EschbacP","date":"27. September 2024","format":false,"excerpt":"B\u00fccher sind ein Kulturgut und als Speicher von Sprache, Bildern und deren Zusammenh\u00e4nge ein unverzichtbares Repositorium von Wissen, das zum Zeitpunkt des Lesens oft gar nicht gebraucht wird. B\u00fccher trainieren unseren Intellekt und f\u00f6rdern das Erinnerungsverm\u00f6gen durch vielf\u00e4ltige Assoziationen. Ein gelesener Text bleibt ungleich tiefer im Ged\u00e4chtnis, als andere Formen\u2026","rel":"","context":"\u00c4hnlicher Beitrag","block_context":{"text":"\u00c4hnlicher Beitrag","link":""},"img":{"alt_text":"","src":"https:\/\/i0.wp.com\/deltaimage.de\/wp\/wp-content\/uploads\/IMG_9082_1200.jpg?fit=1200%2C450&ssl=1&resize=350%2C200","width":350,"height":200,"srcset":"https:\/\/i0.wp.com\/deltaimage.de\/wp\/wp-content\/uploads\/IMG_9082_1200.jpg?fit=1200%2C450&ssl=1&resize=350%2C200 1x, https:\/\/i0.wp.com\/deltaimage.de\/wp\/wp-content\/uploads\/IMG_9082_1200.jpg?fit=1200%2C450&ssl=1&resize=525%2C300 1.5x, https:\/\/i0.wp.com\/deltaimage.de\/wp\/wp-content\/uploads\/IMG_9082_1200.jpg?fit=1200%2C450&ssl=1&resize=700%2C400 2x, https:\/\/i0.wp.com\/deltaimage.de\/wp\/wp-content\/uploads\/IMG_9082_1200.jpg?fit=1200%2C450&ssl=1&resize=1050%2C600 3x"},"classes":[]},{"id":13623,"url":"https:\/\/deltaimage.de\/wp\/?page_id=13623","url_meta":{"origin":13673,"position":1},"title":"DELTA IMAGE B\u00fccherregal \u00dcbersicht","author":"EschbacP","date":"23. Februar 2017","format":false,"excerpt":"B\u00fccher und Buchprodukte sind eine unserer M\u00f6glichkeiten, die digitalen Bilder visuell zu erleben. Das Buch im Zeitalter der Digitalisierung wird auch seine Rolle ver\u00e4ndern. Das Telefonbuch konnte erfolgreich auf andere Medien transferiert werden und ist aktueller und einfacher zu handhaben. Ein Fachbuch steht in Konkurrenz zu Videokan\u00e4len im Internet. Ein\u2026","rel":"","context":"\u00c4hnlicher Beitrag","block_context":{"text":"\u00c4hnlicher Beitrag","link":""},"img":{"alt_text":"","src":"https:\/\/i0.wp.com\/deltaimage.de\/wp\/wp-content\/uploads\/IMG_4734_1200.jpg?fit=1200%2C450&ssl=1&resize=350%2C200","width":350,"height":200,"srcset":"https:\/\/i0.wp.com\/deltaimage.de\/wp\/wp-content\/uploads\/IMG_4734_1200.jpg?fit=1200%2C450&ssl=1&resize=350%2C200 1x, https:\/\/i0.wp.com\/deltaimage.de\/wp\/wp-content\/uploads\/IMG_4734_1200.jpg?fit=1200%2C450&ssl=1&resize=525%2C300 1.5x, https:\/\/i0.wp.com\/deltaimage.de\/wp\/wp-content\/uploads\/IMG_4734_1200.jpg?fit=1200%2C450&ssl=1&resize=700%2C400 2x, https:\/\/i0.wp.com\/deltaimage.de\/wp\/wp-content\/uploads\/IMG_4734_1200.jpg?fit=1200%2C450&ssl=1&resize=1050%2C600 3x"},"classes":[]},{"id":7660,"url":"https:\/\/deltaimage.de\/wp\/?page_id=7660","url_meta":{"origin":13673,"position":2},"title":"\u00dcber mich &#8211; Bio Page Paul Eschbach","author":"EschbacP","date":"11. April 2015","format":false,"excerpt":"Fast 40 Jahre ernsthafte und leidenschaftliche Besch\u00e4ftigung mit der Fotografie in vielen Themenbereichen und fotografischen Techniken bildet einen Spannungsbogen um immer das gleiche Motiv: \"Die n\u00e4here Heimat selber und auch f\u00fcr andere visuell erlebbar machen\" Heimat und Landschaft passieren nicht zu Hause und nicht im Umkreis eines Parkplatzes \u2013 da\u2026","rel":"","context":"\u00c4hnlicher Beitrag","block_context":{"text":"\u00c4hnlicher Beitrag","link":""},"img":{"alt_text":"","src":"https:\/\/i0.wp.com\/deltaimage.de\/wp\/wp-content\/uploads\/IMG_2660_1200.jpg?fit=1200%2C450&ssl=1&resize=350%2C200","width":350,"height":200,"srcset":"https:\/\/i0.wp.com\/deltaimage.de\/wp\/wp-content\/uploads\/IMG_2660_1200.jpg?fit=1200%2C450&ssl=1&resize=350%2C200 1x, https:\/\/i0.wp.com\/deltaimage.de\/wp\/wp-content\/uploads\/IMG_2660_1200.jpg?fit=1200%2C450&ssl=1&resize=525%2C300 1.5x, https:\/\/i0.wp.com\/deltaimage.de\/wp\/wp-content\/uploads\/IMG_2660_1200.jpg?fit=1200%2C450&ssl=1&resize=700%2C400 2x, https:\/\/i0.wp.com\/deltaimage.de\/wp\/wp-content\/uploads\/IMG_2660_1200.jpg?fit=1200%2C450&ssl=1&resize=1050%2C600 3x"},"classes":[]},{"id":83,"url":"https:\/\/deltaimage.de\/wp\/","url_meta":{"origin":13673,"position":3},"title":"Home &#8211; Professionelle Fotografie","author":"EschbacP","date":"8. Mai 2013","format":false,"excerpt":"\u00a0 \u00a0 \u00a0 Professionelle Fotografie erleben Fotos sind \u00fcberall - und zu jeder Zeit. Im Internet stehen Bilder zu allen Themen nahezu unbeschr\u00e4nkt zur Verf\u00fcgung. Everything we see is a perspective! Was ist denn nun der Wert eines Fotos? \u00a0 stellt die n\u00e4chste FOTO-Ausstellung zum Thema: Dachauer Moos vor. Im\u2026","rel":"","context":"Mit 6 Kommentaren","block_context":{"text":"Mit 6 Kommentaren","link":"https:\/\/deltaimage.de\/wp\/#comments"},"img":{"alt_text":"","src":"https:\/\/deltaimage.de\/wp\/wp-content\/uploads\/APP_Logo_DELTA-IMAGE.bmp","width":350,"height":200},"classes":[]},{"id":44310,"url":"https:\/\/deltaimage.de\/wp\/?page_id=44310","url_meta":{"origin":13673,"position":4},"title":"| B\u00fccher","author":"EschbacP","date":"17. September 2024","format":false,"excerpt":"B\u00fccher sind ein Kulturgut seit tausenden Jahren in allen Hochkulturen der Erdgeschichte. Wissen ist mit Hilfe der B\u00fccher in jeden Haushalt gekommen und ist jederzeit verf\u00fcgbar. Lesen bildet. Es gibt auch andere Formen des Lernens. Ohne dem Lesen von Texten und B\u00fcchern ist eine Teilnahme am Bildungserwerb kaum m\u00f6glich und\u2026","rel":"","context":"\u00c4hnlicher Beitrag","block_context":{"text":"\u00c4hnlicher Beitrag","link":""},"img":{"alt_text":"","src":"https:\/\/i0.wp.com\/deltaimage.de\/wp\/wp-content\/uploads\/Bannerthemen_Angebot.png?fit=1200%2C450&ssl=1&resize=350%2C200","width":350,"height":200,"srcset":"https:\/\/i0.wp.com\/deltaimage.de\/wp\/wp-content\/uploads\/Bannerthemen_Angebot.png?fit=1200%2C450&ssl=1&resize=350%2C200 1x, https:\/\/i0.wp.com\/deltaimage.de\/wp\/wp-content\/uploads\/Bannerthemen_Angebot.png?fit=1200%2C450&ssl=1&resize=525%2C300 1.5x, https:\/\/i0.wp.com\/deltaimage.de\/wp\/wp-content\/uploads\/Bannerthemen_Angebot.png?fit=1200%2C450&ssl=1&resize=700%2C400 2x, https:\/\/i0.wp.com\/deltaimage.de\/wp\/wp-content\/uploads\/Bannerthemen_Angebot.png?fit=1200%2C450&ssl=1&resize=1050%2C600 3x"},"classes":[]},{"id":35825,"url":"https:\/\/deltaimage.de\/wp\/?page_id=35825","url_meta":{"origin":13673,"position":5},"title":"Flugplatzwanderung auf dem Museumsgel\u00e4nde Flugwerft","author":"EschbacP","date":"17. August 2022","format":false,"excerpt":"Zu ganz besonderen Anl\u00e4ssen k\u00f6nnen wir auch diese beliebte und nur selten gegangene Flugplatzwanderung auf dem Museumsgel\u00e4nde selbst wandern. Tag der offenen T\u00fcre in der Flugwerft Museumsfeste Bundesweiter \"Tag des offenen Denkmals\" Fly-In in der Flugwerft Schlei\u00dfheim \u00a0 Das Museumsgel\u00e4nde ist selbst ein Museum In einer Flugplatzwanderung von ca. 45\u2026","rel":"","context":"\u00c4hnlicher Beitrag","block_context":{"text":"\u00c4hnlicher Beitrag","link":""},"img":{"alt_text":"","src":"https:\/\/i0.wp.com\/deltaimage.de\/wp\/wp-content\/uploads\/ZY5M5825_1200.jpg?fit=1200%2C450&ssl=1&resize=350%2C200","width":350,"height":200,"srcset":"https:\/\/i0.wp.com\/deltaimage.de\/wp\/wp-content\/uploads\/ZY5M5825_1200.jpg?fit=1200%2C450&ssl=1&resize=350%2C200 1x, https:\/\/i0.wp.com\/deltaimage.de\/wp\/wp-content\/uploads\/ZY5M5825_1200.jpg?fit=1200%2C450&ssl=1&resize=525%2C300 1.5x, https:\/\/i0.wp.com\/deltaimage.de\/wp\/wp-content\/uploads\/ZY5M5825_1200.jpg?fit=1200%2C450&ssl=1&resize=700%2C400 2x, https:\/\/i0.wp.com\/deltaimage.de\/wp\/wp-content\/uploads\/ZY5M5825_1200.jpg?fit=1200%2C450&ssl=1&resize=1050%2C600 3x"},"classes":[]}],"jetpack_sharing_enabled":true,"_links":{"self":[{"href":"https:\/\/deltaimage.de\/wp\/index.php?rest_route=\/wp\/v2\/pages\/13673","targetHints":{"allow":["GET"]}}],"collection":[{"href":"https:\/\/deltaimage.de\/wp\/index.php?rest_route=\/wp\/v2\/pages"}],"about":[{"href":"https:\/\/deltaimage.de\/wp\/index.php?rest_route=\/wp\/v2\/types\/page"}],"author":[{"embeddable":true,"href":"https:\/\/deltaimage.de\/wp\/index.php?rest_route=\/wp\/v2\/users\/1"}],"replies":[{"embeddable":true,"href":"https:\/\/deltaimage.de\/wp\/index.php?rest_route=%2Fwp%2Fv2%2Fcomments&post=13673"}],"version-history":[{"count":20,"href":"https:\/\/deltaimage.de\/wp\/index.php?rest_route=\/wp\/v2\/pages\/13673\/revisions"}],"predecessor-version":[{"id":45383,"href":"https:\/\/deltaimage.de\/wp\/index.php?rest_route=\/wp\/v2\/pages\/13673\/revisions\/45383"}],"up":[{"embeddable":true,"href":"https:\/\/deltaimage.de\/wp\/index.php?rest_route=\/wp\/v2\/pages\/44310"}],"wp:featuredmedia":[{"embeddable":true,"href":"https:\/\/deltaimage.de\/wp\/index.php?rest_route=\/wp\/v2\/media\/13707"}],"wp:attachment":[{"href":"https:\/\/deltaimage.de\/wp\/index.php?rest_route=%2Fwp%2Fv2%2Fmedia&parent=13673"}],"curies":[{"name":"wp","href":"https:\/\/api.w.org\/{rel}","templated":true}]}}