{"id":36632,"date":"2022-09-15T12:24:14","date_gmt":"2022-09-15T11:24:14","guid":{"rendered":"https:\/\/deltaimage.de\/wp\/?page_id=36632"},"modified":"2022-09-15T12:24:14","modified_gmt":"2022-09-15T11:24:14","slug":"foto-kurs-grundlagenkurs","status":"publish","type":"page","link":"https:\/\/deltaimage.de\/wp\/?page_id=36632","title":{"rendered":"Foto-Kurs: Grundlagenkurs"},"content":{"rendered":"<p>Sie wollen Spa\u00df an der Fotografie haben. Speziell f\u00fcr Einsteiger, Anf\u00e4nger und Aufsteiger lernen Sie die Grundlagen in der digitalen Fotografie in einem lockeren und auf Ihre Bed\u00fcrfnisse angepassten Seminar.<\/p>\n<p>Vorkenntnisse sind nicht erforderlich, nur Interesse an der Fotografie. Das Seminar findet in Dachau in einem Seminarraum statt.<br \/>\n<b>Teilnehmer bringen ihre eigene Kamera mit in den Workshop \u2013 nur so lernen Sie sie kennen<\/b><b>. <\/b><strong>Bringen Sie Schreibzeug mit, um sich auch Notizen machen zu k\u00f6nnen.<\/strong><\/p>\n<p>&nbsp;<\/p>\n<h2>Zielgruppe f\u00fcr Foto-Kurs<\/h2>\n<ul>\n<li>Raus aus dem gr\u00fcnen Automatikmodus<\/li>\n<li><b>Einsteiger<\/b> in die Fotografie<\/li>\n<li><b>Aufsteiger<\/b> vom Smartphone<\/li>\n<li>Alle die mehr und <b>bessere Fotos <\/b>machen m\u00f6chten<\/li>\n<\/ul>\n<h2><\/h2>\n<h2>Inhalte des Foto-Kurs<\/h2>\n<ul>\n<li>Was ist ein gutes Foto?<\/li>\n<li>Wie bemessen wir den Erfolg eines Fotos?<\/li>\n<li>Was ist ein richtig belichtetes Foto?<\/li>\n<li>Das Belichtungs-Viereck<\/li>\n<li>Die fotografische Blende<\/li>\n<li>Die fotografische Verschlusszeit<\/li>\n<li>Die fotografische Empfindlichkeit (ISO)<\/li>\n<li>Die verschiedenen Belichtungsautomatiken<\/li>\n<li>Drei einfache Grundregeln f\u00fcr ein besseres Foto<\/li>\n<\/ul>\n<p>&nbsp;<\/p>\n<h2>Zielsetzung des Foto-Kurs<\/h2>\n<ul>\n<li><b>Mehr Spa\u00df <\/b>beim Fotografieren<\/li>\n<li>Fotografieren au\u00dferhalb der gr\u00fcnen Vollautomatik<\/li>\n<li><b>Kamera <\/b><b>und das System <\/b>bedienen lernen.<\/li>\n<li>Gezieltes Arbeiten und Gestalten f\u00fcr <b>bessere Bildergebnisse<\/b><\/li>\n<li><b>Herstellerneutral<\/b> und <b>system\u00fcbergreifend<\/b><\/li>\n<li><b>Anwendung und Praxis <\/b>an der eigenen Kamera<\/li>\n<\/ul>\n<p>&nbsp;<\/p>\n<h2>Unser Seminarleiter f\u00fcr Sie<\/h2>\n<p>&nbsp;<\/p>\n<p><img data-recalc-dims=\"1\" loading=\"lazy\" decoding=\"async\" data-attachment-id=\"16104\" data-permalink=\"https:\/\/deltaimage.de\/wp\/?attachment_id=16104#main\" data-orig-file=\"https:\/\/i0.wp.com\/deltaimage.de\/wp\/wp-content\/uploads\/Portrait_Paul_Eschbach_600.jpg?fit=530%2C600&amp;ssl=1\" data-orig-size=\"530,600\" data-comments-opened=\"1\" data-image-meta=\"{&quot;aperture&quot;:&quot;0&quot;,&quot;credit&quot;:&quot;&quot;,&quot;camera&quot;:&quot;&quot;,&quot;caption&quot;:&quot;&quot;,&quot;created_timestamp&quot;:&quot;0&quot;,&quot;copyright&quot;:&quot;&quot;,&quot;focal_length&quot;:&quot;0&quot;,&quot;iso&quot;:&quot;0&quot;,&quot;shutter_speed&quot;:&quot;0&quot;,&quot;title&quot;:&quot;&quot;,&quot;orientation&quot;:&quot;1&quot;}\" data-image-title=\"Portrait_Paul_Eschbach_600\" data-image-description=\"\" data-image-caption=\"\" data-large-file=\"https:\/\/i0.wp.com\/deltaimage.de\/wp\/wp-content\/uploads\/Portrait_Paul_Eschbach_600.jpg?fit=530%2C600&amp;ssl=1\" class=\"size-medium wp-image-16104 alignright\" src=\"https:\/\/i0.wp.com\/deltaimage.de\/wp\/wp-content\/uploads\/Portrait_Paul_Eschbach_600.jpg?resize=265%2C300&#038;ssl=1\" alt=\"\" width=\"265\" height=\"300\" srcset=\"https:\/\/i0.wp.com\/deltaimage.de\/wp\/wp-content\/uploads\/Portrait_Paul_Eschbach_600.jpg?resize=265%2C300&amp;ssl=1 265w, https:\/\/i0.wp.com\/deltaimage.de\/wp\/wp-content\/uploads\/Portrait_Paul_Eschbach_600.jpg?resize=177%2C200&amp;ssl=1 177w, https:\/\/i0.wp.com\/deltaimage.de\/wp\/wp-content\/uploads\/Portrait_Paul_Eschbach_600.jpg?resize=524%2C593&amp;ssl=1 524w, https:\/\/i0.wp.com\/deltaimage.de\/wp\/wp-content\/uploads\/Portrait_Paul_Eschbach_600.jpg?resize=398%2C450&amp;ssl=1 398w, https:\/\/i0.wp.com\/deltaimage.de\/wp\/wp-content\/uploads\/Portrait_Paul_Eschbach_600.jpg?resize=353%2C400&amp;ssl=1 353w, https:\/\/i0.wp.com\/deltaimage.de\/wp\/wp-content\/uploads\/Portrait_Paul_Eschbach_600.jpg?w=530&amp;ssl=1 530w\" sizes=\"auto, (max-width: 265px) 100vw, 265px\" \/>Dipl.-Ing.(FH)<br \/>\nDipl.-Wirtschaftsing.(FH)<\/p>\n<p><strong>Paul Eschbach<\/strong><\/p>\n<p>Fotograf, Hochschul-Dozent<br \/>\nFachbuchautor, Fototrainer<\/p>\n<p>&nbsp;<\/p>\n<p>pe@deltaadvice.eu<\/p>\n<p>&nbsp;<\/p>\n<p>Seit \u00fcber 30 Jahren fotografiert Paul Eschbach Landschaft, Natur, Makro und Reportage in den vielf\u00e4ltigsten eigenen und kundenseitigen Projekten. Als Luftbildfotograf kommt die dritte Dimension in den Bildern mit hinzu. Lernen Sie die Grundlagen und die Inspiration von unseren erfahrenen Trainern.<\/p>\n","protected":false},"excerpt":{"rendered":"<p>Sie wollen Spa\u00df an der Fotografie haben. Speziell f\u00fcr Einsteiger, Anf\u00e4nger und Aufsteiger lernen Sie die Grundlagen in der digitalen Fotografie in einem lockeren und auf Ihre Bed\u00fcrfnisse angepassten Seminar. [&hellip;]<\/p>\n","protected":false},"author":1,"featured_media":27102,"parent":44298,"menu_order":0,"comment_status":"closed","ping_status":"closed","template":"page-templates\/full-width-page.php","meta":{"wpupg_custom_link":[],"wpupg_custom_link_behaviour":["default"],"wpupg_custom_link_nofollow":[],"wpupg_custom_image":[],"wpupg_custom_image_id":[],"jetpack_post_was_ever_published":false,"footnotes":""},"class_list":["post-36632","page","type-page","status-publish","has-post-thumbnail","hentry"],"jetpack-related-posts":[{"id":14429,"url":"https:\/\/deltaimage.de\/wp\/?page_id=14429","url_meta":{"origin":36632,"position":0},"title":"Fotokurse f\u00fcr Einsteiger und Fortgeschrittene","author":"EschbacP","date":"24. September 2022","format":false,"excerpt":"Digitale Bilder sind ein selbstverst\u00e4ndlicher Bestandteil unseres t\u00e4glichen Lebens. In Medien, Zeitschriften und Online konsumieren wir st\u00e4ndig tausende Bilder - meist schon ganz unbewu\u00dft. Unser Leben teilen wir wie selbstverst\u00e4ndlich mit Milliarden Menschen auf der Welt. Wer m\u00f6chte da nicht auch seine eigene Welt \u00fcber das kreative Mittel der Fotografie\u2026","rel":"","context":"\u00c4hnlicher Beitrag","block_context":{"text":"\u00c4hnlicher Beitrag","link":""},"img":{"alt_text":"","src":"https:\/\/i0.wp.com\/deltaimage.de\/wp\/wp-content\/uploads\/Banner_Fotokurse_Einsteiger_1200.jpg?fit=1200%2C491&ssl=1&resize=350%2C200","width":350,"height":200,"srcset":"https:\/\/i0.wp.com\/deltaimage.de\/wp\/wp-content\/uploads\/Banner_Fotokurse_Einsteiger_1200.jpg?fit=1200%2C491&ssl=1&resize=350%2C200 1x, https:\/\/i0.wp.com\/deltaimage.de\/wp\/wp-content\/uploads\/Banner_Fotokurse_Einsteiger_1200.jpg?fit=1200%2C491&ssl=1&resize=525%2C300 1.5x, https:\/\/i0.wp.com\/deltaimage.de\/wp\/wp-content\/uploads\/Banner_Fotokurse_Einsteiger_1200.jpg?fit=1200%2C491&ssl=1&resize=700%2C400 2x, https:\/\/i0.wp.com\/deltaimage.de\/wp\/wp-content\/uploads\/Banner_Fotokurse_Einsteiger_1200.jpg?fit=1200%2C491&ssl=1&resize=1050%2C600 3x"},"classes":[]},{"id":36625,"url":"https:\/\/deltaimage.de\/wp\/?page_id=36625","url_meta":{"origin":36632,"position":1},"title":"Foto-Kurs: Aufbaukurs","author":"EschbacP","date":"15. September 2022","format":false,"excerpt":"Der Foto-Kurs ist speziell f\u00fcr Fortgeschrittene in der Fotografie, aufbauend auf den Inhalten im Grundkurs bauen wir die fotografischen Themen Schritt f\u00fcr Schritt weiter aus und gewinnen Sicherheit und \u00dcbung in der Fotografie.\u00a0Die Fotografie hat noch so viel mehr an M\u00f6glichkeiten zu bieten und Herausforderungen zu beherrschen, dass die Neugierde\u2026","rel":"","context":"\u00c4hnlicher Beitrag","block_context":{"text":"\u00c4hnlicher Beitrag","link":""},"img":{"alt_text":"","src":"https:\/\/i0.wp.com\/deltaimage.de\/wp\/wp-content\/uploads\/Portrait_Paul_Eschbach_600-265x300.jpg?resize=350%2C200&ssl=1","width":350,"height":200},"classes":[]},{"id":24334,"url":"https:\/\/deltaimage.de\/wp\/?page_id=24334","url_meta":{"origin":36632,"position":2},"title":"Foto Kurse","author":"EschbacP","date":"17. M\u00e4rz 2020","format":false,"excerpt":"Fotokurse sind sehr gefragt, die Komplexit\u00e4t eines Kamerasystems ist alleine nicht die L\u00f6sung f\u00fcr bessere Fotos. Viele Fotografen kommen aus der Smartphone-Fotografie oder von kompakten Digitalkameras. Die Kamera \u00fcbernimmt nahezu alles wichtige und es bleibt nur noch den Knopf zu dr\u00fccken. Trotzdem w\u00fcnschen sich viele Fotografen mehr von der Fotografie.\u2026","rel":"","context":"\u00c4hnlicher Beitrag","block_context":{"text":"\u00c4hnlicher Beitrag","link":""},"img":{"alt_text":"ARTEMiS Schauspielstudio","src":"https:\/\/i0.wp.com\/deltaimage.de\/wp\/wp-content\/uploads\/Sessner_Logo1.jpg?resize=350%2C200","width":350,"height":200},"classes":[]},{"id":31013,"url":"https:\/\/deltaimage.de\/wp\/?page_id=31013","url_meta":{"origin":36632,"position":3},"title":"Natur und Mooslandschaft fotografieren: Fotokurs f\u00fcr Anf\u00e4ngerInnen","author":"EschbacP","date":"19. Dezember 2021","format":false,"excerpt":"Der Verein Dachauer Moos e.V. und DELTA IMAGE bieten im Jahr 2023 zwei Fotografie-Workshops im Umwelthaus am Obergrashof an - f\u00fcr Einsteiger und Fortgeschrittene Die Naturlandschaften rund um Dachau bieten so viel spannende Abwechslung, dass immer mehr Menschen die nahe Umgebung erkunden m\u00f6chten. Was liegt dabei n\u00e4her, als die Sch\u00f6nheiten\u2026","rel":"","context":"\u00c4hnlicher Beitrag","block_context":{"text":"\u00c4hnlicher Beitrag","link":""},"img":{"alt_text":"","src":"https:\/\/i0.wp.com\/deltaimage.de\/wp\/wp-content\/uploads\/Banner_Moos_Anfaenger_2023_1200.jpg?fit=1200%2C490&ssl=1&resize=350%2C200","width":350,"height":200,"srcset":"https:\/\/i0.wp.com\/deltaimage.de\/wp\/wp-content\/uploads\/Banner_Moos_Anfaenger_2023_1200.jpg?fit=1200%2C490&ssl=1&resize=350%2C200 1x, https:\/\/i0.wp.com\/deltaimage.de\/wp\/wp-content\/uploads\/Banner_Moos_Anfaenger_2023_1200.jpg?fit=1200%2C490&ssl=1&resize=525%2C300 1.5x, https:\/\/i0.wp.com\/deltaimage.de\/wp\/wp-content\/uploads\/Banner_Moos_Anfaenger_2023_1200.jpg?fit=1200%2C490&ssl=1&resize=700%2C400 2x, https:\/\/i0.wp.com\/deltaimage.de\/wp\/wp-content\/uploads\/Banner_Moos_Anfaenger_2023_1200.jpg?fit=1200%2C490&ssl=1&resize=1050%2C600 3x"},"classes":[]},{"id":38284,"url":"https:\/\/deltaimage.de\/wp\/?page_id=38284","url_meta":{"origin":36632,"position":4},"title":"Foto-Pr\u00e4senz-Kurse","author":"EschbacP","date":"26. Dezember 2022","format":false,"excerpt":"Unsere beliebten Fotografie Kurse gibt es auch als besonderes Angebote als Fotografie Pr\u00e4senz Kurse in kleinen Workshop Gruppen f\u00fcr ein intensives Lernerlebnis, weiterhin in Dachau. Die TeilnehmerInnen berichten immer wieder \u00fcbereinstimmend, der unmittelbare Austausch untereinander ist ganz besonders wertvoll. So lernt es sich leichter und schneller. \u00a0 Fotografie lernen f\u00fcr\u2026","rel":"","context":"\u00c4hnlicher Beitrag","block_context":{"text":"\u00c4hnlicher Beitrag","link":""},"img":{"alt_text":"","src":"https:\/\/i0.wp.com\/deltaimage.de\/wp\/wp-content\/uploads\/Folie1-1.jpg?fit=1200%2C449&ssl=1&resize=350%2C200","width":350,"height":200,"srcset":"https:\/\/i0.wp.com\/deltaimage.de\/wp\/wp-content\/uploads\/Folie1-1.jpg?fit=1200%2C449&ssl=1&resize=350%2C200 1x, https:\/\/i0.wp.com\/deltaimage.de\/wp\/wp-content\/uploads\/Folie1-1.jpg?fit=1200%2C449&ssl=1&resize=525%2C300 1.5x, https:\/\/i0.wp.com\/deltaimage.de\/wp\/wp-content\/uploads\/Folie1-1.jpg?fit=1200%2C449&ssl=1&resize=700%2C400 2x, https:\/\/i0.wp.com\/deltaimage.de\/wp\/wp-content\/uploads\/Folie1-1.jpg?fit=1200%2C449&ssl=1&resize=1050%2C600 3x"},"classes":[]},{"id":44298,"url":"https:\/\/deltaimage.de\/wp\/?page_id=44298","url_meta":{"origin":36632,"position":5},"title":"| Lernen","author":"EschbacP","date":"17. September 2024","format":false,"excerpt":"Der pers\u00f6nliche Zugang zur Fotografie ist einfacher denn je, die M\u00f6glichkeiten gr\u00f6\u00dfer und vielf\u00e4ltiger durch die digitale Technik. Ob EinsteigerIn, oder AufsteigerIn vom Smartphone oder bereits fortgeschrittene FotografIn, das Erlebnis Fotografie begeistert Menschen jeden Alters in zunehmenden Ma\u00dfe. Digitale Bilder sind ein selbstverst\u00e4ndlicher Bestandteil unseres t\u00e4glichen Lebens. In Medien, Zeitschriften\u2026","rel":"","context":"\u00c4hnlicher Beitrag","block_context":{"text":"\u00c4hnlicher Beitrag","link":""},"img":{"alt_text":"","src":"https:\/\/i0.wp.com\/deltaimage.de\/wp\/wp-content\/uploads\/Banner_Lernen.jpg?fit=1200%2C451&ssl=1&resize=350%2C200","width":350,"height":200,"srcset":"https:\/\/i0.wp.com\/deltaimage.de\/wp\/wp-content\/uploads\/Banner_Lernen.jpg?fit=1200%2C451&ssl=1&resize=350%2C200 1x, https:\/\/i0.wp.com\/deltaimage.de\/wp\/wp-content\/uploads\/Banner_Lernen.jpg?fit=1200%2C451&ssl=1&resize=525%2C300 1.5x, https:\/\/i0.wp.com\/deltaimage.de\/wp\/wp-content\/uploads\/Banner_Lernen.jpg?fit=1200%2C451&ssl=1&resize=700%2C400 2x, https:\/\/i0.wp.com\/deltaimage.de\/wp\/wp-content\/uploads\/Banner_Lernen.jpg?fit=1200%2C451&ssl=1&resize=1050%2C600 3x"},"classes":[]}],"jetpack_sharing_enabled":true,"_links":{"self":[{"href":"https:\/\/deltaimage.de\/wp\/index.php?rest_route=\/wp\/v2\/pages\/36632","targetHints":{"allow":["GET"]}}],"collection":[{"href":"https:\/\/deltaimage.de\/wp\/index.php?rest_route=\/wp\/v2\/pages"}],"about":[{"href":"https:\/\/deltaimage.de\/wp\/index.php?rest_route=\/wp\/v2\/types\/page"}],"author":[{"embeddable":true,"href":"https:\/\/deltaimage.de\/wp\/index.php?rest_route=\/wp\/v2\/users\/1"}],"replies":[{"embeddable":true,"href":"https:\/\/deltaimage.de\/wp\/index.php?rest_route=%2Fwp%2Fv2%2Fcomments&post=36632"}],"version-history":[{"count":1,"href":"https:\/\/deltaimage.de\/wp\/index.php?rest_route=\/wp\/v2\/pages\/36632\/revisions"}],"predecessor-version":[{"id":36633,"href":"https:\/\/deltaimage.de\/wp\/index.php?rest_route=\/wp\/v2\/pages\/36632\/revisions\/36633"}],"up":[{"embeddable":true,"href":"https:\/\/deltaimage.de\/wp\/index.php?rest_route=\/wp\/v2\/pages\/44298"}],"wp:featuredmedia":[{"embeddable":true,"href":"https:\/\/deltaimage.de\/wp\/index.php?rest_route=\/wp\/v2\/media\/27102"}],"wp:attachment":[{"href":"https:\/\/deltaimage.de\/wp\/index.php?rest_route=%2Fwp%2Fv2%2Fmedia&parent=36632"}],"curies":[{"name":"wp","href":"https:\/\/api.w.org\/{rel}","templated":true}]}}