{"id":38284,"date":"2022-12-26T11:25:33","date_gmt":"2022-12-26T10:25:33","guid":{"rendered":"https:\/\/deltaimage.de\/wp\/?page_id=38284"},"modified":"2025-06-29T18:19:06","modified_gmt":"2025-06-29T16:19:06","slug":"foto-praesenz-kurse","status":"publish","type":"page","link":"https:\/\/deltaimage.de\/wp\/?page_id=38284","title":{"rendered":"Foto-Pr\u00e4senz-Kurse"},"content":{"rendered":"<p>Unsere beliebten Fotografie Kurse gibt es auch als besonderes Angebote als Fotografie Pr\u00e4senz Kurse in kleinen Workshop Gruppen f\u00fcr ein intensives Lernerlebnis, weiterhin in Dachau. Die TeilnehmerInnen berichten immer wieder \u00fcbereinstimmend, der unmittelbare Austausch untereinander ist ganz besonders wertvoll. So lernt es sich leichter und schneller.<\/p>\n<p>&nbsp;<\/p>\n<h1 style=\"text-align: center;\"><strong>Fotografie lernen f\u00fcr jede Wissensstufe<\/strong><\/h1>\n<div class=\"su-tabs su-tabs-style-default su-tabs-mobile-stack\" data-active=\"1\" data-scroll-offset=\"0\" data-anchor-in-url=\"no\"><div class=\"su-tabs-nav\"><span class=\"\" data-url=\"\" data-target=\"blank\" tabindex=\"0\" role=\"button\">Foto-Kurs: Grundlagen-Kurse<\/span><span class=\"\" data-url=\"\" data-target=\"blank\" tabindex=\"0\" role=\"button\">Foto-Kurs: Einstiegskurse<\/span><span class=\"\" data-url=\"\" data-target=\"blank\" tabindex=\"0\" role=\"button\">Foto-Kurs: Fortgeschrittene<\/span><\/div><div class=\"su-tabs-panes\"><div class=\"su-tabs-pane su-u-clearfix su-u-trim\" data-title=\"Foto-Kurs: Grundlagen-Kurse\">\n<h1><strong>Foto-Kurs: Grundlagen-Kurse<\/strong><\/h1>\n<p>Die Grundlagen-Kurse setzen lediglich ein rudiment\u00e4rer Umgang mit der eigenen Kamera voraus. Wir schalten zuerst die Vollautomatiken der Kamera gemeinsam aus und trauen uns als TeilnehmerInnen zu, eigene gestalterische Schritte zu. Zuerst die kreative \u00dcberlegung wie das Bild aussehen soll und dann die handwerkliche Umsetzung mit den Einstellm\u00f6glichkeiten und der Unterst\u00fctzung durch Automatik-Funktionen.<\/p>\n<p><img data-recalc-dims=\"1\" loading=\"lazy\" decoding=\"async\" data-attachment-id=\"39166\" data-permalink=\"https:\/\/deltaimage.de\/wp\/?attachment_id=39166#main\" data-orig-file=\"https:\/\/i0.wp.com\/deltaimage.de\/wp\/wp-content\/uploads\/PE5D2989_1200.jpg?fit=1200%2C450&amp;ssl=1\" data-orig-size=\"1200,450\" data-comments-opened=\"0\" data-image-meta=\"{&quot;aperture&quot;:&quot;7.1&quot;,&quot;credit&quot;:&quot;Paul Eschbach&quot;,&quot;camera&quot;:&quot;Canon EOS 5DS R&quot;,&quot;caption&quot;:&quot;&quot;,&quot;created_timestamp&quot;:&quot;1650625801&quot;,&quot;copyright&quot;:&quot;DELTA IMAGE&quot;,&quot;focal_length&quot;:&quot;24&quot;,&quot;iso&quot;:&quot;400&quot;,&quot;shutter_speed&quot;:&quot;0.01&quot;,&quot;title&quot;:&quot;&quot;,&quot;orientation&quot;:&quot;0&quot;}\" data-image-title=\"PE5D2989_1200\" data-image-description=\"\" data-image-caption=\"\" data-large-file=\"https:\/\/i0.wp.com\/deltaimage.de\/wp\/wp-content\/uploads\/PE5D2989_1200.jpg?fit=890%2C334&amp;ssl=1\" class=\"aligncenter size-full wp-image-39166\" src=\"https:\/\/i0.wp.com\/deltaimage.de\/wp\/wp-content\/uploads\/PE5D2989_1200.jpg?resize=890%2C334&#038;ssl=1\" alt=\"\" width=\"890\" height=\"334\" srcset=\"https:\/\/i0.wp.com\/deltaimage.de\/wp\/wp-content\/uploads\/PE5D2989_1200.jpg?w=1200&amp;ssl=1 1200w, https:\/\/i0.wp.com\/deltaimage.de\/wp\/wp-content\/uploads\/PE5D2989_1200.jpg?resize=900%2C338&amp;ssl=1 900w, https:\/\/i0.wp.com\/deltaimage.de\/wp\/wp-content\/uploads\/PE5D2989_1200.jpg?resize=300%2C113&amp;ssl=1 300w, https:\/\/i0.wp.com\/deltaimage.de\/wp\/wp-content\/uploads\/PE5D2989_1200.jpg?resize=890%2C334&amp;ssl=1 890w, https:\/\/i0.wp.com\/deltaimage.de\/wp\/wp-content\/uploads\/PE5D2989_1200.jpg?resize=1067%2C400&amp;ssl=1 1067w\" sizes=\"auto, (max-width: 890px) 100vw, 890px\" \/><\/p>\n<p>Am Ende dieses Foto-Kurses haben die TeilnehmerInnen ein ganz neues Gef\u00fchl \u00fcber die Kamera, die so oft \u00fcber Monate und Jahre ohne Benutzung im Schrank lag. Diese aktivieren wir wieder und erleben, dass Fotografie auch viel Spa\u00df bereiten kann, in dem kreativen Umgang mit unserer Umwelt und unseren Erlebnissen.<\/p>\n<p>Die Fotoergebnisse werden schrittweise anders werden &#8211; mehr in Richtung dessen was die FotografIn sich auch vorgestellt hatte, als dies eine Vollautomatik jemals erm\u00f6glichen w\u00fcrde.<\/p>\n<blockquote>\n<pre>G\u00f6nnen Sie sich dieses positive Erlebnis in diesem Fotografie-Kurs-Tag f\u00fcr Einsteiger und Grundlagen.<\/pre>\n<\/blockquote>\n\t\t\t\t<div class=\"jetpack-portfolio-shortcode column-3\">\n\t\t\t\t\t\t\t\t\t<div class=\"portfolio-entry portfolio-entry-column-3 type-fotokurs type-grundkurs portfolio-entry-mobile-first-item-row portfolio-entry-first-item-row\">\n\t\t\t\t\t\t<header class=\"portfolio-entry-header\">\n\t\t\t\t\t\t<a class=\"portfolio-featured-image\" href=\"https:\/\/deltaimage.de\/wp\/?portfolio=grundlagen-der-digitalfotografie\"><img loading=\"lazy\" decoding=\"async\" width=\"890\" height=\"366\" src=\"https:\/\/i0.wp.com\/deltaimage.de\/wp\/wp-content\/uploads\/Banner_Grundlage_1200.jpg?fit=890%2C366&amp;ssl=1\" class=\"attachment-large size-large wp-post-image\" alt=\"\" srcset=\"https:\/\/i0.wp.com\/deltaimage.de\/wp\/wp-content\/uploads\/Banner_Grundlage_1200.jpg?w=1200&amp;ssl=1 1200w, https:\/\/i0.wp.com\/deltaimage.de\/wp\/wp-content\/uploads\/Banner_Grundlage_1200.jpg?resize=900%2C370&amp;ssl=1 900w, https:\/\/i0.wp.com\/deltaimage.de\/wp\/wp-content\/uploads\/Banner_Grundlage_1200.jpg?resize=300%2C123&amp;ssl=1 300w, https:\/\/i0.wp.com\/deltaimage.de\/wp\/wp-content\/uploads\/Banner_Grundlage_1200.jpg?resize=890%2C366&amp;ssl=1 890w, https:\/\/i0.wp.com\/deltaimage.de\/wp\/wp-content\/uploads\/Banner_Grundlage_1200.jpg?resize=1095%2C450&amp;ssl=1 1095w, https:\/\/i0.wp.com\/deltaimage.de\/wp\/wp-content\/uploads\/Banner_Grundlage_1200.jpg?resize=974%2C400&amp;ssl=1 974w\" sizes=\"auto, (max-width: 890px) 100vw, 890px\" data-attachment-id=\"36700\" data-permalink=\"https:\/\/deltaimage.de\/wp\/?attachment_id=36700#main\" data-orig-file=\"https:\/\/i0.wp.com\/deltaimage.de\/wp\/wp-content\/uploads\/Banner_Grundlage_1200.jpg?fit=1200%2C493&amp;ssl=1\" data-orig-size=\"1200,493\" data-comments-opened=\"0\" data-image-meta=\"{&quot;aperture&quot;:&quot;0&quot;,&quot;credit&quot;:&quot;&quot;,&quot;camera&quot;:&quot;&quot;,&quot;caption&quot;:&quot;&quot;,&quot;created_timestamp&quot;:&quot;0&quot;,&quot;copyright&quot;:&quot;&quot;,&quot;focal_length&quot;:&quot;0&quot;,&quot;iso&quot;:&quot;0&quot;,&quot;shutter_speed&quot;:&quot;0&quot;,&quot;title&quot;:&quot;&quot;,&quot;orientation&quot;:&quot;1&quot;}\" data-image-title=\"Banner_Grundlage_1200\" data-image-description=\"\" data-image-caption=\"\" data-large-file=\"https:\/\/i0.wp.com\/deltaimage.de\/wp\/wp-content\/uploads\/Banner_Grundlage_1200.jpg?fit=890%2C366&amp;ssl=1\" \/><\/a>\n\t\t\t\t\t\t<h2 class=\"portfolio-entry-title\"><a href=\"https:\/\/deltaimage.de\/wp\/?portfolio=grundlagen-der-digitalfotografie\" title=\"Grundlagen der Fotografie &#8211; eLearning Kurs\">Grundlagen der Fotografie &#8211; eLearning Kurs<\/a><\/h2>\n\n\t\t\t\t\t\t\t<div class=\"portfolio-entry-meta\">\n\t\t\t\t\t\t\t\t\t\t\t\t\t\t<\/div>\n\n\t\t\t\t\t\t<\/header>\n\n\t\t\t\t\t\t\t\t\t\t\t\t<div class=\"portfolio-entry-content\"><p>Fotokurs \u201eGrundlagen der Fotografie\u201c Die Grundlagen der Fotografie f\u00e4ngt ganz vorne an und ist ganz speziell f\u00fcr alle\u00a0EinsteigerInnen\u00a0und\u00a0AufsteigerInnen\u00a0von der Fotografie auf Knopfdruck gestaltet. Sie k\u00f6nnen Ihre digitale Kamera einschalten und [&hellip;]<\/p>\n<\/div>\n\t\t\t\t\t\t\t\t\t\t\t\t<\/div><!-- close .portfolio-entry -->\n\t\t\t\t\t\t\t\t\t\t<div class=\"portfolio-entry portfolio-entry-column-3 type-fotokurs type-grundkurs portfolio-entry-mobile-last-item-row\">\n\t\t\t\t\t\t<header class=\"portfolio-entry-header\">\n\t\t\t\t\t\t<a class=\"portfolio-featured-image\" href=\"https:\/\/deltaimage.de\/wp\/?portfolio=grundlagen-der-fotografie-praesenz-kurs\"><img loading=\"lazy\" decoding=\"async\" width=\"890\" height=\"366\" src=\"https:\/\/i0.wp.com\/deltaimage.de\/wp\/wp-content\/uploads\/Banner_Grundlage_1200.jpg?fit=890%2C366&amp;ssl=1\" class=\"attachment-large size-large wp-post-image\" alt=\"\" srcset=\"https:\/\/i0.wp.com\/deltaimage.de\/wp\/wp-content\/uploads\/Banner_Grundlage_1200.jpg?w=1200&amp;ssl=1 1200w, https:\/\/i0.wp.com\/deltaimage.de\/wp\/wp-content\/uploads\/Banner_Grundlage_1200.jpg?resize=900%2C370&amp;ssl=1 900w, https:\/\/i0.wp.com\/deltaimage.de\/wp\/wp-content\/uploads\/Banner_Grundlage_1200.jpg?resize=300%2C123&amp;ssl=1 300w, https:\/\/i0.wp.com\/deltaimage.de\/wp\/wp-content\/uploads\/Banner_Grundlage_1200.jpg?resize=890%2C366&amp;ssl=1 890w, https:\/\/i0.wp.com\/deltaimage.de\/wp\/wp-content\/uploads\/Banner_Grundlage_1200.jpg?resize=1095%2C450&amp;ssl=1 1095w, https:\/\/i0.wp.com\/deltaimage.de\/wp\/wp-content\/uploads\/Banner_Grundlage_1200.jpg?resize=974%2C400&amp;ssl=1 974w\" sizes=\"auto, (max-width: 890px) 100vw, 890px\" data-attachment-id=\"36700\" data-permalink=\"https:\/\/deltaimage.de\/wp\/?attachment_id=36700#main\" data-orig-file=\"https:\/\/i0.wp.com\/deltaimage.de\/wp\/wp-content\/uploads\/Banner_Grundlage_1200.jpg?fit=1200%2C493&amp;ssl=1\" data-orig-size=\"1200,493\" data-comments-opened=\"0\" data-image-meta=\"{&quot;aperture&quot;:&quot;0&quot;,&quot;credit&quot;:&quot;&quot;,&quot;camera&quot;:&quot;&quot;,&quot;caption&quot;:&quot;&quot;,&quot;created_timestamp&quot;:&quot;0&quot;,&quot;copyright&quot;:&quot;&quot;,&quot;focal_length&quot;:&quot;0&quot;,&quot;iso&quot;:&quot;0&quot;,&quot;shutter_speed&quot;:&quot;0&quot;,&quot;title&quot;:&quot;&quot;,&quot;orientation&quot;:&quot;1&quot;}\" data-image-title=\"Banner_Grundlage_1200\" data-image-description=\"\" data-image-caption=\"\" data-large-file=\"https:\/\/i0.wp.com\/deltaimage.de\/wp\/wp-content\/uploads\/Banner_Grundlage_1200.jpg?fit=890%2C366&amp;ssl=1\" \/><\/a>\n\t\t\t\t\t\t<h2 class=\"portfolio-entry-title\"><a href=\"https:\/\/deltaimage.de\/wp\/?portfolio=grundlagen-der-fotografie-praesenz-kurs\" title=\"Grundlagen der Fotografie &#8211; Pr\u00e4senz-Kurs\">Grundlagen der Fotografie &#8211; Pr\u00e4senz-Kurs<\/a><\/h2>\n\n\t\t\t\t\t\t\t<div class=\"portfolio-entry-meta\">\n\t\t\t\t\t\t\t\t\t\t\t\t\t\t<\/div>\n\n\t\t\t\t\t\t<\/header>\n\n\t\t\t\t\t\t\t\t\t\t\t\t<div class=\"portfolio-entry-content\"><p>Fotokurs \u201eGrundlagen der Fotografie\u201c Die Grundlagen der Fotografie f\u00e4ngt ganz vorne an und ist ganz speziell f\u00fcr alle\u00a0EinsteigerInnen\u00a0und\u00a0AufsteigerInnen\u00a0von der Fotografie auf Knopfdruck gestaltet. Sie k\u00f6nnen Ihre digitale Kamera einschalten und [&hellip;]<\/p>\n<\/div>\n\t\t\t\t\t\t\t\t\t\t\t\t<\/div><!-- close .portfolio-entry -->\n\t\t\t\t\t\t\t\t\t<\/div><!-- close .jetpack-portfolio -->\n\t\t\t\t\n<\/div>\n<div class=\"su-tabs-pane su-u-clearfix su-u-trim\" data-title=\"Foto-Kurs: Einstiegskurse\">\n<h1><strong>Foto-Kurs: Einstiegskurse<\/strong><\/h1>\n<p>Jetzt kann der kreative und der handwerkliche Gestaltungsprozess weiter gehen. In den Einstiegs-Kursen f\u00fchren wir die FotografIn an die interessanten und spannenden Themen und M\u00f6glichkeiten der digitalen Fotografie heran. Es sind ganz gezielt Einstiegskurse, ohne spezifische Grundkenntnisse zur jeweiligen Thema. Raus aus der gr\u00fcnen Vollautomatik in den Grundkursen und nun kann die FotografIn ihre Gestaltung schrittweise in den fotografischen Prozess und das Endergebnis auf dem Tisch oder an der Wand einbringen. Die Kamera nimmt nicht mehr die Entscheidungen ab, sondern erleichtert und unterst\u00fctzt den kreativen und den handwerklichen Prozess.<\/p>\n<p><img data-recalc-dims=\"1\" loading=\"lazy\" decoding=\"async\" data-attachment-id=\"38342\" data-permalink=\"https:\/\/deltaimage.de\/wp\/?attachment_id=38342#main\" data-orig-file=\"https:\/\/i0.wp.com\/deltaimage.de\/wp\/wp-content\/uploads\/camera-1500826_1920_1200.jpg?fit=1200%2C450&amp;ssl=1\" data-orig-size=\"1200,450\" data-comments-opened=\"0\" data-image-meta=\"{&quot;aperture&quot;:&quot;0&quot;,&quot;credit&quot;:&quot;&quot;,&quot;camera&quot;:&quot;&quot;,&quot;caption&quot;:&quot;&quot;,&quot;created_timestamp&quot;:&quot;0&quot;,&quot;copyright&quot;:&quot;&quot;,&quot;focal_length&quot;:&quot;0&quot;,&quot;iso&quot;:&quot;0&quot;,&quot;shutter_speed&quot;:&quot;0&quot;,&quot;title&quot;:&quot;&quot;,&quot;orientation&quot;:&quot;0&quot;}\" data-image-title=\"camera-1500826_1920_1200\" data-image-description=\"\" data-image-caption=\"\" data-large-file=\"https:\/\/i0.wp.com\/deltaimage.de\/wp\/wp-content\/uploads\/camera-1500826_1920_1200.jpg?fit=890%2C334&amp;ssl=1\" class=\"aligncenter size-full wp-image-38342\" src=\"https:\/\/i0.wp.com\/deltaimage.de\/wp\/wp-content\/uploads\/camera-1500826_1920_1200.jpg?resize=890%2C334&#038;ssl=1\" alt=\"\" width=\"890\" height=\"334\" srcset=\"https:\/\/i0.wp.com\/deltaimage.de\/wp\/wp-content\/uploads\/camera-1500826_1920_1200.jpg?w=1200&amp;ssl=1 1200w, https:\/\/i0.wp.com\/deltaimage.de\/wp\/wp-content\/uploads\/camera-1500826_1920_1200.jpg?resize=900%2C338&amp;ssl=1 900w, https:\/\/i0.wp.com\/deltaimage.de\/wp\/wp-content\/uploads\/camera-1500826_1920_1200.jpg?resize=300%2C113&amp;ssl=1 300w, https:\/\/i0.wp.com\/deltaimage.de\/wp\/wp-content\/uploads\/camera-1500826_1920_1200.jpg?resize=890%2C334&amp;ssl=1 890w, https:\/\/i0.wp.com\/deltaimage.de\/wp\/wp-content\/uploads\/camera-1500826_1920_1200.jpg?resize=1067%2C400&amp;ssl=1 1067w\" sizes=\"auto, (max-width: 890px) 100vw, 890px\" \/><\/p>\n<p>Dies ist die Grundlage, dass wir darauf aufbauend die Zielgruppe in die Gestaltung von Bildern einf\u00fchren.<\/p>\n<blockquote>\n<pre>Wir k\u00f6nnen ein Motiv auf 1000 Arten fotografieren.\r\nWas macht jedoch ein gutes Bild aus?<\/pre>\n<\/blockquote>\n<p>In der heutigen Medien\u00fcberflutung m\u00fcssen wir schon froh sein, wenn unser Bild eine Sekunde Aufmerksamkeit beim Betrachter erwirken kann. Das ist schon 199Mall\u00e4nger als alle anderen Fotos betrachtet werden.<\/p>\n\t\t\t\t<div class=\"jetpack-portfolio-shortcode column-3\">\n\t\t\t\t\t\t\t\t\t<div class=\"portfolio-entry portfolio-entry-column-3 type-einstiegskurs type-fotokurs portfolio-entry-mobile-first-item-row portfolio-entry-first-item-row\">\n\t\t\t\t\t\t<header class=\"portfolio-entry-header\">\n\t\t\t\t\t\t<a class=\"portfolio-featured-image\" href=\"https:\/\/deltaimage.de\/wp\/?portfolio=fotografie-blitz-11-2017-dachau\"><img loading=\"lazy\" decoding=\"async\" width=\"890\" height=\"362\" src=\"https:\/\/i0.wp.com\/deltaimage.de\/wp\/wp-content\/uploads\/Banner_Blitz_1200.jpg?fit=890%2C362&amp;ssl=1\" class=\"attachment-large size-large wp-post-image\" alt=\"\" srcset=\"https:\/\/i0.wp.com\/deltaimage.de\/wp\/wp-content\/uploads\/Banner_Blitz_1200.jpg?w=1200&amp;ssl=1 1200w, https:\/\/i0.wp.com\/deltaimage.de\/wp\/wp-content\/uploads\/Banner_Blitz_1200.jpg?resize=900%2C366&amp;ssl=1 900w, https:\/\/i0.wp.com\/deltaimage.de\/wp\/wp-content\/uploads\/Banner_Blitz_1200.jpg?resize=300%2C122&amp;ssl=1 300w, https:\/\/i0.wp.com\/deltaimage.de\/wp\/wp-content\/uploads\/Banner_Blitz_1200.jpg?resize=890%2C362&amp;ssl=1 890w, https:\/\/i0.wp.com\/deltaimage.de\/wp\/wp-content\/uploads\/Banner_Blitz_1200.jpg?resize=1107%2C450&amp;ssl=1 1107w, https:\/\/i0.wp.com\/deltaimage.de\/wp\/wp-content\/uploads\/Banner_Blitz_1200.jpg?resize=984%2C400&amp;ssl=1 984w\" sizes=\"auto, (max-width: 890px) 100vw, 890px\" data-attachment-id=\"36697\" data-permalink=\"https:\/\/deltaimage.de\/wp\/?attachment_id=36697#main\" data-orig-file=\"https:\/\/i0.wp.com\/deltaimage.de\/wp\/wp-content\/uploads\/Banner_Blitz_1200.jpg?fit=1200%2C488&amp;ssl=1\" data-orig-size=\"1200,488\" data-comments-opened=\"0\" data-image-meta=\"{&quot;aperture&quot;:&quot;0&quot;,&quot;credit&quot;:&quot;&quot;,&quot;camera&quot;:&quot;&quot;,&quot;caption&quot;:&quot;&quot;,&quot;created_timestamp&quot;:&quot;0&quot;,&quot;copyright&quot;:&quot;&quot;,&quot;focal_length&quot;:&quot;0&quot;,&quot;iso&quot;:&quot;0&quot;,&quot;shutter_speed&quot;:&quot;0&quot;,&quot;title&quot;:&quot;&quot;,&quot;orientation&quot;:&quot;1&quot;}\" data-image-title=\"Banner_Blitz_1200\" data-image-description=\"\" data-image-caption=\"\" data-large-file=\"https:\/\/i0.wp.com\/deltaimage.de\/wp\/wp-content\/uploads\/Banner_Blitz_1200.jpg?fit=890%2C362&amp;ssl=1\" \/><\/a>\n\t\t\t\t\t\t<h2 class=\"portfolio-entry-title\"><a href=\"https:\/\/deltaimage.de\/wp\/?portfolio=fotografie-blitz-11-2017-dachau\" title=\"Blitzlicht Fotografie\">Blitzlicht Fotografie<\/a><\/h2>\n\n\t\t\t\t\t\t\t<div class=\"portfolio-entry-meta\">\n\t\t\t\t\t\t\t\t\t\t\t\t\t\t<\/div>\n\n\t\t\t\t\t\t<\/header>\n\n\t\t\t\t\t\t\t\t\t\t\t\t<div class=\"portfolio-entry-content\"><p>Gestalten Sie mit Blitzlicht Ihre Fotos Blitzlicht erweitert die fotografischen M\u00f6glichkeiten bei Tag und bei Nacht. Die dunkle Jahreszeit ist f\u00fcr das Blitzlicht ideal. Lernen Sie von unseren Instruktoren das [&hellip;]<\/p>\n<\/div>\n\t\t\t\t\t\t\t\t\t\t\t\t<\/div><!-- close .portfolio-entry -->\n\t\t\t\t\t\t\t\t\t\t<div class=\"portfolio-entry portfolio-entry-column-3 type-einstiegskurs type-fotokurs portfolio-entry-mobile-last-item-row\">\n\t\t\t\t\t\t<header class=\"portfolio-entry-header\">\n\t\t\t\t\t\t<a class=\"portfolio-featured-image\" href=\"https:\/\/deltaimage.de\/wp\/?portfolio=digitale-bildbearbeitung\"><img loading=\"lazy\" decoding=\"async\" width=\"890\" height=\"363\" src=\"https:\/\/i0.wp.com\/deltaimage.de\/wp\/wp-content\/uploads\/Banner_Bildbearbeitung_1200.png?fit=890%2C363&amp;ssl=1\" class=\"attachment-large size-large wp-post-image\" alt=\"\" srcset=\"https:\/\/i0.wp.com\/deltaimage.de\/wp\/wp-content\/uploads\/Banner_Bildbearbeitung_1200.png?w=1200&amp;ssl=1 1200w, https:\/\/i0.wp.com\/deltaimage.de\/wp\/wp-content\/uploads\/Banner_Bildbearbeitung_1200.png?resize=900%2C368&amp;ssl=1 900w, https:\/\/i0.wp.com\/deltaimage.de\/wp\/wp-content\/uploads\/Banner_Bildbearbeitung_1200.png?resize=300%2C123&amp;ssl=1 300w, https:\/\/i0.wp.com\/deltaimage.de\/wp\/wp-content\/uploads\/Banner_Bildbearbeitung_1200.png?resize=890%2C363&amp;ssl=1 890w, https:\/\/i0.wp.com\/deltaimage.de\/wp\/wp-content\/uploads\/Banner_Bildbearbeitung_1200.png?resize=1102%2C450&amp;ssl=1 1102w, https:\/\/i0.wp.com\/deltaimage.de\/wp\/wp-content\/uploads\/Banner_Bildbearbeitung_1200.png?resize=980%2C400&amp;ssl=1 980w\" sizes=\"auto, (max-width: 890px) 100vw, 890px\" data-attachment-id=\"36698\" data-permalink=\"https:\/\/deltaimage.de\/wp\/?attachment_id=36698#main\" data-orig-file=\"https:\/\/i0.wp.com\/deltaimage.de\/wp\/wp-content\/uploads\/Banner_Bildbearbeitung_1200.png?fit=1200%2C490&amp;ssl=1\" data-orig-size=\"1200,490\" data-comments-opened=\"0\" data-image-meta=\"{&quot;aperture&quot;:&quot;0&quot;,&quot;credit&quot;:&quot;&quot;,&quot;camera&quot;:&quot;&quot;,&quot;caption&quot;:&quot;&quot;,&quot;created_timestamp&quot;:&quot;0&quot;,&quot;copyright&quot;:&quot;&quot;,&quot;focal_length&quot;:&quot;0&quot;,&quot;iso&quot;:&quot;0&quot;,&quot;shutter_speed&quot;:&quot;0&quot;,&quot;title&quot;:&quot;&quot;,&quot;orientation&quot;:&quot;0&quot;}\" data-image-title=\"Banner_Bildbearbeitung_1200\" data-image-description=\"\" data-image-caption=\"\" data-large-file=\"https:\/\/i0.wp.com\/deltaimage.de\/wp\/wp-content\/uploads\/Banner_Bildbearbeitung_1200.png?fit=890%2C363&amp;ssl=1\" \/><\/a>\n\t\t\t\t\t\t<h2 class=\"portfolio-entry-title\"><a href=\"https:\/\/deltaimage.de\/wp\/?portfolio=digitale-bildbearbeitung\" title=\"Digitale Bildbearbeitung\">Digitale Bildbearbeitung<\/a><\/h2>\n\n\t\t\t\t\t\t\t<div class=\"portfolio-entry-meta\">\n\t\t\t\t\t\t\t\t\t\t\t\t\t\t<\/div>\n\n\t\t\t\t\t\t<\/header>\n\n\t\t\t\t\t\t\t\t\t\t\t\t<div class=\"portfolio-entry-content\"><p>Bildbearbeitung von digitalen Fotos f\u00fcr Einsteiger und Fortgeschrittene Digitale Bildbearbeitung geht jede Fotografin\/Fotografen an. Die digitalen Fotos auf der Speicherkarte k\u00f6nnen zur Vollendung der Bildwirkung am Computer weiter verfeinert werden. [&hellip;]<\/p>\n<\/div>\n\t\t\t\t\t\t\t\t\t\t\t\t<\/div><!-- close .portfolio-entry -->\n\t\t\t\t\t\t\t\t\t\t<div class=\"portfolio-entry portfolio-entry-column-3 type-einstiegskurs type-fotokurs portfolio-entry-mobile-first-item-row portfolio-entry-last-item-row\">\n\t\t\t\t\t\t<header class=\"portfolio-entry-header\">\n\t\t\t\t\t\t<a class=\"portfolio-featured-image\" href=\"https:\/\/deltaimage.de\/wp\/?portfolio=eigenes-fotobuch-erstellen\"><img loading=\"lazy\" decoding=\"async\" width=\"890\" height=\"361\" src=\"https:\/\/i0.wp.com\/deltaimage.de\/wp\/wp-content\/uploads\/Banner_Fotobuch_1200.jpg?fit=890%2C361&amp;ssl=1\" class=\"attachment-large size-large wp-post-image\" alt=\"\" srcset=\"https:\/\/i0.wp.com\/deltaimage.de\/wp\/wp-content\/uploads\/Banner_Fotobuch_1200.jpg?w=1200&amp;ssl=1 1200w, https:\/\/i0.wp.com\/deltaimage.de\/wp\/wp-content\/uploads\/Banner_Fotobuch_1200.jpg?resize=900%2C365&amp;ssl=1 900w, https:\/\/i0.wp.com\/deltaimage.de\/wp\/wp-content\/uploads\/Banner_Fotobuch_1200.jpg?resize=300%2C122&amp;ssl=1 300w, https:\/\/i0.wp.com\/deltaimage.de\/wp\/wp-content\/uploads\/Banner_Fotobuch_1200.jpg?resize=890%2C361&amp;ssl=1 890w, https:\/\/i0.wp.com\/deltaimage.de\/wp\/wp-content\/uploads\/Banner_Fotobuch_1200.jpg?resize=1109%2C450&amp;ssl=1 1109w, https:\/\/i0.wp.com\/deltaimage.de\/wp\/wp-content\/uploads\/Banner_Fotobuch_1200.jpg?resize=986%2C400&amp;ssl=1 986w\" sizes=\"auto, (max-width: 890px) 100vw, 890px\" data-attachment-id=\"36696\" data-permalink=\"https:\/\/deltaimage.de\/wp\/?attachment_id=36696#main\" data-orig-file=\"https:\/\/i0.wp.com\/deltaimage.de\/wp\/wp-content\/uploads\/Banner_Fotobuch_1200.jpg?fit=1200%2C487&amp;ssl=1\" data-orig-size=\"1200,487\" data-comments-opened=\"0\" data-image-meta=\"{&quot;aperture&quot;:&quot;0&quot;,&quot;credit&quot;:&quot;&quot;,&quot;camera&quot;:&quot;&quot;,&quot;caption&quot;:&quot;&quot;,&quot;created_timestamp&quot;:&quot;0&quot;,&quot;copyright&quot;:&quot;&quot;,&quot;focal_length&quot;:&quot;0&quot;,&quot;iso&quot;:&quot;0&quot;,&quot;shutter_speed&quot;:&quot;0&quot;,&quot;title&quot;:&quot;&quot;,&quot;orientation&quot;:&quot;1&quot;}\" data-image-title=\"Banner_Fotobuch_1200\" data-image-description=\"\" data-image-caption=\"\" data-large-file=\"https:\/\/i0.wp.com\/deltaimage.de\/wp\/wp-content\/uploads\/Banner_Fotobuch_1200.jpg?fit=890%2C361&amp;ssl=1\" \/><\/a>\n\t\t\t\t\t\t<h2 class=\"portfolio-entry-title\"><a href=\"https:\/\/deltaimage.de\/wp\/?portfolio=eigenes-fotobuch-erstellen\" title=\"Fotografie gestalten: Eigenes Fotobuch erstellen\">Fotografie gestalten: Eigenes Fotobuch erstellen<\/a><\/h2>\n\n\t\t\t\t\t\t\t<div class=\"portfolio-entry-meta\">\n\t\t\t\t\t\t\t\t\t\t\t\t\t\t<\/div>\n\n\t\t\t\t\t\t<\/header>\n\n\t\t\t\t\t\t\t\t\t\t\t\t<div class=\"portfolio-entry-content\"><p>Erstellen von Fotob\u00fcchern f\u00fcr Einsteiger und Fortgeschrittene Impressionen und Erlebnisse mit anderen lieben Menschen zu Teilen und das Erlebte in einer schnelllebigen Welt f\u00fcr sich selbst, oder f\u00fcr andere zu [&hellip;]<\/p>\n<\/div>\n\t\t\t\t\t\t\t\t\t\t\t\t<\/div><!-- close .portfolio-entry -->\n\t\t\t\t\t\t\t\t\t<\/div><!-- close .jetpack-portfolio -->\n\t\t\t\t\n<\/div>\n<div class=\"su-tabs-pane su-u-clearfix su-u-trim\" data-title=\"Foto-Kurs: Fortgeschrittene\">\n<h1><strong>Foto-Kurs: Fortgeschrittene<\/strong><\/h1>\n<p>Wir bauen auf dem Erreichten auf und erweitern das Wissen und den Umgang mit der digitalen Kamera. Die Grundlage der Bedienung wird immer mehr zur Routine und es bleibt immer mehr Zeit und Mu\u00dfe sich um die Gestaltung des Fotos auch zu k\u00fcmmern und zu bem\u00fchen.<\/p>\n<p><img data-recalc-dims=\"1\" loading=\"lazy\" decoding=\"async\" data-attachment-id=\"29586\" data-permalink=\"https:\/\/deltaimage.de\/wp\/?attachment_id=29586#main\" data-orig-file=\"https:\/\/i0.wp.com\/deltaimage.de\/wp\/wp-content\/uploads\/PE5D1695_1200.jpg?fit=1200%2C450&amp;ssl=1\" data-orig-size=\"1200,450\" data-comments-opened=\"0\" data-image-meta=\"{&quot;aperture&quot;:&quot;4&quot;,&quot;credit&quot;:&quot;Paul Eschbach&quot;,&quot;camera&quot;:&quot;Canon EOS 5DS R&quot;,&quot;caption&quot;:&quot;&quot;,&quot;created_timestamp&quot;:&quot;1627642273&quot;,&quot;copyright&quot;:&quot;DELTA IMAGE&quot;,&quot;focal_length&quot;:&quot;25&quot;,&quot;iso&quot;:&quot;800&quot;,&quot;shutter_speed&quot;:&quot;0.0015625&quot;,&quot;title&quot;:&quot;&quot;,&quot;orientation&quot;:&quot;0&quot;}\" data-image-title=\"PE5D1695_1200\" data-image-description=\"\" data-image-caption=\"\" data-large-file=\"https:\/\/i0.wp.com\/deltaimage.de\/wp\/wp-content\/uploads\/PE5D1695_1200.jpg?fit=890%2C334&amp;ssl=1\" class=\"aligncenter size-medium wp-image-29586\" src=\"https:\/\/i0.wp.com\/deltaimage.de\/wp\/wp-content\/uploads\/PE5D1695_1200.jpg?resize=890%2C334&#038;ssl=1\" alt=\"\" width=\"890\" height=\"334\" srcset=\"https:\/\/i0.wp.com\/deltaimage.de\/wp\/wp-content\/uploads\/PE5D1695_1200.jpg?resize=900%2C338&amp;ssl=1 900w, https:\/\/i0.wp.com\/deltaimage.de\/wp\/wp-content\/uploads\/PE5D1695_1200.jpg?resize=300%2C113&amp;ssl=1 300w, https:\/\/i0.wp.com\/deltaimage.de\/wp\/wp-content\/uploads\/PE5D1695_1200.jpg?resize=890%2C334&amp;ssl=1 890w, https:\/\/i0.wp.com\/deltaimage.de\/wp\/wp-content\/uploads\/PE5D1695_1200.jpg?resize=1067%2C400&amp;ssl=1 1067w, https:\/\/i0.wp.com\/deltaimage.de\/wp\/wp-content\/uploads\/PE5D1695_1200.jpg?w=1200&amp;ssl=1 1200w\" sizes=\"auto, (max-width: 890px) 100vw, 890px\" \/><\/p>\n<p>Da d\u00fcrfen auch neue Fototechniken, andere Ausr\u00fcstungsgegenst\u00e4nde und vor allem auch neue und ganz andersartige Motivbereiche hinzukommen.<\/p>\n<p>&nbsp;<\/p>\n\t\t\t\t<div class=\"jetpack-portfolio-shortcode column-3\">\n\t\t\t\t\t\t\t\t\t<div class=\"portfolio-entry portfolio-entry-column-3 type-fortgeschrittenenkurs type-fotokurs type-fotoworkshop type-home portfolio-entry-mobile-first-item-row portfolio-entry-first-item-row\">\n\t\t\t\t\t\t<header class=\"portfolio-entry-header\">\n\t\t\t\t\t\t<a class=\"portfolio-featured-image\" href=\"https:\/\/deltaimage.de\/wp\/?portfolio=naturfototage-fuerstenfeld-hoch-und-niedermoor-fotografisch-erleben\"><img loading=\"lazy\" decoding=\"async\" width=\"890\" height=\"363\" src=\"https:\/\/i0.wp.com\/deltaimage.de\/wp\/wp-content\/uploads\/Banner_Naturfototage_Haspelmoor_1200.jpg?fit=890%2C363&amp;ssl=1\" class=\"attachment-large size-large wp-post-image\" alt=\"\" srcset=\"https:\/\/i0.wp.com\/deltaimage.de\/wp\/wp-content\/uploads\/Banner_Naturfototage_Haspelmoor_1200.jpg?w=1200&amp;ssl=1 1200w, https:\/\/i0.wp.com\/deltaimage.de\/wp\/wp-content\/uploads\/Banner_Naturfototage_Haspelmoor_1200.jpg?resize=300%2C122&amp;ssl=1 300w, https:\/\/i0.wp.com\/deltaimage.de\/wp\/wp-content\/uploads\/Banner_Naturfototage_Haspelmoor_1200.jpg?resize=900%2C367&amp;ssl=1 900w, https:\/\/i0.wp.com\/deltaimage.de\/wp\/wp-content\/uploads\/Banner_Naturfototage_Haspelmoor_1200.jpg?resize=890%2C363&amp;ssl=1 890w, https:\/\/i0.wp.com\/deltaimage.de\/wp\/wp-content\/uploads\/Banner_Naturfototage_Haspelmoor_1200.jpg?resize=1104%2C450&amp;ssl=1 1104w, https:\/\/i0.wp.com\/deltaimage.de\/wp\/wp-content\/uploads\/Banner_Naturfototage_Haspelmoor_1200.jpg?resize=982%2C400&amp;ssl=1 982w\" sizes=\"auto, (max-width: 890px) 100vw, 890px\" data-attachment-id=\"27101\" data-permalink=\"https:\/\/deltaimage.de\/wp\/?attachment_id=27101#main\" data-orig-file=\"https:\/\/i0.wp.com\/deltaimage.de\/wp\/wp-content\/uploads\/Banner_Naturfototage_Haspelmoor_1200.jpg?fit=1200%2C489&amp;ssl=1\" data-orig-size=\"1200,489\" data-comments-opened=\"1\" data-image-meta=\"{&quot;aperture&quot;:&quot;0&quot;,&quot;credit&quot;:&quot;&quot;,&quot;camera&quot;:&quot;&quot;,&quot;caption&quot;:&quot;&quot;,&quot;created_timestamp&quot;:&quot;0&quot;,&quot;copyright&quot;:&quot;&quot;,&quot;focal_length&quot;:&quot;0&quot;,&quot;iso&quot;:&quot;0&quot;,&quot;shutter_speed&quot;:&quot;0&quot;,&quot;title&quot;:&quot;&quot;,&quot;orientation&quot;:&quot;1&quot;}\" data-image-title=\"Banner_Naturfototage_Haspelmoor_1200\" data-image-description=\"\" data-image-caption=\"\" data-large-file=\"https:\/\/i0.wp.com\/deltaimage.de\/wp\/wp-content\/uploads\/Banner_Naturfototage_Haspelmoor_1200.jpg?fit=890%2C363&amp;ssl=1\" \/><\/a>\n\t\t\t\t\t\t<h2 class=\"portfolio-entry-title\"><a href=\"https:\/\/deltaimage.de\/wp\/?portfolio=naturfototage-fuerstenfeld-hoch-und-niedermoor-fotografisch-erleben\" title=\"Naturfototage F\u00fcrstenfeld &#8211; Hoch- und Niedermoor fotografisch erleben\">Naturfototage F\u00fcrstenfeld &#8211; Hoch- und Niedermoor fotografisch erleben<\/a><\/h2>\n\n\t\t\t\t\t\t\t<div class=\"portfolio-entry-meta\">\n\t\t\t\t\t\t\t\t\t\t\t\t\t\t<\/div>\n\n\t\t\t\t\t\t<\/header>\n\n\t\t\t\t\t\t\t\t\t\t\t\t<div class=\"portfolio-entry-content\"><p>Naturfototage und Naturfotografie erleben vor der eigenen Haust\u00fcre In den Multivisions Shows zeigen die Referenten die sch\u00f6nsten Impressionen aus der ganzen weiten Welt. Afrika, Australien und S\u00fcdamerika, wenn es schon [&hellip;]<\/p>\n<\/div>\n\t\t\t\t\t\t\t\t\t\t\t\t<\/div><!-- close .portfolio-entry -->\n\t\t\t\t\t\t\t\t\t\t<div class=\"portfolio-entry portfolio-entry-column-3 type-fortgeschrittenenkurs type-fotokurs type-fotoworkshop type-home portfolio-entry-mobile-last-item-row\">\n\t\t\t\t\t\t<header class=\"portfolio-entry-header\">\n\t\t\t\t\t\t<a class=\"portfolio-featured-image\" href=\"https:\/\/deltaimage.de\/wp\/?portfolio=naturfototage-fuerstenfeld-fotowalk-fuerstenfeld-architektur-und-technik\"><img loading=\"lazy\" decoding=\"async\" width=\"890\" height=\"363\" src=\"https:\/\/i0.wp.com\/deltaimage.de\/wp\/wp-content\/uploads\/Banner_Naturfototage_Architektur_1200-1.jpg?fit=890%2C363&amp;ssl=1\" class=\"attachment-large size-large wp-post-image\" alt=\"\" srcset=\"https:\/\/i0.wp.com\/deltaimage.de\/wp\/wp-content\/uploads\/Banner_Naturfototage_Architektur_1200-1.jpg?w=1200&amp;ssl=1 1200w, https:\/\/i0.wp.com\/deltaimage.de\/wp\/wp-content\/uploads\/Banner_Naturfototage_Architektur_1200-1.jpg?resize=300%2C123&amp;ssl=1 300w, https:\/\/i0.wp.com\/deltaimage.de\/wp\/wp-content\/uploads\/Banner_Naturfototage_Architektur_1200-1.jpg?resize=900%2C368&amp;ssl=1 900w, https:\/\/i0.wp.com\/deltaimage.de\/wp\/wp-content\/uploads\/Banner_Naturfototage_Architektur_1200-1.jpg?resize=890%2C363&amp;ssl=1 890w, https:\/\/i0.wp.com\/deltaimage.de\/wp\/wp-content\/uploads\/Banner_Naturfototage_Architektur_1200-1.jpg?resize=1102%2C450&amp;ssl=1 1102w, https:\/\/i0.wp.com\/deltaimage.de\/wp\/wp-content\/uploads\/Banner_Naturfototage_Architektur_1200-1.jpg?resize=980%2C400&amp;ssl=1 980w\" sizes=\"auto, (max-width: 890px) 100vw, 890px\" data-attachment-id=\"27095\" data-permalink=\"https:\/\/deltaimage.de\/wp\/?attachment_id=27095#main\" data-orig-file=\"https:\/\/i0.wp.com\/deltaimage.de\/wp\/wp-content\/uploads\/Banner_Naturfototage_Architektur_1200-1.jpg?fit=1200%2C490&amp;ssl=1\" data-orig-size=\"1200,490\" data-comments-opened=\"1\" data-image-meta=\"{&quot;aperture&quot;:&quot;0&quot;,&quot;credit&quot;:&quot;&quot;,&quot;camera&quot;:&quot;&quot;,&quot;caption&quot;:&quot;&quot;,&quot;created_timestamp&quot;:&quot;0&quot;,&quot;copyright&quot;:&quot;&quot;,&quot;focal_length&quot;:&quot;0&quot;,&quot;iso&quot;:&quot;0&quot;,&quot;shutter_speed&quot;:&quot;0&quot;,&quot;title&quot;:&quot;&quot;,&quot;orientation&quot;:&quot;1&quot;}\" data-image-title=\"Banner_Naturfototage_Architektur_1200\" data-image-description=\"\" data-image-caption=\"\" data-large-file=\"https:\/\/i0.wp.com\/deltaimage.de\/wp\/wp-content\/uploads\/Banner_Naturfototage_Architektur_1200-1.jpg?fit=890%2C363&amp;ssl=1\" \/><\/a>\n\t\t\t\t\t\t<h2 class=\"portfolio-entry-title\"><a href=\"https:\/\/deltaimage.de\/wp\/?portfolio=naturfototage-fuerstenfeld-fotowalk-fuerstenfeld-architektur-und-technik\" title=\"Naturfototage F\u00fcrstenfeld &#8211; Fotowalk F\u00fcrstenfeld Architektur und Technik\">Naturfototage F\u00fcrstenfeld &#8211; Fotowalk F\u00fcrstenfeld Architektur und Technik<\/a><\/h2>\n\n\t\t\t\t\t\t\t<div class=\"portfolio-entry-meta\">\n\t\t\t\t\t\t\t\t\t\t\t\t\t\t<\/div>\n\n\t\t\t\t\t\t<\/header>\n\n\t\t\t\t\t\t\t\t\t\t\t\t<div class=\"portfolio-entry-content\"><p>Naturfototage und Fotografie erleben vor der eigenen Haust\u00fcre Im Rahmen der Naturfototage F\u00fcrstenfeld im Forum F\u00fcrstenfeld bei F\u00fcrstenfeldbruck bietet Paul Eschbach erstmalig einen gang neuen Workshop Architektur und Technik an. [&hellip;]<\/p>\n<\/div>\n\t\t\t\t\t\t\t\t\t\t\t\t<\/div><!-- close .portfolio-entry -->\n\t\t\t\t\t\t\t\t\t\t<div class=\"portfolio-entry portfolio-entry-column-3 type-fortgeschrittenenkurs type-fotokurs portfolio-entry-mobile-first-item-row portfolio-entry-last-item-row\">\n\t\t\t\t\t\t<header class=\"portfolio-entry-header\">\n\t\t\t\t\t\t<a class=\"portfolio-featured-image\" href=\"https:\/\/deltaimage.de\/wp\/?portfolio=aufbaukurs-fuer-fortgeschrittene\"><img loading=\"lazy\" decoding=\"async\" width=\"890\" height=\"363\" src=\"https:\/\/i0.wp.com\/deltaimage.de\/wp\/wp-content\/uploads\/Banner_Aufbau_1200.jpg?fit=890%2C363&amp;ssl=1\" class=\"attachment-large size-large wp-post-image\" alt=\"\" srcset=\"https:\/\/i0.wp.com\/deltaimage.de\/wp\/wp-content\/uploads\/Banner_Aufbau_1200.jpg?w=1200&amp;ssl=1 1200w, https:\/\/i0.wp.com\/deltaimage.de\/wp\/wp-content\/uploads\/Banner_Aufbau_1200.jpg?resize=900%2C368&amp;ssl=1 900w, https:\/\/i0.wp.com\/deltaimage.de\/wp\/wp-content\/uploads\/Banner_Aufbau_1200.jpg?resize=300%2C123&amp;ssl=1 300w, https:\/\/i0.wp.com\/deltaimage.de\/wp\/wp-content\/uploads\/Banner_Aufbau_1200.jpg?resize=890%2C363&amp;ssl=1 890w, https:\/\/i0.wp.com\/deltaimage.de\/wp\/wp-content\/uploads\/Banner_Aufbau_1200.jpg?resize=1102%2C450&amp;ssl=1 1102w, https:\/\/i0.wp.com\/deltaimage.de\/wp\/wp-content\/uploads\/Banner_Aufbau_1200.jpg?resize=980%2C400&amp;ssl=1 980w\" sizes=\"auto, (max-width: 890px) 100vw, 890px\" data-attachment-id=\"36695\" data-permalink=\"https:\/\/deltaimage.de\/wp\/?attachment_id=36695#main\" data-orig-file=\"https:\/\/i0.wp.com\/deltaimage.de\/wp\/wp-content\/uploads\/Banner_Aufbau_1200.jpg?fit=1200%2C490&amp;ssl=1\" data-orig-size=\"1200,490\" data-comments-opened=\"0\" data-image-meta=\"{&quot;aperture&quot;:&quot;0&quot;,&quot;credit&quot;:&quot;&quot;,&quot;camera&quot;:&quot;&quot;,&quot;caption&quot;:&quot;&quot;,&quot;created_timestamp&quot;:&quot;0&quot;,&quot;copyright&quot;:&quot;&quot;,&quot;focal_length&quot;:&quot;0&quot;,&quot;iso&quot;:&quot;0&quot;,&quot;shutter_speed&quot;:&quot;0&quot;,&quot;title&quot;:&quot;&quot;,&quot;orientation&quot;:&quot;1&quot;}\" data-image-title=\"Banner_Aufbau_1200\" data-image-description=\"\" data-image-caption=\"\" data-large-file=\"https:\/\/i0.wp.com\/deltaimage.de\/wp\/wp-content\/uploads\/Banner_Aufbau_1200.jpg?fit=890%2C363&amp;ssl=1\" \/><\/a>\n\t\t\t\t\t\t<h2 class=\"portfolio-entry-title\"><a href=\"https:\/\/deltaimage.de\/wp\/?portfolio=aufbaukurs-fuer-fortgeschrittene\" title=\"Aufbaukurs f\u00fcr Fortgeschrittene\">Aufbaukurs f\u00fcr Fortgeschrittene<\/a><\/h2>\n\n\t\t\t\t\t\t\t<div class=\"portfolio-entry-meta\">\n\t\t\t\t\t\t\t\t\t\t\t\t\t\t<\/div>\n\n\t\t\t\t\t\t<\/header>\n\n\t\t\t\t\t\t\t\t\t\t\t\t<div class=\"portfolio-entry-content\"><p>Der Foto-Kurs ist speziell f\u00fcr Fortgeschrittene in der Fotografie, aufbauend auf den Inhalten im Grundkurs bauen wir die fotografischen Themen Schritt f\u00fcr Schritt weiter aus und gewinnen Sicherheit und \u00dcbung [&hellip;]<\/p>\n<\/div>\n\t\t\t\t\t\t\t\t\t\t\t\t<\/div><!-- close .portfolio-entry -->\n\t\t\t\t\t\t\t\t\t\t<div class=\"portfolio-entry portfolio-entry-column-3 type-fortgeschrittenenkurs type-fotokurs portfolio-entry-mobile-last-item-row portfolio-entry-first-item-row\">\n\t\t\t\t\t\t<header class=\"portfolio-entry-header\">\n\t\t\t\t\t\t<a class=\"portfolio-featured-image\" href=\"https:\/\/deltaimage.de\/wp\/?portfolio=bildgestaltung\"><img loading=\"lazy\" decoding=\"async\" width=\"890\" height=\"363\" src=\"https:\/\/i0.wp.com\/deltaimage.de\/wp\/wp-content\/uploads\/Banner_Gestaltung_1200.jpg?fit=890%2C363&amp;ssl=1\" class=\"attachment-large size-large wp-post-image\" alt=\"\" srcset=\"https:\/\/i0.wp.com\/deltaimage.de\/wp\/wp-content\/uploads\/Banner_Gestaltung_1200.jpg?w=1200&amp;ssl=1 1200w, https:\/\/i0.wp.com\/deltaimage.de\/wp\/wp-content\/uploads\/Banner_Gestaltung_1200.jpg?resize=900%2C368&amp;ssl=1 900w, https:\/\/i0.wp.com\/deltaimage.de\/wp\/wp-content\/uploads\/Banner_Gestaltung_1200.jpg?resize=300%2C123&amp;ssl=1 300w, https:\/\/i0.wp.com\/deltaimage.de\/wp\/wp-content\/uploads\/Banner_Gestaltung_1200.jpg?resize=890%2C363&amp;ssl=1 890w, https:\/\/i0.wp.com\/deltaimage.de\/wp\/wp-content\/uploads\/Banner_Gestaltung_1200.jpg?resize=1102%2C450&amp;ssl=1 1102w, https:\/\/i0.wp.com\/deltaimage.de\/wp\/wp-content\/uploads\/Banner_Gestaltung_1200.jpg?resize=980%2C400&amp;ssl=1 980w\" sizes=\"auto, (max-width: 890px) 100vw, 890px\" data-attachment-id=\"36699\" data-permalink=\"https:\/\/deltaimage.de\/wp\/?attachment_id=36699#main\" data-orig-file=\"https:\/\/i0.wp.com\/deltaimage.de\/wp\/wp-content\/uploads\/Banner_Gestaltung_1200.jpg?fit=1200%2C490&amp;ssl=1\" data-orig-size=\"1200,490\" data-comments-opened=\"0\" data-image-meta=\"{&quot;aperture&quot;:&quot;0&quot;,&quot;credit&quot;:&quot;&quot;,&quot;camera&quot;:&quot;&quot;,&quot;caption&quot;:&quot;&quot;,&quot;created_timestamp&quot;:&quot;0&quot;,&quot;copyright&quot;:&quot;&quot;,&quot;focal_length&quot;:&quot;0&quot;,&quot;iso&quot;:&quot;0&quot;,&quot;shutter_speed&quot;:&quot;0&quot;,&quot;title&quot;:&quot;&quot;,&quot;orientation&quot;:&quot;1&quot;}\" data-image-title=\"Banner_Gestaltung_1200\" data-image-description=\"\" data-image-caption=\"\" data-large-file=\"https:\/\/i0.wp.com\/deltaimage.de\/wp\/wp-content\/uploads\/Banner_Gestaltung_1200.jpg?fit=890%2C363&amp;ssl=1\" \/><\/a>\n\t\t\t\t\t\t<h2 class=\"portfolio-entry-title\"><a href=\"https:\/\/deltaimage.de\/wp\/?portfolio=bildgestaltung\" title=\"Fotografische Gestaltung und Bildaufbau\">Fotografische Gestaltung und Bildaufbau<\/a><\/h2>\n\n\t\t\t\t\t\t\t<div class=\"portfolio-entry-meta\">\n\t\t\t\t\t\t\t\t\t\t\t\t\t\t<\/div>\n\n\t\t\t\t\t\t<\/header>\n\n\t\t\t\t\t\t\t\t\t\t\t\t<div class=\"portfolio-entry-content\"><p>Technik ist wichtig, aber nicht alles. Die F\u00e4higkeiten des Fotografen sind noch viel wichtiger als Pixel und Bildfrequenz.\u00a0Die Fotografie wird bei aller Technik immer noch durch den Fotografen gemacht, indem [&hellip;]<\/p>\n<\/div>\n\t\t\t\t\t\t\t\t\t\t\t\t<\/div><!-- close .portfolio-entry -->\n\t\t\t\t\t\t\t\t\t\t<div class=\"portfolio-entry portfolio-entry-column-3 type-fortgeschrittenenkurs type-fotokurs portfolio-entry-mobile-first-item-row\">\n\t\t\t\t\t\t<header class=\"portfolio-entry-header\">\n\t\t\t\t\t\t<a class=\"portfolio-featured-image\" href=\"https:\/\/deltaimage.de\/wp\/?portfolio=tilt-shift-fotografie\"><img loading=\"lazy\" decoding=\"async\" width=\"890\" height=\"361\" src=\"https:\/\/i0.wp.com\/deltaimage.de\/wp\/wp-content\/uploads\/Banner_Tilt_1200.jpg?fit=890%2C361&amp;ssl=1\" class=\"attachment-large size-large wp-post-image\" alt=\"\" srcset=\"https:\/\/i0.wp.com\/deltaimage.de\/wp\/wp-content\/uploads\/Banner_Tilt_1200.jpg?w=1200&amp;ssl=1 1200w, https:\/\/i0.wp.com\/deltaimage.de\/wp\/wp-content\/uploads\/Banner_Tilt_1200.jpg?resize=900%2C365&amp;ssl=1 900w, https:\/\/i0.wp.com\/deltaimage.de\/wp\/wp-content\/uploads\/Banner_Tilt_1200.jpg?resize=300%2C122&amp;ssl=1 300w, https:\/\/i0.wp.com\/deltaimage.de\/wp\/wp-content\/uploads\/Banner_Tilt_1200.jpg?resize=890%2C361&amp;ssl=1 890w, https:\/\/i0.wp.com\/deltaimage.de\/wp\/wp-content\/uploads\/Banner_Tilt_1200.jpg?resize=1109%2C450&amp;ssl=1 1109w, https:\/\/i0.wp.com\/deltaimage.de\/wp\/wp-content\/uploads\/Banner_Tilt_1200.jpg?resize=986%2C400&amp;ssl=1 986w\" sizes=\"auto, (max-width: 890px) 100vw, 890px\" data-attachment-id=\"36702\" data-permalink=\"https:\/\/deltaimage.de\/wp\/?attachment_id=36702#main\" data-orig-file=\"https:\/\/i0.wp.com\/deltaimage.de\/wp\/wp-content\/uploads\/Banner_Tilt_1200.jpg?fit=1200%2C487&amp;ssl=1\" data-orig-size=\"1200,487\" data-comments-opened=\"0\" data-image-meta=\"{&quot;aperture&quot;:&quot;0&quot;,&quot;credit&quot;:&quot;&quot;,&quot;camera&quot;:&quot;&quot;,&quot;caption&quot;:&quot;&quot;,&quot;created_timestamp&quot;:&quot;0&quot;,&quot;copyright&quot;:&quot;&quot;,&quot;focal_length&quot;:&quot;0&quot;,&quot;iso&quot;:&quot;0&quot;,&quot;shutter_speed&quot;:&quot;0&quot;,&quot;title&quot;:&quot;&quot;,&quot;orientation&quot;:&quot;1&quot;}\" data-image-title=\"Banner_Tilt_1200\" data-image-description=\"\" data-image-caption=\"\" data-large-file=\"https:\/\/i0.wp.com\/deltaimage.de\/wp\/wp-content\/uploads\/Banner_Tilt_1200.jpg?fit=890%2C361&amp;ssl=1\" \/><\/a>\n\t\t\t\t\t\t<h2 class=\"portfolio-entry-title\"><a href=\"https:\/\/deltaimage.de\/wp\/?portfolio=tilt-shift-fotografie\" title=\"Tilt-Shift Fotografie\">Tilt-Shift Fotografie<\/a><\/h2>\n\n\t\t\t\t\t\t\t<div class=\"portfolio-entry-meta\">\n\t\t\t\t\t\t\t\t\t\t\t\t\t\t<\/div>\n\n\t\t\t\t\t\t<\/header>\n\n\t\t\t\t\t\t\t\t\t\t\t\t<div class=\"portfolio-entry-content\"><p>Seminarinhalte Tilt-Shift Workshop, der kreative Umgang mit einem ganz besonderen Objektivtypus. F\u00fcr Gro\u00dfformatfotografen z\u00e4hlen Tilt (verschwenken) und Shift (verschieben) zum t\u00e4glichen Handwerkszeug f\u00fcr anspruchsvollste Produkt und Werbefotografie. Fotografen suchen immer [&hellip;]<\/p>\n<\/div>\n\t\t\t\t\t\t\t\t\t\t\t\t<\/div><!-- close .portfolio-entry -->\n\t\t\t\t\t\t\t\t\t<\/div><!-- close .jetpack-portfolio -->\n\t\t\t\t\n<\/div><\/div><\/div>\n<p>&nbsp;<\/p>\n<h2>Bequem Foto Kurs buchen<\/h2>\n<p>Die Foto-Kurse k\u00f6nnen bequem von zu Hause aus \u00fcber unseren <a href=\"http:\/\/shop.deltaimage.de\"><strong>shop.deltaimage.de<\/strong><\/a> gebucht und anschlie\u00dfend bezahlt werden. Die Buchung des Foto-Kurs kommt erst mit der Bezahlung\u00a0 zustande. Die Pr\u00e4senz-Kurse sind meist von der Teilnehmeranzahl begrenzt, die Teilnahme an den Kursen ist nach der Reihenfolge der Bezahlung organisiert.<\/p>\n<p>&nbsp;<\/p>\n<div class=\"su-row\"><div class=\"su-column su-column-size-1-2\"><div class=\"su-column-inner su-u-clearfix su-u-trim\">\n<div class=\"su-button-center\"><a href=\"https:\/\/shop.deltaimage.de\/?product_cat=foto-kurs\" class=\"su-button su-button-style-glass\" style=\"color:#ffffff;background-color:#336699;border-color:#29527b;border-radius:25px\" target=\"_self\"><span style=\"color:#ffffff;padding:9px 30px;font-size:22px;line-height:33px;border-color:#7194b8;border-radius:25px;text-shadow:3px 3px 2px #000000\"><i class=\"sui sui-arrow-right\" style=\"font-size:22px;color:#FFFFFF\"><\/i> Zum SHOP System<small style=\"padding-bottom:9px;color:#ffffff\">Foto-Kurse buchen<\/small><\/span><\/a><\/div>\n<\/div><\/div> <div class=\"su-column su-column-size-1-2\"><div class=\"su-column-inner su-u-clearfix su-u-trim\">\n<div class=\"su-button-center\"><a href=\"https:\/\/deltaimage.de\/wp\/?post_type=tribe_events\" class=\"su-button su-button-style-glass\" style=\"color:#ffffff;background-color:#336699;border-color:#29527b;border-radius:25px\" target=\"_self\"><span style=\"color:#ffffff;padding:9px 30px;font-size:22px;line-height:33px;border-color:#7194b8;border-radius:25px;text-shadow:3px 3px 2px #000000\"><i class=\"sui sui-arrow-right\" style=\"font-size:22px;color:#FFFFFF\"><\/i> Zu den Terminen<small style=\"padding-bottom:9px;color:#ffffff\">Foto-Kurse<\/small><\/span><\/a><\/div>\n<\/div><\/div><\/div>\n<p>&nbsp;<\/p>\n<p>Ich freue mich, Sie in einem unserer Foto-Kurse begr\u00fc\u00dfen zu d\u00fcrfen.<\/p>\n","protected":false},"excerpt":{"rendered":"<p>Unsere beliebten Fotografie Kurse gibt es auch als besonderes Angebote als Fotografie Pr\u00e4senz Kurse in kleinen Workshop Gruppen f\u00fcr ein intensives Lernerlebnis, weiterhin in Dachau. Die TeilnehmerInnen berichten immer wieder [&hellip;]<\/p>\n","protected":false},"author":1,"featured_media":38356,"parent":44298,"menu_order":0,"comment_status":"closed","ping_status":"closed","template":"page-templates\/full-width-page.php","meta":{"wpupg_custom_link":[],"wpupg_custom_link_behaviour":["default"],"wpupg_custom_link_nofollow":["default"],"wpupg_custom_image":[],"wpupg_custom_image_id":[],"jetpack_post_was_ever_published":false,"footnotes":""},"class_list":["post-38284","page","type-page","status-publish","has-post-thumbnail","hentry"],"jetpack-related-posts":[{"id":44298,"url":"https:\/\/deltaimage.de\/wp\/?page_id=44298","url_meta":{"origin":38284,"position":0},"title":"| Lernen","author":"EschbacP","date":"17. September 2024","format":false,"excerpt":"Der pers\u00f6nliche Zugang zur Fotografie ist einfacher denn je, die M\u00f6glichkeiten gr\u00f6\u00dfer und vielf\u00e4ltiger durch die digitale Technik. Ob EinsteigerIn, oder AufsteigerIn vom Smartphone oder bereits fortgeschrittene FotografIn, das Erlebnis Fotografie begeistert Menschen jeden Alters in zunehmenden Ma\u00dfe. Digitale Bilder sind ein selbstverst\u00e4ndlicher Bestandteil unseres t\u00e4glichen Lebens. In Medien, Zeitschriften\u2026","rel":"","context":"\u00c4hnlicher Beitrag","block_context":{"text":"\u00c4hnlicher Beitrag","link":""},"img":{"alt_text":"","src":"https:\/\/i0.wp.com\/deltaimage.de\/wp\/wp-content\/uploads\/Banner_Lernen.jpg?fit=1200%2C451&ssl=1&resize=350%2C200","width":350,"height":200,"srcset":"https:\/\/i0.wp.com\/deltaimage.de\/wp\/wp-content\/uploads\/Banner_Lernen.jpg?fit=1200%2C451&ssl=1&resize=350%2C200 1x, https:\/\/i0.wp.com\/deltaimage.de\/wp\/wp-content\/uploads\/Banner_Lernen.jpg?fit=1200%2C451&ssl=1&resize=525%2C300 1.5x, https:\/\/i0.wp.com\/deltaimage.de\/wp\/wp-content\/uploads\/Banner_Lernen.jpg?fit=1200%2C451&ssl=1&resize=700%2C400 2x, https:\/\/i0.wp.com\/deltaimage.de\/wp\/wp-content\/uploads\/Banner_Lernen.jpg?fit=1200%2C451&ssl=1&resize=1050%2C600 3x"},"classes":[]},{"id":14429,"url":"https:\/\/deltaimage.de\/wp\/?page_id=14429","url_meta":{"origin":38284,"position":1},"title":"Fotokurse f\u00fcr Einsteiger und Fortgeschrittene","author":"EschbacP","date":"24. September 2022","format":false,"excerpt":"Digitale Bilder sind ein selbstverst\u00e4ndlicher Bestandteil unseres t\u00e4glichen Lebens. In Medien, Zeitschriften und Online konsumieren wir st\u00e4ndig tausende Bilder - meist schon ganz unbewu\u00dft. Unser Leben teilen wir wie selbstverst\u00e4ndlich mit Milliarden Menschen auf der Welt. Wer m\u00f6chte da nicht auch seine eigene Welt \u00fcber das kreative Mittel der Fotografie\u2026","rel":"","context":"\u00c4hnlicher Beitrag","block_context":{"text":"\u00c4hnlicher Beitrag","link":""},"img":{"alt_text":"","src":"https:\/\/i0.wp.com\/deltaimage.de\/wp\/wp-content\/uploads\/Banner_Fotokurse_Einsteiger_1200.jpg?fit=1200%2C491&ssl=1&resize=350%2C200","width":350,"height":200,"srcset":"https:\/\/i0.wp.com\/deltaimage.de\/wp\/wp-content\/uploads\/Banner_Fotokurse_Einsteiger_1200.jpg?fit=1200%2C491&ssl=1&resize=350%2C200 1x, https:\/\/i0.wp.com\/deltaimage.de\/wp\/wp-content\/uploads\/Banner_Fotokurse_Einsteiger_1200.jpg?fit=1200%2C491&ssl=1&resize=525%2C300 1.5x, https:\/\/i0.wp.com\/deltaimage.de\/wp\/wp-content\/uploads\/Banner_Fotokurse_Einsteiger_1200.jpg?fit=1200%2C491&ssl=1&resize=700%2C400 2x, https:\/\/i0.wp.com\/deltaimage.de\/wp\/wp-content\/uploads\/Banner_Fotokurse_Einsteiger_1200.jpg?fit=1200%2C491&ssl=1&resize=1050%2C600 3x"},"classes":[]},{"id":24334,"url":"https:\/\/deltaimage.de\/wp\/?page_id=24334","url_meta":{"origin":38284,"position":2},"title":"Foto Kurse","author":"EschbacP","date":"17. M\u00e4rz 2020","format":false,"excerpt":"Fotokurse sind sehr gefragt, die Komplexit\u00e4t eines Kamerasystems ist alleine nicht die L\u00f6sung f\u00fcr bessere Fotos. Viele Fotografen kommen aus der Smartphone-Fotografie oder von kompakten Digitalkameras. Die Kamera \u00fcbernimmt nahezu alles wichtige und es bleibt nur noch den Knopf zu dr\u00fccken. Trotzdem w\u00fcnschen sich viele Fotografen mehr von der Fotografie.\u2026","rel":"","context":"\u00c4hnlicher Beitrag","block_context":{"text":"\u00c4hnlicher Beitrag","link":""},"img":{"alt_text":"ARTEMiS Schauspielstudio","src":"https:\/\/i0.wp.com\/deltaimage.de\/wp\/wp-content\/uploads\/Sessner_Logo1.jpg?resize=350%2C200","width":350,"height":200},"classes":[]},{"id":36625,"url":"https:\/\/deltaimage.de\/wp\/?page_id=36625","url_meta":{"origin":38284,"position":3},"title":"Foto-Kurs: Aufbaukurs","author":"EschbacP","date":"15. September 2022","format":false,"excerpt":"Der Foto-Kurs ist speziell f\u00fcr Fortgeschrittene in der Fotografie, aufbauend auf den Inhalten im Grundkurs bauen wir die fotografischen Themen Schritt f\u00fcr Schritt weiter aus und gewinnen Sicherheit und \u00dcbung in der Fotografie.\u00a0Die Fotografie hat noch so viel mehr an M\u00f6glichkeiten zu bieten und Herausforderungen zu beherrschen, dass die Neugierde\u2026","rel":"","context":"\u00c4hnlicher Beitrag","block_context":{"text":"\u00c4hnlicher Beitrag","link":""},"img":{"alt_text":"","src":"https:\/\/i0.wp.com\/deltaimage.de\/wp\/wp-content\/uploads\/Portrait_Paul_Eschbach_600-265x300.jpg?resize=350%2C200&ssl=1","width":350,"height":200},"classes":[]},{"id":36632,"url":"https:\/\/deltaimage.de\/wp\/?page_id=36632","url_meta":{"origin":38284,"position":4},"title":"Foto-Kurs: Grundlagenkurs","author":"EschbacP","date":"15. September 2022","format":false,"excerpt":"Sie wollen Spa\u00df an der Fotografie haben. Speziell f\u00fcr Einsteiger, Anf\u00e4nger und Aufsteiger lernen Sie die Grundlagen in der digitalen Fotografie in einem lockeren und auf Ihre Bed\u00fcrfnisse angepassten Seminar. Vorkenntnisse sind nicht erforderlich, nur Interesse an der Fotografie. Das Seminar findet in Dachau in einem Seminarraum statt. Teilnehmer bringen\u2026","rel":"","context":"\u00c4hnlicher Beitrag","block_context":{"text":"\u00c4hnlicher Beitrag","link":""},"img":{"alt_text":"","src":"https:\/\/i0.wp.com\/deltaimage.de\/wp\/wp-content\/uploads\/Banner_Foto_Kurse_1200.jpg?fit=1200%2C490&ssl=1&resize=350%2C200","width":350,"height":200,"srcset":"https:\/\/i0.wp.com\/deltaimage.de\/wp\/wp-content\/uploads\/Banner_Foto_Kurse_1200.jpg?fit=1200%2C490&ssl=1&resize=350%2C200 1x, https:\/\/i0.wp.com\/deltaimage.de\/wp\/wp-content\/uploads\/Banner_Foto_Kurse_1200.jpg?fit=1200%2C490&ssl=1&resize=525%2C300 1.5x, https:\/\/i0.wp.com\/deltaimage.de\/wp\/wp-content\/uploads\/Banner_Foto_Kurse_1200.jpg?fit=1200%2C490&ssl=1&resize=700%2C400 2x, https:\/\/i0.wp.com\/deltaimage.de\/wp\/wp-content\/uploads\/Banner_Foto_Kurse_1200.jpg?fit=1200%2C490&ssl=1&resize=1050%2C600 3x"},"classes":[]},{"id":45679,"url":"https:\/\/deltaimage.de\/wp\/?page_id=45679","url_meta":{"origin":38284,"position":5},"title":"Home4 &#8211; Professionelle Fotografie","author":"EschbacP","date":"2. Oktober 2024","format":false,"excerpt":"\u00a0 \u00a0 \u00a0 Professionelle Fotografie erleben Fotos sind \u00fcberall - und zu jeder Zeit. Im Internet stehen Bilder zu allen Themen nahezu unbeschr\u00e4nkt zur Verf\u00fcgung. Everything we see is a perspective! Was ist denn nun der Wert eines Fotos? \u00a0 \u00a0 \u00a0 \u00a0 Fotografie Galerie und Bildershop \u00a0 \u00a0 B\u00fccher\u2026","rel":"","context":"\u00c4hnlicher Beitrag","block_context":{"text":"\u00c4hnlicher Beitrag","link":""},"img":{"alt_text":"","src":"https:\/\/deltaimage.de\/wp\/wp-content\/uploads\/APP_Logo_DELTA-IMAGE.bmp","width":350,"height":200},"classes":[]}],"jetpack_sharing_enabled":true,"_links":{"self":[{"href":"https:\/\/deltaimage.de\/wp\/index.php?rest_route=\/wp\/v2\/pages\/38284","targetHints":{"allow":["GET"]}}],"collection":[{"href":"https:\/\/deltaimage.de\/wp\/index.php?rest_route=\/wp\/v2\/pages"}],"about":[{"href":"https:\/\/deltaimage.de\/wp\/index.php?rest_route=\/wp\/v2\/types\/page"}],"author":[{"embeddable":true,"href":"https:\/\/deltaimage.de\/wp\/index.php?rest_route=\/wp\/v2\/users\/1"}],"replies":[{"embeddable":true,"href":"https:\/\/deltaimage.de\/wp\/index.php?rest_route=%2Fwp%2Fv2%2Fcomments&post=38284"}],"version-history":[{"count":22,"href":"https:\/\/deltaimage.de\/wp\/index.php?rest_route=\/wp\/v2\/pages\/38284\/revisions"}],"predecessor-version":[{"id":38390,"href":"https:\/\/deltaimage.de\/wp\/index.php?rest_route=\/wp\/v2\/pages\/38284\/revisions\/38390"}],"up":[{"embeddable":true,"href":"https:\/\/deltaimage.de\/wp\/index.php?rest_route=\/wp\/v2\/pages\/44298"}],"wp:featuredmedia":[{"embeddable":true,"href":"https:\/\/deltaimage.de\/wp\/index.php?rest_route=\/wp\/v2\/media\/38356"}],"wp:attachment":[{"href":"https:\/\/deltaimage.de\/wp\/index.php?rest_route=%2Fwp%2Fv2%2Fmedia&parent=38284"}],"curies":[{"name":"wp","href":"https:\/\/api.w.org\/{rel}","templated":true}]}}