{"id":43935,"date":"2024-09-14T19:57:38","date_gmt":"2024-09-14T17:57:38","guid":{"rendered":"https:\/\/deltaimage.de\/wp\/?page_id=43935"},"modified":"2024-09-15T20:30:09","modified_gmt":"2024-09-15T18:30:09","slug":"die-ziele-im-projekt-dachauer-moos","status":"publish","type":"page","link":"https:\/\/deltaimage.de\/wp\/?page_id=43935","title":{"rendered":"Die Ziele im Projekt: Dachauer Moos"},"content":{"rendered":"<p>Einen ganz wesentlichen Impuls f\u00fcr mich war die Moor-Fachtagung im <strong>Dachauer Schloss<\/strong> im Jahr 2018 mit vielen Fachleuten und Experten und auch dem bayerischen Umwelt-Staatsminister Marcel Huber zum Schutz der Moore. Der einhellige Apell aller Redner in dieser Ganztagesveranstaltung war:<\/p>\n<blockquote>\n<pre>\u201eEs passiert schon sehr viel im Dachauer Moos auf der Ebene der ehrenamtlich T\u00e4tigen, \r\ndie Kommunikation mit der Bev\u00f6lkerung und den Betroffenen muss noch ausgeweitet werden.\u201c<\/pre>\n<\/blockquote>\n<p>Als ob diese interkommunale Konferenz f\u00fcr den Landschaftsschutz mich direkt als Adressaten gehabt h\u00e4tte. Da viel bei mir selbst der Vorsatz, diesem Aufruf folgend an einem Buchprojekt zum <strong>Dachauer Moos<\/strong> mit viel Einsatz und Ideenreichtum zu arbeiten. Die ersten Arbeitsergebnisse liegen nun auf dem Tisch und ich kann den ersten <strong>FOTO-Bildband<\/strong> zum <strong>Maisacher Moos<\/strong>, als den <strong>Moorverbund<\/strong> der beiden unmittelbar angrenzenden <strong>Niedermoor-Landschaften<\/strong> des <strong>Palsweiser Mooses<\/strong> und des <strong>Fu\u00dfbergmooses<\/strong>, vorlegen. Diesem Buchprojekt ist eine lange Phase der Konzeptionierung und Positionierung vorausgegangen.<\/p>\n<p>&nbsp;<\/p>\n<h2>Etwas bewegen, mit der Kraft von sch\u00f6nen Bildern<\/h2>\n<p>Mit diesem Projekt: Dachauer Moos m\u00f6chte ich als leidenschaftlicher Landschafts- und Naturfotograf aus Dachau etwas Positives f\u00fcr das uns umgebende Dachauer Moos bewirken und damit auch etwas in die richtige Richtung bewegen. Der Schriftsteller Otto Ehrhart konnte in den 1930er Jahren mit der Kraft seiner wohl gesetzten Worte und einer zu Anfangs zauberhaften Fabelgeschichte die LeserInnen in seinen Bann ziehen. Das hat auch bei mir als Leser sehr gut funktioniert. Die dann folgenden Ver\u00e4nderungen auf die Natur und die ganz konkreten Lebewesen, die beiden Protagonisten der Fabelgeschichte \u2013 Blau und Schn\u00f6ck \u2013 nimmt die LeserIn umso mehr in der pers\u00f6nlichen Betroffenheit mit.<\/p>\n<blockquote>\n<pre>\u201eWarum ist das so notwendig, kann das nicht auch anders funktionieren?\u201c<\/pre>\n<\/blockquote>\n<p>Beim Lesen des Buches habe ich es ja selbst erlebt, Otto Ehrhard baut zwischen der LeserIn und dem Karpfen und dem Hecht eine emotionale Beziehung auf, die zum Ende des Buches sich in eine pers\u00f6nliche Betroffenheit ob dem Schicksal und dem Leid dieser beiden fast vermenschlichten Tiere wandelt. Warum muss dem Hecht und dem Karpfen als Individuum durch die Energiewirtschaft so viel Leid zugef\u00fchrt werden, obwohl dies auf der Ebene eines Individuums niemals so beabsichtigt hatte.<\/p>\n<blockquote>\n<pre>\u201eIch kann nicht so kraftvoll und emotional mit Worten umgehen wie der Schriftsteller \r\nOtto Ehrhard. Aber ich bin Fotograf und kann mit der Kraft der Bilder sehr gut \r\numgehen und auch damit Emotionen ausl\u00f6sen.\u201c<\/pre>\n<\/blockquote>\n<p>Ein sch\u00f6nes und klares Bildmotiv ist eine Sprache die weltweit alle Menschen verstehen k\u00f6nnen und darin inne-liegenden Botschaften erkennen werden, gleich welcher Nationalit\u00e4t und Herkunft die Menschen sind. Eine Ungerechtigkeit und ein individuelles Leid kommen in Bildern noch viel unmittelbarer zum Ausdruck als mit Worten in einem Text. Ein Bild l\u00e4sst kaum eine Generalisierung zu. Es ist nicht \u201e(irgend)ein Karpfen\u201c oder \u201e(irgend)ein Hecht\u201c auf dem Bild, es ist schlichtweg \u201ed(ies)er Karpfen\u201c und \u201ed(ies)er Hecht\u201c \u2013 um bei der Fabelgeschichte zu bleiben.<\/p>\n<p>&nbsp;<\/p>\n<h2>Haben wir diese emotionale Sprache von Bildern zum Dachauer Moos genutzt<\/h2>\n<p>Einer der ersten Vorreiter war sicherlich der Natursch\u00fctzer und Ornithologe aus Karlsfeld \u2013 Josef Koller. Mit seinem unerm\u00fcdlichen Einsatz als eigentlicher Laie, hat es nicht nur geschafft sein geliebtes Schwarzh\u00f6lzl erneut unter Naturschutz zu stellen. Ebenso hat Josef Koller pr\u00e4chtige B\u00fccher zu seinen geliebten Niedermoor-Landschaften geschaffen und damit mit wissenschaftlicher Methodik den Bestand der verschiedenen Tiere und Pflanzen erfasst und dokumentiert. Auch in der Fotografie hat er mit den jeweiligen M\u00f6glichkeiten der Zeit ganz tolle Naturdokumentationen hinterlassen.<\/p>\n<p>Andere B\u00fccher, da denke ich an das Moos-Buch vom <a href=\"https:\/\/verein-dachauer-moos.de\"><strong>Verein Dachauer Moos e.V.<\/strong><\/a> von <strong>Stefan Gernstdorfer<\/strong>, hat sehr Sache geschuldet eine gro\u00dfe fachliche Tiefe in den Beschreibungen. Dem zu folgen ist f\u00fcr einen Interessierten nicht immer einfach.<\/p>\n<p>&nbsp;<\/p>\n<h2>Um eine \u00d6ffentlichkeit erreichen zu k\u00f6nnen muss die Sprache einfach und erlebnisreich sein<\/h2>\n<p>Die Aufmerksamkeitsspanne heutzutage hat sehr stark nachgelassen. Inhalte werden den ganzen Tag \u00fcber nur noch in kleinen H\u00e4ppchen und auf die einfachste m\u00f6gliche Methode konsumiert. Texte mit einem fachlichen Tiefgang, sind nicht mehr angesagt. So wird dieser Text wohl in der Masse der BesucherInnen auch kaum jemals gelesen werden.<\/p>\n<p>Nach dem Lesen eines Buches zum Dachauer Moos soll ja auch nicht jede LeserIn zu einer perfekten Moor-Expertin ausgebildet sein. Die Emotionalit\u00e4t und das Erlebnis beim Lesen der Bildbeschreibungen sind mir als Buchautor dabei am wichtigsten. Die LeserInnen sollen aus der Zeit, die sie mit dem Buch in der Hand verbringen, f\u00fcr sich ganz pers\u00f6nlich etwa mitnehmen und etwas behalten.<\/p>\n<p>Dieser Foto-Bildband erz\u00e4hlt Erlebnisse in der Niedermoor-Landschaft aus dem Blickwinkel des Natur- und Landschaftsfotografen und motiviert die LeserInnen auch eigene Geschichten beim Besuch dieser wertvollen und gesch\u00fctzten Landschaften zu entdecken und zu erleben. Nur was man kennt wird man auch lieben lernen und das geht einher mit der Bereitschaft es auch sch\u00fctzen zu wollen. Zu einer Landschaft, durch man im SUV mit 200 km\/h durchrast wir man kaum eine Beziehung aufbauen k\u00f6nnen und auch wollen.<\/p>\n<p>&nbsp;<\/p>\n<h2>\u00d6ffentlichkeitsarbeit bedeutet auch Partizipation in der Landschaft zu suchen<\/h2>\n<p>Der Aufenthalt in einem Landschaftsraum \u00fcber die Jahreszeiten hinweg gibt einer BesucherIn ebenso wir einer FotografIn sehr viel Emotionalit\u00e4t zur\u00fcck. Es sind die vielen oftmals kleinen Erlebnisse, die eine Erinnerung an eine sch\u00f6ne Erlebniszeit oder sogar eine seltene Begegnung mit Tieren und Pflanzen erm\u00f6glicht. Der Foto-Bildband soll mit Hilfe dieser sch\u00f6nen Bildmotive die BetrachterInnen jeder Altersschicht motivieren, auch mal die Fahrt in die Berge mit einer Wanderung durch die Niedermoor-Landschaft einzutauschen und so eine Beziehung zur Natur vor der eigenen Haust\u00fcre aufzubauen. Nur das was man kennt, \u2026 \u2026 wird man auch sch\u00fctzen wollen.<\/p>\n<p>Als kleine Kinder haben wir die Sonntag-Nachmittage sehr oft mit Wanderungen im Familienkreis entlang der Amper, vom Hallenbad in Dachau Amper-aufw\u00e4rts durch die <strong>Mooslandschaft<\/strong> und die <strong>Amper-Auen<\/strong> bis zum <strong>G\u00fcndinger Wehr<\/strong>, unternommen. Diese Landschaft ist mir so vertraut, dass ich immer wieder und sehr gerne auch f\u00fcnfzig Jahre sp\u00e4ter, eine Wanderung oder Fahrrad-Fahrt an der Amper genie\u00dfen kann. Da gibt es kein: \u201e<em>schon wieder<\/em>\u201c, oder \u201e<em>hab keine Lust<\/em>\u201c.<\/p>\n<p>Der <strong>Foto-Bildband<\/strong> wirkt durch die Gro\u00dfartigkeit der Fotografien der Niedermoor-Landschaft in vielen unterschiedlichen Motivwelten zu allen Jahreszeiten, \u00fcber einen Zeitraum von etwa 30 Jahren hinweg. Mit dem Betrachten der Bilder wird aus einem Tier und einer Pflanze und einer Landschaft \u2013 dieses Tier, diese Pflanze und diese Landschaft. Sich nun vorzustellen, dass man die Lebensr\u00e4ume eben dieses Tieres, dieser Pflanze und somit auch diese eine Landschaft einer neuen Stra\u00dfe oder Industriegebiet opfert f\u00e4llt ungemein schwerer. Eine emotionale Verkn\u00fcpfung entsteht durch eine pers\u00f6nliche Betroffenheit.<\/p>\n<p>&nbsp;<\/p>\n<h2>Das Dachauer Moos ist nicht mehr die Niedermoorlandschaft eines Otto Ehrhards<\/h2>\n<p>Wir k\u00f6nnen das Rad der Entwicklungsgeschichte nicht mehr zur\u00fcck drehen. Ein Moos oder Moor eines Otto Ehrhards bekommen wir nicht mehr zur\u00fcck, zumindest nicht gro\u00dfr\u00e4umig und fl\u00e4chendeckend. Der Schutz der Natur und der Landschaft beginnt immer im Heute und wirkt in die Zukunft und dabei kann man sich beteiligen und mitwirken. Wie so oft ist neben den Aktivit\u00e4ten die wir als Gesellschaft unternehmen genauso wichtig, als die Aktivit\u00e4ten die wir fortan auch unterlassen und so der weiteren Zerst\u00f6rung und Zersiedelung Einhalt gebieten.<\/p>\n<blockquote>\n<pre>\u201eSoll man dann diese Naturlandschaft \u00fcberhaupt noch sch\u00fctzen und erhalten, \r\nwenn denn schon so viel verloren gegangen ist?\u201c<\/pre>\n<\/blockquote>\n<p>&nbsp;<\/p>\n<h2>Das Dachauer Moos hat eine enorm wichtige Aufgabe<\/h2>\n<p>Die Landschaft im Norden von M\u00fcnchen hat im Verbund von Habitaten und Landschaftsr\u00e4umen eine ganz wichtige Aufgabe zu erf\u00fcllen. Im unmittelbaren Umfeld einer Millionen-Metropole ist es immer ein leichtes, ein Argument zu finden, gerade hier ein Gewerbegebiet, ein Wohngebiet, eine Stra\u00dfe, einen Parkplatz oder ein Industriegel\u00e4nde aus dem wertvollen Niedermoor zu machen. Die Natur, die Biologie braucht Netzwerke und eine Vernetzung um gr\u00f6\u00dfere R\u00e4ume auch \u00fcberwinden und \u00fcberspringen zu k\u00f6nnen. Eine jede Verkehrsachse wirkt als un\u00fcberwindliche Schneise und hindert den nat\u00fcrlichen Austausch, und von diesen Schneiden haben wir wahrlich genug in diesem Ballungsraum mit seinem ungeheuren Finanz- und Fl\u00e4chendruck.<\/p>\n<p>&nbsp;<\/p>\n<h3>Hier navigieren Sie einfach:<\/h3>\n<ul>\n<li><strong><a href=\"https:\/\/deltaimage.de\/wp\/?page_id=43677\">Zur\u00fcck zur \u00dcbersicht<\/a><\/strong><\/li>\n<li>weiter zur n\u00e4chsten Seite &#8222;<a href=\"https:\/\/deltaimage.de\/wp\/?page_id=43947\"><strong>Das Dachauer Moos<\/strong><\/a><b><\/b>&#8222;<\/li>\n<li>weiter zur vorherigen Seite <strong>&#8222;<a href=\"https:\/\/deltaimage.de\/wp\/?page_id=43684\">Die Idee<\/a>&#8222;.<\/strong><\/li>\n<\/ul>\n","protected":false},"excerpt":{"rendered":"<p>Einen ganz wesentlichen Impuls f\u00fcr mich war die Moor-Fachtagung im Dachauer Schloss im Jahr 2018 mit vielen Fachleuten und Experten und auch dem bayerischen Umwelt-Staatsminister Marcel Huber zum Schutz der [&hellip;]<\/p>\n","protected":false},"author":1,"featured_media":0,"parent":43677,"menu_order":0,"comment_status":"closed","ping_status":"closed","template":"page-templates\/full-width-page.php","meta":{"wpupg_custom_link":[],"wpupg_custom_link_behaviour":["default"],"wpupg_custom_link_nofollow":[],"wpupg_custom_image":[],"wpupg_custom_image_id":[],"jetpack_post_was_ever_published":false,"footnotes":""},"class_list":["post-43935","page","type-page","status-publish","hentry"],"jetpack-related-posts":[{"id":25899,"url":"https:\/\/deltaimage.de\/wp\/?page_id=25899","url_meta":{"origin":43935,"position":0},"title":"Dachauer Moos","author":"EschbacP","date":"24. August 2020","format":false,"excerpt":"\u201eWas ist schon das Dachauer Moos, wenn man im S\u00fcden doch die Alpen und die gro\u00dfen bayerischen Seen finden kann - oder doch gleich zum Gardasee weiter ziehen!\u201c M\u00f6chte so mancher meinen. Zu meiner Jugend war auch der Vogelflug klar das Programm, zu jeder M\u00f6glichkeit ging es ab in den\u2026","rel":"","context":"\u00c4hnlicher Beitrag","block_context":{"text":"\u00c4hnlicher Beitrag","link":""},"img":{"alt_text":"","src":"https:\/\/i0.wp.com\/deltaimage.de\/wp\/wp-content\/uploads\/IMG_1139_1200.jpg?fit=1200%2C450&ssl=1&resize=350%2C200","width":350,"height":200,"srcset":"https:\/\/i0.wp.com\/deltaimage.de\/wp\/wp-content\/uploads\/IMG_1139_1200.jpg?fit=1200%2C450&ssl=1&resize=350%2C200 1x, https:\/\/i0.wp.com\/deltaimage.de\/wp\/wp-content\/uploads\/IMG_1139_1200.jpg?fit=1200%2C450&ssl=1&resize=525%2C300 1.5x, https:\/\/i0.wp.com\/deltaimage.de\/wp\/wp-content\/uploads\/IMG_1139_1200.jpg?fit=1200%2C450&ssl=1&resize=700%2C400 2x, https:\/\/i0.wp.com\/deltaimage.de\/wp\/wp-content\/uploads\/IMG_1139_1200.jpg?fit=1200%2C450&ssl=1&resize=1050%2C600 3x"},"classes":[]},{"id":43677,"url":"https:\/\/deltaimage.de\/wp\/?page_id=43677","url_meta":{"origin":43935,"position":1},"title":"Projekt: Dachauer Moos","author":"EschbacP","date":"1. September 2024","format":false,"excerpt":"Das Dachauer Moos im Norden von M\u00fcnchen beherbergt viele wunderbare Natursch\u00e4tze in der Niedermoor-Landschaft am Nordrand der M\u00fcnchener Schotterebene. Die Landschaftsformen sind so abwechslungsreich - eng an eng beieinander. In einem Ausflug mit dem Fahrrad kann man gleich mehrere dieser einmalig sch\u00f6nen Landschaftsformen durchstreifen und so die Sch\u00f6nheit und Abwechslung\u2026","rel":"","context":"\u00c4hnlicher Beitrag","block_context":{"text":"\u00c4hnlicher Beitrag","link":""},"img":{"alt_text":"","src":"https:\/\/i0.wp.com\/deltaimage.de\/wp\/wp-content\/uploads\/Banner_Projekt_Dachauer_Moos.jpg?fit=1200%2C447&ssl=1&resize=350%2C200","width":350,"height":200,"srcset":"https:\/\/i0.wp.com\/deltaimage.de\/wp\/wp-content\/uploads\/Banner_Projekt_Dachauer_Moos.jpg?fit=1200%2C447&ssl=1&resize=350%2C200 1x, https:\/\/i0.wp.com\/deltaimage.de\/wp\/wp-content\/uploads\/Banner_Projekt_Dachauer_Moos.jpg?fit=1200%2C447&ssl=1&resize=525%2C300 1.5x, https:\/\/i0.wp.com\/deltaimage.de\/wp\/wp-content\/uploads\/Banner_Projekt_Dachauer_Moos.jpg?fit=1200%2C447&ssl=1&resize=700%2C400 2x, https:\/\/i0.wp.com\/deltaimage.de\/wp\/wp-content\/uploads\/Banner_Projekt_Dachauer_Moos.jpg?fit=1200%2C447&ssl=1&resize=1050%2C600 3x"},"classes":[]},{"id":7660,"url":"https:\/\/deltaimage.de\/wp\/?page_id=7660","url_meta":{"origin":43935,"position":2},"title":"\u00dcber mich &#8211; Bio Page Paul Eschbach","author":"EschbacP","date":"11. April 2015","format":false,"excerpt":"Fast 40 Jahre ernsthafte und leidenschaftliche Besch\u00e4ftigung mit der Fotografie in vielen Themenbereichen und fotografischen Techniken bildet einen Spannungsbogen um immer das gleiche Motiv: \"Die n\u00e4here Heimat selber und auch f\u00fcr andere visuell erlebbar machen\" Heimat und Landschaft passieren nicht zu Hause und nicht im Umkreis eines Parkplatzes \u2013 da\u2026","rel":"","context":"\u00c4hnlicher Beitrag","block_context":{"text":"\u00c4hnlicher Beitrag","link":""},"img":{"alt_text":"","src":"https:\/\/i0.wp.com\/deltaimage.de\/wp\/wp-content\/uploads\/IMG_2660_1200.jpg?fit=1200%2C450&ssl=1&resize=350%2C200","width":350,"height":200,"srcset":"https:\/\/i0.wp.com\/deltaimage.de\/wp\/wp-content\/uploads\/IMG_2660_1200.jpg?fit=1200%2C450&ssl=1&resize=350%2C200 1x, https:\/\/i0.wp.com\/deltaimage.de\/wp\/wp-content\/uploads\/IMG_2660_1200.jpg?fit=1200%2C450&ssl=1&resize=525%2C300 1.5x, https:\/\/i0.wp.com\/deltaimage.de\/wp\/wp-content\/uploads\/IMG_2660_1200.jpg?fit=1200%2C450&ssl=1&resize=700%2C400 2x, https:\/\/i0.wp.com\/deltaimage.de\/wp\/wp-content\/uploads\/IMG_2660_1200.jpg?fit=1200%2C450&ssl=1&resize=1050%2C600 3x"},"classes":[]},{"id":31013,"url":"https:\/\/deltaimage.de\/wp\/?page_id=31013","url_meta":{"origin":43935,"position":3},"title":"Natur und Mooslandschaft fotografieren: Fotokurs f\u00fcr Anf\u00e4ngerInnen","author":"EschbacP","date":"19. Dezember 2021","format":false,"excerpt":"Der Verein Dachauer Moos e.V. und DELTA IMAGE bieten im Jahr 2023 zwei Fotografie-Workshops im Umwelthaus am Obergrashof an - f\u00fcr Einsteiger und Fortgeschrittene Die Naturlandschaften rund um Dachau bieten so viel spannende Abwechslung, dass immer mehr Menschen die nahe Umgebung erkunden m\u00f6chten. Was liegt dabei n\u00e4her, als die Sch\u00f6nheiten\u2026","rel":"","context":"\u00c4hnlicher Beitrag","block_context":{"text":"\u00c4hnlicher Beitrag","link":""},"img":{"alt_text":"","src":"https:\/\/i0.wp.com\/deltaimage.de\/wp\/wp-content\/uploads\/Banner_Moos_Anfaenger_2023_1200.jpg?fit=1200%2C490&ssl=1&resize=350%2C200","width":350,"height":200,"srcset":"https:\/\/i0.wp.com\/deltaimage.de\/wp\/wp-content\/uploads\/Banner_Moos_Anfaenger_2023_1200.jpg?fit=1200%2C490&ssl=1&resize=350%2C200 1x, https:\/\/i0.wp.com\/deltaimage.de\/wp\/wp-content\/uploads\/Banner_Moos_Anfaenger_2023_1200.jpg?fit=1200%2C490&ssl=1&resize=525%2C300 1.5x, https:\/\/i0.wp.com\/deltaimage.de\/wp\/wp-content\/uploads\/Banner_Moos_Anfaenger_2023_1200.jpg?fit=1200%2C490&ssl=1&resize=700%2C400 2x, https:\/\/i0.wp.com\/deltaimage.de\/wp\/wp-content\/uploads\/Banner_Moos_Anfaenger_2023_1200.jpg?fit=1200%2C490&ssl=1&resize=1050%2C600 3x"},"classes":[]},{"id":43688,"url":"https:\/\/deltaimage.de\/wp\/?page_id=43688","url_meta":{"origin":43935,"position":4},"title":"Die B\u00fccher zum Dachauer Moos","author":"EschbacP","date":"1. September 2024","format":false,"excerpt":"Paul Eschbach fotografiert das Dachauer Moos seit \u00fcber drei\u00dfig Jahren Diese und viele andere Ver\u00e4nderungen interessiert den Landschafts- und Naturfotograf Paul Eschbach aus Dachau. Er ist fotografisch im Dachauer Moos seit etwa drei\u00dfig Jahren unterwegs und auf der Suche nach der Sch\u00f6nheit der Reste des Dachauer Mooses. \u201eDas Dachauer Moos\u2026","rel":"","context":"\u00c4hnlicher Beitrag","block_context":{"text":"\u00c4hnlicher Beitrag","link":""},"img":{"alt_text":"","src":"https:\/\/i0.wp.com\/deltaimage.de\/wp\/wp-content\/uploads\/IMG_9082_1200.jpg?fit=1200%2C450&ssl=1&resize=350%2C200","width":350,"height":200,"srcset":"https:\/\/i0.wp.com\/deltaimage.de\/wp\/wp-content\/uploads\/IMG_9082_1200.jpg?fit=1200%2C450&ssl=1&resize=350%2C200 1x, https:\/\/i0.wp.com\/deltaimage.de\/wp\/wp-content\/uploads\/IMG_9082_1200.jpg?fit=1200%2C450&ssl=1&resize=525%2C300 1.5x, https:\/\/i0.wp.com\/deltaimage.de\/wp\/wp-content\/uploads\/IMG_9082_1200.jpg?fit=1200%2C450&ssl=1&resize=700%2C400 2x, https:\/\/i0.wp.com\/deltaimage.de\/wp\/wp-content\/uploads\/IMG_9082_1200.jpg?fit=1200%2C450&ssl=1&resize=1050%2C600 3x"},"classes":[]},{"id":31009,"url":"https:\/\/deltaimage.de\/wp\/?page_id=31009","url_meta":{"origin":43935,"position":5},"title":"Natur und Mooslandschaft fotografieren: Fotokurs f\u00fcr Fortgeschrittene","author":"EschbacP","date":"19. Dezember 2021","format":false,"excerpt":"Der Verein Dachauer Moos e.V. und DELTA IMAGE bieten im Jahr 2022 zwei Fotografie-Workshops im Umwelthaus am Obergrashof an - f\u00fcr Einsteiger und Fortgeschrittene Die Naturlandschaften rund um Dachau bieten so viel spannende Abwechslung, dass immer mehr Menschen die nahe Umgebung erkunden m\u00f6chten. Was liegt dabei n\u00e4her, als die Sch\u00f6nheiten\u2026","rel":"","context":"\u00c4hnlicher Beitrag","block_context":{"text":"\u00c4hnlicher Beitrag","link":""},"img":{"alt_text":"","src":"https:\/\/i0.wp.com\/deltaimage.de\/wp\/wp-content\/uploads\/Banner_Moos_Fortgeschrittene_2023_1200.jpg?fit=1200%2C491&ssl=1&resize=350%2C200","width":350,"height":200,"srcset":"https:\/\/i0.wp.com\/deltaimage.de\/wp\/wp-content\/uploads\/Banner_Moos_Fortgeschrittene_2023_1200.jpg?fit=1200%2C491&ssl=1&resize=350%2C200 1x, https:\/\/i0.wp.com\/deltaimage.de\/wp\/wp-content\/uploads\/Banner_Moos_Fortgeschrittene_2023_1200.jpg?fit=1200%2C491&ssl=1&resize=525%2C300 1.5x, https:\/\/i0.wp.com\/deltaimage.de\/wp\/wp-content\/uploads\/Banner_Moos_Fortgeschrittene_2023_1200.jpg?fit=1200%2C491&ssl=1&resize=700%2C400 2x, https:\/\/i0.wp.com\/deltaimage.de\/wp\/wp-content\/uploads\/Banner_Moos_Fortgeschrittene_2023_1200.jpg?fit=1200%2C491&ssl=1&resize=1050%2C600 3x"},"classes":[]}],"jetpack_sharing_enabled":true,"_links":{"self":[{"href":"https:\/\/deltaimage.de\/wp\/index.php?rest_route=\/wp\/v2\/pages\/43935","targetHints":{"allow":["GET"]}}],"collection":[{"href":"https:\/\/deltaimage.de\/wp\/index.php?rest_route=\/wp\/v2\/pages"}],"about":[{"href":"https:\/\/deltaimage.de\/wp\/index.php?rest_route=\/wp\/v2\/types\/page"}],"author":[{"embeddable":true,"href":"https:\/\/deltaimage.de\/wp\/index.php?rest_route=\/wp\/v2\/users\/1"}],"replies":[{"embeddable":true,"href":"https:\/\/deltaimage.de\/wp\/index.php?rest_route=%2Fwp%2Fv2%2Fcomments&post=43935"}],"version-history":[{"count":12,"href":"https:\/\/deltaimage.de\/wp\/index.php?rest_route=\/wp\/v2\/pages\/43935\/revisions"}],"predecessor-version":[{"id":44052,"href":"https:\/\/deltaimage.de\/wp\/index.php?rest_route=\/wp\/v2\/pages\/43935\/revisions\/44052"}],"up":[{"embeddable":true,"href":"https:\/\/deltaimage.de\/wp\/index.php?rest_route=\/wp\/v2\/pages\/43677"}],"wp:attachment":[{"href":"https:\/\/deltaimage.de\/wp\/index.php?rest_route=%2Fwp%2Fv2%2Fmedia&parent=43935"}],"curies":[{"name":"wp","href":"https:\/\/api.w.org\/{rel}","templated":true}]}}