{"id":44310,"date":"2024-09-17T22:15:13","date_gmt":"2024-09-17T20:15:13","guid":{"rendered":"https:\/\/deltaimage.de\/wp\/?page_id=44310"},"modified":"2024-10-08T20:13:35","modified_gmt":"2024-10-08T18:13:35","slug":"buecher-2","status":"publish","type":"page","link":"https:\/\/deltaimage.de\/wp\/?page_id=44310","title":{"rendered":"| B\u00fccher"},"content":{"rendered":"<p><img data-recalc-dims=\"1\" loading=\"lazy\" decoding=\"async\" data-attachment-id=\"45982\" data-permalink=\"https:\/\/deltaimage.de\/wp\/?attachment_id=45982#main\" data-orig-file=\"https:\/\/i0.wp.com\/deltaimage.de\/wp\/wp-content\/uploads\/Bannerthemen_Angebot.png?fit=1200%2C450&amp;ssl=1\" data-orig-size=\"1200,450\" data-comments-opened=\"1\" data-image-meta=\"{&quot;aperture&quot;:&quot;0&quot;,&quot;credit&quot;:&quot;&quot;,&quot;camera&quot;:&quot;&quot;,&quot;caption&quot;:&quot;&quot;,&quot;created_timestamp&quot;:&quot;0&quot;,&quot;copyright&quot;:&quot;&quot;,&quot;focal_length&quot;:&quot;0&quot;,&quot;iso&quot;:&quot;0&quot;,&quot;shutter_speed&quot;:&quot;0&quot;,&quot;title&quot;:&quot;&quot;,&quot;orientation&quot;:&quot;0&quot;}\" data-image-title=\"Bannerthemen_Angebot\" data-image-description=\"\" data-image-caption=\"\" data-large-file=\"https:\/\/i0.wp.com\/deltaimage.de\/wp\/wp-content\/uploads\/Bannerthemen_Angebot.png?fit=890%2C334&amp;ssl=1\" class=\"alignright wp-image-45982 size-thumbnail\" src=\"https:\/\/i0.wp.com\/deltaimage.de\/wp\/wp-content\/uploads\/Bannerthemen_Angebot.png?resize=300%2C113&#038;ssl=1\" alt=\"\" width=\"300\" height=\"113\" srcset=\"https:\/\/i0.wp.com\/deltaimage.de\/wp\/wp-content\/uploads\/Bannerthemen_Angebot.png?resize=300%2C113&amp;ssl=1 300w, https:\/\/i0.wp.com\/deltaimage.de\/wp\/wp-content\/uploads\/Bannerthemen_Angebot.png?resize=900%2C338&amp;ssl=1 900w, https:\/\/i0.wp.com\/deltaimage.de\/wp\/wp-content\/uploads\/Bannerthemen_Angebot.png?resize=1067%2C400&amp;ssl=1 1067w, https:\/\/i0.wp.com\/deltaimage.de\/wp\/wp-content\/uploads\/Bannerthemen_Angebot.png?w=1200&amp;ssl=1 1200w\" sizes=\"auto, (max-width: 300px) 100vw, 300px\" \/>B\u00fccher sind ein Kulturgut seit tausenden Jahren in allen Hochkulturen der Erdgeschichte. Wissen ist mit Hilfe der B\u00fccher in jeden Haushalt gekommen und ist jederzeit verf\u00fcgbar. Lesen bildet. Es gibt auch andere Formen des Lernens. Ohne dem Lesen von Texten und B\u00fcchern ist eine Teilnahme am Bildungserwerb kaum m\u00f6glich und somit die Grundvoraussetzung f\u00fcr eine aktive Teilnahme am gesellschaftlichen Leben. B\u00fccher sind das Tor zu neuen R\u00e4umen, was immer sich auch dahinter verbergen mag. Sind es Schicksale in Romanen, sind es neue Landschaften in Reisebeschreibungen, sind es geschichtliche Zusammenh\u00e4nge in Sachb\u00fcchern. Auf jeden Fall erweitern Sie unser Denken, unsere Empfindungen oder unsere Probleml\u00f6sungskompetenz. Nach dem Lesen eines Buches ist man selten d\u00fcmmer.<\/p>\n<p>Das Lesen von B\u00fcchern vermittelt neues Wissen, Erfahrungen von anderen und st\u00e4rkt das Erkennen von Zusammenh\u00e4ngen. Die Erweiterung des eigenen Wissens ist keine l\u00e4stige Aufgabe zum totschlagen von ungenutzter Zeit &#8211; es ist eine Art von Lebenseinstellung um sich selbst auf eine Zukunft vorzubereiten &#8211; wie immer sie auch geartet sein mag.<\/p>\n<p>Das Lesen von Zeilen in einem Buch mag vordergr\u00fcndig die Aufnahme von Informationen sein (Buchstaben und Zahlen). Deren Vernetzung mit Bekanntem erzeugt eine Wissensbasis und der Motor f\u00fcr eine eigene, intrinsische Ver\u00e4nderung vor einem selbst. Es entsteht ein lebenslanger Schatz der bleibt, komme da was wolle.<\/p>\n<p>B\u00fccher bedeutet die gro\u00dfe Welt des Lesens und der Entwicklung des eigenen Geistes in all seinen vielf\u00e4ltigen Dimensionen.<\/p>\n<hr \/>\n<p>&nbsp;<\/p>\n<p>Der <a href=\"https:\/\/deltaimage.de\/wp\/?page_id=45287\"><strong>DELTA IMAGE-Eigenverlag<\/strong><\/a> hat seit 2016 eine gro\u00dfe Vielfalt an <strong>Buchtiteln<\/strong> unterschiedlicher Themen produziert und verkauft diese \u00fcber den eigenen <a href=\"http:\/\/shop.deltaimage.de\"><strong>shop.deltaimage.de<\/strong><\/a> als <strong>Online-Shop<\/strong> und thematisch passenden <strong>station\u00e4ren Verkaufsstellen<\/strong> in der Umgebung von <strong>Dachau<\/strong> und <strong>Oberschlei\u00dfheim<\/strong>.<\/p>\n<p>Schm\u00f6kern Sie in unserem Angebot und suchen sich das gew\u00fcnschte <strong>Buch<\/strong> aus &#8211; die Bestellung liegt dann nur noch einen Klick auf dem <strong>Online-Shop<\/strong> entfernt. In der folgenden \u00dcbersicht k\u00f6nnen Sie sich in den vielf\u00e4ltigen Themen orientieren und kommen gezielt zum gew\u00fcnschten Teil des Sortiments.<\/p>\n<p>&nbsp;<\/p>\n<div class=\"su-row\"><div class=\"su-column su-column-size-1-3\"><div class=\"su-column-inner su-u-clearfix su-u-trim\">\n<p><img data-recalc-dims=\"1\" loading=\"lazy\" decoding=\"async\" data-attachment-id=\"43340\" data-permalink=\"https:\/\/deltaimage.de\/wp\/?attachment_id=43340#main\" data-orig-file=\"https:\/\/i0.wp.com\/deltaimage.de\/wp\/wp-content\/uploads\/IMG_9082_1200.jpg?fit=1200%2C450&amp;ssl=1\" data-orig-size=\"1200,450\" data-comments-opened=\"1\" data-image-meta=\"{&quot;aperture&quot;:&quot;13&quot;,&quot;credit&quot;:&quot;PAUL ESCHBACH&quot;,&quot;camera&quot;:&quot;Canon EOS Kiss X6i&quot;,&quot;caption&quot;:&quot;&quot;,&quot;created_timestamp&quot;:&quot;1723319426&quot;,&quot;copyright&quot;:&quot;(C) DELTA IMAGE&quot;,&quot;focal_length&quot;:&quot;60&quot;,&quot;iso&quot;:&quot;100&quot;,&quot;shutter_speed&quot;:&quot;0.00625&quot;,&quot;title&quot;:&quot;&quot;,&quot;orientation&quot;:&quot;0&quot;}\" data-image-title=\"IMG_9082_1200\" data-image-description=\"\" data-image-caption=\"\" data-large-file=\"https:\/\/i0.wp.com\/deltaimage.de\/wp\/wp-content\/uploads\/IMG_9082_1200.jpg?fit=890%2C334&amp;ssl=1\" class=\"aligncenter size-full wp-image-43340\" src=\"https:\/\/i0.wp.com\/deltaimage.de\/wp\/wp-content\/uploads\/IMG_9082_1200.jpg?resize=890%2C334&#038;ssl=1\" alt=\"\" width=\"890\" height=\"334\" srcset=\"https:\/\/i0.wp.com\/deltaimage.de\/wp\/wp-content\/uploads\/IMG_9082_1200.jpg?w=1200&amp;ssl=1 1200w, https:\/\/i0.wp.com\/deltaimage.de\/wp\/wp-content\/uploads\/IMG_9082_1200.jpg?resize=900%2C338&amp;ssl=1 900w, https:\/\/i0.wp.com\/deltaimage.de\/wp\/wp-content\/uploads\/IMG_9082_1200.jpg?resize=300%2C113&amp;ssl=1 300w, https:\/\/i0.wp.com\/deltaimage.de\/wp\/wp-content\/uploads\/IMG_9082_1200.jpg?resize=890%2C334&amp;ssl=1 890w, https:\/\/i0.wp.com\/deltaimage.de\/wp\/wp-content\/uploads\/IMG_9082_1200.jpg?resize=1067%2C400&amp;ssl=1 1067w\" sizes=\"auto, (max-width: 890px) 100vw, 890px\" \/><\/p>\n<h2><strong><a href=\"https:\/\/deltaimage.de\/wp\/?page_id=45287\">DELTA IMAGE-Eigenverlag<\/a><\/strong><\/h2>\n<p>Wir produzieren B\u00fccher im <strong>DELTA IMAGE-Eigenverlag<\/strong>, von der Idee angefangen, \u00fcber ein konkretes Konzept und Positionierung im Markt. Dann geht die reise weiter \u00fcber die Bilder, Grafiken und Texte bis zur Produktion der B\u00fccher in den Druckereien. Dann beginnt die eigentliche Arbeit mit dem Marketing und Pressearbeit bis zum Verkauf \u00fcber shop.deltaimage.de und den station\u00e4ren Verkaufsstellen - alles aus einer Hand.<\/p>\n<p>Bei manchen B\u00fcchern ist <strong>DELTA IMAGE<\/strong> als Fotograf mit den Bildern zum Buch an entscheidender Stelle mit eingebunden.<\/div><\/div>\n<div class=\"su-column su-column-size-1-3\"><div class=\"su-column-inner su-u-clearfix su-u-trim\">\n<p><img data-recalc-dims=\"1\" loading=\"lazy\" decoding=\"async\" data-attachment-id=\"26469\" data-permalink=\"https:\/\/deltaimage.de\/wp\/?attachment_id=26469\" data-orig-file=\"https:\/\/i0.wp.com\/deltaimage.de\/wp\/wp-content\/uploads\/responsive_Website_SHOP_20201218_1200.png?fit=1200%2C450&amp;ssl=1\" data-orig-size=\"1200,450\" data-comments-opened=\"1\" data-image-meta=\"{&quot;aperture&quot;:&quot;0&quot;,&quot;credit&quot;:&quot;&quot;,&quot;camera&quot;:&quot;&quot;,&quot;caption&quot;:&quot;&quot;,&quot;created_timestamp&quot;:&quot;0&quot;,&quot;copyright&quot;:&quot;&quot;,&quot;focal_length&quot;:&quot;0&quot;,&quot;iso&quot;:&quot;0&quot;,&quot;shutter_speed&quot;:&quot;0&quot;,&quot;title&quot;:&quot;&quot;,&quot;orientation&quot;:&quot;0&quot;}\" data-image-title=\"responsive_Website_SHOP_20201218_1200\" data-image-description=\"\" data-image-caption=\"\" data-large-file=\"https:\/\/i0.wp.com\/deltaimage.de\/wp\/wp-content\/uploads\/responsive_Website_SHOP_20201218_1200.png?fit=890%2C334&amp;ssl=1\" class=\"aligncenter size-full wp-image-26469\" src=\"https:\/\/i0.wp.com\/deltaimage.de\/wp\/wp-content\/uploads\/responsive_Website_SHOP_20201218_1200.png?resize=890%2C334&#038;ssl=1\" alt=\"\" width=\"890\" height=\"334\" srcset=\"https:\/\/i0.wp.com\/deltaimage.de\/wp\/wp-content\/uploads\/responsive_Website_SHOP_20201218_1200.png?w=1200&amp;ssl=1 1200w, https:\/\/i0.wp.com\/deltaimage.de\/wp\/wp-content\/uploads\/responsive_Website_SHOP_20201218_1200.png?resize=300%2C113&amp;ssl=1 300w, https:\/\/i0.wp.com\/deltaimage.de\/wp\/wp-content\/uploads\/responsive_Website_SHOP_20201218_1200.png?resize=600%2C225&amp;ssl=1 600w, https:\/\/i0.wp.com\/deltaimage.de\/wp\/wp-content\/uploads\/responsive_Website_SHOP_20201218_1200.png?resize=890%2C334&amp;ssl=1 890w, https:\/\/i0.wp.com\/deltaimage.de\/wp\/wp-content\/uploads\/responsive_Website_SHOP_20201218_1200.png?resize=1067%2C400&amp;ssl=1 1067w\" sizes=\"auto, (max-width: 890px) 100vw, 890px\" \/><\/p>\n<h2><strong><a href=\"https:\/\/shop.deltaimage.de\">shop.DELTAIMAGE.de - Online-Schop<\/a><\/strong><\/h2>\n<p>Wir verkaufen die B\u00fccher vorwiegend in der <strong>DACH-Region<\/strong>, aber haben auch KundenInnen aus fast allen <strong>EU-Mitgliedsstaaten<\/strong> und versenden die B\u00fccher aber nach Europa. Mit dem <a href=\"http:\/\/shop.deltaimage.de\"><strong>shop.deltaimage.de<\/strong><\/a> geben wir allen Interessierten eine einfache und bequeme Art des Einkaufs eines Buches im <strong>Online-Shop<\/strong> zu einem nicht allt\u00e4glichen Spezialthema.<\/p>\n<\/div><\/div>\n<\/div>\n<p>&nbsp;<\/p>\n<h2>Die Welt der B\u00fccher &#8211; immer neuer Lesestoff<\/h2>\n<div class=\"su-row\">\n<div class=\"su-column su-column-size-1-3\"><div class=\"su-column-inner su-u-clearfix su-u-trim\">\n<p><img data-recalc-dims=\"1\" loading=\"lazy\" decoding=\"async\" data-attachment-id=\"45347\" data-permalink=\"https:\/\/deltaimage.de\/wp\/?attachment_id=45347#main\" data-orig-file=\"https:\/\/i0.wp.com\/deltaimage.de\/wp\/wp-content\/uploads\/Banner_Neue-Produkte_1200.png?fit=1200%2C449&amp;ssl=1\" data-orig-size=\"1200,449\" data-comments-opened=\"1\" data-image-meta=\"{&quot;aperture&quot;:&quot;0&quot;,&quot;credit&quot;:&quot;&quot;,&quot;camera&quot;:&quot;&quot;,&quot;caption&quot;:&quot;&quot;,&quot;created_timestamp&quot;:&quot;0&quot;,&quot;copyright&quot;:&quot;&quot;,&quot;focal_length&quot;:&quot;0&quot;,&quot;iso&quot;:&quot;0&quot;,&quot;shutter_speed&quot;:&quot;0&quot;,&quot;title&quot;:&quot;&quot;,&quot;orientation&quot;:&quot;0&quot;}\" data-image-title=\"Banner_Neue-Produkte_1200\" data-image-description=\"\" data-image-caption=\"\" data-large-file=\"https:\/\/i0.wp.com\/deltaimage.de\/wp\/wp-content\/uploads\/Banner_Neue-Produkte_1200.png?fit=890%2C333&amp;ssl=1\" class=\"aligncenter size-full wp-image-45347\" src=\"https:\/\/i0.wp.com\/deltaimage.de\/wp\/wp-content\/uploads\/Banner_Neue-Produkte_1200.png?resize=890%2C333&#038;ssl=1\" alt=\"\" width=\"890\" height=\"333\" srcset=\"https:\/\/i0.wp.com\/deltaimage.de\/wp\/wp-content\/uploads\/Banner_Neue-Produkte_1200.png?w=1200&amp;ssl=1 1200w, https:\/\/i0.wp.com\/deltaimage.de\/wp\/wp-content\/uploads\/Banner_Neue-Produkte_1200.png?resize=900%2C337&amp;ssl=1 900w, https:\/\/i0.wp.com\/deltaimage.de\/wp\/wp-content\/uploads\/Banner_Neue-Produkte_1200.png?resize=300%2C112&amp;ssl=1 300w, https:\/\/i0.wp.com\/deltaimage.de\/wp\/wp-content\/uploads\/Banner_Neue-Produkte_1200.png?resize=1069%2C400&amp;ssl=1 1069w\" sizes=\"auto, (max-width: 890px) 100vw, 890px\" \/><\/p>\n<h2><a href=\"https:\/\/shop.deltaimage.de\/?product_cat=neu\"><strong>Neue Angebote \/ B\u00fccher<\/strong><\/a><\/h2>\n<p>Das Verlagsprogramm wird st\u00e4ndig \u00fcberarbeitet und so kommen immer wieder neue Buchtitel in unser Programm. In dieser Kategorie erleichtern wir Ihnen die Suche nach neuen Titeln.\u00a0St\u00f6bern Sie auch in den anderen Kategorien nach interessanten Buchtiteln.<\/p>\n<p>Besuchen Sie unsere Seite im shop.deltaimage.de mit allen <strong>neuen Buchtiteln<\/strong> im einfachen und schnellen \u00dcberblick. Da ist vielleicht auch Ihr n\u00e4chstes Geschenk f\u00fcr sich oder eine andere Person mit dabei.<\/p>\n<\/div><\/div>\n<div class=\"su-column su-column-size-1-3\"><div class=\"su-column-inner su-u-clearfix su-u-trim\">\n<p><img data-recalc-dims=\"1\" loading=\"lazy\" decoding=\"async\" data-attachment-id=\"45344\" data-permalink=\"https:\/\/deltaimage.de\/wp\/?attachment_id=45344#main\" data-orig-file=\"https:\/\/i0.wp.com\/deltaimage.de\/wp\/wp-content\/uploads\/Banner_Angebot.png?fit=1200%2C458&amp;ssl=1\" data-orig-size=\"1200,458\" data-comments-opened=\"1\" data-image-meta=\"{&quot;aperture&quot;:&quot;0&quot;,&quot;credit&quot;:&quot;&quot;,&quot;camera&quot;:&quot;&quot;,&quot;caption&quot;:&quot;&quot;,&quot;created_timestamp&quot;:&quot;0&quot;,&quot;copyright&quot;:&quot;&quot;,&quot;focal_length&quot;:&quot;0&quot;,&quot;iso&quot;:&quot;0&quot;,&quot;shutter_speed&quot;:&quot;0&quot;,&quot;title&quot;:&quot;&quot;,&quot;orientation&quot;:&quot;0&quot;}\" data-image-title=\"Banner_Angebot\" data-image-description=\"\" data-image-caption=\"\" data-large-file=\"https:\/\/i0.wp.com\/deltaimage.de\/wp\/wp-content\/uploads\/Banner_Angebot.png?fit=890%2C340&amp;ssl=1\" class=\"aligncenter size-full wp-image-45344\" src=\"https:\/\/i0.wp.com\/deltaimage.de\/wp\/wp-content\/uploads\/Banner_Angebot.png?resize=890%2C340&#038;ssl=1\" alt=\"\" width=\"890\" height=\"340\" srcset=\"https:\/\/i0.wp.com\/deltaimage.de\/wp\/wp-content\/uploads\/Banner_Angebot.png?w=1200&amp;ssl=1 1200w, https:\/\/i0.wp.com\/deltaimage.de\/wp\/wp-content\/uploads\/Banner_Angebot.png?resize=900%2C344&amp;ssl=1 900w, https:\/\/i0.wp.com\/deltaimage.de\/wp\/wp-content\/uploads\/Banner_Angebot.png?resize=300%2C115&amp;ssl=1 300w, https:\/\/i0.wp.com\/deltaimage.de\/wp\/wp-content\/uploads\/Banner_Angebot.png?resize=1048%2C400&amp;ssl=1 1048w\" sizes=\"auto, (max-width: 890px) 100vw, 890px\" \/><\/p>\n<h2><a href=\"https:\/\/shop.deltaimage.de\/?product_cat=angebote\"><strong>%-Angebote - Reduzierte Angebote<\/strong><\/a><\/h2>\n<p>Im SHOP sind die nachfolgenden Produkte preislich reduziert und damit deutlich vom normalen Verkaufspreis gesenkt. Die Produkte sind ggf. nur noch limitiert verf\u00fcgbar.<\/p>\n<p>Besuchen Sie unsere Seite im shop.deltaimage.de mit allen <strong>preislich reduzierten Buchtiteln<\/strong> im einfachen und schnellen \u00dcberblick. Da ist vielleicht auch Ihr n\u00e4chstes Geschenk f\u00fcr sich oder eine andere Person mit dabei.<\/p>\n<\/div><\/div>\n<div class=\"su-column su-column-size-1-3\"><div class=\"su-column-inner su-u-clearfix su-u-trim\">\n<p><img data-recalc-dims=\"1\" loading=\"lazy\" decoding=\"async\" data-attachment-id=\"13650\" data-permalink=\"https:\/\/deltaimage.de\/wp\/?attachment_id=13650\" data-orig-file=\"https:\/\/i0.wp.com\/deltaimage.de\/wp\/wp-content\/uploads\/IMG_4734_1200.jpg?fit=1200%2C450&amp;ssl=1\" data-orig-size=\"1200,450\" data-comments-opened=\"0\" data-image-meta=\"{&quot;aperture&quot;:&quot;4&quot;,&quot;credit&quot;:&quot;&quot;,&quot;camera&quot;:&quot;Canon EOS 5D&quot;,&quot;caption&quot;:&quot;&quot;,&quot;created_timestamp&quot;:&quot;1487175447&quot;,&quot;copyright&quot;:&quot;&quot;,&quot;focal_length&quot;:&quot;24&quot;,&quot;iso&quot;:&quot;1000&quot;,&quot;shutter_speed&quot;:&quot;0.003125&quot;,&quot;title&quot;:&quot;&quot;,&quot;orientation&quot;:&quot;0&quot;}\" data-image-title=\"IMG_4734_1200\" data-image-description=\"\" data-image-caption=\"\" data-large-file=\"https:\/\/i0.wp.com\/deltaimage.de\/wp\/wp-content\/uploads\/IMG_4734_1200.jpg?fit=890%2C334&amp;ssl=1\" class=\"aligncenter size-full wp-image-13650\" src=\"https:\/\/i0.wp.com\/deltaimage.de\/wp\/wp-content\/uploads\/IMG_4734_1200.jpg?resize=890%2C334&#038;ssl=1\" alt=\"\" width=\"890\" height=\"334\" srcset=\"https:\/\/i0.wp.com\/deltaimage.de\/wp\/wp-content\/uploads\/IMG_4734_1200.jpg?w=1200&amp;ssl=1 1200w, https:\/\/i0.wp.com\/deltaimage.de\/wp\/wp-content\/uploads\/IMG_4734_1200.jpg?resize=200%2C75&amp;ssl=1 200w, https:\/\/i0.wp.com\/deltaimage.de\/wp\/wp-content\/uploads\/IMG_4734_1200.jpg?resize=300%2C113&amp;ssl=1 300w, https:\/\/i0.wp.com\/deltaimage.de\/wp\/wp-content\/uploads\/IMG_4734_1200.jpg?resize=768%2C288&amp;ssl=1 768w, https:\/\/i0.wp.com\/deltaimage.de\/wp\/wp-content\/uploads\/IMG_4734_1200.jpg?resize=1024%2C384&amp;ssl=1 1024w, https:\/\/i0.wp.com\/deltaimage.de\/wp\/wp-content\/uploads\/IMG_4734_1200.jpg?resize=890%2C334&amp;ssl=1 890w, https:\/\/i0.wp.com\/deltaimage.de\/wp\/wp-content\/uploads\/IMG_4734_1200.jpg?resize=1067%2C400&amp;ssl=1 1067w\" sizes=\"auto, (max-width: 890px) 100vw, 890px\" \/><\/p>\n<h2><a href=\"https:\/\/deltaimage.de\/wp\/?page_id=13623\"><strong>DELTA IMAGE-B\u00fccherregal<\/strong><\/a><\/h2>\n<p>Besuchen Sie unseren <strong>Online-Shop<\/strong> mit vielen <strong>verschiedenen Produkt-Kategorien<\/strong> im Sortiment von <strong>DELTA IMAGE Eigenverlag<\/strong>. Die Produkt-Kategorien sehen sie auch nachfolgend im \u00dcberblick.<\/p>\n<\/div><\/div> <\/div>\n<p>&nbsp;<\/p>\n<h2>DELTA IMAGE-B\u00fccher Themenkategorien<\/h2>\n<div class=\"su-row\"><div class=\"su-column su-column-size-1-3\"><div class=\"su-column-inner su-u-clearfix su-u-trim\">\n<p><img data-recalc-dims=\"1\" loading=\"lazy\" decoding=\"async\" data-attachment-id=\"15737\" data-permalink=\"https:\/\/deltaimage.de\/wp\/?attachment_id=15737#main\" data-orig-file=\"https:\/\/i0.wp.com\/deltaimage.de\/wp\/wp-content\/uploads\/CRW_3444_1200.jpg?fit=1200%2C450&amp;ssl=1\" data-orig-size=\"1200,450\" data-comments-opened=\"0\" data-image-meta=\"{&quot;aperture&quot;:&quot;9&quot;,&quot;credit&quot;:&quot;Paul Eschbach&quot;,&quot;camera&quot;:&quot;Canon EOS 10D&quot;,&quot;caption&quot;:&quot;&quot;,&quot;created_timestamp&quot;:&quot;1219600320&quot;,&quot;copyright&quot;:&quot;Creative Commons.BY.ND  \\u00a9 All Rights Reserved 1899&quot;,&quot;focal_length&quot;:&quot;100&quot;,&quot;iso&quot;:&quot;200&quot;,&quot;shutter_speed&quot;:&quot;0.003125&quot;,&quot;title&quot;:&quot;&quot;,&quot;orientation&quot;:&quot;0&quot;}\" data-image-title=\"CRW_3444_1200\" data-image-description=\"\" data-image-caption=\"\" data-large-file=\"https:\/\/i0.wp.com\/deltaimage.de\/wp\/wp-content\/uploads\/CRW_3444_1200.jpg?fit=890%2C334&amp;ssl=1\" class=\"aligncenter size-full wp-image-15737\" src=\"https:\/\/i0.wp.com\/deltaimage.de\/wp\/wp-content\/uploads\/CRW_3444_1200.jpg?resize=890%2C334&#038;ssl=1\" alt=\"\" width=\"890\" height=\"334\" srcset=\"https:\/\/i0.wp.com\/deltaimage.de\/wp\/wp-content\/uploads\/CRW_3444_1200.jpg?w=1200&amp;ssl=1 1200w, https:\/\/i0.wp.com\/deltaimage.de\/wp\/wp-content\/uploads\/CRW_3444_1200.jpg?resize=200%2C75&amp;ssl=1 200w, https:\/\/i0.wp.com\/deltaimage.de\/wp\/wp-content\/uploads\/CRW_3444_1200.jpg?resize=300%2C113&amp;ssl=1 300w, https:\/\/i0.wp.com\/deltaimage.de\/wp\/wp-content\/uploads\/CRW_3444_1200.jpg?resize=1024%2C384&amp;ssl=1 1024w, https:\/\/i0.wp.com\/deltaimage.de\/wp\/wp-content\/uploads\/CRW_3444_1200.jpg?resize=890%2C334&amp;ssl=1 890w, https:\/\/i0.wp.com\/deltaimage.de\/wp\/wp-content\/uploads\/CRW_3444_1200.jpg?resize=1067%2C400&amp;ssl=1 1067w\" sizes=\"auto, (max-width: 890px) 100vw, 890px\" \/><\/p>\n<h2><a href=\"https:\/\/deltaimage.de\/wp\/?page_id=37244\"><strong>Flugplatz Schlei\u00dfheim zum Selber-Erkunden<\/strong><\/a><\/h2>\n<p>Seit dem Jahr 2012 f\u00fchrt <strong>Paul Eschbach<\/strong> die BesucherInnen in den <strong>Luftfahrt-historischen<\/strong> und den <strong>naturkundlichen<\/strong> <strong>Flugplatzwanderungen<\/strong> \u00fcber den \u00e4ltesten Flugplatz in Bayern, in Deutschland und in Europa - Flugplatz Schlei\u00dfheim im Norden von M\u00fcnchen. Zum <strong>Selbsterkunden<\/strong> sind die vier unterschiedlichen gef\u00fchrten Routen (NORD, OST, S\u00dcD, WEST) als handlicher und informativer Wanderf\u00fchrer von <strong>DELTA IMAGE<\/strong>-<strong>Eigenverlag<\/strong> als Buch erschienen.<\/p>\n<\/div><\/div> <div class=\"su-column su-column-size-1-3\"><div class=\"su-column-inner su-u-clearfix su-u-trim\">\n<p><img data-recalc-dims=\"1\" loading=\"lazy\" decoding=\"async\" data-attachment-id=\"41909\" data-permalink=\"https:\/\/deltaimage.de\/wp\/?attachment_id=41909#main\" data-orig-file=\"https:\/\/i0.wp.com\/deltaimage.de\/wp\/wp-content\/uploads\/IMG_20231031_115434_1200.jpg?fit=1200%2C450&amp;ssl=1\" data-orig-size=\"1200,450\" data-comments-opened=\"1\" data-image-meta=\"{&quot;aperture&quot;:&quot;1.9&quot;,&quot;credit&quot;:&quot;&quot;,&quot;camera&quot;:&quot;2201116SG&quot;,&quot;caption&quot;:&quot;&quot;,&quot;created_timestamp&quot;:&quot;1698753274&quot;,&quot;copyright&quot;:&quot;&quot;,&quot;focal_length&quot;:&quot;5.89&quot;,&quot;iso&quot;:&quot;60&quot;,&quot;shutter_speed&quot;:&quot;0.01&quot;,&quot;title&quot;:&quot;&quot;,&quot;orientation&quot;:&quot;0&quot;}\" data-image-title=\"IMG_20231031_115434_1200\" data-image-description=\"\" data-image-caption=\"\" data-large-file=\"https:\/\/i0.wp.com\/deltaimage.de\/wp\/wp-content\/uploads\/IMG_20231031_115434_1200.jpg?fit=890%2C334&amp;ssl=1\" class=\"aligncenter size-full wp-image-41909\" src=\"https:\/\/i0.wp.com\/deltaimage.de\/wp\/wp-content\/uploads\/IMG_20231031_115434_1200.jpg?resize=890%2C334&#038;ssl=1\" alt=\"\" width=\"890\" height=\"334\" srcset=\"https:\/\/i0.wp.com\/deltaimage.de\/wp\/wp-content\/uploads\/IMG_20231031_115434_1200.jpg?w=1200&amp;ssl=1 1200w, https:\/\/i0.wp.com\/deltaimage.de\/wp\/wp-content\/uploads\/IMG_20231031_115434_1200.jpg?resize=900%2C338&amp;ssl=1 900w, https:\/\/i0.wp.com\/deltaimage.de\/wp\/wp-content\/uploads\/IMG_20231031_115434_1200.jpg?resize=300%2C113&amp;ssl=1 300w, https:\/\/i0.wp.com\/deltaimage.de\/wp\/wp-content\/uploads\/IMG_20231031_115434_1200.jpg?resize=890%2C334&amp;ssl=1 890w, https:\/\/i0.wp.com\/deltaimage.de\/wp\/wp-content\/uploads\/IMG_20231031_115434_1200.jpg?resize=1067%2C400&amp;ssl=1 1067w\" sizes=\"auto, (max-width: 890px) 100vw, 890px\" \/><\/p>\n<h2><a href=\"https:\/\/shop.deltaimage.de\/?product_cat=luftfahrt\"><strong>Luftfahrt Themen<\/strong><\/a><\/h2>\n<p>Das Angebot der B\u00fccher umfasst durch die N\u00e4he zur <strong>Flugwerft Schlei\u00dfheim<\/strong> mit der Ausstellung f\u00fcr <strong>Luft- und Raumfahrt<\/strong> im <strong>Deutschen Museum<\/strong> auch Themen der <strong>Luftfahrt<\/strong>. Spezielle Buchtitel im Themenbereich <strong>Luftfahrt<\/strong> und <strong>Luftfahrtgeschichte<\/strong>. St\u00f6bern Sie auch in den anderen Kategorien nach interessanten Buchtiteln.<\/p>\n<\/div><\/div> <div class=\"su-column su-column-size-1-3\"><div class=\"su-column-inner su-u-clearfix su-u-trim\">\n<p><img data-recalc-dims=\"1\" loading=\"lazy\" decoding=\"async\" data-attachment-id=\"15901\" data-permalink=\"https:\/\/deltaimage.de\/wp\/?attachment_id=15901#main\" data-orig-file=\"https:\/\/i0.wp.com\/deltaimage.de\/wp\/wp-content\/uploads\/Fotogipfel_WS_Eschbach-1200.jpg?fit=1199%2C450&amp;ssl=1\" data-orig-size=\"1199,450\" data-comments-opened=\"0\" data-image-meta=\"{&quot;aperture&quot;:&quot;0&quot;,&quot;credit&quot;:&quot;&quot;,&quot;camera&quot;:&quot;&quot;,&quot;caption&quot;:&quot;&quot;,&quot;created_timestamp&quot;:&quot;0&quot;,&quot;copyright&quot;:&quot;&quot;,&quot;focal_length&quot;:&quot;0&quot;,&quot;iso&quot;:&quot;0&quot;,&quot;shutter_speed&quot;:&quot;0&quot;,&quot;title&quot;:&quot;&quot;,&quot;orientation&quot;:&quot;1&quot;}\" data-image-title=\"Fotogipfel_WS_Eschbach-1200\" data-image-description=\"&lt;p&gt;Oberstdorfer Fotogipfel&lt;br \/&gt;\nFotograf: Kees van Surksum&lt;\/p&gt;\n\" data-image-caption=\"\" data-large-file=\"https:\/\/i0.wp.com\/deltaimage.de\/wp\/wp-content\/uploads\/Fotogipfel_WS_Eschbach-1200.jpg?fit=890%2C334&amp;ssl=1\" class=\"aligncenter size-full wp-image-15901\" src=\"https:\/\/i0.wp.com\/deltaimage.de\/wp\/wp-content\/uploads\/Fotogipfel_WS_Eschbach-1200.jpg?resize=890%2C334&#038;ssl=1\" alt=\"\" width=\"890\" height=\"334\" srcset=\"https:\/\/i0.wp.com\/deltaimage.de\/wp\/wp-content\/uploads\/Fotogipfel_WS_Eschbach-1200.jpg?w=1199&amp;ssl=1 1199w, https:\/\/i0.wp.com\/deltaimage.de\/wp\/wp-content\/uploads\/Fotogipfel_WS_Eschbach-1200.jpg?resize=200%2C75&amp;ssl=1 200w, https:\/\/i0.wp.com\/deltaimage.de\/wp\/wp-content\/uploads\/Fotogipfel_WS_Eschbach-1200.jpg?resize=300%2C113&amp;ssl=1 300w, https:\/\/i0.wp.com\/deltaimage.de\/wp\/wp-content\/uploads\/Fotogipfel_WS_Eschbach-1200.jpg?resize=1024%2C384&amp;ssl=1 1024w, https:\/\/i0.wp.com\/deltaimage.de\/wp\/wp-content\/uploads\/Fotogipfel_WS_Eschbach-1200.jpg?resize=890%2C334&amp;ssl=1 890w, https:\/\/i0.wp.com\/deltaimage.de\/wp\/wp-content\/uploads\/Fotogipfel_WS_Eschbach-1200.jpg?resize=1066%2C400&amp;ssl=1 1066w\" sizes=\"auto, (max-width: 890px) 100vw, 890px\" \/><\/p>\n<h2><a href=\"https:\/\/shop.deltaimage.de\/?product_cat=unbemannte-luftfahrt\"><strong>Drohnen\/UAS und Unbemannte Luftfahrt<\/strong><\/a><\/h2>\n<p><strong>DELTA IMAGE<\/strong> produziert die Buchtitel f\u00fcr die <strong>Schulung<\/strong> und <strong>Ausbildung<\/strong> von PilotInnen in der unbemannten Luftfahrt, f\u00fcr den regelkonformen Einsatz von <strong>Drohnen<\/strong> und <strong>UAS<\/strong>.<br \/>\nSeit vielen Jahren f\u00fchren wir <strong>EinsteigerInnen<\/strong> in die <strong>Drohnen-Technik<\/strong> mit Hilfe von Workshops an das notwendige Wissen zum sicher Umgang mit den <strong>Drohnen \/ UAS<\/strong> heran. Zum <strong>Selbststudium<\/strong> bieten wir die im deutschsprachigen Raum am meisten gekauften <strong>Lehrb\u00fccher<\/strong> zu diesen Themen an.<\/p>\n<\/div><\/div> <\/div>\n<div class=\"su-row\"><div class=\"su-column su-column-size-1-3\"><div class=\"su-column-inner su-u-clearfix su-u-trim\">\n<p><img data-recalc-dims=\"1\" loading=\"lazy\" decoding=\"async\" data-attachment-id=\"31261\" data-permalink=\"https:\/\/deltaimage.de\/wp\/?attachment_id=31261#main\" data-orig-file=\"https:\/\/i0.wp.com\/deltaimage.de\/wp\/wp-content\/uploads\/ZY5M7598_1200.jpg?fit=1200%2C450&amp;ssl=1\" data-orig-size=\"1200,450\" data-comments-opened=\"0\" data-image-meta=\"{&quot;aperture&quot;:&quot;5.6&quot;,&quot;credit&quot;:&quot;Paul Eschbach&quot;,&quot;camera&quot;:&quot;Canon EOS-1Ds Mark II&quot;,&quot;caption&quot;:&quot;&quot;,&quot;created_timestamp&quot;:&quot;1414924294&quot;,&quot;copyright&quot;:&quot;&quot;,&quot;focal_length&quot;:&quot;70&quot;,&quot;iso&quot;:&quot;400&quot;,&quot;shutter_speed&quot;:&quot;0.0003125&quot;,&quot;title&quot;:&quot;ZY5M7598&quot;,&quot;orientation&quot;:&quot;0&quot;}\" data-image-title=\"ZY5M7598\" data-image-description=\"\" data-image-caption=\"\" data-large-file=\"https:\/\/i0.wp.com\/deltaimage.de\/wp\/wp-content\/uploads\/ZY5M7598_1200.jpg?fit=890%2C334&amp;ssl=1\" class=\"aligncenter size-full wp-image-31261\" src=\"https:\/\/i0.wp.com\/deltaimage.de\/wp\/wp-content\/uploads\/ZY5M7598_1200.jpg?resize=890%2C334&#038;ssl=1\" alt=\"\" width=\"890\" height=\"334\" srcset=\"https:\/\/i0.wp.com\/deltaimage.de\/wp\/wp-content\/uploads\/ZY5M7598_1200.jpg?w=1200&amp;ssl=1 1200w, https:\/\/i0.wp.com\/deltaimage.de\/wp\/wp-content\/uploads\/ZY5M7598_1200.jpg?resize=900%2C338&amp;ssl=1 900w, https:\/\/i0.wp.com\/deltaimage.de\/wp\/wp-content\/uploads\/ZY5M7598_1200.jpg?resize=300%2C113&amp;ssl=1 300w, https:\/\/i0.wp.com\/deltaimage.de\/wp\/wp-content\/uploads\/ZY5M7598_1200.jpg?resize=890%2C334&amp;ssl=1 890w, https:\/\/i0.wp.com\/deltaimage.de\/wp\/wp-content\/uploads\/ZY5M7598_1200.jpg?resize=1067%2C400&amp;ssl=1 1067w\" sizes=\"auto, (max-width: 890px) 100vw, 890px\" \/><\/p>\n<h2><a href=\"https:\/\/shop.deltaimage.de\/?product_cat=dachau-oberschleissheim\"><strong>Dachau &amp; Schlei\u00dfheim<\/strong><\/a><\/h2>\n<p>Zum <strong>Landschaftsraum zwischen Dachau und Schlei\u00dfheim<\/strong> bieten wir wundersch\u00f6ne B\u00fccher mit interessanten Themenstellungen, insbesondere zum <strong>Dachauer Moos<\/strong>, an. B\u00fccher zu den Themenbereichen <strong>Dachau<\/strong> (Meine Heimatstadt) und <strong>Oberschlei\u00dfheim<\/strong> sind f\u00fcr den Interessenten in dieser speziellen Kategorie zusammengefasst.<br \/>\nSt\u00f6bern Sie auch in den anderen Kategorien nach interessanten Buchtiteln.<\/p>\n<\/div><\/div> <div class=\"su-column su-column-size-1-3\"><div class=\"su-column-inner su-u-clearfix su-u-trim\">\n<p><img data-recalc-dims=\"1\" loading=\"lazy\" decoding=\"async\" data-attachment-id=\"40559\" data-permalink=\"https:\/\/deltaimage.de\/wp\/?attachment_id=40559#main\" data-orig-file=\"https:\/\/i0.wp.com\/deltaimage.de\/wp\/wp-content\/uploads\/PE1S2268_1200-1.jpg?fit=1200%2C450&amp;ssl=1\" data-orig-size=\"1200,450\" data-comments-opened=\"1\" data-image-meta=\"{&quot;aperture&quot;:&quot;5.6&quot;,&quot;credit&quot;:&quot;Paul Eschbach&quot;,&quot;camera&quot;:&quot;Canon EOS-1Ds Mark III&quot;,&quot;caption&quot;:&quot;&quot;,&quot;created_timestamp&quot;:&quot;1689684960&quot;,&quot;copyright&quot;:&quot;&quot;,&quot;focal_length&quot;:&quot;190&quot;,&quot;iso&quot;:&quot;400&quot;,&quot;shutter_speed&quot;:&quot;0.0015625&quot;,&quot;title&quot;:&quot;&quot;,&quot;orientation&quot;:&quot;0&quot;}\" data-image-title=\"PE1S2268_1200\" data-image-description=\"\" data-image-caption=\"\" data-large-file=\"https:\/\/i0.wp.com\/deltaimage.de\/wp\/wp-content\/uploads\/PE1S2268_1200-1.jpg?fit=890%2C334&amp;ssl=1\" class=\"aligncenter size-full wp-image-40559\" src=\"https:\/\/i0.wp.com\/deltaimage.de\/wp\/wp-content\/uploads\/PE1S2268_1200-1.jpg?resize=890%2C334&#038;ssl=1\" alt=\"\" width=\"890\" height=\"334\" srcset=\"https:\/\/i0.wp.com\/deltaimage.de\/wp\/wp-content\/uploads\/PE1S2268_1200-1.jpg?w=1200&amp;ssl=1 1200w, https:\/\/i0.wp.com\/deltaimage.de\/wp\/wp-content\/uploads\/PE1S2268_1200-1.jpg?resize=900%2C338&amp;ssl=1 900w, https:\/\/i0.wp.com\/deltaimage.de\/wp\/wp-content\/uploads\/PE1S2268_1200-1.jpg?resize=300%2C113&amp;ssl=1 300w, https:\/\/i0.wp.com\/deltaimage.de\/wp\/wp-content\/uploads\/PE1S2268_1200-1.jpg?resize=890%2C334&amp;ssl=1 890w, https:\/\/i0.wp.com\/deltaimage.de\/wp\/wp-content\/uploads\/PE1S2268_1200-1.jpg?resize=1067%2C400&amp;ssl=1 1067w\" sizes=\"auto, (max-width: 890px) 100vw, 890px\" \/><\/p>\n<h2><strong><a href=\"https:\/\/shop.deltaimage.de\/?product_cat=fotografie\">Fotografie<\/a><\/strong><\/h2>\n<p>Seit vielen Jahren f\u00fchren wir <strong>Einsteiger<\/strong> und <strong>Fortgeschrittene<\/strong> weiter an die Freuden der <strong>Fotografie,<\/strong> mit dem Beherrschen der wichtigen <strong>Foto-Techniken<\/strong> f\u00fcr die EinsteigerIn und die Fortgeschrittene, heran. Als Unterst\u00fctzung f\u00fcr das <strong>Selbststudium<\/strong> und als <strong>Erg\u00e4nzung<\/strong> im <strong>eLearning<\/strong> - <strong>Angebot<\/strong> haben wir die Inhalte auch in entsprechende <strong>Begleitb\u00fccher<\/strong> zum einfachen und <strong>strukturierten Selbstlernen<\/strong> gefasst.<\/p>\n<\/div><\/div> <div class=\"su-column su-column-size-1-3\"><div class=\"su-column-inner su-u-clearfix su-u-trim\">\n<p><img data-recalc-dims=\"1\" loading=\"lazy\" decoding=\"async\" data-attachment-id=\"42176\" data-permalink=\"https:\/\/deltaimage.de\/wp\/?attachment_id=42176#main\" data-orig-file=\"https:\/\/i0.wp.com\/deltaimage.de\/wp\/wp-content\/uploads\/PE5D0295_1200.jpg?fit=1200%2C450&amp;ssl=1\" data-orig-size=\"1200,450\" data-comments-opened=\"1\" data-image-meta=\"{&quot;aperture&quot;:&quot;2.8&quot;,&quot;credit&quot;:&quot;Paul Eschbach&quot;,&quot;camera&quot;:&quot;Canon EOS 5DS R&quot;,&quot;caption&quot;:&quot;&quot;,&quot;created_timestamp&quot;:&quot;1601130516&quot;,&quot;copyright&quot;:&quot;DELTA IMAGE&quot;,&quot;focal_length&quot;:&quot;162&quot;,&quot;iso&quot;:&quot;50&quot;,&quot;shutter_speed&quot;:&quot;0.008&quot;,&quot;title&quot;:&quot;&quot;,&quot;orientation&quot;:&quot;0&quot;}\" data-image-title=\"PE5D0295_1200\" data-image-description=\"\" data-image-caption=\"\" data-large-file=\"https:\/\/i0.wp.com\/deltaimage.de\/wp\/wp-content\/uploads\/PE5D0295_1200.jpg?fit=890%2C334&amp;ssl=1\" class=\"aligncenter size-full wp-image-42176\" src=\"https:\/\/i0.wp.com\/deltaimage.de\/wp\/wp-content\/uploads\/PE5D0295_1200.jpg?resize=890%2C334&#038;ssl=1\" alt=\"\" width=\"890\" height=\"334\" srcset=\"https:\/\/i0.wp.com\/deltaimage.de\/wp\/wp-content\/uploads\/PE5D0295_1200.jpg?w=1200&amp;ssl=1 1200w, https:\/\/i0.wp.com\/deltaimage.de\/wp\/wp-content\/uploads\/PE5D0295_1200.jpg?resize=900%2C338&amp;ssl=1 900w, https:\/\/i0.wp.com\/deltaimage.de\/wp\/wp-content\/uploads\/PE5D0295_1200.jpg?resize=300%2C113&amp;ssl=1 300w, https:\/\/i0.wp.com\/deltaimage.de\/wp\/wp-content\/uploads\/PE5D0295_1200.jpg?resize=1067%2C400&amp;ssl=1 1067w\" sizes=\"auto, (max-width: 890px) 100vw, 890px\" \/><\/p>\n<h2><a href=\"https:\/\/shop.deltaimage.de\/?product_cat=dr-marcus-junkelmann\"><strong>Bayerische Geschichte mit Dr. Marcus Junkelmann<\/strong><\/a><\/h2>\n<p>Die Liste der weltweit erschienen B\u00fccher, Drehb\u00fccher und Filme von <strong>Dr. Marcus Junkelmann<\/strong> ist ewig lang. Um seinem Werk und seiner Arbeit nach wie vor in der digitalen Welt einen festen Platz einzur\u00e4umen und mit ihm auch in Kontakt treten zu k\u00f6nnen, habe ich eine eigene <strong>Webseite<\/strong> gewidmet.<\/p>\n<p style=\"text-align: center;\"><a href=\"https:\/\/marcus-junkelmann.de\"><strong>https:\/\/marcus-junkelmann.de<\/strong><\/a><\/p>\n<p>Diese Webpr\u00e4senz stellt sein Schaffen und sein Werk dar und ist doch auch nur ein Ausschnitt aus seinem Schaffen als <strong>Historiker<\/strong> und <strong>Experimentalarch\u00e4ologe<\/strong> und <strong>Buchautor<\/strong>. Ebenso sind alle <strong>aktuellen \u00f6ffentlichen Termine<\/strong>, <strong>Veranstaltungen<\/strong> und <strong>Auff\u00fchrungen<\/strong> mit den <strong>Veranstaltungsangaben<\/strong> ersichtlich. So freue ich mich auch immer wieder, wenn die gemeinsamen Termine zum <strong>Fotografieren<\/strong> wieder einmal in ein neues <strong>Buch<\/strong> m\u00fcndet.<\/p>\n<\/div><\/div> <\/div>\n","protected":false},"excerpt":{"rendered":"<p>B\u00fccher sind ein Kulturgut seit tausenden Jahren in allen Hochkulturen der Erdgeschichte. Wissen ist mit Hilfe der B\u00fccher in jeden Haushalt gekommen und ist jederzeit verf\u00fcgbar. Lesen bildet. Es gibt [&hellip;]<\/p>\n","protected":false},"author":1,"featured_media":45982,"parent":0,"menu_order":0,"comment_status":"closed","ping_status":"closed","template":"page-templates\/full-width-page.php","meta":{"wpupg_custom_link":[],"wpupg_custom_link_behaviour":["default"],"wpupg_custom_link_nofollow":[],"wpupg_custom_image":[],"wpupg_custom_image_id":[],"jetpack_post_was_ever_published":false,"footnotes":""},"class_list":["post-44310","page","type-page","status-publish","has-post-thumbnail","hentry"],"jetpack-related-posts":[{"id":45287,"url":"https:\/\/deltaimage.de\/wp\/?page_id=45287","url_meta":{"origin":44310,"position":0},"title":"DELTA IMAGE Eigenverlag","author":"EschbacP","date":"27. September 2024","format":false,"excerpt":"B\u00fccher sind ein Kulturgut und als Speicher von Sprache, Bildern und deren Zusammenh\u00e4nge ein unverzichtbares Repositorium von Wissen, das zum Zeitpunkt des Lesens oft gar nicht gebraucht wird. B\u00fccher trainieren unseren Intellekt und f\u00f6rdern das Erinnerungsverm\u00f6gen durch vielf\u00e4ltige Assoziationen. Ein gelesener Text bleibt ungleich tiefer im Ged\u00e4chtnis, als andere Formen\u2026","rel":"","context":"\u00c4hnlicher Beitrag","block_context":{"text":"\u00c4hnlicher Beitrag","link":""},"img":{"alt_text":"","src":"https:\/\/i0.wp.com\/deltaimage.de\/wp\/wp-content\/uploads\/IMG_9082_1200.jpg?fit=1200%2C450&ssl=1&resize=350%2C200","width":350,"height":200,"srcset":"https:\/\/i0.wp.com\/deltaimage.de\/wp\/wp-content\/uploads\/IMG_9082_1200.jpg?fit=1200%2C450&ssl=1&resize=350%2C200 1x, https:\/\/i0.wp.com\/deltaimage.de\/wp\/wp-content\/uploads\/IMG_9082_1200.jpg?fit=1200%2C450&ssl=1&resize=525%2C300 1.5x, https:\/\/i0.wp.com\/deltaimage.de\/wp\/wp-content\/uploads\/IMG_9082_1200.jpg?fit=1200%2C450&ssl=1&resize=700%2C400 2x, https:\/\/i0.wp.com\/deltaimage.de\/wp\/wp-content\/uploads\/IMG_9082_1200.jpg?fit=1200%2C450&ssl=1&resize=1050%2C600 3x"},"classes":[]},{"id":13673,"url":"https:\/\/deltaimage.de\/wp\/?page_id=13673","url_meta":{"origin":44310,"position":1},"title":"Buchvorstellung im DELTA IMAGE Eigenverlag","author":"EschbacP","date":"25. Februar 2017","format":false,"excerpt":"Ein Buch ist ein Projekt f\u00fcr die Ewigkeit und \u00fcber den eigenen Bekanntheitsgrad hinaus. Ein Buch ist ein Statement zu einem Thema und es gibt in unserer Erfahrung aus 30 Jahren als Unternehmensberater kaum eine bessere M\u00f6glichkeit, ein Thema gr\u00fcndlich aufzuarbeiten als ein Buch zu schreiben. Ein Buch zu Fotothemen\u2026","rel":"","context":"\u00c4hnlicher Beitrag","block_context":{"text":"\u00c4hnlicher Beitrag","link":""},"img":{"alt_text":"","src":"https:\/\/i0.wp.com\/deltaimage.de\/wp\/wp-content\/uploads\/ZY5M6468_1200.jpg?fit=1200%2C450&ssl=1&resize=350%2C200","width":350,"height":200,"srcset":"https:\/\/i0.wp.com\/deltaimage.de\/wp\/wp-content\/uploads\/ZY5M6468_1200.jpg?fit=1200%2C450&ssl=1&resize=350%2C200 1x, https:\/\/i0.wp.com\/deltaimage.de\/wp\/wp-content\/uploads\/ZY5M6468_1200.jpg?fit=1200%2C450&ssl=1&resize=525%2C300 1.5x, https:\/\/i0.wp.com\/deltaimage.de\/wp\/wp-content\/uploads\/ZY5M6468_1200.jpg?fit=1200%2C450&ssl=1&resize=700%2C400 2x, https:\/\/i0.wp.com\/deltaimage.de\/wp\/wp-content\/uploads\/ZY5M6468_1200.jpg?fit=1200%2C450&ssl=1&resize=1050%2C600 3x"},"classes":[]},{"id":13623,"url":"https:\/\/deltaimage.de\/wp\/?page_id=13623","url_meta":{"origin":44310,"position":2},"title":"DELTA IMAGE B\u00fccherregal \u00dcbersicht","author":"EschbacP","date":"23. Februar 2017","format":false,"excerpt":"B\u00fccher und Buchprodukte sind eine unserer M\u00f6glichkeiten, die digitalen Bilder visuell zu erleben. Das Buch im Zeitalter der Digitalisierung wird auch seine Rolle ver\u00e4ndern. Das Telefonbuch konnte erfolgreich auf andere Medien transferiert werden und ist aktueller und einfacher zu handhaben. Ein Fachbuch steht in Konkurrenz zu Videokan\u00e4len im Internet. Ein\u2026","rel":"","context":"\u00c4hnlicher Beitrag","block_context":{"text":"\u00c4hnlicher Beitrag","link":""},"img":{"alt_text":"","src":"https:\/\/i0.wp.com\/deltaimage.de\/wp\/wp-content\/uploads\/IMG_4734_1200.jpg?fit=1200%2C450&ssl=1&resize=350%2C200","width":350,"height":200,"srcset":"https:\/\/i0.wp.com\/deltaimage.de\/wp\/wp-content\/uploads\/IMG_4734_1200.jpg?fit=1200%2C450&ssl=1&resize=350%2C200 1x, https:\/\/i0.wp.com\/deltaimage.de\/wp\/wp-content\/uploads\/IMG_4734_1200.jpg?fit=1200%2C450&ssl=1&resize=525%2C300 1.5x, https:\/\/i0.wp.com\/deltaimage.de\/wp\/wp-content\/uploads\/IMG_4734_1200.jpg?fit=1200%2C450&ssl=1&resize=700%2C400 2x, https:\/\/i0.wp.com\/deltaimage.de\/wp\/wp-content\/uploads\/IMG_4734_1200.jpg?fit=1200%2C450&ssl=1&resize=1050%2C600 3x"},"classes":[]},{"id":43935,"url":"https:\/\/deltaimage.de\/wp\/?page_id=43935","url_meta":{"origin":44310,"position":3},"title":"Die Ziele im Projekt: Dachauer Moos","author":"EschbacP","date":"14. September 2024","format":false,"excerpt":"Einen ganz wesentlichen Impuls f\u00fcr mich war die Moor-Fachtagung im Dachauer Schloss im Jahr 2018 mit vielen Fachleuten und Experten und auch dem bayerischen Umwelt-Staatsminister Marcel Huber zum Schutz der Moore. Der einhellige Apell aller Redner in dieser Ganztagesveranstaltung war: \u201eEs passiert schon sehr viel im Dachauer Moos auf der\u2026","rel":"","context":"\u00c4hnlicher Beitrag","block_context":{"text":"\u00c4hnlicher Beitrag","link":""},"img":{"alt_text":"","src":"","width":0,"height":0},"classes":[]},{"id":45679,"url":"https:\/\/deltaimage.de\/wp\/?page_id=45679","url_meta":{"origin":44310,"position":4},"title":"Home4 &#8211; Professionelle Fotografie","author":"EschbacP","date":"2. Oktober 2024","format":false,"excerpt":"\u00a0 \u00a0 \u00a0 Professionelle Fotografie erleben Fotos sind \u00fcberall - und zu jeder Zeit. Im Internet stehen Bilder zu allen Themen nahezu unbeschr\u00e4nkt zur Verf\u00fcgung. Everything we see is a perspective! Was ist denn nun der Wert eines Fotos? \u00a0 \u00a0 \u00a0 \u00a0 Fotografie Galerie und Bildershop \u00a0 \u00a0 B\u00fccher\u2026","rel":"","context":"\u00c4hnlicher Beitrag","block_context":{"text":"\u00c4hnlicher Beitrag","link":""},"img":{"alt_text":"","src":"https:\/\/deltaimage.de\/wp\/wp-content\/uploads\/APP_Logo_DELTA-IMAGE.bmp","width":350,"height":200},"classes":[]},{"id":83,"url":"https:\/\/deltaimage.de\/wp\/","url_meta":{"origin":44310,"position":5},"title":"Home &#8211; Professionelle Fotografie","author":"EschbacP","date":"8. Mai 2013","format":false,"excerpt":"\u00a0 \u00a0 \u00a0 Professionelle Fotografie erleben Fotos sind \u00fcberall - und zu jeder Zeit. Im Internet stehen Bilder zu allen Themen nahezu unbeschr\u00e4nkt zur Verf\u00fcgung. Everything we see is a perspective! Was ist denn nun der Wert eines Fotos? \u00a0 stellt die n\u00e4chste FOTO-Ausstellung zum Thema: Dachauer Moos vor. Im\u2026","rel":"","context":"Mit 6 Kommentaren","block_context":{"text":"Mit 6 Kommentaren","link":"https:\/\/deltaimage.de\/wp\/#comments"},"img":{"alt_text":"","src":"https:\/\/deltaimage.de\/wp\/wp-content\/uploads\/APP_Logo_DELTA-IMAGE.bmp","width":350,"height":200},"classes":[]}],"jetpack_sharing_enabled":true,"_links":{"self":[{"href":"https:\/\/deltaimage.de\/wp\/index.php?rest_route=\/wp\/v2\/pages\/44310","targetHints":{"allow":["GET"]}}],"collection":[{"href":"https:\/\/deltaimage.de\/wp\/index.php?rest_route=\/wp\/v2\/pages"}],"about":[{"href":"https:\/\/deltaimage.de\/wp\/index.php?rest_route=\/wp\/v2\/types\/page"}],"author":[{"embeddable":true,"href":"https:\/\/deltaimage.de\/wp\/index.php?rest_route=\/wp\/v2\/users\/1"}],"replies":[{"embeddable":true,"href":"https:\/\/deltaimage.de\/wp\/index.php?rest_route=%2Fwp%2Fv2%2Fcomments&post=44310"}],"version-history":[{"count":63,"href":"https:\/\/deltaimage.de\/wp\/index.php?rest_route=\/wp\/v2\/pages\/44310\/revisions"}],"predecessor-version":[{"id":45984,"href":"https:\/\/deltaimage.de\/wp\/index.php?rest_route=\/wp\/v2\/pages\/44310\/revisions\/45984"}],"wp:featuredmedia":[{"embeddable":true,"href":"https:\/\/deltaimage.de\/wp\/index.php?rest_route=\/wp\/v2\/media\/45982"}],"wp:attachment":[{"href":"https:\/\/deltaimage.de\/wp\/index.php?rest_route=%2Fwp%2Fv2%2Fmedia&parent=44310"}],"curies":[{"name":"wp","href":"https:\/\/api.w.org\/{rel}","templated":true}]}}