{"id":46703,"date":"2024-11-14T15:44:04","date_gmt":"2024-11-14T14:44:04","guid":{"rendered":"https:\/\/deltaimage.de\/wp\/?page_id=46703"},"modified":"2025-01-04T20:10:04","modified_gmt":"2025-01-04T19:10:04","slug":"termine-veranstalter","status":"publish","type":"page","link":"https:\/\/deltaimage.de\/wp\/?page_id=46703","title":{"rendered":"| Termine &#8211; Veranstalter"},"content":{"rendered":"<p><strong>DELTA IMAGE<\/strong> bereitet f\u00fcr die kommenden Monate viele spannende Themen als <strong>Veranstaltungen<\/strong>, <strong>Workshops<\/strong> und <strong>Events<\/strong> vor. Wandern Sie durch die Zeitleiste und suchen Sie sich das f\u00fcr Sie passende Thema und <strong>Veranstaltung<\/strong> aus.<\/p>\n<p>Wir sehen uns bei den <strong>Veranstaltungen<\/strong>!<\/p>\n<p>&nbsp;<\/p>\n<h1>\u00dcbersicht Veranstalter zu den Terminen<\/h1>\n<p>&nbsp;<\/p>\n\t\t\t\t<div class=\"jetpack-portfolio-shortcode column-3\">\n\t\t\t\t\t\t\t\t\t<div class=\"portfolio-entry portfolio-entry-column-3 type-veranstalter portfolio-entry-mobile-first-item-row portfolio-entry-first-item-row\">\n\t\t\t\t\t\t<header class=\"portfolio-entry-header\">\n\t\t\t\t\t\t<a class=\"portfolio-featured-image\" href=\"https:\/\/deltaimage.de\/wp\/?portfolio=projekt-natur-fotografie\"><img loading=\"lazy\" decoding=\"async\" width=\"248\" height=\"172\" src=\"https:\/\/i0.wp.com\/deltaimage.de\/wp\/wp-content\/uploads\/Glanzlichter_Fuerstenfeld.jpg?fit=248%2C172&amp;ssl=1\" class=\"attachment-large size-large wp-post-image\" alt=\"\" data-attachment-id=\"41951\" data-permalink=\"https:\/\/deltaimage.de\/wp\/?attachment_id=41951#main\" data-orig-file=\"https:\/\/i0.wp.com\/deltaimage.de\/wp\/wp-content\/uploads\/Glanzlichter_Fuerstenfeld.jpg?fit=248%2C172&amp;ssl=1\" data-orig-size=\"248,172\" data-comments-opened=\"1\" data-image-meta=\"{&quot;aperture&quot;:&quot;0&quot;,&quot;credit&quot;:&quot;Paul Eschbach&quot;,&quot;camera&quot;:&quot;&quot;,&quot;caption&quot;:&quot;&quot;,&quot;created_timestamp&quot;:&quot;1470174877&quot;,&quot;copyright&quot;:&quot;&quot;,&quot;focal_length&quot;:&quot;0&quot;,&quot;iso&quot;:&quot;0&quot;,&quot;shutter_speed&quot;:&quot;0&quot;,&quot;title&quot;:&quot;&quot;,&quot;orientation&quot;:&quot;0&quot;}\" data-image-title=\"Glanzlichter_F\u00fcrstenfeld\" data-image-description=\"\" data-image-caption=\"\" data-large-file=\"https:\/\/i0.wp.com\/deltaimage.de\/wp\/wp-content\/uploads\/Glanzlichter_Fuerstenfeld.jpg?fit=248%2C172&amp;ssl=1\" \/><\/a>\n\t\t\t\t\t\t<h2 class=\"portfolio-entry-title\"><a href=\"https:\/\/deltaimage.de\/wp\/?portfolio=projekt-natur-fotografie\" title=\"Veranstalter: projekt Natur &#038; Fotografie\">Veranstalter: projekt Natur &#038; Fotografie<\/a><\/h2>\n\n\t\t\t\t\t\t\t<div class=\"portfolio-entry-meta\">\n\t\t\t\t\t\t\t\t\t\t\t\t\t\t<\/div>\n\n\t\t\t\t\t\t<\/header>\n\n\t\t\t\t\t\t\t\t\t\t\t\t<div class=\"portfolio-entry-content\"><p>Das projekt Natur &amp; Fotografie richtet seit 27 Jahren die Internationalen Naturfototage F\u00fcrstenfeld in F\u00fcrstenfeldbruck bei M\u00fcnchen und Europas gr\u00f6\u00dften Naturfotowettbewerb &#8222;Glanzlichter der Naturfotografie&#8220; aus. Das Projekt sind Mara Fuhrmann [&hellip;]<\/p>\n<\/div>\n\t\t\t\t\t\t\t\t\t\t\t\t<\/div><!-- close .portfolio-entry -->\n\t\t\t\t\t\t\t\t\t\t<div class=\"portfolio-entry portfolio-entry-column-3 type-veranstalter portfolio-entry-mobile-last-item-row\">\n\t\t\t\t\t\t<header class=\"portfolio-entry-header\">\n\t\t\t\t\t\t<a class=\"portfolio-featured-image\" href=\"https:\/\/deltaimage.de\/wp\/?portfolio=naturfototage-fuerstenfeld\"><img loading=\"lazy\" decoding=\"async\" width=\"890\" height=\"593\" src=\"https:\/\/i0.wp.com\/deltaimage.de\/wp\/wp-content\/uploads\/PE5D1376_900.jpg?fit=890%2C593&amp;ssl=1\" class=\"attachment-large size-large wp-post-image\" alt=\"\" srcset=\"https:\/\/i0.wp.com\/deltaimage.de\/wp\/wp-content\/uploads\/PE5D1376_900.jpg?w=890&amp;ssl=1 890w, https:\/\/i0.wp.com\/deltaimage.de\/wp\/wp-content\/uploads\/PE5D1376_900.jpg?resize=300%2C200&amp;ssl=1 300w, https:\/\/i0.wp.com\/deltaimage.de\/wp\/wp-content\/uploads\/PE5D1376_900.jpg?resize=675%2C450&amp;ssl=1 675w, https:\/\/i0.wp.com\/deltaimage.de\/wp\/wp-content\/uploads\/PE5D1376_900.jpg?resize=600%2C400&amp;ssl=1 600w, https:\/\/i0.wp.com\/deltaimage.de\/wp\/wp-content\/uploads\/PE5D1376_900.jpg?resize=200%2C133&amp;ssl=1 200w\" sizes=\"auto, (max-width: 890px) 100vw, 890px\" data-attachment-id=\"29290\" data-permalink=\"https:\/\/deltaimage.de\/wp\/?attachment_id=29290\" data-orig-file=\"https:\/\/i0.wp.com\/deltaimage.de\/wp\/wp-content\/uploads\/PE5D1376_900.jpg?fit=890%2C593&amp;ssl=1\" data-orig-size=\"890,593\" data-comments-opened=\"0\" data-image-meta=\"{&quot;aperture&quot;:&quot;5&quot;,&quot;credit&quot;:&quot;Paul Eschbach&quot;,&quot;camera&quot;:&quot;Canon EOS 5DS R&quot;,&quot;caption&quot;:&quot;&quot;,&quot;created_timestamp&quot;:&quot;1624720742&quot;,&quot;copyright&quot;:&quot;DELTA IMAGE&quot;,&quot;focal_length&quot;:&quot;35&quot;,&quot;iso&quot;:&quot;200&quot;,&quot;shutter_speed&quot;:&quot;0.0005&quot;,&quot;title&quot;:&quot;&quot;,&quot;orientation&quot;:&quot;0&quot;}\" data-image-title=\"PE5D1376_900\" data-image-description=\"\" data-image-caption=\"\" data-large-file=\"https:\/\/i0.wp.com\/deltaimage.de\/wp\/wp-content\/uploads\/PE5D1376_900.jpg?fit=890%2C593&amp;ssl=1\" \/><\/a>\n\t\t\t\t\t\t<h2 class=\"portfolio-entry-title\"><a href=\"https:\/\/deltaimage.de\/wp\/?portfolio=naturfototage-fuerstenfeld\" title=\"Veranstalter: internationale Naturfototage F\u00fcrstenfeld\">Veranstalter: internationale Naturfototage F\u00fcrstenfeld<\/a><\/h2>\n\n\t\t\t\t\t\t\t<div class=\"portfolio-entry-meta\">\n\t\t\t\t\t\t\t\t\t\t\t\t\t\t<\/div>\n\n\t\t\t\t\t\t<\/header>\n\n\t\t\t\t\t\t\t\t\t\t\t\t<div class=\"portfolio-entry-content\"><p>Die gr\u00f6\u00dfte Foto-Veranstaltung in S\u00fcddeutschland ist ein Festival der Naturfotografie \u00fcber vier Veranstaltungstage (Donnerstag bis Sonntag) mit freiem Eintritt und findet 2025 zum 27. Mal im Veranstaltungsforum F\u00fcrstenfeld in F\u00fcrstenfeldbruck [&hellip;]<\/p>\n<\/div>\n\t\t\t\t\t\t\t\t\t\t\t\t<\/div><!-- close .portfolio-entry -->\n\t\t\t\t\t\t\t\t\t\t<div class=\"portfolio-entry portfolio-entry-column-3 type-veranstalter portfolio-entry-mobile-first-item-row portfolio-entry-last-item-row\">\n\t\t\t\t\t\t<header class=\"portfolio-entry-header\">\n\t\t\t\t\t\t<a class=\"portfolio-featured-image\" href=\"https:\/\/deltaimage.de\/wp\/?portfolio=bund-naturschutz-in-bayern-e-v-kreisgruppe-dachau\"><img loading=\"lazy\" decoding=\"async\" width=\"140\" height=\"152\" src=\"https:\/\/i0.wp.com\/deltaimage.de\/wp\/wp-content\/uploads\/Logo_BUND.jpg?fit=140%2C152&amp;ssl=1\" class=\"attachment-large size-large wp-post-image\" alt=\"\" data-attachment-id=\"44225\" data-permalink=\"https:\/\/deltaimage.de\/wp\/?attachment_id=44225#main\" data-orig-file=\"https:\/\/i0.wp.com\/deltaimage.de\/wp\/wp-content\/uploads\/Logo_BUND.jpg?fit=140%2C152&amp;ssl=1\" data-orig-size=\"140,152\" data-comments-opened=\"1\" data-image-meta=\"{&quot;aperture&quot;:&quot;0&quot;,&quot;credit&quot;:&quot;Paul Eschbach&quot;,&quot;camera&quot;:&quot;&quot;,&quot;caption&quot;:&quot;&quot;,&quot;created_timestamp&quot;:&quot;1495278811&quot;,&quot;copyright&quot;:&quot;&quot;,&quot;focal_length&quot;:&quot;0&quot;,&quot;iso&quot;:&quot;0&quot;,&quot;shutter_speed&quot;:&quot;0&quot;,&quot;title&quot;:&quot;&quot;,&quot;orientation&quot;:&quot;0&quot;}\" data-image-title=\"Logo_BUND\" data-image-description=\"\" data-image-caption=\"\" data-large-file=\"https:\/\/i0.wp.com\/deltaimage.de\/wp\/wp-content\/uploads\/Logo_BUND.jpg?fit=140%2C152&amp;ssl=1\" \/><\/a>\n\t\t\t\t\t\t<h2 class=\"portfolio-entry-title\"><a href=\"https:\/\/deltaimage.de\/wp\/?portfolio=bund-naturschutz-in-bayern-e-v-kreisgruppe-dachau\" title=\"Veranstalter: BUND Naturschutz in Bayern e. V. &#8211; Kreisgruppe Dachau\">Veranstalter: BUND Naturschutz in Bayern e. V. &#8211; Kreisgruppe Dachau<\/a><\/h2>\n\n\t\t\t\t\t\t\t<div class=\"portfolio-entry-meta\">\n\t\t\t\t\t\t\t\t\t\t\t\t\t\t<\/div>\n\n\t\t\t\t\t\t<\/header>\n\n\t\t\t\t\t\t\t\t\t\t\t\t<div class=\"portfolio-entry-content\"><p>Die Kreisgruppe Dachau gibt es seit 1975 und organisiert die Aktivit\u00e4ten im Landkreis Dachau mit der Kreisgruppe und den Ortsgruppen in Altom\u00fcnster-Erdweg, Bergkirchen, Dachau, Haimhausen, Hebertshausen, Karlsfeld, Markt Indersdorf, Odelzhausen [&hellip;]<\/p>\n<\/div>\n\t\t\t\t\t\t\t\t\t\t\t\t<\/div><!-- close .portfolio-entry -->\n\t\t\t\t\t\t\t\t\t\t<div class=\"portfolio-entry portfolio-entry-column-3 type-veranstalter portfolio-entry-mobile-last-item-row portfolio-entry-first-item-row\">\n\t\t\t\t\t\t<header class=\"portfolio-entry-header\">\n\t\t\t\t\t\t<a class=\"portfolio-featured-image\" href=\"https:\/\/deltaimage.de\/wp\/?portfolio=dachauer-forum-e-v\"><img loading=\"lazy\" decoding=\"async\" width=\"890\" height=\"333\" src=\"https:\/\/i0.wp.com\/deltaimage.de\/wp\/wp-content\/uploads\/Logo_Dachauer-Forum-1200.jpg?fit=890%2C333&amp;ssl=1\" class=\"attachment-large size-large wp-post-image\" alt=\"\" srcset=\"https:\/\/i0.wp.com\/deltaimage.de\/wp\/wp-content\/uploads\/Logo_Dachauer-Forum-1200.jpg?w=1200&amp;ssl=1 1200w, https:\/\/i0.wp.com\/deltaimage.de\/wp\/wp-content\/uploads\/Logo_Dachauer-Forum-1200.jpg?resize=900%2C337&amp;ssl=1 900w, https:\/\/i0.wp.com\/deltaimage.de\/wp\/wp-content\/uploads\/Logo_Dachauer-Forum-1200.jpg?resize=300%2C112&amp;ssl=1 300w, https:\/\/i0.wp.com\/deltaimage.de\/wp\/wp-content\/uploads\/Logo_Dachauer-Forum-1200.jpg?resize=1069%2C400&amp;ssl=1 1069w\" sizes=\"auto, (max-width: 890px) 100vw, 890px\" data-attachment-id=\"46280\" data-permalink=\"https:\/\/deltaimage.de\/wp\/?attachment_id=46280#main\" data-orig-file=\"https:\/\/i0.wp.com\/deltaimage.de\/wp\/wp-content\/uploads\/Logo_Dachauer-Forum-1200.jpg?fit=1200%2C449&amp;ssl=1\" data-orig-size=\"1200,449\" data-comments-opened=\"1\" data-image-meta=\"{&quot;aperture&quot;:&quot;0&quot;,&quot;credit&quot;:&quot;&quot;,&quot;camera&quot;:&quot;&quot;,&quot;caption&quot;:&quot;&quot;,&quot;created_timestamp&quot;:&quot;0&quot;,&quot;copyright&quot;:&quot;&quot;,&quot;focal_length&quot;:&quot;0&quot;,&quot;iso&quot;:&quot;0&quot;,&quot;shutter_speed&quot;:&quot;0&quot;,&quot;title&quot;:&quot;&quot;,&quot;orientation&quot;:&quot;1&quot;}\" data-image-title=\"Logo_Dachauer Forum-1200\" data-image-description=\"\" data-image-caption=\"\" data-large-file=\"https:\/\/i0.wp.com\/deltaimage.de\/wp\/wp-content\/uploads\/Logo_Dachauer-Forum-1200.jpg?fit=890%2C333&amp;ssl=1\" \/><\/a>\n\t\t\t\t\t\t<h2 class=\"portfolio-entry-title\"><a href=\"https:\/\/deltaimage.de\/wp\/?portfolio=dachauer-forum-e-v\" title=\"Veranstalter: dachauer forum e.V.\">Veranstalter: dachauer forum e.V.<\/a><\/h2>\n\n\t\t\t\t\t\t\t<div class=\"portfolio-entry-meta\">\n\t\t\t\t\t\t\t\t\t\t\t\t\t\t<\/div>\n\n\t\t\t\t\t\t<\/header>\n\n\t\t\t\t\t\t\t\t\t\t\t\t<div class=\"portfolio-entry-content\"><p>dachauer forum &#8211; \u00dcber uns (Quelle: www.dachauer-forum.de) Mit 50.000 Teilnehmer*innen und 2.500 Veranstaltungen j\u00e4hrlich ist das Dachauer Forum die katholische Erwachsenen\u00adbildungs\u00adeinrichtung im Landkreis Dachau. Bereits bei der Gr\u00fcndung vor \u00fcber [&hellip;]<\/p>\n<\/div>\n\t\t\t\t\t\t\t\t\t\t\t\t<\/div><!-- close .portfolio-entry -->\n\t\t\t\t\t\t\t\t\t\t<div class=\"portfolio-entry portfolio-entry-column-3 type-veranstalter portfolio-entry-mobile-first-item-row\">\n\t\t\t\t\t\t<header class=\"portfolio-entry-header\">\n\t\t\t\t\t\t<a class=\"portfolio-featured-image\" href=\"https:\/\/deltaimage.de\/wp\/?portfolio=weihnachtsmarkt-affing-e-v\"><img loading=\"lazy\" decoding=\"async\" width=\"890\" height=\"593\" src=\"https:\/\/i0.wp.com\/deltaimage.de\/wp\/wp-content\/uploads\/PE1S0097N.jpg?fit=890%2C593&amp;ssl=1\" class=\"attachment-large size-large wp-post-image\" alt=\"\" srcset=\"https:\/\/i0.wp.com\/deltaimage.de\/wp\/wp-content\/uploads\/PE1S0097N.jpg?w=890&amp;ssl=1 890w, https:\/\/i0.wp.com\/deltaimage.de\/wp\/wp-content\/uploads\/PE1S0097N.jpg?resize=300%2C200&amp;ssl=1 300w, https:\/\/i0.wp.com\/deltaimage.de\/wp\/wp-content\/uploads\/PE1S0097N.jpg?resize=600%2C400&amp;ssl=1 600w, https:\/\/i0.wp.com\/deltaimage.de\/wp\/wp-content\/uploads\/PE1S0097N.jpg?resize=200%2C133&amp;ssl=1 200w\" sizes=\"auto, (max-width: 890px) 100vw, 890px\" data-attachment-id=\"47051\" data-permalink=\"https:\/\/deltaimage.de\/wp\/?attachment_id=47051#main\" data-orig-file=\"https:\/\/i0.wp.com\/deltaimage.de\/wp\/wp-content\/uploads\/PE1S0097N.jpg?fit=890%2C593&amp;ssl=1\" data-orig-size=\"890,593\" data-comments-opened=\"1\" data-image-meta=\"{&quot;aperture&quot;:&quot;2.8&quot;,&quot;credit&quot;:&quot;Paul Eschbach&quot;,&quot;camera&quot;:&quot;Canon EOS-1Ds Mark III&quot;,&quot;caption&quot;:&quot;&quot;,&quot;created_timestamp&quot;:&quot;1733592819&quot;,&quot;copyright&quot;:&quot;&quot;,&quot;focal_length&quot;:&quot;125&quot;,&quot;iso&quot;:&quot;400&quot;,&quot;shutter_speed&quot;:&quot;0.04&quot;,&quot;title&quot;:&quot;&quot;,&quot;orientation&quot;:&quot;0&quot;}\" data-image-title=\"PE1S0097N\" data-image-description=\"\" data-image-caption=\"\" data-large-file=\"https:\/\/i0.wp.com\/deltaimage.de\/wp\/wp-content\/uploads\/PE1S0097N.jpg?fit=890%2C593&amp;ssl=1\" \/><\/a>\n\t\t\t\t\t\t<h2 class=\"portfolio-entry-title\"><a href=\"https:\/\/deltaimage.de\/wp\/?portfolio=weihnachtsmarkt-affing-e-v\" title=\"Veranstalter: Weihnachtsmarkt Affing e .V.\">Veranstalter: Weihnachtsmarkt Affing e .V.<\/a><\/h2>\n\n\t\t\t\t\t\t\t<div class=\"portfolio-entry-meta\">\n\t\t\t\t\t\t\t\t\t\t\t\t\t\t<\/div>\n\n\t\t\t\t\t\t<\/header>\n\n\t\t\t\t\t\t\t\t\t\t\t\t<div class=\"portfolio-entry-content\"><p>Der Weihnachtsmarkt Affing mit seiner urig-rustikalen Ausstrahlung, seiner besonderen Atmosph\u00e4re und den zahlreichen Attraktionen f\u00fcr Jung und Alt findet jedes Jahr am 2. und 3. Adventswochenende statt. Der Markt wird [&hellip;]<\/p>\n<\/div>\n\t\t\t\t\t\t\t\t\t\t\t\t<\/div><!-- close .portfolio-entry -->\n\t\t\t\t\t\t\t\t\t\t<div class=\"portfolio-entry portfolio-entry-column-3 type-veranstalter portfolio-entry-mobile-last-item-row portfolio-entry-last-item-row\">\n\t\t\t\t\t\t<header class=\"portfolio-entry-header\">\n\t\t\t\t\t\t<a class=\"portfolio-featured-image\" href=\"https:\/\/deltaimage.de\/wp\/?portfolio=gemeinde-bergkirchen\"><img loading=\"lazy\" decoding=\"async\" width=\"890\" height=\"334\" src=\"https:\/\/i0.wp.com\/deltaimage.de\/wp\/wp-content\/uploads\/Logo_Gemeinde_Bergkirchen_Neu.jpg?fit=890%2C334&amp;ssl=1\" class=\"attachment-large size-large wp-post-image\" alt=\"\" srcset=\"https:\/\/i0.wp.com\/deltaimage.de\/wp\/wp-content\/uploads\/Logo_Gemeinde_Bergkirchen_Neu.jpg?w=1200&amp;ssl=1 1200w, https:\/\/i0.wp.com\/deltaimage.de\/wp\/wp-content\/uploads\/Logo_Gemeinde_Bergkirchen_Neu.jpg?resize=900%2C338&amp;ssl=1 900w, https:\/\/i0.wp.com\/deltaimage.de\/wp\/wp-content\/uploads\/Logo_Gemeinde_Bergkirchen_Neu.jpg?resize=300%2C113&amp;ssl=1 300w, https:\/\/i0.wp.com\/deltaimage.de\/wp\/wp-content\/uploads\/Logo_Gemeinde_Bergkirchen_Neu.jpg?resize=1067%2C400&amp;ssl=1 1067w\" sizes=\"auto, (max-width: 890px) 100vw, 890px\" data-attachment-id=\"46272\" data-permalink=\"https:\/\/deltaimage.de\/wp\/?attachment_id=46272\" data-orig-file=\"https:\/\/i0.wp.com\/deltaimage.de\/wp\/wp-content\/uploads\/Logo_Gemeinde_Bergkirchen_Neu.jpg?fit=1200%2C450&amp;ssl=1\" data-orig-size=\"1200,450\" data-comments-opened=\"1\" data-image-meta=\"{&quot;aperture&quot;:&quot;0&quot;,&quot;credit&quot;:&quot;&quot;,&quot;camera&quot;:&quot;&quot;,&quot;caption&quot;:&quot;&quot;,&quot;created_timestamp&quot;:&quot;0&quot;,&quot;copyright&quot;:&quot;&quot;,&quot;focal_length&quot;:&quot;0&quot;,&quot;iso&quot;:&quot;0&quot;,&quot;shutter_speed&quot;:&quot;0&quot;,&quot;title&quot;:&quot;&quot;,&quot;orientation&quot;:&quot;1&quot;}\" data-image-title=\"Logo_Gemeinde_Bergkirchen_Neu\" data-image-description=\"\" data-image-caption=\"\" data-large-file=\"https:\/\/i0.wp.com\/deltaimage.de\/wp\/wp-content\/uploads\/Logo_Gemeinde_Bergkirchen_Neu.jpg?fit=890%2C334&amp;ssl=1\" \/><\/a>\n\t\t\t\t\t\t<h2 class=\"portfolio-entry-title\"><a href=\"https:\/\/deltaimage.de\/wp\/?portfolio=gemeinde-bergkirchen\" title=\"Veranstalter: Gemeinde Bergkirchen\">Veranstalter: Gemeinde Bergkirchen<\/a><\/h2>\n\n\t\t\t\t\t\t\t<div class=\"portfolio-entry-meta\">\n\t\t\t\t\t\t\t\t\t\t\t\t\t\t<\/div>\n\n\t\t\t\t\t\t<\/header>\n\n\t\t\t\t\t\t\t\t\t\t\t\t<div class=\"portfolio-entry-content\"><p>Gemeinde Bergkirchen Johann-Michael-Fischer-Str. 1 85232 Bergkirchen Telefon: 08131\u00a06699-0 Fax: 08131\u00a06699-119 E-Mail: gemeinde@bergkirchen.de Sie wird Vertreten durch den 1. B\u00fcrgermeister Robert Axtner. &nbsp; Kontaktdaten &nbsp; Standort<\/p>\n<\/div>\n\t\t\t\t\t\t\t\t\t\t\t\t<\/div><!-- close .portfolio-entry -->\n\t\t\t\t\t\t\t\t\t\t<div class=\"portfolio-entry portfolio-entry-column-3 type-veranstalter portfolio-entry-mobile-first-item-row portfolio-entry-first-item-row\">\n\t\t\t\t\t\t<header class=\"portfolio-entry-header\">\n\t\t\t\t\t\t<a class=\"portfolio-featured-image\" href=\"https:\/\/deltaimage.de\/wp\/?portfolio=verein-dachauer-moos-e-v-2\"><img loading=\"lazy\" decoding=\"async\" width=\"890\" height=\"333\" src=\"https:\/\/i0.wp.com\/deltaimage.de\/wp\/wp-content\/uploads\/Logo_Verein-Dachauer-Moos-1200.jpg?fit=890%2C333&amp;ssl=1\" class=\"attachment-large size-large wp-post-image\" alt=\"\" srcset=\"https:\/\/i0.wp.com\/deltaimage.de\/wp\/wp-content\/uploads\/Logo_Verein-Dachauer-Moos-1200.jpg?w=1200&amp;ssl=1 1200w, https:\/\/i0.wp.com\/deltaimage.de\/wp\/wp-content\/uploads\/Logo_Verein-Dachauer-Moos-1200.jpg?resize=900%2C337&amp;ssl=1 900w, https:\/\/i0.wp.com\/deltaimage.de\/wp\/wp-content\/uploads\/Logo_Verein-Dachauer-Moos-1200.jpg?resize=300%2C112&amp;ssl=1 300w, https:\/\/i0.wp.com\/deltaimage.de\/wp\/wp-content\/uploads\/Logo_Verein-Dachauer-Moos-1200.jpg?resize=1069%2C400&amp;ssl=1 1069w\" sizes=\"auto, (max-width: 890px) 100vw, 890px\" data-attachment-id=\"46279\" data-permalink=\"https:\/\/deltaimage.de\/wp\/?attachment_id=46279\" data-orig-file=\"https:\/\/i0.wp.com\/deltaimage.de\/wp\/wp-content\/uploads\/Logo_Verein-Dachauer-Moos-1200.jpg?fit=1200%2C449&amp;ssl=1\" data-orig-size=\"1200,449\" data-comments-opened=\"1\" data-image-meta=\"{&quot;aperture&quot;:&quot;0&quot;,&quot;credit&quot;:&quot;&quot;,&quot;camera&quot;:&quot;&quot;,&quot;caption&quot;:&quot;&quot;,&quot;created_timestamp&quot;:&quot;0&quot;,&quot;copyright&quot;:&quot;&quot;,&quot;focal_length&quot;:&quot;0&quot;,&quot;iso&quot;:&quot;0&quot;,&quot;shutter_speed&quot;:&quot;0&quot;,&quot;title&quot;:&quot;&quot;,&quot;orientation&quot;:&quot;1&quot;}\" data-image-title=\"Logo_Verein Dachauer Moos-1200\" data-image-description=\"\" data-image-caption=\"\" data-large-file=\"https:\/\/i0.wp.com\/deltaimage.de\/wp\/wp-content\/uploads\/Logo_Verein-Dachauer-Moos-1200.jpg?fit=890%2C333&amp;ssl=1\" \/><\/a>\n\t\t\t\t\t\t<h2 class=\"portfolio-entry-title\"><a href=\"https:\/\/deltaimage.de\/wp\/?portfolio=verein-dachauer-moos-e-v-2\" title=\"Veranstalter: Verein Dachauer Moos e.V.\">Veranstalter: Verein Dachauer Moos e.V.<\/a><\/h2>\n\n\t\t\t\t\t\t\t<div class=\"portfolio-entry-meta\">\n\t\t\t\t\t\t\t\t\t\t\t\t\t\t<\/div>\n\n\t\t\t\t\t\t<\/header>\n\n\t\t\t\t\t\t\t\t\t\t\t\t<div class=\"portfolio-entry-content\"><p>Der kommunale und gemeinn\u00fctzige Verein Dachauer Moos e.V. f\u00f6rdert und entwickelt die\u00a0Lebensraum- und Artenvielfalt\u00a0sowie den\u00a0Klimaschutz\u00a0im Landschaftsraum Dachauer Moos. Zu seinen weiteren satzungsgem\u00e4\u00dfen Aufgaben z\u00e4hlen die \u201eBildung f\u00fcr nachhaltige Entwicklung\u201c und [&hellip;]<\/p>\n<\/div>\n\t\t\t\t\t\t\t\t\t\t\t\t<\/div><!-- close .portfolio-entry -->\n\t\t\t\t\t\t\t\t\t\t<div class=\"portfolio-entry portfolio-entry-column-3 type-veranstalter portfolio-entry-mobile-last-item-row\">\n\t\t\t\t\t\t<header class=\"portfolio-entry-header\">\n\t\t\t\t\t\t<a class=\"portfolio-featured-image\" href=\"https:\/\/deltaimage.de\/wp\/?portfolio=delta-image\"><img loading=\"lazy\" decoding=\"async\" width=\"200\" height=\"50\" src=\"https:\/\/deltaimage.de\/wp\/wp-content\/uploads\/APP_Logo_DELTA-IMAGE.bmp\" class=\"attachment-large size-large wp-post-image\" alt=\"\" data-attachment-id=\"24591\" data-permalink=\"https:\/\/deltaimage.de\/wp\/?attachment_id=24591#main\" data-orig-file=\"https:\/\/deltaimage.de\/wp\/wp-content\/uploads\/APP_Logo_DELTA-IMAGE.bmp\" data-orig-size=\"200,50\" data-comments-opened=\"0\" data-image-meta=\"{&quot;aperture&quot;:&quot;0&quot;,&quot;credit&quot;:&quot;&quot;,&quot;camera&quot;:&quot;&quot;,&quot;caption&quot;:&quot;&quot;,&quot;created_timestamp&quot;:&quot;0&quot;,&quot;copyright&quot;:&quot;&quot;,&quot;focal_length&quot;:&quot;0&quot;,&quot;iso&quot;:&quot;0&quot;,&quot;shutter_speed&quot;:&quot;0&quot;,&quot;title&quot;:&quot;&quot;,&quot;orientation&quot;:&quot;0&quot;}\" data-image-title=\"APP_Logo_DELTA IMAGE\" data-image-description=\"\" data-image-caption=\"\" data-large-file=\"https:\/\/deltaimage.de\/wp\/wp-content\/uploads\/APP_Logo_DELTA-IMAGE.bmp\" \/><\/a>\n\t\t\t\t\t\t<h2 class=\"portfolio-entry-title\"><a href=\"https:\/\/deltaimage.de\/wp\/?portfolio=delta-image\" title=\"Veranstalter: DELTA IMAGE\">Veranstalter: DELTA IMAGE<\/a><\/h2>\n\n\t\t\t\t\t\t\t<div class=\"portfolio-entry-meta\">\n\t\t\t\t\t\t\t\t\t\t\t\t\t\t<\/div>\n\n\t\t\t\t\t\t<\/header>\n\n\t\t\t\t\t\t\t\t\t\t\t\t<div class=\"portfolio-entry-content\"><p>Paul Eschbach ist geb\u00fcrtiger Dachauer und seit 30 Jahren als Fotograf in Dachau, im Landkreis und im Dachauer Moos fotografisch unterwegs. Die Bilder gehen auch in die B\u00fccher als Buchautor [&hellip;]<\/p>\n<\/div>\n\t\t\t\t\t\t\t\t\t\t\t\t<\/div><!-- close .portfolio-entry -->\n\t\t\t\t\t\t\t\t\t\t<div class=\"portfolio-entry portfolio-entry-column-3 type-veranstalter portfolio-entry-mobile-first-item-row portfolio-entry-last-item-row\">\n\t\t\t\t\t\t<header class=\"portfolio-entry-header\">\n\t\t\t\t\t\t<a class=\"portfolio-featured-image\" href=\"https:\/\/deltaimage.de\/wp\/?portfolio=dachauer-wasserturm-e-v\"><img loading=\"lazy\" decoding=\"async\" width=\"890\" height=\"423\" src=\"https:\/\/i0.wp.com\/deltaimage.de\/wp\/wp-content\/uploads\/Logo_Foerderverein_Dachauer_Wasserturm.jpg?fit=890%2C423&amp;ssl=1\" class=\"attachment-large size-large wp-post-image\" alt=\"\" srcset=\"https:\/\/i0.wp.com\/deltaimage.de\/wp\/wp-content\/uploads\/Logo_Foerderverein_Dachauer_Wasserturm.jpg?w=1232&amp;ssl=1 1232w, https:\/\/i0.wp.com\/deltaimage.de\/wp\/wp-content\/uploads\/Logo_Foerderverein_Dachauer_Wasserturm.jpg?resize=900%2C428&amp;ssl=1 900w, https:\/\/i0.wp.com\/deltaimage.de\/wp\/wp-content\/uploads\/Logo_Foerderverein_Dachauer_Wasserturm.jpg?resize=1200%2C571&amp;ssl=1 1200w, https:\/\/i0.wp.com\/deltaimage.de\/wp\/wp-content\/uploads\/Logo_Foerderverein_Dachauer_Wasserturm.jpg?resize=300%2C143&amp;ssl=1 300w, https:\/\/i0.wp.com\/deltaimage.de\/wp\/wp-content\/uploads\/Logo_Foerderverein_Dachauer_Wasserturm.jpg?resize=841%2C400&amp;ssl=1 841w\" sizes=\"auto, (max-width: 890px) 100vw, 890px\" data-attachment-id=\"46179\" data-permalink=\"https:\/\/deltaimage.de\/wp\/?attachment_id=46179\" data-orig-file=\"https:\/\/i0.wp.com\/deltaimage.de\/wp\/wp-content\/uploads\/Logo_Foerderverein_Dachauer_Wasserturm.jpg?fit=1232%2C586&amp;ssl=1\" data-orig-size=\"1232,586\" data-comments-opened=\"1\" data-image-meta=\"{&quot;aperture&quot;:&quot;0&quot;,&quot;credit&quot;:&quot;Paul Eschbach&quot;,&quot;camera&quot;:&quot;&quot;,&quot;caption&quot;:&quot;&quot;,&quot;created_timestamp&quot;:&quot;1729869116&quot;,&quot;copyright&quot;:&quot;&quot;,&quot;focal_length&quot;:&quot;0&quot;,&quot;iso&quot;:&quot;0&quot;,&quot;shutter_speed&quot;:&quot;0&quot;,&quot;title&quot;:&quot;&quot;,&quot;orientation&quot;:&quot;0&quot;}\" data-image-title=\"Logo_Foerderverein_Dachauer_Wasserturm\" data-image-description=\"\" data-image-caption=\"\" data-large-file=\"https:\/\/i0.wp.com\/deltaimage.de\/wp\/wp-content\/uploads\/Logo_Foerderverein_Dachauer_Wasserturm.jpg?fit=890%2C423&amp;ssl=1\" \/><\/a>\n\t\t\t\t\t\t<h2 class=\"portfolio-entry-title\"><a href=\"https:\/\/deltaimage.de\/wp\/?portfolio=dachauer-wasserturm-e-v\" title=\"Veranstalter: Dachauer Wasserturm e. V.\">Veranstalter: Dachauer Wasserturm e. V.<\/a><\/h2>\n\n\t\t\t\t\t\t\t<div class=\"portfolio-entry-meta\">\n\t\t\t\t\t\t\t\t\t\t\t\t\t\t<\/div>\n\n\t\t\t\t\t\t<\/header>\n\n\t\t\t\t\t\t\t\t\t\t\t\t<div class=\"portfolio-entry-content\"><p>&nbsp; Kontaktdaten &nbsp; Standort<\/p>\n<\/div>\n\t\t\t\t\t\t\t\t\t\t\t\t<\/div><!-- close .portfolio-entry -->\n\t\t\t\t\t\t\t\t\t\t<div class=\"portfolio-entry portfolio-entry-column-3 type-veranstalter portfolio-entry-mobile-last-item-row portfolio-entry-first-item-row\">\n\t\t\t\t\t\t<header class=\"portfolio-entry-header\">\n\t\t\t\t\t\t<a class=\"portfolio-featured-image\" href=\"https:\/\/deltaimage.de\/wp\/?portfolio=veranstalter-archaeologische-staatssammlung-muenchen\"><img loading=\"lazy\" decoding=\"async\" width=\"890\" height=\"334\" src=\"https:\/\/i0.wp.com\/deltaimage.de\/wp\/wp-content\/uploads\/1756318970881_1200.jpg?fit=890%2C334&amp;ssl=1\" class=\"attachment-large size-large wp-post-image\" alt=\"\" srcset=\"https:\/\/i0.wp.com\/deltaimage.de\/wp\/wp-content\/uploads\/1756318970881_1200.jpg?w=1200&amp;ssl=1 1200w, https:\/\/i0.wp.com\/deltaimage.de\/wp\/wp-content\/uploads\/1756318970881_1200.jpg?resize=900%2C338&amp;ssl=1 900w, https:\/\/i0.wp.com\/deltaimage.de\/wp\/wp-content\/uploads\/1756318970881_1200.jpg?resize=300%2C113&amp;ssl=1 300w, https:\/\/i0.wp.com\/deltaimage.de\/wp\/wp-content\/uploads\/1756318970881_1200.jpg?resize=1067%2C400&amp;ssl=1 1067w\" sizes=\"auto, (max-width: 890px) 100vw, 890px\" data-attachment-id=\"51839\" data-permalink=\"https:\/\/deltaimage.de\/wp\/?attachment_id=51839#main\" data-orig-file=\"https:\/\/i0.wp.com\/deltaimage.de\/wp\/wp-content\/uploads\/1756318970881_1200.jpg?fit=1200%2C450&amp;ssl=1\" data-orig-size=\"1200,450\" data-comments-opened=\"1\" data-image-meta=\"{&quot;aperture&quot;:&quot;0&quot;,&quot;credit&quot;:&quot;&quot;,&quot;camera&quot;:&quot;&quot;,&quot;caption&quot;:&quot;&quot;,&quot;created_timestamp&quot;:&quot;0&quot;,&quot;copyright&quot;:&quot;&quot;,&quot;focal_length&quot;:&quot;0&quot;,&quot;iso&quot;:&quot;0&quot;,&quot;shutter_speed&quot;:&quot;0&quot;,&quot;title&quot;:&quot;&quot;,&quot;orientation&quot;:&quot;0&quot;}\" data-image-title=\"1756318970881_1200\" data-image-description=\"\" data-image-caption=\"\" data-large-file=\"https:\/\/i0.wp.com\/deltaimage.de\/wp\/wp-content\/uploads\/1756318970881_1200.jpg?fit=890%2C334&amp;ssl=1\" \/><\/a>\n\t\t\t\t\t\t<h2 class=\"portfolio-entry-title\"><a href=\"https:\/\/deltaimage.de\/wp\/?portfolio=veranstalter-archaeologische-staatssammlung-muenchen\" title=\"Veranstalter: Arch\u00e4ologische Staatssammlung M\u00fcnchen\">Veranstalter: Arch\u00e4ologische Staatssammlung M\u00fcnchen<\/a><\/h2>\n\n\t\t\t\t\t\t\t<div class=\"portfolio-entry-meta\">\n\t\t\t\t\t\t\t\t\t\t\t\t\t\t<\/div>\n\n\t\t\t\t\t\t<\/header>\n\n\t\t\t\t\t\t\t\t\t\t\t\t<div class=\"portfolio-entry-content\"><p>Die &#8222;Arch\u00e4ologische Staatssammlung&#8220; war fr\u00fcher unter dem Namen &#8222;Pr\u00e4historische Staatssammlung&#8220; bekannt und liegt unmittelbar am Englischen Garten in M\u00fcnchen, unweit des Bayerischen Nationalmuseums im Stadtteil Lehel. &nbsp; Kontaktdaten Arch\u00e4ologische Staatssammlung [&hellip;]<\/p>\n<\/div>\n\t\t\t\t\t\t\t\t\t\t\t\t<\/div><!-- close .portfolio-entry -->\n\t\t\t\t\t\t\t\t\t<\/div><!-- close .jetpack-portfolio -->\n\t\t\t\t\n<p>&nbsp;<\/p>\n<p>Eine \u00dcbersicht aller aktiven <a href=\"https:\/\/deltaimage.de\/wp\/?page_id=22983\"><strong>Veranstaltungen &amp; Termine<\/strong><\/a> mit den aktuellen <a href=\"https:\/\/deltaimage.de\/wp\/?page_id=46703\"><strong>Veranstalter<\/strong>\u00a0<\/a>und <a href=\"https:\/\/deltaimage.de\/wp\/?page_id=46704\"><strong>Veranstaltungsorte<\/strong>\u00a0<\/a>sind in den jeweiligen Men\u00fcpunkten zu finden.<\/p>\n","protected":false},"excerpt":{"rendered":"<p>DELTA IMAGE bereitet f\u00fcr die kommenden Monate viele spannende Themen als Veranstaltungen, Workshops und Events vor. Wandern Sie durch die Zeitleiste und suchen Sie sich das f\u00fcr Sie passende Thema [&hellip;]<\/p>\n","protected":false},"author":1,"featured_media":10056,"parent":0,"menu_order":0,"comment_status":"closed","ping_status":"closed","template":"page-templates\/full-width-page.php","meta":{"wpupg_custom_link":[],"wpupg_custom_link_behaviour":["default"],"wpupg_custom_link_nofollow":["default"],"wpupg_custom_image":[],"wpupg_custom_image_id":[],"jetpack_post_was_ever_published":false,"footnotes":""},"class_list":["post-46703","page","type-page","status-publish","has-post-thumbnail","hentry"],"jetpack-related-posts":[{"id":22983,"url":"https:\/\/deltaimage.de\/wp\/?page_id=22983","url_meta":{"origin":46703,"position":0},"title":"Veranstaltungen &#038; Termine","author":"EschbacP","date":"6. November 2019","format":false,"excerpt":"DELTA IMAGE bereitet f\u00fcr die kommenden Monate viele spannende Themen als Veranstaltungen, Workshops und Events vor. Wandern Sie durch die Zeitleiste und suchen Sie sich das f\u00fcr Sie passende Thema und Veranstaltung aus. Wir sehen uns bei den Veranstaltungen! \u00a0","rel":"","context":"\u00c4hnlicher Beitrag","block_context":{"text":"\u00c4hnlicher Beitrag","link":""},"img":{"alt_text":"","src":"https:\/\/i0.wp.com\/deltaimage.de\/wp\/wp-content\/uploads\/IMG_0007_1200_.jpg?fit=1200%2C500&ssl=1&resize=350%2C200","width":350,"height":200,"srcset":"https:\/\/i0.wp.com\/deltaimage.de\/wp\/wp-content\/uploads\/IMG_0007_1200_.jpg?fit=1200%2C500&ssl=1&resize=350%2C200 1x, https:\/\/i0.wp.com\/deltaimage.de\/wp\/wp-content\/uploads\/IMG_0007_1200_.jpg?fit=1200%2C500&ssl=1&resize=525%2C300 1.5x, https:\/\/i0.wp.com\/deltaimage.de\/wp\/wp-content\/uploads\/IMG_0007_1200_.jpg?fit=1200%2C500&ssl=1&resize=700%2C400 2x, https:\/\/i0.wp.com\/deltaimage.de\/wp\/wp-content\/uploads\/IMG_0007_1200_.jpg?fit=1200%2C500&ssl=1&resize=1050%2C600 3x"},"classes":[]},{"id":46704,"url":"https:\/\/deltaimage.de\/wp\/?page_id=46704","url_meta":{"origin":46703,"position":1},"title":"| Termine &#8211; Veranstaltungsort","author":"EschbacP","date":"14. November 2024","format":false,"excerpt":"DELTA IMAGE bereitet f\u00fcr die kommenden Monate viele spannende Themen als Veranstaltungen, Workshops und Events vor. Wandern Sie durch die Zeitleiste und suchen Sie sich das f\u00fcr Sie passende Thema und Veranstaltung aus. Wir sehen uns bei den Veranstaltungen! \u00a0 \u00dcbersicht Veranstaltungsort zu den Terminen \u00a0 \u00a0 Eine \u00dcbersicht aller\u2026","rel":"","context":"\u00c4hnlicher Beitrag","block_context":{"text":"\u00c4hnlicher Beitrag","link":""},"img":{"alt_text":"","src":"https:\/\/i0.wp.com\/deltaimage.de\/wp\/wp-content\/uploads\/IMG_0007_1200_.jpg?fit=1200%2C500&ssl=1&resize=350%2C200","width":350,"height":200,"srcset":"https:\/\/i0.wp.com\/deltaimage.de\/wp\/wp-content\/uploads\/IMG_0007_1200_.jpg?fit=1200%2C500&ssl=1&resize=350%2C200 1x, https:\/\/i0.wp.com\/deltaimage.de\/wp\/wp-content\/uploads\/IMG_0007_1200_.jpg?fit=1200%2C500&ssl=1&resize=525%2C300 1.5x, https:\/\/i0.wp.com\/deltaimage.de\/wp\/wp-content\/uploads\/IMG_0007_1200_.jpg?fit=1200%2C500&ssl=1&resize=700%2C400 2x, https:\/\/i0.wp.com\/deltaimage.de\/wp\/wp-content\/uploads\/IMG_0007_1200_.jpg?fit=1200%2C500&ssl=1&resize=1050%2C600 3x"},"classes":[]},{"id":24334,"url":"https:\/\/deltaimage.de\/wp\/?page_id=24334","url_meta":{"origin":46703,"position":2},"title":"Foto Kurse","author":"EschbacP","date":"17. M\u00e4rz 2020","format":false,"excerpt":"Fotokurse sind sehr gefragt, die Komplexit\u00e4t eines Kamerasystems ist alleine nicht die L\u00f6sung f\u00fcr bessere Fotos. Viele Fotografen kommen aus der Smartphone-Fotografie oder von kompakten Digitalkameras. Die Kamera \u00fcbernimmt nahezu alles wichtige und es bleibt nur noch den Knopf zu dr\u00fccken. Trotzdem w\u00fcnschen sich viele Fotografen mehr von der Fotografie.\u2026","rel":"","context":"\u00c4hnlicher Beitrag","block_context":{"text":"\u00c4hnlicher Beitrag","link":""},"img":{"alt_text":"ARTEMiS Schauspielstudio","src":"https:\/\/i0.wp.com\/deltaimage.de\/wp\/wp-content\/uploads\/Sessner_Logo1.jpg?resize=350%2C200","width":350,"height":200},"classes":[]},{"id":18739,"url":"https:\/\/deltaimage.de\/wp\/?page_id=18739","url_meta":{"origin":46703,"position":3},"title":"Veranstalter Foto Kurse","author":"EschbacP","date":"19. Mai 2018","format":false,"excerpt":"DELTA IMAGE f\u00fchrt verschiedene Foto-Kurse bei den nachfolgenden Veranstalter in S\u00fcddeutschland durch. Mehr zu den Veranstaltern und deren Programme finden Sie in den jeweiligen Beitr\u00e4gen. \u00a0 Veranstalter der Foto Kurse und -Workshops mit Paul Eschbach","rel":"","context":"\u00c4hnlicher Beitrag","block_context":{"text":"\u00c4hnlicher Beitrag","link":""},"img":{"alt_text":"","src":"https:\/\/i0.wp.com\/deltaimage.de\/wp\/wp-content\/uploads\/IMG_0190_1200-1.jpg?fit=1200%2C500&ssl=1&resize=350%2C200","width":350,"height":200,"srcset":"https:\/\/i0.wp.com\/deltaimage.de\/wp\/wp-content\/uploads\/IMG_0190_1200-1.jpg?fit=1200%2C500&ssl=1&resize=350%2C200 1x, https:\/\/i0.wp.com\/deltaimage.de\/wp\/wp-content\/uploads\/IMG_0190_1200-1.jpg?fit=1200%2C500&ssl=1&resize=525%2C300 1.5x, https:\/\/i0.wp.com\/deltaimage.de\/wp\/wp-content\/uploads\/IMG_0190_1200-1.jpg?fit=1200%2C500&ssl=1&resize=700%2C400 2x, https:\/\/i0.wp.com\/deltaimage.de\/wp\/wp-content\/uploads\/IMG_0190_1200-1.jpg?fit=1200%2C500&ssl=1&resize=1050%2C600 3x"},"classes":[]},{"id":43694,"url":"https:\/\/deltaimage.de\/wp\/?page_id=43694","url_meta":{"origin":46703,"position":4},"title":"Termine zum Projekt: Dachauer Moos","author":"EschbacP","date":"1. September 2024","format":false,"excerpt":"Hier navigieren Sie einfach: Zur\u00fcck zur \u00dcbersicht weiter zur n\u00e4chsten Seite \"Partner im Projekt\" weiter zur vorherigen Seite \"Presseschau\".","rel":"","context":"\u00c4hnlicher Beitrag","block_context":{"text":"\u00c4hnlicher Beitrag","link":""},"img":{"alt_text":"","src":"https:\/\/i0.wp.com\/deltaimage.de\/wp\/wp-content\/uploads\/pexels-pixabay-256523_1200.jpg?fit=1200%2C450&ssl=1&resize=350%2C200","width":350,"height":200,"srcset":"https:\/\/i0.wp.com\/deltaimage.de\/wp\/wp-content\/uploads\/pexels-pixabay-256523_1200.jpg?fit=1200%2C450&ssl=1&resize=350%2C200 1x, https:\/\/i0.wp.com\/deltaimage.de\/wp\/wp-content\/uploads\/pexels-pixabay-256523_1200.jpg?fit=1200%2C450&ssl=1&resize=525%2C300 1.5x, https:\/\/i0.wp.com\/deltaimage.de\/wp\/wp-content\/uploads\/pexels-pixabay-256523_1200.jpg?fit=1200%2C450&ssl=1&resize=700%2C400 2x, https:\/\/i0.wp.com\/deltaimage.de\/wp\/wp-content\/uploads\/pexels-pixabay-256523_1200.jpg?fit=1200%2C450&ssl=1&resize=1050%2C600 3x"},"classes":[]},{"id":43690,"url":"https:\/\/deltaimage.de\/wp\/?page_id=43690","url_meta":{"origin":46703,"position":5},"title":"Ausstellungen &#038; Aktionen zum Moos","author":"EschbacP","date":"1. September 2024","format":false,"excerpt":"Die Kommunikation mit der \u00d6ffentlichkeit in der Fotografie erfolgt in drei verschiedenen Interaktionen mit dem interessierten Publikum: B\u00fccher Die Bilder und Texte zum mitnehmen stellt die intensivste und langfristigste Besch\u00e4ftigung mit den Themen der Fotografie (hier dem Dachauer Moos) dar. Dazu haben wir ein Buchprogramm aufgelegt. Bilderausstellungen Die Interaktion mit\u2026","rel":"","context":"\u00c4hnlicher Beitrag","block_context":{"text":"\u00c4hnlicher Beitrag","link":""},"img":{"alt_text":"","src":"https:\/\/i0.wp.com\/deltaimage.de\/wp\/wp-content\/uploads\/IMG_7906_1200.jpg?fit=1200%2C616&ssl=1&resize=350%2C200","width":350,"height":200,"srcset":"https:\/\/i0.wp.com\/deltaimage.de\/wp\/wp-content\/uploads\/IMG_7906_1200.jpg?fit=1200%2C616&ssl=1&resize=350%2C200 1x, https:\/\/i0.wp.com\/deltaimage.de\/wp\/wp-content\/uploads\/IMG_7906_1200.jpg?fit=1200%2C616&ssl=1&resize=525%2C300 1.5x, https:\/\/i0.wp.com\/deltaimage.de\/wp\/wp-content\/uploads\/IMG_7906_1200.jpg?fit=1200%2C616&ssl=1&resize=700%2C400 2x, https:\/\/i0.wp.com\/deltaimage.de\/wp\/wp-content\/uploads\/IMG_7906_1200.jpg?fit=1200%2C616&ssl=1&resize=1050%2C600 3x"},"classes":[]}],"jetpack_sharing_enabled":true,"_links":{"self":[{"href":"https:\/\/deltaimage.de\/wp\/index.php?rest_route=\/wp\/v2\/pages\/46703","targetHints":{"allow":["GET"]}}],"collection":[{"href":"https:\/\/deltaimage.de\/wp\/index.php?rest_route=\/wp\/v2\/pages"}],"about":[{"href":"https:\/\/deltaimage.de\/wp\/index.php?rest_route=\/wp\/v2\/types\/page"}],"author":[{"embeddable":true,"href":"https:\/\/deltaimage.de\/wp\/index.php?rest_route=\/wp\/v2\/users\/1"}],"replies":[{"embeddable":true,"href":"https:\/\/deltaimage.de\/wp\/index.php?rest_route=%2Fwp%2Fv2%2Fcomments&post=46703"}],"version-history":[{"count":10,"href":"https:\/\/deltaimage.de\/wp\/index.php?rest_route=\/wp\/v2\/pages\/46703\/revisions"}],"predecessor-version":[{"id":47298,"href":"https:\/\/deltaimage.de\/wp\/index.php?rest_route=\/wp\/v2\/pages\/46703\/revisions\/47298"}],"wp:featuredmedia":[{"embeddable":true,"href":"https:\/\/deltaimage.de\/wp\/index.php?rest_route=\/wp\/v2\/media\/10056"}],"wp:attachment":[{"href":"https:\/\/deltaimage.de\/wp\/index.php?rest_route=%2Fwp%2Fv2%2Fmedia&parent=46703"}],"curies":[{"name":"wp","href":"https:\/\/api.w.org\/{rel}","templated":true}]}}