{"id":53273,"date":"2025-11-29T11:56:31","date_gmt":"2025-11-29T10:56:31","guid":{"rendered":"https:\/\/deltaimage.de\/wp\/?page_id=53273"},"modified":"2026-01-30T18:41:47","modified_gmt":"2026-01-30T17:41:47","slug":"foto-ausstellungen","status":"publish","type":"page","link":"https:\/\/deltaimage.de\/wp\/?page_id=53273","title":{"rendered":"FOTO-Ausstellungen"},"content":{"rendered":"<p align=\"left\"><em>Fotograf: Andreas Pirchmoser<\/em><\/p>\n<h1 align=\"left\"><\/h1>\n<h1 class=\"western\" align=\"left\"><strong>Foto-Ausstellungen<\/strong><\/h1>\n<hr \/>\n<div class=\"su-row\"><div class=\"su-column su-column-size-1-3\"><div class=\"su-column-inner su-u-clearfix su-u-trim\">\n<p><a href=\"https:\/\/deltaimage.de\/wp\/?attachment_id=15576#main\"><img data-recalc-dims=\"1\" loading=\"lazy\" decoding=\"async\" data-attachment-id=\"15576\" data-permalink=\"https:\/\/deltaimage.de\/wp\/?attachment_id=15576#main\" data-orig-file=\"https:\/\/i0.wp.com\/deltaimage.de\/wp\/wp-content\/uploads\/Fotoaustellung03.jpg?fit=500%2C596&amp;ssl=1\" data-orig-size=\"500,596\" data-comments-opened=\"0\" data-image-meta=\"{&quot;aperture&quot;:&quot;0&quot;,&quot;credit&quot;:&quot;&quot;,&quot;camera&quot;:&quot;&quot;,&quot;caption&quot;:&quot;&quot;,&quot;created_timestamp&quot;:&quot;0&quot;,&quot;copyright&quot;:&quot;&quot;,&quot;focal_length&quot;:&quot;0&quot;,&quot;iso&quot;:&quot;0&quot;,&quot;shutter_speed&quot;:&quot;0&quot;,&quot;title&quot;:&quot;&quot;,&quot;orientation&quot;:&quot;0&quot;}\" data-image-title=\"Fotoaustellung03\" data-image-description=\"\" data-image-caption=\"\" data-large-file=\"https:\/\/i0.wp.com\/deltaimage.de\/wp\/wp-content\/uploads\/Fotoaustellung03.jpg?fit=500%2C596&amp;ssl=1\" class=\"aligncenter wp-image-15576 size-full\" src=\"https:\/\/i0.wp.com\/deltaimage.de\/wp\/wp-content\/uploads\/Fotoaustellung03.jpg?resize=500%2C596&#038;ssl=1\" alt=\"\" width=\"500\" height=\"596\" srcset=\"https:\/\/i0.wp.com\/deltaimage.de\/wp\/wp-content\/uploads\/Fotoaustellung03.jpg?w=500&amp;ssl=1 500w, https:\/\/i0.wp.com\/deltaimage.de\/wp\/wp-content\/uploads\/Fotoaustellung03.jpg?resize=168%2C200&amp;ssl=1 168w, https:\/\/i0.wp.com\/deltaimage.de\/wp\/wp-content\/uploads\/Fotoaustellung03.jpg?resize=252%2C300&amp;ssl=1 252w, https:\/\/i0.wp.com\/deltaimage.de\/wp\/wp-content\/uploads\/Fotoaustellung03.jpg?resize=497%2C593&amp;ssl=1 497w, https:\/\/i0.wp.com\/deltaimage.de\/wp\/wp-content\/uploads\/Fotoaustellung03.jpg?resize=378%2C450&amp;ssl=1 378w, https:\/\/i0.wp.com\/deltaimage.de\/wp\/wp-content\/uploads\/Fotoaustellung03.jpg?resize=336%2C400&amp;ssl=1 336w\" sizes=\"auto, (max-width: 500px) 100vw, 500px\" \/><\/a><\/p>\n<h2 style=\"text-align: center;\">[A-1] 1994\/1995: Naturpark Bayerischer Wald e. V. \/ Zwiesel<\/h2>\n<p>Paul Eschbach und Hubert Bauer-Falkner (\u2020); Foto-Ausstellung im Naturparkhaus Bayerischer Wald in Zwiesel; Gemeinschaftsausstellung Paul Eschbach und dem Fotografen und Fotopartner Hubert Bauer-Falkner (\u2020) aus Hauzenberg bei Passau; Grenzbetrachtungen \u2013 Bayerischer Wald und B\u00f6hmerwald.<\/p>\n<\/div><\/div>\n<div class=\"su-column su-column-size-1-3\"><div class=\"su-column-inner su-u-clearfix su-u-trim\">\n<p><img data-recalc-dims=\"1\" loading=\"lazy\" decoding=\"async\" data-attachment-id=\"53343\" data-permalink=\"https:\/\/deltaimage.de\/wp\/?attachment_id=53343#main\" data-orig-file=\"https:\/\/i0.wp.com\/deltaimage.de\/wp\/wp-content\/uploads\/PE1S1705_900.jpg?fit=890%2C593&amp;ssl=1\" data-orig-size=\"890,593\" data-comments-opened=\"1\" data-image-meta=\"{&quot;aperture&quot;:&quot;7.1&quot;,&quot;credit&quot;:&quot;Paul Eschbach&quot;,&quot;camera&quot;:&quot;Canon EOS-1Ds Mark III&quot;,&quot;caption&quot;:&quot;&quot;,&quot;created_timestamp&quot;:&quot;1484251413&quot;,&quot;copyright&quot;:&quot;&quot;,&quot;focal_length&quot;:&quot;100&quot;,&quot;iso&quot;:&quot;100&quot;,&quot;shutter_speed&quot;:&quot;2&quot;,&quot;title&quot;:&quot;&quot;,&quot;orientation&quot;:&quot;0&quot;}\" data-image-title=\"PE1S1705_900\" data-image-description=\"\" data-image-caption=\"\" data-large-file=\"https:\/\/i0.wp.com\/deltaimage.de\/wp\/wp-content\/uploads\/PE1S1705_900.jpg?fit=890%2C593&amp;ssl=1\" class=\"aligncenter size-full wp-image-53343\" src=\"https:\/\/i0.wp.com\/deltaimage.de\/wp\/wp-content\/uploads\/PE1S1705_900.jpg?resize=890%2C593&#038;ssl=1\" alt=\"\" width=\"890\" height=\"593\" srcset=\"https:\/\/i0.wp.com\/deltaimage.de\/wp\/wp-content\/uploads\/PE1S1705_900.jpg?w=890&amp;ssl=1 890w, https:\/\/i0.wp.com\/deltaimage.de\/wp\/wp-content\/uploads\/PE1S1705_900.jpg?resize=300%2C200&amp;ssl=1 300w, https:\/\/i0.wp.com\/deltaimage.de\/wp\/wp-content\/uploads\/PE1S1705_900.jpg?resize=600%2C400&amp;ssl=1 600w, https:\/\/i0.wp.com\/deltaimage.de\/wp\/wp-content\/uploads\/PE1S1705_900.jpg?resize=200%2C133&amp;ssl=1 200w\" sizes=\"auto, (max-width: 890px) 100vw, 890px\" \/><\/p>\n<h2 style=\"text-align: center;\">[A-2] 1995: Kulturwochen Hauzenberg<\/h2>\n<p>Paul Eschbach und Hubert Bauer-Falkner (\u2020); <strong>Kulturwochen Hauzenberg<\/strong> mit der Multivisionsshow \u00bb<strong>Grenzbetrachtungen - 25 Jahre Nationalpark Bayerischer Wald und B\u00f6hmerwald<\/strong>\u00ab in <strong>Hauzenberg<\/strong> bei Passau.<\/p>\n<p>Veranstaltungsprogramm Kulturwochen Hauzenberg 1995:<\/p>\n<p><a href=\"https:\/\/deltaimage.de\/wp\/?attachment_id=53724#main\"><img data-recalc-dims=\"1\" loading=\"lazy\" decoding=\"async\" data-attachment-id=\"53724\" data-permalink=\"https:\/\/deltaimage.de\/wp\/?attachment_id=53724#main\" data-orig-file=\"https:\/\/i0.wp.com\/deltaimage.de\/wp\/wp-content\/uploads\/KWH-1995-Grenzbetrachtungen-S2.jpg?fit=900%2C607&amp;ssl=1\" data-orig-size=\"900,607\" data-comments-opened=\"1\" data-image-meta=\"{&quot;aperture&quot;:&quot;0&quot;,&quot;credit&quot;:&quot;&quot;,&quot;camera&quot;:&quot;&quot;,&quot;caption&quot;:&quot;&quot;,&quot;created_timestamp&quot;:&quot;0&quot;,&quot;copyright&quot;:&quot;&quot;,&quot;focal_length&quot;:&quot;0&quot;,&quot;iso&quot;:&quot;0&quot;,&quot;shutter_speed&quot;:&quot;0&quot;,&quot;title&quot;:&quot;&quot;,&quot;orientation&quot;:&quot;1&quot;}\" data-image-title=\"KWH 1995 Grenzbetrachtungen S2\" data-image-description=\"\" data-image-caption=\"\" data-large-file=\"https:\/\/i0.wp.com\/deltaimage.de\/wp\/wp-content\/uploads\/KWH-1995-Grenzbetrachtungen-S2.jpg?fit=890%2C600&amp;ssl=1\" class=\"aligncenter wp-image-53724 size-full\" src=\"https:\/\/i0.wp.com\/deltaimage.de\/wp\/wp-content\/uploads\/KWH-1995-Grenzbetrachtungen-S2.jpg?resize=890%2C600&#038;ssl=1\" alt=\"\" width=\"890\" height=\"600\" srcset=\"https:\/\/i0.wp.com\/deltaimage.de\/wp\/wp-content\/uploads\/KWH-1995-Grenzbetrachtungen-S2.jpg?w=900&amp;ssl=1 900w, https:\/\/i0.wp.com\/deltaimage.de\/wp\/wp-content\/uploads\/KWH-1995-Grenzbetrachtungen-S2.jpg?resize=890%2C600&amp;ssl=1 890w, https:\/\/i0.wp.com\/deltaimage.de\/wp\/wp-content\/uploads\/KWH-1995-Grenzbetrachtungen-S2.jpg?resize=297%2C200&amp;ssl=1 297w, https:\/\/i0.wp.com\/deltaimage.de\/wp\/wp-content\/uploads\/KWH-1995-Grenzbetrachtungen-S2.jpg?resize=593%2C400&amp;ssl=1 593w\" sizes=\"auto, (max-width: 890px) 100vw, 890px\" \/><\/a><\/p>\n<p><a href=\"https:\/\/deltaimage.de\/wp\/?attachment_id=53725#main\"><img data-recalc-dims=\"1\" loading=\"lazy\" decoding=\"async\" data-attachment-id=\"53725\" data-permalink=\"https:\/\/deltaimage.de\/wp\/?attachment_id=53725#main\" data-orig-file=\"https:\/\/i0.wp.com\/deltaimage.de\/wp\/wp-content\/uploads\/KWH-1995-Grenzbetrachtungen-S1.jpg?fit=900%2C563&amp;ssl=1\" data-orig-size=\"900,563\" data-comments-opened=\"1\" data-image-meta=\"{&quot;aperture&quot;:&quot;0&quot;,&quot;credit&quot;:&quot;&quot;,&quot;camera&quot;:&quot;&quot;,&quot;caption&quot;:&quot;&quot;,&quot;created_timestamp&quot;:&quot;0&quot;,&quot;copyright&quot;:&quot;&quot;,&quot;focal_length&quot;:&quot;0&quot;,&quot;iso&quot;:&quot;0&quot;,&quot;shutter_speed&quot;:&quot;0&quot;,&quot;title&quot;:&quot;&quot;,&quot;orientation&quot;:&quot;1&quot;}\" data-image-title=\"KWH 1995 Grenzbetrachtungen S1\" data-image-description=\"\" data-image-caption=\"\" data-large-file=\"https:\/\/i0.wp.com\/deltaimage.de\/wp\/wp-content\/uploads\/KWH-1995-Grenzbetrachtungen-S1.jpg?fit=890%2C557&amp;ssl=1\" class=\"aligncenter wp-image-53725 size-full\" src=\"https:\/\/i0.wp.com\/deltaimage.de\/wp\/wp-content\/uploads\/KWH-1995-Grenzbetrachtungen-S1.jpg?resize=890%2C557&#038;ssl=1\" alt=\"\" width=\"890\" height=\"557\" srcset=\"https:\/\/i0.wp.com\/deltaimage.de\/wp\/wp-content\/uploads\/KWH-1995-Grenzbetrachtungen-S1.jpg?w=900&amp;ssl=1 900w, https:\/\/i0.wp.com\/deltaimage.de\/wp\/wp-content\/uploads\/KWH-1995-Grenzbetrachtungen-S1.jpg?resize=300%2C188&amp;ssl=1 300w, https:\/\/i0.wp.com\/deltaimage.de\/wp\/wp-content\/uploads\/KWH-1995-Grenzbetrachtungen-S1.jpg?resize=639%2C400&amp;ssl=1 639w\" sizes=\"auto, (max-width: 890px) 100vw, 890px\" \/><\/a><\/p>\n<\/div><\/div>\n<div class=\"su-column su-column-size-1-3\"><div class=\"su-column-inner su-u-clearfix su-u-trim\">\n<p><a href=\"https:\/\/deltaimage.de\/wp\/?attachment_id=3244#main\"><img data-recalc-dims=\"1\" loading=\"lazy\" decoding=\"async\" data-attachment-id=\"3244\" data-permalink=\"https:\/\/deltaimage.de\/wp\/?attachment_id=3244#main\" data-orig-file=\"https:\/\/i0.wp.com\/deltaimage.de\/wp\/wp-content\/uploads\/Plakat-Sonderausstellung.jpg?fit=714%2C992&amp;ssl=1\" data-orig-size=\"714,992\" data-comments-opened=\"0\" data-image-meta=\"{&quot;aperture&quot;:&quot;0&quot;,&quot;credit&quot;:&quot;&quot;,&quot;camera&quot;:&quot;&quot;,&quot;caption&quot;:&quot;&quot;,&quot;created_timestamp&quot;:&quot;0&quot;,&quot;copyright&quot;:&quot;&quot;,&quot;focal_length&quot;:&quot;0&quot;,&quot;iso&quot;:&quot;0&quot;,&quot;shutter_speed&quot;:&quot;0&quot;,&quot;title&quot;:&quot;&quot;,&quot;orientation&quot;:&quot;0&quot;}\" data-image-title=\"Plakat Sonderausstellung\" data-image-description=\"\" data-image-caption=\"\" data-large-file=\"https:\/\/i0.wp.com\/deltaimage.de\/wp\/wp-content\/uploads\/Plakat-Sonderausstellung.jpg?fit=714%2C992&amp;ssl=1\" class=\"aligncenter wp-image-3244 size-full\" src=\"https:\/\/i0.wp.com\/deltaimage.de\/wp\/wp-content\/uploads\/Plakat-Sonderausstellung.jpg?resize=714%2C992&#038;ssl=1\" alt=\"Unsere Aktionen\" width=\"714\" height=\"992\" srcset=\"https:\/\/i0.wp.com\/deltaimage.de\/wp\/wp-content\/uploads\/Plakat-Sonderausstellung.jpg?w=714&amp;ssl=1 714w, https:\/\/i0.wp.com\/deltaimage.de\/wp\/wp-content\/uploads\/Plakat-Sonderausstellung.jpg?resize=215%2C300&amp;ssl=1 215w, https:\/\/i0.wp.com\/deltaimage.de\/wp\/wp-content\/uploads\/Plakat-Sonderausstellung.jpg?resize=427%2C593&amp;ssl=1 427w, https:\/\/i0.wp.com\/deltaimage.de\/wp\/wp-content\/uploads\/Plakat-Sonderausstellung.jpg?resize=324%2C450&amp;ssl=1 324w\" sizes=\"auto, (max-width: 714px) 100vw, 714px\" \/><\/a><\/p>\n<h2 style=\"text-align: center;\">[A-3] 2014: Deutsches Museum Flugwerft Schlei\u00dfheim<\/h2>\n<p>Paul Eschbach; Sonderausstellung in der Flugwerft Schlei\u00dfheim im Deutschen Museum in Oberschlei\u00dfheim; Fallschirmspringen und die Suche nach dem Gl\u00fcck; in Zusammenarbeit mit Uli Beyer und Hans Osterm\u00fcnchner.<\/p>\n<\/div><\/div> <\/div>\n<p>&nbsp;<\/p>\n<hr \/>\n<p align=\"left\"><div class=\"su-row\"><div class=\"su-column su-column-size-1-3\"><div class=\"su-column-inner su-u-clearfix su-u-trim\">\n<p align=\"left\"><a href=\"https:\/\/deltaimage.de\/wp\/?attachment_id=48027#main\"><img data-recalc-dims=\"1\" loading=\"lazy\" decoding=\"async\" data-attachment-id=\"48027\" data-permalink=\"https:\/\/deltaimage.de\/wp\/?attachment_id=48027#main\" data-orig-file=\"https:\/\/i0.wp.com\/deltaimage.de\/wp\/wp-content\/uploads\/Broschuere-BN-50-Jahre-Wasserturm.jpg?fit=637%2C900&amp;ssl=1\" data-orig-size=\"637,900\" data-comments-opened=\"1\" data-image-meta=\"{&quot;aperture&quot;:&quot;0&quot;,&quot;credit&quot;:&quot;Paul Eschbach&quot;,&quot;camera&quot;:&quot;&quot;,&quot;caption&quot;:&quot;&quot;,&quot;created_timestamp&quot;:&quot;1741031084&quot;,&quot;copyright&quot;:&quot;&quot;,&quot;focal_length&quot;:&quot;0&quot;,&quot;iso&quot;:&quot;0&quot;,&quot;shutter_speed&quot;:&quot;0&quot;,&quot;title&quot;:&quot;&quot;,&quot;orientation&quot;:&quot;1&quot;}\" data-image-title=\"Brosch\u00fcre BN 50 Jahre Wasserturm\" data-image-description=\"\" data-image-caption=\"\" data-large-file=\"https:\/\/i0.wp.com\/deltaimage.de\/wp\/wp-content\/uploads\/Broschuere-BN-50-Jahre-Wasserturm.jpg?fit=637%2C900&amp;ssl=1\" class=\"aligncenter wp-image-48027 size-full\" src=\"https:\/\/i0.wp.com\/deltaimage.de\/wp\/wp-content\/uploads\/Broschuere-BN-50-Jahre-Wasserturm.jpg?resize=637%2C900&#038;ssl=1\" alt=\"\" width=\"637\" height=\"900\" srcset=\"https:\/\/i0.wp.com\/deltaimage.de\/wp\/wp-content\/uploads\/Broschuere-BN-50-Jahre-Wasserturm.jpg?w=637&amp;ssl=1 637w, https:\/\/i0.wp.com\/deltaimage.de\/wp\/wp-content\/uploads\/Broschuere-BN-50-Jahre-Wasserturm.jpg?resize=425%2C600&amp;ssl=1 425w, https:\/\/i0.wp.com\/deltaimage.de\/wp\/wp-content\/uploads\/Broschuere-BN-50-Jahre-Wasserturm.jpg?resize=142%2C200&amp;ssl=1 142w, https:\/\/i0.wp.com\/deltaimage.de\/wp\/wp-content\/uploads\/Broschuere-BN-50-Jahre-Wasserturm.jpg?resize=283%2C400&amp;ssl=1 283w\" sizes=\"auto, (max-width: 637px) 100vw, 637px\" \/><\/a><\/p>\n<h2 style=\"text-align: center;\">[A-4] 2025: Dachauer Wasserturm<\/h2>\n<p>Paul Eschbach; Foto-Ausstellung im Dachauer Wasserturm; Natur- und Moosschutz im Dachauer Moos \u2013 50 Jahre Kreisgruppe Dachau im BUND Naturschutz in Bayern e. V.<\/p>\n<p align=\"left\"><\/div><\/div>\n<p align=\"left\"><div class=\"su-column su-column-size-1-3\"><div class=\"su-column-inner su-u-clearfix su-u-trim\">\n<p align=\"left\"><a href=\"https:\/\/deltaimage.de\/wp\/?attachment_id=48916#main\"><img data-recalc-dims=\"1\" loading=\"lazy\" decoding=\"async\" data-attachment-id=\"48916\" data-permalink=\"https:\/\/deltaimage.de\/wp\/?attachment_id=48916#main\" data-orig-file=\"https:\/\/i0.wp.com\/deltaimage.de\/wp\/wp-content\/uploads\/Einladung_Karte_Maisach_2025-600.jpg?fit=425%2C600&amp;ssl=1\" data-orig-size=\"425,600\" data-comments-opened=\"1\" data-image-meta=\"{&quot;aperture&quot;:&quot;0&quot;,&quot;credit&quot;:&quot;Paul Eschbach&quot;,&quot;camera&quot;:&quot;&quot;,&quot;caption&quot;:&quot;&quot;,&quot;created_timestamp&quot;:&quot;1744818225&quot;,&quot;copyright&quot;:&quot;&quot;,&quot;focal_length&quot;:&quot;0&quot;,&quot;iso&quot;:&quot;0&quot;,&quot;shutter_speed&quot;:&quot;0&quot;,&quot;title&quot;:&quot;&quot;,&quot;orientation&quot;:&quot;1&quot;}\" data-image-title=\"Einladung_Karte_Maisach_2025-600\" data-image-description=\"\" data-image-caption=\"\" data-large-file=\"https:\/\/i0.wp.com\/deltaimage.de\/wp\/wp-content\/uploads\/Einladung_Karte_Maisach_2025-600.jpg?fit=425%2C600&amp;ssl=1\" class=\"aligncenter wp-image-48916 size-full\" src=\"https:\/\/i0.wp.com\/deltaimage.de\/wp\/wp-content\/uploads\/Einladung_Karte_Maisach_2025-600.jpg?resize=425%2C600&#038;ssl=1\" alt=\"\" width=\"425\" height=\"600\" srcset=\"https:\/\/i0.wp.com\/deltaimage.de\/wp\/wp-content\/uploads\/Einladung_Karte_Maisach_2025-600.jpg?w=425&amp;ssl=1 425w, https:\/\/i0.wp.com\/deltaimage.de\/wp\/wp-content\/uploads\/Einladung_Karte_Maisach_2025-600.jpg?resize=142%2C200&amp;ssl=1 142w, https:\/\/i0.wp.com\/deltaimage.de\/wp\/wp-content\/uploads\/Einladung_Karte_Maisach_2025-600.jpg?resize=283%2C400&amp;ssl=1 283w\" sizes=\"auto, (max-width: 425px) 100vw, 425px\" \/><\/a><\/p>\n<h2 style=\"text-align: center;\">[A-5] 2025: Gemeinde Maisach<\/h2>\n<p>Paul Eschbach; Foto-Ausstellung im <strong>Gemeindezentrum Maisach<\/strong> der <strong>Gemeinde Maisach<\/strong> zum Dachauer Moos; \u201eWo ist das Maisacher Moos heute noch zu finden?\u201c<\/p>\n<p align=\"left\"><\/div><\/div>\n<p align=\"left\"><div class=\"su-column su-column-size-1-3\"><div class=\"su-column-inner su-u-clearfix su-u-trim\">\n<p align=\"left\"><a href=\"https:\/\/deltaimage.de\/wp\/?attachment_id=52286#main\"><img data-recalc-dims=\"1\" loading=\"lazy\" decoding=\"async\" data-attachment-id=\"52286\" data-permalink=\"https:\/\/deltaimage.de\/wp\/?attachment_id=52286\" data-orig-file=\"https:\/\/i0.wp.com\/deltaimage.de\/wp\/wp-content\/uploads\/Plakat_Ausstellung_Bergkirchen_20250912_1200.png?fit=1002%2C1411&amp;ssl=1\" data-orig-size=\"1002,1411\" data-comments-opened=\"1\" data-image-meta=\"{&quot;aperture&quot;:&quot;0&quot;,&quot;credit&quot;:&quot;&quot;,&quot;camera&quot;:&quot;&quot;,&quot;caption&quot;:&quot;&quot;,&quot;created_timestamp&quot;:&quot;0&quot;,&quot;copyright&quot;:&quot;&quot;,&quot;focal_length&quot;:&quot;0&quot;,&quot;iso&quot;:&quot;0&quot;,&quot;shutter_speed&quot;:&quot;0&quot;,&quot;title&quot;:&quot;&quot;,&quot;orientation&quot;:&quot;0&quot;}\" data-image-title=\"Plakat_Ausstellung_Bergkirchen_20250912_1200\" data-image-description=\"\" data-image-caption=\"\" data-large-file=\"https:\/\/i0.wp.com\/deltaimage.de\/wp\/wp-content\/uploads\/Plakat_Ausstellung_Bergkirchen_20250912_1200.png?fit=852%2C1200&amp;ssl=1\" class=\"aligncenter wp-image-52286 size-medium\" src=\"https:\/\/i0.wp.com\/deltaimage.de\/wp\/wp-content\/uploads\/Plakat_Ausstellung_Bergkirchen_20250912_1200.png?resize=426%2C600&#038;ssl=1\" alt=\"\" width=\"426\" height=\"600\" srcset=\"https:\/\/i0.wp.com\/deltaimage.de\/wp\/wp-content\/uploads\/Plakat_Ausstellung_Bergkirchen_20250912_1200.png?resize=426%2C600&amp;ssl=1 426w, https:\/\/i0.wp.com\/deltaimage.de\/wp\/wp-content\/uploads\/Plakat_Ausstellung_Bergkirchen_20250912_1200.png?resize=852%2C1200&amp;ssl=1 852w, https:\/\/i0.wp.com\/deltaimage.de\/wp\/wp-content\/uploads\/Plakat_Ausstellung_Bergkirchen_20250912_1200.png?resize=142%2C200&amp;ssl=1 142w, https:\/\/i0.wp.com\/deltaimage.de\/wp\/wp-content\/uploads\/Plakat_Ausstellung_Bergkirchen_20250912_1200.png?resize=284%2C400&amp;ssl=1 284w, https:\/\/i0.wp.com\/deltaimage.de\/wp\/wp-content\/uploads\/Plakat_Ausstellung_Bergkirchen_20250912_1200.png?w=1002&amp;ssl=1 1002w\" sizes=\"auto, (max-width: 426px) 100vw, 426px\" \/><\/a><\/p>\n<h2 style=\"text-align: center;\">[A-6] 2025: Gemeinde Bergkirchen \/ vhs Bergkirchen<\/h2>\n<p>Paul Eschbach; Foto-Ausstellung im <strong>Bruggerhaus Bergkirchen<\/strong> der <strong>Gemeinde Bergkirchen<\/strong> zum Dachauer Moos; \u201eWo ist das Maisacher Moos heute noch zu finden?\u201c<\/p>\n<p align=\"left\"><\/div><\/div> <\/div>\n<hr \/>\n<p class=\"western\" align=\"left\"><div class=\"su-row\"><div class=\"su-column su-column-size-1-3\"><div class=\"su-column-inner su-u-clearfix su-u-trim\">\n<p align=\"left\"><a href=\"https:\/\/deltaimage.de\/wp\/?attachment_id=53416#main\"><img data-recalc-dims=\"1\" loading=\"lazy\" decoding=\"async\" data-attachment-id=\"53416\" data-permalink=\"https:\/\/deltaimage.de\/wp\/?attachment_id=53416\" data-orig-file=\"https:\/\/i0.wp.com\/deltaimage.de\/wp\/wp-content\/uploads\/Plakat_Fotoausstellung-Erdweg_20251203.png?fit=565%2C800&amp;ssl=1\" data-orig-size=\"565,800\" data-comments-opened=\"1\" data-image-meta=\"{&quot;aperture&quot;:&quot;0&quot;,&quot;credit&quot;:&quot;&quot;,&quot;camera&quot;:&quot;&quot;,&quot;caption&quot;:&quot;&quot;,&quot;created_timestamp&quot;:&quot;0&quot;,&quot;copyright&quot;:&quot;&quot;,&quot;focal_length&quot;:&quot;0&quot;,&quot;iso&quot;:&quot;0&quot;,&quot;shutter_speed&quot;:&quot;0&quot;,&quot;title&quot;:&quot;&quot;,&quot;orientation&quot;:&quot;0&quot;}\" data-image-title=\"Plakat_Fotoausstellung-Erdweg_20251203\" data-image-description=\"\" data-image-caption=\"\" data-large-file=\"https:\/\/i0.wp.com\/deltaimage.de\/wp\/wp-content\/uploads\/Plakat_Fotoausstellung-Erdweg_20251203.png?fit=565%2C800&amp;ssl=1\" class=\"aligncenter wp-image-53416 size-full\" src=\"https:\/\/i0.wp.com\/deltaimage.de\/wp\/wp-content\/uploads\/Plakat_Fotoausstellung-Erdweg_20251203.png?resize=565%2C800&#038;ssl=1\" alt=\"\" width=\"565\" height=\"800\" srcset=\"https:\/\/i0.wp.com\/deltaimage.de\/wp\/wp-content\/uploads\/Plakat_Fotoausstellung-Erdweg_20251203.png?w=565&amp;ssl=1 565w, https:\/\/i0.wp.com\/deltaimage.de\/wp\/wp-content\/uploads\/Plakat_Fotoausstellung-Erdweg_20251203.png?resize=424%2C600&amp;ssl=1 424w, https:\/\/i0.wp.com\/deltaimage.de\/wp\/wp-content\/uploads\/Plakat_Fotoausstellung-Erdweg_20251203.png?resize=141%2C200&amp;ssl=1 141w, https:\/\/i0.wp.com\/deltaimage.de\/wp\/wp-content\/uploads\/Plakat_Fotoausstellung-Erdweg_20251203.png?resize=283%2C400&amp;ssl=1 283w\" sizes=\"auto, (max-width: 565px) 100vw, 565px\" \/><\/a><\/p>\n<h2 style=\"text-align: center;\">[A-7] 2026: Gemeinde Erdweg<\/h2>\n<p align=\"left\">Paul Eschbach; Foto-Ausstellung im <strong>Rathaus Erdweg<\/strong> zum Dachauer Moos; \u201eWo ist das Dachauer Moos heute noch zu finden?\u201c<\/p>\n<p class=\"western\" align=\"left\"><\/div><\/div> <div class=\"su-column su-column-size-1-3\"><div class=\"su-column-inner su-u-clearfix su-u-trim\"><\/div><\/div> <div class=\"su-column su-column-size-1-3\"><div class=\"su-column-inner su-u-clearfix su-u-trim\"><\/div><\/div> <\/div>\n<p>&nbsp;<\/p>\n<hr \/>\n<p>&nbsp;<\/p>\n<p>&nbsp;<\/p>\n<h2>Paul Eschbach (Fotograf)<\/h2>\n<h2 align=\"left\"><a href=\"https:\/\/deltaimage.de\/wp\/?page_id=53271\"><strong>Fotografisches Werk &#8211;&gt;<\/strong><\/a><\/h2>\n<h2><strong><a href=\"https:\/\/deltaimage.de\/wp\/?page_id=53273\">FOTO-Ausstellungen &#8211;&gt;<\/a><\/strong><\/h2>\n<h2><strong><a href=\"https:\/\/deltaimage.de\/wp\/?page_id=53272\">Buchver\u00f6ffentlichungen &#8211;&gt;<\/a><\/strong><\/h2>\n<h2><strong><a href=\"https:\/\/deltaimage.de\/wp\/?page_id=53277\">Foto-Workshops &#8211;&gt;<\/a><\/strong><\/h2>\n<h2><strong><a href=\"https:\/\/deltaimage.de\/wp\/?page_id=53277\">Foto-Wettbewerbe &#8211;&gt;<\/a><\/strong><\/h2>\n<h2 class=\"western\" align=\"left\"><strong><a href=\"https:\/\/deltaimage.de\/wp\/?page_id=53277\">Foto-Vorlesungen &#8211;&gt;<\/a><\/strong><\/h2>\n<h2 id=\"Weblinks\"><strong><a href=\"https:\/\/deltaimage.de\/wp\/?page_id=53280\">Weblinks &#8211;&gt;<\/a><\/strong><\/h2>\n<h2 class=\"mw-heading mw-heading2\"><strong><a href=\"https:\/\/deltaimage.de\/wp\/?page_id=53281\">Bildnachweise &#8211;&gt;<\/a><\/strong><\/h2>\n<h2><strong><a href=\"https:\/\/deltaimage.de\/wp\/?page_id=53280\">Fu\u00dfnoten und Links &#8211;&gt;<\/a><\/strong><\/h2>\n","protected":false},"excerpt":{"rendered":"<p>Fotograf: Andreas Pirchmoser Foto-Ausstellungen &nbsp; &nbsp; &nbsp; &nbsp; Paul Eschbach (Fotograf) Fotografisches Werk &#8211;&gt; FOTO-Ausstellungen &#8211;&gt; Buchver\u00f6ffentlichungen &#8211;&gt; Foto-Workshops &#8211;&gt; Foto-Wettbewerbe &#8211;&gt; Foto-Vorlesungen &#8211;&gt; Weblinks &#8211;&gt; Bildnachweise &#8211;&gt; Fu\u00dfnoten und [&hellip;]<\/p>\n","protected":false},"author":1,"featured_media":49127,"parent":52704,"menu_order":0,"comment_status":"closed","ping_status":"closed","template":"page-templates\/full-width-page.php","meta":{"wpupg_custom_link":[],"wpupg_custom_link_behaviour":["default"],"wpupg_custom_link_nofollow":["default"],"wpupg_custom_image":[],"wpupg_custom_image_id":[],"jetpack_post_was_ever_published":false,"footnotes":""},"class_list":["post-53273","page","type-page","status-publish","has-post-thumbnail","hentry"],"jetpack-related-posts":[{"id":10588,"url":"https:\/\/deltaimage.de\/wp\/?page_id=10588","url_meta":{"origin":53273,"position":0},"title":"BAYERWALDTEAM \u2013 im bayerisch-b\u00f6hmischen Grenzgebirge","author":"EschbacP","date":"26. Januar 2016","format":false,"excerpt":"\u00dcber 25 Jahre fotografieren wir als Fototeam in der wilden Natur des Bayerischen Waldes und des nahen B\u00f6hmerwaldes. Der Bayerische Wald hat ein Klima, das an Skandinavien erinnern kann. Die Vegetation ist vom weiten Hochwald mit seinen Hochmooren und Hochschachten gekennzeichnet.\u00a0Der Nationalpark Bayerischer Wald ist der \u00e4lteste Nationalpark in Deutschland\u2026","rel":"","context":"\u00c4hnlicher Beitrag","block_context":{"text":"\u00c4hnlicher Beitrag","link":""},"img":{"alt_text":"","src":"https:\/\/i0.wp.com\/deltaimage.de\/wp\/wp-content\/uploads\/IMG_4090_1200.jpg?fit=1200%2C450&ssl=1&resize=350%2C200","width":350,"height":200,"srcset":"https:\/\/i0.wp.com\/deltaimage.de\/wp\/wp-content\/uploads\/IMG_4090_1200.jpg?fit=1200%2C450&ssl=1&resize=350%2C200 1x, https:\/\/i0.wp.com\/deltaimage.de\/wp\/wp-content\/uploads\/IMG_4090_1200.jpg?fit=1200%2C450&ssl=1&resize=525%2C300 1.5x, https:\/\/i0.wp.com\/deltaimage.de\/wp\/wp-content\/uploads\/IMG_4090_1200.jpg?fit=1200%2C450&ssl=1&resize=700%2C400 2x, https:\/\/i0.wp.com\/deltaimage.de\/wp\/wp-content\/uploads\/IMG_4090_1200.jpg?fit=1200%2C450&ssl=1&resize=1050%2C600 3x"},"classes":[]},{"id":45250,"url":"https:\/\/deltaimage.de\/wp\/?page_id=45250","url_meta":{"origin":53273,"position":1},"title":"Projekt: Naturpark Bayerischer Wald e.V. \u2013 Fotoausstellung 1994","author":"EschbacP","date":"27. September 2024","format":false,"excerpt":"1994 war dies unsere allererste Fotoausstellung \u00fcberhaupt. In der ersten Jahren der Streifz\u00fcge beiderseits der Grenze zwischen Bayern im Bayerischen Wald und B\u00f6hmen im B\u00f6hmerwald ist ein ungeheuer tolles Fotoarchiv \u00fcber das gr\u00f6\u00dfte zusammenh\u00e4ngende Waldgebiet Mitteleuropas entstanden, noch alles ohne Borkenk\u00e4fer und Windbruch. Das Grenzgebirge im Bayerischen Wald und B\u00f6hmerwald\u2026","rel":"","context":"\u00c4hnlicher Beitrag","block_context":{"text":"\u00c4hnlicher Beitrag","link":""},"img":{"alt_text":"","src":"https:\/\/i0.wp.com\/deltaimage.de\/wp\/wp-content\/uploads\/Fotoaustellung01_1200_.jpg?fit=1200%2C778&ssl=1&resize=350%2C200","width":350,"height":200,"srcset":"https:\/\/i0.wp.com\/deltaimage.de\/wp\/wp-content\/uploads\/Fotoaustellung01_1200_.jpg?fit=1200%2C778&ssl=1&resize=350%2C200 1x, https:\/\/i0.wp.com\/deltaimage.de\/wp\/wp-content\/uploads\/Fotoaustellung01_1200_.jpg?fit=1200%2C778&ssl=1&resize=525%2C300 1.5x, https:\/\/i0.wp.com\/deltaimage.de\/wp\/wp-content\/uploads\/Fotoaustellung01_1200_.jpg?fit=1200%2C778&ssl=1&resize=700%2C400 2x, https:\/\/i0.wp.com\/deltaimage.de\/wp\/wp-content\/uploads\/Fotoaustellung01_1200_.jpg?fit=1200%2C778&ssl=1&resize=1050%2C600 3x"},"classes":[]},{"id":53271,"url":"https:\/\/deltaimage.de\/wp\/?page_id=53271","url_meta":{"origin":53273,"position":2},"title":"Fotografisches Werk","author":"EschbacP","date":"29. November 2025","format":false,"excerpt":"Fotograf: Andreas Pirchmoser Fotografisches Werk 1991 - 1999 entsteht zusammen mit seinem Studienfreund Hubert Bauer-Falkner (\u2020) aus Hauzenberg im Bayerischen Wald das Foto-Team BAYERWALDTEAM. Viele gemeinsame Multivisions-Vortr\u00e4ge zum Bayerischen Wald, B\u00f6hmerwald und Prag entstehen in der Zeit bis zum Jahr 2000 und werden vor gro\u00dfem und interessiertem Publikum in Nieder-\u2026","rel":"","context":"\u00c4hnlicher Beitrag","block_context":{"text":"\u00c4hnlicher Beitrag","link":""},"img":{"alt_text":"","src":"https:\/\/i0.wp.com\/deltaimage.de\/wp\/wp-content\/uploads\/Greiling_311_1200.jpg?fit=1200%2C450&ssl=1&resize=350%2C200","width":350,"height":200,"srcset":"https:\/\/i0.wp.com\/deltaimage.de\/wp\/wp-content\/uploads\/Greiling_311_1200.jpg?fit=1200%2C450&ssl=1&resize=350%2C200 1x, https:\/\/i0.wp.com\/deltaimage.de\/wp\/wp-content\/uploads\/Greiling_311_1200.jpg?fit=1200%2C450&ssl=1&resize=525%2C300 1.5x, https:\/\/i0.wp.com\/deltaimage.de\/wp\/wp-content\/uploads\/Greiling_311_1200.jpg?fit=1200%2C450&ssl=1&resize=700%2C400 2x, https:\/\/i0.wp.com\/deltaimage.de\/wp\/wp-content\/uploads\/Greiling_311_1200.jpg?fit=1200%2C450&ssl=1&resize=1050%2C600 3x"},"classes":[]},{"id":53228,"url":"https:\/\/deltaimage.de\/wp\/?page_id=53228","url_meta":{"origin":53273,"position":3},"title":"Portfolio Galerie","author":"EschbacP","date":"28. November 2025","format":false,"excerpt":"Fotograf Titelbild: Hubert Bauer-Falkner (\u2020) Perspektive, Licht und das Momentum und ein Motiv machen einen Schnappschuss zu einem Fine-Art als Ausgangsbasis f\u00fcr die Kommunikation mit einfach nur sch\u00f6nen Bildern.","rel":"","context":"\u00c4hnlicher Beitrag","block_context":{"text":"\u00c4hnlicher Beitrag","link":""},"img":{"alt_text":"","src":"https:\/\/i0.wp.com\/deltaimage.de\/wp\/wp-content\/uploads\/1DX27263_1200.jpg?fit=1200%2C450&ssl=1&resize=350%2C200","width":350,"height":200,"srcset":"https:\/\/i0.wp.com\/deltaimage.de\/wp\/wp-content\/uploads\/1DX27263_1200.jpg?fit=1200%2C450&ssl=1&resize=350%2C200 1x, https:\/\/i0.wp.com\/deltaimage.de\/wp\/wp-content\/uploads\/1DX27263_1200.jpg?fit=1200%2C450&ssl=1&resize=525%2C300 1.5x, https:\/\/i0.wp.com\/deltaimage.de\/wp\/wp-content\/uploads\/1DX27263_1200.jpg?fit=1200%2C450&ssl=1&resize=700%2C400 2x, https:\/\/i0.wp.com\/deltaimage.de\/wp\/wp-content\/uploads\/1DX27263_1200.jpg?fit=1200%2C450&ssl=1&resize=1050%2C600 3x"},"classes":[]},{"id":53280,"url":"https:\/\/deltaimage.de\/wp\/?page_id=53280","url_meta":{"origin":53273,"position":4},"title":"Weblinks &#038; Fu\u00dfnoten","author":"EschbacP","date":"29. November 2025","format":false,"excerpt":"Fotograf: Hubert Bauer-Falkner (\u2020) Weblinks [W-1] https:\/\/www.sueddeutsche.de\/muenchen\/fuerstenfeldbruck\/fotografie-schwarzweiss-erwacht-aus-dem-dornroeschenschlaf-1.5369812 [W-2] https:\/\/www.sueddeutsche.de\/muenchen\/fuerstenfeldbruck\/workshop-naturfototage-eschbach-wasserkraftwerk-stadtwerke-fotos-fotografieren-1.5778914 [W-3] https:\/\/www.merkur.de\/lokales\/dachau\/dachau-ort28553\/neue-ausstellung-im-dachauer-wasserturm-die-schoenheit-des-mooses-festhalten-93638020.html [W-4] https:\/\/www.sueddeutsche.de\/muenchen\/fuerstenfeldbruck\/maisach-moos-ausstellung-natur-klimawandel-fussbergmoos-palsweiser-moos-li.3249479?reduced=true [W-5] https:\/\/dachau.bund-naturschutz.de\/aktuelles\/artikel\/neues-foto-bildband-zum-dachauer-moos [W-6] https:\/\/www.sueddeutsche.de\/muenchen\/fuerstenfeldbruck\/grasslfinger-moos-fussbergmoos-maisacher-moos-bildband-fotos-fotograf-buch-naturschutz-eschbach-[W-1] lux.LEVmqynxPkLKi3K4weWLRN?reduced=true [W-7] https:\/\/dachau.bund-naturschutz.de\/aktuelles\/artikel\/neues-foto-bildband-zum-dachauer-moos [W-8] https:\/\/www.wunderwelten-festival.com\/seminare\/bodensee\/tilt-shift-fotografie [W-9] http:\/\/www.bayerische-flugzeug-historiker-ev.de\/bayflughist\/ausstellungen\/bfh-2008-osh-flyin.html [W-10] https:\/\/www.glanzlichter.com\/template\/index.cfm\/fuseaction\/executeMenuID\/uuidMenu\/4E35231C-F490-7B5B-F60CCBD2453A6E21\/lastuuid\/4E341E5E-0011-7146-CDB14DE2557AF4AB \u00a0 Fu\u00dfnoten und Links Naturpark Bayerischer Wald - Der Naturpark Bayerischer Wald. Abgerufen am 12.\u00a0Oktober 2025. Luftbildfotografie in der Agentur Westend61. In: Westend61 -\u2026","rel":"","context":"\u00c4hnlicher Beitrag","block_context":{"text":"\u00c4hnlicher Beitrag","link":""},"img":{"alt_text":"","src":"https:\/\/i0.wp.com\/deltaimage.de\/wp\/wp-content\/uploads\/AK3I8997_1200.jpg?fit=1200%2C450&ssl=1&resize=350%2C200","width":350,"height":200,"srcset":"https:\/\/i0.wp.com\/deltaimage.de\/wp\/wp-content\/uploads\/AK3I8997_1200.jpg?fit=1200%2C450&ssl=1&resize=350%2C200 1x, https:\/\/i0.wp.com\/deltaimage.de\/wp\/wp-content\/uploads\/AK3I8997_1200.jpg?fit=1200%2C450&ssl=1&resize=525%2C300 1.5x, https:\/\/i0.wp.com\/deltaimage.de\/wp\/wp-content\/uploads\/AK3I8997_1200.jpg?fit=1200%2C450&ssl=1&resize=700%2C400 2x, https:\/\/i0.wp.com\/deltaimage.de\/wp\/wp-content\/uploads\/AK3I8997_1200.jpg?fit=1200%2C450&ssl=1&resize=1050%2C600 3x"},"classes":[]},{"id":53277,"url":"https:\/\/deltaimage.de\/wp\/?page_id=53277","url_meta":{"origin":53273,"position":5},"title":"Foto-Workshops &#038; Fotowettbewerbe","author":"EschbacP","date":"29. November 2025","format":false,"excerpt":"Fotograf: Hubert Bauer-Falkner (\u2020) Foto-Workshops, -Wettbewerbe & -Vorlesungen Oberstdorfer Fotogipfel, Oberstdorf Wunderwelten am Bodensee, Friedrichshafen Naturfototage F\u00fcrstenfeld, F\u00fcrstenfeldbruck bei M\u00fcnchen Verein Dachauer Moos e.V., Eschenried bei Dachau Foto Video Sessner GmbH, Dachau \u00a0 Fotowettbewerbe Aerial Views of Nature \u2013 Naturfotos mit der Drohne\/UAS im Rahmen der Glanzlichter der Naturfotografie; Initiierung\u2026","rel":"","context":"\u00c4hnlicher Beitrag","block_context":{"text":"\u00c4hnlicher Beitrag","link":""},"img":{"alt_text":"","src":"https:\/\/i0.wp.com\/deltaimage.de\/wp\/wp-content\/uploads\/1DX20085_1200.jpg?fit=1200%2C450&ssl=1&resize=350%2C200","width":350,"height":200,"srcset":"https:\/\/i0.wp.com\/deltaimage.de\/wp\/wp-content\/uploads\/1DX20085_1200.jpg?fit=1200%2C450&ssl=1&resize=350%2C200 1x, https:\/\/i0.wp.com\/deltaimage.de\/wp\/wp-content\/uploads\/1DX20085_1200.jpg?fit=1200%2C450&ssl=1&resize=525%2C300 1.5x, https:\/\/i0.wp.com\/deltaimage.de\/wp\/wp-content\/uploads\/1DX20085_1200.jpg?fit=1200%2C450&ssl=1&resize=700%2C400 2x, https:\/\/i0.wp.com\/deltaimage.de\/wp\/wp-content\/uploads\/1DX20085_1200.jpg?fit=1200%2C450&ssl=1&resize=1050%2C600 3x"},"classes":[]}],"jetpack_sharing_enabled":true,"_links":{"self":[{"href":"https:\/\/deltaimage.de\/wp\/index.php?rest_route=\/wp\/v2\/pages\/53273","targetHints":{"allow":["GET"]}}],"collection":[{"href":"https:\/\/deltaimage.de\/wp\/index.php?rest_route=\/wp\/v2\/pages"}],"about":[{"href":"https:\/\/deltaimage.de\/wp\/index.php?rest_route=\/wp\/v2\/types\/page"}],"author":[{"embeddable":true,"href":"https:\/\/deltaimage.de\/wp\/index.php?rest_route=\/wp\/v2\/users\/1"}],"replies":[{"embeddable":true,"href":"https:\/\/deltaimage.de\/wp\/index.php?rest_route=%2Fwp%2Fv2%2Fcomments&post=53273"}],"version-history":[{"count":20,"href":"https:\/\/deltaimage.de\/wp\/index.php?rest_route=\/wp\/v2\/pages\/53273\/revisions"}],"predecessor-version":[{"id":53729,"href":"https:\/\/deltaimage.de\/wp\/index.php?rest_route=\/wp\/v2\/pages\/53273\/revisions\/53729"}],"up":[{"embeddable":true,"href":"https:\/\/deltaimage.de\/wp\/index.php?rest_route=\/wp\/v2\/pages\/52704"}],"wp:featuredmedia":[{"embeddable":true,"href":"https:\/\/deltaimage.de\/wp\/index.php?rest_route=\/wp\/v2\/media\/49127"}],"wp:attachment":[{"href":"https:\/\/deltaimage.de\/wp\/index.php?rest_route=%2Fwp%2Fv2%2Fmedia&parent=53273"}],"curies":[{"name":"wp","href":"https:\/\/api.w.org\/{rel}","templated":true}]}}