{"id":53192,"date":"2025-11-27T19:52:48","date_gmt":"2025-11-27T18:52:48","guid":{"rendered":"https:\/\/deltaimage.de\/wp\/?post_type=tribe_events&#038;p=53192"},"modified":"2026-01-21T15:58:50","modified_gmt":"2026-01-21T14:58:50","slug":"foto-ausstellung-im-rathaus-erdweg-paul-eschbach-8-2-8-5-2026","status":"publish","type":"tribe_events","link":"https:\/\/deltaimage.de\/wp\/?tribe_events=foto-ausstellung-im-rathaus-erdweg-paul-eschbach-8-2-8-5-2026","title":{"rendered":"FOTO-Ausstellung im Rathaus Erdweg &#8211; Paul Eschbach; 9.2. &#8211; 8.5.2026"},"content":{"rendered":"<p>Eine\u00a0<strong>Foto-Ausstellung<\/strong>\u00a0in\u00a0<strong>Erdweg<\/strong>, in den R\u00e4umen des Rathauses, \u00fcber die fotografischen Sch\u00f6nheiten in der\u00a0<strong>Niedermoor-Landschaft<\/strong>\u00a0im\u00a0<strong>Dachauer Moos<\/strong>; von und mit dem\u00a0<strong>Dachauer Fotografen Paul Eschbach<\/strong>. Eine FOTO-Ausstellung im Rathaus bringt die B\u00fcrgerInnen mit der Kunst in der Gemeinde und dem Umland in Verbindung.<\/p>\n<p><img data-recalc-dims=\"1\" loading=\"lazy\" decoding=\"async\" data-attachment-id=\"53607\" data-permalink=\"https:\/\/deltaimage.de\/wp\/?attachment_id=53607#main\" data-orig-file=\"https:\/\/i0.wp.com\/deltaimage.de\/wp\/wp-content\/uploads\/Erdweg-Gemeindeblatt-Ankuendigung-Ausstellung-Eschbach.png?fit=984%2C689&amp;ssl=1\" data-orig-size=\"984,689\" data-comments-opened=\"1\" data-image-meta=\"{&quot;aperture&quot;:&quot;0&quot;,&quot;credit&quot;:&quot;&quot;,&quot;camera&quot;:&quot;&quot;,&quot;caption&quot;:&quot;&quot;,&quot;created_timestamp&quot;:&quot;0&quot;,&quot;copyright&quot;:&quot;&quot;,&quot;focal_length&quot;:&quot;0&quot;,&quot;iso&quot;:&quot;0&quot;,&quot;shutter_speed&quot;:&quot;0&quot;,&quot;title&quot;:&quot;&quot;,&quot;orientation&quot;:&quot;0&quot;}\" data-image-title=\"Erdweg Gemeindeblatt Ank\u00fcndigung Ausstellung Eschbach\" data-image-description=\"\" data-image-caption=\"\" data-large-file=\"https:\/\/i0.wp.com\/deltaimage.de\/wp\/wp-content\/uploads\/Erdweg-Gemeindeblatt-Ankuendigung-Ausstellung-Eschbach.png?fit=890%2C623&amp;ssl=1\" class=\"aligncenter size-full wp-image-53607\" src=\"https:\/\/i0.wp.com\/deltaimage.de\/wp\/wp-content\/uploads\/Erdweg-Gemeindeblatt-Ankuendigung-Ausstellung-Eschbach.png?resize=890%2C623&#038;ssl=1\" alt=\"\" width=\"890\" height=\"623\" srcset=\"https:\/\/i0.wp.com\/deltaimage.de\/wp\/wp-content\/uploads\/Erdweg-Gemeindeblatt-Ankuendigung-Ausstellung-Eschbach.png?w=984&amp;ssl=1 984w, https:\/\/i0.wp.com\/deltaimage.de\/wp\/wp-content\/uploads\/Erdweg-Gemeindeblatt-Ankuendigung-Ausstellung-Eschbach.png?resize=857%2C600&amp;ssl=1 857w, https:\/\/i0.wp.com\/deltaimage.de\/wp\/wp-content\/uploads\/Erdweg-Gemeindeblatt-Ankuendigung-Ausstellung-Eschbach.png?resize=286%2C200&amp;ssl=1 286w, https:\/\/i0.wp.com\/deltaimage.de\/wp\/wp-content\/uploads\/Erdweg-Gemeindeblatt-Ankuendigung-Ausstellung-Eschbach.png?resize=571%2C400&amp;ssl=1 571w\" sizes=\"auto, (max-width: 890px) 100vw, 890px\" \/><\/p>\n<p>&nbsp;<\/p>\n<p><img data-recalc-dims=\"1\" loading=\"lazy\" decoding=\"async\" data-attachment-id=\"53416\" data-permalink=\"https:\/\/deltaimage.de\/wp\/?attachment_id=53416\" data-orig-file=\"https:\/\/i0.wp.com\/deltaimage.de\/wp\/wp-content\/uploads\/Plakat_Fotoausstellung-Erdweg_20251203.png?fit=565%2C800&amp;ssl=1\" data-orig-size=\"565,800\" data-comments-opened=\"1\" data-image-meta=\"{&quot;aperture&quot;:&quot;0&quot;,&quot;credit&quot;:&quot;&quot;,&quot;camera&quot;:&quot;&quot;,&quot;caption&quot;:&quot;&quot;,&quot;created_timestamp&quot;:&quot;0&quot;,&quot;copyright&quot;:&quot;&quot;,&quot;focal_length&quot;:&quot;0&quot;,&quot;iso&quot;:&quot;0&quot;,&quot;shutter_speed&quot;:&quot;0&quot;,&quot;title&quot;:&quot;&quot;,&quot;orientation&quot;:&quot;0&quot;}\" data-image-title=\"Plakat_Fotoausstellung-Erdweg_20251203\" data-image-description=\"\" data-image-caption=\"\" data-large-file=\"https:\/\/i0.wp.com\/deltaimage.de\/wp\/wp-content\/uploads\/Plakat_Fotoausstellung-Erdweg_20251203.png?fit=565%2C800&amp;ssl=1\" class=\"aligncenter wp-image-53416 size-full\" src=\"https:\/\/i0.wp.com\/deltaimage.de\/wp\/wp-content\/uploads\/Plakat_Fotoausstellung-Erdweg_20251203.png?resize=565%2C800&#038;ssl=1\" alt=\"\" width=\"565\" height=\"800\" srcset=\"https:\/\/i0.wp.com\/deltaimage.de\/wp\/wp-content\/uploads\/Plakat_Fotoausstellung-Erdweg_20251203.png?w=565&amp;ssl=1 565w, https:\/\/i0.wp.com\/deltaimage.de\/wp\/wp-content\/uploads\/Plakat_Fotoausstellung-Erdweg_20251203.png?resize=424%2C600&amp;ssl=1 424w, https:\/\/i0.wp.com\/deltaimage.de\/wp\/wp-content\/uploads\/Plakat_Fotoausstellung-Erdweg_20251203.png?resize=141%2C200&amp;ssl=1 141w, https:\/\/i0.wp.com\/deltaimage.de\/wp\/wp-content\/uploads\/Plakat_Fotoausstellung-Erdweg_20251203.png?resize=283%2C400&amp;ssl=1 283w\" sizes=\"auto, (max-width: 565px) 100vw, 565px\" \/><\/p>\n<p>&nbsp;<\/p>\n<p>pr\u00e4sentiert von der\u00a0<a href=\"https:\/\/rathaus.erdweg.de\/\"><strong>Gemeinde Erdweg<\/strong><\/a>, vertreten durch den\u00a0<a href=\"https:\/\/deltaimage.de\/wp\/christian.blatt@erdweg.de\"><strong>1. B\u00fcrgermeister Christian Blatt<\/strong><\/a>, f\u00fcr die B\u00fcrgerInnen in\u00a0<strong>Erdweg<\/strong>\u00a0und Umgebung.<\/p>\n<hr \/>\n<p>&nbsp;<\/p>\n<h2>Das Thema: Die Sch\u00f6nheiten in der Niedermoor-Landschaft<\/h2>\n<div id=\"attachment_45934\" style=\"width: 510px\" class=\"wp-caption alignright\"><img data-recalc-dims=\"1\" loading=\"lazy\" decoding=\"async\" aria-describedby=\"caption-attachment-45934\" data-attachment-id=\"45934\" data-permalink=\"https:\/\/deltaimage.de\/wp\/?attachment_id=45934#main\" data-orig-file=\"https:\/\/i0.wp.com\/deltaimage.de\/wp\/wp-content\/uploads\/SZ_Schatzkammer_der_Natur_2_Hubert-Bauer-Falkner.jpg?fit=1536%2C864&amp;ssl=1\" data-orig-size=\"1536,864\" data-comments-opened=\"1\" data-image-meta=\"{&quot;aperture&quot;:&quot;0&quot;,&quot;credit&quot;:&quot;&quot;,&quot;camera&quot;:&quot;&quot;,&quot;caption&quot;:&quot;&quot;,&quot;created_timestamp&quot;:&quot;0&quot;,&quot;copyright&quot;:&quot;&quot;,&quot;focal_length&quot;:&quot;0&quot;,&quot;iso&quot;:&quot;0&quot;,&quot;shutter_speed&quot;:&quot;0&quot;,&quot;title&quot;:&quot;&quot;,&quot;orientation&quot;:&quot;0&quot;}\" data-image-title=\"SZ_Schatzkammer_der_Natur_2_Hubert Bauer-Falkner\" data-image-description=\"\" data-image-caption=\"\" data-large-file=\"https:\/\/i0.wp.com\/deltaimage.de\/wp\/wp-content\/uploads\/SZ_Schatzkammer_der_Natur_2_Hubert-Bauer-Falkner.jpg?fit=890%2C501&amp;ssl=1\" class=\"wp-image-45934\" src=\"https:\/\/i0.wp.com\/deltaimage.de\/wp\/wp-content\/uploads\/SZ_Schatzkammer_der_Natur_2_Hubert-Bauer-Falkner.jpg?resize=500%2C281&#038;ssl=1\" alt=\"\" width=\"500\" height=\"281\" srcset=\"https:\/\/i0.wp.com\/deltaimage.de\/wp\/wp-content\/uploads\/SZ_Schatzkammer_der_Natur_2_Hubert-Bauer-Falkner.jpg?resize=711%2C400&amp;ssl=1 711w, https:\/\/i0.wp.com\/deltaimage.de\/wp\/wp-content\/uploads\/SZ_Schatzkammer_der_Natur_2_Hubert-Bauer-Falkner.jpg?resize=900%2C506&amp;ssl=1 900w, https:\/\/i0.wp.com\/deltaimage.de\/wp\/wp-content\/uploads\/SZ_Schatzkammer_der_Natur_2_Hubert-Bauer-Falkner.jpg?resize=1200%2C675&amp;ssl=1 1200w, https:\/\/i0.wp.com\/deltaimage.de\/wp\/wp-content\/uploads\/SZ_Schatzkammer_der_Natur_2_Hubert-Bauer-Falkner.jpg?resize=300%2C169&amp;ssl=1 300w, https:\/\/i0.wp.com\/deltaimage.de\/wp\/wp-content\/uploads\/SZ_Schatzkammer_der_Natur_2_Hubert-Bauer-Falkner.jpg?w=1536&amp;ssl=1 1536w\" sizes=\"auto, (max-width: 500px) 100vw, 500px\" \/><p id=\"caption-attachment-45934\" class=\"wp-caption-text\">Natur- und Landschaftsfotograf Paul Eschbach aus Dachau.<\/p><\/div>\n<p>Die\u00a0<strong>Niedermoor-Landschaften<\/strong>\u00a0erfahren seit Jahren eine zunehmende Aufmerksamkeit in weiten Teilen der Wissenschaft und Politik und auch von Teilen der Gesellschaft:<\/p>\n<ul>\n<li>im Zuge der Ver\u00e4nderungen durch den\u00a0<strong>Klimawandel<\/strong>,<\/li>\n<li>dem Streben nach einer\u00a0<strong>Reduzierung des CO2-Aussto\u00dfes<\/strong>\u00a0und anderen klimasch\u00e4dlichen Gasen wie Methan,<\/li>\n<li>dem Erhalt der\u00a0<strong>Biodiversit\u00e4t<\/strong>\u00a0und dem<strong>\u00a0Schutz der Arten<\/strong>\u00a0in der\u00a0<strong>Niedermoor-Landschaft<\/strong>,<\/li>\n<li>durch das\u00a0<strong>Wassermanagement<\/strong>\u00a0bei Hochwasser und anhaltender Trockenheit.<\/li>\n<\/ul>\n<p>Dies werden zus\u00e4tzliche Herausforderungen f\u00fcr die Gegenwart und die Zukunft werden. Das betrifft sowohl den Schutz gegen das immer h\u00e4ufiger auftretende Hochwasser entlang von\u00a0<strong>Amper<\/strong>,\u00a0<strong>W\u00fcrm<\/strong>,\u00a0<strong>Glonn<\/strong>\u00a0und\u00a0<strong>Maisach<\/strong>\u00a0und die monatelangen Trockenperioden, ver\u00e4ndern das Zusammenleben und das Wirtschaften auch im\u00a0<strong>Dachauer Land<\/strong>.<\/p>\n<p>Diese\u00a0<strong>Foto-Ausstellung<\/strong>\u00a0nimmt diesen Themen-Kanon auf und zeigt durch die fotografischen Bildmotive in dieser\u00a0<strong>Mooslandschaft<\/strong>\u00a0aus \u00fcber 30 Jahren Fotografie des Dachauer\u00a0<strong>Fotografen Paul Eschbach<\/strong>. Das\u00a0<strong>Dachauer Moos<\/strong>\u00a0besteht aus vielen nur noch kleinteiligen Schutzfl\u00e4chen mit unterschiedlichen Erhaltungsgraden. Die Moore und Moose nehmen europaweit stark ab, der Raubbau an der Natur und der Landschaft geht fast unvermindert weiter. Das\u00a0<strong>Dachauer Moos<\/strong>\u00a0hat sich stark ver\u00e4ndert. Es ist kein einsames und tiefgr\u00fcndiges\u00a0<strong>Niedermoor<\/strong>\u00a0mehr, wie in den 1930er Jahren und wird es auch nicht mehr werden. Die Mooslandschaft ist in gro\u00dfen Teilen trockengelegt und abgetorft.<\/p>\n<p>Die Ma\u00dfnahmen der vergangenen Jahrzehnte haben zu einer teilweisen\u00a0<strong>Renaturierung<\/strong>\u00a0des Mooses gef\u00fchrt und es so wieder zum Positiven ver\u00e4ndert, die Natur ist teilweise wieder zur\u00fcckgekommen. \u00dcber diese\u00a0<strong>Renaturierung<\/strong>\u00a0und die\u00a0<strong>Wiedervern\u00e4ssung<\/strong>\u00a0sind in den letzten Monaten bei den B\u00fcrgerInnen in den Anliegergemeinden divergente Positionen diskutiert worden.<\/p>\n<p>&nbsp;<\/p>\n<hr \/>\n<h2><\/h2>\n<h2>N\u00e4heres zur Foto-Ausstellung<\/h2>\n<div class=\"su-tabs su-tabs-style-default su-tabs-mobile-stack\" data-active=\"1\" data-scroll-offset=\"0\" data-anchor-in-url=\"no\"><div class=\"su-tabs-nav\"><span class=\"\" data-url=\"\" data-target=\"blank\" tabindex=\"0\" role=\"button\"><strong>Organisation der FOTO-Ausstellung<\/strong><\/span><span class=\"\" data-url=\"\" data-target=\"blank\" tabindex=\"0\" role=\"button\"><strong>Adresse<\/strong> und Anfahrt<\/span><span class=\"\" data-url=\"\" data-target=\"blank\" tabindex=\"0\" role=\"button\"><strong>\u00d6ffnungszeiten<\/strong> der Ausstellung<\/span><span class=\"\" data-url=\"\" data-target=\"blank\" tabindex=\"0\" role=\"button\"><strong>Blick in die Ausstellung<\/strong><\/span><span class=\"\" data-url=\"\" data-target=\"b\" tabindex=\"0\" role=\"button\"><strong>Buch<\/strong> zur Foto-Ausstellung<\/span><\/div><div class=\"su-tabs-panes\"><div class=\"su-tabs-pane su-u-clearfix su-u-trim\" data-title=\"&lt;strong&gt;Organisation der FOTO-Ausstellung&lt;\/strong&gt;\">\n<p>Die FOTO-Ausstellung findet im viertelj\u00e4hrlichen Zyklus &#8222;Kunst im Rathaus&#8220; statt, alle drei Monate werden in den R\u00e4umen des Rathauses Erdweg neue und vor allem andere Formen der Kunst im Rathaus der \u00d6ffentlichkeit pr\u00e4sentiert.<\/p>\n<p>In der Organisation ist der Kunstverein Erdweg e. V., vor allem durch die 1. Vorst\u00e4ndin <strong>Gese Blaas<\/strong> aktiv.<\/p>\n<p><img data-recalc-dims=\"1\" loading=\"lazy\" decoding=\"async\" data-attachment-id=\"53418\" data-permalink=\"https:\/\/deltaimage.de\/wp\/?attachment_id=53418#main\" data-orig-file=\"https:\/\/i0.wp.com\/deltaimage.de\/wp\/wp-content\/uploads\/Logo_Kulturverein-Erdweg.png?fit=464%2C255&amp;ssl=1\" data-orig-size=\"464,255\" data-comments-opened=\"1\" data-image-meta=\"{&quot;aperture&quot;:&quot;0&quot;,&quot;credit&quot;:&quot;&quot;,&quot;camera&quot;:&quot;&quot;,&quot;caption&quot;:&quot;&quot;,&quot;created_timestamp&quot;:&quot;0&quot;,&quot;copyright&quot;:&quot;&quot;,&quot;focal_length&quot;:&quot;0&quot;,&quot;iso&quot;:&quot;0&quot;,&quot;shutter_speed&quot;:&quot;0&quot;,&quot;title&quot;:&quot;&quot;,&quot;orientation&quot;:&quot;0&quot;}\" data-image-title=\"Logo_Kulturverein Erdweg\" data-image-description=\"\" data-image-caption=\"\" data-large-file=\"https:\/\/i0.wp.com\/deltaimage.de\/wp\/wp-content\/uploads\/Logo_Kulturverein-Erdweg.png?fit=464%2C255&amp;ssl=1\" class=\"aligncenter size-full wp-image-53418\" src=\"https:\/\/i0.wp.com\/deltaimage.de\/wp\/wp-content\/uploads\/Logo_Kulturverein-Erdweg.png?resize=464%2C255&#038;ssl=1\" alt=\"\" width=\"464\" height=\"255\" srcset=\"https:\/\/i0.wp.com\/deltaimage.de\/wp\/wp-content\/uploads\/Logo_Kulturverein-Erdweg.png?w=464&amp;ssl=1 464w, https:\/\/i0.wp.com\/deltaimage.de\/wp\/wp-content\/uploads\/Logo_Kulturverein-Erdweg.png?resize=300%2C165&amp;ssl=1 300w\" sizes=\"auto, (max-width: 464px) 100vw, 464px\" \/><\/p>\n<div id=\"sppb-addon-wrapper-1670537465412\" class=\"sppb-addon-wrapper\">\n<div id=\"sppb-addon-1670537465412\" class=\"clearfix \">\n<div class=\"sppb-addon sppb-addon-text-block \">\n<div class=\"sppb-addon-content\">\n<h2><strong>Kulturverein Erdweg e. V.<\/strong><\/h2>\n<p>Gesa Blaas, S\u00e4gstra\u00dfe 5a, 85253 Erdweg<\/p>\n<p>Tel.: 0 81 38 \/ 81 76<br \/>\neMail: <a href=\"mailto:info@kulturverein-erdweg.de\">info@kulturverein-erdweg.de<\/a><\/p>\n<\/div>\n<\/div>\n<\/div>\n<\/div>\n<p><a href=\"https:\/\/kulturverein-erdweg.de\"><strong>https:\/\/kulturverein-erdweg.de<\/strong><\/a><\/p>\n<\/div>\n<div class=\"su-tabs-pane su-u-clearfix su-u-trim\" data-title=\"&lt;strong&gt;Adresse&lt;\/strong&gt; und Anfahrt\">\n<h2>Die Adresse der Ausstellungsr\u00e4ume im Rathaus Erdweg<\/h2>\n<div id=\"attachment_53196\" class=\"wp-caption alignright\">\n<div id=\"attachment_53196\" style=\"width: 410px\" class=\"wp-caption alignright\"><img loading=\"lazy\" decoding=\"async\" aria-describedby=\"caption-attachment-53196\" data-attachment-id=\"53196\" data-permalink=\"https:\/\/deltaimage.de\/wp\/?attachment_id=53196\" data-orig-file=\"https:\/\/i0.wp.com\/deltaimage.de\/wp\/wp-content\/uploads\/logo_gemeinde-erdweg_web_400px.png?fit=400%2C443&amp;ssl=1\" data-orig-size=\"400,443\" data-comments-opened=\"1\" data-image-meta=\"{&quot;aperture&quot;:&quot;0&quot;,&quot;credit&quot;:&quot;&quot;,&quot;camera&quot;:&quot;&quot;,&quot;caption&quot;:&quot;&quot;,&quot;created_timestamp&quot;:&quot;0&quot;,&quot;copyright&quot;:&quot;&quot;,&quot;focal_length&quot;:&quot;0&quot;,&quot;iso&quot;:&quot;0&quot;,&quot;shutter_speed&quot;:&quot;0&quot;,&quot;title&quot;:&quot;&quot;,&quot;orientation&quot;:&quot;0&quot;}\" data-image-title=\"logo_gemeinde-erdweg_web_400px\" data-image-description=\"\" data-image-caption=\"\" data-large-file=\"https:\/\/i0.wp.com\/deltaimage.de\/wp\/wp-content\/uploads\/logo_gemeinde-erdweg_web_400px.png?fit=400%2C443&amp;ssl=1\" class=\"wp-image-53196 size-full\" src=\"https:\/\/i0.wp.com\/deltaimage.de\/wp\/wp-content\/uploads\/logo_gemeinde-erdweg_web_400px.png?resize=400%2C443&#038;ssl=1\" alt=\"\" width=\"400\" height=\"443\" data-recalc-dims=\"1\" aria-describedby=\"caption-attachment-53196\" data-attachment-id=\"53196\" data-permalink=\"https:\/\/deltaimage.de\/wp\/?attachment_id=53196#main\" data-orig-file=\"https:\/\/i0.wp.com\/deltaimage.de\/wp\/wp-content\/uploads\/logo_gemeinde-erdweg_web_400px.png?fit=400%2C443&amp;ssl=1\" data-orig-size=\"400,443\" data-comments-opened=\"1\" data-image-meta=\"{&quot;aperture&quot;:&quot;0&quot;,&quot;credit&quot;:&quot;&quot;,&quot;camera&quot;:&quot;&quot;,&quot;caption&quot;:&quot;&quot;,&quot;created_timestamp&quot;:&quot;0&quot;,&quot;copyright&quot;:&quot;&quot;,&quot;focal_length&quot;:&quot;0&quot;,&quot;iso&quot;:&quot;0&quot;,&quot;shutter_speed&quot;:&quot;0&quot;,&quot;title&quot;:&quot;&quot;,&quot;orientation&quot;:&quot;0&quot;}\" data-image-title=\"logo_gemeinde-erdweg_web_400px\" data-image-description=\"\" data-image-caption=\"\" data-medium-file=\"https:\/\/i0.wp.com\/deltaimage.de\/wp\/wp-content\/uploads\/logo_gemeinde-erdweg_web_400px.png?fit=400%2C443&amp;ssl=1\" data-large-file=\"https:\/\/i0.wp.com\/deltaimage.de\/wp\/wp-content\/uploads\/logo_gemeinde-erdweg_web_400px.png?fit=400%2C443&amp;ssl=1\" srcset=\"https:\/\/i0.wp.com\/deltaimage.de\/wp\/wp-content\/uploads\/logo_gemeinde-erdweg_web_400px.png?w=400&amp;ssl=1 400w, https:\/\/i0.wp.com\/deltaimage.de\/wp\/wp-content\/uploads\/logo_gemeinde-erdweg_web_400px.png?resize=181%2C200&amp;ssl=1 181w, https:\/\/i0.wp.com\/deltaimage.de\/wp\/wp-content\/uploads\/logo_gemeinde-erdweg_web_400px.png?resize=361%2C400&amp;ssl=1 361w\" sizes=\"auto, (max-width: 400px) 100vw, 400px\" \/><p id=\"caption-attachment-53196\" class=\"wp-caption-text\">Das Wappen der Gemeinde Erdweg zeigt die unweit auf dem Petersberg stehende romanische Basilika aus dem Jahr 1107.<\/p><\/div>\n<p id=\"caption-attachment-53196\" class=\"wp-caption-text\">Das Wappen der Gemeinde Erdweg zeigt die unweit auf dem Petersberg stehende romanische Basilika aus dem Jahr 1107.<\/p>\n<\/div>\n<p>&nbsp;<\/p>\n<p><strong>Rathaus Erdweg<\/strong><\/p>\n<p><span class=\"fieldvalue hasTooltip\" aria-label=\"Adresse\" data-bs-original-title=\"Adresse\" aria-describedby=\"tooltip268164\">Rathausplatz 1<br \/>\n85253 Erdweg<\/span><\/p>\n<p><span class=\"fieldvalue hasTooltip\" aria-label=\"Adresse\" data-bs-original-title=\"Adresse\" aria-describedby=\"tooltip268164\">Landkreis Dachau<br \/>\n<\/span><span class=\"fieldvalue hasTooltip\" aria-label=\"Adresse\" data-bs-original-title=\"Adresse\" aria-describedby=\"tooltip268164\">Bayern<br \/>\n<\/span>Deutschland<\/p>\n<p>&nbsp;<\/p>\n<p><strong><a href=\"https:\/\/rathaus.erdweg.de\/\">https:\/\/rathaus.erdweg.de<\/a><\/strong><\/p>\n<p>Tel. 0 81 38 \/ 93 171-0<\/p>\n<p>eMail:\u00a0<strong><a href=\"mailto:poststelle@erdweg.de\">poststelle@erdweg.de<\/a><\/strong><\/p>\n<p>BILD Rathaus Erdweg<\/p>\n<p>&nbsp;<\/p>\n<p>&nbsp;<\/p>\n<h2>Anfahrt<\/h2>\n<div class=\"su-gmap su-u-responsive-media-yes\"><iframe loading=\"lazy\" width=\"880\" height=\"400\" src=\"\/\/maps.google.com\/maps?q=Rathaus%20Erdweg%20Rathausplatz%201%2085253%20Erdweg&amp;output=embed&amp;z=16\" title=\"Rathaus Erdweg\"><\/iframe><\/div>\n<\/div>\n<div class=\"su-tabs-pane su-u-clearfix su-u-trim\" data-title=\"&lt;strong&gt;\u00d6ffnungszeiten&lt;\/strong&gt; der Ausstellung\">\n<h2>\u00d6ffnungszeiten im Rathaus Erdweg<\/h2>\n<figure class=\"element OpeningTimesElement layout-1 col-xs-12 col-sm-7 pull-left\" data-ce-moveable=\"\" data-element=\"215\">\n<div class=\"element-container\">\n<h3 id=\"oeffnungszeiten\" class=\"\" data-editable-headline=\"\" data-type=\"headline\" data-uid=\"Elements-215-headline\"><span class=\"headline\">\u00d6ffnungszeiten<\/span><\/h3>\n<\/div>\n<\/figure>\n<table>\n<tbody>\n<tr>\n<td>Montag<\/td>\n<td>08:00 Uhr bis 12:00 Uhr<\/td>\n<\/tr>\n<tr valign=\"top\">\n<td>Dienstag<\/td>\n<td>08:00 Uhr bis 12:00 Uhr<br \/>\n14:00 Uhr bis 17:00 Uhr<\/td>\n<\/tr>\n<tr valign=\"top\">\n<td>Donnerstag<\/td>\n<td>08:00 Uhr bis 12:00 Uhr<br \/>\n16:00 Uhr bis 18:00 Uhr<\/td>\n<\/tr>\n<tr>\n<td>Freitag<\/td>\n<td>08:00 Uhr bis 12:00 Uhr<\/td>\n<\/tr>\n<\/tbody>\n<\/table>\n<p>Kurzfristige \u00c4nderungen vorbehalten.<\/p>\n<p>&nbsp;<\/p>\n<\/div>\n<div class=\"su-tabs-pane su-u-clearfix su-u-trim\" data-title=\"&lt;strong&gt;Blick in die Ausstellung&lt;\/strong&gt;\">\n<h2>Ein Blick in die Ausstellung<\/h2>\n<div class=\"tiled-gallery type-rectangular tiled-gallery-unresized\" data-original-width=\"890\" data-carousel-extra='{&quot;blog_id&quot;:1,&quot;permalink&quot;:&quot;https:\\\/\\\/deltaimage.de\\\/wp\\\/?tribe_events=foto-ausstellung-im-rathaus-erdweg-paul-eschbach-8-2-8-5-2026&quot;,&quot;likes_blog_id&quot;:66828988}' itemscope itemtype=\"http:\/\/schema.org\/ImageGallery\" > <div class=\"gallery-row\" style=\"width: 890px; height: 736px;\" data-original-width=\"890\" data-original-height=\"736\" > <div class=\"gallery-group images-3\" style=\"width: 366px; height: 736px;\" data-original-width=\"366\" data-original-height=\"736\" > <div class=\"tiled-gallery-item tiled-gallery-item-large\" itemprop=\"associatedMedia\" itemscope itemtype=\"http:\/\/schema.org\/ImageObject\"> <a href=\"https:\/\/deltaimage.de\/wp\/?attachment_id=52442#main\" border=\"0\" itemprop=\"url\"> <meta itemprop=\"width\" content=\"362\"> <meta itemprop=\"height\" content=\"242\"> <img decoding=\"async\" class=\"\" data-attachment-id=\"52442\" data-orig-file=\"https:\/\/deltaimage.de\/wp\/wp-content\/uploads\/1760109157336_900.jpg\" data-orig-size=\"890,593\" data-comments-opened=\"1\" data-image-meta=\"{&quot;aperture&quot;:&quot;0&quot;,&quot;credit&quot;:&quot;&quot;,&quot;camera&quot;:&quot;&quot;,&quot;caption&quot;:&quot;&quot;,&quot;created_timestamp&quot;:&quot;0&quot;,&quot;copyright&quot;:&quot;&quot;,&quot;focal_length&quot;:&quot;0&quot;,&quot;iso&quot;:&quot;0&quot;,&quot;shutter_speed&quot;:&quot;0&quot;,&quot;title&quot;:&quot;&quot;,&quot;orientation&quot;:&quot;0&quot;}\" data-image-title=\"1760109157336_900\" data-image-description=\"\" data-medium-file=\"https:\/\/i0.wp.com\/deltaimage.de\/wp\/wp-content\/uploads\/1760109157336_900.jpg?fit=890%2C593&#038;ssl=1\" data-large-file=\"https:\/\/i0.wp.com\/deltaimage.de\/wp\/wp-content\/uploads\/1760109157336_900.jpg?fit=890%2C593&#038;ssl=1\" src=\"https:\/\/i0.wp.com\/deltaimage.de\/wp\/wp-content\/uploads\/1760109157336_900.jpg?w=362&#038;h=242&#038;ssl=1\" srcset=\"https:\/\/i0.wp.com\/deltaimage.de\/wp\/wp-content\/uploads\/1760109157336_900.jpg?w=890&amp;ssl=1 890w, https:\/\/i0.wp.com\/deltaimage.de\/wp\/wp-content\/uploads\/1760109157336_900.jpg?resize=300%2C200&amp;ssl=1 300w, https:\/\/i0.wp.com\/deltaimage.de\/wp\/wp-content\/uploads\/1760109157336_900.jpg?resize=600%2C400&amp;ssl=1 600w, https:\/\/i0.wp.com\/deltaimage.de\/wp\/wp-content\/uploads\/1760109157336_900.jpg?resize=200%2C133&amp;ssl=1 200w\" width=\"362\" height=\"242\" loading=\"lazy\" data-original-width=\"362\" data-original-height=\"242\" itemprop=\"http:\/\/schema.org\/image\" title=\"1760109157336_900\" alt=\"1760109157336_900\" style=\"width: 362px; height: 242px;\" \/> <\/a> <\/div> <div class=\"tiled-gallery-item tiled-gallery-item-large\" itemprop=\"associatedMedia\" itemscope itemtype=\"http:\/\/schema.org\/ImageObject\"> <a href=\"https:\/\/deltaimage.de\/wp\/?attachment_id=52441#main\" border=\"0\" itemprop=\"url\"> <meta itemprop=\"width\" content=\"362\"> <meta itemprop=\"height\" content=\"241\"> <img decoding=\"async\" class=\"\" data-attachment-id=\"52441\" data-orig-file=\"https:\/\/deltaimage.de\/wp\/wp-content\/uploads\/1760109157341_900.jpg\" data-orig-size=\"890,593\" data-comments-opened=\"1\" data-image-meta=\"{&quot;aperture&quot;:&quot;0&quot;,&quot;credit&quot;:&quot;&quot;,&quot;camera&quot;:&quot;&quot;,&quot;caption&quot;:&quot;&quot;,&quot;created_timestamp&quot;:&quot;0&quot;,&quot;copyright&quot;:&quot;&quot;,&quot;focal_length&quot;:&quot;0&quot;,&quot;iso&quot;:&quot;0&quot;,&quot;shutter_speed&quot;:&quot;0&quot;,&quot;title&quot;:&quot;&quot;,&quot;orientation&quot;:&quot;0&quot;}\" data-image-title=\"1760109157341_900\" data-image-description=\"\" data-medium-file=\"https:\/\/i0.wp.com\/deltaimage.de\/wp\/wp-content\/uploads\/1760109157341_900.jpg?fit=890%2C593&#038;ssl=1\" data-large-file=\"https:\/\/i0.wp.com\/deltaimage.de\/wp\/wp-content\/uploads\/1760109157341_900.jpg?fit=890%2C593&#038;ssl=1\" src=\"https:\/\/i0.wp.com\/deltaimage.de\/wp\/wp-content\/uploads\/1760109157341_900.jpg?w=362&#038;h=241&#038;ssl=1\" srcset=\"https:\/\/i0.wp.com\/deltaimage.de\/wp\/wp-content\/uploads\/1760109157341_900.jpg?w=890&amp;ssl=1 890w, https:\/\/i0.wp.com\/deltaimage.de\/wp\/wp-content\/uploads\/1760109157341_900.jpg?resize=300%2C200&amp;ssl=1 300w, https:\/\/i0.wp.com\/deltaimage.de\/wp\/wp-content\/uploads\/1760109157341_900.jpg?resize=600%2C400&amp;ssl=1 600w, https:\/\/i0.wp.com\/deltaimage.de\/wp\/wp-content\/uploads\/1760109157341_900.jpg?resize=200%2C133&amp;ssl=1 200w\" width=\"362\" height=\"241\" loading=\"lazy\" data-original-width=\"362\" data-original-height=\"241\" itemprop=\"http:\/\/schema.org\/image\" title=\"1760109157341_900\" alt=\"1760109157341_900\" style=\"width: 362px; height: 241px;\" \/> <\/a> <\/div> <div class=\"tiled-gallery-item tiled-gallery-item-large\" itemprop=\"associatedMedia\" itemscope itemtype=\"http:\/\/schema.org\/ImageObject\"> <a href=\"https:\/\/deltaimage.de\/wp\/?attachment_id=52443#main\" border=\"0\" itemprop=\"url\"> <meta itemprop=\"width\" content=\"362\"> <meta itemprop=\"height\" content=\"241\"> <img decoding=\"async\" class=\"\" data-attachment-id=\"52443\" data-orig-file=\"https:\/\/deltaimage.de\/wp\/wp-content\/uploads\/1760109157321_900.jpg\" data-orig-size=\"890,593\" data-comments-opened=\"1\" data-image-meta=\"{&quot;aperture&quot;:&quot;0&quot;,&quot;credit&quot;:&quot;&quot;,&quot;camera&quot;:&quot;&quot;,&quot;caption&quot;:&quot;&quot;,&quot;created_timestamp&quot;:&quot;0&quot;,&quot;copyright&quot;:&quot;&quot;,&quot;focal_length&quot;:&quot;0&quot;,&quot;iso&quot;:&quot;0&quot;,&quot;shutter_speed&quot;:&quot;0&quot;,&quot;title&quot;:&quot;&quot;,&quot;orientation&quot;:&quot;0&quot;}\" data-image-title=\"1760109157321_900\" data-image-description=\"\" data-medium-file=\"https:\/\/i0.wp.com\/deltaimage.de\/wp\/wp-content\/uploads\/1760109157321_900.jpg?fit=890%2C593&#038;ssl=1\" data-large-file=\"https:\/\/i0.wp.com\/deltaimage.de\/wp\/wp-content\/uploads\/1760109157321_900.jpg?fit=890%2C593&#038;ssl=1\" src=\"https:\/\/i0.wp.com\/deltaimage.de\/wp\/wp-content\/uploads\/1760109157321_900.jpg?w=362&#038;h=241&#038;ssl=1\" srcset=\"https:\/\/i0.wp.com\/deltaimage.de\/wp\/wp-content\/uploads\/1760109157321_900.jpg?w=890&amp;ssl=1 890w, https:\/\/i0.wp.com\/deltaimage.de\/wp\/wp-content\/uploads\/1760109157321_900.jpg?resize=300%2C200&amp;ssl=1 300w, https:\/\/i0.wp.com\/deltaimage.de\/wp\/wp-content\/uploads\/1760109157321_900.jpg?resize=600%2C400&amp;ssl=1 600w, https:\/\/i0.wp.com\/deltaimage.de\/wp\/wp-content\/uploads\/1760109157321_900.jpg?resize=200%2C133&amp;ssl=1 200w\" width=\"362\" height=\"241\" loading=\"lazy\" data-original-width=\"362\" data-original-height=\"241\" itemprop=\"http:\/\/schema.org\/image\" title=\"1760109157321_900\" alt=\"1760109157321_900\" style=\"width: 362px; height: 241px;\" \/> <\/a> <\/div> <\/div> <!-- close group --> <div class=\"gallery-group images-1\" style=\"width: 524px; height: 736px;\" data-original-width=\"524\" data-original-height=\"736\" > <div class=\"tiled-gallery-item tiled-gallery-item-large\" itemprop=\"associatedMedia\" itemscope itemtype=\"http:\/\/schema.org\/ImageObject\"> <a href=\"https:\/\/deltaimage.de\/wp\/?attachment_id=52286\" border=\"0\" itemprop=\"url\"> <meta itemprop=\"width\" content=\"520\"> <meta itemprop=\"height\" content=\"732\"> <img decoding=\"async\" class=\"\" data-attachment-id=\"52286\" data-orig-file=\"https:\/\/deltaimage.de\/wp\/wp-content\/uploads\/Plakat_Ausstellung_Bergkirchen_20250912_1200.png\" data-orig-size=\"1002,1411\" data-comments-opened=\"1\" data-image-meta=\"{&quot;aperture&quot;:&quot;0&quot;,&quot;credit&quot;:&quot;&quot;,&quot;camera&quot;:&quot;&quot;,&quot;caption&quot;:&quot;&quot;,&quot;created_timestamp&quot;:&quot;0&quot;,&quot;copyright&quot;:&quot;&quot;,&quot;focal_length&quot;:&quot;0&quot;,&quot;iso&quot;:&quot;0&quot;,&quot;shutter_speed&quot;:&quot;0&quot;,&quot;title&quot;:&quot;&quot;,&quot;orientation&quot;:&quot;0&quot;}\" data-image-title=\"Plakat_Ausstellung_Bergkirchen_20250912_1200\" data-image-description=\"\" data-medium-file=\"https:\/\/i0.wp.com\/deltaimage.de\/wp\/wp-content\/uploads\/Plakat_Ausstellung_Bergkirchen_20250912_1200.png?fit=426%2C600&#038;ssl=1\" data-large-file=\"https:\/\/i0.wp.com\/deltaimage.de\/wp\/wp-content\/uploads\/Plakat_Ausstellung_Bergkirchen_20250912_1200.png?fit=852%2C1200&#038;ssl=1\" src=\"https:\/\/i0.wp.com\/deltaimage.de\/wp\/wp-content\/uploads\/Plakat_Ausstellung_Bergkirchen_20250912_1200.png?w=520&#038;h=732&#038;ssl=1\" srcset=\"https:\/\/i0.wp.com\/deltaimage.de\/wp\/wp-content\/uploads\/Plakat_Ausstellung_Bergkirchen_20250912_1200.png?w=1002&amp;ssl=1 1002w, https:\/\/i0.wp.com\/deltaimage.de\/wp\/wp-content\/uploads\/Plakat_Ausstellung_Bergkirchen_20250912_1200.png?resize=426%2C600&amp;ssl=1 426w, https:\/\/i0.wp.com\/deltaimage.de\/wp\/wp-content\/uploads\/Plakat_Ausstellung_Bergkirchen_20250912_1200.png?resize=852%2C1200&amp;ssl=1 852w, https:\/\/i0.wp.com\/deltaimage.de\/wp\/wp-content\/uploads\/Plakat_Ausstellung_Bergkirchen_20250912_1200.png?resize=142%2C200&amp;ssl=1 142w, https:\/\/i0.wp.com\/deltaimage.de\/wp\/wp-content\/uploads\/Plakat_Ausstellung_Bergkirchen_20250912_1200.png?resize=284%2C400&amp;ssl=1 284w\" width=\"520\" height=\"732\" loading=\"lazy\" data-original-width=\"520\" data-original-height=\"732\" itemprop=\"http:\/\/schema.org\/image\" title=\"Plakat_Ausstellung_Bergkirchen_20250912_1200\" alt=\"Plakat_Ausstellung_Bergkirchen_20250912_1200\" style=\"width: 520px; height: 732px;\" \/> <\/a> <\/div> <\/div> <!-- close group --> <\/div> <!-- close row --> <div class=\"gallery-row\" style=\"width: 890px; height: 216px;\" data-original-width=\"890\" data-original-height=\"216\" > <div class=\"gallery-group images-1\" style=\"width: 322px; height: 216px;\" data-original-width=\"322\" data-original-height=\"216\" > <div class=\"tiled-gallery-item tiled-gallery-item-large\" itemprop=\"associatedMedia\" itemscope itemtype=\"http:\/\/schema.org\/ImageObject\"> <a href=\"https:\/\/deltaimage.de\/wp\/?attachment_id=52440#main\" border=\"0\" itemprop=\"url\"> <meta itemprop=\"width\" content=\"318\"> <meta itemprop=\"height\" content=\"212\"> <img decoding=\"async\" class=\"\" data-attachment-id=\"52440\" data-orig-file=\"https:\/\/deltaimage.de\/wp\/wp-content\/uploads\/1760109157326_900.jpg\" data-orig-size=\"890,593\" data-comments-opened=\"1\" data-image-meta=\"{&quot;aperture&quot;:&quot;0&quot;,&quot;credit&quot;:&quot;&quot;,&quot;camera&quot;:&quot;&quot;,&quot;caption&quot;:&quot;&quot;,&quot;created_timestamp&quot;:&quot;0&quot;,&quot;copyright&quot;:&quot;&quot;,&quot;focal_length&quot;:&quot;0&quot;,&quot;iso&quot;:&quot;0&quot;,&quot;shutter_speed&quot;:&quot;0&quot;,&quot;title&quot;:&quot;&quot;,&quot;orientation&quot;:&quot;0&quot;}\" data-image-title=\"1760109157326_900\" data-image-description=\"\" data-medium-file=\"https:\/\/i0.wp.com\/deltaimage.de\/wp\/wp-content\/uploads\/1760109157326_900.jpg?fit=890%2C593&#038;ssl=1\" data-large-file=\"https:\/\/i0.wp.com\/deltaimage.de\/wp\/wp-content\/uploads\/1760109157326_900.jpg?fit=890%2C593&#038;ssl=1\" src=\"https:\/\/i0.wp.com\/deltaimage.de\/wp\/wp-content\/uploads\/1760109157326_900.jpg?w=318&#038;h=212&#038;ssl=1\" srcset=\"https:\/\/i0.wp.com\/deltaimage.de\/wp\/wp-content\/uploads\/1760109157326_900.jpg?w=890&amp;ssl=1 890w, https:\/\/i0.wp.com\/deltaimage.de\/wp\/wp-content\/uploads\/1760109157326_900.jpg?resize=300%2C200&amp;ssl=1 300w, https:\/\/i0.wp.com\/deltaimage.de\/wp\/wp-content\/uploads\/1760109157326_900.jpg?resize=600%2C400&amp;ssl=1 600w, https:\/\/i0.wp.com\/deltaimage.de\/wp\/wp-content\/uploads\/1760109157326_900.jpg?resize=200%2C133&amp;ssl=1 200w\" width=\"318\" height=\"212\" loading=\"lazy\" data-original-width=\"318\" data-original-height=\"212\" itemprop=\"http:\/\/schema.org\/image\" title=\"1760109157326_900\" alt=\"1760109157326_900\" style=\"width: 318px; height: 212px;\" \/> <\/a> <\/div> <\/div> <!-- close group --> <div class=\"gallery-group images-1\" style=\"width: 568px; height: 216px;\" data-original-width=\"568\" data-original-height=\"216\" > <div class=\"tiled-gallery-item tiled-gallery-item-large\" itemprop=\"associatedMedia\" itemscope itemtype=\"http:\/\/schema.org\/ImageObject\"> <a href=\"https:\/\/deltaimage.de\/wp\/?attachment_id=52444#main\" border=\"0\" itemprop=\"url\"> <meta itemprop=\"width\" content=\"564\"> <meta itemprop=\"height\" content=\"212\"> <img decoding=\"async\" class=\"\" data-attachment-id=\"52444\" data-orig-file=\"https:\/\/deltaimage.de\/wp\/wp-content\/uploads\/1760109157303_1200.jpg\" data-orig-size=\"1200,450\" data-comments-opened=\"1\" data-image-meta=\"{&quot;aperture&quot;:&quot;0&quot;,&quot;credit&quot;:&quot;&quot;,&quot;camera&quot;:&quot;&quot;,&quot;caption&quot;:&quot;&quot;,&quot;created_timestamp&quot;:&quot;0&quot;,&quot;copyright&quot;:&quot;&quot;,&quot;focal_length&quot;:&quot;0&quot;,&quot;iso&quot;:&quot;0&quot;,&quot;shutter_speed&quot;:&quot;0&quot;,&quot;title&quot;:&quot;&quot;,&quot;orientation&quot;:&quot;0&quot;}\" data-image-title=\"1760109157303_1200\" data-image-description=\"\" data-medium-file=\"https:\/\/i0.wp.com\/deltaimage.de\/wp\/wp-content\/uploads\/1760109157303_1200.jpg?fit=900%2C338&#038;ssl=1\" data-large-file=\"https:\/\/i0.wp.com\/deltaimage.de\/wp\/wp-content\/uploads\/1760109157303_1200.jpg?fit=890%2C334&#038;ssl=1\" src=\"https:\/\/i0.wp.com\/deltaimage.de\/wp\/wp-content\/uploads\/1760109157303_1200.jpg?w=564&#038;h=212&#038;ssl=1\" srcset=\"https:\/\/i0.wp.com\/deltaimage.de\/wp\/wp-content\/uploads\/1760109157303_1200.jpg?w=1200&amp;ssl=1 1200w, https:\/\/i0.wp.com\/deltaimage.de\/wp\/wp-content\/uploads\/1760109157303_1200.jpg?resize=900%2C338&amp;ssl=1 900w, https:\/\/i0.wp.com\/deltaimage.de\/wp\/wp-content\/uploads\/1760109157303_1200.jpg?resize=300%2C113&amp;ssl=1 300w, https:\/\/i0.wp.com\/deltaimage.de\/wp\/wp-content\/uploads\/1760109157303_1200.jpg?resize=1067%2C400&amp;ssl=1 1067w\" width=\"564\" height=\"212\" loading=\"lazy\" data-original-width=\"564\" data-original-height=\"212\" itemprop=\"http:\/\/schema.org\/image\" title=\"1760109157303_1200\" alt=\"1760109157303_1200\" style=\"width: 564px; height: 212px;\" \/> <\/a> <\/div> <\/div> <!-- close group --> <\/div> <!-- close row --> <\/div>\n<p>Das ist die FOTO-Ausstellung in der vhs Bergkirchen. Mit der Vernissage aktualisieren wir diesen Blick in die Ausstellung mit Bildern aus dem Rathaus Erdweg.<\/p>\n<\/div>\n<div class=\"su-tabs-pane su-u-clearfix su-u-trim\" data-title=\"&lt;strong&gt;Buch&lt;\/strong&gt; zur Foto-Ausstellung\">\n<p>Passend zum Thema der Foto-Ausstellung ist im September 2024 ein passender <strong>Foto-Bildband<\/strong> zum <strong>Palsweiser Moos<\/strong> und <strong>Fu\u00dfbergmoos<\/strong> von dem Dachauer <strong>Fotografen Paul Eschbach<\/strong> im <a href=\"https:\/\/deltaimage.de\/wp\/?page_id=45287\"><strong>DELTA IMAGE-Eigenverlag<\/strong><\/a> erschienen. Die Bildmotive in der Foto-Ausstellung stammen aus diesem Bildband.<\/p>\n<p><img data-recalc-dims=\"1\" loading=\"lazy\" decoding=\"async\" data-attachment-id=\"43783\" data-permalink=\"https:\/\/deltaimage.de\/wp\/?attachment_id=43783#main\" data-orig-file=\"https:\/\/i0.wp.com\/deltaimage.de\/wp\/wp-content\/uploads\/Dachauer-Moos-Maisacher-Moos_1200.jpg?fit=1200%2C826&amp;ssl=1\" data-orig-size=\"1200,826\" data-comments-opened=\"1\" data-image-meta=\"{&quot;aperture&quot;:&quot;0&quot;,&quot;credit&quot;:&quot;Paul Eschbach&quot;,&quot;camera&quot;:&quot;&quot;,&quot;caption&quot;:&quot;&quot;,&quot;created_timestamp&quot;:&quot;1719346127&quot;,&quot;copyright&quot;:&quot;&quot;,&quot;focal_length&quot;:&quot;0&quot;,&quot;iso&quot;:&quot;0&quot;,&quot;shutter_speed&quot;:&quot;0&quot;,&quot;title&quot;:&quot;&quot;,&quot;orientation&quot;:&quot;1&quot;}\" data-image-title=\"Dachauer Moos &#8211; Maisacher Moos_1200\" data-image-description=\"\" data-image-caption=\"&lt;p&gt;Dachauer Moos: Palsweiser Moos &#038; Fu\u00dfbergmoos&lt;\/p&gt;\n\" data-large-file=\"https:\/\/i0.wp.com\/deltaimage.de\/wp\/wp-content\/uploads\/Dachauer-Moos-Maisacher-Moos_1200.jpg?fit=890%2C613&amp;ssl=1\" class=\"aligncenter size-full wp-image-43783\" src=\"https:\/\/i0.wp.com\/deltaimage.de\/wp\/wp-content\/uploads\/Dachauer-Moos-Maisacher-Moos_1200.jpg?resize=890%2C613&#038;ssl=1\" alt=\"\" width=\"890\" height=\"613\" srcset=\"https:\/\/i0.wp.com\/deltaimage.de\/wp\/wp-content\/uploads\/Dachauer-Moos-Maisacher-Moos_1200.jpg?w=1200&amp;ssl=1 1200w, https:\/\/i0.wp.com\/deltaimage.de\/wp\/wp-content\/uploads\/Dachauer-Moos-Maisacher-Moos_1200.jpg?resize=872%2C600&amp;ssl=1 872w, https:\/\/i0.wp.com\/deltaimage.de\/wp\/wp-content\/uploads\/Dachauer-Moos-Maisacher-Moos_1200.jpg?resize=291%2C200&amp;ssl=1 291w, https:\/\/i0.wp.com\/deltaimage.de\/wp\/wp-content\/uploads\/Dachauer-Moos-Maisacher-Moos_1200.jpg?resize=581%2C400&amp;ssl=1 581w\" sizes=\"auto, (max-width: 890px) 100vw, 890px\" \/><\/p>\n<div class=\"summary entry-summary\">\n<p>Zum Online-Shop: <strong><a href=\"https:\/\/shop.deltaimage.de\/?product=maisacher-moos-eine-naturlandschaft-im-dachauer-moos-von-paul-eschbach\">shop.deltaimage.de<\/a><\/strong><\/p>\n<ul>\n<li class=\"price\"><span class=\"tiered-pricing-dynamic-price-wrapper\" data-display-context=\"product-page\" data-price-type=\"no-rules\" data-product-id=\"2794\" data-parent-id=\"2794\"><span class=\"woocommerce-Price-amount amount\"><bdi>44,00\u00a0<span class=\"woocommerce-Price-currencySymbol\">\u20ac<\/span><\/bdi><\/span>\u00a0<small class=\"woocommerce-price-suffix\">Brutto inkl. MWSt<\/small><\/span><\/li>\n<li class=\"legal-price-info\">\n<p class=\"wc-gzd-additional-info\"><span class=\"wc-gzd-additional-info shipping-costs-info\">zzgl.\u00a0<a href=\"https:\/\/shop.deltaimage.de\/?product=maisacher-moos-eine-naturlandschaft-im-dachauer-moos-von-paul-eschbach\" target=\"_blank\" rel=\"noopener\">Versandkosten<\/a><\/span><\/p>\n<\/li>\n<li class=\"woocommerce-product-details__short-description\">FOTO-BILDBAND<\/li>\n<li class=\"woocommerce-product-details__short-description\">gebundene Ausgabe \u2013 Hardcover<br \/>\nFormat DIN A4 quer \u2013 297 x 210 mm Seitenformat<br \/>\n288 Inhaltsseiten<br \/>\n4\/4c Farbdruck<\/li>\n<li class=\"woocommerce-product-details__short-description\">ISBN: 978-3-911461-00-9<\/li>\n<\/ul>\n<\/div>\n<\/div><\/div><\/div>\n","protected":false},"excerpt":{"rendered":"<p>Eine\u00a0Foto-Ausstellung\u00a0in\u00a0Erdweg, in den R\u00e4umen des Rathauses, \u00fcber die fotografischen Sch\u00f6nheiten in der\u00a0Niedermoor-Landschaft\u00a0im\u00a0Dachauer Moos; von und mit dem\u00a0Dachauer Fotografen Paul Eschbach. Eine FOTO-Ausstellung im Rathaus bringt die B\u00fcrgerInnen mit der Kunst [&hellip;]<\/p>\n","protected":false},"author":1,"featured_media":53219,"template":"","meta":{"wpupg_custom_link":[],"wpupg_custom_link_behaviour":[],"wpupg_custom_link_nofollow":[],"wpupg_custom_image":[],"wpupg_custom_image_id":[],"jetpack_post_was_ever_published":false,"_tribe_events_status":"","_tribe_events_status_reason":"","footnotes":""},"tags":[775,2840,3983,414,4194,67,4365],"tribe_events_cat":[4207,3987,4201,4040,3813],"class_list":["post-53192","tribe_events","type-tribe_events","status-publish","has-post-thumbnail","hentry","tag-dachauer-moos","tag-erdweg","tag-foto-ausstellung","tag-fotograf","tag-natur-und-landschaftsfotografie","tag-paul-eschbach","tag-rathaus-erdweg","tribe_events_cat-ausstellung","tribe_events_cat-foto-ausstellung","tribe_events_cat-kunst-kultur","tribe_events_cat-naturfotografie","tribe_events_cat-projekt-dachauer-moos","cat_ausstellung","cat_foto-ausstellung","cat_kunst-kultur","cat_naturfotografie","cat_projekt-dachauer-moos"],"jetpack_sharing_enabled":true,"_links":{"self":[{"href":"https:\/\/deltaimage.de\/wp\/index.php?rest_route=\/wp\/v2\/tribe_events\/53192","targetHints":{"allow":["GET"]}}],"collection":[{"href":"https:\/\/deltaimage.de\/wp\/index.php?rest_route=\/wp\/v2\/tribe_events"}],"about":[{"href":"https:\/\/deltaimage.de\/wp\/index.php?rest_route=\/wp\/v2\/types\/tribe_events"}],"author":[{"embeddable":true,"href":"https:\/\/deltaimage.de\/wp\/index.php?rest_route=\/wp\/v2\/users\/1"}],"version-history":[{"count":14,"href":"https:\/\/deltaimage.de\/wp\/index.php?rest_route=\/wp\/v2\/tribe_events\/53192\/revisions"}],"predecessor-version":[{"id":53631,"href":"https:\/\/deltaimage.de\/wp\/index.php?rest_route=\/wp\/v2\/tribe_events\/53192\/revisions\/53631"}],"wp:featuredmedia":[{"embeddable":true,"href":"https:\/\/deltaimage.de\/wp\/index.php?rest_route=\/wp\/v2\/media\/53219"}],"wp:attachment":[{"href":"https:\/\/deltaimage.de\/wp\/index.php?rest_route=%2Fwp%2Fv2%2Fmedia&parent=53192"}],"wp:term":[{"taxonomy":"post_tag","embeddable":true,"href":"https:\/\/deltaimage.de\/wp\/index.php?rest_route=%2Fwp%2Fv2%2Ftags&post=53192"},{"taxonomy":"tribe_events_cat","embeddable":true,"href":"https:\/\/deltaimage.de\/wp\/index.php?rest_route=%2Fwp%2Fv2%2Ftribe_events_cat&post=53192"}],"curies":[{"name":"wp","href":"https:\/\/api.w.org\/{rel}","templated":true}]}}